{"id":998,"date":"2022-01-31T10:52:40","date_gmt":"2022-01-31T09:52:40","guid":{"rendered":"https:\/\/iseoprojection.poush-dev.be\/woningisolatie\/isolation-de-toiture\/"},"modified":"2025-10-03T10:37:54","modified_gmt":"2025-10-03T08:37:54","slug":"dakisolatie","status":"publish","type":"page","link":"https:\/\/www.iseoprojection.com\/nl\/woningisolatie\/dakisolatie\/","title":{"rendered":"dakisolatie"},"content":{"rendered":"<div class=\"wpb-content-wrapper\"><p>[vc_row gap=&#8221;15&#8243; equal_height=&#8221;yes&#8221; content_placement=&#8221;top&#8221; bg_type=&#8221;image&#8221; parallax_style=&#8221;vcpb-default&#8221; bg_image_new=&#8221;id^5966|url^https:\/\/www.iseoprojection.com\/wp-content\/uploads\/2025\/10\/iseo-isolation-toiture-laine-de-bois.jpg|caption^null|alt^Isolation d&#8217;une toiture avec de la laine de bois|title^iseo-isolation-toiture-laine-de-bois|description^null&#8221; bg_image_repeat=&#8221;no-repeat&#8221; bg_override=&#8221;ex-full&#8221; enable_overlay=&#8221;enable_overlay_value&#8221; overlay_color=&#8221;rgba(0,73,123,0.3)&#8221; seperator_enable=&#8221;seperator_enable_value&#8221; seperator_type=&#8221;xlarge_circle_seperator&#8221; seperator_position=&#8221;bottom_seperator&#8221; seperator_shape_background=&#8221;#ffffff&#8221; el_class=&#8221;custom-row custom-overlay&#8221; css=&#8221;.vc_custom_1759480619245{padding-top: 20px !important;padding-bottom: 40px !important;}&#8221;][vc_column offset=&#8221;vc_col-lg-10&#8243;][vc_column_text css=&#8221;.vc_custom_1759398108181{margin-bottom: 0px !important;}&#8221; el_class=&#8221;custom-white&#8221;]<\/p>\n<h1>Performante en gezonde dakisolatie<\/h1>\n<p>[\/vc_column_text][\/vc_column][vc_column width=&#8221;1\/2&#8243;][vc_column_text css=&#8221;&#8221; el_class=&#8221;custom-white&#8221;]<\/p>\n<p class=\"p1\">Isoleer uw <b>dak<\/b> met onze technieken van <b>gespoten schuimisolatie<\/b> of <b>biogebaseerde isolatie<\/b>, en geniet van uitstekende <b>thermische en akoestische prestaties<\/b>.<\/p>\n<p class=\"p1\">Voor een <b>optimale warmte-isolatie<\/b> en een <b>lagere energierekening<\/b> analyseren onze experts elk project grondig en bieden zij een isolatieoplossing aangepast aan uw situatie.<\/p>\n<p>[\/vc_column_text]<style type=\"text\/css\" data-type=\"the7_shortcodes-inline-css\">#default-btn-f4ed999886bcdd235228f12be6034d98.ico-right-side > i {\n  margin-right: 0px;\n  margin-left: 8px;\n}\n#default-btn-f4ed999886bcdd235228f12be6034d98 > i {\n  margin-right: 8px;\n}<\/style><a href=\"https:\/\/www.iseoprojection.com\/nl\/gratis-offerte\/\" class=\"default-btn-shortcode dt-btn dt-btn-l link-hover-off btn-inline-left  vc_custom_1759398141786\" id=\"default-btn-f4ed999886bcdd235228f12be6034d98\" title=\"Ontvang uw gratis offerte\"><span>Ontvang uw gratis offerte<\/span><\/a>[\/vc_column][\/vc_row][vc_row gap=&#8221;20&#8243; equal_height=&#8221;yes&#8221; content_placement=&#8221;top&#8221; css=&#8221;.vc_custom_1758788194112{padding-top: 40px !important;padding-bottom: 40px !important;}&#8221;][vc_column width=&#8221;1\/5&#8243;]<div class=\"stats-block stats-top   vc_custom_1759398160639\"><div class=\"aio-icon-top\"><div class=\"ult-just-icon-wrapper  \"><div class=\"align-icon\" style=\"text-align:center;\"><\/div><\/div><\/div><div class=\"stats-desc\" id=\"counter-responsv-wrap-1028\"><div id=\"counter_344488909469f140d5bc5bb\" data-id=\"counter_344488909469f140d5bc5bb\"  data-ultimate-target='#counter-responsv-wrap-1028 .stats-number'  data-responsive-json-new='{\"font-size\":\"\",\"line-height\":\"\"}'  class=\"stats-number ult-responsive\" style=\"font-size:28px; color:#008AD1; color:#008AD1;\" data-speed=\"2\" data-counter-value=\"100\" data-separator=\",\" data-decimal=\".\">0<\/div><div class=\"counter_suffix mycust ult-responsive\"  data-ultimate-target='#counter-responsv-wrap-1028 .mycust'  data-responsive-json-new='{\"font-size\":\"\",\"line-height\":\"\"}'  style=\"font-size:28px; color:#008AD1\">%<\/div><div id=\"title-counter_344488909469f140d5bc5bb\"  data-ultimate-target='#counter-responsv-wrap-1028 .stats-text'  data-responsive-json-new='{\"font-size\":\"\",\"line-height\":\"\"}'  class=\"stats-text ult-responsive\" style=\"font-size:18px; color:#008AD1; font-weight:bold;\">Prestaties<\/div><\/div><\/div>[vc_column_text css=&#8221;&#8221;]<\/p>\n<p class=\"h4-size\" style=\"text-align: center;\"><span style=\"color: #9bd8f7;\"> Thermische en akoestische isolatie van topkwaliteit <\/span><\/p>\n<p>[\/vc_column_text][\/vc_column][vc_column width=&#8221;1\/5&#8243;]<div class=\"stats-block stats-top   vc_custom_1759398180528\"><div class=\"aio-icon-top\"><div class=\"ult-just-icon-wrapper  \"><div class=\"align-icon\" style=\"text-align:center;\"><\/div><\/div><\/div><div class=\"stats-desc\" id=\"counter-responsv-wrap-1143\"><div id=\"counter_38866674669f140d5bc684\" data-id=\"counter_38866674669f140d5bc684\"  data-ultimate-target='#counter-responsv-wrap-1143 .stats-number'  data-responsive-json-new='{\"font-size\":\"\",\"line-height\":\"\"}'  class=\"stats-number ult-responsive\" style=\"font-size:28px; color:#008AD1; color:#008AD1;\" data-speed=\"2\" data-counter-value=\"100\" data-separator=\",\" data-decimal=\".\">0<\/div><div class=\"counter_suffix mycust ult-responsive\"  data-ultimate-target='#counter-responsv-wrap-1143 .mycust'  data-responsive-json-new='{\"font-size\":\"\",\"line-height\":\"\"}'  style=\"font-size:28px; color:#008AD1\">%<\/div><div id=\"title-counter_38866674669f140d5bc684\"  data-ultimate-target='#counter-responsv-wrap-1143 .stats-text'  data-responsive-json-new='{\"font-size\":\"\",\"line-height\":\"\"}'  class=\"stats-text ult-responsive\" style=\"font-size:18px; color:#008AD1; font-weight:bold;\">Comfort<\/div><\/div><\/div>[vc_column_text css=&#8221;&#8221;]<\/p>\n<p class=\"h4-size\" style=\"text-align: center;\"><span style=\"color: #9bd8f7;\"> Het hele jaar door een aangename binnentemperatuur <\/span><\/p>\n<p>[\/vc_column_text][\/vc_column][vc_column width=&#8221;1\/5&#8243;]<div class=\"stats-block stats-top   vc_custom_1759398200772\"><div class=\"aio-icon-top\"><div class=\"ult-just-icon-wrapper  \"><div class=\"align-icon\" style=\"text-align:center;\"><\/div><\/div><\/div><div class=\"stats-desc\" id=\"counter-responsv-wrap-3489\"><div id=\"counter_171186557769f140d5bc735\" data-id=\"counter_171186557769f140d5bc735\"  data-ultimate-target='#counter-responsv-wrap-3489 .stats-number'  data-responsive-json-new='{\"font-size\":\"\",\"line-height\":\"\"}'  class=\"stats-number ult-responsive\" style=\"font-size:28px; color:#008AD1; color:#008AD1;\" data-speed=\"2\" data-counter-value=\"100\" data-separator=\",\" data-decimal=\".\">0<\/div><div class=\"counter_suffix mycust ult-responsive\"  data-ultimate-target='#counter-responsv-wrap-3489 .mycust'  data-responsive-json-new='{\"font-size\":\"\",\"line-height\":\"\"}'  style=\"font-size:28px; color:#008AD1\">%<\/div><div id=\"title-counter_171186557769f140d5bc735\"  data-ultimate-target='#counter-responsv-wrap-3489 .stats-text'  data-responsive-json-new='{\"font-size\":\"\",\"line-height\":\"\"}'  class=\"stats-text ult-responsive\" style=\"font-size:18px; color:#008AD1; font-weight:bold;\">Stabiel<\/div><\/div><\/div>[vc_column_text css=&#8221;&#8221;]<\/p>\n<p class=\"h4-size\" style=\"text-align: center;\"><span style=\"color: #9bd8f7;\"> Blijvende effectiviteit doorheen de jaren <\/span><\/p>\n<p>[\/vc_column_text][\/vc_column][vc_column width=&#8221;1\/5&#8243;]<div class=\"stats-block stats-top   vc_custom_1759398219485\"><div class=\"aio-icon-top\"><div class=\"ult-just-icon-wrapper  \"><div class=\"align-icon\" style=\"text-align:center;\"><\/div><\/div><\/div><div class=\"stats-desc\" id=\"counter-responsv-wrap-9326\"><div id=\"counter_105682077569f140d5bc7e4\" data-id=\"counter_105682077569f140d5bc7e4\"  data-ultimate-target='#counter-responsv-wrap-9326 .stats-number'  data-responsive-json-new='{\"font-size\":\"\",\"line-height\":\"\"}'  class=\"stats-number ult-responsive\" style=\"font-size:28px; color:#008AD1; color:#008AD1;\" data-speed=\"2\" data-counter-value=\"100\" data-separator=\",\" data-decimal=\".\">0<\/div><div class=\"counter_suffix mycust ult-responsive\"  data-ultimate-target='#counter-responsv-wrap-9326 .mycust'  data-responsive-json-new='{\"font-size\":\"\",\"line-height\":\"\"}'  style=\"font-size:28px; color:#008AD1\">%<\/div><div id=\"title-counter_105682077569f140d5bc7e4\"  data-ultimate-target='#counter-responsv-wrap-9326 .stats-text'  data-responsive-json-new='{\"font-size\":\"\",\"line-height\":\"\"}'  class=\"stats-text ult-responsive\" style=\"font-size:18px; color:#008AD1; font-weight:bold;\">Besparing<\/div><\/div><\/div>[vc_column_text css=&#8221;&#8221;]<\/p>\n<p class=\"h4-size\" style=\"text-align: center;\"><span style=\"color: #9bd8f7;\"> Minder energieverlies en lagere facturen <\/span><\/p>\n<p>[\/vc_column_text][\/vc_column][vc_column width=&#8221;1\/5&#8243;]<div class=\"stats-block stats-top   vc_custom_1759398238066\"><div class=\"aio-icon-top\"><div class=\"ult-just-icon-wrapper  \"><div class=\"align-icon\" style=\"text-align:center;\"><\/div><\/div><\/div><div class=\"stats-desc\" id=\"counter-responsv-wrap-2051\"><div id=\"counter_363047790869f140d5bc882\" data-id=\"counter_363047790869f140d5bc882\"  data-ultimate-target='#counter-responsv-wrap-2051 .stats-number'  data-responsive-json-new='{\"font-size\":\"\",\"line-height\":\"\"}'  class=\"stats-number ult-responsive\" style=\"font-size:28px; color:#008AD1; color:#008AD1;\" data-speed=\"2\" data-counter-value=\"0\" data-separator=\",\" data-decimal=\".\">0<\/div><div class=\"counter_suffix mycust ult-responsive\"  data-ultimate-target='#counter-responsv-wrap-2051 .mycust'  data-responsive-json-new='{\"font-size\":\"\",\"line-height\":\"\"}'  style=\"font-size:28px; color:#008AD1\">%<\/div><div id=\"title-counter_363047790869f140d5bc882\"  data-ultimate-target='#counter-responsv-wrap-2051 .stats-text'  data-responsive-json-new='{\"font-size\":\"\",\"line-height\":\"\"}'  class=\"stats-text ult-responsive\" style=\"font-size:18px; color:#008AD1; font-weight:bold;\">Schadelijke stoffen<\/div><\/div><\/div>[vc_column_text css=&#8221;&#8221;]<\/p>\n<p class=\"h4-size\" style=\"text-align: center;\"><span style=\"color: #9bd8f7;\"> Veilige materialen voor een gezond binnenklimaat <\/span><\/p>\n<p>[\/vc_column_text][\/vc_column][\/vc_row][vc_row gap=&#8221;20&#8243; content_placement=&#8221;middle&#8221; seperator_enable=&#8221;seperator_enable_value&#8221; seperator_type=&#8221;xlarge_circle_seperator&#8221; seperator_svg_height=&#8221;180&#8243; seperator_shape_background=&#8221;#ffffff&#8221; css=&#8221;.vc_custom_1648648053331{padding-top: 50px !important;padding-bottom: 50px !important;}&#8221;][vc_column width=&#8221;1\/2&#8243; offset=&#8221;vc_col-lg-offset-2 vc_col-lg-8&#8243;][vc_column_text css=&#8221;&#8221;]<\/p>\n<h2 class=\"p1\">Dakisolatie: een absolute prioriteit<\/h2>\n<p>[\/vc_column_text]<blockquote class=\"text-big shortcode-blockquote\"><p class=\"p1\">\u201cWist u dat tot wel <b>30% van de warmte verloren gaat via het dak<\/b> van een slecht ge\u00efsoleerde woning?\u201d<\/p>\n<\/blockquote>[vc_column_text css=&#8221;&#8221;]<\/p>\n<p class=\"p1\">Daarom geldt: <b>dakisolatie is de eerste stap<\/b> voor zowel nieuwbouw als renovatie. Waarom? Omdat warme lucht stijgt en dus de meeste warmte ontsnapt via een <b>onvoldoende ge\u00efsoleerd dak<\/b>.<\/p>\n<p class=\"p3\">Om warmte in de winter binnen te houden en uw woning fris te houden in de zomer, bieden wij <b>snelle, effici\u00ebnte, duurzame en rendabele oplossingen<\/b> met gespoten isolatie of biogebaseerde materialen.<\/p>\n<p>[\/vc_column_text][\/vc_column][\/vc_row][vc_row gap=&#8221;20&#8243; equal_height=&#8221;yes&#8221; content_placement=&#8221;top&#8221; bg_type=&#8221;grad&#8221; bg_override=&#8221;ex-full&#8221; seperator_enable=&#8221;seperator_enable_value&#8221; seperator_type=&#8221;xlarge_circle_seperator&#8221; seperator_position=&#8221;top_bottom_seperator&#8221; seperator_svg_height=&#8221;180&#8243; seperator_shape_background=&#8221;#ffffff&#8221; css=&#8221;.vc_custom_1648051175680{padding-top: 150px !important;padding-bottom: 180px !important;}&#8221; bg_grad=&#8221;background: -webkit-gradient(linear, left top, left bottom, color-stop(0%, #00B6ED), color-stop(100%, #008BD1));background: -moz-linear-gradient(top,#00B6ED 0%,#008BD1 100%);background: -webkit-linear-gradient(top,#00B6ED 0%,#008BD1 100%);background: -o-linear-gradient(top,#00B6ED 0%,#008BD1 100%);background: -ms-linear-gradient(top,#00B6ED 0%,#008BD1 100%);background: linear-gradient(top,#00B6ED 0%,#008BD1 100%);&#8221;][vc_column][vc_column_text css=&#8221;&#8221; el_class=&#8221;custom-white&#8221;]<\/p>\n<h2 class=\"p1\" style=\"text-align: center;\">Onze isolatieoplossingen voor uw dak<\/h2>\n<p>[\/vc_column_text][\/vc_column][vc_column width=&#8221;1\/2&#8243; css=&#8221;.vc_custom_1648135360764{padding-top: 0px !important;padding-left: 35px !important;border-radius: 20px !important;}&#8221; offset=&#8221;vc_col-lg-8&#8243;][vc_column_text css=&#8221;&#8221; el_class=&#8221;custom-white&#8221;]<\/p>\n<h2 class=\"p1\">Gespoten schuimisolatie: materiaal van topkwaliteit<\/h2>\n<p class=\"p2\">Ons open-cellig gespoten schuim is <b>watergedragen expansief<\/b>. Het is sterk <b>dampdoorlatend<\/b>, waardoor uw dak <b>blijft ademen<\/b> en schimmelvorming of vochtproblemen worden voorkomen. In tegenstelling tot glas- of rotswol hoeft er <b>geen dampscherm<\/b> geplaatst te worden.<\/p>\n<p class=\"p2\">Omdat gespoten schuim expansief is, dringt het door in alle <b>kieren en moeilijk bereikbare delen<\/b> van de dakconstructie. Zo ontstaat een <b>homogene en naadloze isolerende laag<\/b>.<\/p>\n<p>[\/vc_column_text][\/vc_column][vc_column width=&#8221;1\/2&#8243; css=&#8221;.vc_custom_1648051754025{border-radius: 20px !important;}&#8221; offset=&#8221;vc_col-lg-4&#8243;]<div class=\"ult-just-icon-wrapper   vc_custom_1758708127772\"><div class=\"align-icon\" style=\"text-align:center;\">\n<div class=\"aio-icon-img \" style=\"font-size:120px;display:inline-block;\" >\n\t<img decoding=\"async\" class=\"img-icon\" alt=\"wit pictogram van een medaille met een ster voor de kwaliteit van de dienstverlening\" src=\"https:\/\/www.iseoprojection.com\/wp-content\/uploads\/2023\/10\/picto-kwaliteit.webp\"\/>\n<\/div><\/div><\/div><div class=\"ult-just-icon-wrapper   vc_custom_1648111087150\"><div class=\"align-icon\" style=\"text-align:center;\">\n<div class=\"aio-icon-img \" style=\"font-size:120px;display:inline-block;\" >\n\t<img decoding=\"async\" class=\"img-icon\" alt=\"null\" src=\"https:\/\/www.iseoprojection.com\/wp-content\/uploads\/2022\/03\/picto-environement-sain.png\"\/>\n<\/div><\/div><\/div>[\/vc_column][vc_column]<style type=\"text\/css\" data-type=\"the7_shortcodes-inline-css\">#default-btn-8c7df374126c350119403b083a7e3f40.ico-right-side > i {\n  margin-right: 0px;\n  margin-left: 8px;\n}\n#default-btn-8c7df374126c350119403b083a7e3f40 > i {\n  margin-right: 8px;\n}<\/style><div class=\"btn-align-center\"><a href=\"https:\/\/www.iseoprojection.com\/nl\/pur-isolatie\/\" class=\"default-btn-shortcode dt-btn dt-btn-m link-hover-off  vc_custom_1759398338000\" id=\"default-btn-8c7df374126c350119403b083a7e3f40\" title=\"Meer info over gespoten isolatie\"><span>Meer info over gespoten isolatie<\/span><\/a><\/div>[\/vc_column][vc_column width=&#8221;1\/2&#8243; offset=&#8221;vc_col-lg-4&#8243;]<div class=\"ult-just-icon-wrapper   vc_custom_1648111079760\"><div class=\"align-icon\" style=\"text-align:center;\">\n<div class=\"aio-icon-img \" style=\"font-size:120px;display:inline-block;\" >\n\t<img decoding=\"async\" class=\"img-icon\" alt=\"null\" src=\"https:\/\/www.iseoprojection.com\/wp-content\/uploads\/2022\/03\/picto-ecologie.png\"\/>\n<\/div><\/div><\/div><div class=\"ult-just-icon-wrapper   vc_custom_1758708089218\"><div class=\"align-icon\" style=\"text-align:center;\">\n<div class=\"aio-icon-img \" style=\"font-size:120px;display:inline-block;\" >\n\t<img decoding=\"async\" class=\"img-icon\" alt=\"Een huis met een boomblad om het comfort van de isolatie van de kruipkelder aan te tonen\" src=\"https:\/\/www.iseoprojection.com\/wp-content\/uploads\/2023\/10\/picto-levenscomfort.webp\"\/>\n<\/div><\/div><\/div>[\/vc_column][vc_column width=&#8221;1\/2&#8243; offset=&#8221;vc_col-lg-8&#8243;][vc_column_text css=&#8221;&#8221; el_class=&#8221;custom-white&#8221;]<\/p>\n<h3 class=\"p1\">Biogebaseerde isolatie: een natuurlijke dakoplossing<\/h3>\n<p class=\"p2\">Voor een gezond dak gebruiken wij <b>biogebaseerde isolatiematerialen<\/b> zoals cellulose, houtvezel of grasvezel. Deze zorgen voor:<\/p>\n<ul class=\"ul1\">\n<li class=\"li2\"><b>Uitstekende thermische en akoestische prestaties<\/b><b><\/b><\/li>\n<li class=\"li2\"><b>Natuurlijke vochtregulatie<\/b> om een gezond binnenklimaat te verzekeren<\/li>\n<li class=\"li2\"><b>Comfort het hele jaar door<\/b>, zowel in zomer als winter<\/li>\n<\/ul>\n<p class=\"p2\">Door te kiezen voor deze oplossing krijgt u een dak dat <b>energiezuinig, comfortabel, duurzaam \u00e9n milieuvriendelijk<\/b> is.<\/p>\n<p>[\/vc_column_text][\/vc_column][vc_column]<style type=\"text\/css\" data-type=\"the7_shortcodes-inline-css\">#default-btn-0ae9ec06c8a8cf615f73a805c33f0376.ico-right-side > i {\n  margin-right: 0px;\n  margin-left: 8px;\n}\n#default-btn-0ae9ec06c8a8cf615f73a805c33f0376 > i {\n  margin-right: 8px;\n}<\/style><div class=\"btn-align-center\"><a href=\"https:\/\/www.iseoprojection.com\/nl\/biogebaseerde-isolatie\/\" class=\"default-btn-shortcode dt-btn dt-btn-m link-hover-off  vc_custom_1759398403503\" id=\"default-btn-0ae9ec06c8a8cf615f73a805c33f0376\" title=\"Meer info over biogebaseerde isolatie\"><span>Meer info over biogebaseerde isolatie<\/span><\/a><\/div>[\/vc_column][\/vc_row][vc_row css=&#8221;.vc_custom_1648648107041{padding-bottom: 50px !important;}&#8221;][vc_column offset=&#8221;vc_col-lg-8&#8243;][vc_column_text css=&#8221;&#8221;]<\/p>\n<h2 class=\"p1\">Dakisolatie voor een bewoonbare zolder<\/h2>\n<p>[\/vc_column_text][\/vc_column][vc_column width=&#8221;1\/2&#8243; offset=&#8221;vc_col-lg-6&#8243;][vc_column_text css=&#8221;&#8221;]<\/p>\n<p class=\"p1\">Wilt u uw <b>zolder inrichten of renoveren<\/b>? Extra kamers cre\u00ebren of een master suite toevoegen?<\/p>\n<p class=\"p1\">Met onze oplossingen maakt u van uw zolder een <b>comfortabele leefruimte<\/b>, perfect ge\u00efsoleerd tegen koude winters en warme zomers.<\/p>\n<p>[\/vc_column_text]<style type=\"text\/css\" data-type=\"the7_shortcodes-inline-css\">#default-btn-2255ced227f6439dcb20cf3d7a42ccbf.ico-right-side > i {\n  margin-right: 0px;\n  margin-left: 8px;\n}\n#default-btn-2255ced227f6439dcb20cf3d7a42ccbf > i {\n  margin-right: 8px;\n}<\/style><div class=\"btn-align-left\"><a href=\"https:\/\/www.iseoprojection.com\/nl\/gratis-offerte\/\" class=\"default-btn-shortcode dt-btn dt-btn-l link-hover-off  vc_custom_1759398446079\" id=\"default-btn-2255ced227f6439dcb20cf3d7a42ccbf\" title=\"Vraag een gratis offerte aan\"><span>Vraag een gratis offerte aan<\/span><\/a><\/div>[\/vc_column][vc_column css_animation=&#8221;none&#8221; width=&#8221;1\/2&#8243; css=&#8221;.vc_custom_1648051087604{padding-top: 30px !important;padding-right: 30px !important;padding-bottom: 30px !important;padding-left: 30px !important;border-radius: 20px !important;}&#8221;][vc_single_image image=&#8221;5969&#8243; img_size=&#8221;600&#215;400&#8243; style=&#8221;vc_box_rounded&#8221; css=&#8221;&#8221;][\/vc_column][\/vc_row][vc_row css=&#8221;.vc_custom_1649143661980{padding-top: 80px !important;padding-bottom: 80px !important;}&#8221;][vc_column offset=&#8221;vc_col-lg-offset-3 vc_col-lg-6 vc_col-md-offset-2 vc_col-md-8&#8243;][vc_column_text css=&#8221;&#8221;]<\/p>\n<h2 class=\"p1\" style=\"text-align: center;\">Onze realisaties<\/h2>\n<p>[\/vc_column_text][vc_column_text css=&#8221;&#8221;]<\/p>\n<p class=\"p1\" style=\"text-align: center;\">Wij zijn actief in Belgi\u00eb, Frankrijk en Luxemburg. Ontdek al onze realisaties en laat u inspireren.<\/p>\n<p>[\/vc_column_text][\/vc_column][vc_column]<style type=\"text\/css\" data-type=\"the7_shortcodes-inline-css\">.portfolio-shortcode.portfolio-masonry-shortcode-id-4af3862a80bf01acb248a8ed6735cc3e.content-bg-on.classic-layout-list article {\n  background: #ffffff;\n  -webkit-box-shadow: none;\n  box-shadow: none;\n}\n.portfolio-shortcode.portfolio-masonry-shortcode-id-4af3862a80bf01acb248a8ed6735cc3e.dividers-on.classic-layout-list article {\n  padding-top: 0;\n}\n.portfolio-shortcode.portfolio-masonry-shortcode-id-4af3862a80bf01acb248a8ed6735cc3e.dividers-on.classic-layout-list article:first-of-type {\n  margin-top: 0;\n  padding-top: 0;\n}\n.portfolio-shortcode.portfolio-masonry-shortcode-id-4af3862a80bf01acb248a8ed6735cc3e.classic-layout-list.mode-list .post-entry-content {\n  width: calc(100% - );\n}\n.portfolio-shortcode.portfolio-masonry-shortcode-id-4af3862a80bf01acb248a8ed6735cc3e.classic-layout-list.mode-list .no-img .post-entry-content {\n  width: 100%;\n}\n.portfolio-shortcode.portfolio-masonry-shortcode-id-4af3862a80bf01acb248a8ed6735cc3e .filter-bg-decoration .filter-categories a.act {\n  color: #fff;\n}\n.portfolio-shortcode.portfolio-masonry-shortcode-id-4af3862a80bf01acb248a8ed6735cc3e:not(.mode-masonry) article:first-of-type,\n.portfolio-shortcode.portfolio-masonry-shortcode-id-4af3862a80bf01acb248a8ed6735cc3e:not(.mode-masonry) article.visible.first {\n  margin-top: 0;\n}\n.portfolio-shortcode.portfolio-masonry-shortcode-id-4af3862a80bf01acb248a8ed6735cc3e.dividers-on:not(.mode-masonry) article {\n  margin-top: 0;\n}\n.portfolio-shortcode.portfolio-masonry-shortcode-id-4af3862a80bf01acb248a8ed6735cc3e.dividers-on:not(.mode-masonry) article:first-of-type,\n.portfolio-shortcode.portfolio-masonry-shortcode-id-4af3862a80bf01acb248a8ed6735cc3e.dividers-on:not(.mode-masonry) article.visible.first {\n  margin-top: 0;\n  padding-top: 0;\n}\n.portfolio-shortcode.portfolio-masonry-shortcode-id-4af3862a80bf01acb248a8ed6735cc3e.hover-scale article:after {\n  background: -webkit-linear-gradient();\n  background: linear-gradient();\n}\n.portfolio-shortcode.portfolio-masonry-shortcode-id-4af3862a80bf01acb248a8ed6735cc3e.gradient-overlay-layout-list article {\n  border-radius: 0px;\n}\n.portfolio-shortcode.portfolio-masonry-shortcode-id-4af3862a80bf01acb248a8ed6735cc3e .post-thumbnail-wrap {\n  padding: 0px 0px 0px 0px;\n  border-radius: 0px;\n}\n.portfolio-shortcode.portfolio-masonry-shortcode-id-4af3862a80bf01acb248a8ed6735cc3e .post-thumbnail-wrap *,\n.portfolio-shortcode.portfolio-masonry-shortcode-id-4af3862a80bf01acb248a8ed6735cc3e .post-thumbnail-rollover:after {\n  border-radius: 0px;\n}\n.portfolio-shortcode.portfolio-masonry-shortcode-id-4af3862a80bf01acb248a8ed6735cc3e.enable-bg-rollover .post-thumbnail-rollover:after {\n  background: -webkit-linear-gradient();\n  background: linear-gradient();\n}\n.bottom-overlap-layout-list.portfolio-shortcode.portfolio-masonry-shortcode-id-4af3862a80bf01acb248a8ed6735cc3e .project-links-container {\n  height: calc(100% - 100px);\n}\n.portfolio-shortcode.portfolio-masonry-shortcode-id-4af3862a80bf01acb248a8ed6735cc3e .project-links-container a {\n  width: 44px;\n  height: 44px;\n  line-height: 44px;\n  border-radius: 100px;\n  margin: 10px 5px 10px;\n}\n.content-rollover-layout-list:not(.content-align-center).portfolio-shortcode.portfolio-masonry-shortcode-id-4af3862a80bf01acb248a8ed6735cc3e .project-links-container a,\n.gradient-overlay-layout-list:not(.content-align-center).portfolio-shortcode.portfolio-masonry-shortcode-id-4af3862a80bf01acb248a8ed6735cc3e .project-links-container a {\n  margin: 10px 10px 10px 0;\n}\n.dt-icon-border-on.portfolio-shortcode.portfolio-masonry-shortcode-id-4af3862a80bf01acb248a8ed6735cc3e .project-links-container a:before {\n  border-width: 0px;\n  border-style: solid;\n}\n.dt-icon-hover-border-on.portfolio-shortcode.portfolio-masonry-shortcode-id-4af3862a80bf01acb248a8ed6735cc3e .project-links-container a:after {\n  border-width: 0px;\n  border-style: solid;\n}\n.dt-icon-bg-on.portfolio-shortcode.portfolio-masonry-shortcode-id-4af3862a80bf01acb248a8ed6735cc3e .project-links-container a:before {\n  background: rgba(255,255,255,0.3);\n  -webkit-box-shadow: none;\n  box-shadow: none;\n}\n.dt-icon-hover-bg-on.portfolio-shortcode.portfolio-masonry-shortcode-id-4af3862a80bf01acb248a8ed6735cc3e .project-links-container a:after {\n  background: rgba(255,255,255,0.5);\n  -webkit-box-shadow: none;\n  box-shadow: none;\n}\n.portfolio-shortcode.portfolio-masonry-shortcode-id-4af3862a80bf01acb248a8ed6735cc3e .project-links-container a > span,\n.portfolio-shortcode.portfolio-masonry-shortcode-id-4af3862a80bf01acb248a8ed6735cc3e .project-links-container a > span:before {\n  font-size: 16px;\n  line-height: 44px;\n}\n.portfolio-shortcode.portfolio-masonry-shortcode-id-4af3862a80bf01acb248a8ed6735cc3e .project-links-container a:not(:hover) > span {\n  color: #ffffff;\n}\n.dt-icon-hover-off.portfolio-shortcode.portfolio-masonry-shortcode-id-4af3862a80bf01acb248a8ed6735cc3e .project-links-container a > span,\n.dt-icon-hover-off.portfolio-shortcode.portfolio-masonry-shortcode-id-4af3862a80bf01acb248a8ed6735cc3e .project-links-container a:hover > span {\n  color: #ffffff;\n}\n.dt-icon-hover-on.portfolio-shortcode.portfolio-masonry-shortcode-id-4af3862a80bf01acb248a8ed6735cc3e .project-links-container a:hover > span {\n  color: #ffffff;\n}\n.portfolio-shortcode.portfolio-masonry-shortcode-id-4af3862a80bf01acb248a8ed6735cc3e .entry-title,\n.portfolio-shortcode.portfolio-masonry-shortcode-id-4af3862a80bf01acb248a8ed6735cc3e.owl-carousel .entry-title {\n  margin-bottom: 10px;\n  font-size: 22px;\n  line-height: 32px;\n  font-weight: bold;\n}\n.portfolio-shortcode.portfolio-masonry-shortcode-id-4af3862a80bf01acb248a8ed6735cc3e .entry-meta {\n  margin-bottom: 15px;\n}\n.portfolio-shortcode.portfolio-masonry-shortcode-id-4af3862a80bf01acb248a8ed6735cc3e .portfolio-categories {\n  margin-bottom: 15px;\n}\n.portfolio-shortcode.portfolio-masonry-shortcode-id-4af3862a80bf01acb248a8ed6735cc3e .entry-excerpt {\n  margin-bottom: 15px;\n}\n.portfolio-shortcode.portfolio-masonry-shortcode-id-4af3862a80bf01acb248a8ed6735cc3e:not(.centered-layout-list) .post-entry-content {\n  padding: 30px 30px 30px 30px;\n}\n.portfolio-shortcode.portfolio-masonry-shortcode-id-4af3862a80bf01acb248a8ed6735cc3e:not(.centered-layout-list):not(\n      .content-bg-on\n    ):not(.mode-list)\n    .no-img\n    .post-entry-content {\n  padding: 0;\n}\n.portfolio-shortcode.portfolio-masonry-shortcode-id-4af3862a80bf01acb248a8ed6735cc3e.content-bg-on:not(.classic-layout-list):not(\n      .centered-layout-list\n    ):not(.gradient-overlay-layout-list)\n    .post-entry-content {\n  background: #ffffff;\n  -webkit-box-shadow: none;\n  box-shadow: none;\n}\n.portfolio-shortcode.portfolio-masonry-shortcode-id-4af3862a80bf01acb248a8ed6735cc3e.gradient-overlay-layout-list .post-entry-content {\n  border-radius: 0px;\n}\n@media screen and (max-width: ) {\n  .portfolio-shortcode.portfolio-masonry-shortcode-id-4af3862a80bf01acb248a8ed6735cc3e article {\n    -webkit-flex-flow: column nowrap;\n    -moz-flex-flow: column nowrap;\n    -ms-flex-flow: column nowrap;\n    flex-flow: column nowrap;\n    margin-top: 20px;\n  }\n  .portfolio-shortcode.portfolio-masonry-shortcode-id-4af3862a80bf01acb248a8ed6735cc3e.dividers-on article {\n    border: none;\n  }\n  .portfolio-shortcode.portfolio-masonry-shortcode-id-4af3862a80bf01acb248a8ed6735cc3e.content-bg-on.centered-layout-list article {\n    padding: 0;\n  }\n  #page .portfolio-shortcode.portfolio-masonry-shortcode-id-4af3862a80bf01acb248a8ed6735cc3e .post-thumbnail-wrap,\n  #page .portfolio-shortcode.portfolio-masonry-shortcode-id-4af3862a80bf01acb248a8ed6735cc3e .post-entry-content {\n    width: 100%;\n    margin: 0;\n    top: 0;\n  }\n  #page .portfolio-shortcode.portfolio-masonry-shortcode-id-4af3862a80bf01acb248a8ed6735cc3e .post-thumbnail-wrap {\n    padding: 0;\n  }\n  #page .portfolio-shortcode.portfolio-masonry-shortcode-id-4af3862a80bf01acb248a8ed6735cc3e .post-entry-content:after {\n    display: none;\n  }\n  #page .portfolio-shortcode.portfolio-masonry-shortcode-id-4af3862a80bf01acb248a8ed6735cc3e .project-even .post-thumbnail-wrap,\n  #page .portfolio-shortcode.portfolio-masonry-shortcode-id-4af3862a80bf01acb248a8ed6735cc3e.centered-layout-list .post-thumbnail-wrap {\n    -webkit-order: 0;\n    -moz-order: 0;\n    -ms-flex-order: 0;\n    order: 0;\n  }\n  #page .portfolio-shortcode.portfolio-masonry-shortcode-id-4af3862a80bf01acb248a8ed6735cc3e.centered-layout-list .post-entry-title-content {\n    -webkit-order: 1;\n    -moz-order: 1;\n    -ms-flex-order: 1;\n    order: 1;\n    width: 100%;\n    padding: 20px 20px 0;\n  }\n  #page .portfolio-shortcode.portfolio-masonry-shortcode-id-4af3862a80bf01acb248a8ed6735cc3e.centered-layout-list .post-entry-content {\n    -webkit-order: 2;\n    -moz-order: 2;\n    -ms-flex-order: 2;\n    order: 2;\n    padding-top: 0;\n  }\n  #page .portfolio-shortcode.portfolio-masonry-shortcode-id-4af3862a80bf01acb248a8ed6735cc3e .post-entry-content {\n    padding: 20px;\n  }\n  #page .portfolio-shortcode.portfolio-masonry-shortcode-id-4af3862a80bf01acb248a8ed6735cc3e .entry-title {\n    margin: 3px 0 5px;\n    font-size: 20px;\n    line-height: 26px;\n  }\n  #page .portfolio-shortcode.portfolio-masonry-shortcode-id-4af3862a80bf01acb248a8ed6735cc3e .entry-meta {\n    margin: 5px 0 5px;\n  }\n  #page .portfolio-shortcode.portfolio-masonry-shortcode-id-4af3862a80bf01acb248a8ed6735cc3e .entry-excerpt {\n    margin: 15px 0 0;\n  }\n  #page .portfolio-shortcode.portfolio-masonry-shortcode-id-4af3862a80bf01acb248a8ed6735cc3e .post-details {\n    margin: 5px 0 10px;\n  }\n  #page .portfolio-shortcode.portfolio-masonry-shortcode-id-4af3862a80bf01acb248a8ed6735cc3e .post-details.details-type-link {\n    margin-bottom: 2px;\n  }\n}\n.portfolio-shortcode.portfolio-masonry-shortcode-id-4af3862a80bf01acb248a8ed6735cc3e:not(.resize-by-browser-width) .dt-css-grid {\n  grid-row-gap: 30px;\n  grid-column-gap: 30px;\n  grid-template-columns: repeat(auto-fill,minmax(,1fr));\n}\n.portfolio-shortcode.portfolio-masonry-shortcode-id-4af3862a80bf01acb248a8ed6735cc3e:not(.resize-by-browser-width) .dt-css-grid .double-width {\n  grid-column: span 2;\n}\n.cssgridlegacy.no-cssgrid .portfolio-shortcode.portfolio-masonry-shortcode-id-4af3862a80bf01acb248a8ed6735cc3e:not(.resize-by-browser-width) .dt-css-grid,\n.no-cssgridlegacy.no-cssgrid .portfolio-shortcode.portfolio-masonry-shortcode-id-4af3862a80bf01acb248a8ed6735cc3e:not(.resize-by-browser-width) .dt-css-grid {\n  display: flex;\n  flex-flow: row wrap;\n  margin: -15px;\n}\n.cssgridlegacy.no-cssgrid .portfolio-shortcode.portfolio-masonry-shortcode-id-4af3862a80bf01acb248a8ed6735cc3e:not(.resize-by-browser-width) .dt-css-grid .wf-cell,\n.no-cssgridlegacy.no-cssgrid .portfolio-shortcode.portfolio-masonry-shortcode-id-4af3862a80bf01acb248a8ed6735cc3e:not(.resize-by-browser-width) .dt-css-grid .wf-cell {\n  flex: 1 0 ;\n  max-width: 100%;\n  padding: 15px;\n  box-sizing: border-box;\n}\n.portfolio-shortcode.portfolio-masonry-shortcode-id-4af3862a80bf01acb248a8ed6735cc3e.resize-by-browser-width .dt-css-grid {\n  grid-template-columns: repeat(3,1fr);\n  grid-template-rows: auto;\n  grid-column-gap: 30px;\n  grid-row-gap: 30px;\n}\n.portfolio-shortcode.portfolio-masonry-shortcode-id-4af3862a80bf01acb248a8ed6735cc3e.resize-by-browser-width .dt-css-grid .double-width {\n  grid-column: span 2;\n}\n.cssgridlegacy.no-cssgrid .portfolio-shortcode.portfolio-masonry-shortcode-id-4af3862a80bf01acb248a8ed6735cc3e.resize-by-browser-width .dt-css-grid {\n  margin: -15px;\n}\n.cssgridlegacy.no-cssgrid .portfolio-shortcode.portfolio-masonry-shortcode-id-4af3862a80bf01acb248a8ed6735cc3e.resize-by-browser-width .dt-css-grid .wf-cell {\n  width: 33.333333333333%;\n  padding: 15px;\n}\n.cssgridlegacy.no-cssgrid .portfolio-shortcode.portfolio-masonry-shortcode-id-4af3862a80bf01acb248a8ed6735cc3e.resize-by-browser-width .dt-css-grid .wf-cell.double-width {\n  width: calc(33.333333333333%) * 2;\n}\n.portfolio-shortcode.portfolio-masonry-shortcode-id-4af3862a80bf01acb248a8ed6735cc3e.resize-by-browser-width:not(.centered-layout-list):not(.content-bg-on) .dt-css-grid {\n  grid-row-gap: 0px;\n}\n@media screen and (max-width: 1199px) {\n  .portfolio-shortcode.portfolio-masonry-shortcode-id-4af3862a80bf01acb248a8ed6735cc3e.resize-by-browser-width .dt-css-grid {\n    grid-template-columns: repeat(3,1fr);\n  }\n  .cssgridlegacy.no-cssgrid .portfolio-shortcode.portfolio-masonry-shortcode-id-4af3862a80bf01acb248a8ed6735cc3e.resize-by-browser-width .dt-css-grid .wf-cell,\n  .no-cssgridlegacy.no-cssgrid .portfolio-shortcode.portfolio-masonry-shortcode-id-4af3862a80bf01acb248a8ed6735cc3e.resize-by-browser-width .dt-css-grid .wf-cell {\n    width: 33.333333333333%;\n  }\n  .cssgridlegacy.no-cssgrid .portfolio-shortcode.portfolio-masonry-shortcode-id-4af3862a80bf01acb248a8ed6735cc3e.resize-by-browser-width .dt-css-grid .wf-cell.double-width,\n  .no-cssgridlegacy.no-cssgrid .portfolio-shortcode.portfolio-masonry-shortcode-id-4af3862a80bf01acb248a8ed6735cc3e.resize-by-browser-width .dt-css-grid .wf-cell.double-width {\n    width: calc(33.333333333333%)*2;\n  }\n}\n@media screen and (max-width: 991px) {\n  .portfolio-shortcode.portfolio-masonry-shortcode-id-4af3862a80bf01acb248a8ed6735cc3e.resize-by-browser-width .dt-css-grid {\n    grid-template-columns: repeat(2,1fr);\n  }\n  .cssgridlegacy.no-cssgrid .portfolio-shortcode.portfolio-masonry-shortcode-id-4af3862a80bf01acb248a8ed6735cc3e.resize-by-browser-width .dt-css-grid .wf-cell,\n  .no-cssgridlegacy.no-cssgrid .portfolio-shortcode.portfolio-masonry-shortcode-id-4af3862a80bf01acb248a8ed6735cc3e.resize-by-browser-width .dt-css-grid .wf-cell {\n    width: 50%;\n  }\n  .cssgridlegacy.no-cssgrid .portfolio-shortcode.portfolio-masonry-shortcode-id-4af3862a80bf01acb248a8ed6735cc3e.resize-by-browser-width .dt-css-grid .wf-cell.double-width,\n  .no-cssgridlegacy.no-cssgrid .portfolio-shortcode.portfolio-masonry-shortcode-id-4af3862a80bf01acb248a8ed6735cc3e.resize-by-browser-width .dt-css-grid .wf-cell.double-width {\n    width: calc(50%)*2;\n  }\n}\n@media screen and (max-width: 767px) {\n  .portfolio-shortcode.portfolio-masonry-shortcode-id-4af3862a80bf01acb248a8ed6735cc3e.resize-by-browser-width .dt-css-grid {\n    grid-template-columns: repeat(1,1fr);\n  }\n  .portfolio-shortcode.portfolio-masonry-shortcode-id-4af3862a80bf01acb248a8ed6735cc3e.resize-by-browser-width .dt-css-grid .double-width {\n    grid-column: span 1;\n  }\n  .cssgridlegacy.no-cssgrid .portfolio-shortcode.portfolio-masonry-shortcode-id-4af3862a80bf01acb248a8ed6735cc3e.resize-by-browser-width .dt-css-grid .wf-cell,\n  .no-cssgridlegacy.no-cssgrid .portfolio-shortcode.portfolio-masonry-shortcode-id-4af3862a80bf01acb248a8ed6735cc3e.resize-by-browser-width .dt-css-grid .wf-cell {\n    width: 100%;\n  }\n  .cssgridlegacy.no-cssgrid .portfolio-shortcode.portfolio-masonry-shortcode-id-4af3862a80bf01acb248a8ed6735cc3e.resize-by-browser-width .dt-css-grid .wf-cell.double-width,\n  .no-cssgridlegacy.no-cssgrid .portfolio-shortcode.portfolio-masonry-shortcode-id-4af3862a80bf01acb248a8ed6735cc3e.resize-by-browser-width .dt-css-grid .wf-cell.double-width {\n    width: calc(100%)*2;\n  }\n}<\/style><div class=\"portfolio-shortcode portfolio-masonry-shortcode-id-4af3862a80bf01acb248a8ed6735cc3e mode-grid classic-layout-list content-bg-on jquery-filter dt-icon-bg-on dt-icon-border-on dt-icon-hover-on dt-icon-hover-border-on dt-icon-hover-bg-on meta-info-off dt-css-grid-wrap enable-bg-rollover resize-by-browser-width  loading-effect-none description-under-image \" data-padding=\"15px\" data-cur-page=\"1\" data-post-limit=\"3\" data-pagination-mode=\"pages\" aria-live=\"assertive\" data-desktop-columns-num=\"3\" data-v-tablet-columns-num=\"2\" data-h-tablet-columns-num=\"3\" data-phone-columns-num=\"1\" data-width=\"0px\" data-columns=\"0\"><div class=\"dt-css-grid\" ><div class=\"visible wf-cell\" data-post-id=\"6715\" data-date=\"2026-04-14T13:52:42+02:00\" data-name=\"Dakisolatie van een woning in Liers\"><article class=\"post visible post-6715 dt_portfolio type-dt_portfolio status-publish has-post-thumbnail hentry dt_portfolio_category-dak dt_portfolio_category-48\" data-name=\"Dakisolatie van een woning in Liers\" data-date=\"2026-04-14T13:52:42+02:00\">\n\n<div class=\"post-thumbnail-wrap forward-post \">\n\t<div class=\"post-thumbnail\">\n\n\t\t<a href=\"https:\/\/www.iseoprojection.com\/nl\/realisatie\/dakisolatie-liers\/\" class=\"post-thumbnail-rollover layzr-bg\" target=\"\"  aria-label=\"Post image\"><img fetchpriority=\"high\" decoding=\"async\" class=\"iso-lazy-load preload-me iso-lazy-load aspect\" src=\"data:image\/svg+xml,%3Csvg%20xmlns%3D&#39;http%3A%2F%2Fwww.w3.org%2F2000%2Fsvg&#39;%20viewBox%3D&#39;0%200%20768%20512&#39;%2F%3E\" data-src=\"https:\/\/www.iseoprojection.com\/wp-content\/uploads\/2026\/04\/isolation-sous-toiture-768x512.jpg\" data-srcset=\"https:\/\/www.iseoprojection.com\/wp-content\/uploads\/2026\/04\/isolation-sous-toiture-768x512.jpg 768w, https:\/\/www.iseoprojection.com\/wp-content\/uploads\/2026\/04\/isolation-sous-toiture-1152x768.jpg 1152w\" loading=\"eager\" style=\"--ratio: 768 \/ 512\" sizes=\"(max-width: 768px) 100vw, 768px\" alt=\"Toiture d&#039;une habitation \u00e0 Liers isol\u00e9e avec de la mousse projet\u00e9e\" title=\"isolation-sous-toiture\" width=\"768\" height=\"512\"  \/><\/a>\n\t<\/div>\n<\/div>\n\n\n<div class=\"post-entry-content\">\n\n\t<h3 class=\"entry-title\">\n\t\t<a href=\"https:\/\/www.iseoprojection.com\/nl\/realisatie\/dakisolatie-liers\/\" target=\"\" title=\"Dakisolatie van een woning in Liers\" rel=\"bookmark\">Dakisolatie van een woning in Liers<\/a>\n\t<\/h3>\n\n\t\n\t<div class=\"entry-excerpt\"><p>ISEO Projection isoleerde een dak in Liers met 19 cm opencellig schuim in \u00e9\u00e9n ochtend.<\/p>\n<\/div>\n\t<a class=\"dt-btn-s dt-btn post-details details-type-btn\" href=\"https:\/\/www.iseoprojection.com\/nl\/realisatie\/dakisolatie-liers\/\" target=\"\">Lees meer<i class=\"dt-icon-the7-arrow-03\" aria-hidden=\"true\"><\/i><\/a>\n<\/div><\/article><\/div><div class=\"visible wf-cell\" data-post-id=\"6660\" data-date=\"2026-04-13T15:58:41+02:00\" data-name=\"Dakisolatie van een ingerichte zolder in Gembloux\"><article class=\"post visible post-6660 dt_portfolio type-dt_portfolio status-publish has-post-thumbnail hentry dt_portfolio_category-dak dt_portfolio_category-48\" data-name=\"Dakisolatie van een ingerichte zolder in Gembloux\" data-date=\"2026-04-13T15:58:41+02:00\">\n\n<div class=\"post-thumbnail-wrap forward-post \">\n\t<div class=\"post-thumbnail\">\n\n\t\t<a href=\"https:\/\/www.iseoprojection.com\/nl\/realisatie\/dakisolatie-gembloux\/\" class=\"post-thumbnail-rollover layzr-bg\" target=\"\"  aria-label=\"Post image\"><img decoding=\"async\" class=\"iso-lazy-load preload-me iso-lazy-load aspect\" src=\"data:image\/svg+xml,%3Csvg%20xmlns%3D&#39;http%3A%2F%2Fwww.w3.org%2F2000%2Fsvg&#39;%20viewBox%3D&#39;0%200%20768%20512&#39;%2F%3E\" data-src=\"https:\/\/www.iseoprojection.com\/wp-content\/uploads\/2026\/04\/toiture-isolee-avec-mousse-768x512.jpg\" data-srcset=\"https:\/\/www.iseoprojection.com\/wp-content\/uploads\/2026\/04\/toiture-isolee-avec-mousse-768x512.jpg 768w, https:\/\/www.iseoprojection.com\/wp-content\/uploads\/2026\/04\/toiture-isolee-avec-mousse-1152x768.jpg 1152w\" loading=\"eager\" style=\"--ratio: 768 \/ 512\" sizes=\"(max-width: 768px) 100vw, 768px\" alt=\"Toiture en pente isol\u00e9e par ISEO Projection avec de la mousse polyur\u00e9thane\" title=\"toiture-isolee-avec-mousse\" width=\"768\" height=\"512\"  \/><\/a>\n\t<\/div>\n<\/div>\n\n\n<div class=\"post-entry-content\">\n\n\t<h3 class=\"entry-title\">\n\t\t<a href=\"https:\/\/www.iseoprojection.com\/nl\/realisatie\/dakisolatie-gembloux\/\" target=\"\" title=\"Dakisolatie van een ingerichte zolder in Gembloux\" rel=\"bookmark\">Dakisolatie van een ingerichte zolder in Gembloux<\/a>\n\t<\/h3>\n\n\t\n\t<div class=\"entry-excerpt\"><p>ISEO Projection isoleerde 112 m\u00b2 dak in Gembloux met 18 cm ICYNENE Lite+ om een zolder in te richten als woonruimte.<\/p>\n<\/div>\n\t<a class=\"dt-btn-s dt-btn post-details details-type-btn\" href=\"https:\/\/www.iseoprojection.com\/nl\/realisatie\/dakisolatie-gembloux\/\" target=\"\">Lees meer<i class=\"dt-icon-the7-arrow-03\" aria-hidden=\"true\"><\/i><\/a>\n<\/div><\/article><\/div><div class=\"visible wf-cell\" data-post-id=\"6560\" data-date=\"2026-02-12T14:19:15+01:00\" data-name=\"Dakisolatie van een nieuwbouwwoning in Gesves\"><article class=\"post visible post-6560 dt_portfolio type-dt_portfolio status-publish has-post-thumbnail hentry dt_portfolio_category-dak dt_portfolio_category-zolder dt_portfolio_category-48 dt_portfolio_category-57\" data-name=\"Dakisolatie van een nieuwbouwwoning in Gesves\" data-date=\"2026-02-12T14:19:15+01:00\">\n\n<div class=\"post-thumbnail-wrap forward-post \">\n\t<div class=\"post-thumbnail\">\n\n\t\t<a href=\"https:\/\/www.iseoprojection.com\/nl\/realisatie\/dakisolatie-gesves\/\" class=\"post-thumbnail-rollover layzr-bg\" target=\"\"  aria-label=\"Post image\"><img decoding=\"async\" class=\"iso-lazy-load preload-me iso-lazy-load aspect\" src=\"data:image\/svg+xml,%3Csvg%20xmlns%3D&#39;http%3A%2F%2Fwww.w3.org%2F2000%2Fsvg&#39;%20viewBox%3D&#39;0%200%20768%20512&#39;%2F%3E\" data-src=\"https:\/\/www.iseoprojection.com\/wp-content\/uploads\/2026\/02\/ISEO-chantier-isolation-mousse-projetee-toiture-768x512.jpg\" data-srcset=\"https:\/\/www.iseoprojection.com\/wp-content\/uploads\/2026\/02\/ISEO-chantier-isolation-mousse-projetee-toiture-768x512.jpg 768w, https:\/\/www.iseoprojection.com\/wp-content\/uploads\/2026\/02\/ISEO-chantier-isolation-mousse-projetee-toiture-1152x768.jpg 1152w\" loading=\"eager\" style=\"--ratio: 768 \/ 512\" sizes=\"(max-width: 768px) 100vw, 768px\" alt=\"Toiture avec charpente en bois isol\u00e9e par l&#039;int\u00e9rieur avec de la mousse projet\u00e9e\" title=\"ISEO-chantier-isolation-mousse-projetee-toiture\" width=\"768\" height=\"512\"  \/><\/a>\n\t<\/div>\n<\/div>\n\n\n<div class=\"post-entry-content\">\n\n\t<h3 class=\"entry-title\">\n\t\t<a href=\"https:\/\/www.iseoprojection.com\/nl\/realisatie\/dakisolatie-gesves\/\" target=\"\" title=\"Dakisolatie van een nieuwbouwwoning in Gesves\" rel=\"bookmark\">Dakisolatie van een nieuwbouwwoning in Gesves<\/a>\n\t<\/h3>\n\n\t\n\t<div class=\"entry-excerpt\"><p>ISEO Projection isoleerde een hellend zadeldak in Gesves: 107 m\u00b2 met 18 cm ICYNENE Lite+ voor een effici\u00ebnte en duurzame isolatie.<\/p>\n<\/div>\n\t<a class=\"dt-btn-s dt-btn post-details details-type-btn\" href=\"https:\/\/www.iseoprojection.com\/nl\/realisatie\/dakisolatie-gesves\/\" target=\"\">Lees meer<i class=\"dt-icon-the7-arrow-03\" aria-hidden=\"true\"><\/i><\/a>\n<\/div><\/article><\/div><div class=\"hidden wf-cell\" data-post-id=\"6480\" data-date=\"2026-01-15T09:24:13+01:00\" data-name=\"Dakisolatie in Ekeren\"><article class=\"post visible post-6480 dt_portfolio type-dt_portfolio status-publish has-post-thumbnail hentry dt_portfolio_category-dak dt_portfolio_category-48\" data-name=\"Dakisolatie in Ekeren\" data-date=\"2026-01-15T09:24:13+01:00\">\n\n<div class=\"post-thumbnail-wrap forward-post \">\n\t<div class=\"post-thumbnail\">\n\n\t\t<a href=\"https:\/\/www.iseoprojection.com\/nl\/realisatie\/isolatie-dak-ekeren\/\" class=\"post-thumbnail-rollover layzr-bg\" target=\"\"  aria-label=\"Post image\"><img decoding=\"async\" class=\"iso-lazy-load preload-me iso-lazy-load aspect\" src=\"data:image\/svg+xml,%3Csvg%20xmlns%3D&#39;http%3A%2F%2Fwww.w3.org%2F2000%2Fsvg&#39;%20viewBox%3D&#39;0%200%20768%20512&#39;%2F%3E\" data-src=\"https:\/\/www.iseoprojection.com\/wp-content\/uploads\/2026\/01\/ISEO-realisation-ekeren-3-768x512.webp\" data-srcset=\"https:\/\/www.iseoprojection.com\/wp-content\/uploads\/2026\/01\/ISEO-realisation-ekeren-3-768x512.webp 768w, https:\/\/www.iseoprojection.com\/wp-content\/uploads\/2026\/01\/ISEO-realisation-ekeren-3-800x533.webp 800w\" loading=\"eager\" style=\"--ratio: 768 \/ 512\" sizes=\"(max-width: 768px) 100vw, 768px\" alt=\"\" title=\"ISEO-realisation-ekeren-3\" width=\"768\" height=\"512\"  \/><\/a>\n\t<\/div>\n<\/div>\n\n\n<div class=\"post-entry-content\">\n\n\t<h3 class=\"entry-title\">\n\t\t<a href=\"https:\/\/www.iseoprojection.com\/nl\/realisatie\/isolatie-dak-ekeren\/\" target=\"\" title=\"Dakisolatie in Ekeren\" rel=\"bookmark\">Dakisolatie in Ekeren<\/a>\n\t<\/h3>\n\n\t\n\t<div class=\"entry-excerpt\"><p>146 m\u00b2 dak ge\u00efsoleerd in Ekeren met 20 cm ICYNENE Lite+. Een performante isolatie voor optimaal comfort.<\/p>\n<\/div>\n\t<a class=\"dt-btn-s dt-btn post-details details-type-btn\" href=\"https:\/\/www.iseoprojection.com\/nl\/realisatie\/isolatie-dak-ekeren\/\" target=\"\">Lees meer<i class=\"dt-icon-the7-arrow-03\" aria-hidden=\"true\"><\/i><\/a>\n<\/div><\/article><\/div><div class=\"hidden wf-cell\" data-post-id=\"6476\" data-date=\"2026-01-15T09:16:16+01:00\" data-name=\"Dakisolatie met afwerking in Nijlen\"><article class=\"post visible post-6476 dt_portfolio type-dt_portfolio status-publish has-post-thumbnail hentry dt_portfolio_category-dak dt_portfolio_category-48\" data-name=\"Dakisolatie met afwerking in Nijlen\" data-date=\"2026-01-15T09:16:16+01:00\">\n\n<div class=\"post-thumbnail-wrap forward-post \">\n\t<div class=\"post-thumbnail\">\n\n\t\t<a href=\"https:\/\/www.iseoprojection.com\/nl\/realisatie\/isolatie-dak-nijlen\/\" class=\"post-thumbnail-rollover layzr-bg\" target=\"\"  aria-label=\"Post image\"><img decoding=\"async\" class=\"iso-lazy-load preload-me iso-lazy-load aspect\" src=\"data:image\/svg+xml,%3Csvg%20xmlns%3D&#39;http%3A%2F%2Fwww.w3.org%2F2000%2Fsvg&#39;%20viewBox%3D&#39;0%200%20768%20512&#39;%2F%3E\" data-src=\"https:\/\/www.iseoprojection.com\/wp-content\/uploads\/2026\/01\/ISEO-realisation-nijlen-5-768x512.webp\" data-srcset=\"https:\/\/www.iseoprojection.com\/wp-content\/uploads\/2026\/01\/ISEO-realisation-nijlen-5-768x512.webp 768w, https:\/\/www.iseoprojection.com\/wp-content\/uploads\/2026\/01\/ISEO-realisation-nijlen-5-800x533.webp 800w\" loading=\"eager\" style=\"--ratio: 768 \/ 512\" sizes=\"(max-width: 768px) 100vw, 768px\" alt=\"\" title=\"ISEO-realisation-nijlen-5\" width=\"768\" height=\"512\"  \/><\/a>\n\t<\/div>\n<\/div>\n\n\n<div class=\"post-entry-content\">\n\n\t<h3 class=\"entry-title\">\n\t\t<a href=\"https:\/\/www.iseoprojection.com\/nl\/realisatie\/isolatie-dak-nijlen\/\" target=\"\" title=\"Dakisolatie met afwerking in Nijlen\" rel=\"bookmark\">Dakisolatie met afwerking in Nijlen<\/a>\n\t<\/h3>\n\n\t\n\t<div class=\"entry-excerpt\"><p>Isolatie van een hellend dak en een plat dak in Nijlen met 20 cm ICYNENE Lite+. Gyproc-afwerking op 80 m\u00b2.<\/p>\n<\/div>\n\t<a class=\"dt-btn-s dt-btn post-details details-type-btn\" href=\"https:\/\/www.iseoprojection.com\/nl\/realisatie\/isolatie-dak-nijlen\/\" target=\"\">Lees meer<i class=\"dt-icon-the7-arrow-03\" aria-hidden=\"true\"><\/i><\/a>\n<\/div><\/article><\/div><div class=\"hidden wf-cell\" data-post-id=\"6471\" data-date=\"2026-01-15T09:13:11+01:00\" data-name=\"Isolatie van de zoldervloer en kruipkelder van woning in Brecht\"><article class=\"post visible post-6471 dt_portfolio type-dt_portfolio status-publish has-post-thumbnail hentry dt_portfolio_category-dak dt_portfolio_category-kelder dt_portfolio_category-48 dt_portfolio_category-60\" data-name=\"Isolatie van de zoldervloer en kruipkelder van woning in Brecht\" data-date=\"2026-01-15T09:13:11+01:00\">\n\n<div class=\"post-thumbnail-wrap forward-post \">\n\t<div class=\"post-thumbnail\">\n\n\t\t<a href=\"https:\/\/www.iseoprojection.com\/nl\/realisatie\/isolatie-zoldervloer-kruipkelder-brecht\/\" class=\"post-thumbnail-rollover layzr-bg\" target=\"\"  aria-label=\"Post image\"><img decoding=\"async\" class=\"iso-lazy-load preload-me iso-lazy-load aspect\" src=\"data:image\/svg+xml,%3Csvg%20xmlns%3D&#39;http%3A%2F%2Fwww.w3.org%2F2000%2Fsvg&#39;%20viewBox%3D&#39;0%200%20768%20512&#39;%2F%3E\" data-src=\"https:\/\/www.iseoprojection.com\/wp-content\/uploads\/2026\/01\/ISEO-realisation-brecht-3-768x512.webp\" data-srcset=\"https:\/\/www.iseoprojection.com\/wp-content\/uploads\/2026\/01\/ISEO-realisation-brecht-3-768x512.webp 768w, https:\/\/www.iseoprojection.com\/wp-content\/uploads\/2026\/01\/ISEO-realisation-brecht-3-800x533.webp 800w\" loading=\"eager\" style=\"--ratio: 768 \/ 512\" sizes=\"(max-width: 768px) 100vw, 768px\" alt=\"\" title=\"ISEO-realisation-brecht-3\" width=\"768\" height=\"512\"  \/><\/a>\n\t<\/div>\n<\/div>\n\n\n<div class=\"post-entry-content\">\n\n\t<h3 class=\"entry-title\">\n\t\t<a href=\"https:\/\/www.iseoprojection.com\/nl\/realisatie\/isolatie-zoldervloer-kruipkelder-brecht\/\" target=\"\" title=\"Isolatie van de zoldervloer en kruipkelder van woning in Brecht\" rel=\"bookmark\">Isolatie van de zoldervloer en kruipkelder van woning in Brecht<\/a>\n\t<\/h3>\n\n\t\n\t<div class=\"entry-excerpt\"><p>ISEO Projection isoleerde 240 m\u00b2 in Brecht: zoldervloer en kruipkelder met ICYNENE Lite+ in \u00e9\u00e9n dag.<\/p>\n<\/div>\n\t<a class=\"dt-btn-s dt-btn post-details details-type-btn\" href=\"https:\/\/www.iseoprojection.com\/nl\/realisatie\/isolatie-zoldervloer-kruipkelder-brecht\/\" target=\"\">Lees meer<i class=\"dt-icon-the7-arrow-03\" aria-hidden=\"true\"><\/i><\/a>\n<\/div><\/article><\/div><div class=\"hidden wf-cell\" data-post-id=\"6347\" data-date=\"2025-11-25T09:36:36+01:00\" data-name=\"Ecologische isolatie van dak en muren van een gebouw in Thuin\"><article class=\"post visible post-6347 dt_portfolio type-dt_portfolio status-publish has-post-thumbnail hentry dt_portfolio_category-biobased dt_portfolio_category-dak dt_portfolio_category-muren dt_portfolio_category-73 dt_portfolio_category-48 dt_portfolio_category-50\" data-name=\"Ecologische isolatie van dak en muren van een gebouw in Thuin\" data-date=\"2025-11-25T09:36:36+01:00\">\n\n<div class=\"post-thumbnail-wrap forward-post \">\n\t<div class=\"post-thumbnail\">\n\n\t\t<a href=\"https:\/\/www.iseoprojection.com\/nl\/realisatie\/isolatie-cellulose-thuin\/\" class=\"post-thumbnail-rollover layzr-bg\" target=\"\"  aria-label=\"Post image\"><img decoding=\"async\" class=\"iso-lazy-load preload-me iso-lazy-load aspect\" src=\"data:image\/svg+xml,%3Csvg%20xmlns%3D&#39;http%3A%2F%2Fwww.w3.org%2F2000%2Fsvg&#39;%20viewBox%3D&#39;0%200%20768%20512&#39;%2F%3E\" data-src=\"https:\/\/www.iseoprojection.com\/wp-content\/uploads\/2025\/11\/isolation-toiture-mur-thuin-02-768x512.webp\" data-srcset=\"https:\/\/www.iseoprojection.com\/wp-content\/uploads\/2025\/11\/isolation-toiture-mur-thuin-02-768x512.webp 768w, https:\/\/www.iseoprojection.com\/wp-content\/uploads\/2025\/11\/isolation-toiture-mur-thuin-02-800x533.webp 800w\" loading=\"eager\" style=\"--ratio: 768 \/ 512\" sizes=\"(max-width: 768px) 100vw, 768px\" alt=\"\" title=\"isolation-toiture-mur-thuin-02\" width=\"768\" height=\"512\"  \/><\/a>\n\t<\/div>\n<\/div>\n\n\n<div class=\"post-entry-content\">\n\n\t<h3 class=\"entry-title\">\n\t\t<a href=\"https:\/\/www.iseoprojection.com\/nl\/realisatie\/isolatie-cellulose-thuin\/\" target=\"\" title=\"Ecologische isolatie van dak en muren van een gebouw in Thuin\" rel=\"bookmark\">Ecologische isolatie van dak en muren van een gebouw in Thuin<\/a>\n\t<\/h3>\n\n\t\n\t<div class=\"entry-excerpt\"><p>In Thuin heeft ISEO Projection het dak en de muren ge\u00efsoleerd met cellulose IQ3, een biosourced isolatiemateriaal dat thermische prestaties en duurzaamheid combineert.\u2028<\/p>\n<\/div>\n\t<a class=\"dt-btn-s dt-btn post-details details-type-btn\" href=\"https:\/\/www.iseoprojection.com\/nl\/realisatie\/isolatie-cellulose-thuin\/\" target=\"\">Lees meer<i class=\"dt-icon-the7-arrow-03\" aria-hidden=\"true\"><\/i><\/a>\n<\/div><\/article><\/div><div class=\"hidden wf-cell\" data-post-id=\"6294\" data-date=\"2025-11-25T08:53:02+01:00\" data-name=\"Dakisolatie in Deinze\"><article class=\"post visible post-6294 dt_portfolio type-dt_portfolio status-publish has-post-thumbnail hentry dt_portfolio_category-dak dt_portfolio_category-48\" data-name=\"Dakisolatie in Deinze\" data-date=\"2025-11-25T08:53:02+01:00\">\n\n<div class=\"post-thumbnail-wrap forward-post \">\n\t<div class=\"post-thumbnail\">\n\n\t\t<a href=\"https:\/\/www.iseoprojection.com\/nl\/realisatie\/dakisolatie-deinze\/\" class=\"post-thumbnail-rollover layzr-bg\" target=\"\"  aria-label=\"Post image\"><img decoding=\"async\" class=\"iso-lazy-load preload-me iso-lazy-load aspect\" src=\"data:image\/svg+xml,%3Csvg%20xmlns%3D&#39;http%3A%2F%2Fwww.w3.org%2F2000%2Fsvg&#39;%20viewBox%3D&#39;0%200%20651%20434&#39;%2F%3E\" data-src=\"https:\/\/www.iseoprojection.com\/wp-content\/uploads\/2025\/11\/isolation-toiture-deinze-02-651x434.webp\" data-srcset=\"https:\/\/www.iseoprojection.com\/wp-content\/uploads\/2025\/11\/isolation-toiture-deinze-02-651x434.webp 651w\" loading=\"eager\" style=\"--ratio: 651 \/ 434\" sizes=\"(max-width: 651px) 100vw, 651px\" alt=\"\" title=\"isolation-toiture-deinze-02\" width=\"651\" height=\"434\"  \/><\/a>\n\t<\/div>\n<\/div>\n\n\n<div class=\"post-entry-content\">\n\n\t<h3 class=\"entry-title\">\n\t\t<a href=\"https:\/\/www.iseoprojection.com\/nl\/realisatie\/dakisolatie-deinze\/\" target=\"\" title=\"Dakisolatie in Deinze\" rel=\"bookmark\">Dakisolatie in Deinze<\/a>\n\t<\/h3>\n\n\t\n\t<div class=\"entry-excerpt\"><p>ISEO Projection isoleerde 210 m\u00b2 dak in Deinze met 17 cm ICYNENE Lite+. Een duurzame, luchtdichte isolatie.<\/p>\n<\/div>\n\t<a class=\"dt-btn-s dt-btn post-details details-type-btn\" href=\"https:\/\/www.iseoprojection.com\/nl\/realisatie\/dakisolatie-deinze\/\" target=\"\">Lees meer<i class=\"dt-icon-the7-arrow-03\" aria-hidden=\"true\"><\/i><\/a>\n<\/div><\/article><\/div><div class=\"hidden wf-cell\" data-post-id=\"6145\" data-date=\"2025-10-28T09:05:22+01:00\" data-name=\"Grote ecologische isolatiewerken in Martelange\"><article class=\"post visible post-6145 dt_portfolio type-dt_portfolio status-publish has-post-thumbnail hentry dt_portfolio_category-biosource dt_portfolio_category-dak dt_portfolio_category-muren dt_portfolio_category-72 dt_portfolio_category-48 dt_portfolio_category-50\" data-name=\"Grote ecologische isolatiewerken in Martelange\" data-date=\"2025-10-28T09:05:22+01:00\">\n\n<div class=\"post-thumbnail-wrap forward-post \">\n\t<div class=\"post-thumbnail\">\n\n\t\t<a href=\"https:\/\/www.iseoprojection.com\/nl\/realisatie\/ecologische-isolatiewerken-martelange\/\" class=\"post-thumbnail-rollover layzr-bg\" target=\"\"  aria-label=\"Post image\"><img decoding=\"async\" class=\"iso-lazy-load preload-me iso-lazy-load aspect\" src=\"data:image\/svg+xml,%3Csvg%20xmlns%3D&#39;http%3A%2F%2Fwww.w3.org%2F2000%2Fsvg&#39;%20viewBox%3D&#39;0%200%20768%20512&#39;%2F%3E\" data-src=\"https:\/\/www.iseoprojection.com\/wp-content\/uploads\/2025\/10\/Martelange-768x512.webp\" data-srcset=\"https:\/\/www.iseoprojection.com\/wp-content\/uploads\/2025\/10\/Martelange-768x512.webp 768w, https:\/\/www.iseoprojection.com\/wp-content\/uploads\/2025\/10\/Martelange-1152x768.webp 1152w\" loading=\"eager\" style=\"--ratio: 768 \/ 512\" sizes=\"(max-width: 768px) 100vw, 768px\" alt=\"\" title=\"Martelange\" width=\"768\" height=\"512\"  \/><\/a>\n\t<\/div>\n<\/div>\n\n\n<div class=\"post-entry-content\">\n\n\t<h3 class=\"entry-title\">\n\t\t<a href=\"https:\/\/www.iseoprojection.com\/nl\/realisatie\/ecologische-isolatiewerken-martelange\/\" target=\"\" title=\"Grote ecologische isolatiewerken in Martelange\" rel=\"bookmark\">Grote ecologische isolatiewerken in Martelange<\/a>\n\t<\/h3>\n\n\t\n\t<div class=\"entry-excerpt\"><p>Grootschalige werf in Martelange: ecologische isolatie van muren en dak met hoogwaardige afwerkingen voor een performant gebouw.<\/p>\n<\/div>\n\t<a class=\"dt-btn-s dt-btn post-details details-type-btn\" href=\"https:\/\/www.iseoprojection.com\/nl\/realisatie\/ecologische-isolatiewerken-martelange\/\" target=\"\">Lees meer<i class=\"dt-icon-the7-arrow-03\" aria-hidden=\"true\"><\/i><\/a>\n<\/div><\/article><\/div><div class=\"hidden wf-cell\" data-post-id=\"6113\" data-date=\"2025-10-28T08:33:12+01:00\" data-name=\"Onze dakisolatiewerkzaamheden in Charleroi\"><article class=\"post visible post-6113 dt_portfolio type-dt_portfolio status-publish has-post-thumbnail hentry dt_portfolio_category-biosource dt_portfolio_category-dak dt_portfolio_category-72 dt_portfolio_category-48\" data-name=\"Onze dakisolatiewerkzaamheden in Charleroi\" data-date=\"2025-10-28T08:33:12+01:00\">\n\n<div class=\"post-thumbnail-wrap forward-post \">\n\t<div class=\"post-thumbnail\">\n\n\t\t<a href=\"https:\/\/www.iseoprojection.com\/nl\/realisatie\/dakisolatie-charleroi\/\" class=\"post-thumbnail-rollover layzr-bg\" target=\"\"  aria-label=\"Post image\"><img decoding=\"async\" class=\"iso-lazy-load preload-me iso-lazy-load aspect\" src=\"data:image\/svg+xml,%3Csvg%20xmlns%3D&#39;http%3A%2F%2Fwww.w3.org%2F2000%2Fsvg&#39;%20viewBox%3D&#39;0%200%20768%20512&#39;%2F%3E\" data-src=\"https:\/\/www.iseoprojection.com\/wp-content\/uploads\/2025\/10\/Livraison_charleroi-768x512.webp\" data-srcset=\"https:\/\/www.iseoprojection.com\/wp-content\/uploads\/2025\/10\/Livraison_charleroi-768x512.webp 768w, https:\/\/www.iseoprojection.com\/wp-content\/uploads\/2025\/10\/Livraison_charleroi-1152x768.webp 1152w\" loading=\"eager\" style=\"--ratio: 768 \/ 512\" sizes=\"(max-width: 768px) 100vw, 768px\" alt=\"\" title=\"Livraison_charleroi\" width=\"768\" height=\"512\"  \/><\/a>\n\t<\/div>\n<\/div>\n\n\n<div class=\"post-entry-content\">\n\n\t<h3 class=\"entry-title\">\n\t\t<a href=\"https:\/\/www.iseoprojection.com\/nl\/realisatie\/dakisolatie-charleroi\/\" target=\"\" title=\"Onze dakisolatiewerkzaamheden in Charleroi\" rel=\"bookmark\">Onze dakisolatiewerkzaamheden in Charleroi<\/a>\n\t<\/h3>\n\n\t\n\t<div class=\"entry-excerpt\"><p>In Charleroi heeft ons team een dak van 61 m\u00b2 ge\u00efsoleerd met houtwol. Een snelle en zorgvuldige interventie voor blijvend thermisch comfort.<\/p>\n<\/div>\n\t<a class=\"dt-btn-s dt-btn post-details details-type-btn\" href=\"https:\/\/www.iseoprojection.com\/nl\/realisatie\/dakisolatie-charleroi\/\" target=\"\">Lees meer<i class=\"dt-icon-the7-arrow-03\" aria-hidden=\"true\"><\/i><\/a>\n<\/div><\/article><\/div><div class=\"hidden wf-cell\" data-post-id=\"6058\" data-date=\"2025-10-09T15:44:47+02:00\" data-name=\"Dakisolatie (sarking) van woning in Geel\"><article class=\"post visible post-6058 dt_portfolio type-dt_portfolio status-publish has-post-thumbnail hentry dt_portfolio_category-dak dt_portfolio_category-48\" data-name=\"Dakisolatie (sarking) van woning in Geel\" data-date=\"2025-10-09T15:44:47+02:00\">\n\n<div class=\"post-thumbnail-wrap forward-post \">\n\t<div class=\"post-thumbnail\">\n\n\t\t<a href=\"https:\/\/www.iseoprojection.com\/nl\/realisatie\/dakisolatie-sarking-geel\/\" class=\"post-thumbnail-rollover layzr-bg\" target=\"\"  aria-label=\"Post image\"><img decoding=\"async\" class=\"iso-lazy-load preload-me iso-lazy-load aspect\" src=\"data:image\/svg+xml,%3Csvg%20xmlns%3D&#39;http%3A%2F%2Fwww.w3.org%2F2000%2Fsvg&#39;%20viewBox%3D&#39;0%200%20768%20512&#39;%2F%3E\" data-src=\"https:\/\/www.iseoprojection.com\/wp-content\/uploads\/2025\/10\/isolation-petite-fermette-geel-768x512.jpg\" data-srcset=\"https:\/\/www.iseoprojection.com\/wp-content\/uploads\/2025\/10\/isolation-petite-fermette-geel-768x512.jpg 768w, https:\/\/www.iseoprojection.com\/wp-content\/uploads\/2025\/10\/isolation-petite-fermette-geel-893x595.jpg 893w\" loading=\"eager\" style=\"--ratio: 768 \/ 512\" sizes=\"(max-width: 768px) 100vw, 768px\" alt=\"Petite fermette en brique avec toiture que l&#039;on r\u00e9nove\" title=\"isolation-petite-fermette-geel\" width=\"768\" height=\"512\"  \/><\/a>\n\t<\/div>\n<\/div>\n\n\n<div class=\"post-entry-content\">\n\n\t<h3 class=\"entry-title\">\n\t\t<a href=\"https:\/\/www.iseoprojection.com\/nl\/realisatie\/dakisolatie-sarking-geel\/\" target=\"\" title=\"Dakisolatie (sarking) van woning in Geel\" rel=\"bookmark\">Dakisolatie (sarking) van woning in Geel<\/a>\n\t<\/h3>\n\n\t\n\t<div class=\"entry-excerpt\"><p>Ontdek onze sarking-werf in Geel: 160 m\u00b2 dak langs buiten ge\u00efsoleerd in \u00e9\u00e9n dag met 20 cm ICYNENE Lite+.<\/p>\n<\/div>\n\t<a class=\"dt-btn-s dt-btn post-details details-type-btn\" href=\"https:\/\/www.iseoprojection.com\/nl\/realisatie\/dakisolatie-sarking-geel\/\" target=\"\">Lees meer<i class=\"dt-icon-the7-arrow-03\" aria-hidden=\"true\"><\/i><\/a>\n<\/div><\/article><\/div><div class=\"hidden wf-cell\" data-post-id=\"6042\" data-date=\"2025-10-09T15:19:06+02:00\" data-name=\"Volledige binnenisolatie van een gerenoveerde woning in Hemptinne\"><article class=\"post visible post-6042 dt_portfolio type-dt_portfolio status-publish has-post-thumbnail hentry dt_portfolio_category-dak dt_portfolio_category-muren dt_portfolio_category-vloer dt_portfolio_category-48 dt_portfolio_category-50 dt_portfolio_category-53\" data-name=\"Volledige binnenisolatie van een gerenoveerde woning in Hemptinne\" data-date=\"2025-10-09T15:19:06+02:00\">\n\n<div class=\"post-thumbnail-wrap forward-post \">\n\t<div class=\"post-thumbnail\">\n\n\t\t<a href=\"https:\/\/www.iseoprojection.com\/nl\/realisatie\/volledige-isolatie-woning-hemptinne\/\" class=\"post-thumbnail-rollover layzr-bg\" target=\"\"  aria-label=\"Post image\"><img decoding=\"async\" class=\"iso-lazy-load preload-me iso-lazy-load aspect\" src=\"data:image\/svg+xml,%3Csvg%20xmlns%3D&#39;http%3A%2F%2Fwww.w3.org%2F2000%2Fsvg&#39;%20viewBox%3D&#39;0%200%20768%20512&#39;%2F%3E\" data-src=\"https:\/\/www.iseoprojection.com\/wp-content\/uploads\/2025\/10\/isolation-complete-maison-hemptinne-768x512.jpg\" data-srcset=\"https:\/\/www.iseoprojection.com\/wp-content\/uploads\/2025\/10\/isolation-complete-maison-hemptinne-768x512.jpg 768w, https:\/\/www.iseoprojection.com\/wp-content\/uploads\/2025\/10\/isolation-complete-maison-hemptinne-1152x768.jpg 1152w\" loading=\"eager\" style=\"--ratio: 768 \/ 512\" sizes=\"(max-width: 768px) 100vw, 768px\" alt=\"Murs int\u00e9rieurs et sols d&#039;une habitation isol\u00e9s avec de la mousse projet\u00e9e\" title=\"isolation-complete-maison-hemptinne\" width=\"768\" height=\"512\"  \/><\/a>\n\t<\/div>\n<\/div>\n\n\n<div class=\"post-entry-content\">\n\n\t<h3 class=\"entry-title\">\n\t\t<a href=\"https:\/\/www.iseoprojection.com\/nl\/realisatie\/volledige-isolatie-woning-hemptinne\/\" target=\"\" title=\"Volledige binnenisolatie van een gerenoveerde woning in Hemptinne\" rel=\"bookmark\">Volledige binnenisolatie van een gerenoveerde woning in Hemptinne<\/a>\n\t<\/h3>\n\n\t\n\t<div class=\"entry-excerpt\"><p>ISEO Projection heeft een woning in Hemptinne volledig van binnen ge\u00efsoleerd met gespoten schuim. Ontdek deze realisatie.<\/p>\n<\/div>\n\t<a class=\"dt-btn-s dt-btn post-details details-type-btn\" href=\"https:\/\/www.iseoprojection.com\/nl\/realisatie\/volledige-isolatie-woning-hemptinne\/\" target=\"\">Lees meer<i class=\"dt-icon-the7-arrow-03\" aria-hidden=\"true\"><\/i><\/a>\n<\/div><\/article><\/div><div class=\"hidden wf-cell\" data-post-id=\"5392\" data-date=\"2025-08-08T10:47:16+02:00\" data-name=\"Vloer- en dakisolatie van een oude hoeve in Putte\"><article class=\"post visible post-5392 dt_portfolio type-dt_portfolio status-publish has-post-thumbnail hentry dt_portfolio_category-dak dt_portfolio_category-vloer dt_portfolio_category-48 dt_portfolio_category-53\" data-name=\"Vloer- en dakisolatie van een oude hoeve in Putte\" data-date=\"2025-08-08T10:47:16+02:00\">\n\n<div class=\"post-thumbnail-wrap forward-post \">\n\t<div class=\"post-thumbnail\">\n\n\t\t<a href=\"https:\/\/www.iseoprojection.com\/nl\/realisatie\/isolatie-vloer-en-dak-hoeve-putte\/\" class=\"post-thumbnail-rollover layzr-bg\" target=\"\"  aria-label=\"Post image\"><img decoding=\"async\" class=\"iso-lazy-load preload-me iso-lazy-load aspect\" src=\"data:image\/svg+xml,%3Csvg%20xmlns%3D&#39;http%3A%2F%2Fwww.w3.org%2F2000%2Fsvg&#39;%20viewBox%3D&#39;0%200%20768%20512&#39;%2F%3E\" data-src=\"https:\/\/www.iseoprojection.com\/wp-content\/uploads\/2025\/08\/renovation-energetique-maison-putte-768x512.jpg\" data-srcset=\"https:\/\/www.iseoprojection.com\/wp-content\/uploads\/2025\/08\/renovation-energetique-maison-putte-768x512.jpg 768w, https:\/\/www.iseoprojection.com\/wp-content\/uploads\/2025\/08\/renovation-energetique-maison-putte-1152x768.jpg 1152w\" loading=\"eager\" style=\"--ratio: 768 \/ 512\" sizes=\"(max-width: 768px) 100vw, 768px\" alt=\"Plan large d&#039;une ferme blanche avec un toit brun \u00e0 Putte\" title=\"renovation-energetique-maison-putte\" width=\"768\" height=\"512\"  \/><\/a>\n\t<\/div>\n<\/div>\n\n\n<div class=\"post-entry-content\">\n\n\t<h3 class=\"entry-title\">\n\t\t<a href=\"https:\/\/www.iseoprojection.com\/nl\/realisatie\/isolatie-vloer-en-dak-hoeve-putte\/\" target=\"\" title=\"Vloer- en dakisolatie van een oude hoeve in Putte\" rel=\"bookmark\">Vloer- en dakisolatie van een oude hoeve in Putte<\/a>\n\t<\/h3>\n\n\t\n\t<div class=\"entry-excerpt\"><p>Ons team werkte aan een oude hoeve in Putte en isoleerde vloer en dak. Een volledige thermische renovatie in slechts 2 dagen.<\/p>\n<\/div>\n\t<a class=\"dt-btn-s dt-btn post-details details-type-btn\" href=\"https:\/\/www.iseoprojection.com\/nl\/realisatie\/isolatie-vloer-en-dak-hoeve-putte\/\" target=\"\">Lees meer<i class=\"dt-icon-the7-arrow-03\" aria-hidden=\"true\"><\/i><\/a>\n<\/div><\/article><\/div><div class=\"hidden wf-cell\" data-post-id=\"5362\" data-date=\"2025-08-08T10:28:10+02:00\" data-name=\"Onze tussenkomst bij de dakisolatie van een herenhuis in Luik\"><article class=\"post visible post-5362 dt_portfolio type-dt_portfolio status-publish has-post-thumbnail hentry dt_portfolio_category-dak dt_portfolio_category-48\" data-name=\"Onze tussenkomst bij de dakisolatie van een herenhuis in Luik\" data-date=\"2025-08-08T10:28:10+02:00\">\n\n<div class=\"post-thumbnail-wrap forward-post \">\n\t<div class=\"post-thumbnail\">\n\n\t\t<a href=\"https:\/\/www.iseoprojection.com\/nl\/realisatie\/dakisolatie-herenhuis-luik\/\" class=\"post-thumbnail-rollover layzr-bg\" target=\"\"  aria-label=\"Post image\"><img decoding=\"async\" class=\"iso-lazy-load preload-me iso-lazy-load aspect\" src=\"data:image\/svg+xml,%3Csvg%20xmlns%3D&#39;http%3A%2F%2Fwww.w3.org%2F2000%2Fsvg&#39;%20viewBox%3D&#39;0%200%20768%20512&#39;%2F%3E\" data-src=\"https:\/\/www.iseoprojection.com\/wp-content\/uploads\/2025\/08\/structure-bois-isolation-toiture-768x512.jpg\" data-srcset=\"https:\/\/www.iseoprojection.com\/wp-content\/uploads\/2025\/08\/structure-bois-isolation-toiture-768x512.jpg 768w, https:\/\/www.iseoprojection.com\/wp-content\/uploads\/2025\/08\/structure-bois-isolation-toiture-1152x768.jpg 1152w\" loading=\"eager\" style=\"--ratio: 768 \/ 512\" sizes=\"(max-width: 768px) 100vw, 768px\" alt=\"Structure en bois pour l&#039;isolation d&#039;une toiture de maison de ma\u00eetre \u00e0 Li\u00e8ge\" title=\"structure-bois-isolation-toiture\" width=\"768\" height=\"512\"  \/><\/a>\n\t<\/div>\n<\/div>\n\n\n<div class=\"post-entry-content\">\n\n\t<h3 class=\"entry-title\">\n\t\t<a href=\"https:\/\/www.iseoprojection.com\/nl\/realisatie\/dakisolatie-herenhuis-luik\/\" target=\"\" title=\"Onze tussenkomst bij de dakisolatie van een herenhuis in Luik\" rel=\"bookmark\">Onze tussenkomst bij de dakisolatie van een herenhuis in Luik<\/a>\n\t<\/h3>\n\n\t\n\t<div class=\"entry-excerpt\"><p>Het team van ISEO Projection heeft het dak van een herenhuis in Luik ge\u00efsoleerd met 18 cm gespoten ICYNENE Lite+ achter een houten structuur.<\/p>\n<\/div>\n\t<a class=\"dt-btn-s dt-btn post-details details-type-btn\" href=\"https:\/\/www.iseoprojection.com\/nl\/realisatie\/dakisolatie-herenhuis-luik\/\" target=\"\">Lees meer<i class=\"dt-icon-the7-arrow-03\" aria-hidden=\"true\"><\/i><\/a>\n<\/div><\/article><\/div><div class=\"hidden wf-cell\" data-post-id=\"5280\" data-date=\"2025-07-29T10:21:01+02:00\" data-name=\"Ontdek de volledige energie-renovatie van een oude woning in Mazy\"><article class=\"post visible post-5280 dt_portfolio type-dt_portfolio status-publish has-post-thumbnail hentry dt_portfolio_category-dak dt_portfolio_category-muren dt_portfolio_category-vloer dt_portfolio_category-48 dt_portfolio_category-50 dt_portfolio_category-53\" data-name=\"Ontdek de volledige energie-renovatie van een oude woning in Mazy\" data-date=\"2025-07-29T10:21:01+02:00\">\n\n<div class=\"post-thumbnail-wrap forward-post \">\n\t<div class=\"post-thumbnail\">\n\n\t\t<a href=\"https:\/\/www.iseoprojection.com\/nl\/realisatie\/energie-renovatie-mazy\/\" class=\"post-thumbnail-rollover layzr-bg\" target=\"\"  aria-label=\"Post image\"><img decoding=\"async\" class=\"iso-lazy-load preload-me iso-lazy-load aspect\" src=\"data:image\/svg+xml,%3Csvg%20xmlns%3D&#39;http%3A%2F%2Fwww.w3.org%2F2000%2Fsvg&#39;%20viewBox%3D&#39;0%200%20768%20512&#39;%2F%3E\" data-src=\"https:\/\/www.iseoprojection.com\/wp-content\/uploads\/2025\/07\/chantier-isolation-vieille-maison-mazy-768x512.jpg\" data-srcset=\"https:\/\/www.iseoprojection.com\/wp-content\/uploads\/2025\/07\/chantier-isolation-vieille-maison-mazy-768x512.jpg 768w, https:\/\/www.iseoprojection.com\/wp-content\/uploads\/2025\/07\/chantier-isolation-vieille-maison-mazy-1152x768.jpg 1152w\" loading=\"eager\" style=\"--ratio: 768 \/ 512\" sizes=\"(max-width: 768px) 100vw, 768px\" alt=\"Isolation des murs et des sols par mousse projet\u00e9e d&#039;une vieille maison \u00e0 Mazy\" title=\"chantier-isolation-vieille-maison-mazy\" width=\"768\" height=\"512\"  \/><\/a>\n\t<\/div>\n<\/div>\n\n\n<div class=\"post-entry-content\">\n\n\t<h3 class=\"entry-title\">\n\t\t<a href=\"https:\/\/www.iseoprojection.com\/nl\/realisatie\/energie-renovatie-mazy\/\" target=\"\" title=\"Ontdek de volledige energie-renovatie van een oude woning in Mazy\" rel=\"bookmark\">Ontdek de volledige energie-renovatie van een oude woning in Mazy<\/a>\n\t<\/h3>\n\n\t\n\t<div class=\"entry-excerpt\"><p>ISEO Projection heeft het dak, de muren en de vloeren van een oude woning in Mazy ge\u00efsoleerd. Doel: de thermische prestaties verbeteren en in aanmerking&hellip;<\/p>\n<\/div>\n\t<a class=\"dt-btn-s dt-btn post-details details-type-btn\" href=\"https:\/\/www.iseoprojection.com\/nl\/realisatie\/energie-renovatie-mazy\/\" target=\"\">Lees meer<i class=\"dt-icon-the7-arrow-03\" aria-hidden=\"true\"><\/i><\/a>\n<\/div><\/article><\/div><div class=\"hidden wf-cell\" data-post-id=\"5253\" data-date=\"2025-07-08T10:06:50+02:00\" data-name=\"Dak- en plafondisolatie in Wemmel\"><article class=\"post visible post-5253 dt_portfolio type-dt_portfolio status-publish has-post-thumbnail hentry dt_portfolio_category-dak dt_portfolio_category-plafonds-nl dt_portfolio_category-48 dt_portfolio_category-61\" data-name=\"Dak- en plafondisolatie in Wemmel\" data-date=\"2025-07-08T10:06:50+02:00\">\n\n<div class=\"post-thumbnail-wrap forward-post \">\n\t<div class=\"post-thumbnail\">\n\n\t\t<a href=\"https:\/\/www.iseoprojection.com\/nl\/realisatie\/dak-en-plafondisolatie-in-wemmel\/\" class=\"post-thumbnail-rollover layzr-bg\" target=\"\"  aria-label=\"Post image\"><img decoding=\"async\" class=\"iso-lazy-load preload-me iso-lazy-load aspect\" src=\"data:image\/svg+xml,%3Csvg%20xmlns%3D&#39;http%3A%2F%2Fwww.w3.org%2F2000%2Fsvg&#39;%20viewBox%3D&#39;0%200%20768%20512&#39;%2F%3E\" data-src=\"https:\/\/www.iseoprojection.com\/wp-content\/uploads\/2025\/07\/chantier-isolation-maison-en-pierre-wemmel-768x512.jpg\" data-srcset=\"https:\/\/www.iseoprojection.com\/wp-content\/uploads\/2025\/07\/chantier-isolation-maison-en-pierre-wemmel-768x512.jpg 768w, https:\/\/www.iseoprojection.com\/wp-content\/uploads\/2025\/07\/chantier-isolation-maison-en-pierre-wemmel-1152x768.jpg 1152w\" loading=\"eager\" style=\"--ratio: 768 \/ 512\" sizes=\"(max-width: 768px) 100vw, 768px\" alt=\"Isolation d&#039;une villa \u00e0 Wemmel\" title=\"chantier-isolation-maison-en-pierre-wemmel\" width=\"768\" height=\"512\"  \/><\/a>\n\t<\/div>\n<\/div>\n\n\n<div class=\"post-entry-content\">\n\n\t<h3 class=\"entry-title\">\n\t\t<a href=\"https:\/\/www.iseoprojection.com\/nl\/realisatie\/dak-en-plafondisolatie-in-wemmel\/\" target=\"\" title=\"Dak- en plafondisolatie in Wemmel\" rel=\"bookmark\">Dak- en plafondisolatie in Wemmel<\/a>\n\t<\/h3>\n\n\t\n\t<div class=\"entry-excerpt\"><p>Ontdek ons project in Wemmel! We isoleerden 450 m\u00b2 dak en plafond van een villa met ICYNENE-schuim in slechts 1,5 dag.<\/p>\n<\/div>\n\t<a class=\"dt-btn-s dt-btn post-details details-type-btn\" href=\"https:\/\/www.iseoprojection.com\/nl\/realisatie\/dak-en-plafondisolatie-in-wemmel\/\" target=\"\">Lees meer<i class=\"dt-icon-the7-arrow-03\" aria-hidden=\"true\"><\/i><\/a>\n<\/div><\/article><\/div><div class=\"hidden wf-cell\" data-post-id=\"5126\" data-date=\"2025-06-03T17:33:42+02:00\" data-name=\"Dak- en muurisolatie in Oostakker\"><article class=\"post visible post-5126 dt_portfolio type-dt_portfolio status-publish has-post-thumbnail hentry dt_portfolio_category-dak dt_portfolio_category-48\" data-name=\"Dak- en muurisolatie in Oostakker\" data-date=\"2025-06-03T17:33:42+02:00\">\n\n<div class=\"post-thumbnail-wrap forward-post \">\n\t<div class=\"post-thumbnail\">\n\n\t\t<a href=\"https:\/\/www.iseoprojection.com\/nl\/realisatie\/isolatie-dak-muren-oostakker\/\" class=\"post-thumbnail-rollover layzr-bg\" target=\"\"  aria-label=\"Post image\"><img decoding=\"async\" class=\"iso-lazy-load preload-me iso-lazy-load aspect\" src=\"data:image\/svg+xml,%3Csvg%20xmlns%3D&#39;http%3A%2F%2Fwww.w3.org%2F2000%2Fsvg&#39;%20viewBox%3D&#39;0%200%20768%20512&#39;%2F%3E\" data-src=\"https:\/\/www.iseoprojection.com\/wp-content\/uploads\/2025\/06\/20250415_145110-768x512.jpg\" data-srcset=\"https:\/\/www.iseoprojection.com\/wp-content\/uploads\/2025\/06\/20250415_145110-768x512.jpg 768w, https:\/\/www.iseoprojection.com\/wp-content\/uploads\/2025\/06\/20250415_145110-1152x768.jpg 1152w\" loading=\"eager\" style=\"--ratio: 768 \/ 512\" sizes=\"(max-width: 768px) 100vw, 768px\" alt=\"Isolation de la toiture d\u2019une ancienne ferme en r\u00e9novation \u00e0 Oostakker\" title=\"20250415_145110\" width=\"768\" height=\"512\"  \/><\/a>\n\t<\/div>\n<\/div>\n\n\n<div class=\"post-entry-content\">\n\n\t<h3 class=\"entry-title\">\n\t\t<a href=\"https:\/\/www.iseoprojection.com\/nl\/realisatie\/isolatie-dak-muren-oostakker\/\" target=\"\" title=\"Dak- en muurisolatie in Oostakker\" rel=\"bookmark\">Dak- en muurisolatie in Oostakker<\/a>\n\t<\/h3>\n\n\t\n\t<div class=\"entry-excerpt\"><p>In Oostakker heeft ISEO Projection het dak en de muren van een gerenoveerde oude boerderij ge\u00efsoleerd. 542 m\u00b2 behandeld met ICYNENE LITE+ schuim.<\/p>\n<\/div>\n\t<a class=\"dt-btn-s dt-btn post-details details-type-btn\" href=\"https:\/\/www.iseoprojection.com\/nl\/realisatie\/isolatie-dak-muren-oostakker\/\" target=\"\">Lees meer<i class=\"dt-icon-the7-arrow-03\" aria-hidden=\"true\"><\/i><\/a>\n<\/div><\/article><\/div><div class=\"hidden wf-cell\" data-post-id=\"5106\" data-date=\"2025-06-03T17:20:08+02:00\" data-name=\"Dak-, plafond- en binnenmuurisolatie in Sint-Gillis\"><article class=\"post visible post-5106 dt_portfolio type-dt_portfolio status-publish has-post-thumbnail hentry dt_portfolio_category-dak dt_portfolio_category-muren dt_portfolio_category-plafonds-nl dt_portfolio_category-48 dt_portfolio_category-50 dt_portfolio_category-61\" data-name=\"Dak-, plafond- en binnenmuurisolatie in Sint-Gillis\" data-date=\"2025-06-03T17:20:08+02:00\">\n\n<div class=\"post-thumbnail-wrap forward-post \">\n\t<div class=\"post-thumbnail\">\n\n\t\t<a href=\"https:\/\/www.iseoprojection.com\/nl\/realisatie\/isolatie-dak-muren-plafond-sint-gillis\/\" class=\"post-thumbnail-rollover layzr-bg\" target=\"\"  aria-label=\"Post image\"><img decoding=\"async\" class=\"iso-lazy-load preload-me iso-lazy-load aspect\" src=\"data:image\/svg+xml,%3Csvg%20xmlns%3D&#39;http%3A%2F%2Fwww.w3.org%2F2000%2Fsvg&#39;%20viewBox%3D&#39;0%200%20768%20512&#39;%2F%3E\" data-src=\"https:\/\/www.iseoprojection.com\/wp-content\/uploads\/2025\/06\/isolation-mur-saint-gilles-768x512.jpg\" data-srcset=\"https:\/\/www.iseoprojection.com\/wp-content\/uploads\/2025\/06\/isolation-mur-saint-gilles-768x512.jpg 768w, https:\/\/www.iseoprojection.com\/wp-content\/uploads\/2025\/06\/isolation-mur-saint-gilles-1152x768.jpg 1152w\" loading=\"eager\" style=\"--ratio: 768 \/ 512\" sizes=\"(max-width: 768px) 100vw, 768px\" alt=\"Travaux d\u2019isolation thermique et acoustique dans une maison bruxelloise en r\u00e9novation\" title=\"isolation-mur-saint-gilles\" width=\"768\" height=\"512\"  \/><\/a>\n\t<\/div>\n<\/div>\n\n\n<div class=\"post-entry-content\">\n\n\t<h3 class=\"entry-title\">\n\t\t<a href=\"https:\/\/www.iseoprojection.com\/nl\/realisatie\/isolatie-dak-muren-plafond-sint-gillis\/\" target=\"\" title=\"Dak-, plafond- en binnenmuurisolatie in Sint-Gillis\" rel=\"bookmark\">Dak-, plafond- en binnenmuurisolatie in Sint-Gillis<\/a>\n\t<\/h3>\n\n\t\n\t<div class=\"entry-excerpt\"><p>In Sint-Gillis heeft ISEO Projection dak, muren en plafonds ge\u00efsoleerd met 17 en 15 cm ICYNENE LITE+ schuim. Een doeltreffende en ademende oplossing.<\/p>\n<\/div>\n\t<a class=\"dt-btn-s dt-btn post-details details-type-btn\" href=\"https:\/\/www.iseoprojection.com\/nl\/realisatie\/isolatie-dak-muren-plafond-sint-gillis\/\" target=\"\">Lees meer<i class=\"dt-icon-the7-arrow-03\" aria-hidden=\"true\"><\/i><\/a>\n<\/div><\/article><\/div><div class=\"hidden wf-cell\" data-post-id=\"4920\" data-date=\"2025-04-28T10:46:15+02:00\" data-name=\"Isolatie van het dak met volledige afwerking en zoldervloer van een oud landhuis in Zaventem\"><article class=\"post visible post-4920 dt_portfolio type-dt_portfolio status-publish has-post-thumbnail hentry dt_portfolio_category-dak dt_portfolio_category-vloer dt_portfolio_category-48 dt_portfolio_category-53\" data-name=\"Isolatie van het dak met volledige afwerking en zoldervloer van een oud landhuis in Zaventem\" data-date=\"2025-04-28T10:46:15+02:00\">\n\n<div class=\"post-thumbnail-wrap forward-post \">\n\t<div class=\"post-thumbnail\">\n\n\t\t<a href=\"https:\/\/www.iseoprojection.com\/nl\/realisatie\/dakisolatie-zoldervloer-herenhuis-zaventem\/\" class=\"post-thumbnail-rollover layzr-bg\" target=\"\"  aria-label=\"Post image\"><img decoding=\"async\" class=\"iso-lazy-load preload-me iso-lazy-load aspect\" src=\"data:image\/svg+xml,%3Csvg%20xmlns%3D&#39;http%3A%2F%2Fwww.w3.org%2F2000%2Fsvg&#39;%20viewBox%3D&#39;0%200%20768%20512&#39;%2F%3E\" data-src=\"https:\/\/www.iseoprojection.com\/wp-content\/uploads\/2025\/04\/isolation-maison-za-ventem-768x512.jpg\" data-srcset=\"https:\/\/www.iseoprojection.com\/wp-content\/uploads\/2025\/04\/isolation-maison-za-ventem-768x512.jpg 768w, https:\/\/www.iseoprojection.com\/wp-content\/uploads\/2025\/04\/isolation-maison-za-ventem-1152x768.jpg 1152w\" loading=\"eager\" style=\"--ratio: 768 \/ 512\" sizes=\"(max-width: 768px) 100vw, 768px\" alt=\"Isolation du toit et du plancher d&#039;une maison \u00e0 Zaventem\" title=\"isolation-maison-za ventem\" width=\"768\" height=\"512\"  \/><\/a>\n\t<\/div>\n<\/div>\n\n\n<div class=\"post-entry-content\">\n\n\t<h3 class=\"entry-title\">\n\t\t<a href=\"https:\/\/www.iseoprojection.com\/nl\/realisatie\/dakisolatie-zoldervloer-herenhuis-zaventem\/\" target=\"\" title=\"Isolatie van het dak met volledige afwerking en zoldervloer van een oud landhuis in Zaventem\" rel=\"bookmark\">Isolatie van het dak met volledige afwerking en zoldervloer van een oud landhuis in Zaventem<\/a>\n\t<\/h3>\n\n\t\n\t<div class=\"entry-excerpt\"><p>In Zaventem heeft ISEO Projection een oud herenhuis gerenoveerd: zowel het mansardedak als de zoldervloer werden ge\u00efsoleerd voor een continue en effici\u00ebnte isolatie.<\/p>\n<\/div>\n\t<a class=\"dt-btn-s dt-btn post-details details-type-btn\" href=\"https:\/\/www.iseoprojection.com\/nl\/realisatie\/dakisolatie-zoldervloer-herenhuis-zaventem\/\" target=\"\">Lees meer<i class=\"dt-icon-the7-arrow-03\" aria-hidden=\"true\"><\/i><\/a>\n<\/div><\/article><\/div><div class=\"hidden wf-cell\" data-post-id=\"4794\" data-date=\"2025-04-10T10:09:09+02:00\" data-name=\"Isolatie van het dak, plafond en vloeren van een nieuwbouwwoning in Zaventem\"><article class=\"post visible post-4794 dt_portfolio type-dt_portfolio status-publish has-post-thumbnail hentry dt_portfolio_category-dak dt_portfolio_category-plafonds-nl dt_portfolio_category-vloer dt_portfolio_category-zolder dt_portfolio_category-48 dt_portfolio_category-61 dt_portfolio_category-53 dt_portfolio_category-57\" data-name=\"Isolatie van het dak, plafond en vloeren van een nieuwbouwwoning in Zaventem\" data-date=\"2025-04-10T10:09:09+02:00\">\n\n<div class=\"post-thumbnail-wrap forward-post \">\n\t<div class=\"post-thumbnail\">\n\n\t\t<a href=\"https:\/\/www.iseoprojection.com\/nl\/realisatie\/volledige-isolatie-nieuwbouw-zaventem\/\" class=\"post-thumbnail-rollover layzr-bg\" target=\"\"  aria-label=\"Post image\"><img decoding=\"async\" class=\"iso-lazy-load preload-me iso-lazy-load aspect\" src=\"data:image\/svg+xml,%3Csvg%20xmlns%3D&#39;http%3A%2F%2Fwww.w3.org%2F2000%2Fsvg&#39;%20viewBox%3D&#39;0%200%20768%20512&#39;%2F%3E\" data-src=\"https:\/\/www.iseoprojection.com\/wp-content\/uploads\/2025\/04\/chantier-isolation-grenier-zaventem-768x512.jpg\" data-srcset=\"https:\/\/www.iseoprojection.com\/wp-content\/uploads\/2025\/04\/chantier-isolation-grenier-zaventem-768x512.jpg 768w, https:\/\/www.iseoprojection.com\/wp-content\/uploads\/2025\/04\/chantier-isolation-grenier-zaventem-1152x768.jpg 1152w\" loading=\"eager\" style=\"--ratio: 768 \/ 512\" sizes=\"(max-width: 768px) 100vw, 768px\" alt=\"Isolation compl\u00e8te d&#039;un grenier d&#039;une maison neuve \u00e0 Zaventem\" title=\"chantier-isolation-grenier-zaventem\" width=\"768\" height=\"512\"  \/><\/a>\n\t<\/div>\n<\/div>\n\n\n<div class=\"post-entry-content\">\n\n\t<h3 class=\"entry-title\">\n\t\t<a href=\"https:\/\/www.iseoprojection.com\/nl\/realisatie\/volledige-isolatie-nieuwbouw-zaventem\/\" target=\"\" title=\"Isolatie van het dak, plafond en vloeren van een nieuwbouwwoning in Zaventem\" rel=\"bookmark\">Isolatie van het dak, plafond en vloeren van een nieuwbouwwoning in Zaventem<\/a>\n\t<\/h3>\n\n\t\n\t<div class=\"entry-excerpt\"><p>Ontdek het thermische isolatieproject uitgevoerd door ISEO Projection in Zaventem: vloer, plafond en dak van een nieuwbouw.<\/p>\n<\/div>\n\t<a class=\"dt-btn-s dt-btn post-details details-type-btn\" href=\"https:\/\/www.iseoprojection.com\/nl\/realisatie\/volledige-isolatie-nieuwbouw-zaventem\/\" target=\"\">Lees meer<i class=\"dt-icon-the7-arrow-03\" aria-hidden=\"true\"><\/i><\/a>\n<\/div><\/article><\/div><div class=\"hidden wf-cell\" data-post-id=\"4684\" data-date=\"2025-03-12T09:12:19+01:00\" data-name=\"Dak- en binnenmuurisolatie in Jodoigne\"><article class=\"post visible post-4684 dt_portfolio type-dt_portfolio status-publish has-post-thumbnail hentry dt_portfolio_category-dak dt_portfolio_category-muren dt_portfolio_category-48 dt_portfolio_category-50\" data-name=\"Dak- en binnenmuurisolatie in Jodoigne\" data-date=\"2025-03-12T09:12:19+01:00\">\n\n<div class=\"post-thumbnail-wrap forward-post \">\n\t<div class=\"post-thumbnail\">\n\n\t\t<a href=\"https:\/\/www.iseoprojection.com\/nl\/realisatie\/dak-binnenmuurisolatie-jodoigne\/\" class=\"post-thumbnail-rollover layzr-bg\" target=\"\"  aria-label=\"Post image\"><img decoding=\"async\" class=\"iso-lazy-load preload-me iso-lazy-load aspect\" src=\"data:image\/svg+xml,%3Csvg%20xmlns%3D&#39;http%3A%2F%2Fwww.w3.org%2F2000%2Fsvg&#39;%20viewBox%3D&#39;0%200%20768%20512&#39;%2F%3E\" data-src=\"https:\/\/www.iseoprojection.com\/wp-content\/uploads\/2025\/03\/isolation-murs-interieurs-jodoigne-768x512.webp\" data-srcset=\"https:\/\/www.iseoprojection.com\/wp-content\/uploads\/2025\/03\/isolation-murs-interieurs-jodoigne-768x512.webp 768w, https:\/\/www.iseoprojection.com\/wp-content\/uploads\/2025\/03\/isolation-murs-interieurs-jodoigne-1152x768.webp 1152w\" loading=\"eager\" style=\"--ratio: 768 \/ 512\" sizes=\"(max-width: 768px) 100vw, 768px\" alt=\"Isolation des murs int\u00e9rieurs \u00e0 Jodoigne avec mousse projet\u00e9e et pare-vapeur pour une performance thermique optimale.\" title=\"isolation-murs-interieurs-jodoigne\" width=\"768\" height=\"512\"  \/><\/a>\n\t<\/div>\n<\/div>\n\n\n<div class=\"post-entry-content\">\n\n\t<h3 class=\"entry-title\">\n\t\t<a href=\"https:\/\/www.iseoprojection.com\/nl\/realisatie\/dak-binnenmuurisolatie-jodoigne\/\" target=\"\" title=\"Dak- en binnenmuurisolatie in Jodoigne\" rel=\"bookmark\">Dak- en binnenmuurisolatie in Jodoigne<\/a>\n\t<\/h3>\n\n\t\n\t<div class=\"entry-excerpt\"><p>ISEO Projection heeft een niet-ademend dak en binnenmuren ge\u00efsoleerd met een effici\u00ebnte en duurzame oplossing in Jodoigne.<\/p>\n<\/div>\n\t<a class=\"dt-btn-s dt-btn post-details details-type-btn\" href=\"https:\/\/www.iseoprojection.com\/nl\/realisatie\/dak-binnenmuurisolatie-jodoigne\/\" target=\"\">Lees meer<i class=\"dt-icon-the7-arrow-03\" aria-hidden=\"true\"><\/i><\/a>\n<\/div><\/article><\/div><div class=\"hidden wf-cell\" data-post-id=\"4658\" data-date=\"2025-03-12T08:55:20+01:00\" data-name=\"Dakisolatie langs de buitenkant in Libertange\"><article class=\"post visible post-4658 dt_portfolio type-dt_portfolio status-publish has-post-thumbnail hentry dt_portfolio_category-dak dt_portfolio_category-48\" data-name=\"Dakisolatie langs de buitenkant in Libertange\" data-date=\"2025-03-12T08:55:20+01:00\">\n\n<div class=\"post-thumbnail-wrap forward-post \">\n\t<div class=\"post-thumbnail\">\n\n\t\t<a href=\"https:\/\/www.iseoprojection.com\/nl\/realisatie\/dakisolatie-buitenzijde-libertange\/\" class=\"post-thumbnail-rollover layzr-bg\" target=\"\"  aria-label=\"Post image\"><img decoding=\"async\" class=\"iso-lazy-load preload-me iso-lazy-load aspect\" src=\"data:image\/svg+xml,%3Csvg%20xmlns%3D&#39;http%3A%2F%2Fwww.w3.org%2F2000%2Fsvg&#39;%20viewBox%3D&#39;0%200%20768%20512&#39;%2F%3E\" data-src=\"https:\/\/www.iseoprojection.com\/wp-content\/uploads\/2025\/03\/isolation-toiture-exterieure-libertange-768x512.webp\" data-srcset=\"https:\/\/www.iseoprojection.com\/wp-content\/uploads\/2025\/03\/isolation-toiture-exterieure-libertange-768x512.webp 768w, https:\/\/www.iseoprojection.com\/wp-content\/uploads\/2025\/03\/isolation-toiture-exterieure-libertange-1152x768.webp 1152w\" loading=\"eager\" style=\"--ratio: 768 \/ 512\" sizes=\"(max-width: 768px) 100vw, 768px\" alt=\"Isolation thermique d\u2019une toiture par l\u2019ext\u00e9rieur avec mousse projet\u00e9e, intervention en cours sur un chantier avec \u00e9chafaudage.\" title=\"isolation-toiture-exterieure-libertange\" width=\"768\" height=\"512\"  \/><\/a>\n\t<\/div>\n<\/div>\n\n\n<div class=\"post-entry-content\">\n\n\t<h3 class=\"entry-title\">\n\t\t<a href=\"https:\/\/www.iseoprojection.com\/nl\/realisatie\/dakisolatie-buitenzijde-libertange\/\" target=\"\" title=\"Dakisolatie langs de buitenkant in Libertange\" rel=\"bookmark\">Dakisolatie langs de buitenkant in Libertange<\/a>\n\t<\/h3>\n\n\t\n\t<div class=\"entry-excerpt\"><p>Dakisolatie langs de buitenkant in Libertange: 120 m\u00b2 geoptimaliseerd met 18 cm ICYNENE Lite+ schuim. Een effici\u00ebnte oplossing voor duurzaam comfort.<\/p>\n<\/div>\n\t<a class=\"dt-btn-s dt-btn post-details details-type-btn\" href=\"https:\/\/www.iseoprojection.com\/nl\/realisatie\/dakisolatie-buitenzijde-libertange\/\" target=\"\">Lees meer<i class=\"dt-icon-the7-arrow-03\" aria-hidden=\"true\"><\/i><\/a>\n<\/div><\/article><\/div><div class=\"hidden wf-cell\" data-post-id=\"4606\" data-date=\"2025-03-03T16:41:06+01:00\" data-name=\"Dakisolatie in Lierde\"><article class=\"post visible post-4606 dt_portfolio type-dt_portfolio status-publish has-post-thumbnail hentry dt_portfolio_category-dak dt_portfolio_category-48\" data-name=\"Dakisolatie in Lierde\" data-date=\"2025-03-03T16:41:06+01:00\">\n\n<div class=\"post-thumbnail-wrap forward-post \">\n\t<div class=\"post-thumbnail\">\n\n\t\t<a href=\"https:\/\/www.iseoprojection.com\/nl\/realisatie\/dakisolatie-lierde\/\" class=\"post-thumbnail-rollover layzr-bg\" target=\"\"  aria-label=\"Post image\"><img decoding=\"async\" class=\"iso-lazy-load preload-me iso-lazy-load aspect\" src=\"data:image\/svg+xml,%3Csvg%20xmlns%3D&#39;http%3A%2F%2Fwww.w3.org%2F2000%2Fsvg&#39;%20viewBox%3D&#39;0%200%20768%20512&#39;%2F%3E\" data-src=\"https:\/\/www.iseoprojection.com\/wp-content\/uploads\/2025\/03\/isolation-mousse-projetee-lierde-768x512.webp\" data-srcset=\"https:\/\/www.iseoprojection.com\/wp-content\/uploads\/2025\/03\/isolation-mousse-projetee-lierde-768x512.webp 768w, https:\/\/www.iseoprojection.com\/wp-content\/uploads\/2025\/03\/isolation-mousse-projetee-lierde-1111x741.webp 1111w\" loading=\"eager\" style=\"--ratio: 768 \/ 512\" sizes=\"(max-width: 768px) 100vw, 768px\" alt=\"\" title=\"isolation-mousse-projetee-lierde\" width=\"768\" height=\"512\"  \/><\/a>\n\t<\/div>\n<\/div>\n\n\n<div class=\"post-entry-content\">\n\n\t<h3 class=\"entry-title\">\n\t\t<a href=\"https:\/\/www.iseoprojection.com\/nl\/realisatie\/dakisolatie-lierde\/\" target=\"\" title=\"Dakisolatie in Lierde\" rel=\"bookmark\">Dakisolatie in Lierde<\/a>\n\t<\/h3>\n\n\t\n\t<div class=\"entry-excerpt\"><p>In Lierde werd 240 m\u00b2 dak ge\u00efsoleerd met ICYNENE LITE+ schuim. Luchtdichtheid, energiebesparing en optimaal comfort in slechts \u00e9\u00e9n dag.<\/p>\n<\/div>\n\t<a class=\"dt-btn-s dt-btn post-details details-type-btn\" href=\"https:\/\/www.iseoprojection.com\/nl\/realisatie\/dakisolatie-lierde\/\" target=\"\">Lees meer<i class=\"dt-icon-the7-arrow-03\" aria-hidden=\"true\"><\/i><\/a>\n<\/div><\/article><\/div><div class=\"hidden wf-cell\" data-post-id=\"4573\" data-date=\"2025-03-03T16:01:46+01:00\" data-name=\"Dakisolatie in Howald\"><article class=\"post visible post-4573 dt_portfolio type-dt_portfolio status-publish has-post-thumbnail hentry dt_portfolio_category-dak dt_portfolio_category-vloer dt_portfolio_category-zolder dt_portfolio_category-48 dt_portfolio_category-53 dt_portfolio_category-57\" data-name=\"Dakisolatie in Howald\" data-date=\"2025-03-03T16:01:46+01:00\">\n\n<div class=\"post-thumbnail-wrap forward-post \">\n\t<div class=\"post-thumbnail\">\n\n\t\t<a href=\"https:\/\/www.iseoprojection.com\/nl\/realisatie\/dakisolatie-howald\/\" class=\"post-thumbnail-rollover layzr-bg\" target=\"\"  aria-label=\"Post image\"><img decoding=\"async\" class=\"iso-lazy-load preload-me iso-lazy-load aspect\" src=\"data:image\/svg+xml,%3Csvg%20xmlns%3D&#39;http%3A%2F%2Fwww.w3.org%2F2000%2Fsvg&#39;%20viewBox%3D&#39;0%200%20480%20320&#39;%2F%3E\" data-src=\"https:\/\/www.iseoprojection.com\/wp-content\/uploads\/2025\/03\/image5-480x320.webp\" data-srcset=\"https:\/\/www.iseoprojection.com\/wp-content\/uploads\/2025\/03\/image5-480x320.webp 480w\" loading=\"eager\" style=\"--ratio: 480 \/ 320\" sizes=\"(max-width: 480px) 100vw, 480px\" alt=\"Combles am\u00e9nageables apr\u00e8s application d&#039;une isolation en mousse projet\u00e9e sur la toiture. L\u2019espace lumineux comprend plusieurs fen\u00eatres et une structure en bois visible sous l\u2019isolant.\" title=\"image5\" width=\"480\" height=\"320\"  \/><\/a>\n\t<\/div>\n<\/div>\n\n\n<div class=\"post-entry-content\">\n\n\t<h3 class=\"entry-title\">\n\t\t<a href=\"https:\/\/www.iseoprojection.com\/nl\/realisatie\/dakisolatie-howald\/\" target=\"\" title=\"Dakisolatie in Howald\" rel=\"bookmark\">Dakisolatie in Howald<\/a>\n\t<\/h3>\n\n\t\n\t<div class=\"entry-excerpt\"><p>ISEO Projection heeft een dak van 137 m\u00b2 in Howald ge\u00efsoleerd met 22 cm H2O ICYNENE-schuim. Ontdek onze realisatie!<\/p>\n<\/div>\n\t<a class=\"dt-btn-s dt-btn post-details details-type-btn\" href=\"https:\/\/www.iseoprojection.com\/nl\/realisatie\/dakisolatie-howald\/\" target=\"\">Lees meer<i class=\"dt-icon-the7-arrow-03\" aria-hidden=\"true\"><\/i><\/a>\n<\/div><\/article><\/div><div class=\"hidden wf-cell\" data-post-id=\"4438\" data-date=\"2024-12-17T14:52:56+01:00\" data-name=\"Dakisolatie en afwerking in Seilles\"><article class=\"post visible post-4438 dt_portfolio type-dt_portfolio status-publish has-post-thumbnail hentry dt_portfolio_category-dak dt_portfolio_category-48\" data-name=\"Dakisolatie en afwerking in Seilles\" data-date=\"2024-12-17T14:52:56+01:00\">\n\n<div class=\"post-thumbnail-wrap forward-post \">\n\t<div class=\"post-thumbnail\">\n\n\t\t<a href=\"https:\/\/www.iseoprojection.com\/nl\/realisatie\/dakisolatie-afwerking-seilles\/\" class=\"post-thumbnail-rollover layzr-bg\" target=\"\"  aria-label=\"Post image\"><img decoding=\"async\" class=\"iso-lazy-load preload-me iso-lazy-load aspect\" src=\"data:image\/svg+xml,%3Csvg%20xmlns%3D&#39;http%3A%2F%2Fwww.w3.org%2F2000%2Fsvg&#39;%20viewBox%3D&#39;0%200%20768%20512&#39;%2F%3E\" data-src=\"https:\/\/www.iseoprojection.com\/wp-content\/uploads\/2024\/12\/isolation-parachevement-chantier-seilles-768x512.webp\" data-srcset=\"https:\/\/www.iseoprojection.com\/wp-content\/uploads\/2024\/12\/isolation-parachevement-chantier-seilles-768x512.webp 768w, https:\/\/www.iseoprojection.com\/wp-content\/uploads\/2024\/12\/isolation-parachevement-chantier-seilles-1152x768.webp 1152w\" loading=\"eager\" style=\"--ratio: 768 \/ 512\" sizes=\"(max-width: 768px) 100vw, 768px\" alt=\"Isolation de toiture et travaux de parach\u00e8vement dans une habitation \u00e0 Seilles avec projection de mousse ICYNENE Lite+ pour une r\u00e9novation \u00e9nerg\u00e9tique compl\u00e8te.\" title=\"isolation-parachevement-chantier-seilles\" width=\"768\" height=\"512\"  \/><\/a>\n\t<\/div>\n<\/div>\n\n\n<div class=\"post-entry-content\">\n\n\t<h3 class=\"entry-title\">\n\t\t<a href=\"https:\/\/www.iseoprojection.com\/nl\/realisatie\/dakisolatie-afwerking-seilles\/\" target=\"\" title=\"Dakisolatie en afwerking in Seilles\" rel=\"bookmark\">Dakisolatie en afwerking in Seilles<\/a>\n\t<\/h3>\n\n\t\n\t<div class=\"entry-excerpt\"><p>Lees hoe wij in Seilles 22 cm ICYNENE-schuim hebben toegepast en een zorgvuldige afwerking hebben geleverd. Vraag direct een offerte aan!<\/p>\n<\/div>\n\t<a class=\"dt-btn-s dt-btn post-details details-type-btn\" href=\"https:\/\/www.iseoprojection.com\/nl\/realisatie\/dakisolatie-afwerking-seilles\/\" target=\"\">Lees meer<i class=\"dt-icon-the7-arrow-03\" aria-hidden=\"true\"><\/i><\/a>\n<\/div><\/article><\/div><div class=\"hidden wf-cell\" data-post-id=\"4423\" data-date=\"2024-12-17T14:34:13+01:00\" data-name=\"Dak- en terrasisolatie voor Koeckelberg in Vorst\"><article class=\"post visible post-4423 dt_portfolio type-dt_portfolio status-publish has-post-thumbnail hentry dt_portfolio_category-dak dt_portfolio_category-48\" data-name=\"Dak- en terrasisolatie voor Koeckelberg in Vorst\" data-date=\"2024-12-17T14:34:13+01:00\">\n\n<div class=\"post-thumbnail-wrap forward-post \">\n\t<div class=\"post-thumbnail\">\n\n\t\t<a href=\"https:\/\/www.iseoprojection.com\/nl\/realisatie\/dakisolatie-terrasgangen-vorst\/\" class=\"post-thumbnail-rollover layzr-bg\" target=\"\"  aria-label=\"Post image\"><img decoding=\"async\" class=\"iso-lazy-load preload-me iso-lazy-load aspect\" src=\"data:image\/svg+xml,%3Csvg%20xmlns%3D&#39;http%3A%2F%2Fwww.w3.org%2F2000%2Fsvg&#39;%20viewBox%3D&#39;0%200%20768%20512&#39;%2F%3E\" data-src=\"https:\/\/www.iseoprojection.com\/wp-content\/uploads\/2024\/12\/isolation-chantier-forest-768x512.webp\" data-srcset=\"https:\/\/www.iseoprojection.com\/wp-content\/uploads\/2024\/12\/isolation-chantier-forest-768x512.webp 768w, https:\/\/www.iseoprojection.com\/wp-content\/uploads\/2024\/12\/isolation-chantier-forest-1152x768.webp 1152w\" loading=\"eager\" style=\"--ratio: 768 \/ 512\" sizes=\"(max-width: 768px) 100vw, 768px\" alt=\"D\u00e9chargement de l\u2019unit\u00e9 de projection ISEO dans un conteneur pour le chantier d\u2019isolation de la toiture \u00e0 Forest, en raison des contraintes d\u2019acc\u00e8s au b\u00e2timent.\" title=\"isolation-chantier-forest\" width=\"768\" height=\"512\"  \/><\/a>\n\t<\/div>\n<\/div>\n\n\n<div class=\"post-entry-content\">\n\n\t<h3 class=\"entry-title\">\n\t\t<a href=\"https:\/\/www.iseoprojection.com\/nl\/realisatie\/dakisolatie-terrasgangen-vorst\/\" target=\"\" title=\"Dak- en terrasisolatie voor Koeckelberg in Vorst\" rel=\"bookmark\">Dak- en terrasisolatie voor Koeckelberg in Vorst<\/a>\n\t<\/h3>\n\n\t\n\t<div class=\"entry-excerpt\"><p>Lees hoe ISEO 3.275 m\u00b2 heeft ge\u00efsoleerd voor Koeckelberg: innovatieve oplossingen voor dak en terrasgangen in Vorst.<\/p>\n<\/div>\n\t<a class=\"dt-btn-s dt-btn post-details details-type-btn\" href=\"https:\/\/www.iseoprojection.com\/nl\/realisatie\/dakisolatie-terrasgangen-vorst\/\" target=\"\">Lees meer<i class=\"dt-icon-the7-arrow-03\" aria-hidden=\"true\"><\/i><\/a>\n<\/div><\/article><\/div><div class=\"hidden wf-cell\" data-post-id=\"4403\" data-date=\"2024-12-17T14:12:08+01:00\" data-name=\"Dakisolatie van een herenhuis in Boussu\"><article class=\"post visible post-4403 dt_portfolio type-dt_portfolio status-publish has-post-thumbnail hentry dt_portfolio_category-dak dt_portfolio_category-48\" data-name=\"Dakisolatie van een herenhuis in Boussu\" data-date=\"2024-12-17T14:12:08+01:00\">\n\n<div class=\"post-thumbnail-wrap forward-post \">\n\t<div class=\"post-thumbnail\">\n\n\t\t<a href=\"https:\/\/www.iseoprojection.com\/nl\/realisatie\/dakisolatie-herenhuis-boussu\/\" class=\"post-thumbnail-rollover layzr-bg\" target=\"\"  aria-label=\"Post image\"><img decoding=\"async\" class=\"iso-lazy-load preload-me iso-lazy-load aspect\" src=\"data:image\/svg+xml,%3Csvg%20xmlns%3D&#39;http%3A%2F%2Fwww.w3.org%2F2000%2Fsvg&#39;%20viewBox%3D&#39;0%200%20768%20512&#39;%2F%3E\" data-src=\"https:\/\/www.iseoprojection.com\/wp-content\/uploads\/2024\/12\/isolation-chantier-boussu-768x512.webp\" data-srcset=\"https:\/\/www.iseoprojection.com\/wp-content\/uploads\/2024\/12\/isolation-chantier-boussu-768x512.webp 768w, https:\/\/www.iseoprojection.com\/wp-content\/uploads\/2024\/12\/isolation-chantier-boussu-1152x768.webp 1152w\" loading=\"eager\" style=\"--ratio: 768 \/ 512\" sizes=\"(max-width: 768px) 100vw, 768px\" alt=\"Fa\u00e7ade ext\u00e9rieure en briques rouges de la maison de ma\u00eetre \u00e0 Boussu, r\u00e9nov\u00e9e avec une isolation thermique de la toiture pour une meilleure efficacit\u00e9 \u00e9nerg\u00e9tique.\" title=\"isolation-chantier-boussu\" width=\"768\" height=\"512\"  \/><\/a>\n\t<\/div>\n<\/div>\n\n\n<div class=\"post-entry-content\">\n\n\t<h3 class=\"entry-title\">\n\t\t<a href=\"https:\/\/www.iseoprojection.com\/nl\/realisatie\/dakisolatie-herenhuis-boussu\/\" target=\"\" title=\"Dakisolatie van een herenhuis in Boussu\" rel=\"bookmark\">Dakisolatie van een herenhuis in Boussu<\/a>\n\t<\/h3>\n\n\t\n\t<div class=\"entry-excerpt\"><p>Ontdek onze expertise in Boussu: dakisolatie van een herenhuis met H2O-schuim voor betere energie-effici\u00ebntie.<\/p>\n<\/div>\n\t<a class=\"dt-btn-s dt-btn post-details details-type-btn\" href=\"https:\/\/www.iseoprojection.com\/nl\/realisatie\/dakisolatie-herenhuis-boussu\/\" target=\"\">Lees meer<i class=\"dt-icon-the7-arrow-03\" aria-hidden=\"true\"><\/i><\/a>\n<\/div><\/article><\/div><div class=\"hidden wf-cell\" data-post-id=\"4325\" data-date=\"2024-11-27T15:22:42+01:00\" data-name=\"Isolatie van het dak van een woning in Herent\"><article class=\"post visible post-4325 dt_portfolio type-dt_portfolio status-publish has-post-thumbnail hentry dt_portfolio_category-dak dt_portfolio_category-48\" data-name=\"Isolatie van het dak van een woning in Herent\" data-date=\"2024-11-27T15:22:42+01:00\">\n\n<div class=\"post-thumbnail-wrap forward-post \">\n\t<div class=\"post-thumbnail\">\n\n\t\t<a href=\"https:\/\/www.iseoprojection.com\/nl\/realisatie\/dakisolatie-herent\/\" class=\"post-thumbnail-rollover layzr-bg\" target=\"\"  aria-label=\"Post image\"><img decoding=\"async\" class=\"iso-lazy-load preload-me iso-lazy-load aspect\" src=\"data:image\/svg+xml,%3Csvg%20xmlns%3D&#39;http%3A%2F%2Fwww.w3.org%2F2000%2Fsvg&#39;%20viewBox%3D&#39;0%200%20768%20512&#39;%2F%3E\" data-src=\"https:\/\/www.iseoprojection.com\/wp-content\/uploads\/2024\/11\/isolation-toiture-herent-mousse-768x512.webp\" data-srcset=\"https:\/\/www.iseoprojection.com\/wp-content\/uploads\/2024\/11\/isolation-toiture-herent-mousse-768x512.webp 768w, https:\/\/www.iseoprojection.com\/wp-content\/uploads\/2024\/11\/isolation-toiture-herent-mousse-1152x768.webp 1152w\" loading=\"eager\" style=\"--ratio: 768 \/ 512\" sizes=\"(max-width: 768px) 100vw, 768px\" alt=\"Travaux d&#039;isolation int\u00e9rieure du toit d&#039;une maison \u00e0 Herent, r\u00e9alis\u00e9s avec de la mousse \u00e0 cellules ouvertes ICYNENE LITE+ pour une performance thermique et une \u00e9tanch\u00e9it\u00e9 \u00e0 l&#039;air optimales.\" title=\"isolation-toiture-herent-mousse\" width=\"768\" height=\"512\"  \/><\/a>\n\t<\/div>\n<\/div>\n\n\n<div class=\"post-entry-content\">\n\n\t<h3 class=\"entry-title\">\n\t\t<a href=\"https:\/\/www.iseoprojection.com\/nl\/realisatie\/dakisolatie-herent\/\" target=\"\" title=\"Isolatie van het dak van een woning in Herent\" rel=\"bookmark\">Isolatie van het dak van een woning in Herent<\/a>\n\t<\/h3>\n\n\t\n\t<div class=\"entry-excerpt\"><p>Ontdek de expertise van ISEO in Herent: dakisolatie met ICYNENE-schuim, 20 cm dik voor duurzame thermische isolatie. Neem contact op voor een offerte!<\/p>\n<\/div>\n\t<a class=\"dt-btn-s dt-btn post-details details-type-btn\" href=\"https:\/\/www.iseoprojection.com\/nl\/realisatie\/dakisolatie-herent\/\" target=\"\">Lees meer<i class=\"dt-icon-the7-arrow-03\" aria-hidden=\"true\"><\/i><\/a>\n<\/div><\/article><\/div><div class=\"hidden wf-cell\" data-post-id=\"4280\" data-date=\"2024-11-27T14:32:07+01:00\" data-name=\"Dakisolatie in Tilly\"><article class=\"post visible post-4280 dt_portfolio type-dt_portfolio status-publish has-post-thumbnail hentry dt_portfolio_category-dak dt_portfolio_category-48\" data-name=\"Dakisolatie in Tilly\" data-date=\"2024-11-27T14:32:07+01:00\">\n\n<div class=\"post-thumbnail-wrap forward-post \">\n\t<div class=\"post-thumbnail\">\n\n\t\t<a href=\"https:\/\/www.iseoprojection.com\/nl\/realisatie\/dakisolatie-tilly\/\" class=\"post-thumbnail-rollover layzr-bg\" target=\"\"  aria-label=\"Post image\"><img decoding=\"async\" class=\"iso-lazy-load preload-me iso-lazy-load aspect\" src=\"data:image\/svg+xml,%3Csvg%20xmlns%3D&#39;http%3A%2F%2Fwww.w3.org%2F2000%2Fsvg&#39;%20viewBox%3D&#39;0%200%20768%20512&#39;%2F%3E\" data-src=\"https:\/\/www.iseoprojection.com\/wp-content\/uploads\/2024\/11\/isolation-toiture-avec-structure-metallique-tilly-768x512.webp\" data-srcset=\"https:\/\/www.iseoprojection.com\/wp-content\/uploads\/2024\/11\/isolation-toiture-avec-structure-metallique-tilly-768x512.webp 768w, https:\/\/www.iseoprojection.com\/wp-content\/uploads\/2024\/11\/isolation-toiture-avec-structure-metallique-tilly-1152x768.webp 1152w\" loading=\"eager\" style=\"--ratio: 768 \/ 512\" sizes=\"(max-width: 768px) 100vw, 768px\" alt=\"Toiture enti\u00e8rement isol\u00e9e avec de la mousse \u00e0 cellules ouvertes, offrant une couverture homog\u00e8ne et une gestion optimale de l&#039;humidit\u00e9 \u00e0 Tilly.\" title=\"isolation-toiture-avec-structure-metallique-tilly\" width=\"768\" height=\"512\"  \/><\/a>\n\t<\/div>\n<\/div>\n\n\n<div class=\"post-entry-content\">\n\n\t<h3 class=\"entry-title\">\n\t\t<a href=\"https:\/\/www.iseoprojection.com\/nl\/realisatie\/dakisolatie-tilly\/\" target=\"\" title=\"Dakisolatie in Tilly\" rel=\"bookmark\">Dakisolatie in Tilly<\/a>\n\t<\/h3>\n\n\t\n\t<div class=\"entry-excerpt\"><p>ISEO Projection verbetert de dakisolatie in Tilly. H2O-schuim aangebracht op 69,8 m\u00b2 voor optimale thermische prestaties.<\/p>\n<\/div>\n\t<a class=\"dt-btn-s dt-btn post-details details-type-btn\" href=\"https:\/\/www.iseoprojection.com\/nl\/realisatie\/dakisolatie-tilly\/\" target=\"\">Lees meer<i class=\"dt-icon-the7-arrow-03\" aria-hidden=\"true\"><\/i><\/a>\n<\/div><\/article><\/div><div class=\"hidden wf-cell\" data-post-id=\"4155\" data-date=\"2024-10-01T10:52:37+02:00\" data-name=\"Renovatie en isolatie van een boerderij in Libramont-Chevigny, Luxemburg\"><article class=\"post visible post-4155 dt_portfolio type-dt_portfolio status-publish has-post-thumbnail hentry dt_portfolio_category-dak dt_portfolio_category-muren dt_portfolio_category-vloer dt_portfolio_category-48 dt_portfolio_category-50 dt_portfolio_category-53\" data-name=\"Renovatie en isolatie van een boerderij in Libramont-Chevigny, Luxemburg\" data-date=\"2024-10-01T10:52:37+02:00\">\n\n<div class=\"post-thumbnail-wrap forward-post \">\n\t<div class=\"post-thumbnail\">\n\n\t\t<a href=\"https:\/\/www.iseoprojection.com\/nl\/realisatie\/isolatie-renovatie-boerderij-libramont\/\" class=\"post-thumbnail-rollover layzr-bg\" target=\"\"  aria-label=\"Post image\"><img decoding=\"async\" class=\"iso-lazy-load preload-me iso-lazy-load aspect\" src=\"data:image\/svg+xml,%3Csvg%20xmlns%3D&#39;http%3A%2F%2Fwww.w3.org%2F2000%2Fsvg&#39;%20viewBox%3D&#39;0%200%20768%20512&#39;%2F%3E\" data-src=\"https:\/\/www.iseoprojection.com\/wp-content\/uploads\/2024\/10\/isolation-ancienne-ferme-libramont-chevigny-768x512.jpg\" data-srcset=\"https:\/\/www.iseoprojection.com\/wp-content\/uploads\/2024\/10\/isolation-ancienne-ferme-libramont-chevigny-768x512.jpg 768w, https:\/\/www.iseoprojection.com\/wp-content\/uploads\/2024\/10\/isolation-ancienne-ferme-libramont-chevigny-898x598.jpg 898w\" loading=\"eager\" style=\"--ratio: 768 \/ 512\" sizes=\"(max-width: 768px) 100vw, 768px\" alt=\"Grande pi\u00e8ce avec plafond en pente, isol\u00e9e par de la mousse projet\u00e9e entre les chevrons en bois visibles. Une grande baie vitr\u00e9e coulissante donne sur un vaste paysage de prairies.\" title=\"isolation-ancienne-ferme-libramont-chevigny\" width=\"768\" height=\"512\"  \/><\/a>\n\t<\/div>\n<\/div>\n\n\n<div class=\"post-entry-content\">\n\n\t<h3 class=\"entry-title\">\n\t\t<a href=\"https:\/\/www.iseoprojection.com\/nl\/realisatie\/isolatie-renovatie-boerderij-libramont\/\" target=\"\" title=\"Renovatie en isolatie van een boerderij in Libramont-Chevigny, Luxemburg\" rel=\"bookmark\">Renovatie en isolatie van een boerderij in Libramont-Chevigny, Luxemburg<\/a>\n\t<\/h3>\n\n\t\n\t<div class=\"entry-excerpt\"><p>Volledige isolatie van een boerderij in Libramont-Chevigny. Project in meerdere fasen (dak, muren en vloeren) voor duurzaam comfort in deze eengezinswoning in renovatie.<\/p>\n<\/div>\n\t<a class=\"dt-btn-s dt-btn post-details details-type-btn\" href=\"https:\/\/www.iseoprojection.com\/nl\/realisatie\/isolatie-renovatie-boerderij-libramont\/\" target=\"\">Lees meer<i class=\"dt-icon-the7-arrow-03\" aria-hidden=\"true\"><\/i><\/a>\n<\/div><\/article><\/div><div class=\"hidden wf-cell\" data-post-id=\"4138\" data-date=\"2024-10-01T10:33:34+02:00\" data-name=\"Dak- en muurisolatie in een oude woning in Grand-Rechain\"><article class=\"post visible post-4138 dt_portfolio type-dt_portfolio status-publish has-post-thumbnail hentry dt_portfolio_category-dak dt_portfolio_category-muren dt_portfolio_category-48 dt_portfolio_category-50\" data-name=\"Dak- en muurisolatie in een oude woning in Grand-Rechain\" data-date=\"2024-10-01T10:33:34+02:00\">\n\n<div class=\"post-thumbnail-wrap forward-post \">\n\t<div class=\"post-thumbnail\">\n\n\t\t<a href=\"https:\/\/www.iseoprojection.com\/nl\/realisatie\/dak-muurisolatie-grand-rechain\/\" class=\"post-thumbnail-rollover layzr-bg\" target=\"\"  aria-label=\"Post image\"><img decoding=\"async\" class=\"iso-lazy-load preload-me iso-lazy-load aspect\" src=\"data:image\/svg+xml,%3Csvg%20xmlns%3D&#39;http%3A%2F%2Fwww.w3.org%2F2000%2Fsvg&#39;%20viewBox%3D&#39;0%200%20768%20512&#39;%2F%3E\" data-src=\"https:\/\/www.iseoprojection.com\/wp-content\/uploads\/2024\/10\/chantier-isolation-maison-ancienne-vervier-768x512.jpg\" data-srcset=\"https:\/\/www.iseoprojection.com\/wp-content\/uploads\/2024\/10\/chantier-isolation-maison-ancienne-vervier-768x512.jpg 768w, https:\/\/www.iseoprojection.com\/wp-content\/uploads\/2024\/10\/chantier-isolation-maison-ancienne-vervier-897x598.jpg 897w\" loading=\"eager\" style=\"--ratio: 768 \/ 512\" sizes=\"(max-width: 768px) 100vw, 768px\" alt=\"Fa\u00e7ade en pierre d&#039;une maison ancienne en r\u00e9novation \u00e0 Grand-Rechain, avec des panneaux isolants visibles \u00e0 l&#039;avant-plan, pr\u00e9par\u00e9s pour les travaux d&#039;isolation.\" title=\"chantier-isolation-maison-ancienne-vervier\" width=\"768\" height=\"512\"  \/><\/a>\n\t<\/div>\n<\/div>\n\n\n<div class=\"post-entry-content\">\n\n\t<h3 class=\"entry-title\">\n\t\t<a href=\"https:\/\/www.iseoprojection.com\/nl\/realisatie\/dak-muurisolatie-grand-rechain\/\" target=\"\" title=\"Dak- en muurisolatie in een oude woning in Grand-Rechain\" rel=\"bookmark\">Dak- en muurisolatie in een oude woning in Grand-Rechain<\/a>\n\t<\/h3>\n\n\t\n\t<div class=\"entry-excerpt\"><p>Ontdek de thermische isolatie uitgevoerd door ISEO Projection in een oude woning in Grand-Rechain, waarbij zowel het dak als de muren ge\u00efsoleerd werden.<\/p>\n<\/div>\n\t<a class=\"dt-btn-s dt-btn post-details details-type-btn\" href=\"https:\/\/www.iseoprojection.com\/nl\/realisatie\/dak-muurisolatie-grand-rechain\/\" target=\"\">Lees meer<i class=\"dt-icon-the7-arrow-03\" aria-hidden=\"true\"><\/i><\/a>\n<\/div><\/article><\/div><div class=\"hidden wf-cell\" data-post-id=\"4119\" data-date=\"2024-10-01T10:19:45+02:00\" data-name=\"Dakisolatie van een keuken showroom in La Louvi\u00e8re\"><article class=\"post visible post-4119 dt_portfolio type-dt_portfolio status-publish has-post-thumbnail hentry dt_portfolio_category-dak dt_portfolio_category-plafonds-nl dt_portfolio_category-48 dt_portfolio_category-61\" data-name=\"Dakisolatie van een keuken showroom in La Louvi\u00e8re\" data-date=\"2024-10-01T10:19:45+02:00\">\n\n<div class=\"post-thumbnail-wrap forward-post \">\n\t<div class=\"post-thumbnail\">\n\n\t\t<a href=\"https:\/\/www.iseoprojection.com\/nl\/realisatie\/dakisolatie-showroom-la-louviere\/\" class=\"post-thumbnail-rollover layzr-bg\" target=\"\"  aria-label=\"Post image\"><img decoding=\"async\" class=\"iso-lazy-load preload-me iso-lazy-load aspect\" src=\"data:image\/svg+xml,%3Csvg%20xmlns%3D&#39;http%3A%2F%2Fwww.w3.org%2F2000%2Fsvg&#39;%20viewBox%3D&#39;0%200%20768%20512&#39;%2F%3E\" data-src=\"https:\/\/www.iseoprojection.com\/wp-content\/uploads\/2024\/10\/isolation-toit-magasin-la-louviere-768x512.jpg\" data-srcset=\"https:\/\/www.iseoprojection.com\/wp-content\/uploads\/2024\/10\/isolation-toit-magasin-la-louviere-768x512.jpg 768w, https:\/\/www.iseoprojection.com\/wp-content\/uploads\/2024\/10\/isolation-toit-magasin-la-louviere-900x600.jpg 900w\" loading=\"eager\" style=\"--ratio: 768 \/ 512\" sizes=\"(max-width: 768px) 100vw, 768px\" alt=\"Plafond isol\u00e9 avec mousse \u00e0 cellules ouvertes dans un magasin en r\u00e9novation \u00e0 La Louvi\u00e8re avec de la structure en m\u00e9tal supportant l&#039;isolation.\" title=\"isolation-toit-magasin-la-louviere\" width=\"768\" height=\"512\"  \/><\/a>\n\t<\/div>\n<\/div>\n\n\n<div class=\"post-entry-content\">\n\n\t<h3 class=\"entry-title\">\n\t\t<a href=\"https:\/\/www.iseoprojection.com\/nl\/realisatie\/dakisolatie-showroom-la-louviere\/\" target=\"\" title=\"Dakisolatie van een keuken showroom in La Louvi\u00e8re\" rel=\"bookmark\">Dakisolatie van een keuken showroom in La Louvi\u00e8re<\/a>\n\t<\/h3>\n\n\t\n\t<div class=\"entry-excerpt\"><p>Ontdek onze ingreep bij de dakisolatie van een keuken showroom in La Louvi\u00e8re. Een project van twee dagen met een elegante afwerking op basis van&hellip;<\/p>\n<\/div>\n\t<a class=\"dt-btn-s dt-btn post-details details-type-btn\" href=\"https:\/\/www.iseoprojection.com\/nl\/realisatie\/dakisolatie-showroom-la-louviere\/\" target=\"\">Lees meer<i class=\"dt-icon-the7-arrow-03\" aria-hidden=\"true\"><\/i><\/a>\n<\/div><\/article><\/div><div class=\"hidden wf-cell\" data-post-id=\"4103\" data-date=\"2024-10-01T09:48:21+02:00\" data-name=\"Isolatie van het dak van een schuur in Affligem\"><article class=\"post visible post-4103 dt_portfolio type-dt_portfolio status-publish has-post-thumbnail hentry dt_portfolio_category-dak dt_portfolio_category-zolder dt_portfolio_category-48 dt_portfolio_category-57\" data-name=\"Isolatie van het dak van een schuur in Affligem\" data-date=\"2024-10-01T09:48:21+02:00\">\n\n<div class=\"post-thumbnail-wrap forward-post \">\n\t<div class=\"post-thumbnail\">\n\n\t\t<a href=\"https:\/\/www.iseoprojection.com\/nl\/realisatie\/dakisolatie-schuur-affligem\/\" class=\"post-thumbnail-rollover layzr-bg\" target=\"\"  aria-label=\"Post image\"><img decoding=\"async\" class=\"iso-lazy-load preload-me iso-lazy-load aspect\" src=\"data:image\/svg+xml,%3Csvg%20xmlns%3D&#39;http%3A%2F%2Fwww.w3.org%2F2000%2Fsvg&#39;%20viewBox%3D&#39;0%200%20768%20512&#39;%2F%3E\" data-src=\"https:\/\/www.iseoprojection.com\/wp-content\/uploads\/2024\/10\/isolation-mousse-polyurethane-toiture-affligem-768x512.jpg\" data-srcset=\"https:\/\/www.iseoprojection.com\/wp-content\/uploads\/2024\/10\/isolation-mousse-polyurethane-toiture-affligem-768x512.jpg 768w, https:\/\/www.iseoprojection.com\/wp-content\/uploads\/2024\/10\/isolation-mousse-polyurethane-toiture-affligem-1152x768.jpg 1152w\" loading=\"eager\" style=\"--ratio: 768 \/ 512\" sizes=\"(max-width: 768px) 100vw, 768px\" alt=\"Toit d&#039;une grange isol\u00e9 avec de la mousse polyur\u00e9thane projet\u00e9e \u00e0 Affligem, renfor\u00e7ant l&#039;efficacit\u00e9 \u00e9nerg\u00e9tique de la structure.\" title=\"isolation-mousse-polyurethane-toiture-affligem\" width=\"768\" height=\"512\"  \/><\/a>\n\t<\/div>\n<\/div>\n\n\n<div class=\"post-entry-content\">\n\n\t<h3 class=\"entry-title\">\n\t\t<a href=\"https:\/\/www.iseoprojection.com\/nl\/realisatie\/dakisolatie-schuur-affligem\/\" target=\"\" title=\"Isolatie van het dak van een schuur in Affligem\" rel=\"bookmark\">Isolatie van het dak van een schuur in Affligem<\/a>\n\t<\/h3>\n\n\t\n\t<div class=\"entry-excerpt\"><p>Ontdek onze ingreep tijdens de renovatie van een schuur in Affligem: snelle en effici\u00ebnte dakisolatie van dit toekomstige museum met open-cel schuim.<\/p>\n<\/div>\n\t<a class=\"dt-btn-s dt-btn post-details details-type-btn\" href=\"https:\/\/www.iseoprojection.com\/nl\/realisatie\/dakisolatie-schuur-affligem\/\" target=\"\">Lees meer<i class=\"dt-icon-the7-arrow-03\" aria-hidden=\"true\"><\/i><\/a>\n<\/div><\/article><\/div><div class=\"hidden wf-cell\" data-post-id=\"3986\" data-date=\"2024-09-09T12:13:08+02:00\" data-name=\"Dakisolatie aan de buitenkant in Grez-Doiceau\"><article class=\"post visible post-3986 dt_portfolio type-dt_portfolio status-publish has-post-thumbnail hentry dt_portfolio_category-dak dt_portfolio_category-48\" data-name=\"Dakisolatie aan de buitenkant in Grez-Doiceau\" data-date=\"2024-09-09T12:13:08+02:00\">\n\n<div class=\"post-thumbnail-wrap forward-post \">\n\t<div class=\"post-thumbnail\">\n\n\t\t<a href=\"https:\/\/www.iseoprojection.com\/nl\/realisatie\/dakisolatie-grez-doiceau\/\" class=\"post-thumbnail-rollover layzr-bg\" target=\"\"  aria-label=\"Post image\"><img decoding=\"async\" class=\"iso-lazy-load preload-me iso-lazy-load aspect\" src=\"data:image\/svg+xml,%3Csvg%20xmlns%3D&#39;http%3A%2F%2Fwww.w3.org%2F2000%2Fsvg&#39;%20viewBox%3D&#39;0%200%20768%20512&#39;%2F%3E\" data-src=\"https:\/\/www.iseoprojection.com\/wp-content\/uploads\/2024\/09\/Iseoprojection-Realisation-Grez-Doiceau-header-768x512.jpg\" data-srcset=\"https:\/\/www.iseoprojection.com\/wp-content\/uploads\/2024\/09\/Iseoprojection-Realisation-Grez-Doiceau-header-768x512.jpg 768w, https:\/\/www.iseoprojection.com\/wp-content\/uploads\/2024\/09\/Iseoprojection-Realisation-Grez-Doiceau-header-1152x768.jpg 1152w\" loading=\"eager\" style=\"--ratio: 768 \/ 512\" sizes=\"(max-width: 768px) 100vw, 768px\" alt=\"Toiture ouverte qui n&#039;est pas encore isol\u00e9e\" title=\"Iseoprojection-Realisation-Grez-Doiceau-header\" width=\"768\" height=\"512\"  \/><\/a>\n\t<\/div>\n<\/div>\n\n\n<div class=\"post-entry-content\">\n\n\t<h3 class=\"entry-title\">\n\t\t<a href=\"https:\/\/www.iseoprojection.com\/nl\/realisatie\/dakisolatie-grez-doiceau\/\" target=\"\" title=\"Dakisolatie aan de buitenkant in Grez-Doiceau\" rel=\"bookmark\">Dakisolatie aan de buitenkant in Grez-Doiceau<\/a>\n\t<\/h3>\n\n\t\n\t<div class=\"entry-excerpt\"><p>Ontdek hoe ISEO Projection een dak heeft ge\u00efsoleerd in Grez-Doiceau zonder het interieur te wijzigen of de dakbedekking te verhogen. Snel project in een halve&hellip;<\/p>\n<\/div>\n\t<a class=\"dt-btn-s dt-btn post-details details-type-btn\" href=\"https:\/\/www.iseoprojection.com\/nl\/realisatie\/dakisolatie-grez-doiceau\/\" target=\"\">Lees meer<i class=\"dt-icon-the7-arrow-03\" aria-hidden=\"true\"><\/i><\/a>\n<\/div><\/article><\/div><div class=\"hidden wf-cell\" data-post-id=\"3838\" data-date=\"2024-08-05T08:25:32+02:00\" data-name=\"Isolatie van de muren en het dak van een gerenoveerd huis in Plombi\u00e8res\"><article class=\"post visible post-3838 dt_portfolio type-dt_portfolio status-publish has-post-thumbnail hentry dt_portfolio_category-dak dt_portfolio_category-muren dt_portfolio_category-48 dt_portfolio_category-50\" data-name=\"Isolatie van de muren en het dak van een gerenoveerd huis in Plombi\u00e8res\" data-date=\"2024-08-05T08:25:32+02:00\">\n\n<div class=\"post-thumbnail-wrap forward-post \">\n\t<div class=\"post-thumbnail\">\n\n\t\t<a href=\"https:\/\/www.iseoprojection.com\/nl\/realisatie\/isolatie-muren-en-dak-renovatie-plombieres\/\" class=\"post-thumbnail-rollover layzr-bg\" target=\"\"  aria-label=\"Post image\"><img decoding=\"async\" class=\"iso-lazy-load preload-me iso-lazy-load aspect\" src=\"data:image\/svg+xml,%3Csvg%20xmlns%3D&#39;http%3A%2F%2Fwww.w3.org%2F2000%2Fsvg&#39;%20viewBox%3D&#39;0%200%20768%20512&#39;%2F%3E\" data-src=\"https:\/\/www.iseoprojection.com\/wp-content\/uploads\/2024\/08\/isolation-mur-et-toiture-pombliere-768x512.jpg\" data-srcset=\"https:\/\/www.iseoprojection.com\/wp-content\/uploads\/2024\/08\/isolation-mur-et-toiture-pombliere-768x512.jpg 768w, https:\/\/www.iseoprojection.com\/wp-content\/uploads\/2024\/08\/isolation-mur-et-toiture-pombliere-900x600.jpg 900w\" loading=\"eager\" style=\"--ratio: 768 \/ 512\" sizes=\"(max-width: 768px) 100vw, 768px\" alt=\"Isolation des murs et de la toiture d\u2019une maison r\u00e9nov\u00e9e \u00e0 Plombi\u00e8res\" title=\"isolation-mur-et-toiture-pombliere\" width=\"768\" height=\"512\"  \/><\/a>\n\t<\/div>\n<\/div>\n\n\n<div class=\"post-entry-content\">\n\n\t<h3 class=\"entry-title\">\n\t\t<a href=\"https:\/\/www.iseoprojection.com\/nl\/realisatie\/isolatie-muren-en-dak-renovatie-plombieres\/\" target=\"\" title=\"Isolatie van de muren en het dak van een gerenoveerd huis in Plombi\u00e8res\" rel=\"bookmark\">Isolatie van de muren en het dak van een gerenoveerd huis in Plombi\u00e8res<\/a>\n\t<\/h3>\n\n\t\n\t<div class=\"entry-excerpt\"><p>In deze realisatie heeft ISEO Projection de energie-effici\u00ebntie van een huis in Plombi\u00e8res verbeterd.<\/p>\n<\/div>\n\t<a class=\"dt-btn-s dt-btn post-details details-type-btn\" href=\"https:\/\/www.iseoprojection.com\/nl\/realisatie\/isolatie-muren-en-dak-renovatie-plombieres\/\" target=\"\">Lees meer<i class=\"dt-icon-the7-arrow-03\" aria-hidden=\"true\"><\/i><\/a>\n<\/div><\/article><\/div><div class=\"hidden wf-cell\" data-post-id=\"3803\" data-date=\"2024-07-29T12:20:38+02:00\" data-name=\"Isolatie van een renovatiewoning in Burg Reuland\"><article class=\"post visible post-3803 dt_portfolio type-dt_portfolio status-publish has-post-thumbnail hentry dt_portfolio_category-dak dt_portfolio_category-48\" data-name=\"Isolatie van een renovatiewoning in Burg Reuland\" data-date=\"2024-07-29T12:20:38+02:00\">\n\n<div class=\"post-thumbnail-wrap forward-post \">\n\t<div class=\"post-thumbnail\">\n\n\t\t<a href=\"https:\/\/www.iseoprojection.com\/nl\/realisatie\/isolation-maison-renovation-burg-reuland\/\" class=\"post-thumbnail-rollover layzr-bg\" target=\"\"  aria-label=\"Post image\"><img decoding=\"async\" class=\"iso-lazy-load preload-me iso-lazy-load aspect\" src=\"data:image\/svg+xml,%3Csvg%20xmlns%3D&#39;http%3A%2F%2Fwww.w3.org%2F2000%2Fsvg&#39;%20viewBox%3D&#39;0%200%20768%20512&#39;%2F%3E\" data-src=\"https:\/\/www.iseoprojection.com\/wp-content\/uploads\/2024\/07\/isolation-mousse-polyurethane-burg-reuland-768x512.jpg\" data-srcset=\"https:\/\/www.iseoprojection.com\/wp-content\/uploads\/2024\/07\/isolation-mousse-polyurethane-burg-reuland-768x512.jpg 768w, https:\/\/www.iseoprojection.com\/wp-content\/uploads\/2024\/07\/isolation-mousse-polyurethane-burg-reuland-900x600.jpg 900w\" loading=\"eager\" style=\"--ratio: 768 \/ 512\" sizes=\"(max-width: 768px) 100vw, 768px\" alt=\"isolation par l&#039;int\u00e9rieur avec mousse polyur\u00e9thane d&#039;une toiture inclin\u00e9e\" title=\"isolation-mousse-polyurethane-burg-reuland\" width=\"768\" height=\"512\"  \/><\/a>\n\t<\/div>\n<\/div>\n\n\n<div class=\"post-entry-content\">\n\n\t<h3 class=\"entry-title\">\n\t\t<a href=\"https:\/\/www.iseoprojection.com\/nl\/realisatie\/isolation-maison-renovation-burg-reuland\/\" target=\"\" title=\"Isolatie van een renovatiewoning in Burg Reuland\" rel=\"bookmark\">Isolatie van een renovatiewoning in Burg Reuland<\/a>\n\t<\/h3>\n\n\t\n\t<div class=\"entry-excerpt\"><p>ISEO Projection a isol\u00e9 une toiture de 190m\u00b2 \u00e0 Burg Reuland avec la mousse ICYNENE. Efficacit\u00e9 \u00e9nerg\u00e9tique garantie.<\/p>\n<\/div>\n\t<a class=\"dt-btn-s dt-btn post-details details-type-btn\" href=\"https:\/\/www.iseoprojection.com\/nl\/realisatie\/isolation-maison-renovation-burg-reuland\/\" target=\"\">Lees meer<i class=\"dt-icon-the7-arrow-03\" aria-hidden=\"true\"><\/i><\/a>\n<\/div><\/article><\/div><div class=\"hidden wf-cell\" data-post-id=\"3773\" data-date=\"2024-07-29T12:02:03+02:00\" data-name=\"Isolatie van een oud herenhuis in Boechout\"><article class=\"post visible post-3773 dt_portfolio type-dt_portfolio status-publish has-post-thumbnail hentry dt_portfolio_category-dak dt_portfolio_category-48\" data-name=\"Isolatie van een oud herenhuis in Boechout\" data-date=\"2024-07-29T12:02:03+02:00\">\n\n<div class=\"post-thumbnail-wrap forward-post \">\n\t<div class=\"post-thumbnail\">\n\n\t\t<a href=\"https:\/\/www.iseoprojection.com\/nl\/realisatie\/isolatie-dak-herenhuis-boechout\/\" class=\"post-thumbnail-rollover layzr-bg\" target=\"\"  aria-label=\"Post image\"><img decoding=\"async\" class=\"iso-lazy-load preload-me iso-lazy-load aspect\" src=\"data:image\/svg+xml,%3Csvg%20xmlns%3D&#39;http%3A%2F%2Fwww.w3.org%2F2000%2Fsvg&#39;%20viewBox%3D&#39;0%200%20768%20512&#39;%2F%3E\" data-src=\"https:\/\/www.iseoprojection.com\/wp-content\/uploads\/2024\/07\/isolation-grenier-mousse-projetee-768x512.jpg\" data-srcset=\"https:\/\/www.iseoprojection.com\/wp-content\/uploads\/2024\/07\/isolation-grenier-mousse-projetee-768x512.jpg 768w, https:\/\/www.iseoprojection.com\/wp-content\/uploads\/2024\/07\/isolation-grenier-mousse-projetee-792x528.jpg 792w\" loading=\"eager\" style=\"--ratio: 768 \/ 512\" sizes=\"(max-width: 768px) 100vw, 768px\" alt=\"\" title=\"isolation-grenier-mousse-projetee\" width=\"768\" height=\"512\"  \/><\/a>\n\t<\/div>\n<\/div>\n\n\n<div class=\"post-entry-content\">\n\n\t<h3 class=\"entry-title\">\n\t\t<a href=\"https:\/\/www.iseoprojection.com\/nl\/realisatie\/isolatie-dak-herenhuis-boechout\/\" target=\"\" title=\"Isolatie van een oud herenhuis in Boechout\" rel=\"bookmark\">Isolatie van een oud herenhuis in Boechout<\/a>\n\t<\/h3>\n\n\t\n\t<div class=\"entry-excerpt\"><p>Ontdek ons project van dakisolatie van een herenhuis in Boechout. Snelle en effici\u00ebnte isolatie met ICYNENE LITE+ schuim.<\/p>\n<\/div>\n\t<a class=\"dt-btn-s dt-btn post-details details-type-btn\" href=\"https:\/\/www.iseoprojection.com\/nl\/realisatie\/isolatie-dak-herenhuis-boechout\/\" target=\"\">Lees meer<i class=\"dt-icon-the7-arrow-03\" aria-hidden=\"true\"><\/i><\/a>\n<\/div><\/article><\/div><div class=\"hidden wf-cell\" data-post-id=\"3386\" data-date=\"2024-04-26T11:30:15+02:00\" data-name=\"Dak &amp; Buitenmuurisolatie \u2013 Werf in OLEN\"><article class=\"post visible post-3386 dt_portfolio type-dt_portfolio status-publish has-post-thumbnail hentry dt_portfolio_category-dak dt_portfolio_category-muren dt_portfolio_category-48 dt_portfolio_category-50\" data-name=\"Dak &#038; Buitenmuurisolatie \u2013 Werf in OLEN\" data-date=\"2024-04-26T11:30:15+02:00\">\n\n<div class=\"post-thumbnail-wrap forward-post \">\n\t<div class=\"post-thumbnail\">\n\n\t\t<a href=\"https:\/\/www.iseoprojection.com\/nl\/realisatie\/dak-buitenmuurisolatie-olen\/\" class=\"post-thumbnail-rollover layzr-bg\" target=\"\"  aria-label=\"Post image\"><img decoding=\"async\" class=\"iso-lazy-load preload-me iso-lazy-load aspect\" src=\"data:image\/svg+xml,%3Csvg%20xmlns%3D&#39;http%3A%2F%2Fwww.w3.org%2F2000%2Fsvg&#39;%20viewBox%3D&#39;0%200%20768%20512&#39;%2F%3E\" data-src=\"https:\/\/www.iseoprojection.com\/wp-content\/uploads\/2024\/04\/isolation-murs-exterieurs-olen-768x512.jpg\" data-srcset=\"https:\/\/www.iseoprojection.com\/wp-content\/uploads\/2024\/04\/isolation-murs-exterieurs-olen-768x512.jpg 768w, https:\/\/www.iseoprojection.com\/wp-content\/uploads\/2024\/04\/isolation-murs-exterieurs-olen-1152x768.jpg 1152w\" loading=\"eager\" style=\"--ratio: 768 \/ 512\" sizes=\"(max-width: 768px) 100vw, 768px\" alt=\"solation des murs ext\u00e9rieurs d\u2019une cour \u00e0 Olen\" title=\"isolation-murs-exterieurs-olen\" width=\"768\" height=\"512\"  \/><\/a>\n\t<\/div>\n<\/div>\n\n\n<div class=\"post-entry-content\">\n\n\t<h3 class=\"entry-title\">\n\t\t<a href=\"https:\/\/www.iseoprojection.com\/nl\/realisatie\/dak-buitenmuurisolatie-olen\/\" target=\"\" title=\"Dak &#038; Buitenmuurisolatie \u2013 Werf in OLEN\" rel=\"bookmark\">Dak &#038; Buitenmuurisolatie \u2013 Werf in OLEN<\/a>\n\t<\/h3>\n\n\t\n\t<div class=\"entry-excerpt\"><p>In dit project moderniseert ISEO Projection de isolatie van een houten villa in Olen met behulp van SARKING-technologie. Waterdichtheid en thermische prestaties.<\/p>\n<\/div>\n\t<a class=\"dt-btn-s dt-btn post-details details-type-btn\" href=\"https:\/\/www.iseoprojection.com\/nl\/realisatie\/dak-buitenmuurisolatie-olen\/\" target=\"\">Lees meer<i class=\"dt-icon-the7-arrow-03\" aria-hidden=\"true\"><\/i><\/a>\n<\/div><\/article><\/div><div class=\"hidden wf-cell\" data-post-id=\"3361\" data-date=\"2024-04-26T10:45:09+02:00\" data-name=\"Isolatie van een dak in Embourg\"><article class=\"post visible post-3361 dt_portfolio type-dt_portfolio status-publish has-post-thumbnail hentry dt_portfolio_category-dak dt_portfolio_category-48\" data-name=\"Isolatie van een dak in Embourg\" data-date=\"2024-04-26T10:45:09+02:00\">\n\n<div class=\"post-thumbnail-wrap forward-post \">\n\t<div class=\"post-thumbnail\">\n\n\t\t<a href=\"https:\/\/www.iseoprojection.com\/nl\/realisatie\/isolatie-dak-project-embourg\/\" class=\"post-thumbnail-rollover layzr-bg\" target=\"\"  aria-label=\"Post image\"><img decoding=\"async\" class=\"iso-lazy-load preload-me iso-lazy-load aspect\" src=\"data:image\/svg+xml,%3Csvg%20xmlns%3D&#39;http%3A%2F%2Fwww.w3.org%2F2000%2Fsvg&#39;%20viewBox%3D&#39;0%200%20768%20512&#39;%2F%3E\" data-src=\"https:\/\/www.iseoprojection.com\/wp-content\/uploads\/2024\/04\/isolation-grenier-embourg-768x512.jpg\" data-srcset=\"https:\/\/www.iseoprojection.com\/wp-content\/uploads\/2024\/04\/isolation-grenier-embourg-768x512.jpg 768w, https:\/\/www.iseoprojection.com\/wp-content\/uploads\/2024\/04\/isolation-grenier-embourg-900x600.jpg 900w\" loading=\"eager\" style=\"--ratio: 768 \/ 512\" sizes=\"(max-width: 768px) 100vw, 768px\" alt=\"Isolation d\u2019une toiture \u00e0 Embourg\" title=\"isolation-grenier-embourg\" width=\"768\" height=\"512\"  \/><\/a>\n\t<\/div>\n<\/div>\n\n\n<div class=\"post-entry-content\">\n\n\t<h3 class=\"entry-title\">\n\t\t<a href=\"https:\/\/www.iseoprojection.com\/nl\/realisatie\/isolatie-dak-project-embourg\/\" target=\"\" title=\"Isolatie van een dak in Embourg\" rel=\"bookmark\">Isolatie van een dak in Embourg<\/a>\n\t<\/h3>\n\n\t\n\t<div class=\"entry-excerpt\"><p>Zoom in op ons isolatieproject van een dak in Embourg. Ontdek de effectieve interventie van ISEO Projection.<\/p>\n<\/div>\n\t<a class=\"dt-btn-s dt-btn post-details details-type-btn\" href=\"https:\/\/www.iseoprojection.com\/nl\/realisatie\/isolatie-dak-project-embourg\/\" target=\"\">Lees meer<i class=\"dt-icon-the7-arrow-03\" aria-hidden=\"true\"><\/i><\/a>\n<\/div><\/article><\/div><div class=\"hidden wf-cell\" data-post-id=\"3227\" data-date=\"2024-03-29T13:36:08+01:00\" data-name=\"Isolatie van houten skeletmuren in Geetbets\"><article class=\"post visible post-3227 dt_portfolio type-dt_portfolio status-publish has-post-thumbnail hentry dt_portfolio_category-dak dt_portfolio_category-muren dt_portfolio_category-48 dt_portfolio_category-50\" data-name=\"Isolatie van houten skeletmuren in Geetbets\" data-date=\"2024-03-29T13:36:08+01:00\">\n\n<div class=\"post-thumbnail-wrap forward-post \">\n\t<div class=\"post-thumbnail\">\n\n\t\t<a href=\"https:\/\/www.iseoprojection.com\/nl\/realisatie\/isolatie-muren-houten-skelet-geetbets\/\" class=\"post-thumbnail-rollover layzr-bg\" target=\"\"  aria-label=\"Post image\"><img decoding=\"async\" class=\"iso-lazy-load preload-me iso-lazy-load aspect\" src=\"data:image\/svg+xml,%3Csvg%20xmlns%3D&#39;http%3A%2F%2Fwww.w3.org%2F2000%2Fsvg&#39;%20viewBox%3D&#39;0%200%20768%20512&#39;%2F%3E\" data-src=\"https:\/\/www.iseoprojection.com\/wp-content\/uploads\/2024\/03\/ISEO-isolation-mur-geetbets-768x512.jpg\" data-srcset=\"https:\/\/www.iseoprojection.com\/wp-content\/uploads\/2024\/03\/ISEO-isolation-mur-geetbets-768x512.jpg 768w, https:\/\/www.iseoprojection.com\/wp-content\/uploads\/2024\/03\/ISEO-isolation-mur-geetbets-951x634.jpg 951w\" loading=\"eager\" style=\"--ratio: 768 \/ 512\" sizes=\"(max-width: 768px) 100vw, 768px\" alt=\"isolation de murs int\u00e9rieurs avec de la mousse ICYNENE\" title=\"ISEO-isolation-mur-geetbets\" width=\"768\" height=\"512\"  \/><\/a>\n\t<\/div>\n<\/div>\n\n\n<div class=\"post-entry-content\">\n\n\t<h3 class=\"entry-title\">\n\t\t<a href=\"https:\/\/www.iseoprojection.com\/nl\/realisatie\/isolatie-muren-houten-skelet-geetbets\/\" target=\"\" title=\"Isolatie van houten skeletmuren in Geetbets\" rel=\"bookmark\">Isolatie van houten skeletmuren in Geetbets<\/a>\n\t<\/h3>\n\n\t\n\t<div class=\"entry-excerpt\"><p>Dankzij ISEO Projection profiteert een huis in Geetbets van effectieve isolatie van muren en dak met ICYNENE LITE+, in slechts \u00e9\u00e9n dag.<\/p>\n<\/div>\n\t<a class=\"dt-btn-s dt-btn post-details details-type-btn\" href=\"https:\/\/www.iseoprojection.com\/nl\/realisatie\/isolatie-muren-houten-skelet-geetbets\/\" target=\"\">Lees meer<i class=\"dt-icon-the7-arrow-03\" aria-hidden=\"true\"><\/i><\/a>\n<\/div><\/article><\/div><div class=\"hidden wf-cell\" data-post-id=\"3181\" data-date=\"2024-03-29T12:14:27+01:00\" data-name=\"Isolatie van een huis in Grimbergen\"><article class=\"post visible post-3181 dt_portfolio type-dt_portfolio status-publish has-post-thumbnail hentry dt_portfolio_category-dak dt_portfolio_category-muren dt_portfolio_category-48 dt_portfolio_category-50\" data-name=\"Isolatie van een huis in Grimbergen\" data-date=\"2024-03-29T12:14:27+01:00\">\n\n<div class=\"post-thumbnail-wrap forward-post \">\n\t<div class=\"post-thumbnail\">\n\n\t\t<a href=\"https:\/\/www.iseoprojection.com\/nl\/realisatie\/isolatie-huis-grimbergen\/\" class=\"post-thumbnail-rollover layzr-bg\" target=\"\"  aria-label=\"Post image\"><img decoding=\"async\" class=\"iso-lazy-load preload-me iso-lazy-load aspect\" src=\"data:image\/svg+xml,%3Csvg%20xmlns%3D&#39;http%3A%2F%2Fwww.w3.org%2F2000%2Fsvg&#39;%20viewBox%3D&#39;0%200%20768%20512&#39;%2F%3E\" data-src=\"https:\/\/www.iseoprojection.com\/wp-content\/uploads\/2024\/02\/ISEO-isolation-projetee-murs-grimbergen-768x512.jpg\" data-srcset=\"https:\/\/www.iseoprojection.com\/wp-content\/uploads\/2024\/02\/ISEO-isolation-projetee-murs-grimbergen-768x512.jpg 768w, https:\/\/www.iseoprojection.com\/wp-content\/uploads\/2024\/02\/ISEO-isolation-projetee-murs-grimbergen-1080x720.jpg 1080w\" loading=\"eager\" style=\"--ratio: 768 \/ 512\" sizes=\"(max-width: 768px) 100vw, 768px\" alt=\"Int\u00e9rieur d&#039;une maison avec poutres en bois et mousse d&#039;isolation projet\u00e9e \u00e0 l&#039;int\u00e9rieur\" title=\"ISEO-isolation-projetee-murs-grimbergen\" width=\"768\" height=\"512\"  \/><\/a>\n\t<\/div>\n<\/div>\n\n\n<div class=\"post-entry-content\">\n\n\t<h3 class=\"entry-title\">\n\t\t<a href=\"https:\/\/www.iseoprojection.com\/nl\/realisatie\/isolatie-huis-grimbergen\/\" target=\"\" title=\"Isolatie van een huis in Grimbergen\" rel=\"bookmark\">Isolatie van een huis in Grimbergen<\/a>\n\t<\/h3>\n\n\t\n\t<div class=\"entry-excerpt\"><p>Ontdek hoe ISEO Projection een revolutionaire isolatie plaatst in Grimbergen met ICYNENE LITE+ voor een warmer en energiezuiniger huis.<\/p>\n<\/div>\n\t<a class=\"dt-btn-s dt-btn post-details details-type-btn\" href=\"https:\/\/www.iseoprojection.com\/nl\/realisatie\/isolatie-huis-grimbergen\/\" target=\"\">Lees meer<i class=\"dt-icon-the7-arrow-03\" aria-hidden=\"true\"><\/i><\/a>\n<\/div><\/article><\/div><div class=\"hidden wf-cell\" data-post-id=\"3075\" data-date=\"2024-02-15T11:27:24+01:00\" data-name=\"Thermische isolatie van een dak in Braine l&#039;Alleud\"><article class=\"post visible post-3075 dt_portfolio type-dt_portfolio status-publish has-post-thumbnail hentry dt_portfolio_category-dak dt_portfolio_category-48\" data-name=\"Thermische isolatie van een dak in Braine l&#8217;Alleud\" data-date=\"2024-02-15T11:27:24+01:00\">\n\n<div class=\"post-thumbnail-wrap forward-post \">\n\t<div class=\"post-thumbnail\">\n\n\t\t<a href=\"https:\/\/www.iseoprojection.com\/nl\/realisatie\/thermische-isolatie-braine-l-alleud\/\" class=\"post-thumbnail-rollover layzr-bg\" target=\"\"  aria-label=\"Post image\"><img decoding=\"async\" class=\"iso-lazy-load preload-me iso-lazy-load aspect\" src=\"data:image\/svg+xml,%3Csvg%20xmlns%3D&#39;http%3A%2F%2Fwww.w3.org%2F2000%2Fsvg&#39;%20viewBox%3D&#39;0%200%20768%20512&#39;%2F%3E\" data-src=\"https:\/\/www.iseoprojection.com\/wp-content\/uploads\/2024\/02\/structure-metal-pour-isolation-interieure-toiture-braine-l-alleud-768x512.jpg\" data-srcset=\"https:\/\/www.iseoprojection.com\/wp-content\/uploads\/2024\/02\/structure-metal-pour-isolation-interieure-toiture-braine-l-alleud-768x512.jpg 768w, https:\/\/www.iseoprojection.com\/wp-content\/uploads\/2024\/02\/structure-metal-pour-isolation-interieure-toiture-braine-l-alleud-900x600.jpg 900w\" loading=\"eager\" style=\"--ratio: 768 \/ 512\" sizes=\"(max-width: 768px) 100vw, 768px\" alt=\"Chantier d&#039;isolation par l&#039;int\u00e9rieur d&#039;une toiture en pente \u00e0 Braine l&#039;Alleud\" title=\"structure-metal-pour-isolation-interieure-toiture-braine-l-alleud\" width=\"768\" height=\"512\"  \/><\/a>\n\t<\/div>\n<\/div>\n\n\n<div class=\"post-entry-content\">\n\n\t<h3 class=\"entry-title\">\n\t\t<a href=\"https:\/\/www.iseoprojection.com\/nl\/realisatie\/thermische-isolatie-braine-l-alleud\/\" target=\"\" title=\"Thermische isolatie van een dak in Braine l&#8217;Alleud\" rel=\"bookmark\">Thermische isolatie van een dak in Braine l&#8217;Alleud<\/a>\n\t<\/h3>\n\n\t\n\t<div class=\"entry-excerpt\"><p>Ontdek de bijzonderheden van de thermische isolatie uitgevoerd door ons team in Braine l&#8217;Alleud.<\/p>\n<\/div>\n\t<a class=\"dt-btn-s dt-btn post-details details-type-btn\" href=\"https:\/\/www.iseoprojection.com\/nl\/realisatie\/thermische-isolatie-braine-l-alleud\/\" target=\"\">Lees meer<i class=\"dt-icon-the7-arrow-03\" aria-hidden=\"true\"><\/i><\/a>\n<\/div><\/article><\/div><div class=\"hidden wf-cell\" data-post-id=\"2900\" data-date=\"2024-02-05T08:42:10+01:00\" data-name=\"Installatie van metal stud en volledige isolatie in Schilde\"><article class=\"post visible post-2900 dt_portfolio type-dt_portfolio status-publish has-post-thumbnail hentry dt_portfolio_category-dak dt_portfolio_category-48\" data-name=\"Installatie van metal stud en volledige isolatie in Schilde\" data-date=\"2024-02-05T08:42:10+01:00\">\n\n<div class=\"post-thumbnail-wrap forward-post \">\n\t<div class=\"post-thumbnail\">\n\n\t\t<a href=\"https:\/\/www.iseoprojection.com\/nl\/realisatie\/plaatsing-van-kader-in-metal-stud-isoleren-van-muren-plafonds-dak-en-zoldervloer-afwerking-met-gipsplaten-in-schilde\/\" class=\"post-thumbnail-rollover layzr-bg\" target=\"\"  aria-label=\"Post image\"><img decoding=\"async\" class=\"iso-lazy-load preload-me iso-lazy-load aspect\" src=\"data:image\/svg+xml,%3Csvg%20xmlns%3D&#39;http%3A%2F%2Fwww.w3.org%2F2000%2Fsvg&#39;%20viewBox%3D&#39;0%200%20768%20512&#39;%2F%3E\" data-src=\"https:\/\/www.iseoprojection.com\/wp-content\/uploads\/2024\/02\/IMG-20240202-WA0028-768x512.jpg\" data-srcset=\"https:\/\/www.iseoprojection.com\/wp-content\/uploads\/2024\/02\/IMG-20240202-WA0028-768x512.jpg 768w, https:\/\/www.iseoprojection.com\/wp-content\/uploads\/2024\/02\/IMG-20240202-WA0028-1152x768.jpg 1152w\" loading=\"eager\" style=\"--ratio: 768 \/ 512\" sizes=\"(max-width: 768px) 100vw, 768px\" alt=\"\" title=\"IMG-20240202-WA0028\" width=\"768\" height=\"512\"  \/><\/a>\n\t<\/div>\n<\/div>\n\n\n<div class=\"post-entry-content\">\n\n\t<h3 class=\"entry-title\">\n\t\t<a href=\"https:\/\/www.iseoprojection.com\/nl\/realisatie\/plaatsing-van-kader-in-metal-stud-isoleren-van-muren-plafonds-dak-en-zoldervloer-afwerking-met-gipsplaten-in-schilde\/\" target=\"\" title=\"Installatie van metal stud en volledige isolatie in Schilde\" rel=\"bookmark\">Installatie van metal stud en volledige isolatie in Schilde<\/a>\n\t<\/h3>\n\n\t\n\t<div class=\"entry-excerpt\"><p>Plaatsing van kader in Metal Stud, isoleren van muren, plafonds, dak en zoldervloer + afwerking met ipsplaten in Schild<\/p>\n<\/div>\n\t<a class=\"dt-btn-s dt-btn post-details details-type-btn\" href=\"https:\/\/www.iseoprojection.com\/nl\/realisatie\/plaatsing-van-kader-in-metal-stud-isoleren-van-muren-plafonds-dak-en-zoldervloer-afwerking-met-gipsplaten-in-schilde\/\" target=\"\">Lees meer<i class=\"dt-icon-the7-arrow-03\" aria-hidden=\"true\"><\/i><\/a>\n<\/div><\/article><\/div><div class=\"hidden wf-cell\" data-post-id=\"2884\" data-date=\"2024-02-01T15:20:16+01:00\" data-name=\"Zolderisolatie met afwerking in Boortmeerbeek\"><article class=\"post visible post-2884 dt_portfolio type-dt_portfolio status-publish has-post-thumbnail hentry dt_portfolio_category-dak dt_portfolio_category-zolder dt_portfolio_category-48 dt_portfolio_category-57\" data-name=\"Zolderisolatie met afwerking in Boortmeerbeek\" data-date=\"2024-02-01T15:20:16+01:00\">\n\n<div class=\"post-thumbnail-wrap forward-post \">\n\t<div class=\"post-thumbnail\">\n\n\t\t<a href=\"https:\/\/www.iseoprojection.com\/nl\/realisatie\/isolatie-zolder-boortmeerbeek\/\" class=\"post-thumbnail-rollover layzr-bg\" target=\"\"  aria-label=\"Post image\"><img decoding=\"async\" class=\"iso-lazy-load preload-me iso-lazy-load aspect\" src=\"data:image\/svg+xml,%3Csvg%20xmlns%3D&#39;http%3A%2F%2Fwww.w3.org%2F2000%2Fsvg&#39;%20viewBox%3D&#39;0%200%20768%20512&#39;%2F%3E\" data-src=\"https:\/\/www.iseoprojection.com\/wp-content\/uploads\/2024\/02\/parachevement-apres-isolation-grenier-boortmeerbeek-768x512.jpg\" data-srcset=\"https:\/\/www.iseoprojection.com\/wp-content\/uploads\/2024\/02\/parachevement-apres-isolation-grenier-boortmeerbeek-768x512.jpg 768w, https:\/\/www.iseoprojection.com\/wp-content\/uploads\/2024\/02\/parachevement-apres-isolation-grenier-boortmeerbeek-1152x768.jpg 1152w\" loading=\"eager\" style=\"--ratio: 768 \/ 512\" sizes=\"(max-width: 768px) 100vw, 768px\" alt=\"Travaux de parach\u00e8vement apr\u00e8s isolation de grenier\" title=\"parachevement-apres-isolation-grenier-boortmeerbeek\" width=\"768\" height=\"512\"  \/><\/a>\n\t<\/div>\n<\/div>\n\n\n<div class=\"post-entry-content\">\n\n\t<h3 class=\"entry-title\">\n\t\t<a href=\"https:\/\/www.iseoprojection.com\/nl\/realisatie\/isolatie-zolder-boortmeerbeek\/\" target=\"\" title=\"Zolderisolatie met afwerking in Boortmeerbeek\" rel=\"bookmark\">Zolderisolatie met afwerking in Boortmeerbeek<\/a>\n\t<\/h3>\n\n\t\n\t<div class=\"entry-excerpt\"><p>Ons team isoleerde een zolder in Boortmeerbeek. Lees meer over het project.<\/p>\n<\/div>\n\t<a class=\"dt-btn-s dt-btn post-details details-type-btn\" href=\"https:\/\/www.iseoprojection.com\/nl\/realisatie\/isolatie-zolder-boortmeerbeek\/\" target=\"\">Lees meer<i class=\"dt-icon-the7-arrow-03\" aria-hidden=\"true\"><\/i><\/a>\n<\/div><\/article><\/div><div class=\"hidden wf-cell\" data-post-id=\"2851\" data-date=\"2024-02-01T14:53:17+01:00\" data-name=\"Dakisolatie \u2013 Werf in Gesves\"><article class=\"post visible post-2851 dt_portfolio type-dt_portfolio status-publish has-post-thumbnail hentry dt_portfolio_category-dak dt_portfolio_category-48\" data-name=\"Dakisolatie \u2013 Werf in Gesves\" data-date=\"2024-02-01T14:53:17+01:00\">\n\n<div class=\"post-thumbnail-wrap forward-post \">\n\t<div class=\"post-thumbnail\">\n\n\t\t<a href=\"https:\/\/www.iseoprojection.com\/nl\/realisatie\/isolatie-dakbedekking-interieur-gesves\/\" class=\"post-thumbnail-rollover layzr-bg\" target=\"\"  aria-label=\"Post image\"><img decoding=\"async\" class=\"iso-lazy-load preload-me iso-lazy-load aspect\" src=\"data:image\/svg+xml,%3Csvg%20xmlns%3D&#39;http%3A%2F%2Fwww.w3.org%2F2000%2Fsvg&#39;%20viewBox%3D&#39;0%200%20768%20512&#39;%2F%3E\" data-src=\"https:\/\/www.iseoprojection.com\/wp-content\/uploads\/2024\/02\/isolation-grenier-gesves-768x512.jpg\" data-srcset=\"https:\/\/www.iseoprojection.com\/wp-content\/uploads\/2024\/02\/isolation-grenier-gesves-768x512.jpg 768w, https:\/\/www.iseoprojection.com\/wp-content\/uploads\/2024\/02\/isolation-grenier-gesves-1152x768.jpg 1152w\" loading=\"eager\" style=\"--ratio: 768 \/ 512\" sizes=\"(max-width: 768px) 100vw, 768px\" alt=\"Toit isol\u00e9 par l&#039;int\u00e9rieur avec de la mousse projet\u00e9e\" title=\"isolation-grenier-gesves\" width=\"768\" height=\"512\"  \/><\/a>\n\t<\/div>\n<\/div>\n\n\n<div class=\"post-entry-content\">\n\n\t<h3 class=\"entry-title\">\n\t\t<a href=\"https:\/\/www.iseoprojection.com\/nl\/realisatie\/isolatie-dakbedekking-interieur-gesves\/\" target=\"\" title=\"Dakisolatie \u2013 Werf in Gesves\" rel=\"bookmark\">Dakisolatie \u2013 Werf in Gesves<\/a>\n\t<\/h3>\n\n\t\n\t<div class=\"entry-excerpt\"><p>Ons team heeft isolatiewerkzaamheden uitgevoerd op een dak in Gesves. Lees meer over het project.<\/p>\n<\/div>\n\t<a class=\"dt-btn-s dt-btn post-details details-type-btn\" href=\"https:\/\/www.iseoprojection.com\/nl\/realisatie\/isolatie-dakbedekking-interieur-gesves\/\" target=\"\">Lees meer<i class=\"dt-icon-the7-arrow-03\" aria-hidden=\"true\"><\/i><\/a>\n<\/div><\/article><\/div><div class=\"hidden wf-cell\" data-post-id=\"2830\" data-date=\"2024-02-01T14:37:01+01:00\" data-name=\"Dakisolatie van binnenuit \u2013 Werf in Z\u00e9trud-Lumay\"><article class=\"post visible post-2830 dt_portfolio type-dt_portfolio status-publish has-post-thumbnail hentry dt_portfolio_category-dak dt_portfolio_category-48\" data-name=\"Dakisolatie van binnenuit \u2013 Werf in Z\u00e9trud-Lumay\" data-date=\"2024-02-01T14:37:01+01:00\">\n\n<div class=\"post-thumbnail-wrap forward-post \">\n\t<div class=\"post-thumbnail\">\n\n\t\t<a href=\"https:\/\/www.iseoprojection.com\/nl\/realisatie\/isolatie-dak-interieur-zetrud-lumay\/\" class=\"post-thumbnail-rollover layzr-bg\" target=\"\"  aria-label=\"Post image\"><img decoding=\"async\" class=\"iso-lazy-load preload-me iso-lazy-load aspect\" src=\"data:image\/svg+xml,%3Csvg%20xmlns%3D&#39;http%3A%2F%2Fwww.w3.org%2F2000%2Fsvg&#39;%20viewBox%3D&#39;0%200%20768%20512&#39;%2F%3E\" data-src=\"https:\/\/www.iseoprojection.com\/wp-content\/uploads\/2024\/02\/structure-metal-pour-isolation-toit-zetrud-lumay-768x512.jpg\" data-srcset=\"https:\/\/www.iseoprojection.com\/wp-content\/uploads\/2024\/02\/structure-metal-pour-isolation-toit-zetrud-lumay-768x512.jpg 768w, https:\/\/www.iseoprojection.com\/wp-content\/uploads\/2024\/02\/structure-metal-pour-isolation-toit-zetrud-lumay-900x600.jpg 900w\" loading=\"eager\" style=\"--ratio: 768 \/ 512\" sizes=\"(max-width: 768px) 100vw, 768px\" alt=\"Support en m\u00e9tal avant d&#039;isoler un toit avec de la mousse projet\u00e9e\" title=\"structure-metal-pour-isolation-toit-zetrud-lumay\" width=\"768\" height=\"512\"  \/><\/a>\n\t<\/div>\n<\/div>\n\n\n<div class=\"post-entry-content\">\n\n\t<h3 class=\"entry-title\">\n\t\t<a href=\"https:\/\/www.iseoprojection.com\/nl\/realisatie\/isolatie-dak-interieur-zetrud-lumay\/\" target=\"\" title=\"Dakisolatie van binnenuit \u2013 Werf in Z\u00e9trud-Lumay\" rel=\"bookmark\">Dakisolatie van binnenuit \u2013 Werf in Z\u00e9trud-Lumay<\/a>\n\t<\/h3>\n\n\t\n\t<div class=\"entry-excerpt\"><p>Ons team heeft isolatiewerkzaamheden uitgevoerd op een dak in Z\u00e9trud-Lumay. Lees meer over het project.<\/p>\n<\/div>\n\t<a class=\"dt-btn-s dt-btn post-details details-type-btn\" href=\"https:\/\/www.iseoprojection.com\/nl\/realisatie\/isolatie-dak-interieur-zetrud-lumay\/\" target=\"\">Lees meer<i class=\"dt-icon-the7-arrow-03\" aria-hidden=\"true\"><\/i><\/a>\n<\/div><\/article><\/div><div class=\"hidden wf-cell\" data-post-id=\"2813\" data-date=\"2024-01-31T17:27:08+01:00\" data-name=\"Dakisolatie - werf boerderij Mehaignoul in Meux (La Bruy\u00e8re)\"><article class=\"post visible post-2813 dt_portfolio type-dt_portfolio status-publish has-post-thumbnail hentry dt_portfolio_category-dak dt_portfolio_category-48\" data-name=\"Dakisolatie &#8211; werf boerderij Mehaignoul in Meux (La Bruy\u00e8re)\" data-date=\"2024-01-31T17:27:08+01:00\">\n\n<div class=\"post-thumbnail-wrap forward-post \">\n\t<div class=\"post-thumbnail\">\n\n\t\t<a href=\"https:\/\/www.iseoprojection.com\/nl\/realisatie\/dakisolatie-werf-boerderij-mehaignoul-in-meux\/\" class=\"post-thumbnail-rollover layzr-bg\" target=\"\"  aria-label=\"Post image\"><img decoding=\"async\" class=\"iso-lazy-load preload-me iso-lazy-load aspect\" src=\"data:image\/svg+xml,%3Csvg%20xmlns%3D&#39;http%3A%2F%2Fwww.w3.org%2F2000%2Fsvg&#39;%20viewBox%3D&#39;0%200%20768%20512&#39;%2F%3E\" data-src=\"https:\/\/www.iseoprojection.com\/wp-content\/uploads\/2024\/01\/IMG_20231220_151846-768x512.jpg\" data-srcset=\"https:\/\/www.iseoprojection.com\/wp-content\/uploads\/2024\/01\/IMG_20231220_151846-768x512.jpg 768w, https:\/\/www.iseoprojection.com\/wp-content\/uploads\/2024\/01\/IMG_20231220_151846-901x600.jpg 901w\" loading=\"eager\" style=\"--ratio: 768 \/ 512\" sizes=\"(max-width: 768px) 100vw, 768px\" alt=\"Isolation par l&#039;int\u00e9rieur et par mousse projet\u00e9e d&#039;une toiture inclin\u00e9e\" title=\"IMG_20231220_151846\" width=\"768\" height=\"512\"  \/><\/a>\n\t<\/div>\n<\/div>\n\n\n<div class=\"post-entry-content\">\n\n\t<h3 class=\"entry-title\">\n\t\t<a href=\"https:\/\/www.iseoprojection.com\/nl\/realisatie\/dakisolatie-werf-boerderij-mehaignoul-in-meux\/\" target=\"\" title=\"Dakisolatie &#8211; werf boerderij Mehaignoul in Meux (La Bruy\u00e8re)\" rel=\"bookmark\">Dakisolatie &#8211; werf boerderij Mehaignoul in Meux (La Bruy\u00e8re)<\/a>\n\t<\/h3>\n\n\t\n\t<div class=\"entry-excerpt\"><p>Een ander project waarbij onze hoogwaardige ISEO H2O-isolatie is gebruikt, voor dit dak op de boerderij in Mehaignoul.<\/p>\n<\/div>\n\t<a class=\"dt-btn-s dt-btn post-details details-type-btn\" href=\"https:\/\/www.iseoprojection.com\/nl\/realisatie\/dakisolatie-werf-boerderij-mehaignoul-in-meux\/\" target=\"\">Lees meer<i class=\"dt-icon-the7-arrow-03\" aria-hidden=\"true\"><\/i><\/a>\n<\/div><\/article><\/div><div class=\"hidden wf-cell\" data-post-id=\"2673\" data-date=\"2023-12-01T09:09:24+01:00\" data-name=\"Dakisolatie - werf te Mont-Saint-Guibert\"><article class=\"post visible post-2673 dt_portfolio type-dt_portfolio status-publish has-post-thumbnail hentry dt_portfolio_category-dak dt_portfolio_category-48\" data-name=\"Dakisolatie &#8211; werf te Mont-Saint-Guibert\" data-date=\"2023-12-01T09:09:24+01:00\">\n\n<div class=\"post-thumbnail-wrap forward-post \">\n\t<div class=\"post-thumbnail\">\n\n\t\t<a href=\"https:\/\/www.iseoprojection.com\/nl\/realisatie\/isolatie-dak-mont-saint-guibert\/\" class=\"post-thumbnail-rollover layzr-bg\" target=\"\"  aria-label=\"Post image\"><img decoding=\"async\" class=\"iso-lazy-load preload-me iso-lazy-load aspect\" src=\"data:image\/svg+xml,%3Csvg%20xmlns%3D&#39;http%3A%2F%2Fwww.w3.org%2F2000%2Fsvg&#39;%20viewBox%3D&#39;0%200%20768%20512&#39;%2F%3E\" data-src=\"https:\/\/www.iseoprojection.com\/wp-content\/uploads\/2023\/12\/ISEO-chantier-mont-sain-guibert-1-768x512.jpg\" data-srcset=\"https:\/\/www.iseoprojection.com\/wp-content\/uploads\/2023\/12\/ISEO-chantier-mont-sain-guibert-1-768x512.jpg 768w, https:\/\/www.iseoprojection.com\/wp-content\/uploads\/2023\/12\/ISEO-chantier-mont-sain-guibert-1-800x533.jpg 800w\" loading=\"eager\" style=\"--ratio: 768 \/ 512\" sizes=\"(max-width: 768px) 100vw, 768px\" alt=\"\" title=\"ISEO-chantier-mont-sain-guibert (1)\" width=\"768\" height=\"512\"  \/><\/a>\n\t<\/div>\n<\/div>\n\n\n<div class=\"post-entry-content\">\n\n\t<h3 class=\"entry-title\">\n\t\t<a href=\"https:\/\/www.iseoprojection.com\/nl\/realisatie\/isolatie-dak-mont-saint-guibert\/\" target=\"\" title=\"Dakisolatie &#8211; werf te Mont-Saint-Guibert\" rel=\"bookmark\">Dakisolatie &#8211; werf te Mont-Saint-Guibert<\/a>\n\t<\/h3>\n\n\t\n\t<div class=\"entry-excerpt\"><p>Ons team heeft isolatiewerkzaamheden uitgevoerd op een dak in Mont-Saint-Guibert. Lees meer over het project.<\/p>\n<\/div>\n\t<a class=\"dt-btn-s dt-btn post-details details-type-btn\" href=\"https:\/\/www.iseoprojection.com\/nl\/realisatie\/isolatie-dak-mont-saint-guibert\/\" target=\"\">Lees meer<i class=\"dt-icon-the7-arrow-03\" aria-hidden=\"true\"><\/i><\/a>\n<\/div><\/article><\/div><div class=\"hidden wf-cell\" data-post-id=\"2530\" data-date=\"2023-11-16T12:10:56+01:00\" data-name=\"Dakrenovatie - Werf te Destelbergen\"><article class=\"post visible post-2530 dt_portfolio type-dt_portfolio status-publish has-post-thumbnail hentry dt_portfolio_category-dak dt_portfolio_category-48\" data-name=\"Dakrenovatie &#8211; Werf te Destelbergen\" data-date=\"2023-11-16T12:10:56+01:00\">\n\n<div class=\"post-thumbnail-wrap forward-post \">\n\t<div class=\"post-thumbnail\">\n\n\t\t<a href=\"https:\/\/www.iseoprojection.com\/nl\/realisatie\/dakrenovatie-werf-te-destelbergen\/\" class=\"post-thumbnail-rollover layzr-bg\" target=\"\"  aria-label=\"Post image\"><img decoding=\"async\" class=\"iso-lazy-load preload-me iso-lazy-load aspect\" src=\"data:image\/svg+xml,%3Csvg%20xmlns%3D&#39;http%3A%2F%2Fwww.w3.org%2F2000%2Fsvg&#39;%20viewBox%3D&#39;0%200%20768%20512&#39;%2F%3E\" data-src=\"https:\/\/www.iseoprojection.com\/wp-content\/uploads\/2023\/11\/iseoprojection-realisation-destelbergen-featured-768x512.jpg\" data-srcset=\"https:\/\/www.iseoprojection.com\/wp-content\/uploads\/2023\/11\/iseoprojection-realisation-destelbergen-featured-768x512.jpg 768w, https:\/\/www.iseoprojection.com\/wp-content\/uploads\/2023\/11\/iseoprojection-realisation-destelbergen-featured-900x600.jpg 900w\" loading=\"eager\" style=\"--ratio: 768 \/ 512\" sizes=\"(max-width: 768px) 100vw, 768px\" alt=\"gespoten polyurethaanschuim op een dak\" title=\"iseoprojection-realisation-destelbergen-featured\" width=\"768\" height=\"512\"  \/><\/a>\n\t<\/div>\n<\/div>\n\n\n<div class=\"post-entry-content\">\n\n\t<h3 class=\"entry-title\">\n\t\t<a href=\"https:\/\/www.iseoprojection.com\/nl\/realisatie\/dakrenovatie-werf-te-destelbergen\/\" target=\"\" title=\"Dakrenovatie &#8211; Werf te Destelbergen\" rel=\"bookmark\">Dakrenovatie &#8211; Werf te Destelbergen<\/a>\n\t<\/h3>\n\n\t\n\t<div class=\"entry-excerpt\"><p>Lees meer over ons dakrenovatieproject in Destelbergen. Focus op het isoleren van het dak van een villa uit 1960.<\/p>\n<\/div>\n\t<a class=\"dt-btn-s dt-btn post-details details-type-btn\" href=\"https:\/\/www.iseoprojection.com\/nl\/realisatie\/dakrenovatie-werf-te-destelbergen\/\" target=\"\">Lees meer<i class=\"dt-icon-the7-arrow-03\" aria-hidden=\"true\"><\/i><\/a>\n<\/div><\/article><\/div><\/div><!-- iso-container|iso-grid --><div class=\"paginator\" role=\"navigation\"><\/div><\/div>[\/vc_column][\/vc_row][vc_row gap=&#8221;20&#8243; equal_height=&#8221;yes&#8221; content_placement=&#8221;top&#8221; bg_type=&#8221;image&#8221; parallax_style=&#8221;vcpb-default&#8221; bg_image_new=&#8221;id^445|url^https:\/\/www.iseoprojection.com\/wp-content\/uploads\/2022\/03\/toiture-in-ex.jpg|caption^null|alt^null|title^toiture-in-ex|description^null&#8221; bg_image_repeat=&#8221;no-repeat&#8221; bg_override=&#8221;ex-full&#8221; enable_overlay=&#8221;enable_overlay_value&#8221; overlay_color=&#8221;rgba(0,73,123,0.75)&#8221; seperator_enable=&#8221;seperator_enable_value&#8221; seperator_type=&#8221;xlarge_circle_seperator&#8221; seperator_svg_height=&#8221;180&#8243; seperator_shape_background=&#8221;#ffffff&#8221; css=&#8221;.vc_custom_1648110697527{padding-top: 150px !important;padding-bottom: 80px !important;}&#8221; el_class=&#8221;custom-overlay&#8221;][vc_column]<div class=\"ult-spacer spacer-69f140d617c3b\" data-id=\"69f140d617c3b\" data-height=\"60\" data-height-mobile=\"60\" data-height-tab=\"60\" data-height-tab-portrait=\"\" data-height-mobile-landscape=\"\" style=\"clear:both;display:block;\"><\/div>[vc_column_text css=&#8221;.vc_custom_1759398502671{margin-bottom: 35px !important;}&#8221; el_class=&#8221;custom-white&#8221;]<\/p>\n<h2 class=\"p1\" style=\"text-align: center;\">Twee methodes voor dakisolatie<\/h2>\n<p>[\/vc_column_text][\/vc_column][vc_column width=&#8221;1\/2&#8243; el_class=&#8221;custom-line-lw&#8221; offset=&#8221;vc_col-lg-5&#8243;][vc_column_text css=&#8221;&#8221; el_class=&#8221;custom-white&#8221;]<\/p>\n<h3><span style=\"color: #9bd8f7;\">Dakisolatie langs binnen<\/span><\/h3>\n<p class=\"p1\">Heeft u een <b>onbewoonde zolder<\/b>? Dan plaatsen wij gespoten of biogebaseerde isolatie aan de binnenzijde op de onderdakconstructie. Wij kunnen de gewenste dikte makkelijk aanbrengen en isolatiewaarden behalen die vergelijkbaar zijn met passiefhuizen.<\/p>\n<p class=\"p3\">Na de isolatiewerken zorgen wij ook voor de <b>afwerking<\/b> met gipsplaten of houtbekleding.<\/p>\n<p>[\/vc_column_text][\/vc_column][vc_column width=&#8221;1\/2&#8243; offset=&#8221;vc_col-lg-7&#8243;][vc_column_text css=&#8221;&#8221; el_class=&#8221;custom-white&#8221;]<\/p>\n<h3><span style=\"color: #9bd8f7;\">Dakisolatie langs buiten<\/span><\/h3>\n<p class=\"p1\">Is uw zolder <b>bewoond of afgewerkt<\/b>? Dan passen wij de <b>sarking-methode<\/b> toe. Hierbij wordt de dakbedekking (pannen, leien, zink \u2026) verwijderd en opnieuw geplaatst.<\/p>\n<ul class=\"ul1\">\n<li class=\"li1\">Met <b>gespoten schuim<\/b> vullen we alle ruimtes tussen de kepers, waardoor u een <b>continu isolatieschild<\/b> krijgt, perfect luchtdicht en zonder warmtebruggen.<\/li>\n<li class=\"li1\">Met <b>biogebaseerde isolatie<\/b> vullen we de holtes van de dakconstructie met natuurlijke materialen, een ideale keuze voor wie ecologie en comfort wil combineren.<\/li>\n<\/ul>\n<p class=\"p3\">Dakisolatie langs buiten biedt in beide gevallen <b>optimale warmte- en geluidsisolatie<\/b> en elimineert koudebruggen.<\/p>\n<p>[\/vc_column_text][\/vc_column][\/vc_row][vc_row css=&#8221;.vc_custom_1648111552992{padding-top: 40px !important;padding-bottom: 80px !important;}&#8221;][vc_column css_animation=&#8221;appear&#8221; css=&#8221;.vc_custom_1643711645535{padding-top: 30px !important;padding-right: 30px !important;padding-bottom: 30px !important;padding-left: 30px !important;background-color: #008ad1 !important;border-radius: 20px !important;}&#8221; el_class=&#8221;custom-col-shadow&#8221;][vc_column_text css=&#8221;&#8221; el_class=&#8221;custom-white&#8221;]<\/p>\n<h2 class=\"p1\" style=\"text-align: center;\">Meer weten over dakisolatie?<\/h2>\n<p class=\"p2\" style=\"text-align: center;\">Stel ons uw vragen! Onze experts adviseren en begeleiden u naar de <b>meest rendabele dakisolatie-oplossing<\/b> voor uw woning.<\/p>\n<p>[\/vc_column_text]<style type=\"text\/css\" data-type=\"the7_shortcodes-inline-css\">#default-btn-0498b174d3c3802a3a8f114760f48c88.ico-right-side > i {\n  margin-right: 0px;\n  margin-left: 8px;\n}\n#default-btn-0498b174d3c3802a3a8f114760f48c88 > i {\n  margin-right: 8px;\n}<\/style><div class=\"btn-align-center\"><a href=\"https:\/\/www.iseoprojection.com\/nl\/contact\/\" class=\"default-btn-shortcode dt-btn dt-btn-l link-hover-off  vc_custom_1759398595904\" id=\"default-btn-0498b174d3c3802a3a8f114760f48c88\" title=\"Contacteer ons\"><span>Contacteer ons<\/span><\/a><\/div>[\/vc_column][\/vc_row][vc_row gap=&#8221;20&#8243; equal_height=&#8221;yes&#8221; content_placement=&#8221;middle&#8221; css=&#8221;.vc_custom_1711099437624{padding-top: 80px !important;}&#8221;][vc_column offset=&#8221;vc_col-lg-offset-2 vc_col-lg-8&#8243;][vc_column_text css=&#8221;&#8221;]<\/p>\n<h2 class=\"p1\" style=\"text-align: center;\">Uw huis isoleren met ISEO Projection<\/h2>\n<p>[\/vc_column_text][vc_column_text css=&#8221;&#8221;]<\/p>\n<p class=\"p1\">Vertrouw op ISEO Projection, de <b>specialist in gespoten schuimisolatie<\/b> in Belgi\u00eb. Wij isoleren uw dak \u00e9n alle andere delen van uw woning:<\/p>\n<p>[\/vc_column_text][\/vc_column][\/vc_row][vc_row gap=&#8221;10&#8243; equal_height=&#8221;yes&#8221; css=&#8221;.vc_custom_1711100424587{padding-bottom: 80px !important;}&#8221;][vc_column width=&#8221;1\/3&#8243; offset=&#8221;vc_col-lg-2&#8243;]<div class=\"aio-icon-component   custom-infobox-house style_1\"><a class=\"aio-icon-box-link\" href=\"https:\/\/www.iseoprojection.com\/nl\/woningisolatie\/kelderisolatie\/\" title=\"Kelderisolatie\" ><div id=\"Info-box-wrap-6684\" class=\"aio-icon-box top-icon\" style=\"\"  ><div class=\"aio-icon-top\"><div class=\"ult-just-icon-wrapper  \"><div class=\"align-icon\" style=\"text-align:center;\">\n<div class=\"aio-icon-img \" style=\"font-size:120px;display:inline-block;\" >\n\t<img decoding=\"async\" class=\"img-icon\" alt=\"null\" src=\"https:\/\/www.iseoprojection.com\/wp-content\/uploads\/2024\/05\/cave.webp\"\/>\n<\/div><\/div><\/div><\/div><div class=\"aio-icon-header\" ><p class=\"aio-icon-title ult-responsive\"  data-ultimate-target='#Info-box-wrap-6684 .aio-icon-title'  data-responsive-json-new='{\"font-size\":\"desktop:18px;\",\"line-height\":\"desktop:30px;\"}'  style=\"font-weight:bold;color:#01adea;\">Kelderisolatie<\/p><\/div> <!-- header --><\/div> <!-- aio-icon-box --><\/a><\/div> <!-- aio-icon-component -->[\/vc_column][vc_column width=&#8221;1\/3&#8243; offset=&#8221;vc_col-lg-2&#8243;]<div class=\"aio-icon-component   custom-infobox-house style_1\"><a class=\"aio-icon-box-link\" href=\"https:\/\/www.iseoprojection.com\/nl\/woningisolatie\/vloerisolatie\/\" title=\"Vloerisolatie\" ><div id=\"Info-box-wrap-3200\" class=\"aio-icon-box top-icon\" style=\"\"  ><div class=\"aio-icon-top\"><div class=\"ult-just-icon-wrapper  \"><div class=\"align-icon\" style=\"text-align:center;\">\n<div class=\"aio-icon-img \" style=\"font-size:120px;display:inline-block;\" >\n\t<img decoding=\"async\" class=\"img-icon\" alt=\"null\" src=\"https:\/\/www.iseoprojection.com\/wp-content\/uploads\/2024\/05\/icon-sol.webp\"\/>\n<\/div><\/div><\/div><\/div><div class=\"aio-icon-header\" ><p class=\"aio-icon-title ult-responsive\"  data-ultimate-target='#Info-box-wrap-3200 .aio-icon-title'  data-responsive-json-new='{\"font-size\":\"desktop:18px;\",\"line-height\":\"desktop:30px;\"}'  style=\"font-weight:bold;color:#3e8b2b;\">Vloerisolatie<\/p><\/div> <!-- header --><\/div> <!-- aio-icon-box --><\/a><\/div> <!-- aio-icon-component -->[\/vc_column][vc_column width=&#8221;1\/3&#8243; offset=&#8221;vc_col-lg-2&#8243;]<div class=\"aio-icon-component   custom-infobox-house style_1\"><a class=\"aio-icon-box-link\" href=\"https:\/\/www.iseoprojection.com\/nl\/woningisolatie\/muurisolatie\/\" title=\"Muurisolatie\" ><div id=\"Info-box-wrap-3890\" class=\"aio-icon-box top-icon\" style=\"\"  ><div class=\"aio-icon-top\"><div class=\"ult-just-icon-wrapper  \"><div class=\"align-icon\" style=\"text-align:center;\">\n<div class=\"aio-icon-img \" style=\"font-size:120px;display:inline-block;\" >\n\t<img decoding=\"async\" class=\"img-icon\" alt=\"null\" src=\"https:\/\/www.iseoprojection.com\/wp-content\/uploads\/2024\/05\/icon-murs.webp\"\/>\n<\/div><\/div><\/div><\/div><div class=\"aio-icon-header\" ><p class=\"aio-icon-title ult-responsive\"  data-ultimate-target='#Info-box-wrap-3890 .aio-icon-title'  data-responsive-json-new='{\"font-size\":\"desktop:18px;\",\"line-height\":\"desktop:30px;\"}'  style=\"font-weight:bold;color:#65ad27;\">Muurisolatie<\/p><\/div> <!-- header --><\/div> <!-- aio-icon-box --><\/a><\/div> <!-- aio-icon-component -->[\/vc_column][vc_column width=&#8221;1\/3&#8243; offset=&#8221;vc_col-lg-2&#8243;]<div class=\"aio-icon-component   custom-infobox-house style_1\"><a class=\"aio-icon-box-link\" href=\"https:\/\/www.iseoprojection.com\/nl\/woningisolatie\/plafondisolatie\/\" title=\"Isolatie van plafonds\" ><div id=\"Info-box-wrap-4004\" class=\"aio-icon-box top-icon\" style=\"\"  ><div class=\"aio-icon-top\"><div class=\"ult-just-icon-wrapper  \"><div class=\"align-icon\" style=\"text-align:center;\">\n<div class=\"aio-icon-img \" style=\"font-size:120px;display:inline-block;\" >\n\t<img decoding=\"async\" class=\"img-icon\" alt=\"null\" src=\"https:\/\/www.iseoprojection.com\/wp-content\/uploads\/2024\/03\/plafond.webp\"\/>\n<\/div><\/div><\/div><\/div><div class=\"aio-icon-header\" ><p class=\"aio-icon-title ult-responsive\"  data-ultimate-target='#Info-box-wrap-4004 .aio-icon-title'  data-responsive-json-new='{\"font-size\":\"desktop:18px;\",\"line-height\":\"desktop:30px;\"}'  style=\"font-weight:bold;color:#90d2f6;\">Isolatie van plafonds<\/p><\/div> <!-- header --><\/div> <!-- aio-icon-box --><\/a><\/div> <!-- aio-icon-component -->[\/vc_column][vc_column width=&#8221;1\/3&#8243; offset=&#8221;vc_col-lg-2&#8243;]<div class=\"aio-icon-component   custom-infobox-house style_1\"><a class=\"aio-icon-box-link\" href=\"https:\/\/www.iseoprojection.com\/nl\/woningisolatie\/isolatie-van-de-geventileerde-ruimte\/\" title=\"Isolatie van de kruipkelder\" ><div id=\"Info-box-wrap-3652\" class=\"aio-icon-box top-icon\" style=\"\"  ><div class=\"aio-icon-top\"><div class=\"ult-just-icon-wrapper  \"><div class=\"align-icon\" style=\"text-align:center;\">\n<div class=\"aio-icon-img \" style=\"font-size:120px;display:inline-block;\" >\n\t<img decoding=\"async\" class=\"img-icon\" alt=\"null\" src=\"https:\/\/www.iseoprojection.com\/wp-content\/uploads\/2024\/03\/vide-ventile.webp\"\/>\n<\/div><\/div><\/div><\/div><div class=\"aio-icon-header\" ><p class=\"aio-icon-title ult-responsive\"  data-ultimate-target='#Info-box-wrap-3652 .aio-icon-title'  data-responsive-json-new='{\"font-size\":\"desktop:18px;\",\"line-height\":\"desktop:30px;\"}'  style=\"font-weight:bold;color:#01adea;\">Isolatie van de kruipkelder<\/p><\/div> <!-- header --><\/div> <!-- aio-icon-box --><\/a><\/div> <!-- aio-icon-component -->[\/vc_column][vc_column width=&#8221;1\/3&#8243; offset=&#8221;vc_col-lg-2&#8243;]<div class=\"aio-icon-component   custom-infobox-house style_1\"><a class=\"aio-icon-box-link\" href=\"https:\/\/www.iseoprojection.com\/nl\/woningisolatie\/zolderisolatie\/\" title=\"Zolderisolatie\" ><div id=\"Info-box-wrap-1257\" class=\"aio-icon-box top-icon\" style=\"\"  ><div class=\"aio-icon-top\"><div class=\"ult-just-icon-wrapper  \"><div class=\"align-icon\" style=\"text-align:center;\">\n<div class=\"aio-icon-img \" style=\"font-size:120px;display:inline-block;\" >\n\t<img decoding=\"async\" class=\"img-icon\" alt=\"null\" src=\"https:\/\/www.iseoprojection.com\/wp-content\/uploads\/2024\/05\/grenier.webp\"\/>\n<\/div><\/div><\/div><\/div><div class=\"aio-icon-header\" ><p class=\"aio-icon-title ult-responsive\"  data-ultimate-target='#Info-box-wrap-1257 .aio-icon-title'  data-responsive-json-new='{\"font-size\":\"desktop:18px;\",\"line-height\":\"desktop:30px;\"}'  style=\"font-weight:bold;color:#bbcd25;\">Zolderisolatie<\/p><\/div> <!-- header --><\/div> <!-- aio-icon-box --><\/a><\/div> <!-- aio-icon-component -->[\/vc_column][\/vc_row][vc_row][vc_column][vc_column_text css=&#8221;&#8221;]<\/p>\n<h2 class=\"p1\">FAQ \u2013 Alles over dakisolatie<\/h2>\n<p>[\/vc_column_text][vc_toggle title=&#8221;Waarom is dakisolatie zo belangrijk?&#8221; css=&#8221;&#8221;]<\/p>\n<p class=\"p1\">Een dak is verantwoordelijk voor <b>tot 30% warmteverlies<\/b> in een slecht ge\u00efsoleerde woning. <b>Dakisolatie<\/b> verlaagt de energiefactuur, verbetert het thermisch comfort en dempt omgevingsgeluiden.<\/p>\n<p>[\/vc_toggle][vc_toggle title=&#8221;Wat kost dakisolatie?&#8221; css=&#8221;&#8221;]<\/p>\n<p class=\"p1\">De prijs van <b>dakisolatie<\/b> hangt af van verschillende factoren: toegang tot het dak, gebruikte materialen, gekozen methode (langs binnen of buiten) en de gewenste prestaties. Wij maken altijd een <a href=\"https:\/\/www.iseoprojection.com\/nl\/gratis-offerte\/\"><span class=\"s1\"><b>gratis persoonlijke offerte<\/b><\/span><\/a>. Bovendien bestaan in Belgi\u00eb, Frankrijk en Luxemburg <b>energiepremies<\/b> voor dakisolatie.<\/p>\n<p>[\/vc_toggle][vc_toggle title=&#8221;Welke isolatiedikte is nodig voor een dak?&#8221; css=&#8221;&#8221;]<\/p>\n<p class=\"p1\">De isolatiedikte hangt af van het type dak, de gekozen methode en de energiedoelstellingen. Onze experts bepalen voor u de ideale dikte in <b>gespoten schuimisolatie<\/b> of <b>biogebaseerde isolatie<\/b>.<\/p>\n<p>[\/vc_toggle][vc_toggle title=&#8221;Kan dakisolatie gecombineerd worden met andere werken?&#8221; css=&#8221;&#8221;]<\/p>\n<p class=\"p1\">Ja. Wij bieden ook isolatie van <b>plafonds, muren, vloeren, kelder, kruipruimte en zolder<\/b>, evenals volledige <b>afwerkingswerken<\/b>. Zo maximaliseert u de energie-effici\u00ebntie van uw woning.<\/p>\n<p>[\/vc_toggle][\/vc_column][\/vc_row]<\/p>\n<\/div>","protected":false},"excerpt":{"rendered":"<p>[vc_row gap=&#8221;15&#8243; equal_height=&#8221;yes&#8221; content_placement=&#8221;top&#8221; bg_type=&#8221;image&#8221; parallax_style=&#8221;vcpb-default&#8221; bg_image_new=&#8221;id^5966|url^https:\/\/www.iseoprojection.com\/wp-content\/uploads\/2025\/10\/iseo-isolation-toiture-laine-de-bois.jpg|caption^null|alt^Isolation d&#8217;une toiture avec de la laine de bois|title^iseo-isolation-toiture-laine-de-bois|description^null&#8221; bg_image_repeat=&#8221;no-repeat&#8221; bg_override=&#8221;ex-full&#8221; enable_overlay=&#8221;enable_overlay_value&#8221; overlay_color=&#8221;rgba(0,73,123,0.3)&#8221; seperator_enable=&#8221;seperator_enable_value&#8221; seperator_type=&#8221;xlarge_circle_seperator&#8221; seperator_position=&#8221;bottom_seperator&#8221; seperator_shape_background=&#8221;#ffffff&#8221; el_class=&#8221;custom-row custom-overlay&#8221; css=&#8221;.vc_custom_1759480619245{padding-top: 20px !important;padding-bottom: 40px !important;}&#8221;][vc_column offset=&#8221;vc_col-lg-10&#8243;][vc_column_text css=&#8221;.vc_custom_1759398108181{margin-bottom: 0px !important;}&#8221; el_class=&#8221;custom-white&#8221;] Performante en gezonde dakisolatie [\/vc_column_text][\/vc_column][vc_column width=&#8221;1\/2&#8243;][vc_column_text css=&#8221;&#8221; el_class=&#8221;custom-white&#8221;] Isoleer uw dak met onze technieken van gespoten schuimisolatie of biogebaseerde isolatie,&hellip;<\/p>\n","protected":false},"author":1,"featured_media":0,"parent":986,"menu_order":3,"comment_status":"closed","ping_status":"closed","template":"","meta":{"footnotes":""},"class_list":["post-998","page","type-page","status-publish","hentry","description-off"],"yoast_head":"<!-- This site is optimized with the Yoast SEO plugin v27.4 - https:\/\/yoast.com\/product\/yoast-seo-wordpress\/ -->\n<title>Dakisolatie door een specialist in gespoten isolatie<\/title>\n<meta name=\"description\" content=\"Isoleer uw dak met onze oplossingen in gespoten schuimisolatie of biogebaseerde isolatie. Snel en effici\u00ebnt voor een energiezuinige woning!\" \/>\n<meta name=\"robots\" content=\"index, follow, max-snippet:-1, max-image-preview:large, max-video-preview:-1\" \/>\n<link rel=\"canonical\" href=\"https:\/\/www.iseoprojection.com\/nl\/woningisolatie\/dakisolatie\/\" \/>\n<meta property=\"og:locale\" content=\"nl_NL\" \/>\n<meta property=\"og:type\" content=\"article\" \/>\n<meta property=\"og:title\" content=\"Dakisolatie door een specialist in gespoten isolatie\" \/>\n<meta property=\"og:description\" content=\"Isoleer uw dak met onze oplossingen in gespoten schuimisolatie of biogebaseerde isolatie. Snel en effici\u00ebnt voor een energiezuinige woning!\" \/>\n<meta property=\"og:url\" content=\"https:\/\/www.iseoprojection.com\/nl\/woningisolatie\/dakisolatie\/\" \/>\n<meta property=\"og:site_name\" content=\"ISEO projection\" \/>\n<meta property=\"article:modified_time\" content=\"2025-10-03T08:37:54+00:00\" \/>\n<meta name=\"twitter:card\" content=\"summary_large_image\" \/>\n<meta name=\"twitter:label1\" content=\"Geschatte leestijd\" \/>\n\t<meta name=\"twitter:data1\" content=\"7 minuten\" \/>\n<script type=\"application\/ld+json\" class=\"yoast-schema-graph\">{\"@context\":\"https:\\\/\\\/schema.org\",\"@graph\":[{\"@type\":\"WebPage\",\"@id\":\"https:\\\/\\\/www.iseoprojection.com\\\/nl\\\/woningisolatie\\\/dakisolatie\\\/\",\"url\":\"https:\\\/\\\/www.iseoprojection.com\\\/nl\\\/woningisolatie\\\/dakisolatie\\\/\",\"name\":\"Dakisolatie door een specialist in gespoten isolatie\",\"isPartOf\":{\"@id\":\"https:\\\/\\\/www.iseoprojection.com\\\/#website\"},\"datePublished\":\"2022-01-31T09:52:40+00:00\",\"dateModified\":\"2025-10-03T08:37:54+00:00\",\"description\":\"Isoleer uw dak met onze oplossingen in gespoten schuimisolatie of biogebaseerde isolatie. Snel en effici\u00ebnt voor een energiezuinige woning!\",\"breadcrumb\":{\"@id\":\"https:\\\/\\\/www.iseoprojection.com\\\/nl\\\/woningisolatie\\\/dakisolatie\\\/#breadcrumb\"},\"inLanguage\":\"nl-NL\",\"potentialAction\":[{\"@type\":\"ReadAction\",\"target\":[\"https:\\\/\\\/www.iseoprojection.com\\\/nl\\\/woningisolatie\\\/dakisolatie\\\/\"]}]},{\"@type\":\"BreadcrumbList\",\"@id\":\"https:\\\/\\\/www.iseoprojection.com\\\/nl\\\/woningisolatie\\\/dakisolatie\\\/#breadcrumb\",\"itemListElement\":[{\"@type\":\"ListItem\",\"position\":1,\"name\":\"Accueil\",\"item\":\"https:\\\/\\\/www.iseoprojection.com\\\/nl\\\/\"},{\"@type\":\"ListItem\",\"position\":2,\"name\":\"Woning isolatie\",\"item\":\"https:\\\/\\\/www.iseoprojection.com\\\/nl\\\/woningisolatie\\\/\"},{\"@type\":\"ListItem\",\"position\":3,\"name\":\"dakisolatie\"}]},{\"@type\":\"WebSite\",\"@id\":\"https:\\\/\\\/www.iseoprojection.com\\\/#website\",\"url\":\"https:\\\/\\\/www.iseoprojection.com\\\/\",\"name\":\"ISEO projection\",\"description\":\"\",\"potentialAction\":[{\"@type\":\"SearchAction\",\"target\":{\"@type\":\"EntryPoint\",\"urlTemplate\":\"https:\\\/\\\/www.iseoprojection.com\\\/?s={search_term_string}\"},\"query-input\":{\"@type\":\"PropertyValueSpecification\",\"valueRequired\":true,\"valueName\":\"search_term_string\"}}],\"inLanguage\":\"nl-NL\"}]}<\/script>\n<!-- \/ Yoast SEO plugin. -->","yoast_head_json":{"title":"Dakisolatie door een specialist in gespoten isolatie","description":"Isoleer uw dak met onze oplossingen in gespoten schuimisolatie of biogebaseerde isolatie. Snel en effici\u00ebnt voor een energiezuinige woning!","robots":{"index":"index","follow":"follow","max-snippet":"max-snippet:-1","max-image-preview":"max-image-preview:large","max-video-preview":"max-video-preview:-1"},"canonical":"https:\/\/www.iseoprojection.com\/nl\/woningisolatie\/dakisolatie\/","og_locale":"nl_NL","og_type":"article","og_title":"Dakisolatie door een specialist in gespoten isolatie","og_description":"Isoleer uw dak met onze oplossingen in gespoten schuimisolatie of biogebaseerde isolatie. Snel en effici\u00ebnt voor een energiezuinige woning!","og_url":"https:\/\/www.iseoprojection.com\/nl\/woningisolatie\/dakisolatie\/","og_site_name":"ISEO projection","article_modified_time":"2025-10-03T08:37:54+00:00","twitter_card":"summary_large_image","twitter_misc":{"Geschatte leestijd":"7 minuten"},"schema":{"@context":"https:\/\/schema.org","@graph":[{"@type":"WebPage","@id":"https:\/\/www.iseoprojection.com\/nl\/woningisolatie\/dakisolatie\/","url":"https:\/\/www.iseoprojection.com\/nl\/woningisolatie\/dakisolatie\/","name":"Dakisolatie door een specialist in gespoten isolatie","isPartOf":{"@id":"https:\/\/www.iseoprojection.com\/#website"},"datePublished":"2022-01-31T09:52:40+00:00","dateModified":"2025-10-03T08:37:54+00:00","description":"Isoleer uw dak met onze oplossingen in gespoten schuimisolatie of biogebaseerde isolatie. Snel en effici\u00ebnt voor een energiezuinige woning!","breadcrumb":{"@id":"https:\/\/www.iseoprojection.com\/nl\/woningisolatie\/dakisolatie\/#breadcrumb"},"inLanguage":"nl-NL","potentialAction":[{"@type":"ReadAction","target":["https:\/\/www.iseoprojection.com\/nl\/woningisolatie\/dakisolatie\/"]}]},{"@type":"BreadcrumbList","@id":"https:\/\/www.iseoprojection.com\/nl\/woningisolatie\/dakisolatie\/#breadcrumb","itemListElement":[{"@type":"ListItem","position":1,"name":"Accueil","item":"https:\/\/www.iseoprojection.com\/nl\/"},{"@type":"ListItem","position":2,"name":"Woning isolatie","item":"https:\/\/www.iseoprojection.com\/nl\/woningisolatie\/"},{"@type":"ListItem","position":3,"name":"dakisolatie"}]},{"@type":"WebSite","@id":"https:\/\/www.iseoprojection.com\/#website","url":"https:\/\/www.iseoprojection.com\/","name":"ISEO projection","description":"","potentialAction":[{"@type":"SearchAction","target":{"@type":"EntryPoint","urlTemplate":"https:\/\/www.iseoprojection.com\/?s={search_term_string}"},"query-input":{"@type":"PropertyValueSpecification","valueRequired":true,"valueName":"search_term_string"}}],"inLanguage":"nl-NL"}]}},"_links":{"self":[{"href":"https:\/\/www.iseoprojection.com\/nl\/wp-json\/wp\/v2\/pages\/998","targetHints":{"allow":["GET"]}}],"collection":[{"href":"https:\/\/www.iseoprojection.com\/nl\/wp-json\/wp\/v2\/pages"}],"about":[{"href":"https:\/\/www.iseoprojection.com\/nl\/wp-json\/wp\/v2\/types\/page"}],"author":[{"embeddable":true,"href":"https:\/\/www.iseoprojection.com\/nl\/wp-json\/wp\/v2\/users\/1"}],"replies":[{"embeddable":true,"href":"https:\/\/www.iseoprojection.com\/nl\/wp-json\/wp\/v2\/comments?post=998"}],"version-history":[{"count":31,"href":"https:\/\/www.iseoprojection.com\/nl\/wp-json\/wp\/v2\/pages\/998\/revisions"}],"predecessor-version":[{"id":5985,"href":"https:\/\/www.iseoprojection.com\/nl\/wp-json\/wp\/v2\/pages\/998\/revisions\/5985"}],"up":[{"embeddable":true,"href":"https:\/\/www.iseoprojection.com\/nl\/wp-json\/wp\/v2\/pages\/986"}],"wp:attachment":[{"href":"https:\/\/www.iseoprojection.com\/nl\/wp-json\/wp\/v2\/media?parent=998"}],"curies":[{"name":"wp","href":"https:\/\/api.w.org\/{rel}","templated":true}]}}