{"id":996,"date":"2022-01-31T10:52:59","date_gmt":"2022-01-31T09:52:59","guid":{"rendered":"https:\/\/iseoprojection.poush-dev.be\/woningisolatie\/isolation-de-plafond\/"},"modified":"2025-10-02T13:51:48","modified_gmt":"2025-10-02T11:51:48","slug":"plafondisolatie","status":"publish","type":"page","link":"https:\/\/www.iseoprojection.com\/nl\/woningisolatie\/plafondisolatie\/","title":{"rendered":"Plafondisolatie"},"content":{"rendered":"<div class=\"wpb-content-wrapper\"><p>[vc_row equal_height=&#8221;yes&#8221; content_placement=&#8221;top&#8221; bg_type=&#8221;image&#8221; parallax_style=&#8221;vcpb-default&#8221; bg_image_new=&#8221;id^453|url^https:\/\/www.iseoprojection.com\/wp-content\/uploads\/2022\/03\/banner-isolation-plafond.jpg|caption^null|alt^null|title^banner-isolation-plafond|description^null&#8221; bg_image_repeat=&#8221;no-repeat&#8221; bg_image_posiiton=&#8221;bottom&#8221; bg_override=&#8221;ex-full&#8221; enable_overlay=&#8221;enable_overlay_value&#8221; overlay_color=&#8221;rgba(0,73,123,0.3)&#8221; seperator_enable=&#8221;seperator_enable_value&#8221; seperator_type=&#8221;xlarge_circle_seperator&#8221; seperator_position=&#8221;bottom_seperator&#8221; seperator_svg_height=&#8221;160&#8243; seperator_shape_background=&#8221;#00b6ed&#8221; el_class=&#8221;custom-row custom-overlay&#8221; css=&#8221;.vc_custom_1649079063584{padding-top: 80px !important;padding-bottom: 160px !important;}&#8221;][vc_column offset=&#8221;vc_col-lg-12&#8243; css=&#8221;.vc_custom_1648113148778{margin-bottom: 35px !important;}&#8221;][vc_column_text css=&#8221;&#8221; el_class=&#8221;custom-white&#8221;]<\/p>\n<h1>Plafondisolatie voor optimaal thermisch en akoestisch comfort<\/h1>\n<p>[\/vc_column_text][\/vc_column][vc_column width=&#8221;1\/2&#8243; css=&#8221;.vc_custom_1648114507853{margin-right: 30px !important;padding-top: 0px !important;}&#8221; offset=&#8221;vc_col-lg-7&#8243;][vc_column_text css=&#8221;&#8221; el_class=&#8221;custom-white&#8221;]<\/p>\n<p class=\"p1\">Wist u dat warmte altijd opstijgt? Om energieverlies te beperken en de prestaties van uw woning te verbeteren, <b>isoleert u uw plafond<\/b> met onze <b>gespoten en biogebaseerde isolatieoplossingen<\/b>.<\/p>\n<p>[\/vc_column_text]<style type=\"text\/css\" data-type=\"the7_shortcodes-inline-css\">#default-btn-6b288b31c01998a95068a784a7559d2d.ico-right-side > i {\n  margin-right: 0px;\n  margin-left: 8px;\n}\n#default-btn-6b288b31c01998a95068a784a7559d2d > i {\n  margin-right: 8px;\n}<\/style><a href=\"https:\/\/www.iseoprojection.com\/nl\/gratis-offerte\/\" class=\"default-btn-shortcode dt-btn dt-btn-l link-hover-off btn-inline-left  vc_custom_1759405192069\" id=\"default-btn-6b288b31c01998a95068a784a7559d2d\" title=\"Ontvang uw gratis offerte\"><span>Ontvang uw gratis offerte<\/span><\/a>[\/vc_column][vc_column width=&#8221;1\/2&#8243; el_class=&#8221;custom-col-shadow&#8221; css=&#8221;.vc_custom_1648114502548{padding-top: 0px !important;padding-right: 0px !important;padding-bottom: 0px !important;padding-left: 0px !important;border-radius: 30px !important;}&#8221; offset=&#8221;vc_col-lg-5&#8243;]<div class=\"uavc-list-icon uavc-list-icon-wrapper ult-adjust-bottom-margin custom-white  \"><ul class=\"uavc-list\"><li><div class=\"uavc-list-content\" id=\"list-icon-wrap-2204\">\n<div class=\"uavc-list-icon  \" data-animation=\"\" data-animation-delay=\"03\" style=\"margin-right:15px;\"><div class=\"ult-just-icon-wrapper  \"><div class=\"align-icon\" style=\"text-align:center;\">\n<div class=\"aio-icon-img \" style=\"font-size:60px;display:inline-block;\" >\n\t<img decoding=\"async\" class=\"img-icon\" alt=\"null\" src=\"https:\/\/www.iseoprojection.com\/wp-content\/uploads\/2022\/03\/picto-qualite-prix.png\"\/>\n<\/div><\/div><\/div>\n<\/div><span  data-ultimate-target='#list-icon-wrap-2204 .uavc-list-desc'  data-responsive-json-new='{\"font-size\":\"\",\"line-height\":\"\"}'  class=\"uavc-list-desc ult-responsive\" style=\"\"><b>Lagere energiefactuur<\/b>: thermische en akoestische isolatie met hoge prestaties<\/span><\/div><\/li><li><div class=\"uavc-list-content\" id=\"list-icon-wrap-8295\">\n<div class=\"uavc-list-icon  \" data-animation=\"\" data-animation-delay=\"03\" style=\"margin-right:15px;\"><div class=\"ult-just-icon-wrapper  \"><div class=\"align-icon\" style=\"text-align:center;\">\n<div class=\"aio-icon-img \" style=\"font-size:60px;display:inline-block;\" >\n\t<img decoding=\"async\" class=\"img-icon\" alt=\"null\" src=\"https:\/\/www.iseoprojection.com\/wp-content\/uploads\/2022\/03\/picto-confort.png\"\/>\n<\/div><\/div><\/div>\n<\/div><span  data-ultimate-target='#list-icon-wrap-8295 .uavc-list-desc'  data-responsive-json-new='{\"font-size\":\"\",\"line-height\":\"\"}'  class=\"uavc-list-desc ult-responsive\" style=\"\"><b>Optimale comfort<\/b>: aangename temperatuur het hele jaar door<\/span><\/div><\/li><li><div class=\"uavc-list-content\" id=\"list-icon-wrap-3277\">\n<div class=\"uavc-list-icon  \" data-animation=\"\" data-animation-delay=\"03\" style=\"margin-right:15px;\"><div class=\"ult-just-icon-wrapper  \"><div class=\"align-icon\" style=\"text-align:center;\">\n<div class=\"aio-icon-img \" style=\"font-size:60px;display:inline-block;\" >\n\t<img decoding=\"async\" class=\"img-icon\" alt=\"null\" src=\"https:\/\/www.iseoprojection.com\/wp-content\/uploads\/2022\/03\/picto-environement-sain.png\"\/>\n<\/div><\/div><\/div>\n<\/div><span  data-ultimate-target='#list-icon-wrap-3277 .uavc-list-desc'  data-responsive-json-new='{\"font-size\":\"\",\"line-height\":\"\"}'  class=\"uavc-list-desc ult-responsive\" style=\"\"><b>Gezond binnenklimaat<\/b>: geen schadelijke stoffen in de lucht<\/span><\/div><\/li><li><div class=\"uavc-list-content\" id=\"list-icon-wrap-9801\">\n<div class=\"uavc-list-icon  \" data-animation=\"\" data-animation-delay=\"03\" style=\"margin-right:15px;\"><div class=\"ult-just-icon-wrapper  \"><div class=\"align-icon\" style=\"text-align:center;\">\n<div class=\"aio-icon-img \" style=\"font-size:60px;display:inline-block;\" >\n\t<img decoding=\"async\" class=\"img-icon\" alt=\"Een zakje met het euroteken en munten voor de goedkope spuitisolatieoplossing\" src=\"https:\/\/www.iseoprojection.com\/wp-content\/uploads\/2023\/10\/picto-economie.webp\"\/>\n<\/div><\/div><\/div>\n<\/div><span  data-ultimate-target='#list-icon-wrap-9801 .uavc-list-desc'  data-responsive-json-new='{\"font-size\":\"\",\"line-height\":\"\"}'  class=\"uavc-list-desc ult-responsive\" style=\"\"><b>Uitstekende prijs-kwaliteitverhouding<\/b>: performante isolatie met gegarandeerd rendement<\/span><\/div><\/li><\/ul><\/div>[\/vc_column][\/vc_row][vc_row gap=&#8221;20&#8243; equal_height=&#8221;yes&#8221; content_placement=&#8221;top&#8221; bg_type=&#8221;grad&#8221; bg_override=&#8221;ex-full&#8221; seperator_enable=&#8221;seperator_enable_value&#8221; seperator_type=&#8221;xlarge_circle_seperator&#8221; seperator_position=&#8221;bottom_seperator&#8221; seperator_svg_height=&#8221;180&#8243; seperator_shape_background=&#8221;#ffffff&#8221; css=&#8221;.vc_custom_1649079102753{padding-top: 80px !important;padding-bottom: 160px !important;}&#8221; bg_grad=&#8221;background: -webkit-gradient(linear, left top, left bottom, color-stop(0%, #00B6ED), color-stop(100%, #008BD1));background: -moz-linear-gradient(top,#00B6ED 0%,#008BD1 100%);background: -webkit-linear-gradient(top,#00B6ED 0%,#008BD1 100%);background: -o-linear-gradient(top,#00B6ED 0%,#008BD1 100%);background: -ms-linear-gradient(top,#00B6ED 0%,#008BD1 100%);background: linear-gradient(top,#00B6ED 0%,#008BD1 100%);&#8221;][vc_column offset=&#8221;vc_col-lg-offset-0 vc_col-lg-12&#8243;][vc_column_text css=&#8221;&#8221; el_class=&#8221;custom-white&#8221;]<\/p>\n<h2 class=\"p1\">Welk materiaal kiezen voor uw plafondisolatie?<\/h2>\n<p>[\/vc_column_text][vc_column_text css=&#8221;&#8221; el_class=&#8221;custom-white&#8221;]<\/p>\n<p class=\"p1\">Hoe kiest u het juiste isolatiemateriaal voor uw plafond? Het moet <b>thermisch en akoestisch doeltreffend zijn<\/b>, en zijn <b>isolatie-eigenschappen moeten behouden blijven doorheen de jaren<\/b>. Bij ISEO Projection bieden wij u twee effici\u00ebnte en innovatieve oplossingen voor plafondisolatie: <b>gespoten isolatie<\/b> en <b>biogebaseerde isolatie<\/b>.<\/p>\n<p>[\/vc_column_text][\/vc_column][vc_column width=&#8221;1\/2&#8243; el_class=&#8221;custom-col-shadow&#8221; css=&#8221;.vc_custom_1758713298209{padding-top: 30px !important;padding-right: 30px !important;padding-bottom: 30px !important;padding-left: 30px !important;background-color: #ffffff !important;border-radius: 20px !important;}&#8221; offset=&#8221;vc_col-lg-offset-0 vc_col-lg-6&#8243;][vc_row_inner content_placement=&#8221;middle&#8221;][vc_column_inner offset=&#8221;vc_col-lg-12&#8243;][vc_column_text css=&#8221;&#8221;]<\/p>\n<h3 class=\"p1\">Gespoten isolatie: een thermische en akoestische innovatie<\/h3>\n<p class=\"p2\">Met het gespoten <b>ICYNENE polyurethaanschuim<\/b>, bekend om zijn prestaties en kwaliteit:<\/p>\n<p>[\/vc_column_text]<div class=\"uavc-list-icon uavc-list-icon-wrapper ult-adjust-bottom-margin   \"><ul class=\"uavc-list\"><li><div class=\"uavc-list-content\" id=\"list-icon-wrap-9006\">\n<div class=\"uavc-list-icon  \" data-animation=\"\" data-animation-delay=\"03\" style=\"margin-right:15px;\"><div class=\"ult-just-icon-wrapper  \"><div class=\"align-icon\" style=\"text-align:center;\">\n<div class=\"aio-icon-img \" style=\"font-size:20px;display:inline-block;\" >\n\t<img decoding=\"async\" class=\"img-icon\" alt=\"null\" src=\"https:\/\/www.iseoprojection.com\/wp-content\/uploads\/2022\/01\/picto-3.png\"\/>\n<\/div><\/div><\/div>\n<\/div><span  data-ultimate-target='#list-icon-wrap-9006 .uavc-list-desc'  data-responsive-json-new='{\"font-size\":\"\",\"line-height\":\"\"}'  class=\"uavc-list-desc ult-responsive\" style=\"\">Geen dampscherm nodig: luchtdicht en toch dampdoorlatend, het schuim laat het <b>plafond ademen<\/b>.<\/span><\/div><\/li><li><div class=\"uavc-list-content\" id=\"list-icon-wrap-3232\">\n<div class=\"uavc-list-icon  \" data-animation=\"\" data-animation-delay=\"03\" style=\"margin-right:15px;\"><div class=\"ult-just-icon-wrapper  \"><div class=\"align-icon\" style=\"text-align:center;\">\n<div class=\"aio-icon-img \" style=\"font-size:20px;display:inline-block;\" >\n\t<img decoding=\"async\" class=\"img-icon\" alt=\"null\" src=\"https:\/\/www.iseoprojection.com\/wp-content\/uploads\/2022\/01\/picto-3.png\"\/>\n<\/div><\/div><\/div>\n<\/div><span  data-ultimate-target='#list-icon-wrap-3232 .uavc-list-desc'  data-responsive-json-new='{\"font-size\":\"\",\"line-height\":\"\"}'  class=\"uavc-list-desc ult-responsive\" style=\"\">Met een dunne laag open-cellig schuim zijn <b>alle kieren dicht<\/b>, en het absorbeert het geluid voor een <b>perfecte akoestiek<\/b>.<\/span><\/div><\/li><li><div class=\"uavc-list-content\" id=\"list-icon-wrap-6040\">\n<div class=\"uavc-list-icon  \" data-animation=\"\" data-animation-delay=\"03\" style=\"margin-right:15px;\"><div class=\"ult-just-icon-wrapper  \"><div class=\"align-icon\" style=\"text-align:center;\">\n<div class=\"aio-icon-img \" style=\"font-size:20px;display:inline-block;\" >\n\t<img decoding=\"async\" class=\"img-icon\" alt=\"null\" src=\"https:\/\/www.iseoprojection.com\/wp-content\/uploads\/2022\/01\/picto-3.png\"\/>\n<\/div><\/div><\/div>\n<\/div><span  data-ultimate-target='#list-icon-wrap-6040 .uavc-list-desc'  data-responsive-json-new='{\"font-size\":\"\",\"line-height\":\"\"}'  class=\"uavc-list-desc ult-responsive\" style=\"\">Het materiaal blijft <b>stabiel in de tijd<\/b> dankzij onze kwaliteitsgarantie zonder doorzakking.<\/span><\/div><\/li><\/ul><\/div>[\/vc_column_inner][\/vc_row_inner]<style type=\"text\/css\" data-type=\"the7_shortcodes-inline-css\">#default-btn-1a90b71817bab3b2ae6f19c86356db98.ico-right-side > i {\n  margin-right: 0px;\n  margin-left: 8px;\n}\n#default-btn-1a90b71817bab3b2ae6f19c86356db98 > i {\n  margin-right: 8px;\n}<\/style><a href=\"https:\/\/www.iseoprojection.com\/nl\/pur-isolatie\/\" class=\"default-btn-shortcode dt-btn dt-btn-l link-hover-off btn-inline-left  vc_custom_1759405351793\" id=\"default-btn-1a90b71817bab3b2ae6f19c86356db98\" title=\"Meer info over gespoten isolatie\"><span>Meer info over gespoten isolatie<\/span><\/a>[\/vc_column][vc_column width=&#8221;1\/2&#8243; css=&#8221;.vc_custom_1758713406945{padding-top: 30px !important;padding-right: 30px !important;padding-bottom: 30px !important;padding-left: 30px !important;background-color: #FFFFFF !important;border-radius: 20px !important;}&#8221;][vc_row_inner content_placement=&#8221;middle&#8221;][vc_column_inner offset=&#8221;vc_col-lg-12&#8243;][vc_column_text css=&#8221;&#8221;]<\/p>\n<h3 class=\"p1\">Biogebaseerde isolatie: natuurlijk en performant<\/h3>\n<p class=\"p2\">Met onze <b>biogebaseerde isolatiematerialen<\/b> (cellulose, houtvezel, grasvezel) kiest u voor een <b>natuurlijk alternatief<\/b> dat garant staat voor prestaties en duurzaamheid. Waarom is biogebaseerde plafondisolatie zo effici\u00ebnt?<\/p>\n<p>[\/vc_column_text]<div class=\"uavc-list-icon uavc-list-icon-wrapper ult-adjust-bottom-margin   \"><ul class=\"uavc-list\"><li><div class=\"uavc-list-content\" id=\"list-icon-wrap-2404\">\n<div class=\"uavc-list-icon  \" data-animation=\"\" data-animation-delay=\"03\" style=\"margin-right:15px;\"><div class=\"ult-just-icon-wrapper  \"><div class=\"align-icon\" style=\"text-align:center;\">\n<div class=\"aio-icon-img \" style=\"font-size:20px;display:inline-block;\" >\n\t<img decoding=\"async\" class=\"img-icon\" alt=\"null\" src=\"https:\/\/www.iseoprojection.com\/wp-content\/uploads\/2022\/01\/picto-3.png\"\/>\n<\/div><\/div><\/div>\n<\/div><span  data-ultimate-target='#list-icon-wrap-2404 .uavc-list-desc'  data-responsive-json-new='{\"font-size\":\"\",\"line-height\":\"\"}'  class=\"uavc-list-desc ult-responsive\" style=\"\"><b>Gemaakt van hernieuwbare materialen<\/b>, draagt deze isolatie bij tot de <b>verlaging van de CO<\/b><span class=\"s1\"><b>\u2082<\/b><\/span><b>-uitstoot<\/b> en is ze een verantwoorde keuze voor uw woning.<\/span><\/div><\/li><li><div class=\"uavc-list-content\" id=\"list-icon-wrap-6672\">\n<div class=\"uavc-list-icon  \" data-animation=\"\" data-animation-delay=\"03\" style=\"margin-right:15px;\"><div class=\"ult-just-icon-wrapper  \"><div class=\"align-icon\" style=\"text-align:center;\">\n<div class=\"aio-icon-img \" style=\"font-size:20px;display:inline-block;\" >\n\t<img decoding=\"async\" class=\"img-icon\" alt=\"null\" src=\"https:\/\/www.iseoprojection.com\/wp-content\/uploads\/2022\/01\/picto-3.png\"\/>\n<\/div><\/div><\/div>\n<\/div><span  data-ultimate-target='#list-icon-wrap-6672 .uavc-list-desc'  data-responsive-json-new='{\"font-size\":\"\",\"line-height\":\"\"}'  class=\"uavc-list-desc ult-responsive\" style=\"\">Biogebaseerde isolanten <b>regelen natuurlijk de temperatuur<\/b> in huis en bieden een <b>uitstekend akoestisch comfort<\/b>, door buiten- en binnengeluiden te dempen.<\/span><\/div><\/li><li><div class=\"uavc-list-content\" id=\"list-icon-wrap-6412\">\n<div class=\"uavc-list-icon  \" data-animation=\"\" data-animation-delay=\"03\" style=\"margin-right:15px;\"><div class=\"ult-just-icon-wrapper  \"><div class=\"align-icon\" style=\"text-align:center;\">\n<div class=\"aio-icon-img \" style=\"font-size:20px;display:inline-block;\" >\n\t<img decoding=\"async\" class=\"img-icon\" alt=\"null\" src=\"https:\/\/www.iseoprojection.com\/wp-content\/uploads\/2022\/01\/picto-3.png\"\/>\n<\/div><\/div><\/div>\n<\/div><span  data-ultimate-target='#list-icon-wrap-6412 .uavc-list-desc'  data-responsive-json-new='{\"font-size\":\"\",\"line-height\":\"\"}'  class=\"uavc-list-desc ult-responsive\" style=\"\">Deze isolatiematerialen bevatten <b>geen giftige chemicali\u00ebn<\/b> en geven <b>geen schadelijke stoffen<\/b> af, waardoor u geniet van een gezonder binnenmilieu.<\/span><\/div><\/li><\/ul><\/div>[\/vc_column_inner][\/vc_row_inner]<style type=\"text\/css\" data-type=\"the7_shortcodes-inline-css\">#default-btn-08e7d6841c604fe07c9b3f9939594caa.ico-right-side > i {\n  margin-right: 0px;\n  margin-left: 8px;\n}\n#default-btn-08e7d6841c604fe07c9b3f9939594caa > i {\n  margin-right: 8px;\n}<\/style><a href=\"https:\/\/www.iseoprojection.com\/nl\/biogebaseerde-isolatie\/\" class=\"default-btn-shortcode dt-btn dt-btn-l link-hover-off btn-inline-left  vc_custom_1759405460165\" id=\"default-btn-08e7d6841c604fe07c9b3f9939594caa\" title=\"Meer info over biogebaseerde isolatie\"><span>Meer info over biogebaseerde isolatie<\/span><\/a>[\/vc_column][\/vc_row][vc_row gap=&#8221;20&#8243; content_placement=&#8221;middle&#8221; seperator_enable=&#8221;seperator_enable_value&#8221; seperator_type=&#8221;xlarge_circle_seperator&#8221; seperator_position=&#8221;bottom_seperator&#8221; seperator_svg_height=&#8221;160&#8243; seperator_shape_background=&#8221;#ffffff&#8221; css=&#8221;.vc_custom_1648117249950{padding-bottom: 50px !important;}&#8221;][vc_column width=&#8221;1\/2&#8243; el_class=&#8221;custom-line-l&#8221;][vc_column_text css=&#8221;&#8221;]<\/p>\n<h2 class=\"p1\">Laat uw plafond isoleren :<br \/>\nvraag uw offerte aan<\/h2>\n<p>[\/vc_column_text][vc_column_text css=&#8221;&#8221;]<\/p>\n<p class=\"p1\">Bij <b>ISEO Projection<\/b> garanderen wij een uitstekende <b>prijs-kwaliteitverhouding<\/b> voor al uw isolatiewerken en <a href=\"https:\/\/www.iseoprojection.com\/nl\/afwerkingswerkzaamheden\/\"><span class=\"s1\">afwerkingswerken<\/span><\/a>. Wij voeren een plafondisolatie snel en effici\u00ebnt uit, net zoals voor andere oppervlakken (<a href=\"https:\/\/www.iseoprojection.com\/nl\/woningisolatie\/vloerisolatie\/\"><span class=\"s1\">vloer<\/span><\/a>, <a href=\"https:\/\/www.iseoprojection.com\/nl\/woningisolatie\/muurisolatie\/\"><span class=\"s1\">muren<\/span><\/a>, <a href=\"https:\/\/www.iseoprojection.com\/nl\/woningisolatie\/dakisolatie\/\"><span class=\"s1\">dak<\/span><\/a>&#8230;). <b>Vraag uw gratis offerte en ontvang deze binnen 24u!<\/b><b><\/b><\/p>\n<p class=\"p1\">En goed nieuws: in Belgi\u00eb, maar ook in Frankrijk en Luxemburg, bestaan er <b>energiepremies<\/b> voor isolatiewerken die uw investering sterk verlagen.<\/p>\n<p class=\"p1\">Bent u klaar om <b>energie te besparen<\/b> en te genieten van een volledig thermisch en akoestisch comfort?<\/p>\n<p>[\/vc_column_text]<style type=\"text\/css\" data-type=\"the7_shortcodes-inline-css\">#default-btn-e1480e4cfa076176c131d85f504c902e.ico-right-side > i {\n  margin-right: 0px;\n  margin-left: 8px;\n}\n#default-btn-e1480e4cfa076176c131d85f504c902e > i {\n  margin-right: 8px;\n}<\/style><a href=\"https:\/\/www.iseoprojection.com\/nl\/gratis-offerte\/\" class=\"default-btn-shortcode dt-btn dt-btn-m link-hover-off btn-inline-left  vc_custom_1759405523316\" id=\"default-btn-e1480e4cfa076176c131d85f504c902e\" title=\"Ontvang uw gratis offerte\"><span>Ontvang uw gratis offerte<\/span><\/a>[\/vc_column][vc_column width=&#8221;1\/2&#8243; css=&#8221;.vc_custom_1648118606951{padding-top: 0px !important;padding-right: 0px !important;padding-bottom: 0px !important;padding-left: 0px !important;border-radius: 30px !important;}&#8221; el_class=&#8221;custom-col-shadow&#8221;][vc_single_image image=&#8221;930&#8243; img_size=&#8221;full&#8221; style=&#8221;vc_box_rounded&#8221; css=&#8221;.vc_custom_1648118480557{margin-bottom: 0px !important;}&#8221; image_hovers=&#8221;false&#8221;][\/vc_column][\/vc_row][vc_row css=&#8221;.vc_custom_1649143661980{padding-top: 80px !important;padding-bottom: 80px !important;}&#8221;][vc_column offset=&#8221;vc_col-lg-offset-3 vc_col-lg-6 vc_col-md-offset-2 vc_col-md-8&#8243;][vc_column_text css=&#8221;&#8221;]<\/p>\n<h2 class=\"p1\" style=\"text-align: center;\">Onze realisaties<\/h2>\n<p>[\/vc_column_text][vc_column_text css=&#8221;&#8221;]<\/p>\n<p class=\"p1\" style=\"text-align: center;\">Wij zijn actief in heel Belgi\u00eb, Frankrijk en Luxemburg. Ontdek al onze realisaties en laat u inspireren.<\/p>\n<p>[\/vc_column_text][\/vc_column][vc_column]<style type=\"text\/css\" data-type=\"the7_shortcodes-inline-css\">.portfolio-shortcode.portfolio-masonry-shortcode-id-94c67b3667aa8e07be556304f84cbc01.content-bg-on.classic-layout-list article {\n  background: #ffffff;\n  -webkit-box-shadow: none;\n  box-shadow: none;\n}\n.portfolio-shortcode.portfolio-masonry-shortcode-id-94c67b3667aa8e07be556304f84cbc01.dividers-on.classic-layout-list article {\n  padding-top: 0;\n}\n.portfolio-shortcode.portfolio-masonry-shortcode-id-94c67b3667aa8e07be556304f84cbc01.dividers-on.classic-layout-list article:first-of-type {\n  margin-top: 0;\n  padding-top: 0;\n}\n.portfolio-shortcode.portfolio-masonry-shortcode-id-94c67b3667aa8e07be556304f84cbc01.classic-layout-list.mode-list .post-entry-content {\n  width: calc(100% - );\n}\n.portfolio-shortcode.portfolio-masonry-shortcode-id-94c67b3667aa8e07be556304f84cbc01.classic-layout-list.mode-list .no-img .post-entry-content {\n  width: 100%;\n}\n.portfolio-shortcode.portfolio-masonry-shortcode-id-94c67b3667aa8e07be556304f84cbc01 .filter-bg-decoration .filter-categories a.act {\n  color: #fff;\n}\n.portfolio-shortcode.portfolio-masonry-shortcode-id-94c67b3667aa8e07be556304f84cbc01:not(.mode-masonry) article:first-of-type,\n.portfolio-shortcode.portfolio-masonry-shortcode-id-94c67b3667aa8e07be556304f84cbc01:not(.mode-masonry) article.visible.first {\n  margin-top: 0;\n}\n.portfolio-shortcode.portfolio-masonry-shortcode-id-94c67b3667aa8e07be556304f84cbc01.dividers-on:not(.mode-masonry) article {\n  margin-top: 0;\n}\n.portfolio-shortcode.portfolio-masonry-shortcode-id-94c67b3667aa8e07be556304f84cbc01.dividers-on:not(.mode-masonry) article:first-of-type,\n.portfolio-shortcode.portfolio-masonry-shortcode-id-94c67b3667aa8e07be556304f84cbc01.dividers-on:not(.mode-masonry) article.visible.first {\n  margin-top: 0;\n  padding-top: 0;\n}\n.portfolio-shortcode.portfolio-masonry-shortcode-id-94c67b3667aa8e07be556304f84cbc01.hover-scale article:after {\n  background: -webkit-linear-gradient();\n  background: linear-gradient();\n}\n.portfolio-shortcode.portfolio-masonry-shortcode-id-94c67b3667aa8e07be556304f84cbc01.gradient-overlay-layout-list article {\n  border-radius: 0px;\n}\n.portfolio-shortcode.portfolio-masonry-shortcode-id-94c67b3667aa8e07be556304f84cbc01 .post-thumbnail-wrap {\n  padding: 0px 0px 0px 0px;\n  border-radius: 0px;\n}\n.portfolio-shortcode.portfolio-masonry-shortcode-id-94c67b3667aa8e07be556304f84cbc01 .post-thumbnail-wrap *,\n.portfolio-shortcode.portfolio-masonry-shortcode-id-94c67b3667aa8e07be556304f84cbc01 .post-thumbnail-rollover:after {\n  border-radius: 0px;\n}\n.portfolio-shortcode.portfolio-masonry-shortcode-id-94c67b3667aa8e07be556304f84cbc01.enable-bg-rollover .post-thumbnail-rollover:after {\n  background: -webkit-linear-gradient();\n  background: linear-gradient();\n}\n.bottom-overlap-layout-list.portfolio-shortcode.portfolio-masonry-shortcode-id-94c67b3667aa8e07be556304f84cbc01 .project-links-container {\n  height: calc(100% - 100px);\n}\n.portfolio-shortcode.portfolio-masonry-shortcode-id-94c67b3667aa8e07be556304f84cbc01 .project-links-container a {\n  width: 44px;\n  height: 44px;\n  line-height: 44px;\n  border-radius: 100px;\n  margin: 10px 5px 10px;\n}\n.content-rollover-layout-list:not(.content-align-center).portfolio-shortcode.portfolio-masonry-shortcode-id-94c67b3667aa8e07be556304f84cbc01 .project-links-container a,\n.gradient-overlay-layout-list:not(.content-align-center).portfolio-shortcode.portfolio-masonry-shortcode-id-94c67b3667aa8e07be556304f84cbc01 .project-links-container a {\n  margin: 10px 10px 10px 0;\n}\n.dt-icon-border-on.portfolio-shortcode.portfolio-masonry-shortcode-id-94c67b3667aa8e07be556304f84cbc01 .project-links-container a:before {\n  border-width: 0px;\n  border-style: solid;\n}\n.dt-icon-hover-border-on.portfolio-shortcode.portfolio-masonry-shortcode-id-94c67b3667aa8e07be556304f84cbc01 .project-links-container a:after {\n  border-width: 0px;\n  border-style: solid;\n}\n.dt-icon-bg-on.portfolio-shortcode.portfolio-masonry-shortcode-id-94c67b3667aa8e07be556304f84cbc01 .project-links-container a:before {\n  background: rgba(255,255,255,0.3);\n  -webkit-box-shadow: none;\n  box-shadow: none;\n}\n.dt-icon-hover-bg-on.portfolio-shortcode.portfolio-masonry-shortcode-id-94c67b3667aa8e07be556304f84cbc01 .project-links-container a:after {\n  background: rgba(255,255,255,0.5);\n  -webkit-box-shadow: none;\n  box-shadow: none;\n}\n.portfolio-shortcode.portfolio-masonry-shortcode-id-94c67b3667aa8e07be556304f84cbc01 .project-links-container a > span,\n.portfolio-shortcode.portfolio-masonry-shortcode-id-94c67b3667aa8e07be556304f84cbc01 .project-links-container a > span:before {\n  font-size: 16px;\n  line-height: 44px;\n}\n.portfolio-shortcode.portfolio-masonry-shortcode-id-94c67b3667aa8e07be556304f84cbc01 .project-links-container a:not(:hover) > span {\n  color: #ffffff;\n}\n.dt-icon-hover-off.portfolio-shortcode.portfolio-masonry-shortcode-id-94c67b3667aa8e07be556304f84cbc01 .project-links-container a > span,\n.dt-icon-hover-off.portfolio-shortcode.portfolio-masonry-shortcode-id-94c67b3667aa8e07be556304f84cbc01 .project-links-container a:hover > span {\n  color: #ffffff;\n}\n.dt-icon-hover-on.portfolio-shortcode.portfolio-masonry-shortcode-id-94c67b3667aa8e07be556304f84cbc01 .project-links-container a:hover > span {\n  color: #ffffff;\n}\n.portfolio-shortcode.portfolio-masonry-shortcode-id-94c67b3667aa8e07be556304f84cbc01 .entry-title,\n.portfolio-shortcode.portfolio-masonry-shortcode-id-94c67b3667aa8e07be556304f84cbc01.owl-carousel .entry-title {\n  margin-bottom: 10px;\n  font-size: 22px;\n  line-height: 32px;\n  font-weight: bold;\n}\n.portfolio-shortcode.portfolio-masonry-shortcode-id-94c67b3667aa8e07be556304f84cbc01 .entry-meta {\n  margin-bottom: 15px;\n}\n.portfolio-shortcode.portfolio-masonry-shortcode-id-94c67b3667aa8e07be556304f84cbc01 .portfolio-categories {\n  margin-bottom: 15px;\n}\n.portfolio-shortcode.portfolio-masonry-shortcode-id-94c67b3667aa8e07be556304f84cbc01 .entry-excerpt {\n  margin-bottom: 15px;\n}\n.portfolio-shortcode.portfolio-masonry-shortcode-id-94c67b3667aa8e07be556304f84cbc01:not(.centered-layout-list) .post-entry-content {\n  padding: 30px 30px 30px 30px;\n}\n.portfolio-shortcode.portfolio-masonry-shortcode-id-94c67b3667aa8e07be556304f84cbc01:not(.centered-layout-list):not(\n      .content-bg-on\n    ):not(.mode-list)\n    .no-img\n    .post-entry-content {\n  padding: 0;\n}\n.portfolio-shortcode.portfolio-masonry-shortcode-id-94c67b3667aa8e07be556304f84cbc01.content-bg-on:not(.classic-layout-list):not(\n      .centered-layout-list\n    ):not(.gradient-overlay-layout-list)\n    .post-entry-content {\n  background: #ffffff;\n  -webkit-box-shadow: none;\n  box-shadow: none;\n}\n.portfolio-shortcode.portfolio-masonry-shortcode-id-94c67b3667aa8e07be556304f84cbc01.gradient-overlay-layout-list .post-entry-content {\n  border-radius: 0px;\n}\n@media screen and (max-width: ) {\n  .portfolio-shortcode.portfolio-masonry-shortcode-id-94c67b3667aa8e07be556304f84cbc01 article {\n    -webkit-flex-flow: column nowrap;\n    -moz-flex-flow: column nowrap;\n    -ms-flex-flow: column nowrap;\n    flex-flow: column nowrap;\n    margin-top: 20px;\n  }\n  .portfolio-shortcode.portfolio-masonry-shortcode-id-94c67b3667aa8e07be556304f84cbc01.dividers-on article {\n    border: none;\n  }\n  .portfolio-shortcode.portfolio-masonry-shortcode-id-94c67b3667aa8e07be556304f84cbc01.content-bg-on.centered-layout-list article {\n    padding: 0;\n  }\n  #page .portfolio-shortcode.portfolio-masonry-shortcode-id-94c67b3667aa8e07be556304f84cbc01 .post-thumbnail-wrap,\n  #page .portfolio-shortcode.portfolio-masonry-shortcode-id-94c67b3667aa8e07be556304f84cbc01 .post-entry-content {\n    width: 100%;\n    margin: 0;\n    top: 0;\n  }\n  #page .portfolio-shortcode.portfolio-masonry-shortcode-id-94c67b3667aa8e07be556304f84cbc01 .post-thumbnail-wrap {\n    padding: 0;\n  }\n  #page .portfolio-shortcode.portfolio-masonry-shortcode-id-94c67b3667aa8e07be556304f84cbc01 .post-entry-content:after {\n    display: none;\n  }\n  #page .portfolio-shortcode.portfolio-masonry-shortcode-id-94c67b3667aa8e07be556304f84cbc01 .project-even .post-thumbnail-wrap,\n  #page .portfolio-shortcode.portfolio-masonry-shortcode-id-94c67b3667aa8e07be556304f84cbc01.centered-layout-list .post-thumbnail-wrap {\n    -webkit-order: 0;\n    -moz-order: 0;\n    -ms-flex-order: 0;\n    order: 0;\n  }\n  #page .portfolio-shortcode.portfolio-masonry-shortcode-id-94c67b3667aa8e07be556304f84cbc01.centered-layout-list .post-entry-title-content {\n    -webkit-order: 1;\n    -moz-order: 1;\n    -ms-flex-order: 1;\n    order: 1;\n    width: 100%;\n    padding: 20px 20px 0;\n  }\n  #page .portfolio-shortcode.portfolio-masonry-shortcode-id-94c67b3667aa8e07be556304f84cbc01.centered-layout-list .post-entry-content {\n    -webkit-order: 2;\n    -moz-order: 2;\n    -ms-flex-order: 2;\n    order: 2;\n    padding-top: 0;\n  }\n  #page .portfolio-shortcode.portfolio-masonry-shortcode-id-94c67b3667aa8e07be556304f84cbc01 .post-entry-content {\n    padding: 20px;\n  }\n  #page .portfolio-shortcode.portfolio-masonry-shortcode-id-94c67b3667aa8e07be556304f84cbc01 .entry-title {\n    margin: 3px 0 5px;\n    font-size: 20px;\n    line-height: 26px;\n  }\n  #page .portfolio-shortcode.portfolio-masonry-shortcode-id-94c67b3667aa8e07be556304f84cbc01 .entry-meta {\n    margin: 5px 0 5px;\n  }\n  #page .portfolio-shortcode.portfolio-masonry-shortcode-id-94c67b3667aa8e07be556304f84cbc01 .entry-excerpt {\n    margin: 15px 0 0;\n  }\n  #page .portfolio-shortcode.portfolio-masonry-shortcode-id-94c67b3667aa8e07be556304f84cbc01 .post-details {\n    margin: 5px 0 10px;\n  }\n  #page .portfolio-shortcode.portfolio-masonry-shortcode-id-94c67b3667aa8e07be556304f84cbc01 .post-details.details-type-link {\n    margin-bottom: 2px;\n  }\n}\n.portfolio-shortcode.portfolio-masonry-shortcode-id-94c67b3667aa8e07be556304f84cbc01:not(.resize-by-browser-width) .dt-css-grid {\n  grid-row-gap: 30px;\n  grid-column-gap: 30px;\n  grid-template-columns: repeat(auto-fill,minmax(,1fr));\n}\n.portfolio-shortcode.portfolio-masonry-shortcode-id-94c67b3667aa8e07be556304f84cbc01:not(.resize-by-browser-width) .dt-css-grid .double-width {\n  grid-column: span 2;\n}\n.cssgridlegacy.no-cssgrid .portfolio-shortcode.portfolio-masonry-shortcode-id-94c67b3667aa8e07be556304f84cbc01:not(.resize-by-browser-width) .dt-css-grid,\n.no-cssgridlegacy.no-cssgrid .portfolio-shortcode.portfolio-masonry-shortcode-id-94c67b3667aa8e07be556304f84cbc01:not(.resize-by-browser-width) .dt-css-grid {\n  display: flex;\n  flex-flow: row wrap;\n  margin: -15px;\n}\n.cssgridlegacy.no-cssgrid .portfolio-shortcode.portfolio-masonry-shortcode-id-94c67b3667aa8e07be556304f84cbc01:not(.resize-by-browser-width) .dt-css-grid .wf-cell,\n.no-cssgridlegacy.no-cssgrid .portfolio-shortcode.portfolio-masonry-shortcode-id-94c67b3667aa8e07be556304f84cbc01:not(.resize-by-browser-width) .dt-css-grid .wf-cell {\n  flex: 1 0 ;\n  max-width: 100%;\n  padding: 15px;\n  box-sizing: border-box;\n}\n.portfolio-shortcode.portfolio-masonry-shortcode-id-94c67b3667aa8e07be556304f84cbc01.resize-by-browser-width .dt-css-grid {\n  grid-template-columns: repeat(3,1fr);\n  grid-template-rows: auto;\n  grid-column-gap: 30px;\n  grid-row-gap: 30px;\n}\n.portfolio-shortcode.portfolio-masonry-shortcode-id-94c67b3667aa8e07be556304f84cbc01.resize-by-browser-width .dt-css-grid .double-width {\n  grid-column: span 2;\n}\n.cssgridlegacy.no-cssgrid .portfolio-shortcode.portfolio-masonry-shortcode-id-94c67b3667aa8e07be556304f84cbc01.resize-by-browser-width .dt-css-grid {\n  margin: -15px;\n}\n.cssgridlegacy.no-cssgrid .portfolio-shortcode.portfolio-masonry-shortcode-id-94c67b3667aa8e07be556304f84cbc01.resize-by-browser-width .dt-css-grid .wf-cell {\n  width: 33.333333333333%;\n  padding: 15px;\n}\n.cssgridlegacy.no-cssgrid .portfolio-shortcode.portfolio-masonry-shortcode-id-94c67b3667aa8e07be556304f84cbc01.resize-by-browser-width .dt-css-grid .wf-cell.double-width {\n  width: calc(33.333333333333%) * 2;\n}\n.portfolio-shortcode.portfolio-masonry-shortcode-id-94c67b3667aa8e07be556304f84cbc01.resize-by-browser-width:not(.centered-layout-list):not(.content-bg-on) .dt-css-grid {\n  grid-row-gap: 0px;\n}\n@media screen and (max-width: 1199px) {\n  .portfolio-shortcode.portfolio-masonry-shortcode-id-94c67b3667aa8e07be556304f84cbc01.resize-by-browser-width .dt-css-grid {\n    grid-template-columns: repeat(3,1fr);\n  }\n  .cssgridlegacy.no-cssgrid .portfolio-shortcode.portfolio-masonry-shortcode-id-94c67b3667aa8e07be556304f84cbc01.resize-by-browser-width .dt-css-grid .wf-cell,\n  .no-cssgridlegacy.no-cssgrid .portfolio-shortcode.portfolio-masonry-shortcode-id-94c67b3667aa8e07be556304f84cbc01.resize-by-browser-width .dt-css-grid .wf-cell {\n    width: 33.333333333333%;\n  }\n  .cssgridlegacy.no-cssgrid .portfolio-shortcode.portfolio-masonry-shortcode-id-94c67b3667aa8e07be556304f84cbc01.resize-by-browser-width .dt-css-grid .wf-cell.double-width,\n  .no-cssgridlegacy.no-cssgrid .portfolio-shortcode.portfolio-masonry-shortcode-id-94c67b3667aa8e07be556304f84cbc01.resize-by-browser-width .dt-css-grid .wf-cell.double-width {\n    width: calc(33.333333333333%)*2;\n  }\n}\n@media screen and (max-width: 991px) {\n  .portfolio-shortcode.portfolio-masonry-shortcode-id-94c67b3667aa8e07be556304f84cbc01.resize-by-browser-width .dt-css-grid {\n    grid-template-columns: repeat(2,1fr);\n  }\n  .cssgridlegacy.no-cssgrid .portfolio-shortcode.portfolio-masonry-shortcode-id-94c67b3667aa8e07be556304f84cbc01.resize-by-browser-width .dt-css-grid .wf-cell,\n  .no-cssgridlegacy.no-cssgrid .portfolio-shortcode.portfolio-masonry-shortcode-id-94c67b3667aa8e07be556304f84cbc01.resize-by-browser-width .dt-css-grid .wf-cell {\n    width: 50%;\n  }\n  .cssgridlegacy.no-cssgrid .portfolio-shortcode.portfolio-masonry-shortcode-id-94c67b3667aa8e07be556304f84cbc01.resize-by-browser-width .dt-css-grid .wf-cell.double-width,\n  .no-cssgridlegacy.no-cssgrid .portfolio-shortcode.portfolio-masonry-shortcode-id-94c67b3667aa8e07be556304f84cbc01.resize-by-browser-width .dt-css-grid .wf-cell.double-width {\n    width: calc(50%)*2;\n  }\n}\n@media screen and (max-width: 767px) {\n  .portfolio-shortcode.portfolio-masonry-shortcode-id-94c67b3667aa8e07be556304f84cbc01.resize-by-browser-width .dt-css-grid {\n    grid-template-columns: repeat(1,1fr);\n  }\n  .portfolio-shortcode.portfolio-masonry-shortcode-id-94c67b3667aa8e07be556304f84cbc01.resize-by-browser-width .dt-css-grid .double-width {\n    grid-column: span 1;\n  }\n  .cssgridlegacy.no-cssgrid .portfolio-shortcode.portfolio-masonry-shortcode-id-94c67b3667aa8e07be556304f84cbc01.resize-by-browser-width .dt-css-grid .wf-cell,\n  .no-cssgridlegacy.no-cssgrid .portfolio-shortcode.portfolio-masonry-shortcode-id-94c67b3667aa8e07be556304f84cbc01.resize-by-browser-width .dt-css-grid .wf-cell {\n    width: 100%;\n  }\n  .cssgridlegacy.no-cssgrid .portfolio-shortcode.portfolio-masonry-shortcode-id-94c67b3667aa8e07be556304f84cbc01.resize-by-browser-width .dt-css-grid .wf-cell.double-width,\n  .no-cssgridlegacy.no-cssgrid .portfolio-shortcode.portfolio-masonry-shortcode-id-94c67b3667aa8e07be556304f84cbc01.resize-by-browser-width .dt-css-grid .wf-cell.double-width {\n    width: calc(100%)*2;\n  }\n}<\/style><div class=\"portfolio-shortcode portfolio-masonry-shortcode-id-94c67b3667aa8e07be556304f84cbc01 mode-grid classic-layout-list content-bg-on jquery-filter dt-icon-bg-on dt-icon-border-on dt-icon-hover-on dt-icon-hover-border-on dt-icon-hover-bg-on meta-info-off dt-css-grid-wrap enable-bg-rollover resize-by-browser-width  loading-effect-none description-under-image \" data-padding=\"15px\" data-cur-page=\"1\" data-post-limit=\"3\" data-pagination-mode=\"pages\" aria-live=\"assertive\" data-desktop-columns-num=\"3\" data-v-tablet-columns-num=\"2\" data-h-tablet-columns-num=\"3\" data-phone-columns-num=\"1\" data-width=\"0px\" data-columns=\"0\"><div class=\"dt-css-grid\" ><div class=\"visible wf-cell\" data-post-id=\"6678\" data-date=\"2026-04-13T17:04:55+02:00\" data-name=\"Werken voor kelderplafond isolatie van een woning in Mechelen\"><article class=\"post visible post-6678 dt_portfolio type-dt_portfolio status-publish has-post-thumbnail hentry dt_portfolio_category-kelder dt_portfolio_category-plafonds-nl dt_portfolio_category-60 dt_portfolio_category-61\" data-name=\"Werken voor kelderplafond isolatie van een woning in Mechelen\" data-date=\"2026-04-13T17:04:55+02:00\">\n\n<div class=\"post-thumbnail-wrap forward-post \">\n\t<div class=\"post-thumbnail\">\n\n\t\t<a href=\"https:\/\/www.iseoprojection.com\/nl\/realisatie\/kelderplafond-isolatie-mechelen\/\" class=\"post-thumbnail-rollover layzr-bg\" target=\"\"  aria-label=\"Post image\"><img fetchpriority=\"high\" decoding=\"async\" class=\"iso-lazy-load preload-me iso-lazy-load aspect\" src=\"data:image\/svg+xml,%3Csvg%20xmlns%3D&#39;http%3A%2F%2Fwww.w3.org%2F2000%2Fsvg&#39;%20viewBox%3D&#39;0%200%20768%20512&#39;%2F%3E\" data-src=\"https:\/\/www.iseoprojection.com\/wp-content\/uploads\/2026\/04\/cave-isolee-avec-mousse-projetee-768x512.jpg\" data-srcset=\"https:\/\/www.iseoprojection.com\/wp-content\/uploads\/2026\/04\/cave-isolee-avec-mousse-projetee-768x512.jpg 768w, https:\/\/www.iseoprojection.com\/wp-content\/uploads\/2026\/04\/cave-isolee-avec-mousse-projetee-1152x768.jpg 1152w\" loading=\"eager\" style=\"--ratio: 768 \/ 512\" sizes=\"(max-width: 768px) 100vw, 768px\" alt=\"Plafond isol\u00e9 en mousse projet\u00e9e par ISEO Projection\" title=\"cave-isolee-avec-mousse-projetee\" width=\"768\" height=\"512\"  \/><\/a>\n\t<\/div>\n<\/div>\n\n\n<div class=\"post-entry-content\">\n\n\t<h3 class=\"entry-title\">\n\t\t<a href=\"https:\/\/www.iseoprojection.com\/nl\/realisatie\/kelderplafond-isolatie-mechelen\/\" target=\"\" title=\"Werken voor kelderplafond isolatie van een woning in Mechelen\" rel=\"bookmark\">Werken voor kelderplafond isolatie van een woning in Mechelen<\/a>\n\t<\/h3>\n\n\t\n\t<div class=\"entry-excerpt\"><p>Ontdek hoe ISEO Projection 220 m\u00b2 kelderplafond in Mechelen isoleerde met ICYNENE H2O-schuim.<\/p>\n<\/div>\n\t<a class=\"dt-btn-s dt-btn post-details details-type-btn\" href=\"https:\/\/www.iseoprojection.com\/nl\/realisatie\/kelderplafond-isolatie-mechelen\/\" target=\"\">Lees meer<i class=\"dt-icon-the7-arrow-03\" aria-hidden=\"true\"><\/i><\/a>\n<\/div><\/article><\/div><div class=\"visible wf-cell\" data-post-id=\"6576\" data-date=\"2026-02-13T14:05:51+01:00\" data-name=\"Isolatie van een aardappelopslagloods in Amillis (Frankrijk)\"><article class=\"post visible post-6576 dt_portfolio type-dt_portfolio status-publish has-post-thumbnail hentry dt_portfolio_category-muren dt_portfolio_category-plafonds-nl dt_portfolio_category-50 dt_portfolio_category-61\" data-name=\"Isolatie van een aardappelopslagloods in Amillis (Frankrijk)\" data-date=\"2026-02-13T14:05:51+01:00\">\n\n<div class=\"post-thumbnail-wrap forward-post \">\n\t<div class=\"post-thumbnail\">\n\n\t\t<a href=\"https:\/\/www.iseoprojection.com\/nl\/realisatie\/isolatie-landbouwloods-aardappelopslag-amillis\/\" class=\"post-thumbnail-rollover layzr-bg\" target=\"\"  aria-label=\"Post image\"><img decoding=\"async\" class=\"iso-lazy-load preload-me iso-lazy-load aspect\" src=\"data:image\/svg+xml,%3Csvg%20xmlns%3D&#39;http%3A%2F%2Fwww.w3.org%2F2000%2Fsvg&#39;%20viewBox%3D&#39;0%200%20768%20512&#39;%2F%3E\" data-src=\"https:\/\/www.iseoprojection.com\/wp-content\/uploads\/2026\/02\/isolation-batiment-industriel-amalis-768x512.jpg\" data-srcset=\"https:\/\/www.iseoprojection.com\/wp-content\/uploads\/2026\/02\/isolation-batiment-industriel-amalis-768x512.jpg 768w, https:\/\/www.iseoprojection.com\/wp-content\/uploads\/2026\/02\/isolation-batiment-industriel-amalis-1152x768.jpg 1152w\" loading=\"eager\" style=\"--ratio: 768 \/ 512\" sizes=\"(max-width: 768px) 100vw, 768px\" alt=\"Hangar\" title=\"isolation-batiment-industriel-amalis\" width=\"768\" height=\"512\"  \/><\/a>\n\t<\/div>\n<\/div>\n\n\n<div class=\"post-entry-content\">\n\n\t<h3 class=\"entry-title\">\n\t\t<a href=\"https:\/\/www.iseoprojection.com\/nl\/realisatie\/isolatie-landbouwloods-aardappelopslag-amillis\/\" target=\"\" title=\"Isolatie van een aardappelopslagloods in Amillis (Frankrijk)\" rel=\"bookmark\">Isolatie van een aardappelopslagloods in Amillis (Frankrijk)<\/a>\n\t<\/h3>\n\n\t\n\t<div class=\"entry-excerpt\"><p>ISEO Projection kwam tussen in Amillis voor de isolatie van een staalplaatloods voor aardappelopslag: 2.300 m\u00b2 behandeld met 15 cm H2O Lite F in 6&hellip;<\/p>\n<\/div>\n\t<a class=\"dt-btn-s dt-btn post-details details-type-btn\" href=\"https:\/\/www.iseoprojection.com\/nl\/realisatie\/isolatie-landbouwloods-aardappelopslag-amillis\/\" target=\"\">Lees meer<i class=\"dt-icon-the7-arrow-03\" aria-hidden=\"true\"><\/i><\/a>\n<\/div><\/article><\/div><div class=\"visible wf-cell\" data-post-id=\"6468\" data-date=\"2026-01-15T08:39:36+01:00\" data-name=\"Muur- en plafondisolatie en afwerking in Ukkel\"><article class=\"post visible post-6468 dt_portfolio type-dt_portfolio status-publish has-post-thumbnail hentry dt_portfolio_category-muren dt_portfolio_category-plafonds-nl dt_portfolio_category-50 dt_portfolio_category-61\" data-name=\"Muur- en plafondisolatie en afwerking in Ukkel\" data-date=\"2026-01-15T08:39:36+01:00\">\n\n<div class=\"post-thumbnail-wrap forward-post \">\n\t<div class=\"post-thumbnail\">\n\n\t\t<a href=\"https:\/\/www.iseoprojection.com\/nl\/realisatie\/muur-plafondisolatie-ukkel\/\" class=\"post-thumbnail-rollover layzr-bg\" target=\"\"  aria-label=\"Post image\"><img decoding=\"async\" class=\"iso-lazy-load preload-me iso-lazy-load aspect\" src=\"data:image\/svg+xml,%3Csvg%20xmlns%3D&#39;http%3A%2F%2Fwww.w3.org%2F2000%2Fsvg&#39;%20viewBox%3D&#39;0%200%20699%20466&#39;%2F%3E\" data-src=\"https:\/\/www.iseoprojection.com\/wp-content\/uploads\/2026\/01\/ISEO-realisation-ukkel-1-699x466.webp\" data-srcset=\"https:\/\/www.iseoprojection.com\/wp-content\/uploads\/2026\/01\/ISEO-realisation-ukkel-1-699x466.webp 699w\" loading=\"eager\" style=\"--ratio: 699 \/ 466\" sizes=\"(max-width: 699px) 100vw, 699px\" alt=\"\" title=\"ISEO-realisation-ukkel-1\" width=\"699\" height=\"466\"  \/><\/a>\n\t<\/div>\n<\/div>\n\n\n<div class=\"post-entry-content\">\n\n\t<h3 class=\"entry-title\">\n\t\t<a href=\"https:\/\/www.iseoprojection.com\/nl\/realisatie\/muur-plafondisolatie-ukkel\/\" target=\"\" title=\"Muur- en plafondisolatie en afwerking in Ukkel\" rel=\"bookmark\">Muur- en plafondisolatie en afwerking in Ukkel<\/a>\n\t<\/h3>\n\n\t\n\t<div class=\"entry-excerpt\"><p>ISEO Projection isoleerde en werkte 280 m\u00b2 muren en 50 m\u00b2 plafonds volledig af in Ukkel met ICYNENE Lite+.<\/p>\n<\/div>\n\t<a class=\"dt-btn-s dt-btn post-details details-type-btn\" href=\"https:\/\/www.iseoprojection.com\/nl\/realisatie\/muur-plafondisolatie-ukkel\/\" target=\"\">Lees meer<i class=\"dt-icon-the7-arrow-03\" aria-hidden=\"true\"><\/i><\/a>\n<\/div><\/article><\/div><div class=\"hidden wf-cell\" data-post-id=\"6311\" data-date=\"2025-11-25T09:19:18+01:00\" data-name=\"Isolatie van het kelderplafond in Chastre\"><article class=\"post visible post-6311 dt_portfolio type-dt_portfolio status-publish has-post-thumbnail hentry dt_portfolio_category-kelder dt_portfolio_category-plafonds-nl dt_portfolio_category-60 dt_portfolio_category-61\" data-name=\"Isolatie van het kelderplafond in Chastre\" data-date=\"2025-11-25T09:19:18+01:00\">\n\n<div class=\"post-thumbnail-wrap forward-post \">\n\t<div class=\"post-thumbnail\">\n\n\t\t<a href=\"https:\/\/www.iseoprojection.com\/nl\/realisatie\/isolatie-plafond-kelder-chastre\/\" class=\"post-thumbnail-rollover layzr-bg\" target=\"\"  aria-label=\"Post image\"><img decoding=\"async\" class=\"iso-lazy-load preload-me iso-lazy-load aspect\" src=\"data:image\/svg+xml,%3Csvg%20xmlns%3D&#39;http%3A%2F%2Fwww.w3.org%2F2000%2Fsvg&#39;%20viewBox%3D&#39;0%200%20768%20512&#39;%2F%3E\" data-src=\"https:\/\/www.iseoprojection.com\/wp-content\/uploads\/2025\/11\/isolation-cave-chastre-04-768x512.webp\" data-srcset=\"https:\/\/www.iseoprojection.com\/wp-content\/uploads\/2025\/11\/isolation-cave-chastre-04-768x512.webp 768w, https:\/\/www.iseoprojection.com\/wp-content\/uploads\/2025\/11\/isolation-cave-chastre-04-800x533.webp 800w\" loading=\"eager\" style=\"--ratio: 768 \/ 512\" sizes=\"(max-width: 768px) 100vw, 768px\" alt=\"\" title=\"isolation-cave-chastre-04\" width=\"768\" height=\"512\"  \/><\/a>\n\t<\/div>\n<\/div>\n\n\n<div class=\"post-entry-content\">\n\n\t<h3 class=\"entry-title\">\n\t\t<a href=\"https:\/\/www.iseoprojection.com\/nl\/realisatie\/isolatie-plafond-kelder-chastre\/\" target=\"\" title=\"Isolatie van het kelderplafond in Chastre\" rel=\"bookmark\">Isolatie van het kelderplafond in Chastre<\/a>\n\t<\/h3>\n\n\t\n\t<div class=\"entry-excerpt\"><p>ISEO Projection heeft in Chastre het plafond van een kelder ge\u00efsoleerd over 79 m\u00b2 met Uterm-panelen van 8 cm, en dat in slechts twee dagen.\u2028<\/p>\n<\/div>\n\t<a class=\"dt-btn-s dt-btn post-details details-type-btn\" href=\"https:\/\/www.iseoprojection.com\/nl\/realisatie\/isolatie-plafond-kelder-chastre\/\" target=\"\">Lees meer<i class=\"dt-icon-the7-arrow-03\" aria-hidden=\"true\"><\/i><\/a>\n<\/div><\/article><\/div><div class=\"hidden wf-cell\" data-post-id=\"6154\" data-date=\"2025-10-28T09:37:51+01:00\" data-name=\"Onze dakisolatiewerken in Nil\"><article class=\"post visible post-6154 dt_portfolio type-dt_portfolio status-publish has-post-thumbnail hentry dt_portfolio_category-biobased dt_portfolio_category-muren dt_portfolio_category-plafonds-nl dt_portfolio_category-73 dt_portfolio_category-50 dt_portfolio_category-61\" data-name=\"Onze dakisolatiewerken in Nil\" data-date=\"2025-10-28T09:37:51+01:00\">\n\n<div class=\"post-thumbnail-wrap forward-post \">\n\t<div class=\"post-thumbnail\">\n\n\t\t<a href=\"https:\/\/www.iseoprojection.com\/nl\/realisatie\/dakisolatie-nil\/\" class=\"post-thumbnail-rollover layzr-bg\" target=\"\"  aria-label=\"Post image\"><img decoding=\"async\" class=\"iso-lazy-load preload-me iso-lazy-load aspect\" src=\"data:image\/svg+xml,%3Csvg%20xmlns%3D&#39;http%3A%2F%2Fwww.w3.org%2F2000%2Fsvg&#39;%20viewBox%3D&#39;0%200%20768%20512&#39;%2F%3E\" data-src=\"https:\/\/www.iseoprojection.com\/wp-content\/uploads\/2025\/10\/Nil-1-768x512.webp\" data-srcset=\"https:\/\/www.iseoprojection.com\/wp-content\/uploads\/2025\/10\/Nil-1-768x512.webp 768w, https:\/\/www.iseoprojection.com\/wp-content\/uploads\/2025\/10\/Nil-1-1152x768.webp 1152w\" loading=\"eager\" style=\"--ratio: 768 \/ 512\" sizes=\"(max-width: 768px) 100vw, 768px\" alt=\"\" title=\"Nil (1)\" width=\"768\" height=\"512\"  \/><\/a>\n\t<\/div>\n<\/div>\n\n\n<div class=\"post-entry-content\">\n\n\t<h3 class=\"entry-title\">\n\t\t<a href=\"https:\/\/www.iseoprojection.com\/nl\/realisatie\/dakisolatie-nil\/\" target=\"\" title=\"Onze dakisolatiewerken in Nil\" rel=\"bookmark\">Onze dakisolatiewerken in Nil<\/a>\n\t<\/h3>\n\n\t\n\t<div class=\"entry-excerpt\"><p>Ecologische dakisolatie in Nil: biogebaseerde materialen, Gyproc-afwerking en optimale thermische prestaties voor een gezond gebouw<\/p>\n<\/div>\n\t<a class=\"dt-btn-s dt-btn post-details details-type-btn\" href=\"https:\/\/www.iseoprojection.com\/nl\/realisatie\/dakisolatie-nil\/\" target=\"\">Lees meer<i class=\"dt-icon-the7-arrow-03\" aria-hidden=\"true\"><\/i><\/a>\n<\/div><\/article><\/div><div class=\"hidden wf-cell\" data-post-id=\"6018\" data-date=\"2025-10-09T12:34:34+02:00\" data-name=\"Isolatie van muur en plafond in Puurs\"><article class=\"post visible post-6018 dt_portfolio type-dt_portfolio status-publish has-post-thumbnail hentry dt_portfolio_category-muren dt_portfolio_category-plafonds-nl dt_portfolio_category-50 dt_portfolio_category-61\" data-name=\"Isolatie van muur en plafond in Puurs\" data-date=\"2025-10-09T12:34:34+02:00\">\n\n<div class=\"post-thumbnail-wrap forward-post \">\n\t<div class=\"post-thumbnail\">\n\n\t\t<a href=\"https:\/\/www.iseoprojection.com\/nl\/realisatie\/muur-plafondisolatie-puurs\/\" class=\"post-thumbnail-rollover layzr-bg\" target=\"\"  aria-label=\"Post image\"><img decoding=\"async\" class=\"iso-lazy-load preload-me iso-lazy-load aspect\" src=\"data:image\/svg+xml,%3Csvg%20xmlns%3D&#39;http%3A%2F%2Fwww.w3.org%2F2000%2Fsvg&#39;%20viewBox%3D&#39;0%200%20768%20512&#39;%2F%3E\" data-src=\"https:\/\/www.iseoprojection.com\/wp-content\/uploads\/2025\/10\/isolation-mousse-polyurethane-puurs-768x512.jpg\" data-srcset=\"https:\/\/www.iseoprojection.com\/wp-content\/uploads\/2025\/10\/isolation-mousse-polyurethane-puurs-768x512.jpg 768w, https:\/\/www.iseoprojection.com\/wp-content\/uploads\/2025\/10\/isolation-mousse-polyurethane-puurs-1152x768.jpg 1152w\" loading=\"eager\" style=\"--ratio: 768 \/ 512\" sizes=\"(max-width: 768px) 100vw, 768px\" alt=\"Murs et plafond du living d&#039;une maison isol\u00e9s avec de la mousse polyur\u00e9thane\" title=\"isolation-mousse-polyurethane-puurs\" width=\"768\" height=\"512\"  \/><\/a>\n\t<\/div>\n<\/div>\n\n\n<div class=\"post-entry-content\">\n\n\t<h3 class=\"entry-title\">\n\t\t<a href=\"https:\/\/www.iseoprojection.com\/nl\/realisatie\/muur-plafondisolatie-puurs\/\" target=\"\" title=\"Isolatie van muur en plafond in Puurs\" rel=\"bookmark\">Isolatie van muur en plafond in Puurs<\/a>\n\t<\/h3>\n\n\t\n\t<div class=\"entry-excerpt\"><p>Ontdek onze binnenisolatie in Puurs: 100 m\u00b2 muren en 120 m\u00b2 plafonds bespoten met 8 cm ICYNENE Lite+ schuim.<\/p>\n<\/div>\n\t<a class=\"dt-btn-s dt-btn post-details details-type-btn\" href=\"https:\/\/www.iseoprojection.com\/nl\/realisatie\/muur-plafondisolatie-puurs\/\" target=\"\">Lees meer<i class=\"dt-icon-the7-arrow-03\" aria-hidden=\"true\"><\/i><\/a>\n<\/div><\/article><\/div><div class=\"hidden wf-cell\" data-post-id=\"5253\" data-date=\"2025-07-08T10:06:50+02:00\" data-name=\"Dak- en plafondisolatie in Wemmel\"><article class=\"post visible post-5253 dt_portfolio type-dt_portfolio status-publish has-post-thumbnail hentry dt_portfolio_category-dak dt_portfolio_category-plafonds-nl dt_portfolio_category-48 dt_portfolio_category-61\" data-name=\"Dak- en plafondisolatie in Wemmel\" data-date=\"2025-07-08T10:06:50+02:00\">\n\n<div class=\"post-thumbnail-wrap forward-post \">\n\t<div class=\"post-thumbnail\">\n\n\t\t<a href=\"https:\/\/www.iseoprojection.com\/nl\/realisatie\/dak-en-plafondisolatie-in-wemmel\/\" class=\"post-thumbnail-rollover layzr-bg\" target=\"\"  aria-label=\"Post image\"><img decoding=\"async\" class=\"iso-lazy-load preload-me iso-lazy-load aspect\" src=\"data:image\/svg+xml,%3Csvg%20xmlns%3D&#39;http%3A%2F%2Fwww.w3.org%2F2000%2Fsvg&#39;%20viewBox%3D&#39;0%200%20768%20512&#39;%2F%3E\" data-src=\"https:\/\/www.iseoprojection.com\/wp-content\/uploads\/2025\/07\/chantier-isolation-maison-en-pierre-wemmel-768x512.jpg\" data-srcset=\"https:\/\/www.iseoprojection.com\/wp-content\/uploads\/2025\/07\/chantier-isolation-maison-en-pierre-wemmel-768x512.jpg 768w, https:\/\/www.iseoprojection.com\/wp-content\/uploads\/2025\/07\/chantier-isolation-maison-en-pierre-wemmel-1152x768.jpg 1152w\" loading=\"eager\" style=\"--ratio: 768 \/ 512\" sizes=\"(max-width: 768px) 100vw, 768px\" alt=\"Isolation d&#039;une villa \u00e0 Wemmel\" title=\"chantier-isolation-maison-en-pierre-wemmel\" width=\"768\" height=\"512\"  \/><\/a>\n\t<\/div>\n<\/div>\n\n\n<div class=\"post-entry-content\">\n\n\t<h3 class=\"entry-title\">\n\t\t<a href=\"https:\/\/www.iseoprojection.com\/nl\/realisatie\/dak-en-plafondisolatie-in-wemmel\/\" target=\"\" title=\"Dak- en plafondisolatie in Wemmel\" rel=\"bookmark\">Dak- en plafondisolatie in Wemmel<\/a>\n\t<\/h3>\n\n\t\n\t<div class=\"entry-excerpt\"><p>Ontdek ons project in Wemmel! We isoleerden 450 m\u00b2 dak en plafond van een villa met ICYNENE-schuim in slechts 1,5 dag.<\/p>\n<\/div>\n\t<a class=\"dt-btn-s dt-btn post-details details-type-btn\" href=\"https:\/\/www.iseoprojection.com\/nl\/realisatie\/dak-en-plafondisolatie-in-wemmel\/\" target=\"\">Lees meer<i class=\"dt-icon-the7-arrow-03\" aria-hidden=\"true\"><\/i><\/a>\n<\/div><\/article><\/div><div class=\"hidden wf-cell\" data-post-id=\"5106\" data-date=\"2025-06-03T17:20:08+02:00\" data-name=\"Dak-, plafond- en binnenmuurisolatie in Sint-Gillis\"><article class=\"post visible post-5106 dt_portfolio type-dt_portfolio status-publish has-post-thumbnail hentry dt_portfolio_category-dak dt_portfolio_category-muren dt_portfolio_category-plafonds-nl dt_portfolio_category-48 dt_portfolio_category-50 dt_portfolio_category-61\" data-name=\"Dak-, plafond- en binnenmuurisolatie in Sint-Gillis\" data-date=\"2025-06-03T17:20:08+02:00\">\n\n<div class=\"post-thumbnail-wrap forward-post \">\n\t<div class=\"post-thumbnail\">\n\n\t\t<a href=\"https:\/\/www.iseoprojection.com\/nl\/realisatie\/isolatie-dak-muren-plafond-sint-gillis\/\" class=\"post-thumbnail-rollover layzr-bg\" target=\"\"  aria-label=\"Post image\"><img decoding=\"async\" class=\"iso-lazy-load preload-me iso-lazy-load aspect\" src=\"data:image\/svg+xml,%3Csvg%20xmlns%3D&#39;http%3A%2F%2Fwww.w3.org%2F2000%2Fsvg&#39;%20viewBox%3D&#39;0%200%20768%20512&#39;%2F%3E\" data-src=\"https:\/\/www.iseoprojection.com\/wp-content\/uploads\/2025\/06\/isolation-mur-saint-gilles-768x512.jpg\" data-srcset=\"https:\/\/www.iseoprojection.com\/wp-content\/uploads\/2025\/06\/isolation-mur-saint-gilles-768x512.jpg 768w, https:\/\/www.iseoprojection.com\/wp-content\/uploads\/2025\/06\/isolation-mur-saint-gilles-1152x768.jpg 1152w\" loading=\"eager\" style=\"--ratio: 768 \/ 512\" sizes=\"(max-width: 768px) 100vw, 768px\" alt=\"Travaux d\u2019isolation thermique et acoustique dans une maison bruxelloise en r\u00e9novation\" title=\"isolation-mur-saint-gilles\" width=\"768\" height=\"512\"  \/><\/a>\n\t<\/div>\n<\/div>\n\n\n<div class=\"post-entry-content\">\n\n\t<h3 class=\"entry-title\">\n\t\t<a href=\"https:\/\/www.iseoprojection.com\/nl\/realisatie\/isolatie-dak-muren-plafond-sint-gillis\/\" target=\"\" title=\"Dak-, plafond- en binnenmuurisolatie in Sint-Gillis\" rel=\"bookmark\">Dak-, plafond- en binnenmuurisolatie in Sint-Gillis<\/a>\n\t<\/h3>\n\n\t\n\t<div class=\"entry-excerpt\"><p>In Sint-Gillis heeft ISEO Projection dak, muren en plafonds ge\u00efsoleerd met 17 en 15 cm ICYNENE LITE+ schuim. Een doeltreffende en ademende oplossing.<\/p>\n<\/div>\n\t<a class=\"dt-btn-s dt-btn post-details details-type-btn\" href=\"https:\/\/www.iseoprojection.com\/nl\/realisatie\/isolatie-dak-muren-plafond-sint-gillis\/\" target=\"\">Lees meer<i class=\"dt-icon-the7-arrow-03\" aria-hidden=\"true\"><\/i><\/a>\n<\/div><\/article><\/div><div class=\"hidden wf-cell\" data-post-id=\"4893\" data-date=\"2025-04-28T10:32:41+02:00\" data-name=\"Plafondisolatie in de kaasmakerij van de abdij van Orval\"><article class=\"post visible post-4893 dt_portfolio type-dt_portfolio status-publish has-post-thumbnail hentry dt_portfolio_category-plafonds-nl dt_portfolio_category-61\" data-name=\"Plafondisolatie in de kaasmakerij van de abdij van Orval\" data-date=\"2025-04-28T10:32:41+02:00\">\n\n<div class=\"post-thumbnail-wrap forward-post \">\n\t<div class=\"post-thumbnail\">\n\n\t\t<a href=\"https:\/\/www.iseoprojection.com\/nl\/realisatie\/plafondisolatie-kaasmakerij-orval\/\" class=\"post-thumbnail-rollover layzr-bg\" target=\"\"  aria-label=\"Post image\"><img decoding=\"async\" class=\"iso-lazy-load preload-me iso-lazy-load aspect\" src=\"data:image\/svg+xml,%3Csvg%20xmlns%3D&#39;http%3A%2F%2Fwww.w3.org%2F2000%2Fsvg&#39;%20viewBox%3D&#39;0%200%20768%20512&#39;%2F%3E\" data-src=\"https:\/\/www.iseoprojection.com\/wp-content\/uploads\/2025\/04\/chantier-abbaye-orval-2-768x512.jpg\" data-srcset=\"https:\/\/www.iseoprojection.com\/wp-content\/uploads\/2025\/04\/chantier-abbaye-orval-2-768x512.jpg 768w, https:\/\/www.iseoprojection.com\/wp-content\/uploads\/2025\/04\/chantier-abbaye-orval-2-898x598.jpg 898w\" loading=\"eager\" style=\"--ratio: 768 \/ 512\" sizes=\"(max-width: 768px) 100vw, 768px\" alt=\"Chantier exceptionnel d&#039;isolation \u00e0 lAbbaye d&#039;Orval\" title=\"chantier-abbaye-orval-2\" width=\"768\" height=\"512\"  \/><\/a>\n\t<\/div>\n<\/div>\n\n\n<div class=\"post-entry-content\">\n\n\t<h3 class=\"entry-title\">\n\t\t<a href=\"https:\/\/www.iseoprojection.com\/nl\/realisatie\/plafondisolatie-kaasmakerij-orval\/\" target=\"\" title=\"Plafondisolatie in de kaasmakerij van de abdij van Orval\" rel=\"bookmark\">Plafondisolatie in de kaasmakerij van de abdij van Orval<\/a>\n\t<\/h3>\n\n\t\n\t<div class=\"entry-excerpt\"><p>ISEO Projection voerde isolatiewerken uit onder de rijpingskamers van de kaasmakerij van Orval. Een technisch en beperkt toegankelijke werf.<\/p>\n<\/div>\n\t<a class=\"dt-btn-s dt-btn post-details details-type-btn\" href=\"https:\/\/www.iseoprojection.com\/nl\/realisatie\/plafondisolatie-kaasmakerij-orval\/\" target=\"\">Lees meer<i class=\"dt-icon-the7-arrow-03\" aria-hidden=\"true\"><\/i><\/a>\n<\/div><\/article><\/div><div class=\"hidden wf-cell\" data-post-id=\"4794\" data-date=\"2025-04-10T10:09:09+02:00\" data-name=\"Isolatie van het dak, plafond en vloeren van een nieuwbouwwoning in Zaventem\"><article class=\"post visible post-4794 dt_portfolio type-dt_portfolio status-publish has-post-thumbnail hentry dt_portfolio_category-dak dt_portfolio_category-plafonds-nl dt_portfolio_category-vloer dt_portfolio_category-zolder dt_portfolio_category-48 dt_portfolio_category-61 dt_portfolio_category-53 dt_portfolio_category-57\" data-name=\"Isolatie van het dak, plafond en vloeren van een nieuwbouwwoning in Zaventem\" data-date=\"2025-04-10T10:09:09+02:00\">\n\n<div class=\"post-thumbnail-wrap forward-post \">\n\t<div class=\"post-thumbnail\">\n\n\t\t<a href=\"https:\/\/www.iseoprojection.com\/nl\/realisatie\/volledige-isolatie-nieuwbouw-zaventem\/\" class=\"post-thumbnail-rollover layzr-bg\" target=\"\"  aria-label=\"Post image\"><img decoding=\"async\" class=\"iso-lazy-load preload-me iso-lazy-load aspect\" src=\"data:image\/svg+xml,%3Csvg%20xmlns%3D&#39;http%3A%2F%2Fwww.w3.org%2F2000%2Fsvg&#39;%20viewBox%3D&#39;0%200%20768%20512&#39;%2F%3E\" data-src=\"https:\/\/www.iseoprojection.com\/wp-content\/uploads\/2025\/04\/chantier-isolation-grenier-zaventem-768x512.jpg\" data-srcset=\"https:\/\/www.iseoprojection.com\/wp-content\/uploads\/2025\/04\/chantier-isolation-grenier-zaventem-768x512.jpg 768w, https:\/\/www.iseoprojection.com\/wp-content\/uploads\/2025\/04\/chantier-isolation-grenier-zaventem-1152x768.jpg 1152w\" loading=\"eager\" style=\"--ratio: 768 \/ 512\" sizes=\"(max-width: 768px) 100vw, 768px\" alt=\"Isolation compl\u00e8te d&#039;un grenier d&#039;une maison neuve \u00e0 Zaventem\" title=\"chantier-isolation-grenier-zaventem\" width=\"768\" height=\"512\"  \/><\/a>\n\t<\/div>\n<\/div>\n\n\n<div class=\"post-entry-content\">\n\n\t<h3 class=\"entry-title\">\n\t\t<a href=\"https:\/\/www.iseoprojection.com\/nl\/realisatie\/volledige-isolatie-nieuwbouw-zaventem\/\" target=\"\" title=\"Isolatie van het dak, plafond en vloeren van een nieuwbouwwoning in Zaventem\" rel=\"bookmark\">Isolatie van het dak, plafond en vloeren van een nieuwbouwwoning in Zaventem<\/a>\n\t<\/h3>\n\n\t\n\t<div class=\"entry-excerpt\"><p>Ontdek het thermische isolatieproject uitgevoerd door ISEO Projection in Zaventem: vloer, plafond en dak van een nieuwbouw.<\/p>\n<\/div>\n\t<a class=\"dt-btn-s dt-btn post-details details-type-btn\" href=\"https:\/\/www.iseoprojection.com\/nl\/realisatie\/volledige-isolatie-nieuwbouw-zaventem\/\" target=\"\">Lees meer<i class=\"dt-icon-the7-arrow-03\" aria-hidden=\"true\"><\/i><\/a>\n<\/div><\/article><\/div><div class=\"hidden wf-cell\" data-post-id=\"4623\" data-date=\"2025-03-03T16:55:51+01:00\" data-name=\"Isolatie van de koepel van de moskee in Marchienne-au-Pont\"><article class=\"post visible post-4623 dt_portfolio type-dt_portfolio status-publish has-post-thumbnail hentry dt_portfolio_category-plafonds-nl dt_portfolio_category-61\" data-name=\"Isolatie van de koepel van de moskee in Marchienne-au-Pont\" data-date=\"2025-03-03T16:55:51+01:00\">\n\n<div class=\"post-thumbnail-wrap forward-post \">\n\t<div class=\"post-thumbnail\">\n\n\t\t<a href=\"https:\/\/www.iseoprojection.com\/nl\/realisatie\/isolatie-koepel-moskee-marchienne-au-pont\/\" class=\"post-thumbnail-rollover layzr-bg\" target=\"\"  aria-label=\"Post image\"><img decoding=\"async\" class=\"iso-lazy-load preload-me iso-lazy-load aspect\" src=\"data:image\/svg+xml,%3Csvg%20xmlns%3D&#39;http%3A%2F%2Fwww.w3.org%2F2000%2Fsvg&#39;%20viewBox%3D&#39;0%200%20768%20512&#39;%2F%3E\" data-src=\"https:\/\/www.iseoprojection.com\/wp-content\/uploads\/2024\/12\/isolation-dome-marchienne-au-pont-768x512.webp\" data-srcset=\"https:\/\/www.iseoprojection.com\/wp-content\/uploads\/2024\/12\/isolation-dome-marchienne-au-pont-768x512.webp 768w, https:\/\/www.iseoprojection.com\/wp-content\/uploads\/2024\/12\/isolation-dome-marchienne-au-pont-1152x768.webp 1152w\" loading=\"eager\" style=\"--ratio: 768 \/ 512\" sizes=\"(max-width: 768px) 100vw, 768px\" alt=\"\" title=\"isolation-dome-marchienne-au-pont\" width=\"768\" height=\"512\"  \/><\/a>\n\t<\/div>\n<\/div>\n\n\n<div class=\"post-entry-content\">\n\n\t<h3 class=\"entry-title\">\n\t\t<a href=\"https:\/\/www.iseoprojection.com\/nl\/realisatie\/isolatie-koepel-moskee-marchienne-au-pont\/\" target=\"\" title=\"Isolatie van de koepel van de moskee in Marchienne-au-Pont\" rel=\"bookmark\">Isolatie van de koepel van de moskee in Marchienne-au-Pont<\/a>\n\t<\/h3>\n\n\t\n\t<div class=\"entry-excerpt\"><p>In Marchienne-au-Pont heeft ISEO Projection de binnenkant van de koepel van een moskee ge\u00efsoleerd met H2O schuim met lage dichtheid. Een snelle en effici\u00ebnte ingreep.<\/p>\n<\/div>\n\t<a class=\"dt-btn-s dt-btn post-details details-type-btn\" href=\"https:\/\/www.iseoprojection.com\/nl\/realisatie\/isolatie-koepel-moskee-marchienne-au-pont\/\" target=\"\">Lees meer<i class=\"dt-icon-the7-arrow-03\" aria-hidden=\"true\"><\/i><\/a>\n<\/div><\/article><\/div><div class=\"hidden wf-cell\" data-post-id=\"4119\" data-date=\"2024-10-01T10:19:45+02:00\" data-name=\"Dakisolatie van een keuken showroom in La Louvi\u00e8re\"><article class=\"post visible post-4119 dt_portfolio type-dt_portfolio status-publish has-post-thumbnail hentry dt_portfolio_category-dak dt_portfolio_category-plafonds-nl dt_portfolio_category-48 dt_portfolio_category-61\" data-name=\"Dakisolatie van een keuken showroom in La Louvi\u00e8re\" data-date=\"2024-10-01T10:19:45+02:00\">\n\n<div class=\"post-thumbnail-wrap forward-post \">\n\t<div class=\"post-thumbnail\">\n\n\t\t<a href=\"https:\/\/www.iseoprojection.com\/nl\/realisatie\/dakisolatie-showroom-la-louviere\/\" class=\"post-thumbnail-rollover layzr-bg\" target=\"\"  aria-label=\"Post image\"><img decoding=\"async\" class=\"iso-lazy-load preload-me iso-lazy-load aspect\" src=\"data:image\/svg+xml,%3Csvg%20xmlns%3D&#39;http%3A%2F%2Fwww.w3.org%2F2000%2Fsvg&#39;%20viewBox%3D&#39;0%200%20768%20512&#39;%2F%3E\" data-src=\"https:\/\/www.iseoprojection.com\/wp-content\/uploads\/2024\/10\/isolation-toit-magasin-la-louviere-768x512.jpg\" data-srcset=\"https:\/\/www.iseoprojection.com\/wp-content\/uploads\/2024\/10\/isolation-toit-magasin-la-louviere-768x512.jpg 768w, https:\/\/www.iseoprojection.com\/wp-content\/uploads\/2024\/10\/isolation-toit-magasin-la-louviere-900x600.jpg 900w\" loading=\"eager\" style=\"--ratio: 768 \/ 512\" sizes=\"(max-width: 768px) 100vw, 768px\" alt=\"Plafond isol\u00e9 avec mousse \u00e0 cellules ouvertes dans un magasin en r\u00e9novation \u00e0 La Louvi\u00e8re avec de la structure en m\u00e9tal supportant l&#039;isolation.\" title=\"isolation-toit-magasin-la-louviere\" width=\"768\" height=\"512\"  \/><\/a>\n\t<\/div>\n<\/div>\n\n\n<div class=\"post-entry-content\">\n\n\t<h3 class=\"entry-title\">\n\t\t<a href=\"https:\/\/www.iseoprojection.com\/nl\/realisatie\/dakisolatie-showroom-la-louviere\/\" target=\"\" title=\"Dakisolatie van een keuken showroom in La Louvi\u00e8re\" rel=\"bookmark\">Dakisolatie van een keuken showroom in La Louvi\u00e8re<\/a>\n\t<\/h3>\n\n\t\n\t<div class=\"entry-excerpt\"><p>Ontdek onze ingreep bij de dakisolatie van een keuken showroom in La Louvi\u00e8re. Een project van twee dagen met een elegante afwerking op basis van&hellip;<\/p>\n<\/div>\n\t<a class=\"dt-btn-s dt-btn post-details details-type-btn\" href=\"https:\/\/www.iseoprojection.com\/nl\/realisatie\/dakisolatie-showroom-la-louviere\/\" target=\"\">Lees meer<i class=\"dt-icon-the7-arrow-03\" aria-hidden=\"true\"><\/i><\/a>\n<\/div><\/article><\/div><div class=\"hidden wf-cell\" data-post-id=\"3873\" data-date=\"2024-08-05T09:04:28+02:00\" data-name=\"Isolatie van het plafond en het trappenhuis van een kelder in Gembloux\"><article class=\"post visible post-3873 dt_portfolio type-dt_portfolio status-publish has-post-thumbnail hentry dt_portfolio_category-kelder dt_portfolio_category-plafonds-nl dt_portfolio_category-60 dt_portfolio_category-61\" data-name=\"Isolatie van het plafond en het trappenhuis van een kelder in Gembloux\" data-date=\"2024-08-05T09:04:28+02:00\">\n\n<div class=\"post-thumbnail-wrap forward-post \">\n\t<div class=\"post-thumbnail\">\n\n\t\t<a href=\"https:\/\/www.iseoprojection.com\/nl\/realisatie\/isolatie-plafond-trappenhuis-kelder-gembloux\/\" class=\"post-thumbnail-rollover layzr-bg\" target=\"\"  aria-label=\"Post image\"><img decoding=\"async\" class=\"iso-lazy-load preload-me iso-lazy-load aspect\" src=\"data:image\/svg+xml,%3Csvg%20xmlns%3D&#39;http%3A%2F%2Fwww.w3.org%2F2000%2Fsvg&#39;%20viewBox%3D&#39;0%200%20768%20512&#39;%2F%3E\" data-src=\"https:\/\/www.iseoprojection.com\/wp-content\/uploads\/2024\/08\/isolation-cave-gembloux-768x512.jpg\" data-srcset=\"https:\/\/www.iseoprojection.com\/wp-content\/uploads\/2024\/08\/isolation-cave-gembloux-768x512.jpg 768w, https:\/\/www.iseoprojection.com\/wp-content\/uploads\/2024\/08\/isolation-cave-gembloux-900x600.jpg 900w\" loading=\"eager\" style=\"--ratio: 768 \/ 512\" sizes=\"(max-width: 768px) 100vw, 768px\" alt=\"Isolation du plafond d&#039;une cave \u00e0 Gembloux\" title=\"isolation-cave-gembloux\" width=\"768\" height=\"512\"  \/><\/a>\n\t<\/div>\n<\/div>\n\n\n<div class=\"post-entry-content\">\n\n\t<h3 class=\"entry-title\">\n\t\t<a href=\"https:\/\/www.iseoprojection.com\/nl\/realisatie\/isolatie-plafond-trappenhuis-kelder-gembloux\/\" target=\"\" title=\"Isolatie van het plafond en het trappenhuis van een kelder in Gembloux\" rel=\"bookmark\">Isolatie van het plafond en het trappenhuis van een kelder in Gembloux<\/a>\n\t<\/h3>\n\n\t\n\t<div class=\"entry-excerpt\"><p>ISEO Projection presenteert u zijn laatste werf: isolatie van het plafond en het trappenhuis van een kelder in Gembloux.<\/p>\n<\/div>\n\t<a class=\"dt-btn-s dt-btn post-details details-type-btn\" href=\"https:\/\/www.iseoprojection.com\/nl\/realisatie\/isolatie-plafond-trappenhuis-kelder-gembloux\/\" target=\"\">Lees meer<i class=\"dt-icon-the7-arrow-03\" aria-hidden=\"true\"><\/i><\/a>\n<\/div><\/article><\/div><div class=\"hidden wf-cell\" data-post-id=\"3210\" data-date=\"2024-03-29T12:23:54+01:00\" data-name=\"Isolatie van een kelderplafond in Huy\"><article class=\"post visible post-3210 dt_portfolio type-dt_portfolio status-publish has-post-thumbnail hentry dt_portfolio_category-kelder dt_portfolio_category-plafonds-nl dt_portfolio_category-60 dt_portfolio_category-61\" data-name=\"Isolatie van een kelderplafond in Huy\" data-date=\"2024-03-29T12:23:54+01:00\">\n\n<div class=\"post-thumbnail-wrap forward-post \">\n\t<div class=\"post-thumbnail\">\n\n\t\t<a href=\"https:\/\/www.iseoprojection.com\/nl\/realisatie\/isolatie-kelderplafond-huy\/\" class=\"post-thumbnail-rollover layzr-bg\" target=\"\"  aria-label=\"Post image\"><img decoding=\"async\" class=\"iso-lazy-load preload-me iso-lazy-load aspect\" src=\"data:image\/svg+xml,%3Csvg%20xmlns%3D&#39;http%3A%2F%2Fwww.w3.org%2F2000%2Fsvg&#39;%20viewBox%3D&#39;0%200%20768%20512&#39;%2F%3E\" data-src=\"https:\/\/www.iseoprojection.com\/wp-content\/uploads\/2024\/03\/ISEO-isolation-cave-huy-768x512.jpg\" data-srcset=\"https:\/\/www.iseoprojection.com\/wp-content\/uploads\/2024\/03\/ISEO-isolation-cave-huy-768x512.jpg 768w, https:\/\/www.iseoprojection.com\/wp-content\/uploads\/2024\/03\/ISEO-isolation-cave-huy-810x540.jpg 810w\" loading=\"eager\" style=\"--ratio: 768 \/ 512\" sizes=\"(max-width: 768px) 100vw, 768px\" alt=\"Isolation d&#039;un plafond d&#039;une cave avec des panneaux PIR. \" title=\"ISEO-isolation-cave-huy\" width=\"768\" height=\"512\"  \/><\/a>\n\t<\/div>\n<\/div>\n\n\n<div class=\"post-entry-content\">\n\n\t<h3 class=\"entry-title\">\n\t\t<a href=\"https:\/\/www.iseoprojection.com\/nl\/realisatie\/isolatie-kelderplafond-huy\/\" target=\"\" title=\"Isolatie van een kelderplafond in Huy\" rel=\"bookmark\">Isolatie van een kelderplafond in Huy<\/a>\n\t<\/h3>\n\n\t\n\t<div class=\"entry-excerpt\"><p>Ontdek hoe ISEO Projection de uitdaging aangaat om een complex kelderplafond in Huy te isoleren. Verbetering van comfort en energie-effici\u00ebntie.<\/p>\n<\/div>\n\t<a class=\"dt-btn-s dt-btn post-details details-type-btn\" href=\"https:\/\/www.iseoprojection.com\/nl\/realisatie\/isolatie-kelderplafond-huy\/\" target=\"\">Lees meer<i class=\"dt-icon-the7-arrow-03\" aria-hidden=\"true\"><\/i><\/a>\n<\/div><\/article><\/div><div class=\"hidden wf-cell\" data-post-id=\"3107\" data-date=\"2024-02-15T12:19:57+01:00\" data-name=\"Comfort en isolatie op het water in Andenne\"><article class=\"post visible post-3107 dt_portfolio type-dt_portfolio status-publish has-post-thumbnail hentry dt_portfolio_category-muren dt_portfolio_category-plafonds-nl dt_portfolio_category-vloer dt_portfolio_category-50 dt_portfolio_category-61 dt_portfolio_category-53\" data-name=\"Comfort en isolatie op het water in Andenne\" data-date=\"2024-02-15T12:19:57+01:00\">\n\n<div class=\"post-thumbnail-wrap forward-post \">\n\t<div class=\"post-thumbnail\">\n\n\t\t<a href=\"https:\/\/www.iseoprojection.com\/nl\/realisatie\/isolatie-schuit-andenne\/\" class=\"post-thumbnail-rollover layzr-bg\" target=\"\"  aria-label=\"Post image\"><img decoding=\"async\" class=\"iso-lazy-load preload-me iso-lazy-load aspect\" src=\"data:image\/svg+xml,%3Csvg%20xmlns%3D&#39;http%3A%2F%2Fwww.w3.org%2F2000%2Fsvg&#39;%20viewBox%3D&#39;0%200%20768%20512&#39;%2F%3E\" data-src=\"https:\/\/www.iseoprojection.com\/wp-content\/uploads\/2024\/02\/isolation-chantier-naval-andenne-768x512.jpg\" data-srcset=\"https:\/\/www.iseoprojection.com\/wp-content\/uploads\/2024\/02\/isolation-chantier-naval-andenne-768x512.jpg 768w, https:\/\/www.iseoprojection.com\/wp-content\/uploads\/2024\/02\/isolation-chantier-naval-andenne-900x600.jpg 900w\" loading=\"eager\" style=\"--ratio: 768 \/ 512\" sizes=\"(max-width: 768px) 100vw, 768px\" alt=\"Isolation par l&#039;int\u00e9rieur avec mousse projet\u00e9e d&#039;une p\u00e9niche \u00e0 Andennne\" title=\"isolation-chantier-naval-andenne\" width=\"768\" height=\"512\"  \/><\/a>\n\t<\/div>\n<\/div>\n\n\n<div class=\"post-entry-content\">\n\n\t<h3 class=\"entry-title\">\n\t\t<a href=\"https:\/\/www.iseoprojection.com\/nl\/realisatie\/isolatie-schuit-andenne\/\" target=\"\" title=\"Comfort en isolatie op het water in Andenne\" rel=\"bookmark\">Comfort en isolatie op het water in Andenne<\/a>\n\t<\/h3>\n\n\t\n\t<div class=\"entry-excerpt\"><p>Iseo Projection brengt zijn expertise op het gebied van binnenvaartisolatie naar Andenne voor meer comfort op het water.<\/p>\n<\/div>\n\t<a class=\"dt-btn-s dt-btn post-details details-type-btn\" href=\"https:\/\/www.iseoprojection.com\/nl\/realisatie\/isolatie-schuit-andenne\/\" target=\"\">Lees meer<i class=\"dt-icon-the7-arrow-03\" aria-hidden=\"true\"><\/i><\/a>\n<\/div><\/article><\/div><div class=\"hidden wf-cell\" data-post-id=\"3093\" data-date=\"2024-02-15T11:52:16+01:00\" data-name=\"Isolatie van een houtskeletbouwwoning in Hasti\u00e8re\"><article class=\"post visible post-3093 dt_portfolio type-dt_portfolio status-publish has-post-thumbnail hentry dt_portfolio_category-muren dt_portfolio_category-plafonds-nl dt_portfolio_category-vloer dt_portfolio_category-50 dt_portfolio_category-61 dt_portfolio_category-53\" data-name=\"Isolatie van een houtskeletbouwwoning in Hasti\u00e8re\" data-date=\"2024-02-15T11:52:16+01:00\">\n\n<div class=\"post-thumbnail-wrap forward-post \">\n\t<div class=\"post-thumbnail\">\n\n\t\t<a href=\"https:\/\/www.iseoprojection.com\/nl\/realisatie\/isolatie-huis-houtskeletbouw\/\" class=\"post-thumbnail-rollover layzr-bg\" target=\"\"  aria-label=\"Post image\"><img decoding=\"async\" class=\"iso-lazy-load preload-me iso-lazy-load aspect\" src=\"data:image\/svg+xml,%3Csvg%20xmlns%3D&#39;http%3A%2F%2Fwww.w3.org%2F2000%2Fsvg&#39;%20viewBox%3D&#39;0%200%20768%20512&#39;%2F%3E\" data-src=\"https:\/\/www.iseoprojection.com\/wp-content\/uploads\/2024\/02\/isolation-maison-neuve-hastiere-768x512.jpg\" data-srcset=\"https:\/\/www.iseoprojection.com\/wp-content\/uploads\/2024\/02\/isolation-maison-neuve-hastiere-768x512.jpg 768w, https:\/\/www.iseoprojection.com\/wp-content\/uploads\/2024\/02\/isolation-maison-neuve-hastiere-810x540.jpg 810w\" loading=\"eager\" style=\"--ratio: 768 \/ 512\" sizes=\"(max-width: 768px) 100vw, 768px\" alt=\"Isolation avec mousse projet\u00e9e d&#039;une maison \u00e0 ossature \u00e0 Hasti\u00e8re\" title=\"isolation-maison-neuve-hastiere\" width=\"768\" height=\"512\"  \/><\/a>\n\t<\/div>\n<\/div>\n\n\n<div class=\"post-entry-content\">\n\n\t<h3 class=\"entry-title\">\n\t\t<a href=\"https:\/\/www.iseoprojection.com\/nl\/realisatie\/isolatie-huis-houtskeletbouw\/\" target=\"\" title=\"Isolatie van een houtskeletbouwwoning in Hasti\u00e8re\" rel=\"bookmark\">Isolatie van een houtskeletbouwwoning in Hasti\u00e8re<\/a>\n\t<\/h3>\n\n\t\n\t<div class=\"entry-excerpt\"><p>Iseo Projection gaat in Hasti\u00e8re de logistieke uitdaging aan voor een binnenisolatie van een houtskeletbouwwoning.<\/p>\n<\/div>\n\t<a class=\"dt-btn-s dt-btn post-details details-type-btn\" href=\"https:\/\/www.iseoprojection.com\/nl\/realisatie\/isolatie-huis-houtskeletbouw\/\" target=\"\">Lees meer<i class=\"dt-icon-the7-arrow-03\" aria-hidden=\"true\"><\/i><\/a>\n<\/div><\/article><\/div><\/div><!-- iso-container|iso-grid --><div class=\"paginator\" role=\"navigation\"><\/div><\/div>[\/vc_column][\/vc_row][vc_row bg_type=&#8221;bg_color&#8221; css=&#8221;.vc_custom_1649083409880{padding-top: 80px !important;}&#8221;][vc_column css_animation=&#8221;appear&#8221; css=&#8221;.vc_custom_1643711645535{padding-top: 30px !important;padding-right: 30px !important;padding-bottom: 30px !important;padding-left: 30px !important;background-color: #008ad1 !important;border-radius: 20px !important;}&#8221; el_class=&#8221;custom-col-shadow&#8221;][vc_column_text css=&#8221;&#8221; el_class=&#8221;custom-white&#8221;]<\/p>\n<h2 class=\"p1\" style=\"text-align: center;\">Vragen? Onze isolatie-experts antwoorden<\/h2>\n<p class=\"p2\" style=\"text-align: center;\">Heeft u <b>vragen<\/b> over uw renovatie- of nieuwbouwproject? Vertrouw op uw <b>isolatie-expert voor thermische prestaties<\/b> en energie-besparing.<\/p>\n<p>[\/vc_column_text]<style type=\"text\/css\" data-type=\"the7_shortcodes-inline-css\">#default-btn-ce00d56926c63c431eb6c60acdaeeecc.ico-right-side > i {\n  margin-right: 0px;\n  margin-left: 8px;\n}\n#default-btn-ce00d56926c63c431eb6c60acdaeeecc > i {\n  margin-right: 8px;\n}<\/style><div class=\"btn-align-center\"><a href=\"https:\/\/www.iseoprojection.com\/nl\/contact\/\" class=\"default-btn-shortcode dt-btn dt-btn-l link-hover-off  vc_custom_1759405596813\" id=\"default-btn-ce00d56926c63c431eb6c60acdaeeecc\" title=\"Contacteer ons\"><span>Contacteer ons<\/span><\/a><\/div>[\/vc_column][\/vc_row][vc_row full_width=&#8221;stretch_row_content_no_spaces&#8221; gap=&#8221;20&#8243; content_placement=&#8221;middle&#8221; css=&#8221;.vc_custom_1712828251701{padding-top: 50px !important;padding-bottom: 0px !important;}&#8221;][vc_column css=&#8221;.vc_custom_1649083418133{margin-bottom: 80px !important;}&#8221;][vc_column_text css=&#8221;.vc_custom_1759405615108{margin-bottom: 15px !important;}&#8221;]<\/p>\n<h2 class=\"p1\" style=\"text-align: center;\">Klantbeoordelingen<\/h2>\n<p>[\/vc_column_text][vc_widget_sidebar show_bg=&#8221;false&#8221; sidebar_id=&#8221;sidebar_5&#8243;][\/vc_column][\/vc_row][vc_row gap=&#8221;20&#8243; equal_height=&#8221;yes&#8221; content_placement=&#8221;middle&#8221; css=&#8221;.vc_custom_1711099437624{padding-top: 80px !important;}&#8221;][vc_column offset=&#8221;vc_col-lg-offset-2 vc_col-lg-8&#8243;][vc_column_text css=&#8221;&#8221;]<\/p>\n<h2 class=\"p1\" style=\"text-align: center;\">ISEO Projection isoleert uw woning<\/h2>\n<p>[\/vc_column_text][vc_column_text css=&#8221;&#8221;]<\/p>\n<p class=\"p1\" style=\"text-align: center;\">Vertrouw uw project toe aan een <b>expert in polyurethaanschuim en biogebaseerde isolatie<\/b> en verbeter de <b>thermische prestaties<\/b> van uw woning! Ons team isoleert uw plafond en alle <b>andere oppervlakken<\/b> van uw woning met het meest geschikte isolatiemateriaal.<\/p>\n<p>[\/vc_column_text][\/vc_column][\/vc_row][vc_row gap=&#8221;10&#8243; equal_height=&#8221;yes&#8221; css=&#8221;.vc_custom_1711100424587{padding-bottom: 80px !important;}&#8221;][vc_column width=&#8221;1\/3&#8243; offset=&#8221;vc_col-lg-2&#8243;]<div class=\"aio-icon-component   custom-infobox-house style_1\"><a class=\"aio-icon-box-link\" href=\"https:\/\/www.iseoprojection.com\/nl\/woningisolatie\/kelderisolatie\/\" title=\"Kelderisolatie\" ><div id=\"Info-box-wrap-7325\" class=\"aio-icon-box top-icon\" style=\"\"  ><div class=\"aio-icon-top\"><div class=\"ult-just-icon-wrapper  \"><div class=\"align-icon\" style=\"text-align:center;\">\n<div class=\"aio-icon-img \" style=\"font-size:120px;display:inline-block;\" >\n\t<img decoding=\"async\" class=\"img-icon\" alt=\"null\" src=\"https:\/\/www.iseoprojection.com\/wp-content\/uploads\/2024\/05\/cave.webp\"\/>\n<\/div><\/div><\/div><\/div><div class=\"aio-icon-header\" ><p class=\"aio-icon-title ult-responsive\"  data-ultimate-target='#Info-box-wrap-7325 .aio-icon-title'  data-responsive-json-new='{\"font-size\":\"desktop:18px;\",\"line-height\":\"desktop:30px;\"}'  style=\"font-weight:bold;color:#01adea;\">Kelderisolatie<\/p><\/div> <!-- header --><\/div> <!-- aio-icon-box --><\/a><\/div> <!-- aio-icon-component -->[\/vc_column][vc_column width=&#8221;1\/3&#8243; offset=&#8221;vc_col-lg-2&#8243;]<div class=\"aio-icon-component   custom-infobox-house style_1\"><a class=\"aio-icon-box-link\" href=\"https:\/\/www.iseoprojection.com\/nl\/woningisolatie\/vloerisolatie\/\" title=\"Vloerisolatie\" ><div id=\"Info-box-wrap-1571\" class=\"aio-icon-box top-icon\" style=\"\"  ><div class=\"aio-icon-top\"><div class=\"ult-just-icon-wrapper  \"><div class=\"align-icon\" style=\"text-align:center;\">\n<div class=\"aio-icon-img \" style=\"font-size:120px;display:inline-block;\" >\n\t<img decoding=\"async\" class=\"img-icon\" alt=\"null\" src=\"https:\/\/www.iseoprojection.com\/wp-content\/uploads\/2024\/05\/icon-sol.webp\"\/>\n<\/div><\/div><\/div><\/div><div class=\"aio-icon-header\" ><p class=\"aio-icon-title ult-responsive\"  data-ultimate-target='#Info-box-wrap-1571 .aio-icon-title'  data-responsive-json-new='{\"font-size\":\"desktop:18px;\",\"line-height\":\"desktop:30px;\"}'  style=\"font-weight:bold;color:#3e8b2b;\">Vloerisolatie<\/p><\/div> <!-- header --><\/div> <!-- aio-icon-box --><\/a><\/div> <!-- aio-icon-component -->[\/vc_column][vc_column width=&#8221;1\/3&#8243; offset=&#8221;vc_col-lg-2&#8243;]<div class=\"aio-icon-component   custom-infobox-house style_1\"><a class=\"aio-icon-box-link\" href=\"https:\/\/www.iseoprojection.com\/nl\/woningisolatie\/muurisolatie\/\" title=\"Muurisolatie\" ><div id=\"Info-box-wrap-3342\" class=\"aio-icon-box top-icon\" style=\"\"  ><div class=\"aio-icon-top\"><div class=\"ult-just-icon-wrapper  \"><div class=\"align-icon\" style=\"text-align:center;\">\n<div class=\"aio-icon-img \" style=\"font-size:120px;display:inline-block;\" >\n\t<img decoding=\"async\" class=\"img-icon\" alt=\"null\" src=\"https:\/\/www.iseoprojection.com\/wp-content\/uploads\/2024\/05\/icon-murs.webp\"\/>\n<\/div><\/div><\/div><\/div><div class=\"aio-icon-header\" ><p class=\"aio-icon-title ult-responsive\"  data-ultimate-target='#Info-box-wrap-3342 .aio-icon-title'  data-responsive-json-new='{\"font-size\":\"desktop:18px;\",\"line-height\":\"desktop:30px;\"}'  style=\"font-weight:bold;color:#65ad27;\">Muurisolatie<\/p><\/div> <!-- header --><\/div> <!-- aio-icon-box --><\/a><\/div> <!-- aio-icon-component -->[\/vc_column][vc_column width=&#8221;1\/3&#8243; offset=&#8221;vc_col-lg-2&#8243;]<div class=\"aio-icon-component   custom-infobox-house style_1\"><a class=\"aio-icon-box-link\" href=\"https:\/\/www.iseoprojection.com\/nl\/woningisolatie\/dakisolatie\/\" title=\"Dakisolatie\" ><div id=\"Info-box-wrap-7916\" class=\"aio-icon-box top-icon\" style=\"\"  ><div class=\"aio-icon-top\"><div class=\"ult-just-icon-wrapper  \"><div class=\"align-icon\" style=\"text-align:center;\">\n<div class=\"aio-icon-img \" style=\"font-size:120px;display:inline-block;\" >\n\t<img decoding=\"async\" class=\"img-icon\" alt=\"null\" src=\"https:\/\/www.iseoprojection.com\/wp-content\/uploads\/2024\/03\/toiture.webp\"\/>\n<\/div><\/div><\/div><\/div><div class=\"aio-icon-header\" ><p class=\"aio-icon-title ult-responsive\"  data-ultimate-target='#Info-box-wrap-7916 .aio-icon-title'  data-responsive-json-new='{\"font-size\":\"desktop:18px;\",\"line-height\":\"desktop:30px;\"}'  style=\"font-weight:bold;color:#ef7c00;\">Dakisolatie<\/p><\/div> <!-- header --><\/div> <!-- aio-icon-box --><\/a><\/div> <!-- aio-icon-component -->[\/vc_column][vc_column width=&#8221;1\/3&#8243; offset=&#8221;vc_col-lg-2&#8243;]<div class=\"aio-icon-component   custom-infobox-house style_1\"><a class=\"aio-icon-box-link\" href=\"https:\/\/www.iseoprojection.com\/nl\/woningisolatie\/isolatie-van-de-geventileerde-ruimte\/\" title=\"Isolatie van de kruipkelder\" ><div id=\"Info-box-wrap-9263\" class=\"aio-icon-box top-icon\" style=\"\"  ><div class=\"aio-icon-top\"><div class=\"ult-just-icon-wrapper  \"><div class=\"align-icon\" style=\"text-align:center;\">\n<div class=\"aio-icon-img \" style=\"font-size:120px;display:inline-block;\" >\n\t<img decoding=\"async\" class=\"img-icon\" alt=\"null\" src=\"https:\/\/www.iseoprojection.com\/wp-content\/uploads\/2024\/03\/vide-ventile.webp\"\/>\n<\/div><\/div><\/div><\/div><div class=\"aio-icon-header\" ><p class=\"aio-icon-title ult-responsive\"  data-ultimate-target='#Info-box-wrap-9263 .aio-icon-title'  data-responsive-json-new='{\"font-size\":\"desktop:18px;\",\"line-height\":\"desktop:30px;\"}'  style=\"font-weight:bold;color:#01adea;\">Isolatie van de kruipkelder<\/p><\/div> <!-- header --><\/div> <!-- aio-icon-box --><\/a><\/div> <!-- aio-icon-component -->[\/vc_column][vc_column width=&#8221;1\/3&#8243; offset=&#8221;vc_col-lg-2&#8243;]<div class=\"aio-icon-component   custom-infobox-house style_1\"><a class=\"aio-icon-box-link\" href=\"https:\/\/www.iseoprojection.com\/nl\/woningisolatie\/zolderisolatie\/\" title=\"Zolderisolatie\" ><div id=\"Info-box-wrap-5301\" class=\"aio-icon-box top-icon\" style=\"\"  ><div class=\"aio-icon-top\"><div class=\"ult-just-icon-wrapper  \"><div class=\"align-icon\" style=\"text-align:center;\">\n<div class=\"aio-icon-img \" style=\"font-size:120px;display:inline-block;\" >\n\t<img decoding=\"async\" class=\"img-icon\" alt=\"null\" src=\"https:\/\/www.iseoprojection.com\/wp-content\/uploads\/2024\/05\/grenier.webp\"\/>\n<\/div><\/div><\/div><\/div><div class=\"aio-icon-header\" ><p class=\"aio-icon-title ult-responsive\"  data-ultimate-target='#Info-box-wrap-5301 .aio-icon-title'  data-responsive-json-new='{\"font-size\":\"desktop:18px;\",\"line-height\":\"desktop:30px;\"}'  style=\"font-weight:bold;color:#bbcd25;\">Zolderisolatie<\/p><\/div> <!-- header --><\/div> <!-- aio-icon-box --><\/a><\/div> <!-- aio-icon-component -->[\/vc_column][\/vc_row][vc_row][vc_column][vc_column_text css=&#8221;&#8221;]<\/p>\n<h2 class=\"p1\">FAQ \u2013 Alles over plafondisolatie<\/h2>\n<p>[\/vc_column_text][vc_toggle title=&#8221;Waarom is plafondisolatie belangrijk voor mijn thermisch en akoestisch comfort?&#8221; css=&#8221;&#8221;]<\/p>\n<p class=\"p1\"><b>Plafondisolatie<\/b> is essentieel om warmteverlies te beperken, aangezien warme lucht opstijgt. Door uw plafond te isoleren, <b>behoudt u de warmte in huis<\/b>, verlaagt u uw energieverbruik en verbetert u het thermisch comfort. Bovendien zorgt plafondisolatie voor <b>akoestische voordelen<\/b>, doordat geluiden van buiten \u00e9n binnen worden gedempt.<\/p>\n<p>[\/vc_toggle][vc_toggle title=&#8221;Welke isolatie is geschikt voor plafondisolatie?&#8221; css=&#8221;&#8221;]<\/p>\n<p class=\"p1\">Voor <b>plafondisolatie<\/b> bieden wij twee doeltreffende oplossingen:<\/p>\n<ul class=\"ul1\">\n<li class=\"li1\"><b>Gespoten isolatie<\/b> met <b>polyurethaanschuim<\/b>, dat <b>luchtdicht<\/b> is maar tegelijk <b>dampdoorlatend<\/b>, zodat uw plafond kan ademen en u toch geniet van uitstekende thermische en akoestische prestaties.<\/li>\n<li class=\"li3\"><b>Biogebaseerde isolatie<\/b> met natuurlijke materialen zoals <b>cellulose<\/b>, <b>houtvezel<\/b> en <b>grasvezel<\/b>, die zorgen voor een <b>goede temperatuurregeling<\/b> en <b>geluidsisolatie<\/b>.<\/li>\n<\/ul>\n<p>[\/vc_toggle][vc_toggle title=&#8221;Hoe kies ik tussen gespoten en biogebaseerde plafondisolatie?&#8221; css=&#8221;&#8221;]<\/p>\n<p class=\"p1\">De keuze tussen <b>gespoten schuim<\/b> en <b>biogebaseerde isolatie<\/b> hangt af van uw prioriteiten:<\/p>\n<ul class=\"ul1\">\n<li class=\"li1\">Wilt u een <b>snelle, zeer performante oplossing zonder naden of spleten<\/b>, dan is gespoten schuim ideaal.<\/li>\n<li class=\"li1\">Geeft u de voorkeur aan <b>ecologische, natuurlijke materialen<\/b> met toch <b>uitstekende thermische en akoestische prestaties<\/b>, dan is biogebaseerde isolatie de beste optie.<\/li>\n<\/ul>\n<p class=\"p1\">Onze experts begeleiden u bij het maken van de juiste keuze.<\/p>\n<p>[\/vc_toggle][vc_toggle title=&#8221;Vermindert plafondisolatie mijn energiefactuur?&#8221; css=&#8221;&#8221;]<\/p>\n<p class=\"p1\">Ja, <b>plafondisolatie<\/b> is een uitstekende manier om uw <b>energiekosten te verlagen<\/b>. Door warmteverlies via het plafond te beperken, vermindert u de energie die nodig is om uw huis op een stabiele temperatuur te houden. Goede isolatie zorgt ervoor dat u het <b>warm hebt in de winter<\/b> en <b>koel in de zomer<\/b>.<\/p>\n<p>[\/vc_toggle][vc_toggle title=&#8221;Wat is interessanter: plafondisolatie of dakisolatie?&#8221; css=&#8221;&#8221;]<\/p>\n<p class=\"p1\">Bij isolatie is het belangrijk om de <b>luchtvolumes die u effectief wenst te verwarmen<\/b> duidelijk te defini\u00ebren.<\/p>\n<p class=\"p1\">Heeft u een <b>garage of zolder<\/b> die u niet verwarmt? Dan hoeft u die ruimtes niet constant op 20\u00b0C te houden. In dat geval is het effici\u00ebnter om uw <b>plafond onder uw zolder of boven uw garage te isoleren<\/b>: minder warmteverlies \u00e9n minder te verwarmen ruimte!<\/p>\n<p class=\"p1\">Wilt u van uw zolder een <b>leefruimte<\/b> maken, zoals een slaapkamer of bureau? Dan is het beter om uw <b>dak te isoleren<\/b>, zodat deze ruimte in het verwarmde volume blijft en u geen warmte verliest via het dak.<\/p>\n<p>[\/vc_toggle][vc_toggle title=&#8221;Zijn er premies beschikbaar voor plafondisolatie?&#8221; css=&#8221;&#8221;]<\/p>\n<p class=\"p1\">Ja, in <b>Belgi\u00eb<\/b>, <b>Frankrijk<\/b> en <b>Luxemburg<\/b> bestaan <b>energiepremies<\/b> voor <b>plafondisolatie<\/b> en andere thermische isolatiewerken. Deze financi\u00eble steun verlaagt de kostprijs aanzienlijk. Onze experts begeleiden u bij de aanvraag zodat u maximaal voordeel haalt uit deze premies.<\/p>\n<p>[\/vc_toggle][\/vc_column][\/vc_row]<\/p>\n<\/div>","protected":false},"excerpt":{"rendered":"<p>[vc_row equal_height=&#8221;yes&#8221; content_placement=&#8221;top&#8221; bg_type=&#8221;image&#8221; parallax_style=&#8221;vcpb-default&#8221; bg_image_new=&#8221;id^453|url^https:\/\/www.iseoprojection.com\/wp-content\/uploads\/2022\/03\/banner-isolation-plafond.jpg|caption^null|alt^null|title^banner-isolation-plafond|description^null&#8221; bg_image_repeat=&#8221;no-repeat&#8221; bg_image_posiiton=&#8221;bottom&#8221; bg_override=&#8221;ex-full&#8221; enable_overlay=&#8221;enable_overlay_value&#8221; overlay_color=&#8221;rgba(0,73,123,0.3)&#8221; seperator_enable=&#8221;seperator_enable_value&#8221; seperator_type=&#8221;xlarge_circle_seperator&#8221; seperator_position=&#8221;bottom_seperator&#8221; seperator_svg_height=&#8221;160&#8243; seperator_shape_background=&#8221;#00b6ed&#8221; el_class=&#8221;custom-row custom-overlay&#8221; css=&#8221;.vc_custom_1649079063584{padding-top: 80px !important;padding-bottom: 160px !important;}&#8221;][vc_column offset=&#8221;vc_col-lg-12&#8243; css=&#8221;.vc_custom_1648113148778{margin-bottom: 35px !important;}&#8221;][vc_column_text css=&#8221;&#8221; el_class=&#8221;custom-white&#8221;] Plafondisolatie voor optimaal thermisch en akoestisch comfort [\/vc_column_text][\/vc_column][vc_column width=&#8221;1\/2&#8243; css=&#8221;.vc_custom_1648114507853{margin-right: 30px !important;padding-top: 0px !important;}&#8221; offset=&#8221;vc_col-lg-7&#8243;][vc_column_text css=&#8221;&#8221; el_class=&#8221;custom-white&#8221;] Wist u dat warmte altijd opstijgt? Om energieverlies te&hellip;<\/p>\n","protected":false},"author":1,"featured_media":0,"parent":986,"menu_order":4,"comment_status":"closed","ping_status":"closed","template":"","meta":{"footnotes":""},"class_list":["post-996","page","type-page","status-publish","hentry","description-off"],"yoast_head":"<!-- This site is optimized with the Yoast SEO plugin v27.5 - https:\/\/yoast.com\/product\/yoast-seo-wordpress\/ -->\n<title>Expert in thermische en akoestische plafondisolatie\u2028<\/title>\n<meta name=\"description\" content=\"Effici\u00ebnte plafondisolatie met gespoten schuim of biogebaseerde isolatie. Snelle installatie door een gecertificeerd expert. Gegarandeerde kwaliteit.\u2028\" \/>\n<meta name=\"robots\" content=\"index, follow, max-snippet:-1, max-image-preview:large, max-video-preview:-1\" \/>\n<link rel=\"canonical\" href=\"https:\/\/www.iseoprojection.com\/nl\/woningisolatie\/plafondisolatie\/\" \/>\n<meta property=\"og:locale\" content=\"nl_NL\" \/>\n<meta property=\"og:type\" content=\"article\" \/>\n<meta property=\"og:title\" content=\"Expert in thermische en akoestische plafondisolatie\u2028\" \/>\n<meta property=\"og:description\" content=\"Effici\u00ebnte plafondisolatie met gespoten schuim of biogebaseerde isolatie. Snelle installatie door een gecertificeerd expert. Gegarandeerde kwaliteit.\u2028\" \/>\n<meta property=\"og:url\" content=\"https:\/\/www.iseoprojection.com\/nl\/woningisolatie\/plafondisolatie\/\" \/>\n<meta property=\"og:site_name\" content=\"ISEO projection\" \/>\n<meta property=\"article:modified_time\" content=\"2025-10-02T11:51:48+00:00\" \/>\n<meta name=\"twitter:card\" content=\"summary_large_image\" \/>\n<meta name=\"twitter:label1\" content=\"Geschatte leestijd\" \/>\n\t<meta name=\"twitter:data1\" content=\"6 minuten\" \/>\n<script type=\"application\/ld+json\" class=\"yoast-schema-graph\">{\"@context\":\"https:\\\/\\\/schema.org\",\"@graph\":[{\"@type\":\"WebPage\",\"@id\":\"https:\\\/\\\/www.iseoprojection.com\\\/nl\\\/woningisolatie\\\/plafondisolatie\\\/\",\"url\":\"https:\\\/\\\/www.iseoprojection.com\\\/nl\\\/woningisolatie\\\/plafondisolatie\\\/\",\"name\":\"Expert in thermische en akoestische plafondisolatie\\u2028\",\"isPartOf\":{\"@id\":\"https:\\\/\\\/www.iseoprojection.com\\\/#website\"},\"datePublished\":\"2022-01-31T09:52:59+00:00\",\"dateModified\":\"2025-10-02T11:51:48+00:00\",\"description\":\"Effici\u00ebnte plafondisolatie met gespoten schuim of biogebaseerde isolatie. Snelle installatie door een gecertificeerd expert. Gegarandeerde kwaliteit.\\u2028\",\"breadcrumb\":{\"@id\":\"https:\\\/\\\/www.iseoprojection.com\\\/nl\\\/woningisolatie\\\/plafondisolatie\\\/#breadcrumb\"},\"inLanguage\":\"nl-NL\",\"potentialAction\":[{\"@type\":\"ReadAction\",\"target\":[\"https:\\\/\\\/www.iseoprojection.com\\\/nl\\\/woningisolatie\\\/plafondisolatie\\\/\"]}]},{\"@type\":\"BreadcrumbList\",\"@id\":\"https:\\\/\\\/www.iseoprojection.com\\\/nl\\\/woningisolatie\\\/plafondisolatie\\\/#breadcrumb\",\"itemListElement\":[{\"@type\":\"ListItem\",\"position\":1,\"name\":\"Accueil\",\"item\":\"https:\\\/\\\/www.iseoprojection.com\\\/nl\\\/\"},{\"@type\":\"ListItem\",\"position\":2,\"name\":\"Woning isolatie\",\"item\":\"https:\\\/\\\/www.iseoprojection.com\\\/nl\\\/woningisolatie\\\/\"},{\"@type\":\"ListItem\",\"position\":3,\"name\":\"Plafondisolatie\"}]},{\"@type\":\"WebSite\",\"@id\":\"https:\\\/\\\/www.iseoprojection.com\\\/#website\",\"url\":\"https:\\\/\\\/www.iseoprojection.com\\\/\",\"name\":\"ISEO projection\",\"description\":\"\",\"potentialAction\":[{\"@type\":\"SearchAction\",\"target\":{\"@type\":\"EntryPoint\",\"urlTemplate\":\"https:\\\/\\\/www.iseoprojection.com\\\/?s={search_term_string}\"},\"query-input\":{\"@type\":\"PropertyValueSpecification\",\"valueRequired\":true,\"valueName\":\"search_term_string\"}}],\"inLanguage\":\"nl-NL\"}]}<\/script>\n<!-- \/ Yoast SEO plugin. -->","yoast_head_json":{"title":"Expert in thermische en akoestische plafondisolatie\u2028","description":"Effici\u00ebnte plafondisolatie met gespoten schuim of biogebaseerde isolatie. Snelle installatie door een gecertificeerd expert. Gegarandeerde kwaliteit.\u2028","robots":{"index":"index","follow":"follow","max-snippet":"max-snippet:-1","max-image-preview":"max-image-preview:large","max-video-preview":"max-video-preview:-1"},"canonical":"https:\/\/www.iseoprojection.com\/nl\/woningisolatie\/plafondisolatie\/","og_locale":"nl_NL","og_type":"article","og_title":"Expert in thermische en akoestische plafondisolatie\u2028","og_description":"Effici\u00ebnte plafondisolatie met gespoten schuim of biogebaseerde isolatie. Snelle installatie door een gecertificeerd expert. Gegarandeerde kwaliteit.\u2028","og_url":"https:\/\/www.iseoprojection.com\/nl\/woningisolatie\/plafondisolatie\/","og_site_name":"ISEO projection","article_modified_time":"2025-10-02T11:51:48+00:00","twitter_card":"summary_large_image","twitter_misc":{"Geschatte leestijd":"6 minuten"},"schema":{"@context":"https:\/\/schema.org","@graph":[{"@type":"WebPage","@id":"https:\/\/www.iseoprojection.com\/nl\/woningisolatie\/plafondisolatie\/","url":"https:\/\/www.iseoprojection.com\/nl\/woningisolatie\/plafondisolatie\/","name":"Expert in thermische en akoestische plafondisolatie\u2028","isPartOf":{"@id":"https:\/\/www.iseoprojection.com\/#website"},"datePublished":"2022-01-31T09:52:59+00:00","dateModified":"2025-10-02T11:51:48+00:00","description":"Effici\u00ebnte plafondisolatie met gespoten schuim of biogebaseerde isolatie. Snelle installatie door een gecertificeerd expert. Gegarandeerde kwaliteit.\u2028","breadcrumb":{"@id":"https:\/\/www.iseoprojection.com\/nl\/woningisolatie\/plafondisolatie\/#breadcrumb"},"inLanguage":"nl-NL","potentialAction":[{"@type":"ReadAction","target":["https:\/\/www.iseoprojection.com\/nl\/woningisolatie\/plafondisolatie\/"]}]},{"@type":"BreadcrumbList","@id":"https:\/\/www.iseoprojection.com\/nl\/woningisolatie\/plafondisolatie\/#breadcrumb","itemListElement":[{"@type":"ListItem","position":1,"name":"Accueil","item":"https:\/\/www.iseoprojection.com\/nl\/"},{"@type":"ListItem","position":2,"name":"Woning isolatie","item":"https:\/\/www.iseoprojection.com\/nl\/woningisolatie\/"},{"@type":"ListItem","position":3,"name":"Plafondisolatie"}]},{"@type":"WebSite","@id":"https:\/\/www.iseoprojection.com\/#website","url":"https:\/\/www.iseoprojection.com\/","name":"ISEO projection","description":"","potentialAction":[{"@type":"SearchAction","target":{"@type":"EntryPoint","urlTemplate":"https:\/\/www.iseoprojection.com\/?s={search_term_string}"},"query-input":{"@type":"PropertyValueSpecification","valueRequired":true,"valueName":"search_term_string"}}],"inLanguage":"nl-NL"}]}},"_links":{"self":[{"href":"https:\/\/www.iseoprojection.com\/nl\/wp-json\/wp\/v2\/pages\/996","targetHints":{"allow":["GET"]}}],"collection":[{"href":"https:\/\/www.iseoprojection.com\/nl\/wp-json\/wp\/v2\/pages"}],"about":[{"href":"https:\/\/www.iseoprojection.com\/nl\/wp-json\/wp\/v2\/types\/page"}],"author":[{"embeddable":true,"href":"https:\/\/www.iseoprojection.com\/nl\/wp-json\/wp\/v2\/users\/1"}],"replies":[{"embeddable":true,"href":"https:\/\/www.iseoprojection.com\/nl\/wp-json\/wp\/v2\/comments?post=996"}],"version-history":[{"count":29,"href":"https:\/\/www.iseoprojection.com\/nl\/wp-json\/wp\/v2\/pages\/996\/revisions"}],"predecessor-version":[{"id":5917,"href":"https:\/\/www.iseoprojection.com\/nl\/wp-json\/wp\/v2\/pages\/996\/revisions\/5917"}],"up":[{"embeddable":true,"href":"https:\/\/www.iseoprojection.com\/nl\/wp-json\/wp\/v2\/pages\/986"}],"wp:attachment":[{"href":"https:\/\/www.iseoprojection.com\/nl\/wp-json\/wp\/v2\/media?parent=996"}],"curies":[{"name":"wp","href":"https:\/\/api.w.org\/{rel}","templated":true}]}}