{"id":2538,"date":"2023-11-16T14:17:20","date_gmt":"2023-11-16T13:17:20","guid":{"rendered":"https:\/\/www.iseoprojection.com\/realisations\/"},"modified":"2025-08-14T08:34:07","modified_gmt":"2025-08-14T06:34:07","slug":"realisaties","status":"publish","type":"page","link":"https:\/\/www.iseoprojection.com\/nl\/realisaties\/","title":{"rendered":"Realisaties"},"content":{"rendered":"<div class=\"wpb-content-wrapper\"><p>[vc_row equal_height=&#8221;yes&#8221; content_placement=&#8221;middle&#8221; bg_type=&#8221;image&#8221; parallax_style=&#8221;vcpb-default&#8221; bg_image_new=&#8221;id^2648|url^https:\/\/www.iseoprojection.com\/wp-content\/uploads\/2023\/11\/ISEOPROJECTION-realisations-background-header.jpg|caption^null|alt^null|title^ISEOPROJECTION-realisations-background-header|description^null&#8221; bg_image_repeat=&#8221;no-repeat&#8221; bg_override=&#8221;ex-full&#8221; enable_overlay=&#8221;enable_overlay_value&#8221; overlay_color=&#8221;rgba(0,73,123,0.3)&#8221; seperator_enable=&#8221;seperator_enable_value&#8221; seperator_type=&#8221;xlarge_circle_seperator&#8221; seperator_position=&#8221;bottom_seperator&#8221; seperator_shape_background=&#8221;#ffffff&#8221; el_class=&#8221;custom-row custom-overlay&#8221; css=&#8221;.vc_custom_1700831349675{padding-top: 60px !important;padding-bottom: 80px !important;}&#8221;][vc_column width=&#8221;1\/2&#8243; css=&#8221;.vc_custom_1700145109339{padding-top: 20px !important;}&#8221;][vc_column_text el_class=&#8221;custom-white&#8221;]<\/p>\n<h1>Onze realisaties<\/h1>\n<p>[\/vc_column_text][vc_column_text el_class=&#8221;custom-white&#8221;]We zijn actief in heel Belgi\u00eb, Frankrijk en Luxemburg. Bekijk ons werk en laat je inspireren.[\/vc_column_text]<style type=\"text\/css\" data-type=\"the7_shortcodes-inline-css\">#default-btn-995478997a0da07edcee41fe33c0dcaf.ico-right-side > i {\n  margin-right: 0px;\n  margin-left: 8px;\n}\n#default-btn-995478997a0da07edcee41fe33c0dcaf > i {\n  margin-right: 8px;\n}<\/style><a href=\"https:\/\/www.iseoprojection.com\/nl\/contact\/\" class=\"default-btn-shortcode dt-btn dt-btn-l link-hover-off btn-inline-left  vc_custom_1700142826023\" id=\"default-btn-995478997a0da07edcee41fe33c0dcaf\" title=\"Laten we het over uw project hebben\"><span>Laten we het over uw project hebben<\/span><\/a>[\/vc_column][vc_column width=&#8221;1\/2&#8243; el_class=&#8221;custom-col-shadow&#8221; css=&#8221;.vc_custom_1700145229311{padding-top: 0px !important;padding-right: 0px !important;padding-bottom: 0px !important;padding-left: 0px !important;border-radius: 30px !important;}&#8221;][vc_single_image image=&#8221;2760&#8243; img_size=&#8221;full&#8221; alignment=&#8221;center&#8221; css=&#8221;.vc_custom_1706261367813{border-radius: 30px !important;}&#8221; image_hovers=&#8221;false&#8221;][\/vc_column][\/vc_row][vc_row css=&#8221;.vc_custom_1649143661980{padding-top: 80px !important;padding-bottom: 80px !important;}&#8221;][vc_column]<style type=\"text\/css\" data-type=\"the7_shortcodes-inline-css\">.portfolio-shortcode.portfolio-masonry-shortcode-id-2bd33a1e69957cd979df5a18ed229769.content-bg-on.classic-layout-list article {\n  background: #ffffff;\n  -webkit-box-shadow: none;\n  box-shadow: none;\n}\n.portfolio-shortcode.portfolio-masonry-shortcode-id-2bd33a1e69957cd979df5a18ed229769.dividers-on.classic-layout-list article {\n  padding-top: 0;\n}\n.portfolio-shortcode.portfolio-masonry-shortcode-id-2bd33a1e69957cd979df5a18ed229769.dividers-on.classic-layout-list article:first-of-type {\n  margin-top: 0;\n  padding-top: 0;\n}\n.portfolio-shortcode.portfolio-masonry-shortcode-id-2bd33a1e69957cd979df5a18ed229769.classic-layout-list.mode-list .post-entry-content {\n  width: calc(100% - );\n}\n.portfolio-shortcode.portfolio-masonry-shortcode-id-2bd33a1e69957cd979df5a18ed229769.classic-layout-list.mode-list .no-img .post-entry-content {\n  width: 100%;\n}\n.portfolio-shortcode.portfolio-masonry-shortcode-id-2bd33a1e69957cd979df5a18ed229769 .filter-bg-decoration .filter-categories a.act {\n  color: #fff;\n}\n.portfolio-shortcode.portfolio-masonry-shortcode-id-2bd33a1e69957cd979df5a18ed229769:not(.mode-masonry) article:first-of-type,\n.portfolio-shortcode.portfolio-masonry-shortcode-id-2bd33a1e69957cd979df5a18ed229769:not(.mode-masonry) article.visible.first {\n  margin-top: 0;\n}\n.portfolio-shortcode.portfolio-masonry-shortcode-id-2bd33a1e69957cd979df5a18ed229769.dividers-on:not(.mode-masonry) article {\n  margin-top: 0;\n}\n.portfolio-shortcode.portfolio-masonry-shortcode-id-2bd33a1e69957cd979df5a18ed229769.dividers-on:not(.mode-masonry) article:first-of-type,\n.portfolio-shortcode.portfolio-masonry-shortcode-id-2bd33a1e69957cd979df5a18ed229769.dividers-on:not(.mode-masonry) article.visible.first {\n  margin-top: 0;\n  padding-top: 0;\n}\n.portfolio-shortcode.portfolio-masonry-shortcode-id-2bd33a1e69957cd979df5a18ed229769.hover-scale article:after {\n  background: -webkit-linear-gradient();\n  background: linear-gradient();\n}\n.portfolio-shortcode.portfolio-masonry-shortcode-id-2bd33a1e69957cd979df5a18ed229769.gradient-overlay-layout-list article {\n  border-radius: 0px;\n}\n.portfolio-shortcode.portfolio-masonry-shortcode-id-2bd33a1e69957cd979df5a18ed229769 .post-thumbnail-wrap {\n  padding: 0px 0px 0px 0px;\n  border-radius: 0px;\n}\n.portfolio-shortcode.portfolio-masonry-shortcode-id-2bd33a1e69957cd979df5a18ed229769 .post-thumbnail-wrap *,\n.portfolio-shortcode.portfolio-masonry-shortcode-id-2bd33a1e69957cd979df5a18ed229769 .post-thumbnail-rollover:after {\n  border-radius: 0px;\n}\n.portfolio-shortcode.portfolio-masonry-shortcode-id-2bd33a1e69957cd979df5a18ed229769.enable-bg-rollover .post-thumbnail-rollover:after {\n  background: -webkit-linear-gradient();\n  background: linear-gradient();\n}\n.bottom-overlap-layout-list.portfolio-shortcode.portfolio-masonry-shortcode-id-2bd33a1e69957cd979df5a18ed229769 .project-links-container {\n  height: calc(100% - 100px);\n}\n.portfolio-shortcode.portfolio-masonry-shortcode-id-2bd33a1e69957cd979df5a18ed229769 .project-links-container a {\n  width: 44px;\n  height: 44px;\n  line-height: 44px;\n  border-radius: 100px;\n  margin: 10px 5px 10px;\n}\n.content-rollover-layout-list:not(.content-align-center).portfolio-shortcode.portfolio-masonry-shortcode-id-2bd33a1e69957cd979df5a18ed229769 .project-links-container a,\n.gradient-overlay-layout-list:not(.content-align-center).portfolio-shortcode.portfolio-masonry-shortcode-id-2bd33a1e69957cd979df5a18ed229769 .project-links-container a {\n  margin: 10px 10px 10px 0;\n}\n.dt-icon-border-on.portfolio-shortcode.portfolio-masonry-shortcode-id-2bd33a1e69957cd979df5a18ed229769 .project-links-container a:before {\n  border-width: 0px;\n  border-style: solid;\n}\n.dt-icon-hover-border-on.portfolio-shortcode.portfolio-masonry-shortcode-id-2bd33a1e69957cd979df5a18ed229769 .project-links-container a:after {\n  border-width: 0px;\n  border-style: solid;\n}\n.dt-icon-bg-on.portfolio-shortcode.portfolio-masonry-shortcode-id-2bd33a1e69957cd979df5a18ed229769 .project-links-container a:before {\n  background: rgba(255,255,255,0.3);\n  -webkit-box-shadow: none;\n  box-shadow: none;\n}\n.dt-icon-hover-bg-on.portfolio-shortcode.portfolio-masonry-shortcode-id-2bd33a1e69957cd979df5a18ed229769 .project-links-container a:after {\n  background: rgba(255,255,255,0.5);\n  -webkit-box-shadow: none;\n  box-shadow: none;\n}\n.portfolio-shortcode.portfolio-masonry-shortcode-id-2bd33a1e69957cd979df5a18ed229769 .project-links-container a > span,\n.portfolio-shortcode.portfolio-masonry-shortcode-id-2bd33a1e69957cd979df5a18ed229769 .project-links-container a > span:before {\n  font-size: 16px;\n  line-height: 44px;\n}\n.portfolio-shortcode.portfolio-masonry-shortcode-id-2bd33a1e69957cd979df5a18ed229769 .project-links-container a:not(:hover) > span {\n  color: #ffffff;\n}\n.dt-icon-hover-off.portfolio-shortcode.portfolio-masonry-shortcode-id-2bd33a1e69957cd979df5a18ed229769 .project-links-container a > span,\n.dt-icon-hover-off.portfolio-shortcode.portfolio-masonry-shortcode-id-2bd33a1e69957cd979df5a18ed229769 .project-links-container a:hover > span {\n  color: #ffffff;\n}\n.dt-icon-hover-on.portfolio-shortcode.portfolio-masonry-shortcode-id-2bd33a1e69957cd979df5a18ed229769 .project-links-container a:hover > span {\n  color: #ffffff;\n}\n.portfolio-shortcode.portfolio-masonry-shortcode-id-2bd33a1e69957cd979df5a18ed229769 .entry-title,\n.portfolio-shortcode.portfolio-masonry-shortcode-id-2bd33a1e69957cd979df5a18ed229769.owl-carousel .entry-title {\n  margin-bottom: 10px;\n  font-size: 22px;\n  line-height: 32px;\n  font-weight: bold;\n}\n.portfolio-shortcode.portfolio-masonry-shortcode-id-2bd33a1e69957cd979df5a18ed229769 .entry-meta {\n  margin-bottom: 15px;\n}\n.portfolio-shortcode.portfolio-masonry-shortcode-id-2bd33a1e69957cd979df5a18ed229769 .portfolio-categories {\n  margin-bottom: 15px;\n}\n.portfolio-shortcode.portfolio-masonry-shortcode-id-2bd33a1e69957cd979df5a18ed229769 .entry-excerpt {\n  margin-bottom: 15px;\n}\n.portfolio-shortcode.portfolio-masonry-shortcode-id-2bd33a1e69957cd979df5a18ed229769:not(.centered-layout-list) .post-entry-content {\n  padding: 30px 30px 30px 30px;\n}\n.portfolio-shortcode.portfolio-masonry-shortcode-id-2bd33a1e69957cd979df5a18ed229769:not(.centered-layout-list):not(\n      .content-bg-on\n    ):not(.mode-list)\n    .no-img\n    .post-entry-content {\n  padding: 0;\n}\n.portfolio-shortcode.portfolio-masonry-shortcode-id-2bd33a1e69957cd979df5a18ed229769.content-bg-on:not(.classic-layout-list):not(\n      .centered-layout-list\n    ):not(.gradient-overlay-layout-list)\n    .post-entry-content {\n  background: #ffffff;\n  -webkit-box-shadow: none;\n  box-shadow: none;\n}\n.portfolio-shortcode.portfolio-masonry-shortcode-id-2bd33a1e69957cd979df5a18ed229769.gradient-overlay-layout-list .post-entry-content {\n  border-radius: 0px;\n}\n@media screen and (max-width: ) {\n  .portfolio-shortcode.portfolio-masonry-shortcode-id-2bd33a1e69957cd979df5a18ed229769 article {\n    -webkit-flex-flow: column nowrap;\n    -moz-flex-flow: column nowrap;\n    -ms-flex-flow: column nowrap;\n    flex-flow: column nowrap;\n    margin-top: 20px;\n  }\n  .portfolio-shortcode.portfolio-masonry-shortcode-id-2bd33a1e69957cd979df5a18ed229769.dividers-on article {\n    border: none;\n  }\n  .portfolio-shortcode.portfolio-masonry-shortcode-id-2bd33a1e69957cd979df5a18ed229769.content-bg-on.centered-layout-list article {\n    padding: 0;\n  }\n  #page .portfolio-shortcode.portfolio-masonry-shortcode-id-2bd33a1e69957cd979df5a18ed229769 .post-thumbnail-wrap,\n  #page .portfolio-shortcode.portfolio-masonry-shortcode-id-2bd33a1e69957cd979df5a18ed229769 .post-entry-content {\n    width: 100%;\n    margin: 0;\n    top: 0;\n  }\n  #page .portfolio-shortcode.portfolio-masonry-shortcode-id-2bd33a1e69957cd979df5a18ed229769 .post-thumbnail-wrap {\n    padding: 0;\n  }\n  #page .portfolio-shortcode.portfolio-masonry-shortcode-id-2bd33a1e69957cd979df5a18ed229769 .post-entry-content:after {\n    display: none;\n  }\n  #page .portfolio-shortcode.portfolio-masonry-shortcode-id-2bd33a1e69957cd979df5a18ed229769 .project-even .post-thumbnail-wrap,\n  #page .portfolio-shortcode.portfolio-masonry-shortcode-id-2bd33a1e69957cd979df5a18ed229769.centered-layout-list .post-thumbnail-wrap {\n    -webkit-order: 0;\n    -moz-order: 0;\n    -ms-flex-order: 0;\n    order: 0;\n  }\n  #page .portfolio-shortcode.portfolio-masonry-shortcode-id-2bd33a1e69957cd979df5a18ed229769.centered-layout-list .post-entry-title-content {\n    -webkit-order: 1;\n    -moz-order: 1;\n    -ms-flex-order: 1;\n    order: 1;\n    width: 100%;\n    padding: 20px 20px 0;\n  }\n  #page .portfolio-shortcode.portfolio-masonry-shortcode-id-2bd33a1e69957cd979df5a18ed229769.centered-layout-list .post-entry-content {\n    -webkit-order: 2;\n    -moz-order: 2;\n    -ms-flex-order: 2;\n    order: 2;\n    padding-top: 0;\n  }\n  #page .portfolio-shortcode.portfolio-masonry-shortcode-id-2bd33a1e69957cd979df5a18ed229769 .post-entry-content {\n    padding: 20px;\n  }\n  #page .portfolio-shortcode.portfolio-masonry-shortcode-id-2bd33a1e69957cd979df5a18ed229769 .entry-title {\n    margin: 3px 0 5px;\n    font-size: 20px;\n    line-height: 26px;\n  }\n  #page .portfolio-shortcode.portfolio-masonry-shortcode-id-2bd33a1e69957cd979df5a18ed229769 .entry-meta {\n    margin: 5px 0 5px;\n  }\n  #page .portfolio-shortcode.portfolio-masonry-shortcode-id-2bd33a1e69957cd979df5a18ed229769 .entry-excerpt {\n    margin: 15px 0 0;\n  }\n  #page .portfolio-shortcode.portfolio-masonry-shortcode-id-2bd33a1e69957cd979df5a18ed229769 .post-details {\n    margin: 5px 0 10px;\n  }\n  #page .portfolio-shortcode.portfolio-masonry-shortcode-id-2bd33a1e69957cd979df5a18ed229769 .post-details.details-type-link {\n    margin-bottom: 2px;\n  }\n}\n.portfolio-shortcode.portfolio-masonry-shortcode-id-2bd33a1e69957cd979df5a18ed229769:not(.resize-by-browser-width) .dt-css-grid {\n  grid-row-gap: 30px;\n  grid-column-gap: 30px;\n  grid-template-columns: repeat(auto-fill,minmax(,1fr));\n}\n.portfolio-shortcode.portfolio-masonry-shortcode-id-2bd33a1e69957cd979df5a18ed229769:not(.resize-by-browser-width) .dt-css-grid .double-width {\n  grid-column: span 2;\n}\n.cssgridlegacy.no-cssgrid .portfolio-shortcode.portfolio-masonry-shortcode-id-2bd33a1e69957cd979df5a18ed229769:not(.resize-by-browser-width) .dt-css-grid,\n.no-cssgridlegacy.no-cssgrid .portfolio-shortcode.portfolio-masonry-shortcode-id-2bd33a1e69957cd979df5a18ed229769:not(.resize-by-browser-width) .dt-css-grid {\n  display: flex;\n  flex-flow: row wrap;\n  margin: -15px;\n}\n.cssgridlegacy.no-cssgrid .portfolio-shortcode.portfolio-masonry-shortcode-id-2bd33a1e69957cd979df5a18ed229769:not(.resize-by-browser-width) .dt-css-grid .wf-cell,\n.no-cssgridlegacy.no-cssgrid .portfolio-shortcode.portfolio-masonry-shortcode-id-2bd33a1e69957cd979df5a18ed229769:not(.resize-by-browser-width) .dt-css-grid .wf-cell {\n  flex: 1 0 ;\n  max-width: 100%;\n  padding: 15px;\n  box-sizing: border-box;\n}\n.portfolio-shortcode.portfolio-masonry-shortcode-id-2bd33a1e69957cd979df5a18ed229769.resize-by-browser-width .dt-css-grid {\n  grid-template-columns: repeat(3,1fr);\n  grid-template-rows: auto;\n  grid-column-gap: 30px;\n  grid-row-gap: 30px;\n}\n.portfolio-shortcode.portfolio-masonry-shortcode-id-2bd33a1e69957cd979df5a18ed229769.resize-by-browser-width .dt-css-grid .double-width {\n  grid-column: span 2;\n}\n.cssgridlegacy.no-cssgrid .portfolio-shortcode.portfolio-masonry-shortcode-id-2bd33a1e69957cd979df5a18ed229769.resize-by-browser-width .dt-css-grid {\n  margin: -15px;\n}\n.cssgridlegacy.no-cssgrid .portfolio-shortcode.portfolio-masonry-shortcode-id-2bd33a1e69957cd979df5a18ed229769.resize-by-browser-width .dt-css-grid .wf-cell {\n  width: 33.333333333333%;\n  padding: 15px;\n}\n.cssgridlegacy.no-cssgrid .portfolio-shortcode.portfolio-masonry-shortcode-id-2bd33a1e69957cd979df5a18ed229769.resize-by-browser-width .dt-css-grid .wf-cell.double-width {\n  width: calc(33.333333333333%) * 2;\n}\n.portfolio-shortcode.portfolio-masonry-shortcode-id-2bd33a1e69957cd979df5a18ed229769.resize-by-browser-width:not(.centered-layout-list):not(.content-bg-on) .dt-css-grid {\n  grid-row-gap: 0px;\n}\n@media screen and (max-width: 1199px) {\n  .portfolio-shortcode.portfolio-masonry-shortcode-id-2bd33a1e69957cd979df5a18ed229769.resize-by-browser-width .dt-css-grid {\n    grid-template-columns: repeat(3,1fr);\n  }\n  .cssgridlegacy.no-cssgrid .portfolio-shortcode.portfolio-masonry-shortcode-id-2bd33a1e69957cd979df5a18ed229769.resize-by-browser-width .dt-css-grid .wf-cell,\n  .no-cssgridlegacy.no-cssgrid .portfolio-shortcode.portfolio-masonry-shortcode-id-2bd33a1e69957cd979df5a18ed229769.resize-by-browser-width .dt-css-grid .wf-cell {\n    width: 33.333333333333%;\n  }\n  .cssgridlegacy.no-cssgrid .portfolio-shortcode.portfolio-masonry-shortcode-id-2bd33a1e69957cd979df5a18ed229769.resize-by-browser-width .dt-css-grid .wf-cell.double-width,\n  .no-cssgridlegacy.no-cssgrid .portfolio-shortcode.portfolio-masonry-shortcode-id-2bd33a1e69957cd979df5a18ed229769.resize-by-browser-width .dt-css-grid .wf-cell.double-width {\n    width: calc(33.333333333333%)*2;\n  }\n}\n@media screen and (max-width: 991px) {\n  .portfolio-shortcode.portfolio-masonry-shortcode-id-2bd33a1e69957cd979df5a18ed229769.resize-by-browser-width .dt-css-grid {\n    grid-template-columns: repeat(2,1fr);\n  }\n  .cssgridlegacy.no-cssgrid .portfolio-shortcode.portfolio-masonry-shortcode-id-2bd33a1e69957cd979df5a18ed229769.resize-by-browser-width .dt-css-grid .wf-cell,\n  .no-cssgridlegacy.no-cssgrid .portfolio-shortcode.portfolio-masonry-shortcode-id-2bd33a1e69957cd979df5a18ed229769.resize-by-browser-width .dt-css-grid .wf-cell {\n    width: 50%;\n  }\n  .cssgridlegacy.no-cssgrid .portfolio-shortcode.portfolio-masonry-shortcode-id-2bd33a1e69957cd979df5a18ed229769.resize-by-browser-width .dt-css-grid .wf-cell.double-width,\n  .no-cssgridlegacy.no-cssgrid .portfolio-shortcode.portfolio-masonry-shortcode-id-2bd33a1e69957cd979df5a18ed229769.resize-by-browser-width .dt-css-grid .wf-cell.double-width {\n    width: calc(50%)*2;\n  }\n}\n@media screen and (max-width: 767px) {\n  .portfolio-shortcode.portfolio-masonry-shortcode-id-2bd33a1e69957cd979df5a18ed229769.resize-by-browser-width .dt-css-grid {\n    grid-template-columns: repeat(1,1fr);\n  }\n  .portfolio-shortcode.portfolio-masonry-shortcode-id-2bd33a1e69957cd979df5a18ed229769.resize-by-browser-width .dt-css-grid .double-width {\n    grid-column: span 1;\n  }\n  .cssgridlegacy.no-cssgrid .portfolio-shortcode.portfolio-masonry-shortcode-id-2bd33a1e69957cd979df5a18ed229769.resize-by-browser-width .dt-css-grid .wf-cell,\n  .no-cssgridlegacy.no-cssgrid .portfolio-shortcode.portfolio-masonry-shortcode-id-2bd33a1e69957cd979df5a18ed229769.resize-by-browser-width .dt-css-grid .wf-cell {\n    width: 100%;\n  }\n  .cssgridlegacy.no-cssgrid .portfolio-shortcode.portfolio-masonry-shortcode-id-2bd33a1e69957cd979df5a18ed229769.resize-by-browser-width .dt-css-grid .wf-cell.double-width,\n  .no-cssgridlegacy.no-cssgrid .portfolio-shortcode.portfolio-masonry-shortcode-id-2bd33a1e69957cd979df5a18ed229769.resize-by-browser-width .dt-css-grid .wf-cell.double-width {\n    width: calc(100%)*2;\n  }\n}<\/style><div class=\"portfolio-shortcode portfolio-masonry-shortcode-id-2bd33a1e69957cd979df5a18ed229769 mode-grid classic-layout-list content-bg-on jquery-filter dt-icon-bg-on dt-icon-border-on dt-icon-hover-on dt-icon-hover-border-on dt-icon-hover-bg-on dt-css-grid-wrap enable-bg-rollover resize-by-browser-width  loading-effect-none description-under-image \" data-padding=\"15px\" data-cur-page=\"1\" data-post-limit=\"12\" data-pagination-mode=\"load-more\" aria-live=\"assertive\" data-desktop-columns-num=\"3\" data-v-tablet-columns-num=\"2\" data-h-tablet-columns-num=\"3\" data-phone-columns-num=\"1\" data-width=\"0px\" data-columns=\"0\"><div class=\"iso-filter css-grid-filter extras-off filter\"><div class=\"filter-categories\" data-default-order=\"desc\" data-default-orderby=\"date\"><a href=\"https:\/\/www.iseoprojection.com\/nl\/realisaties\/\" class=\"show-all act\" data-filter=\"*\" aria-label=\"Apply filter: Allemaal\">Allemaal<\/a><a href=\"https:\/\/www.iseoprojection.com\/nl\/realisaties\/?term=73\" class=\"biobased\" data-filter=\".category-73\" aria-label=\"Apply filter: Biobased\">Biobased<\/a><a href=\"https:\/\/www.iseoprojection.com\/nl\/realisaties\/?term=48\" class=\"dak\" data-filter=\".category-48\" aria-label=\"Apply filter: Dak\">Dak<\/a><a href=\"https:\/\/www.iseoprojection.com\/nl\/realisaties\/?term=60\" class=\"kelder\" data-filter=\".category-60\" aria-label=\"Apply filter: Kelder\">Kelder<\/a><a href=\"https:\/\/www.iseoprojection.com\/nl\/realisaties\/?term=55\" class=\"kruipkelder\" data-filter=\".category-55\" aria-label=\"Apply filter: kruipkelder\">kruipkelder<\/a><a href=\"https:\/\/www.iseoprojection.com\/nl\/realisaties\/?term=50\" class=\"muren\" data-filter=\".category-50\" aria-label=\"Apply filter: Muren\">Muren<\/a><a href=\"https:\/\/www.iseoprojection.com\/nl\/realisaties\/?term=61\" class=\"plafonds-nl\" data-filter=\".category-61\" aria-label=\"Apply filter: Plafonds\">Plafonds<\/a><a href=\"https:\/\/www.iseoprojection.com\/nl\/realisaties\/?term=53\" class=\"vloer\" data-filter=\".category-53\" aria-label=\"Apply filter: Vloer\">Vloer<\/a><a href=\"https:\/\/www.iseoprojection.com\/nl\/realisaties\/?term=57\" class=\"zolder\" data-filter=\".category-57\" aria-label=\"Apply filter: Zolder\">Zolder<\/a><\/div><\/div><div class=\"dt-css-grid\" ><div class=\"visible wf-cell category-48\" data-post-id=\"6715\" data-date=\"2026-04-14T13:52:42+02:00\" data-name=\"Dakisolatie van een woning in Liers\"><article class=\"post visible post-6715 dt_portfolio type-dt_portfolio status-publish has-post-thumbnail hentry dt_portfolio_category-dak dt_portfolio_category-48\" data-name=\"Dakisolatie van een woning in Liers\" data-date=\"2026-04-14T13:52:42+02:00\">\n\n<div class=\"post-thumbnail-wrap rollover-active \">\n\t<div class=\"post-thumbnail\">\n\n\t\t<a href=\"https:\/\/www.iseoprojection.com\/nl\/realisatie\/dakisolatie-liers\/\" class=\"post-thumbnail-rollover layzr-bg\" target=\"\"  aria-label=\"Post image\"><img fetchpriority=\"high\" decoding=\"async\" class=\"iso-lazy-load preload-me iso-lazy-load aspect\" src=\"data:image\/svg+xml,%3Csvg%20xmlns%3D&#39;http%3A%2F%2Fwww.w3.org%2F2000%2Fsvg&#39;%20viewBox%3D&#39;0%200%20768%20512&#39;%2F%3E\" data-src=\"https:\/\/www.iseoprojection.com\/wp-content\/uploads\/2026\/04\/isolation-sous-toiture-768x512.jpg\" data-srcset=\"https:\/\/www.iseoprojection.com\/wp-content\/uploads\/2026\/04\/isolation-sous-toiture-768x512.jpg 768w, https:\/\/www.iseoprojection.com\/wp-content\/uploads\/2026\/04\/isolation-sous-toiture-1152x768.jpg 1152w\" loading=\"eager\" style=\"--ratio: 768 \/ 512\" sizes=\"(max-width: 768px) 100vw, 768px\" alt=\"Toiture d&#039;une habitation \u00e0 Liers isol\u00e9e avec de la mousse projet\u00e9e\" title=\"isolation-sous-toiture\" width=\"768\" height=\"512\"  \/><\/a><div class=\"project-links-container\"><a href=\"https:\/\/www.iseoprojection.com\/nl\/realisatie\/dakisolatie-liers\/\" target=\"\" class=\"project-details\" aria-label=\"Details link\"><span class=\"icon-portfolio-p205\"><\/span><\/a><\/div>\n\t<\/div>\n<\/div>\n\n\n<div class=\"post-entry-content\">\n\n\t<h3 class=\"entry-title\">\n\t\t<a href=\"https:\/\/www.iseoprojection.com\/nl\/realisatie\/dakisolatie-liers\/\" target=\"\" title=\"Dakisolatie van een woning in Liers\" rel=\"bookmark\">Dakisolatie van een woning in Liers<\/a>\n\t<\/h3>\n\n\t<div class=\"entry-meta portfolio-categories\"><span class=\"category-link\"><a href=\"https:\/\/www.iseoprojection.com\/nl\/project-category\/dak\/\" >Dak<\/a><\/span><\/div>\n\t<div class=\"entry-excerpt\"><p>ISEO Projection isoleerde een dak in Liers met 19 cm opencellig schuim in \u00e9\u00e9n ochtend.<\/p>\n<\/div>\n\t<a class=\"dt-btn-s dt-btn post-details details-type-btn\" href=\"https:\/\/www.iseoprojection.com\/nl\/realisatie\/dakisolatie-liers\/\" target=\"\">Meer lezen<i class=\"dt-icon-the7-arrow-03\" aria-hidden=\"true\"><\/i><\/a>\n<\/div><\/article><\/div><div class=\"visible wf-cell category-53\" data-post-id=\"6694\" data-date=\"2026-04-14T13:40:06+02:00\" data-name=\"Vloerisolatie van een woning in renovatie in Watermaal-Bosvoorde\"><article class=\"post visible post-6694 dt_portfolio type-dt_portfolio status-publish has-post-thumbnail hentry dt_portfolio_category-vloer dt_portfolio_category-53\" data-name=\"Vloerisolatie van een woning in renovatie in Watermaal-Bosvoorde\" data-date=\"2026-04-14T13:40:06+02:00\">\n\n<div class=\"post-thumbnail-wrap rollover-active \">\n\t<div class=\"post-thumbnail\">\n\n\t\t<a href=\"https:\/\/www.iseoprojection.com\/nl\/realisatie\/vloerisolatie-watermaal-bosvoorde\/\" class=\"post-thumbnail-rollover layzr-bg\" target=\"\"  aria-label=\"Post image\"><img decoding=\"async\" class=\"iso-lazy-load preload-me iso-lazy-load aspect\" src=\"data:image\/svg+xml,%3Csvg%20xmlns%3D&#39;http%3A%2F%2Fwww.w3.org%2F2000%2Fsvg&#39;%20viewBox%3D&#39;0%200%20768%20512&#39;%2F%3E\" data-src=\"https:\/\/www.iseoprojection.com\/wp-content\/uploads\/2026\/04\/isolation-sol-watermael-boitsfort-768x512.jpg\" data-srcset=\"https:\/\/www.iseoprojection.com\/wp-content\/uploads\/2026\/04\/isolation-sol-watermael-boitsfort-768x512.jpg 768w, https:\/\/www.iseoprojection.com\/wp-content\/uploads\/2026\/04\/isolation-sol-watermael-boitsfort-1032x688.jpg 1032w\" loading=\"eager\" style=\"--ratio: 768 \/ 512\" sizes=\"(max-width: 768px) 100vw, 768px\" alt=\"Isolation de sol en mousse projet\u00e9e d&#039;une maison r\u00e9nov\u00e9e \u00e0 Watermael Boitsfort\" title=\"isolation-sol-watermael-boitsfort\" width=\"768\" height=\"512\"  \/><\/a><div class=\"project-links-container\"><a href=\"https:\/\/www.iseoprojection.com\/nl\/realisatie\/vloerisolatie-watermaal-bosvoorde\/\" target=\"\" class=\"project-details\" aria-label=\"Details link\"><span class=\"icon-portfolio-p205\"><\/span><\/a><\/div>\n\t<\/div>\n<\/div>\n\n\n<div class=\"post-entry-content\">\n\n\t<h3 class=\"entry-title\">\n\t\t<a href=\"https:\/\/www.iseoprojection.com\/nl\/realisatie\/vloerisolatie-watermaal-bosvoorde\/\" target=\"\" title=\"Vloerisolatie van een woning in renovatie in Watermaal-Bosvoorde\" rel=\"bookmark\">Vloerisolatie van een woning in renovatie in Watermaal-Bosvoorde<\/a>\n\t<\/h3>\n\n\t<div class=\"entry-meta portfolio-categories\"><span class=\"category-link\"><a href=\"https:\/\/www.iseoprojection.com\/nl\/project-category\/vloer\/\" >Vloer<\/a><\/span><\/div>\n\t<div class=\"entry-excerpt\"><p>ISEO Projection isoleerde de vloeren van een woning in renovatie in Watermaal-Bosvoorde met HFO-schuim op meerdere niveaus.<\/p>\n<\/div>\n\t<a class=\"dt-btn-s dt-btn post-details details-type-btn\" href=\"https:\/\/www.iseoprojection.com\/nl\/realisatie\/vloerisolatie-watermaal-bosvoorde\/\" target=\"\">Meer lezen<i class=\"dt-icon-the7-arrow-03\" aria-hidden=\"true\"><\/i><\/a>\n<\/div><\/article><\/div><div class=\"visible wf-cell category-60 category-61\" data-post-id=\"6678\" data-date=\"2026-04-13T17:04:55+02:00\" data-name=\"Werken voor kelderplafond isolatie van een woning in Mechelen\"><article class=\"post visible post-6678 dt_portfolio type-dt_portfolio status-publish has-post-thumbnail hentry dt_portfolio_category-kelder dt_portfolio_category-plafonds-nl dt_portfolio_category-60 dt_portfolio_category-61\" data-name=\"Werken voor kelderplafond isolatie van een woning in Mechelen\" data-date=\"2026-04-13T17:04:55+02:00\">\n\n<div class=\"post-thumbnail-wrap rollover-active \">\n\t<div class=\"post-thumbnail\">\n\n\t\t<a href=\"https:\/\/www.iseoprojection.com\/nl\/realisatie\/kelderplafond-isolatie-mechelen\/\" class=\"post-thumbnail-rollover layzr-bg\" target=\"\"  aria-label=\"Post image\"><img decoding=\"async\" class=\"iso-lazy-load preload-me iso-lazy-load aspect\" src=\"data:image\/svg+xml,%3Csvg%20xmlns%3D&#39;http%3A%2F%2Fwww.w3.org%2F2000%2Fsvg&#39;%20viewBox%3D&#39;0%200%20768%20512&#39;%2F%3E\" data-src=\"https:\/\/www.iseoprojection.com\/wp-content\/uploads\/2026\/04\/cave-isolee-avec-mousse-projetee-768x512.jpg\" data-srcset=\"https:\/\/www.iseoprojection.com\/wp-content\/uploads\/2026\/04\/cave-isolee-avec-mousse-projetee-768x512.jpg 768w, https:\/\/www.iseoprojection.com\/wp-content\/uploads\/2026\/04\/cave-isolee-avec-mousse-projetee-1152x768.jpg 1152w\" loading=\"eager\" style=\"--ratio: 768 \/ 512\" sizes=\"(max-width: 768px) 100vw, 768px\" alt=\"Plafond isol\u00e9 en mousse projet\u00e9e par ISEO Projection\" title=\"cave-isolee-avec-mousse-projetee\" width=\"768\" height=\"512\"  \/><\/a><div class=\"project-links-container\"><a href=\"https:\/\/www.iseoprojection.com\/nl\/realisatie\/kelderplafond-isolatie-mechelen\/\" target=\"\" class=\"project-details\" aria-label=\"Details link\"><span class=\"icon-portfolio-p205\"><\/span><\/a><\/div>\n\t<\/div>\n<\/div>\n\n\n<div class=\"post-entry-content\">\n\n\t<h3 class=\"entry-title\">\n\t\t<a href=\"https:\/\/www.iseoprojection.com\/nl\/realisatie\/kelderplafond-isolatie-mechelen\/\" target=\"\" title=\"Werken voor kelderplafond isolatie van een woning in Mechelen\" rel=\"bookmark\">Werken voor kelderplafond isolatie van een woning in Mechelen<\/a>\n\t<\/h3>\n\n\t<div class=\"entry-meta portfolio-categories\"><span class=\"category-link\"><a href=\"https:\/\/www.iseoprojection.com\/nl\/project-category\/kelder\/\" >Kelder<\/a>, <a href=\"https:\/\/www.iseoprojection.com\/nl\/project-category\/plafonds-nl\/\" >Plafonds<\/a><\/span><\/div>\n\t<div class=\"entry-excerpt\"><p>Ontdek hoe ISEO Projection 220 m\u00b2 kelderplafond in Mechelen isoleerde met ICYNENE H2O-schuim.<\/p>\n<\/div>\n\t<a class=\"dt-btn-s dt-btn post-details details-type-btn\" href=\"https:\/\/www.iseoprojection.com\/nl\/realisatie\/kelderplafond-isolatie-mechelen\/\" target=\"\">Meer lezen<i class=\"dt-icon-the7-arrow-03\" aria-hidden=\"true\"><\/i><\/a>\n<\/div><\/article><\/div><div class=\"visible wf-cell category-48\" data-post-id=\"6660\" data-date=\"2026-04-13T15:58:41+02:00\" data-name=\"Dakisolatie van een ingerichte zolder in Gembloux\"><article class=\"post visible post-6660 dt_portfolio type-dt_portfolio status-publish has-post-thumbnail hentry dt_portfolio_category-dak dt_portfolio_category-48\" data-name=\"Dakisolatie van een ingerichte zolder in Gembloux\" data-date=\"2026-04-13T15:58:41+02:00\">\n\n<div class=\"post-thumbnail-wrap rollover-active \">\n\t<div class=\"post-thumbnail\">\n\n\t\t<a href=\"https:\/\/www.iseoprojection.com\/nl\/realisatie\/dakisolatie-gembloux\/\" class=\"post-thumbnail-rollover layzr-bg\" target=\"\"  aria-label=\"Post image\"><img decoding=\"async\" class=\"iso-lazy-load preload-me iso-lazy-load aspect\" src=\"data:image\/svg+xml,%3Csvg%20xmlns%3D&#39;http%3A%2F%2Fwww.w3.org%2F2000%2Fsvg&#39;%20viewBox%3D&#39;0%200%20768%20512&#39;%2F%3E\" data-src=\"https:\/\/www.iseoprojection.com\/wp-content\/uploads\/2026\/04\/toiture-isolee-avec-mousse-768x512.jpg\" data-srcset=\"https:\/\/www.iseoprojection.com\/wp-content\/uploads\/2026\/04\/toiture-isolee-avec-mousse-768x512.jpg 768w, https:\/\/www.iseoprojection.com\/wp-content\/uploads\/2026\/04\/toiture-isolee-avec-mousse-1152x768.jpg 1152w\" loading=\"eager\" style=\"--ratio: 768 \/ 512\" sizes=\"(max-width: 768px) 100vw, 768px\" alt=\"Toiture en pente isol\u00e9e par ISEO Projection avec de la mousse polyur\u00e9thane\" title=\"toiture-isolee-avec-mousse\" width=\"768\" height=\"512\"  \/><\/a><div class=\"project-links-container\"><a href=\"https:\/\/www.iseoprojection.com\/nl\/realisatie\/dakisolatie-gembloux\/\" target=\"\" class=\"project-details\" aria-label=\"Details link\"><span class=\"icon-portfolio-p205\"><\/span><\/a><\/div>\n\t<\/div>\n<\/div>\n\n\n<div class=\"post-entry-content\">\n\n\t<h3 class=\"entry-title\">\n\t\t<a href=\"https:\/\/www.iseoprojection.com\/nl\/realisatie\/dakisolatie-gembloux\/\" target=\"\" title=\"Dakisolatie van een ingerichte zolder in Gembloux\" rel=\"bookmark\">Dakisolatie van een ingerichte zolder in Gembloux<\/a>\n\t<\/h3>\n\n\t<div class=\"entry-meta portfolio-categories\"><span class=\"category-link\"><a href=\"https:\/\/www.iseoprojection.com\/nl\/project-category\/dak\/\" >Dak<\/a><\/span><\/div>\n\t<div class=\"entry-excerpt\"><p>ISEO Projection isoleerde 112 m\u00b2 dak in Gembloux met 18 cm ICYNENE Lite+ om een zolder in te richten als woonruimte.<\/p>\n<\/div>\n\t<a class=\"dt-btn-s dt-btn post-details details-type-btn\" href=\"https:\/\/www.iseoprojection.com\/nl\/realisatie\/dakisolatie-gembloux\/\" target=\"\">Meer lezen<i class=\"dt-icon-the7-arrow-03\" aria-hidden=\"true\"><\/i><\/a>\n<\/div><\/article><\/div><div class=\"visible wf-cell category-50 category-61\" data-post-id=\"6576\" data-date=\"2026-02-13T14:05:51+01:00\" data-name=\"Isolatie van een aardappelopslagloods in Amillis (Frankrijk)\"><article class=\"post visible post-6576 dt_portfolio type-dt_portfolio status-publish has-post-thumbnail hentry dt_portfolio_category-muren dt_portfolio_category-plafonds-nl dt_portfolio_category-50 dt_portfolio_category-61\" data-name=\"Isolatie van een aardappelopslagloods in Amillis (Frankrijk)\" data-date=\"2026-02-13T14:05:51+01:00\">\n\n<div class=\"post-thumbnail-wrap rollover-active \">\n\t<div class=\"post-thumbnail\">\n\n\t\t<a href=\"https:\/\/www.iseoprojection.com\/nl\/realisatie\/isolatie-landbouwloods-aardappelopslag-amillis\/\" class=\"post-thumbnail-rollover layzr-bg\" target=\"\"  aria-label=\"Post image\"><img decoding=\"async\" class=\"iso-lazy-load preload-me iso-lazy-load aspect\" src=\"data:image\/svg+xml,%3Csvg%20xmlns%3D&#39;http%3A%2F%2Fwww.w3.org%2F2000%2Fsvg&#39;%20viewBox%3D&#39;0%200%20768%20512&#39;%2F%3E\" data-src=\"https:\/\/www.iseoprojection.com\/wp-content\/uploads\/2026\/02\/isolation-batiment-industriel-amalis-768x512.jpg\" data-srcset=\"https:\/\/www.iseoprojection.com\/wp-content\/uploads\/2026\/02\/isolation-batiment-industriel-amalis-768x512.jpg 768w, https:\/\/www.iseoprojection.com\/wp-content\/uploads\/2026\/02\/isolation-batiment-industriel-amalis-1152x768.jpg 1152w\" loading=\"eager\" style=\"--ratio: 768 \/ 512\" sizes=\"(max-width: 768px) 100vw, 768px\" alt=\"Hangar\" title=\"isolation-batiment-industriel-amalis\" width=\"768\" height=\"512\"  \/><\/a><div class=\"project-links-container\"><a href=\"https:\/\/www.iseoprojection.com\/nl\/realisatie\/isolatie-landbouwloods-aardappelopslag-amillis\/\" target=\"\" class=\"project-details\" aria-label=\"Details link\"><span class=\"icon-portfolio-p205\"><\/span><\/a><\/div>\n\t<\/div>\n<\/div>\n\n\n<div class=\"post-entry-content\">\n\n\t<h3 class=\"entry-title\">\n\t\t<a href=\"https:\/\/www.iseoprojection.com\/nl\/realisatie\/isolatie-landbouwloods-aardappelopslag-amillis\/\" target=\"\" title=\"Isolatie van een aardappelopslagloods in Amillis (Frankrijk)\" rel=\"bookmark\">Isolatie van een aardappelopslagloods in Amillis (Frankrijk)<\/a>\n\t<\/h3>\n\n\t<div class=\"entry-meta portfolio-categories\"><span class=\"category-link\"><a href=\"https:\/\/www.iseoprojection.com\/nl\/project-category\/muren\/\" >Muren<\/a>, <a href=\"https:\/\/www.iseoprojection.com\/nl\/project-category\/plafonds-nl\/\" >Plafonds<\/a><\/span><\/div>\n\t<div class=\"entry-excerpt\"><p>ISEO Projection kwam tussen in Amillis voor de isolatie van een staalplaatloods voor aardappelopslag: 2.300 m\u00b2 behandeld met 15 cm H2O Lite F in 6&hellip;<\/p>\n<\/div>\n\t<a class=\"dt-btn-s dt-btn post-details details-type-btn\" href=\"https:\/\/www.iseoprojection.com\/nl\/realisatie\/isolatie-landbouwloods-aardappelopslag-amillis\/\" target=\"\">Meer lezen<i class=\"dt-icon-the7-arrow-03\" aria-hidden=\"true\"><\/i><\/a>\n<\/div><\/article><\/div><div class=\"visible wf-cell category-48 category-57\" data-post-id=\"6560\" data-date=\"2026-02-12T14:19:15+01:00\" data-name=\"Dakisolatie van een nieuwbouwwoning in Gesves\"><article class=\"post visible post-6560 dt_portfolio type-dt_portfolio status-publish has-post-thumbnail hentry dt_portfolio_category-dak dt_portfolio_category-zolder dt_portfolio_category-48 dt_portfolio_category-57\" data-name=\"Dakisolatie van een nieuwbouwwoning in Gesves\" data-date=\"2026-02-12T14:19:15+01:00\">\n\n<div class=\"post-thumbnail-wrap rollover-active \">\n\t<div class=\"post-thumbnail\">\n\n\t\t<a href=\"https:\/\/www.iseoprojection.com\/nl\/realisatie\/dakisolatie-gesves\/\" class=\"post-thumbnail-rollover layzr-bg\" target=\"\"  aria-label=\"Post image\"><img decoding=\"async\" class=\"iso-lazy-load preload-me iso-lazy-load aspect\" src=\"data:image\/svg+xml,%3Csvg%20xmlns%3D&#39;http%3A%2F%2Fwww.w3.org%2F2000%2Fsvg&#39;%20viewBox%3D&#39;0%200%20768%20512&#39;%2F%3E\" data-src=\"https:\/\/www.iseoprojection.com\/wp-content\/uploads\/2026\/02\/ISEO-chantier-isolation-mousse-projetee-toiture-768x512.jpg\" data-srcset=\"https:\/\/www.iseoprojection.com\/wp-content\/uploads\/2026\/02\/ISEO-chantier-isolation-mousse-projetee-toiture-768x512.jpg 768w, https:\/\/www.iseoprojection.com\/wp-content\/uploads\/2026\/02\/ISEO-chantier-isolation-mousse-projetee-toiture-1152x768.jpg 1152w\" loading=\"eager\" style=\"--ratio: 768 \/ 512\" sizes=\"(max-width: 768px) 100vw, 768px\" alt=\"Toiture avec charpente en bois isol\u00e9e par l&#039;int\u00e9rieur avec de la mousse projet\u00e9e\" title=\"ISEO-chantier-isolation-mousse-projetee-toiture\" width=\"768\" height=\"512\"  \/><\/a><div class=\"project-links-container\"><a href=\"https:\/\/www.iseoprojection.com\/nl\/realisatie\/dakisolatie-gesves\/\" target=\"\" class=\"project-details\" aria-label=\"Details link\"><span class=\"icon-portfolio-p205\"><\/span><\/a><\/div>\n\t<\/div>\n<\/div>\n\n\n<div class=\"post-entry-content\">\n\n\t<h3 class=\"entry-title\">\n\t\t<a href=\"https:\/\/www.iseoprojection.com\/nl\/realisatie\/dakisolatie-gesves\/\" target=\"\" title=\"Dakisolatie van een nieuwbouwwoning in Gesves\" rel=\"bookmark\">Dakisolatie van een nieuwbouwwoning in Gesves<\/a>\n\t<\/h3>\n\n\t<div class=\"entry-meta portfolio-categories\"><span class=\"category-link\"><a href=\"https:\/\/www.iseoprojection.com\/nl\/project-category\/dak\/\" >Dak<\/a>, <a href=\"https:\/\/www.iseoprojection.com\/nl\/project-category\/zolder\/\" >Zolder<\/a><\/span><\/div>\n\t<div class=\"entry-excerpt\"><p>ISEO Projection isoleerde een hellend zadeldak in Gesves: 107 m\u00b2 met 18 cm ICYNENE Lite+ voor een effici\u00ebnte en duurzame isolatie.<\/p>\n<\/div>\n\t<a class=\"dt-btn-s dt-btn post-details details-type-btn\" href=\"https:\/\/www.iseoprojection.com\/nl\/realisatie\/dakisolatie-gesves\/\" target=\"\">Meer lezen<i class=\"dt-icon-the7-arrow-03\" aria-hidden=\"true\"><\/i><\/a>\n<\/div><\/article><\/div><div class=\"visible wf-cell category-73 category-57\" data-post-id=\"6541\" data-date=\"2026-02-12T12:26:35+01:00\" data-name=\"Isolatie van de zoldervloer met cellulose in Hasti\u00e8re\"><article class=\"post visible post-6541 dt_portfolio type-dt_portfolio status-publish has-post-thumbnail hentry dt_portfolio_category-biobased dt_portfolio_category-zolder dt_portfolio_category-73 dt_portfolio_category-57\" data-name=\"Isolatie van de zoldervloer met cellulose in Hasti\u00e8re\" data-date=\"2026-02-12T12:26:35+01:00\">\n\n<div class=\"post-thumbnail-wrap rollover-active \">\n\t<div class=\"post-thumbnail\">\n\n\t\t<a href=\"https:\/\/www.iseoprojection.com\/nl\/realisatie\/isolatie-zoldervloer-cellulose-hastiere\/\" class=\"post-thumbnail-rollover layzr-bg\" target=\"\"  aria-label=\"Post image\"><img decoding=\"async\" class=\"iso-lazy-load preload-me iso-lazy-load aspect\" src=\"data:image\/svg+xml,%3Csvg%20xmlns%3D&#39;http%3A%2F%2Fwww.w3.org%2F2000%2Fsvg&#39;%20viewBox%3D&#39;0%200%20768%20512&#39;%2F%3E\" data-src=\"https:\/\/www.iseoprojection.com\/wp-content\/uploads\/2026\/02\/ISEO-chantier-hastiere-768x512.jpg\" data-srcset=\"https:\/\/www.iseoprojection.com\/wp-content\/uploads\/2026\/02\/ISEO-chantier-hastiere-768x512.jpg 768w, https:\/\/www.iseoprojection.com\/wp-content\/uploads\/2026\/02\/ISEO-chantier-hastiere-1152x768.jpg 1152w\" loading=\"eager\" style=\"--ratio: 768 \/ 512\" sizes=\"(max-width: 768px) 100vw, 768px\" alt=\"Isolation en ouate de cellulose du sol des combles d&#039;une maison \u00e0 Hasti\u00e8re avec pose d&#039;un nouveau plancher\" title=\"ISEO-chantier-hastiere\" width=\"768\" height=\"512\"  \/><\/a><div class=\"project-links-container\"><a href=\"https:\/\/www.iseoprojection.com\/nl\/realisatie\/isolatie-zoldervloer-cellulose-hastiere\/\" target=\"\" class=\"project-details\" aria-label=\"Details link\"><span class=\"icon-portfolio-p205\"><\/span><\/a><\/div>\n\t<\/div>\n<\/div>\n\n\n<div class=\"post-entry-content\">\n\n\t<h3 class=\"entry-title\">\n\t\t<a href=\"https:\/\/www.iseoprojection.com\/nl\/realisatie\/isolatie-zoldervloer-cellulose-hastiere\/\" target=\"\" title=\"Isolatie van de zoldervloer met cellulose in Hasti\u00e8re\" rel=\"bookmark\">Isolatie van de zoldervloer met cellulose in Hasti\u00e8re<\/a>\n\t<\/h3>\n\n\t<div class=\"entry-meta portfolio-categories\"><span class=\"category-link\"><a href=\"https:\/\/www.iseoprojection.com\/nl\/project-category\/biobased\/\" >Biobased<\/a>, <a href=\"https:\/\/www.iseoprojection.com\/nl\/project-category\/zolder\/\" >Zolder<\/a><\/span><\/div>\n\t<div class=\"entry-excerpt\"><p>146 m\u00b2 dak ge\u00efsoleerd in Ekeren met 20 cm ICYNENE Lite+. Een performante isolatie voor optimaal comfort.<\/p>\n<\/div>\n\t<a class=\"dt-btn-s dt-btn post-details details-type-btn\" href=\"https:\/\/www.iseoprojection.com\/nl\/realisatie\/isolatie-zoldervloer-cellulose-hastiere\/\" target=\"\">Meer lezen<i class=\"dt-icon-the7-arrow-03\" aria-hidden=\"true\"><\/i><\/a>\n<\/div><\/article><\/div><div class=\"visible wf-cell category-50\" data-post-id=\"6520\" data-date=\"2026-02-06T15:56:33+01:00\" data-name=\"Buitenmuurisolatie van een woning in renovatie in Rotselaar\"><article class=\"post visible post-6520 dt_portfolio type-dt_portfolio status-publish has-post-thumbnail hentry dt_portfolio_category-muren dt_portfolio_category-50\" data-name=\"Buitenmuurisolatie van een woning in renovatie in Rotselaar\" data-date=\"2026-02-06T15:56:33+01:00\">\n\n<div class=\"post-thumbnail-wrap rollover-active \">\n\t<div class=\"post-thumbnail\">\n\n\t\t<a href=\"https:\/\/www.iseoprojection.com\/nl\/realisatie\/buitenmuurisolatie-rotselaar\/\" class=\"post-thumbnail-rollover layzr-bg\" target=\"\"  aria-label=\"Post image\"><img decoding=\"async\" class=\"iso-lazy-load preload-me iso-lazy-load aspect\" src=\"data:image\/svg+xml,%3Csvg%20xmlns%3D&#39;http%3A%2F%2Fwww.w3.org%2F2000%2Fsvg&#39;%20viewBox%3D&#39;0%200%20768%20512&#39;%2F%3E\" data-src=\"https:\/\/www.iseoprojection.com\/wp-content\/uploads\/2026\/02\/isolation-murs-exterieurs-rotselaar-1-768x512.jpg\" data-srcset=\"https:\/\/www.iseoprojection.com\/wp-content\/uploads\/2026\/02\/isolation-murs-exterieurs-rotselaar-1-768x512.jpg 768w, https:\/\/www.iseoprojection.com\/wp-content\/uploads\/2026\/02\/isolation-murs-exterieurs-rotselaar-1-1152x768.jpg 1152w\" loading=\"eager\" style=\"--ratio: 768 \/ 512\" sizes=\"(max-width: 768px) 100vw, 768px\" alt=\"Isolation par l&#039;ext\u00e9rieur des murs d&#039;une maison en ossature bois\" title=\"isolation-murs-exterieurs-rotselaar\" width=\"768\" height=\"512\"  \/><\/a><div class=\"project-links-container\"><a href=\"https:\/\/www.iseoprojection.com\/nl\/realisatie\/buitenmuurisolatie-rotselaar\/\" target=\"\" class=\"project-details\" aria-label=\"Details link\"><span class=\"icon-portfolio-p205\"><\/span><\/a><\/div>\n\t<\/div>\n<\/div>\n\n\n<div class=\"post-entry-content\">\n\n\t<h3 class=\"entry-title\">\n\t\t<a href=\"https:\/\/www.iseoprojection.com\/nl\/realisatie\/buitenmuurisolatie-rotselaar\/\" target=\"\" title=\"Buitenmuurisolatie van een woning in renovatie in Rotselaar\" rel=\"bookmark\">Buitenmuurisolatie van een woning in renovatie in Rotselaar<\/a>\n\t<\/h3>\n\n\t<div class=\"entry-meta portfolio-categories\"><span class=\"category-link\"><a href=\"https:\/\/www.iseoprojection.com\/nl\/project-category\/muren\/\" >Muren<\/a><\/span><\/div>\n\t<div class=\"entry-excerpt\"><p>ISEO Projection realiseerde de buitenmuurisolatie van een renovatiewoning in Rotselaar: 220 m\u00b2 ge\u00efsoleerd met 22 cm H2O-schuim.<\/p>\n<\/div>\n\t<a class=\"dt-btn-s dt-btn post-details details-type-btn\" href=\"https:\/\/www.iseoprojection.com\/nl\/realisatie\/buitenmuurisolatie-rotselaar\/\" target=\"\">Meer lezen<i class=\"dt-icon-the7-arrow-03\" aria-hidden=\"true\"><\/i><\/a>\n<\/div><\/article><\/div><div class=\"visible wf-cell category-48\" data-post-id=\"6480\" data-date=\"2026-01-15T09:24:13+01:00\" data-name=\"Dakisolatie in Ekeren\"><article class=\"post visible post-6480 dt_portfolio type-dt_portfolio status-publish has-post-thumbnail hentry dt_portfolio_category-dak dt_portfolio_category-48\" data-name=\"Dakisolatie in Ekeren\" data-date=\"2026-01-15T09:24:13+01:00\">\n\n<div class=\"post-thumbnail-wrap rollover-active \">\n\t<div class=\"post-thumbnail\">\n\n\t\t<a href=\"https:\/\/www.iseoprojection.com\/nl\/realisatie\/isolatie-dak-ekeren\/\" class=\"post-thumbnail-rollover layzr-bg\" target=\"\"  aria-label=\"Post image\"><img decoding=\"async\" class=\"iso-lazy-load preload-me iso-lazy-load aspect\" src=\"data:image\/svg+xml,%3Csvg%20xmlns%3D&#39;http%3A%2F%2Fwww.w3.org%2F2000%2Fsvg&#39;%20viewBox%3D&#39;0%200%20768%20512&#39;%2F%3E\" data-src=\"https:\/\/www.iseoprojection.com\/wp-content\/uploads\/2026\/01\/ISEO-realisation-ekeren-3-768x512.webp\" data-srcset=\"https:\/\/www.iseoprojection.com\/wp-content\/uploads\/2026\/01\/ISEO-realisation-ekeren-3-768x512.webp 768w, https:\/\/www.iseoprojection.com\/wp-content\/uploads\/2026\/01\/ISEO-realisation-ekeren-3-800x533.webp 800w\" loading=\"eager\" style=\"--ratio: 768 \/ 512\" sizes=\"(max-width: 768px) 100vw, 768px\" alt=\"\" title=\"ISEO-realisation-ekeren-3\" width=\"768\" height=\"512\"  \/><\/a><div class=\"project-links-container\"><a href=\"https:\/\/www.iseoprojection.com\/nl\/realisatie\/isolatie-dak-ekeren\/\" target=\"\" class=\"project-details\" aria-label=\"Details link\"><span class=\"icon-portfolio-p205\"><\/span><\/a><\/div>\n\t<\/div>\n<\/div>\n\n\n<div class=\"post-entry-content\">\n\n\t<h3 class=\"entry-title\">\n\t\t<a href=\"https:\/\/www.iseoprojection.com\/nl\/realisatie\/isolatie-dak-ekeren\/\" target=\"\" title=\"Dakisolatie in Ekeren\" rel=\"bookmark\">Dakisolatie in Ekeren<\/a>\n\t<\/h3>\n\n\t<div class=\"entry-meta portfolio-categories\"><span class=\"category-link\"><a href=\"https:\/\/www.iseoprojection.com\/nl\/project-category\/dak\/\" >Dak<\/a><\/span><\/div>\n\t<div class=\"entry-excerpt\"><p>146 m\u00b2 dak ge\u00efsoleerd in Ekeren met 20 cm ICYNENE Lite+. Een performante isolatie voor optimaal comfort.<\/p>\n<\/div>\n\t<a class=\"dt-btn-s dt-btn post-details details-type-btn\" href=\"https:\/\/www.iseoprojection.com\/nl\/realisatie\/isolatie-dak-ekeren\/\" target=\"\">Meer lezen<i class=\"dt-icon-the7-arrow-03\" aria-hidden=\"true\"><\/i><\/a>\n<\/div><\/article><\/div><div class=\"visible wf-cell category-48\" data-post-id=\"6476\" data-date=\"2026-01-15T09:16:16+01:00\" data-name=\"Dakisolatie met afwerking in Nijlen\"><article class=\"post visible post-6476 dt_portfolio type-dt_portfolio status-publish has-post-thumbnail hentry dt_portfolio_category-dak dt_portfolio_category-48\" data-name=\"Dakisolatie met afwerking in Nijlen\" data-date=\"2026-01-15T09:16:16+01:00\">\n\n<div class=\"post-thumbnail-wrap rollover-active \">\n\t<div class=\"post-thumbnail\">\n\n\t\t<a href=\"https:\/\/www.iseoprojection.com\/nl\/realisatie\/isolatie-dak-nijlen\/\" class=\"post-thumbnail-rollover layzr-bg\" target=\"\"  aria-label=\"Post image\"><img decoding=\"async\" class=\"iso-lazy-load preload-me iso-lazy-load aspect\" src=\"data:image\/svg+xml,%3Csvg%20xmlns%3D&#39;http%3A%2F%2Fwww.w3.org%2F2000%2Fsvg&#39;%20viewBox%3D&#39;0%200%20768%20512&#39;%2F%3E\" data-src=\"https:\/\/www.iseoprojection.com\/wp-content\/uploads\/2026\/01\/ISEO-realisation-nijlen-5-768x512.webp\" data-srcset=\"https:\/\/www.iseoprojection.com\/wp-content\/uploads\/2026\/01\/ISEO-realisation-nijlen-5-768x512.webp 768w, https:\/\/www.iseoprojection.com\/wp-content\/uploads\/2026\/01\/ISEO-realisation-nijlen-5-800x533.webp 800w\" loading=\"eager\" style=\"--ratio: 768 \/ 512\" sizes=\"(max-width: 768px) 100vw, 768px\" alt=\"\" title=\"ISEO-realisation-nijlen-5\" width=\"768\" height=\"512\"  \/><\/a><div class=\"project-links-container\"><a href=\"https:\/\/www.iseoprojection.com\/nl\/realisatie\/isolatie-dak-nijlen\/\" target=\"\" class=\"project-details\" aria-label=\"Details link\"><span class=\"icon-portfolio-p205\"><\/span><\/a><\/div>\n\t<\/div>\n<\/div>\n\n\n<div class=\"post-entry-content\">\n\n\t<h3 class=\"entry-title\">\n\t\t<a href=\"https:\/\/www.iseoprojection.com\/nl\/realisatie\/isolatie-dak-nijlen\/\" target=\"\" title=\"Dakisolatie met afwerking in Nijlen\" rel=\"bookmark\">Dakisolatie met afwerking in Nijlen<\/a>\n\t<\/h3>\n\n\t<div class=\"entry-meta portfolio-categories\"><span class=\"category-link\"><a href=\"https:\/\/www.iseoprojection.com\/nl\/project-category\/dak\/\" >Dak<\/a><\/span><\/div>\n\t<div class=\"entry-excerpt\"><p>Isolatie van een hellend dak en een plat dak in Nijlen met 20 cm ICYNENE Lite+. Gyproc-afwerking op 80 m\u00b2.<\/p>\n<\/div>\n\t<a class=\"dt-btn-s dt-btn post-details details-type-btn\" href=\"https:\/\/www.iseoprojection.com\/nl\/realisatie\/isolatie-dak-nijlen\/\" target=\"\">Meer lezen<i class=\"dt-icon-the7-arrow-03\" aria-hidden=\"true\"><\/i><\/a>\n<\/div><\/article><\/div><div class=\"visible wf-cell category-48 category-60\" data-post-id=\"6471\" data-date=\"2026-01-15T09:13:11+01:00\" data-name=\"Isolatie van de zoldervloer en kruipkelder van woning in Brecht\"><article class=\"post visible post-6471 dt_portfolio type-dt_portfolio status-publish has-post-thumbnail hentry dt_portfolio_category-dak dt_portfolio_category-kelder dt_portfolio_category-48 dt_portfolio_category-60\" data-name=\"Isolatie van de zoldervloer en kruipkelder van woning in Brecht\" data-date=\"2026-01-15T09:13:11+01:00\">\n\n<div class=\"post-thumbnail-wrap rollover-active \">\n\t<div class=\"post-thumbnail\">\n\n\t\t<a href=\"https:\/\/www.iseoprojection.com\/nl\/realisatie\/isolatie-zoldervloer-kruipkelder-brecht\/\" class=\"post-thumbnail-rollover layzr-bg\" target=\"\"  aria-label=\"Post image\"><img decoding=\"async\" class=\"iso-lazy-load preload-me iso-lazy-load aspect\" src=\"data:image\/svg+xml,%3Csvg%20xmlns%3D&#39;http%3A%2F%2Fwww.w3.org%2F2000%2Fsvg&#39;%20viewBox%3D&#39;0%200%20768%20512&#39;%2F%3E\" data-src=\"https:\/\/www.iseoprojection.com\/wp-content\/uploads\/2026\/01\/ISEO-realisation-brecht-3-768x512.webp\" data-srcset=\"https:\/\/www.iseoprojection.com\/wp-content\/uploads\/2026\/01\/ISEO-realisation-brecht-3-768x512.webp 768w, https:\/\/www.iseoprojection.com\/wp-content\/uploads\/2026\/01\/ISEO-realisation-brecht-3-800x533.webp 800w\" loading=\"eager\" style=\"--ratio: 768 \/ 512\" sizes=\"(max-width: 768px) 100vw, 768px\" alt=\"\" title=\"ISEO-realisation-brecht-3\" width=\"768\" height=\"512\"  \/><\/a><div class=\"project-links-container\"><a href=\"https:\/\/www.iseoprojection.com\/nl\/realisatie\/isolatie-zoldervloer-kruipkelder-brecht\/\" target=\"\" class=\"project-details\" aria-label=\"Details link\"><span class=\"icon-portfolio-p205\"><\/span><\/a><\/div>\n\t<\/div>\n<\/div>\n\n\n<div class=\"post-entry-content\">\n\n\t<h3 class=\"entry-title\">\n\t\t<a href=\"https:\/\/www.iseoprojection.com\/nl\/realisatie\/isolatie-zoldervloer-kruipkelder-brecht\/\" target=\"\" title=\"Isolatie van de zoldervloer en kruipkelder van woning in Brecht\" rel=\"bookmark\">Isolatie van de zoldervloer en kruipkelder van woning in Brecht<\/a>\n\t<\/h3>\n\n\t<div class=\"entry-meta portfolio-categories\"><span class=\"category-link\"><a href=\"https:\/\/www.iseoprojection.com\/nl\/project-category\/dak\/\" >Dak<\/a>, <a href=\"https:\/\/www.iseoprojection.com\/nl\/project-category\/kelder\/\" >Kelder<\/a><\/span><\/div>\n\t<div class=\"entry-excerpt\"><p>ISEO Projection isoleerde 240 m\u00b2 in Brecht: zoldervloer en kruipkelder met ICYNENE Lite+ in \u00e9\u00e9n dag.<\/p>\n<\/div>\n\t<a class=\"dt-btn-s dt-btn post-details details-type-btn\" href=\"https:\/\/www.iseoprojection.com\/nl\/realisatie\/isolatie-zoldervloer-kruipkelder-brecht\/\" target=\"\">Meer lezen<i class=\"dt-icon-the7-arrow-03\" aria-hidden=\"true\"><\/i><\/a>\n<\/div><\/article><\/div><div class=\"visible wf-cell category-50 category-61\" data-post-id=\"6468\" data-date=\"2026-01-15T08:39:36+01:00\" data-name=\"Muur- en plafondisolatie en afwerking in Ukkel\"><article class=\"post visible post-6468 dt_portfolio type-dt_portfolio status-publish has-post-thumbnail hentry dt_portfolio_category-muren dt_portfolio_category-plafonds-nl dt_portfolio_category-50 dt_portfolio_category-61\" data-name=\"Muur- en plafondisolatie en afwerking in Ukkel\" data-date=\"2026-01-15T08:39:36+01:00\">\n\n<div class=\"post-thumbnail-wrap rollover-active \">\n\t<div class=\"post-thumbnail\">\n\n\t\t<a href=\"https:\/\/www.iseoprojection.com\/nl\/realisatie\/muur-plafondisolatie-ukkel\/\" class=\"post-thumbnail-rollover layzr-bg\" target=\"\"  aria-label=\"Post image\"><img decoding=\"async\" class=\"iso-lazy-load preload-me iso-lazy-load aspect\" src=\"data:image\/svg+xml,%3Csvg%20xmlns%3D&#39;http%3A%2F%2Fwww.w3.org%2F2000%2Fsvg&#39;%20viewBox%3D&#39;0%200%20699%20466&#39;%2F%3E\" data-src=\"https:\/\/www.iseoprojection.com\/wp-content\/uploads\/2026\/01\/ISEO-realisation-ukkel-1-699x466.webp\" data-srcset=\"https:\/\/www.iseoprojection.com\/wp-content\/uploads\/2026\/01\/ISEO-realisation-ukkel-1-699x466.webp 699w\" loading=\"eager\" style=\"--ratio: 699 \/ 466\" sizes=\"(max-width: 699px) 100vw, 699px\" alt=\"\" title=\"ISEO-realisation-ukkel-1\" width=\"699\" height=\"466\"  \/><\/a><div class=\"project-links-container\"><a href=\"https:\/\/www.iseoprojection.com\/nl\/realisatie\/muur-plafondisolatie-ukkel\/\" target=\"\" class=\"project-details\" aria-label=\"Details link\"><span class=\"icon-portfolio-p205\"><\/span><\/a><\/div>\n\t<\/div>\n<\/div>\n\n\n<div class=\"post-entry-content\">\n\n\t<h3 class=\"entry-title\">\n\t\t<a href=\"https:\/\/www.iseoprojection.com\/nl\/realisatie\/muur-plafondisolatie-ukkel\/\" target=\"\" title=\"Muur- en plafondisolatie en afwerking in Ukkel\" rel=\"bookmark\">Muur- en plafondisolatie en afwerking in Ukkel<\/a>\n\t<\/h3>\n\n\t<div class=\"entry-meta portfolio-categories\"><span class=\"category-link\"><a href=\"https:\/\/www.iseoprojection.com\/nl\/project-category\/muren\/\" >Muren<\/a>, <a href=\"https:\/\/www.iseoprojection.com\/nl\/project-category\/plafonds-nl\/\" >Plafonds<\/a><\/span><\/div>\n\t<div class=\"entry-excerpt\"><p>ISEO Projection isoleerde en werkte 280 m\u00b2 muren en 50 m\u00b2 plafonds volledig af in Ukkel met ICYNENE Lite+.<\/p>\n<\/div>\n\t<a class=\"dt-btn-s dt-btn post-details details-type-btn\" href=\"https:\/\/www.iseoprojection.com\/nl\/realisatie\/muur-plafondisolatie-ukkel\/\" target=\"\">Meer lezen<i class=\"dt-icon-the7-arrow-03\" aria-hidden=\"true\"><\/i><\/a>\n<\/div><\/article><\/div><div class=\"hidden wf-cell category-53\" data-post-id=\"6366\" data-date=\"2025-11-25T09:44:17+01:00\" data-name=\"VloerIsolatie van een renovatieproject in Elewijt\"><article class=\"post visible post-6366 dt_portfolio type-dt_portfolio status-publish has-post-thumbnail hentry dt_portfolio_category-vloer dt_portfolio_category-53\" data-name=\"VloerIsolatie van een renovatieproject in Elewijt\" data-date=\"2025-11-25T09:44:17+01:00\">\n\n<div class=\"post-thumbnail-wrap rollover-active \">\n\t<div class=\"post-thumbnail\">\n\n\t\t<a href=\"https:\/\/www.iseoprojection.com\/nl\/realisatie\/isolatie-vloer-elewijt\/\" class=\"post-thumbnail-rollover layzr-bg\" target=\"\"  aria-label=\"Post image\"><img decoding=\"async\" class=\"iso-lazy-load preload-me iso-lazy-load aspect\" src=\"data:image\/svg+xml,%3Csvg%20xmlns%3D&#39;http%3A%2F%2Fwww.w3.org%2F2000%2Fsvg&#39;%20viewBox%3D&#39;0%200%20768%20512&#39;%2F%3E\" data-src=\"https:\/\/www.iseoprojection.com\/wp-content\/uploads\/2025\/11\/isolation-sol-elewijt-06-768x512.webp\" data-srcset=\"https:\/\/www.iseoprojection.com\/wp-content\/uploads\/2025\/11\/isolation-sol-elewijt-06-768x512.webp 768w, https:\/\/www.iseoprojection.com\/wp-content\/uploads\/2025\/11\/isolation-sol-elewijt-06-800x533.webp 800w\" loading=\"eager\" style=\"--ratio: 768 \/ 512\" sizes=\"(max-width: 768px) 100vw, 768px\" alt=\"\" title=\"isolation-sol-elewijt-06\" width=\"768\" height=\"512\"  \/><\/a><div class=\"project-links-container\"><a href=\"https:\/\/www.iseoprojection.com\/nl\/realisatie\/isolatie-vloer-elewijt\/\" target=\"\" class=\"project-details\" aria-label=\"Details link\"><span class=\"icon-portfolio-p205\"><\/span><\/a><\/div>\n\t<\/div>\n<\/div>\n\n\n<div class=\"post-entry-content\">\n\n\t<h3 class=\"entry-title\">\n\t\t<a href=\"https:\/\/www.iseoprojection.com\/nl\/realisatie\/isolatie-vloer-elewijt\/\" target=\"\" title=\"VloerIsolatie van een renovatieproject in Elewijt\" rel=\"bookmark\">VloerIsolatie van een renovatieproject in Elewijt<\/a>\n\t<\/h3>\n\n\t<div class=\"entry-meta portfolio-categories\"><span class=\"category-link\"><a href=\"https:\/\/www.iseoprojection.com\/nl\/project-category\/vloer\/\" >Vloer<\/a><\/span><\/div>\n\t<div class=\"entry-excerpt\"><p>ISEO Projection heeft 120 m\u00b2 vloer ge\u00efsoleerd in Elewijt met 13 cm HFO-schuim met gesloten cellen. Resultaat: energieprestatie en een verzorgde afwerking.\u2028<\/p>\n<\/div>\n\t<a class=\"dt-btn-s dt-btn post-details details-type-btn\" href=\"https:\/\/www.iseoprojection.com\/nl\/realisatie\/isolatie-vloer-elewijt\/\" target=\"\">Meer lezen<i class=\"dt-icon-the7-arrow-03\" aria-hidden=\"true\"><\/i><\/a>\n<\/div><\/article><\/div><div class=\"hidden wf-cell category-73 category-48 category-50\" data-post-id=\"6347\" data-date=\"2025-11-25T09:36:36+01:00\" data-name=\"Ecologische isolatie van dak en muren van een gebouw in Thuin\"><article class=\"post visible post-6347 dt_portfolio type-dt_portfolio status-publish has-post-thumbnail hentry dt_portfolio_category-biobased dt_portfolio_category-dak dt_portfolio_category-muren dt_portfolio_category-73 dt_portfolio_category-48 dt_portfolio_category-50\" data-name=\"Ecologische isolatie van dak en muren van een gebouw in Thuin\" data-date=\"2025-11-25T09:36:36+01:00\">\n\n<div class=\"post-thumbnail-wrap rollover-active \">\n\t<div class=\"post-thumbnail\">\n\n\t\t<a href=\"https:\/\/www.iseoprojection.com\/nl\/realisatie\/isolatie-cellulose-thuin\/\" class=\"post-thumbnail-rollover layzr-bg\" target=\"\"  aria-label=\"Post image\"><img decoding=\"async\" class=\"iso-lazy-load preload-me iso-lazy-load aspect\" src=\"data:image\/svg+xml,%3Csvg%20xmlns%3D&#39;http%3A%2F%2Fwww.w3.org%2F2000%2Fsvg&#39;%20viewBox%3D&#39;0%200%20768%20512&#39;%2F%3E\" data-src=\"https:\/\/www.iseoprojection.com\/wp-content\/uploads\/2025\/11\/isolation-toiture-mur-thuin-02-768x512.webp\" data-srcset=\"https:\/\/www.iseoprojection.com\/wp-content\/uploads\/2025\/11\/isolation-toiture-mur-thuin-02-768x512.webp 768w, https:\/\/www.iseoprojection.com\/wp-content\/uploads\/2025\/11\/isolation-toiture-mur-thuin-02-800x533.webp 800w\" loading=\"eager\" style=\"--ratio: 768 \/ 512\" sizes=\"(max-width: 768px) 100vw, 768px\" alt=\"\" title=\"isolation-toiture-mur-thuin-02\" width=\"768\" height=\"512\"  \/><\/a><div class=\"project-links-container\"><a href=\"https:\/\/www.iseoprojection.com\/nl\/realisatie\/isolatie-cellulose-thuin\/\" target=\"\" class=\"project-details\" aria-label=\"Details link\"><span class=\"icon-portfolio-p205\"><\/span><\/a><\/div>\n\t<\/div>\n<\/div>\n\n\n<div class=\"post-entry-content\">\n\n\t<h3 class=\"entry-title\">\n\t\t<a href=\"https:\/\/www.iseoprojection.com\/nl\/realisatie\/isolatie-cellulose-thuin\/\" target=\"\" title=\"Ecologische isolatie van dak en muren van een gebouw in Thuin\" rel=\"bookmark\">Ecologische isolatie van dak en muren van een gebouw in Thuin<\/a>\n\t<\/h3>\n\n\t<div class=\"entry-meta portfolio-categories\"><span class=\"category-link\"><a href=\"https:\/\/www.iseoprojection.com\/nl\/project-category\/biobased\/\" >Biobased<\/a>, <a href=\"https:\/\/www.iseoprojection.com\/nl\/project-category\/dak\/\" >Dak<\/a>, <a href=\"https:\/\/www.iseoprojection.com\/nl\/project-category\/muren\/\" >Muren<\/a><\/span><\/div>\n\t<div class=\"entry-excerpt\"><p>In Thuin heeft ISEO Projection het dak en de muren ge\u00efsoleerd met cellulose IQ3, een biosourced isolatiemateriaal dat thermische prestaties en duurzaamheid combineert.\u2028<\/p>\n<\/div>\n\t<a class=\"dt-btn-s dt-btn post-details details-type-btn\" href=\"https:\/\/www.iseoprojection.com\/nl\/realisatie\/isolatie-cellulose-thuin\/\" target=\"\">Meer lezen<i class=\"dt-icon-the7-arrow-03\" aria-hidden=\"true\"><\/i><\/a>\n<\/div><\/article><\/div><div class=\"hidden wf-cell category-50\" data-post-id=\"6332\" data-date=\"2025-11-25T09:26:36+01:00\" data-name=\"Binnenafwerking en isolatie van de muren van een woning in Thuin\"><article class=\"post visible post-6332 dt_portfolio type-dt_portfolio status-publish has-post-thumbnail hentry dt_portfolio_category-muren dt_portfolio_category-50\" data-name=\"Binnenafwerking en isolatie van de muren van een woning in Thuin\" data-date=\"2025-11-25T09:26:36+01:00\">\n\n<div class=\"post-thumbnail-wrap rollover-active \">\n\t<div class=\"post-thumbnail\">\n\n\t\t<a href=\"https:\/\/www.iseoprojection.com\/nl\/realisatie\/binnenafwerking-muren-thuin\/\" class=\"post-thumbnail-rollover layzr-bg\" target=\"\"  aria-label=\"Post image\"><img decoding=\"async\" class=\"iso-lazy-load preload-me iso-lazy-load aspect\" src=\"data:image\/svg+xml,%3Csvg%20xmlns%3D&#39;http%3A%2F%2Fwww.w3.org%2F2000%2Fsvg&#39;%20viewBox%3D&#39;0%200%20768%20512&#39;%2F%3E\" data-src=\"https:\/\/www.iseoprojection.com\/wp-content\/uploads\/2025\/11\/isolation-mur-thuin-04-768x512.webp\" data-srcset=\"https:\/\/www.iseoprojection.com\/wp-content\/uploads\/2025\/11\/isolation-mur-thuin-04-768x512.webp 768w, https:\/\/www.iseoprojection.com\/wp-content\/uploads\/2025\/11\/isolation-mur-thuin-04-800x533.webp 800w\" loading=\"eager\" style=\"--ratio: 768 \/ 512\" sizes=\"(max-width: 768px) 100vw, 768px\" alt=\"\" title=\"isolation-mur-thuin-04\" width=\"768\" height=\"512\"  \/><\/a><div class=\"project-links-container\"><a href=\"https:\/\/www.iseoprojection.com\/nl\/realisatie\/binnenafwerking-muren-thuin\/\" target=\"\" class=\"project-details\" aria-label=\"Details link\"><span class=\"icon-portfolio-p205\"><\/span><\/a><\/div>\n\t<\/div>\n<\/div>\n\n\n<div class=\"post-entry-content\">\n\n\t<h3 class=\"entry-title\">\n\t\t<a href=\"https:\/\/www.iseoprojection.com\/nl\/realisatie\/binnenafwerking-muren-thuin\/\" target=\"\" title=\"Binnenafwerking en isolatie van de muren van een woning in Thuin\" rel=\"bookmark\">Binnenafwerking en isolatie van de muren van een woning in Thuin<\/a>\n\t<\/h3>\n\n\t<div class=\"entry-meta portfolio-categories\"><span class=\"category-link\"><a href=\"https:\/\/www.iseoprojection.com\/nl\/project-category\/muren\/\" >Muren<\/a><\/span><\/div>\n\t<div class=\"entry-excerpt\"><p>In Thuin heeft ISEO Projection 246 m\u00b2 OSB en Gyproc op de muren geplaatst, na isolatie met H2O-schuim.\u2028<\/p>\n<\/div>\n\t<a class=\"dt-btn-s dt-btn post-details details-type-btn\" href=\"https:\/\/www.iseoprojection.com\/nl\/realisatie\/binnenafwerking-muren-thuin\/\" target=\"\">Meer lezen<i class=\"dt-icon-the7-arrow-03\" aria-hidden=\"true\"><\/i><\/a>\n<\/div><\/article><\/div><div class=\"hidden wf-cell category-60 category-61\" data-post-id=\"6311\" data-date=\"2025-11-25T09:19:18+01:00\" data-name=\"Isolatie van het kelderplafond in Chastre\"><article class=\"post visible post-6311 dt_portfolio type-dt_portfolio status-publish has-post-thumbnail hentry dt_portfolio_category-kelder dt_portfolio_category-plafonds-nl dt_portfolio_category-60 dt_portfolio_category-61\" data-name=\"Isolatie van het kelderplafond in Chastre\" data-date=\"2025-11-25T09:19:18+01:00\">\n\n<div class=\"post-thumbnail-wrap rollover-active \">\n\t<div class=\"post-thumbnail\">\n\n\t\t<a href=\"https:\/\/www.iseoprojection.com\/nl\/realisatie\/isolatie-plafond-kelder-chastre\/\" class=\"post-thumbnail-rollover layzr-bg\" target=\"\"  aria-label=\"Post image\"><img decoding=\"async\" class=\"iso-lazy-load preload-me iso-lazy-load aspect\" src=\"data:image\/svg+xml,%3Csvg%20xmlns%3D&#39;http%3A%2F%2Fwww.w3.org%2F2000%2Fsvg&#39;%20viewBox%3D&#39;0%200%20768%20512&#39;%2F%3E\" data-src=\"https:\/\/www.iseoprojection.com\/wp-content\/uploads\/2025\/11\/isolation-cave-chastre-04-768x512.webp\" data-srcset=\"https:\/\/www.iseoprojection.com\/wp-content\/uploads\/2025\/11\/isolation-cave-chastre-04-768x512.webp 768w, https:\/\/www.iseoprojection.com\/wp-content\/uploads\/2025\/11\/isolation-cave-chastre-04-800x533.webp 800w\" loading=\"eager\" style=\"--ratio: 768 \/ 512\" sizes=\"(max-width: 768px) 100vw, 768px\" alt=\"\" title=\"isolation-cave-chastre-04\" width=\"768\" height=\"512\"  \/><\/a><div class=\"project-links-container\"><a href=\"https:\/\/www.iseoprojection.com\/nl\/realisatie\/isolatie-plafond-kelder-chastre\/\" target=\"\" class=\"project-details\" aria-label=\"Details link\"><span class=\"icon-portfolio-p205\"><\/span><\/a><\/div>\n\t<\/div>\n<\/div>\n\n\n<div class=\"post-entry-content\">\n\n\t<h3 class=\"entry-title\">\n\t\t<a href=\"https:\/\/www.iseoprojection.com\/nl\/realisatie\/isolatie-plafond-kelder-chastre\/\" target=\"\" title=\"Isolatie van het kelderplafond in Chastre\" rel=\"bookmark\">Isolatie van het kelderplafond in Chastre<\/a>\n\t<\/h3>\n\n\t<div class=\"entry-meta portfolio-categories\"><span class=\"category-link\"><a href=\"https:\/\/www.iseoprojection.com\/nl\/project-category\/kelder\/\" >Kelder<\/a>, <a href=\"https:\/\/www.iseoprojection.com\/nl\/project-category\/plafonds-nl\/\" >Plafonds<\/a><\/span><\/div>\n\t<div class=\"entry-excerpt\"><p>ISEO Projection heeft in Chastre het plafond van een kelder ge\u00efsoleerd over 79 m\u00b2 met Uterm-panelen van 8 cm, en dat in slechts twee dagen.\u2028<\/p>\n<\/div>\n\t<a class=\"dt-btn-s dt-btn post-details details-type-btn\" href=\"https:\/\/www.iseoprojection.com\/nl\/realisatie\/isolatie-plafond-kelder-chastre\/\" target=\"\">Meer lezen<i class=\"dt-icon-the7-arrow-03\" aria-hidden=\"true\"><\/i><\/a>\n<\/div><\/article><\/div><div class=\"hidden wf-cell category-48\" data-post-id=\"6294\" data-date=\"2025-11-25T08:53:02+01:00\" data-name=\"Dakisolatie in Deinze\"><article class=\"post visible post-6294 dt_portfolio type-dt_portfolio status-publish has-post-thumbnail hentry dt_portfolio_category-dak dt_portfolio_category-48\" data-name=\"Dakisolatie in Deinze\" data-date=\"2025-11-25T08:53:02+01:00\">\n\n<div class=\"post-thumbnail-wrap rollover-active \">\n\t<div class=\"post-thumbnail\">\n\n\t\t<a href=\"https:\/\/www.iseoprojection.com\/nl\/realisatie\/dakisolatie-deinze\/\" class=\"post-thumbnail-rollover layzr-bg\" target=\"\"  aria-label=\"Post image\"><img decoding=\"async\" class=\"iso-lazy-load preload-me iso-lazy-load aspect\" src=\"data:image\/svg+xml,%3Csvg%20xmlns%3D&#39;http%3A%2F%2Fwww.w3.org%2F2000%2Fsvg&#39;%20viewBox%3D&#39;0%200%20651%20434&#39;%2F%3E\" data-src=\"https:\/\/www.iseoprojection.com\/wp-content\/uploads\/2025\/11\/isolation-toiture-deinze-02-651x434.webp\" data-srcset=\"https:\/\/www.iseoprojection.com\/wp-content\/uploads\/2025\/11\/isolation-toiture-deinze-02-651x434.webp 651w\" loading=\"eager\" style=\"--ratio: 651 \/ 434\" sizes=\"(max-width: 651px) 100vw, 651px\" alt=\"\" title=\"isolation-toiture-deinze-02\" width=\"651\" height=\"434\"  \/><\/a><div class=\"project-links-container\"><a href=\"https:\/\/www.iseoprojection.com\/nl\/realisatie\/dakisolatie-deinze\/\" target=\"\" class=\"project-details\" aria-label=\"Details link\"><span class=\"icon-portfolio-p205\"><\/span><\/a><\/div>\n\t<\/div>\n<\/div>\n\n\n<div class=\"post-entry-content\">\n\n\t<h3 class=\"entry-title\">\n\t\t<a href=\"https:\/\/www.iseoprojection.com\/nl\/realisatie\/dakisolatie-deinze\/\" target=\"\" title=\"Dakisolatie in Deinze\" rel=\"bookmark\">Dakisolatie in Deinze<\/a>\n\t<\/h3>\n\n\t<div class=\"entry-meta portfolio-categories\"><span class=\"category-link\"><a href=\"https:\/\/www.iseoprojection.com\/nl\/project-category\/dak\/\" >Dak<\/a><\/span><\/div>\n\t<div class=\"entry-excerpt\"><p>ISEO Projection isoleerde 210 m\u00b2 dak in Deinze met 17 cm ICYNENE Lite+. Een duurzame, luchtdichte isolatie.<\/p>\n<\/div>\n\t<a class=\"dt-btn-s dt-btn post-details details-type-btn\" href=\"https:\/\/www.iseoprojection.com\/nl\/realisatie\/dakisolatie-deinze\/\" target=\"\">Meer lezen<i class=\"dt-icon-the7-arrow-03\" aria-hidden=\"true\"><\/i><\/a>\n<\/div><\/article><\/div><div class=\"hidden wf-cell category-50\" data-post-id=\"6280\" data-date=\"2025-11-25T08:44:56+01:00\" data-name=\"Muurisolatie in Merchtem\"><article class=\"post visible post-6280 dt_portfolio type-dt_portfolio status-publish has-post-thumbnail hentry dt_portfolio_category-muren dt_portfolio_category-50\" data-name=\"Muurisolatie in Merchtem\" data-date=\"2025-11-25T08:44:56+01:00\">\n\n<div class=\"post-thumbnail-wrap rollover-active \">\n\t<div class=\"post-thumbnail\">\n\n\t\t<a href=\"https:\/\/www.iseoprojection.com\/nl\/realisatie\/muurisolatie-merchtem\/\" class=\"post-thumbnail-rollover layzr-bg\" target=\"\"  aria-label=\"Post image\"><img decoding=\"async\" class=\"iso-lazy-load preload-me iso-lazy-load aspect\" src=\"data:image\/svg+xml,%3Csvg%20xmlns%3D&#39;http%3A%2F%2Fwww.w3.org%2F2000%2Fsvg&#39;%20viewBox%3D&#39;0%200%20768%20512&#39;%2F%3E\" data-src=\"https:\/\/www.iseoprojection.com\/wp-content\/uploads\/2025\/11\/isolation-mur-merchtem-02-768x512.webp\" data-srcset=\"https:\/\/www.iseoprojection.com\/wp-content\/uploads\/2025\/11\/isolation-mur-merchtem-02-768x512.webp 768w, https:\/\/www.iseoprojection.com\/wp-content\/uploads\/2025\/11\/isolation-mur-merchtem-02-800x533.webp 800w\" loading=\"eager\" style=\"--ratio: 768 \/ 512\" sizes=\"(max-width: 768px) 100vw, 768px\" alt=\"\" title=\"isolation-mur-merchtem-02\" width=\"768\" height=\"512\"  \/><\/a><div class=\"project-links-container\"><a href=\"https:\/\/www.iseoprojection.com\/nl\/realisatie\/muurisolatie-merchtem\/\" target=\"\" class=\"project-details\" aria-label=\"Details link\"><span class=\"icon-portfolio-p205\"><\/span><\/a><\/div>\n\t<\/div>\n<\/div>\n\n\n<div class=\"post-entry-content\">\n\n\t<h3 class=\"entry-title\">\n\t\t<a href=\"https:\/\/www.iseoprojection.com\/nl\/realisatie\/muurisolatie-merchtem\/\" target=\"\" title=\"Muurisolatie in Merchtem\" rel=\"bookmark\">Muurisolatie in Merchtem<\/a>\n\t<\/h3>\n\n\t<div class=\"entry-meta portfolio-categories\"><span class=\"category-link\"><a href=\"https:\/\/www.iseoprojection.com\/nl\/project-category\/muren\/\" >Muren<\/a><\/span><\/div>\n\t<div class=\"entry-excerpt\"><p>ISEO Projection isoleerde 260 m\u00b2 muren in Merchtem met 8 cm ICYNENE Lite+. Duurzame en ademende isolatie.\u2028<\/p>\n<\/div>\n\t<a class=\"dt-btn-s dt-btn post-details details-type-btn\" href=\"https:\/\/www.iseoprojection.com\/nl\/realisatie\/muurisolatie-merchtem\/\" target=\"\">Meer lezen<i class=\"dt-icon-the7-arrow-03\" aria-hidden=\"true\"><\/i><\/a>\n<\/div><\/article><\/div><div class=\"hidden wf-cell category-73 category-50 category-61\" data-post-id=\"6154\" data-date=\"2025-10-28T09:37:51+01:00\" data-name=\"Onze dakisolatiewerken in Nil\"><article class=\"post visible post-6154 dt_portfolio type-dt_portfolio status-publish has-post-thumbnail hentry dt_portfolio_category-biobased dt_portfolio_category-muren dt_portfolio_category-plafonds-nl dt_portfolio_category-73 dt_portfolio_category-50 dt_portfolio_category-61\" data-name=\"Onze dakisolatiewerken in Nil\" data-date=\"2025-10-28T09:37:51+01:00\">\n\n<div class=\"post-thumbnail-wrap rollover-active \">\n\t<div class=\"post-thumbnail\">\n\n\t\t<a href=\"https:\/\/www.iseoprojection.com\/nl\/realisatie\/dakisolatie-nil\/\" class=\"post-thumbnail-rollover layzr-bg\" target=\"\"  aria-label=\"Post image\"><img decoding=\"async\" class=\"iso-lazy-load preload-me iso-lazy-load aspect\" src=\"data:image\/svg+xml,%3Csvg%20xmlns%3D&#39;http%3A%2F%2Fwww.w3.org%2F2000%2Fsvg&#39;%20viewBox%3D&#39;0%200%20768%20512&#39;%2F%3E\" data-src=\"https:\/\/www.iseoprojection.com\/wp-content\/uploads\/2025\/10\/Nil-1-768x512.webp\" data-srcset=\"https:\/\/www.iseoprojection.com\/wp-content\/uploads\/2025\/10\/Nil-1-768x512.webp 768w, https:\/\/www.iseoprojection.com\/wp-content\/uploads\/2025\/10\/Nil-1-1152x768.webp 1152w\" loading=\"eager\" style=\"--ratio: 768 \/ 512\" sizes=\"(max-width: 768px) 100vw, 768px\" alt=\"\" title=\"Nil (1)\" width=\"768\" height=\"512\"  \/><\/a><div class=\"project-links-container\"><a href=\"https:\/\/www.iseoprojection.com\/nl\/realisatie\/dakisolatie-nil\/\" target=\"\" class=\"project-details\" aria-label=\"Details link\"><span class=\"icon-portfolio-p205\"><\/span><\/a><\/div>\n\t<\/div>\n<\/div>\n\n\n<div class=\"post-entry-content\">\n\n\t<h3 class=\"entry-title\">\n\t\t<a href=\"https:\/\/www.iseoprojection.com\/nl\/realisatie\/dakisolatie-nil\/\" target=\"\" title=\"Onze dakisolatiewerken in Nil\" rel=\"bookmark\">Onze dakisolatiewerken in Nil<\/a>\n\t<\/h3>\n\n\t<div class=\"entry-meta portfolio-categories\"><span class=\"category-link\"><a href=\"https:\/\/www.iseoprojection.com\/nl\/project-category\/biobased\/\" >Biobased<\/a>, <a href=\"https:\/\/www.iseoprojection.com\/nl\/project-category\/muren\/\" >Muren<\/a>, <a href=\"https:\/\/www.iseoprojection.com\/nl\/project-category\/plafonds-nl\/\" >Plafonds<\/a><\/span><\/div>\n\t<div class=\"entry-excerpt\"><p>Ecologische dakisolatie in Nil: biogebaseerde materialen, Gyproc-afwerking en optimale thermische prestaties voor een gezond gebouw<\/p>\n<\/div>\n\t<a class=\"dt-btn-s dt-btn post-details details-type-btn\" href=\"https:\/\/www.iseoprojection.com\/nl\/realisatie\/dakisolatie-nil\/\" target=\"\">Meer lezen<i class=\"dt-icon-the7-arrow-03\" aria-hidden=\"true\"><\/i><\/a>\n<\/div><\/article><\/div><div class=\"hidden wf-cell category-72 category-48 category-50\" data-post-id=\"6145\" data-date=\"2025-10-28T09:05:22+01:00\" data-name=\"Grote ecologische isolatiewerken in Martelange\"><article class=\"post visible post-6145 dt_portfolio type-dt_portfolio status-publish has-post-thumbnail hentry dt_portfolio_category-biosource dt_portfolio_category-dak dt_portfolio_category-muren dt_portfolio_category-72 dt_portfolio_category-48 dt_portfolio_category-50\" data-name=\"Grote ecologische isolatiewerken in Martelange\" data-date=\"2025-10-28T09:05:22+01:00\">\n\n<div class=\"post-thumbnail-wrap rollover-active \">\n\t<div class=\"post-thumbnail\">\n\n\t\t<a href=\"https:\/\/www.iseoprojection.com\/nl\/realisatie\/ecologische-isolatiewerken-martelange\/\" class=\"post-thumbnail-rollover layzr-bg\" target=\"\"  aria-label=\"Post image\"><img decoding=\"async\" class=\"iso-lazy-load preload-me iso-lazy-load aspect\" src=\"data:image\/svg+xml,%3Csvg%20xmlns%3D&#39;http%3A%2F%2Fwww.w3.org%2F2000%2Fsvg&#39;%20viewBox%3D&#39;0%200%20768%20512&#39;%2F%3E\" data-src=\"https:\/\/www.iseoprojection.com\/wp-content\/uploads\/2025\/10\/Martelange-768x512.webp\" data-srcset=\"https:\/\/www.iseoprojection.com\/wp-content\/uploads\/2025\/10\/Martelange-768x512.webp 768w, https:\/\/www.iseoprojection.com\/wp-content\/uploads\/2025\/10\/Martelange-1152x768.webp 1152w\" loading=\"eager\" style=\"--ratio: 768 \/ 512\" sizes=\"(max-width: 768px) 100vw, 768px\" alt=\"\" title=\"Martelange\" width=\"768\" height=\"512\"  \/><\/a><div class=\"project-links-container\"><a href=\"https:\/\/www.iseoprojection.com\/nl\/realisatie\/ecologische-isolatiewerken-martelange\/\" target=\"\" class=\"project-details\" aria-label=\"Details link\"><span class=\"icon-portfolio-p205\"><\/span><\/a><\/div>\n\t<\/div>\n<\/div>\n\n\n<div class=\"post-entry-content\">\n\n\t<h3 class=\"entry-title\">\n\t\t<a href=\"https:\/\/www.iseoprojection.com\/nl\/realisatie\/ecologische-isolatiewerken-martelange\/\" target=\"\" title=\"Grote ecologische isolatiewerken in Martelange\" rel=\"bookmark\">Grote ecologische isolatiewerken in Martelange<\/a>\n\t<\/h3>\n\n\t<div class=\"entry-meta portfolio-categories\"><span class=\"category-link\"><a href=\"https:\/\/www.iseoprojection.com\/project-category\/biosource\/\" >Biosourc\u00e9<\/a>, <a href=\"https:\/\/www.iseoprojection.com\/nl\/project-category\/dak\/\" >Dak<\/a>, <a href=\"https:\/\/www.iseoprojection.com\/nl\/project-category\/muren\/\" >Muren<\/a><\/span><\/div>\n\t<div class=\"entry-excerpt\"><p>Grootschalige werf in Martelange: ecologische isolatie van muren en dak met hoogwaardige afwerkingen voor een performant gebouw.<\/p>\n<\/div>\n\t<a class=\"dt-btn-s dt-btn post-details details-type-btn\" href=\"https:\/\/www.iseoprojection.com\/nl\/realisatie\/ecologische-isolatiewerken-martelange\/\" target=\"\">Meer lezen<i class=\"dt-icon-the7-arrow-03\" aria-hidden=\"true\"><\/i><\/a>\n<\/div><\/article><\/div><div class=\"hidden wf-cell category-72 category-53\" data-post-id=\"6127\" data-date=\"2025-10-28T08:55:04+01:00\" data-name=\"Onze interventie voor de verhoging en isolatie van een vloer in Rosi\u00e8res\"><article class=\"post visible post-6127 dt_portfolio type-dt_portfolio status-publish has-post-thumbnail hentry dt_portfolio_category-biosource dt_portfolio_category-vloer dt_portfolio_category-72 dt_portfolio_category-53\" data-name=\"Onze interventie voor de verhoging en isolatie van een vloer in Rosi\u00e8res\" data-date=\"2025-10-28T08:55:04+01:00\">\n\n<div class=\"post-thumbnail-wrap rollover-active \">\n\t<div class=\"post-thumbnail\">\n\n\t\t<a href=\"https:\/\/www.iseoprojection.com\/nl\/realisatie\/verhoging-vloerisolatie-rosieres\/\" class=\"post-thumbnail-rollover layzr-bg\" target=\"\"  aria-label=\"Post image\"><img decoding=\"async\" class=\"iso-lazy-load preload-me iso-lazy-load aspect\" src=\"data:image\/svg+xml,%3Csvg%20xmlns%3D&#39;http%3A%2F%2Fwww.w3.org%2F2000%2Fsvg&#39;%20viewBox%3D&#39;0%200%20768%20512&#39;%2F%3E\" data-src=\"https:\/\/www.iseoprojection.com\/wp-content\/uploads\/2025\/10\/Isolation_Rosieres.6-768x512.webp\" data-srcset=\"https:\/\/www.iseoprojection.com\/wp-content\/uploads\/2025\/10\/Isolation_Rosieres.6-768x512.webp 768w, https:\/\/www.iseoprojection.com\/wp-content\/uploads\/2025\/10\/Isolation_Rosieres.6-1152x768.webp 1152w\" loading=\"eager\" style=\"--ratio: 768 \/ 512\" sizes=\"(max-width: 768px) 100vw, 768px\" alt=\"\" title=\"Isolation_Rosieres.6\" width=\"768\" height=\"512\"  \/><\/a><div class=\"project-links-container\"><a href=\"https:\/\/www.iseoprojection.com\/nl\/realisatie\/verhoging-vloerisolatie-rosieres\/\" target=\"\" class=\"project-details\" aria-label=\"Details link\"><span class=\"icon-portfolio-p205\"><\/span><\/a><\/div>\n\t<\/div>\n<\/div>\n\n\n<div class=\"post-entry-content\">\n\n\t<h3 class=\"entry-title\">\n\t\t<a href=\"https:\/\/www.iseoprojection.com\/nl\/realisatie\/verhoging-vloerisolatie-rosieres\/\" target=\"\" title=\"Onze interventie voor de verhoging en isolatie van een vloer in Rosi\u00e8res\" rel=\"bookmark\">Onze interventie voor de verhoging en isolatie van een vloer in Rosi\u00e8res<\/a>\n\t<\/h3>\n\n\t<div class=\"entry-meta portfolio-categories\"><span class=\"category-link\"><a href=\"https:\/\/www.iseoprojection.com\/project-category\/biosource\/\" >Biosourc\u00e9<\/a>, <a href=\"https:\/\/www.iseoprojection.com\/nl\/project-category\/vloer\/\" >Vloer<\/a><\/span><\/div>\n\t<div class=\"entry-excerpt\"><p>In Rosi\u00e8res heeft ons team een vloer verhoogd en 130 m\u00b2 ge\u00efsoleerd met cellulose IQ3 en glaswol voor optimaal thermisch comfort.<\/p>\n<\/div>\n\t<a class=\"dt-btn-s dt-btn post-details details-type-btn\" href=\"https:\/\/www.iseoprojection.com\/nl\/realisatie\/verhoging-vloerisolatie-rosieres\/\" target=\"\">Meer lezen<i class=\"dt-icon-the7-arrow-03\" aria-hidden=\"true\"><\/i><\/a>\n<\/div><\/article><\/div><div class=\"hidden wf-cell category-72 category-48\" data-post-id=\"6113\" data-date=\"2025-10-28T08:33:12+01:00\" data-name=\"Onze dakisolatiewerkzaamheden in Charleroi\"><article class=\"post visible post-6113 dt_portfolio type-dt_portfolio status-publish has-post-thumbnail hentry dt_portfolio_category-biosource dt_portfolio_category-dak dt_portfolio_category-72 dt_portfolio_category-48\" data-name=\"Onze dakisolatiewerkzaamheden in Charleroi\" data-date=\"2025-10-28T08:33:12+01:00\">\n\n<div class=\"post-thumbnail-wrap rollover-active \">\n\t<div class=\"post-thumbnail\">\n\n\t\t<a href=\"https:\/\/www.iseoprojection.com\/nl\/realisatie\/dakisolatie-charleroi\/\" class=\"post-thumbnail-rollover layzr-bg\" target=\"\"  aria-label=\"Post image\"><img decoding=\"async\" class=\"iso-lazy-load preload-me iso-lazy-load aspect\" src=\"data:image\/svg+xml,%3Csvg%20xmlns%3D&#39;http%3A%2F%2Fwww.w3.org%2F2000%2Fsvg&#39;%20viewBox%3D&#39;0%200%20768%20512&#39;%2F%3E\" data-src=\"https:\/\/www.iseoprojection.com\/wp-content\/uploads\/2025\/10\/Livraison_charleroi-768x512.webp\" data-srcset=\"https:\/\/www.iseoprojection.com\/wp-content\/uploads\/2025\/10\/Livraison_charleroi-768x512.webp 768w, https:\/\/www.iseoprojection.com\/wp-content\/uploads\/2025\/10\/Livraison_charleroi-1152x768.webp 1152w\" loading=\"eager\" style=\"--ratio: 768 \/ 512\" sizes=\"(max-width: 768px) 100vw, 768px\" alt=\"\" title=\"Livraison_charleroi\" width=\"768\" height=\"512\"  \/><\/a><div class=\"project-links-container\"><a href=\"https:\/\/www.iseoprojection.com\/nl\/realisatie\/dakisolatie-charleroi\/\" target=\"\" class=\"project-details\" aria-label=\"Details link\"><span class=\"icon-portfolio-p205\"><\/span><\/a><\/div>\n\t<\/div>\n<\/div>\n\n\n<div class=\"post-entry-content\">\n\n\t<h3 class=\"entry-title\">\n\t\t<a href=\"https:\/\/www.iseoprojection.com\/nl\/realisatie\/dakisolatie-charleroi\/\" target=\"\" title=\"Onze dakisolatiewerkzaamheden in Charleroi\" rel=\"bookmark\">Onze dakisolatiewerkzaamheden in Charleroi<\/a>\n\t<\/h3>\n\n\t<div class=\"entry-meta portfolio-categories\"><span class=\"category-link\"><a href=\"https:\/\/www.iseoprojection.com\/project-category\/biosource\/\" >Biosourc\u00e9<\/a>, <a href=\"https:\/\/www.iseoprojection.com\/nl\/project-category\/dak\/\" >Dak<\/a><\/span><\/div>\n\t<div class=\"entry-excerpt\"><p>In Charleroi heeft ons team een dak van 61 m\u00b2 ge\u00efsoleerd met houtwol. Een snelle en zorgvuldige interventie voor blijvend thermisch comfort.<\/p>\n<\/div>\n\t<a class=\"dt-btn-s dt-btn post-details details-type-btn\" href=\"https:\/\/www.iseoprojection.com\/nl\/realisatie\/dakisolatie-charleroi\/\" target=\"\">Meer lezen<i class=\"dt-icon-the7-arrow-03\" aria-hidden=\"true\"><\/i><\/a>\n<\/div><\/article><\/div><div class=\"hidden wf-cell category-48\" data-post-id=\"6058\" data-date=\"2025-10-09T15:44:47+02:00\" data-name=\"Dakisolatie (sarking) van woning in Geel\"><article class=\"post visible post-6058 dt_portfolio type-dt_portfolio status-publish has-post-thumbnail hentry dt_portfolio_category-dak dt_portfolio_category-48\" data-name=\"Dakisolatie (sarking) van woning in Geel\" data-date=\"2025-10-09T15:44:47+02:00\">\n\n<div class=\"post-thumbnail-wrap rollover-active \">\n\t<div class=\"post-thumbnail\">\n\n\t\t<a href=\"https:\/\/www.iseoprojection.com\/nl\/realisatie\/dakisolatie-sarking-geel\/\" class=\"post-thumbnail-rollover layzr-bg\" target=\"\"  aria-label=\"Post image\"><img decoding=\"async\" class=\"iso-lazy-load preload-me iso-lazy-load aspect\" src=\"data:image\/svg+xml,%3Csvg%20xmlns%3D&#39;http%3A%2F%2Fwww.w3.org%2F2000%2Fsvg&#39;%20viewBox%3D&#39;0%200%20768%20512&#39;%2F%3E\" data-src=\"https:\/\/www.iseoprojection.com\/wp-content\/uploads\/2025\/10\/isolation-petite-fermette-geel-768x512.jpg\" data-srcset=\"https:\/\/www.iseoprojection.com\/wp-content\/uploads\/2025\/10\/isolation-petite-fermette-geel-768x512.jpg 768w, https:\/\/www.iseoprojection.com\/wp-content\/uploads\/2025\/10\/isolation-petite-fermette-geel-893x595.jpg 893w\" loading=\"eager\" style=\"--ratio: 768 \/ 512\" sizes=\"(max-width: 768px) 100vw, 768px\" alt=\"Petite fermette en brique avec toiture que l&#039;on r\u00e9nove\" title=\"isolation-petite-fermette-geel\" width=\"768\" height=\"512\"  \/><\/a><div class=\"project-links-container\"><a href=\"https:\/\/www.iseoprojection.com\/nl\/realisatie\/dakisolatie-sarking-geel\/\" target=\"\" class=\"project-details\" aria-label=\"Details link\"><span class=\"icon-portfolio-p205\"><\/span><\/a><\/div>\n\t<\/div>\n<\/div>\n\n\n<div class=\"post-entry-content\">\n\n\t<h3 class=\"entry-title\">\n\t\t<a href=\"https:\/\/www.iseoprojection.com\/nl\/realisatie\/dakisolatie-sarking-geel\/\" target=\"\" title=\"Dakisolatie (sarking) van woning in Geel\" rel=\"bookmark\">Dakisolatie (sarking) van woning in Geel<\/a>\n\t<\/h3>\n\n\t<div class=\"entry-meta portfolio-categories\"><span class=\"category-link\"><a href=\"https:\/\/www.iseoprojection.com\/nl\/project-category\/dak\/\" >Dak<\/a><\/span><\/div>\n\t<div class=\"entry-excerpt\"><p>Ontdek onze sarking-werf in Geel: 160 m\u00b2 dak langs buiten ge\u00efsoleerd in \u00e9\u00e9n dag met 20 cm ICYNENE Lite+.<\/p>\n<\/div>\n\t<a class=\"dt-btn-s dt-btn post-details details-type-btn\" href=\"https:\/\/www.iseoprojection.com\/nl\/realisatie\/dakisolatie-sarking-geel\/\" target=\"\">Meer lezen<i class=\"dt-icon-the7-arrow-03\" aria-hidden=\"true\"><\/i><\/a>\n<\/div><\/article><\/div><div class=\"hidden wf-cell category-48 category-50 category-53\" data-post-id=\"6042\" data-date=\"2025-10-09T15:19:06+02:00\" data-name=\"Volledige binnenisolatie van een gerenoveerde woning in Hemptinne\"><article class=\"post visible post-6042 dt_portfolio type-dt_portfolio status-publish has-post-thumbnail hentry dt_portfolio_category-dak dt_portfolio_category-muren dt_portfolio_category-vloer dt_portfolio_category-48 dt_portfolio_category-50 dt_portfolio_category-53\" data-name=\"Volledige binnenisolatie van een gerenoveerde woning in Hemptinne\" data-date=\"2025-10-09T15:19:06+02:00\">\n\n<div class=\"post-thumbnail-wrap rollover-active \">\n\t<div class=\"post-thumbnail\">\n\n\t\t<a href=\"https:\/\/www.iseoprojection.com\/nl\/realisatie\/volledige-isolatie-woning-hemptinne\/\" class=\"post-thumbnail-rollover layzr-bg\" target=\"\"  aria-label=\"Post image\"><img decoding=\"async\" class=\"iso-lazy-load preload-me iso-lazy-load aspect\" src=\"data:image\/svg+xml,%3Csvg%20xmlns%3D&#39;http%3A%2F%2Fwww.w3.org%2F2000%2Fsvg&#39;%20viewBox%3D&#39;0%200%20768%20512&#39;%2F%3E\" data-src=\"https:\/\/www.iseoprojection.com\/wp-content\/uploads\/2025\/10\/isolation-complete-maison-hemptinne-768x512.jpg\" data-srcset=\"https:\/\/www.iseoprojection.com\/wp-content\/uploads\/2025\/10\/isolation-complete-maison-hemptinne-768x512.jpg 768w, https:\/\/www.iseoprojection.com\/wp-content\/uploads\/2025\/10\/isolation-complete-maison-hemptinne-1152x768.jpg 1152w\" loading=\"eager\" style=\"--ratio: 768 \/ 512\" sizes=\"(max-width: 768px) 100vw, 768px\" alt=\"Murs int\u00e9rieurs et sols d&#039;une habitation isol\u00e9s avec de la mousse projet\u00e9e\" title=\"isolation-complete-maison-hemptinne\" width=\"768\" height=\"512\"  \/><\/a><div class=\"project-links-container\"><a href=\"https:\/\/www.iseoprojection.com\/nl\/realisatie\/volledige-isolatie-woning-hemptinne\/\" target=\"\" class=\"project-details\" aria-label=\"Details link\"><span class=\"icon-portfolio-p205\"><\/span><\/a><\/div>\n\t<\/div>\n<\/div>\n\n\n<div class=\"post-entry-content\">\n\n\t<h3 class=\"entry-title\">\n\t\t<a href=\"https:\/\/www.iseoprojection.com\/nl\/realisatie\/volledige-isolatie-woning-hemptinne\/\" target=\"\" title=\"Volledige binnenisolatie van een gerenoveerde woning in Hemptinne\" rel=\"bookmark\">Volledige binnenisolatie van een gerenoveerde woning in Hemptinne<\/a>\n\t<\/h3>\n\n\t<div class=\"entry-meta portfolio-categories\"><span class=\"category-link\"><a href=\"https:\/\/www.iseoprojection.com\/nl\/project-category\/dak\/\" >Dak<\/a>, <a href=\"https:\/\/www.iseoprojection.com\/nl\/project-category\/muren\/\" >Muren<\/a>, <a href=\"https:\/\/www.iseoprojection.com\/nl\/project-category\/vloer\/\" >Vloer<\/a><\/span><\/div>\n\t<div class=\"entry-excerpt\"><p>ISEO Projection heeft een woning in Hemptinne volledig van binnen ge\u00efsoleerd met gespoten schuim. Ontdek deze realisatie.<\/p>\n<\/div>\n\t<a class=\"dt-btn-s dt-btn post-details details-type-btn\" href=\"https:\/\/www.iseoprojection.com\/nl\/realisatie\/volledige-isolatie-woning-hemptinne\/\" target=\"\">Meer lezen<i class=\"dt-icon-the7-arrow-03\" aria-hidden=\"true\"><\/i><\/a>\n<\/div><\/article><\/div><div class=\"hidden wf-cell category-55\" data-post-id=\"6032\" data-date=\"2025-10-09T14:45:02+02:00\" data-name=\"Kruipkelderisolatie in Kraainem\"><article class=\"post visible post-6032 dt_portfolio type-dt_portfolio status-publish has-post-thumbnail hentry dt_portfolio_category-kruipkelder dt_portfolio_category-55\" data-name=\"Kruipkelderisolatie in Kraainem\" data-date=\"2025-10-09T14:45:02+02:00\">\n\n<div class=\"post-thumbnail-wrap rollover-active \">\n\t<div class=\"post-thumbnail\">\n\n\t\t<a href=\"https:\/\/www.iseoprojection.com\/nl\/realisatie\/isolatie-kruipkelder-kraainem\/\" class=\"post-thumbnail-rollover layzr-bg\" target=\"\"  aria-label=\"Post image\"><img decoding=\"async\" class=\"iso-lazy-load preload-me iso-lazy-load aspect\" src=\"data:image\/svg+xml,%3Csvg%20xmlns%3D&#39;http%3A%2F%2Fwww.w3.org%2F2000%2Fsvg&#39;%20viewBox%3D&#39;0%200%20768%20512&#39;%2F%3E\" data-src=\"https:\/\/www.iseoprojection.com\/wp-content\/uploads\/2025\/10\/vide-ventile-isole-kraainem-768x512.jpg\" data-srcset=\"https:\/\/www.iseoprojection.com\/wp-content\/uploads\/2025\/10\/vide-ventile-isole-kraainem-768x512.jpg 768w, https:\/\/www.iseoprojection.com\/wp-content\/uploads\/2025\/10\/vide-ventile-isole-kraainem-1152x768.jpg 1152w\" loading=\"eager\" style=\"--ratio: 768 \/ 512\" sizes=\"(max-width: 768px) 100vw, 768px\" alt=\"Plafond d&#039;un vide ventil\u00e9 isol\u00e9 avec de la mousse polyur\u00e9thane \u00e0 Kraainem\" title=\"vide-ventile-isole-kraainem\" width=\"768\" height=\"512\"  \/><\/a><div class=\"project-links-container\"><a href=\"https:\/\/www.iseoprojection.com\/nl\/realisatie\/isolatie-kruipkelder-kraainem\/\" target=\"\" class=\"project-details\" aria-label=\"Details link\"><span class=\"icon-portfolio-p205\"><\/span><\/a><\/div>\n\t<\/div>\n<\/div>\n\n\n<div class=\"post-entry-content\">\n\n\t<h3 class=\"entry-title\">\n\t\t<a href=\"https:\/\/www.iseoprojection.com\/nl\/realisatie\/isolatie-kruipkelder-kraainem\/\" target=\"\" title=\"Kruipkelderisolatie in Kraainem\" rel=\"bookmark\">Kruipkelderisolatie in Kraainem<\/a>\n\t<\/h3>\n\n\t<div class=\"entry-meta portfolio-categories\"><span class=\"category-link\"><a href=\"https:\/\/www.iseoprojection.com\/nl\/project-category\/kruipkelder\/\" >kruipkelder<\/a><\/span><\/div>\n\t<div class=\"entry-excerpt\"><p>ISEO Projection heeft 165 m\u00b2 plafond van een kruipkelder in Kraainem ge\u00efsoleerd met 13 cm ICYNENE Lite+.<\/p>\n<\/div>\n\t<a class=\"dt-btn-s dt-btn post-details details-type-btn\" href=\"https:\/\/www.iseoprojection.com\/nl\/realisatie\/isolatie-kruipkelder-kraainem\/\" target=\"\">Meer lezen<i class=\"dt-icon-the7-arrow-03\" aria-hidden=\"true\"><\/i><\/a>\n<\/div><\/article><\/div><div class=\"hidden wf-cell category-50 category-61\" data-post-id=\"6018\" data-date=\"2025-10-09T12:34:34+02:00\" data-name=\"Isolatie van muur en plafond in Puurs\"><article class=\"post visible post-6018 dt_portfolio type-dt_portfolio status-publish has-post-thumbnail hentry dt_portfolio_category-muren dt_portfolio_category-plafonds-nl dt_portfolio_category-50 dt_portfolio_category-61\" data-name=\"Isolatie van muur en plafond in Puurs\" data-date=\"2025-10-09T12:34:34+02:00\">\n\n<div class=\"post-thumbnail-wrap rollover-active \">\n\t<div class=\"post-thumbnail\">\n\n\t\t<a href=\"https:\/\/www.iseoprojection.com\/nl\/realisatie\/muur-plafondisolatie-puurs\/\" class=\"post-thumbnail-rollover layzr-bg\" target=\"\"  aria-label=\"Post image\"><img decoding=\"async\" class=\"iso-lazy-load preload-me iso-lazy-load aspect\" src=\"data:image\/svg+xml,%3Csvg%20xmlns%3D&#39;http%3A%2F%2Fwww.w3.org%2F2000%2Fsvg&#39;%20viewBox%3D&#39;0%200%20768%20512&#39;%2F%3E\" data-src=\"https:\/\/www.iseoprojection.com\/wp-content\/uploads\/2025\/10\/isolation-mousse-polyurethane-puurs-768x512.jpg\" data-srcset=\"https:\/\/www.iseoprojection.com\/wp-content\/uploads\/2025\/10\/isolation-mousse-polyurethane-puurs-768x512.jpg 768w, https:\/\/www.iseoprojection.com\/wp-content\/uploads\/2025\/10\/isolation-mousse-polyurethane-puurs-1152x768.jpg 1152w\" loading=\"eager\" style=\"--ratio: 768 \/ 512\" sizes=\"(max-width: 768px) 100vw, 768px\" alt=\"Murs et plafond du living d&#039;une maison isol\u00e9s avec de la mousse polyur\u00e9thane\" title=\"isolation-mousse-polyurethane-puurs\" width=\"768\" height=\"512\"  \/><\/a><div class=\"project-links-container\"><a href=\"https:\/\/www.iseoprojection.com\/nl\/realisatie\/muur-plafondisolatie-puurs\/\" target=\"\" class=\"project-details\" aria-label=\"Details link\"><span class=\"icon-portfolio-p205\"><\/span><\/a><\/div>\n\t<\/div>\n<\/div>\n\n\n<div class=\"post-entry-content\">\n\n\t<h3 class=\"entry-title\">\n\t\t<a href=\"https:\/\/www.iseoprojection.com\/nl\/realisatie\/muur-plafondisolatie-puurs\/\" target=\"\" title=\"Isolatie van muur en plafond in Puurs\" rel=\"bookmark\">Isolatie van muur en plafond in Puurs<\/a>\n\t<\/h3>\n\n\t<div class=\"entry-meta portfolio-categories\"><span class=\"category-link\"><a href=\"https:\/\/www.iseoprojection.com\/nl\/project-category\/muren\/\" >Muren<\/a>, <a href=\"https:\/\/www.iseoprojection.com\/nl\/project-category\/plafonds-nl\/\" >Plafonds<\/a><\/span><\/div>\n\t<div class=\"entry-excerpt\"><p>Ontdek onze binnenisolatie in Puurs: 100 m\u00b2 muren en 120 m\u00b2 plafonds bespoten met 8 cm ICYNENE Lite+ schuim.<\/p>\n<\/div>\n\t<a class=\"dt-btn-s dt-btn post-details details-type-btn\" href=\"https:\/\/www.iseoprojection.com\/nl\/realisatie\/muur-plafondisolatie-puurs\/\" target=\"\">Meer lezen<i class=\"dt-icon-the7-arrow-03\" aria-hidden=\"true\"><\/i><\/a>\n<\/div><\/article><\/div><div class=\"hidden wf-cell category-48 category-53\" data-post-id=\"5392\" data-date=\"2025-08-08T10:47:16+02:00\" data-name=\"Vloer- en dakisolatie van een oude hoeve in Putte\"><article class=\"post visible post-5392 dt_portfolio type-dt_portfolio status-publish has-post-thumbnail hentry dt_portfolio_category-dak dt_portfolio_category-vloer dt_portfolio_category-48 dt_portfolio_category-53\" data-name=\"Vloer- en dakisolatie van een oude hoeve in Putte\" data-date=\"2025-08-08T10:47:16+02:00\">\n\n<div class=\"post-thumbnail-wrap rollover-active \">\n\t<div class=\"post-thumbnail\">\n\n\t\t<a href=\"https:\/\/www.iseoprojection.com\/nl\/realisatie\/isolatie-vloer-en-dak-hoeve-putte\/\" class=\"post-thumbnail-rollover layzr-bg\" target=\"\"  aria-label=\"Post image\"><img decoding=\"async\" class=\"iso-lazy-load preload-me iso-lazy-load aspect\" src=\"data:image\/svg+xml,%3Csvg%20xmlns%3D&#39;http%3A%2F%2Fwww.w3.org%2F2000%2Fsvg&#39;%20viewBox%3D&#39;0%200%20768%20512&#39;%2F%3E\" data-src=\"https:\/\/www.iseoprojection.com\/wp-content\/uploads\/2025\/08\/renovation-energetique-maison-putte-768x512.jpg\" data-srcset=\"https:\/\/www.iseoprojection.com\/wp-content\/uploads\/2025\/08\/renovation-energetique-maison-putte-768x512.jpg 768w, https:\/\/www.iseoprojection.com\/wp-content\/uploads\/2025\/08\/renovation-energetique-maison-putte-1152x768.jpg 1152w\" loading=\"eager\" style=\"--ratio: 768 \/ 512\" sizes=\"(max-width: 768px) 100vw, 768px\" alt=\"Plan large d&#039;une ferme blanche avec un toit brun \u00e0 Putte\" title=\"renovation-energetique-maison-putte\" width=\"768\" height=\"512\"  \/><\/a><div class=\"project-links-container\"><a href=\"https:\/\/www.iseoprojection.com\/nl\/realisatie\/isolatie-vloer-en-dak-hoeve-putte\/\" target=\"\" class=\"project-details\" aria-label=\"Details link\"><span class=\"icon-portfolio-p205\"><\/span><\/a><\/div>\n\t<\/div>\n<\/div>\n\n\n<div class=\"post-entry-content\">\n\n\t<h3 class=\"entry-title\">\n\t\t<a href=\"https:\/\/www.iseoprojection.com\/nl\/realisatie\/isolatie-vloer-en-dak-hoeve-putte\/\" target=\"\" title=\"Vloer- en dakisolatie van een oude hoeve in Putte\" rel=\"bookmark\">Vloer- en dakisolatie van een oude hoeve in Putte<\/a>\n\t<\/h3>\n\n\t<div class=\"entry-meta portfolio-categories\"><span class=\"category-link\"><a href=\"https:\/\/www.iseoprojection.com\/nl\/project-category\/dak\/\" >Dak<\/a>, <a href=\"https:\/\/www.iseoprojection.com\/nl\/project-category\/vloer\/\" >Vloer<\/a><\/span><\/div>\n\t<div class=\"entry-excerpt\"><p>Ons team werkte aan een oude hoeve in Putte en isoleerde vloer en dak. Een volledige thermische renovatie in slechts 2 dagen.<\/p>\n<\/div>\n\t<a class=\"dt-btn-s dt-btn post-details details-type-btn\" href=\"https:\/\/www.iseoprojection.com\/nl\/realisatie\/isolatie-vloer-en-dak-hoeve-putte\/\" target=\"\">Meer lezen<i class=\"dt-icon-the7-arrow-03\" aria-hidden=\"true\"><\/i><\/a>\n<\/div><\/article><\/div><div class=\"hidden wf-cell category-53\" data-post-id=\"5375\" data-date=\"2025-08-08T10:36:48+02:00\" data-name=\"Vloerisolatie van een renovatiewoning in Rijmenam\"><article class=\"post visible post-5375 dt_portfolio type-dt_portfolio status-publish has-post-thumbnail hentry dt_portfolio_category-vloer dt_portfolio_category-53\" data-name=\"Vloerisolatie van een renovatiewoning in Rijmenam\" data-date=\"2025-08-08T10:36:48+02:00\">\n\n<div class=\"post-thumbnail-wrap rollover-active \">\n\t<div class=\"post-thumbnail\">\n\n\t\t<a href=\"https:\/\/www.iseoprojection.com\/nl\/realisatie\/vloerisolatie-woning-renovatie-rijmenam\/\" class=\"post-thumbnail-rollover layzr-bg\" target=\"\"  aria-label=\"Post image\"><img decoding=\"async\" class=\"iso-lazy-load preload-me iso-lazy-load aspect\" src=\"data:image\/svg+xml,%3Csvg%20xmlns%3D&#39;http%3A%2F%2Fwww.w3.org%2F2000%2Fsvg&#39;%20viewBox%3D&#39;0%200%20768%20512&#39;%2F%3E\" data-src=\"https:\/\/www.iseoprojection.com\/wp-content\/uploads\/2025\/08\/isolation-sol-mousse-projetee-rijmenam-768x512.jpg\" data-srcset=\"https:\/\/www.iseoprojection.com\/wp-content\/uploads\/2025\/08\/isolation-sol-mousse-projetee-rijmenam-768x512.jpg 768w, https:\/\/www.iseoprojection.com\/wp-content\/uploads\/2025\/08\/isolation-sol-mousse-projetee-rijmenam-1152x768.jpg 1152w\" loading=\"eager\" style=\"--ratio: 768 \/ 512\" sizes=\"(max-width: 768px) 100vw, 768px\" alt=\"Living d&#039;une maison neuve dont le sol est recouvert de mousse isolante projet\u00e9e\" title=\"isolation-sol-mousse-projetee-rijmenam\" width=\"768\" height=\"512\"  \/><\/a><div class=\"project-links-container\"><a href=\"https:\/\/www.iseoprojection.com\/nl\/realisatie\/vloerisolatie-woning-renovatie-rijmenam\/\" target=\"\" class=\"project-details\" aria-label=\"Details link\"><span class=\"icon-portfolio-p205\"><\/span><\/a><\/div>\n\t<\/div>\n<\/div>\n\n\n<div class=\"post-entry-content\">\n\n\t<h3 class=\"entry-title\">\n\t\t<a href=\"https:\/\/www.iseoprojection.com\/nl\/realisatie\/vloerisolatie-woning-renovatie-rijmenam\/\" target=\"\" title=\"Vloerisolatie van een renovatiewoning in Rijmenam\" rel=\"bookmark\">Vloerisolatie van een renovatiewoning in Rijmenam<\/a>\n\t<\/h3>\n\n\t<div class=\"entry-meta portfolio-categories\"><span class=\"category-link\"><a href=\"https:\/\/www.iseoprojection.com\/nl\/project-category\/vloer\/\" >Vloer<\/a><\/span><\/div>\n\t<div class=\"entry-excerpt\"><p>In Rijmenam heeft ISEO Projection de vloeren van een woning in renovatie ge\u00efsoleerd op 160 m\u00b2 met gespoten polyurethaanschuim.<\/p>\n<\/div>\n\t<a class=\"dt-btn-s dt-btn post-details details-type-btn\" href=\"https:\/\/www.iseoprojection.com\/nl\/realisatie\/vloerisolatie-woning-renovatie-rijmenam\/\" target=\"\">Meer lezen<i class=\"dt-icon-the7-arrow-03\" aria-hidden=\"true\"><\/i><\/a>\n<\/div><\/article><\/div><div class=\"hidden wf-cell category-48\" data-post-id=\"5362\" data-date=\"2025-08-08T10:28:10+02:00\" data-name=\"Onze tussenkomst bij de dakisolatie van een herenhuis in Luik\"><article class=\"post visible post-5362 dt_portfolio type-dt_portfolio status-publish has-post-thumbnail hentry dt_portfolio_category-dak dt_portfolio_category-48\" data-name=\"Onze tussenkomst bij de dakisolatie van een herenhuis in Luik\" data-date=\"2025-08-08T10:28:10+02:00\">\n\n<div class=\"post-thumbnail-wrap rollover-active \">\n\t<div class=\"post-thumbnail\">\n\n\t\t<a href=\"https:\/\/www.iseoprojection.com\/nl\/realisatie\/dakisolatie-herenhuis-luik\/\" class=\"post-thumbnail-rollover layzr-bg\" target=\"\"  aria-label=\"Post image\"><img decoding=\"async\" class=\"iso-lazy-load preload-me iso-lazy-load aspect\" src=\"data:image\/svg+xml,%3Csvg%20xmlns%3D&#39;http%3A%2F%2Fwww.w3.org%2F2000%2Fsvg&#39;%20viewBox%3D&#39;0%200%20768%20512&#39;%2F%3E\" data-src=\"https:\/\/www.iseoprojection.com\/wp-content\/uploads\/2025\/08\/structure-bois-isolation-toiture-768x512.jpg\" data-srcset=\"https:\/\/www.iseoprojection.com\/wp-content\/uploads\/2025\/08\/structure-bois-isolation-toiture-768x512.jpg 768w, https:\/\/www.iseoprojection.com\/wp-content\/uploads\/2025\/08\/structure-bois-isolation-toiture-1152x768.jpg 1152w\" loading=\"eager\" style=\"--ratio: 768 \/ 512\" sizes=\"(max-width: 768px) 100vw, 768px\" alt=\"Structure en bois pour l&#039;isolation d&#039;une toiture de maison de ma\u00eetre \u00e0 Li\u00e8ge\" title=\"structure-bois-isolation-toiture\" width=\"768\" height=\"512\"  \/><\/a><div class=\"project-links-container\"><a href=\"https:\/\/www.iseoprojection.com\/nl\/realisatie\/dakisolatie-herenhuis-luik\/\" target=\"\" class=\"project-details\" aria-label=\"Details link\"><span class=\"icon-portfolio-p205\"><\/span><\/a><\/div>\n\t<\/div>\n<\/div>\n\n\n<div class=\"post-entry-content\">\n\n\t<h3 class=\"entry-title\">\n\t\t<a href=\"https:\/\/www.iseoprojection.com\/nl\/realisatie\/dakisolatie-herenhuis-luik\/\" target=\"\" title=\"Onze tussenkomst bij de dakisolatie van een herenhuis in Luik\" rel=\"bookmark\">Onze tussenkomst bij de dakisolatie van een herenhuis in Luik<\/a>\n\t<\/h3>\n\n\t<div class=\"entry-meta portfolio-categories\"><span class=\"category-link\"><a href=\"https:\/\/www.iseoprojection.com\/nl\/project-category\/dak\/\" >Dak<\/a><\/span><\/div>\n\t<div class=\"entry-excerpt\"><p>Het team van ISEO Projection heeft het dak van een herenhuis in Luik ge\u00efsoleerd met 18 cm gespoten ICYNENE Lite+ achter een houten structuur.<\/p>\n<\/div>\n\t<a class=\"dt-btn-s dt-btn post-details details-type-btn\" href=\"https:\/\/www.iseoprojection.com\/nl\/realisatie\/dakisolatie-herenhuis-luik\/\" target=\"\">Meer lezen<i class=\"dt-icon-the7-arrow-03\" aria-hidden=\"true\"><\/i><\/a>\n<\/div><\/article><\/div><div class=\"hidden wf-cell category-50\" data-post-id=\"5355\" data-date=\"2025-08-08T10:20:20+02:00\" data-name=\"Onze realisatie van gevelisolatie in Cortil-Wodon\"><article class=\"post visible post-5355 dt_portfolio type-dt_portfolio status-publish has-post-thumbnail hentry dt_portfolio_category-muren dt_portfolio_category-50\" data-name=\"Onze realisatie van gevelisolatie in Cortil-Wodon\" data-date=\"2025-08-08T10:20:20+02:00\">\n\n<div class=\"post-thumbnail-wrap rollover-active \">\n\t<div class=\"post-thumbnail\">\n\n\t\t<a href=\"https:\/\/www.iseoprojection.com\/nl\/realisatie\/isolatie-zijgevel-buitenkant-cortil-wodon\/\" class=\"post-thumbnail-rollover layzr-bg\" target=\"\"  aria-label=\"Post image\"><img decoding=\"async\" class=\"iso-lazy-load preload-me iso-lazy-load aspect\" src=\"data:image\/svg+xml,%3Csvg%20xmlns%3D&#39;http%3A%2F%2Fwww.w3.org%2F2000%2Fsvg&#39;%20viewBox%3D&#39;0%200%20768%20512&#39;%2F%3E\" data-src=\"https:\/\/www.iseoprojection.com\/wp-content\/uploads\/2025\/08\/isolation-mousse-projetee-pignon-cortil-wodon-768x512.jpg\" data-srcset=\"https:\/\/www.iseoprojection.com\/wp-content\/uploads\/2025\/08\/isolation-mousse-projetee-pignon-cortil-wodon-768x512.jpg 768w, https:\/\/www.iseoprojection.com\/wp-content\/uploads\/2025\/08\/isolation-mousse-projetee-pignon-cortil-wodon-1152x768.jpg 1152w\" loading=\"eager\" style=\"--ratio: 768 \/ 512\" sizes=\"(max-width: 768px) 100vw, 768px\" alt=\"Pignon ext\u00e9rieur d&#039;une maison blanche \u00e0 Cortil-Wodon que l&#039;on isole avec de la mousse projet\u00e9e\" title=\"isolation-mousse-projetee-pignon-cortil-wodon\" width=\"768\" height=\"512\"  \/><\/a><div class=\"project-links-container\"><a href=\"https:\/\/www.iseoprojection.com\/nl\/realisatie\/isolatie-zijgevel-buitenkant-cortil-wodon\/\" target=\"\" class=\"project-details\" aria-label=\"Details link\"><span class=\"icon-portfolio-p205\"><\/span><\/a><\/div>\n\t<\/div>\n<\/div>\n\n\n<div class=\"post-entry-content\">\n\n\t<h3 class=\"entry-title\">\n\t\t<a href=\"https:\/\/www.iseoprojection.com\/nl\/realisatie\/isolatie-zijgevel-buitenkant-cortil-wodon\/\" target=\"\" title=\"Onze realisatie van gevelisolatie in Cortil-Wodon\" rel=\"bookmark\">Onze realisatie van gevelisolatie in Cortil-Wodon<\/a>\n\t<\/h3>\n\n\t<div class=\"entry-meta portfolio-categories\"><span class=\"category-link\"><a href=\"https:\/\/www.iseoprojection.com\/nl\/project-category\/muren\/\" >Muren<\/a><\/span><\/div>\n\t<div class=\"entry-excerpt\"><p>Ontdek ons project voor de doorlopende isolatie van een buitengevel met gespoten schuim in Cortil-Wodon. Een doeltreffende oplossing voor een onregelmatige muur.<\/p>\n<\/div>\n\t<a class=\"dt-btn-s dt-btn post-details details-type-btn\" href=\"https:\/\/www.iseoprojection.com\/nl\/realisatie\/isolatie-zijgevel-buitenkant-cortil-wodon\/\" target=\"\">Meer lezen<i class=\"dt-icon-the7-arrow-03\" aria-hidden=\"true\"><\/i><\/a>\n<\/div><\/article><\/div><div class=\"hidden wf-cell category-53\" data-post-id=\"5331\" data-date=\"2025-07-29T12:12:00+02:00\" data-name=\"Isolatie van de vloer van een renovatieproject in Ukkel\"><article class=\"post visible post-5331 dt_portfolio type-dt_portfolio status-publish has-post-thumbnail hentry dt_portfolio_category-vloer dt_portfolio_category-53\" data-name=\"Isolatie van de vloer van een renovatieproject in Ukkel\" data-date=\"2025-07-29T12:12:00+02:00\">\n\n<div class=\"post-thumbnail-wrap rollover-active \">\n\t<div class=\"post-thumbnail\">\n\n\t\t<a href=\"https:\/\/www.iseoprojection.com\/nl\/realisatie\/vloerisolatie-renovatie-ukkel\/\" class=\"post-thumbnail-rollover layzr-bg\" target=\"\"  aria-label=\"Post image\"><img decoding=\"async\" class=\"iso-lazy-load preload-me iso-lazy-load aspect\" src=\"data:image\/svg+xml,%3Csvg%20xmlns%3D&#39;http%3A%2F%2Fwww.w3.org%2F2000%2Fsvg&#39;%20viewBox%3D&#39;0%200%20768%20512&#39;%2F%3E\" data-src=\"https:\/\/www.iseoprojection.com\/wp-content\/uploads\/2025\/07\/isolation-sol-uccle-768x512.jpg\" data-srcset=\"https:\/\/www.iseoprojection.com\/wp-content\/uploads\/2025\/07\/isolation-sol-uccle-768x512.jpg 768w, https:\/\/www.iseoprojection.com\/wp-content\/uploads\/2025\/07\/isolation-sol-uccle-1152x768.jpg 1152w\" loading=\"eager\" style=\"--ratio: 768 \/ 512\" sizes=\"(max-width: 768px) 100vw, 768px\" alt=\"Vue d&#039;un salon en travaux avec le sol recouvert d&#039;isolant par mousse projet\u00e9e\" title=\"isolation-sol-uccle\" width=\"768\" height=\"512\"  \/><\/a><div class=\"project-links-container\"><a href=\"https:\/\/www.iseoprojection.com\/nl\/realisatie\/vloerisolatie-renovatie-ukkel\/\" target=\"\" class=\"project-details\" aria-label=\"Details link\"><span class=\"icon-portfolio-p205\"><\/span><\/a><\/div>\n\t<\/div>\n<\/div>\n\n\n<div class=\"post-entry-content\">\n\n\t<h3 class=\"entry-title\">\n\t\t<a href=\"https:\/\/www.iseoprojection.com\/nl\/realisatie\/vloerisolatie-renovatie-ukkel\/\" target=\"\" title=\"Isolatie van de vloer van een renovatieproject in Ukkel\" rel=\"bookmark\">Isolatie van de vloer van een renovatieproject in Ukkel<\/a>\n\t<\/h3>\n\n\t<div class=\"entry-meta portfolio-categories\"><span class=\"category-link\"><a href=\"https:\/\/www.iseoprojection.com\/nl\/project-category\/vloer\/\" >Vloer<\/a><\/span><\/div>\n\t<div class=\"entry-excerpt\"><p>Vloerisolatie in Ukkel: 165 m\u00b2 gespoten PU-schuim op een villa in renovatie. Precisiewerk afgewerkt in \u00e9\u00e9n dag.<\/p>\n<\/div>\n\t<a class=\"dt-btn-s dt-btn post-details details-type-btn\" href=\"https:\/\/www.iseoprojection.com\/nl\/realisatie\/vloerisolatie-renovatie-ukkel\/\" target=\"\">Meer lezen<i class=\"dt-icon-the7-arrow-03\" aria-hidden=\"true\"><\/i><\/a>\n<\/div><\/article><\/div><div class=\"hidden wf-cell category-50\" data-post-id=\"5310\" data-date=\"2025-07-29T10:50:34+02:00\" data-name=\"Muurisolatie in Taviers zonder aanpassing van de gevel\"><article class=\"post visible post-5310 dt_portfolio type-dt_portfolio status-publish has-post-thumbnail hentry dt_portfolio_category-muren dt_portfolio_category-50\" data-name=\"Muurisolatie in Taviers zonder aanpassing van de gevel\" data-date=\"2025-07-29T10:50:34+02:00\">\n\n<div class=\"post-thumbnail-wrap rollover-active \">\n\t<div class=\"post-thumbnail\">\n\n\t\t<a href=\"https:\/\/www.iseoprojection.com\/nl\/realisatie\/muurisolatie-binnenzijde-taviers\/\" class=\"post-thumbnail-rollover layzr-bg\" target=\"\"  aria-label=\"Post image\"><img decoding=\"async\" class=\"iso-lazy-load preload-me iso-lazy-load aspect\" src=\"data:image\/svg+xml,%3Csvg%20xmlns%3D&#39;http%3A%2F%2Fwww.w3.org%2F2000%2Fsvg&#39;%20viewBox%3D&#39;0%200%20768%20512&#39;%2F%3E\" data-src=\"https:\/\/www.iseoprojection.com\/wp-content\/uploads\/2025\/07\/isolation-murs-chantier-taviers-768x512.jpeg\" data-srcset=\"https:\/\/www.iseoprojection.com\/wp-content\/uploads\/2025\/07\/isolation-murs-chantier-taviers-768x512.jpeg 768w, https:\/\/www.iseoprojection.com\/wp-content\/uploads\/2025\/07\/isolation-murs-chantier-taviers-1024x682.jpeg 1024w\" loading=\"eager\" style=\"--ratio: 768 \/ 512\" sizes=\"(max-width: 768px) 100vw, 768px\" alt=\"Int\u00e9rieur d&#039;un grenier dont les murs sont isol\u00e9s avec de la mousse polyur\u00e9thane\" title=\"isolation-murs-chantier-taviers\" width=\"768\" height=\"512\"  \/><\/a><div class=\"project-links-container\"><a href=\"https:\/\/www.iseoprojection.com\/nl\/realisatie\/muurisolatie-binnenzijde-taviers\/\" target=\"\" class=\"project-details\" aria-label=\"Details link\"><span class=\"icon-portfolio-p205\"><\/span><\/a><\/div>\n\t<\/div>\n<\/div>\n\n\n<div class=\"post-entry-content\">\n\n\t<h3 class=\"entry-title\">\n\t\t<a href=\"https:\/\/www.iseoprojection.com\/nl\/realisatie\/muurisolatie-binnenzijde-taviers\/\" target=\"\" title=\"Muurisolatie in Taviers zonder aanpassing van de gevel\" rel=\"bookmark\">Muurisolatie in Taviers zonder aanpassing van de gevel<\/a>\n\t<\/h3>\n\n\t<div class=\"entry-meta portfolio-categories\"><span class=\"category-link\"><a href=\"https:\/\/www.iseoprojection.com\/nl\/project-category\/muren\/\" >Muren<\/a><\/span><\/div>\n\t<div class=\"entry-excerpt\"><p>Ontdek onze realisatie van muurisolatie langs binnenzijde in Taviers: een professionele aanpak met respect voor de uitstraling van de rode bakstenen gevel.<\/p>\n<\/div>\n\t<a class=\"dt-btn-s dt-btn post-details details-type-btn\" href=\"https:\/\/www.iseoprojection.com\/nl\/realisatie\/muurisolatie-binnenzijde-taviers\/\" target=\"\">Meer lezen<i class=\"dt-icon-the7-arrow-03\" aria-hidden=\"true\"><\/i><\/a>\n<\/div><\/article><\/div><div class=\"hidden wf-cell category-53\" data-post-id=\"5293\" data-date=\"2025-07-29T10:30:52+02:00\" data-name=\"Vloerisolatie van een renovatiewoning in Aartselaar\"><article class=\"post visible post-5293 dt_portfolio type-dt_portfolio status-publish has-post-thumbnail hentry dt_portfolio_category-vloer dt_portfolio_category-53\" data-name=\"Vloerisolatie van een renovatiewoning in Aartselaar\" data-date=\"2025-07-29T10:30:52+02:00\">\n\n<div class=\"post-thumbnail-wrap rollover-active \">\n\t<div class=\"post-thumbnail\">\n\n\t\t<a href=\"https:\/\/www.iseoprojection.com\/nl\/realisatie\/vloerisolatie-renovatie-aartselaar\/\" class=\"post-thumbnail-rollover layzr-bg\" target=\"\"  aria-label=\"Post image\"><img decoding=\"async\" class=\"iso-lazy-load preload-me iso-lazy-load aspect\" src=\"data:image\/svg+xml,%3Csvg%20xmlns%3D&#39;http%3A%2F%2Fwww.w3.org%2F2000%2Fsvg&#39;%20viewBox%3D&#39;0%200%20768%20512&#39;%2F%3E\" data-src=\"https:\/\/www.iseoprojection.com\/wp-content\/uploads\/2025\/07\/isolation-sol-mousse-polyurethane-aartselaar-768x512.jpg\" data-srcset=\"https:\/\/www.iseoprojection.com\/wp-content\/uploads\/2025\/07\/isolation-sol-mousse-polyurethane-aartselaar-768x512.jpg 768w, https:\/\/www.iseoprojection.com\/wp-content\/uploads\/2025\/07\/isolation-sol-mousse-polyurethane-aartselaar-1152x768.jpg 1152w\" loading=\"eager\" style=\"--ratio: 768 \/ 512\" sizes=\"(max-width: 768px) 100vw, 768px\" alt=\"Int\u00e9rieur ensoleill\u00e9 d&#039;une maison avec le sol recouvert de mousse isolante\" title=\"isolation-sol-mousse-polyurethane-aartselaar\" width=\"768\" height=\"512\"  \/><\/a><div class=\"project-links-container\"><a href=\"https:\/\/www.iseoprojection.com\/nl\/realisatie\/vloerisolatie-renovatie-aartselaar\/\" target=\"\" class=\"project-details\" aria-label=\"Details link\"><span class=\"icon-portfolio-p205\"><\/span><\/a><\/div>\n\t<\/div>\n<\/div>\n\n\n<div class=\"post-entry-content\">\n\n\t<h3 class=\"entry-title\">\n\t\t<a href=\"https:\/\/www.iseoprojection.com\/nl\/realisatie\/vloerisolatie-renovatie-aartselaar\/\" target=\"\" title=\"Vloerisolatie van een renovatiewoning in Aartselaar\" rel=\"bookmark\">Vloerisolatie van een renovatiewoning in Aartselaar<\/a>\n\t<\/h3>\n\n\t<div class=\"entry-meta portfolio-categories\"><span class=\"category-link\"><a href=\"https:\/\/www.iseoprojection.com\/nl\/project-category\/vloer\/\" >Vloer<\/a><\/span><\/div>\n\t<div class=\"entry-excerpt\"><p>In Aartselaar isoleerde ISEO Projection de vloeren van drie niveaus van een gerenoveerde woning met gesloten-cellig PU-schuim.<\/p>\n<\/div>\n\t<a class=\"dt-btn-s dt-btn post-details details-type-btn\" href=\"https:\/\/www.iseoprojection.com\/nl\/realisatie\/vloerisolatie-renovatie-aartselaar\/\" target=\"\">Meer lezen<i class=\"dt-icon-the7-arrow-03\" aria-hidden=\"true\"><\/i><\/a>\n<\/div><\/article><\/div><div class=\"hidden wf-cell category-48 category-50 category-53\" data-post-id=\"5280\" data-date=\"2025-07-29T10:21:01+02:00\" data-name=\"Ontdek de volledige energie-renovatie van een oude woning in Mazy\"><article class=\"post visible post-5280 dt_portfolio type-dt_portfolio status-publish has-post-thumbnail hentry dt_portfolio_category-dak dt_portfolio_category-muren dt_portfolio_category-vloer dt_portfolio_category-48 dt_portfolio_category-50 dt_portfolio_category-53\" data-name=\"Ontdek de volledige energie-renovatie van een oude woning in Mazy\" data-date=\"2025-07-29T10:21:01+02:00\">\n\n<div class=\"post-thumbnail-wrap rollover-active \">\n\t<div class=\"post-thumbnail\">\n\n\t\t<a href=\"https:\/\/www.iseoprojection.com\/nl\/realisatie\/energie-renovatie-mazy\/\" class=\"post-thumbnail-rollover layzr-bg\" target=\"\"  aria-label=\"Post image\"><img decoding=\"async\" class=\"iso-lazy-load preload-me iso-lazy-load aspect\" src=\"data:image\/svg+xml,%3Csvg%20xmlns%3D&#39;http%3A%2F%2Fwww.w3.org%2F2000%2Fsvg&#39;%20viewBox%3D&#39;0%200%20768%20512&#39;%2F%3E\" data-src=\"https:\/\/www.iseoprojection.com\/wp-content\/uploads\/2025\/07\/chantier-isolation-vieille-maison-mazy-768x512.jpg\" data-srcset=\"https:\/\/www.iseoprojection.com\/wp-content\/uploads\/2025\/07\/chantier-isolation-vieille-maison-mazy-768x512.jpg 768w, https:\/\/www.iseoprojection.com\/wp-content\/uploads\/2025\/07\/chantier-isolation-vieille-maison-mazy-1152x768.jpg 1152w\" loading=\"eager\" style=\"--ratio: 768 \/ 512\" sizes=\"(max-width: 768px) 100vw, 768px\" alt=\"Isolation des murs et des sols par mousse projet\u00e9e d&#039;une vieille maison \u00e0 Mazy\" title=\"chantier-isolation-vieille-maison-mazy\" width=\"768\" height=\"512\"  \/><\/a><div class=\"project-links-container\"><a href=\"https:\/\/www.iseoprojection.com\/nl\/realisatie\/energie-renovatie-mazy\/\" target=\"\" class=\"project-details\" aria-label=\"Details link\"><span class=\"icon-portfolio-p205\"><\/span><\/a><\/div>\n\t<\/div>\n<\/div>\n\n\n<div class=\"post-entry-content\">\n\n\t<h3 class=\"entry-title\">\n\t\t<a href=\"https:\/\/www.iseoprojection.com\/nl\/realisatie\/energie-renovatie-mazy\/\" target=\"\" title=\"Ontdek de volledige energie-renovatie van een oude woning in Mazy\" rel=\"bookmark\">Ontdek de volledige energie-renovatie van een oude woning in Mazy<\/a>\n\t<\/h3>\n\n\t<div class=\"entry-meta portfolio-categories\"><span class=\"category-link\"><a href=\"https:\/\/www.iseoprojection.com\/nl\/project-category\/dak\/\" >Dak<\/a>, <a href=\"https:\/\/www.iseoprojection.com\/nl\/project-category\/muren\/\" >Muren<\/a>, <a href=\"https:\/\/www.iseoprojection.com\/nl\/project-category\/vloer\/\" >Vloer<\/a><\/span><\/div>\n\t<div class=\"entry-excerpt\"><p>ISEO Projection heeft het dak, de muren en de vloeren van een oude woning in Mazy ge\u00efsoleerd. Doel: de thermische prestaties verbeteren en in aanmerking&hellip;<\/p>\n<\/div>\n\t<a class=\"dt-btn-s dt-btn post-details details-type-btn\" href=\"https:\/\/www.iseoprojection.com\/nl\/realisatie\/energie-renovatie-mazy\/\" target=\"\">Meer lezen<i class=\"dt-icon-the7-arrow-03\" aria-hidden=\"true\"><\/i><\/a>\n<\/div><\/article><\/div><div class=\"hidden wf-cell category-48 category-61\" data-post-id=\"5253\" data-date=\"2025-07-08T10:06:50+02:00\" data-name=\"Dak- en plafondisolatie in Wemmel\"><article class=\"post visible post-5253 dt_portfolio type-dt_portfolio status-publish has-post-thumbnail hentry dt_portfolio_category-dak dt_portfolio_category-plafonds-nl dt_portfolio_category-48 dt_portfolio_category-61\" data-name=\"Dak- en plafondisolatie in Wemmel\" data-date=\"2025-07-08T10:06:50+02:00\">\n\n<div class=\"post-thumbnail-wrap rollover-active \">\n\t<div class=\"post-thumbnail\">\n\n\t\t<a href=\"https:\/\/www.iseoprojection.com\/nl\/realisatie\/dak-en-plafondisolatie-in-wemmel\/\" class=\"post-thumbnail-rollover layzr-bg\" target=\"\"  aria-label=\"Post image\"><img decoding=\"async\" class=\"iso-lazy-load preload-me iso-lazy-load aspect\" src=\"data:image\/svg+xml,%3Csvg%20xmlns%3D&#39;http%3A%2F%2Fwww.w3.org%2F2000%2Fsvg&#39;%20viewBox%3D&#39;0%200%20768%20512&#39;%2F%3E\" data-src=\"https:\/\/www.iseoprojection.com\/wp-content\/uploads\/2025\/07\/chantier-isolation-maison-en-pierre-wemmel-768x512.jpg\" data-srcset=\"https:\/\/www.iseoprojection.com\/wp-content\/uploads\/2025\/07\/chantier-isolation-maison-en-pierre-wemmel-768x512.jpg 768w, https:\/\/www.iseoprojection.com\/wp-content\/uploads\/2025\/07\/chantier-isolation-maison-en-pierre-wemmel-1152x768.jpg 1152w\" loading=\"eager\" style=\"--ratio: 768 \/ 512\" sizes=\"(max-width: 768px) 100vw, 768px\" alt=\"Isolation d&#039;une villa \u00e0 Wemmel\" title=\"chantier-isolation-maison-en-pierre-wemmel\" width=\"768\" height=\"512\"  \/><\/a><div class=\"project-links-container\"><a href=\"https:\/\/www.iseoprojection.com\/nl\/realisatie\/dak-en-plafondisolatie-in-wemmel\/\" target=\"\" class=\"project-details\" aria-label=\"Details link\"><span class=\"icon-portfolio-p205\"><\/span><\/a><\/div>\n\t<\/div>\n<\/div>\n\n\n<div class=\"post-entry-content\">\n\n\t<h3 class=\"entry-title\">\n\t\t<a href=\"https:\/\/www.iseoprojection.com\/nl\/realisatie\/dak-en-plafondisolatie-in-wemmel\/\" target=\"\" title=\"Dak- en plafondisolatie in Wemmel\" rel=\"bookmark\">Dak- en plafondisolatie in Wemmel<\/a>\n\t<\/h3>\n\n\t<div class=\"entry-meta portfolio-categories\"><span class=\"category-link\"><a href=\"https:\/\/www.iseoprojection.com\/nl\/project-category\/dak\/\" >Dak<\/a>, <a href=\"https:\/\/www.iseoprojection.com\/nl\/project-category\/plafonds-nl\/\" >Plafonds<\/a><\/span><\/div>\n\t<div class=\"entry-excerpt\"><p>Ontdek ons project in Wemmel! We isoleerden 450 m\u00b2 dak en plafond van een villa met ICYNENE-schuim in slechts 1,5 dag.<\/p>\n<\/div>\n\t<a class=\"dt-btn-s dt-btn post-details details-type-btn\" href=\"https:\/\/www.iseoprojection.com\/nl\/realisatie\/dak-en-plafondisolatie-in-wemmel\/\" target=\"\">Meer lezen<i class=\"dt-icon-the7-arrow-03\" aria-hidden=\"true\"><\/i><\/a>\n<\/div><\/article><\/div><div class=\"hidden wf-cell category-50 category-53 category-57\" data-post-id=\"5233\" data-date=\"2025-07-08T09:30:25+02:00\" data-name=\"Een totaalrenovatie met isolatie in Couvin\"><article class=\"post visible post-5233 dt_portfolio type-dt_portfolio status-publish has-post-thumbnail hentry dt_portfolio_category-muren dt_portfolio_category-vloer dt_portfolio_category-zolder dt_portfolio_category-50 dt_portfolio_category-53 dt_portfolio_category-57\" data-name=\"Een totaalrenovatie met isolatie in Couvin\" data-date=\"2025-07-08T09:30:25+02:00\">\n\n<div class=\"post-thumbnail-wrap rollover-active \">\n\t<div class=\"post-thumbnail\">\n\n\t\t<a href=\"https:\/\/www.iseoprojection.com\/nl\/realisatie\/energetische-renovatie-couvin\/\" class=\"post-thumbnail-rollover layzr-bg\" target=\"\"  aria-label=\"Post image\"><img decoding=\"async\" class=\"iso-lazy-load preload-me iso-lazy-load aspect\" src=\"data:image\/svg+xml,%3Csvg%20xmlns%3D&#39;http%3A%2F%2Fwww.w3.org%2F2000%2Fsvg&#39;%20viewBox%3D&#39;0%200%20768%20512&#39;%2F%3E\" data-src=\"https:\/\/www.iseoprojection.com\/wp-content\/uploads\/2025\/07\/chantier-renovation-ernegetique-couvin-768x512.jpg\" data-srcset=\"https:\/\/www.iseoprojection.com\/wp-content\/uploads\/2025\/07\/chantier-renovation-ernegetique-couvin-768x512.jpg 768w, https:\/\/www.iseoprojection.com\/wp-content\/uploads\/2025\/07\/chantier-renovation-ernegetique-couvin-1012x675.jpg 1012w\" loading=\"eager\" style=\"--ratio: 768 \/ 512\" sizes=\"(max-width: 768px) 100vw, 768px\" alt=\"Isolation par mousse projet\u00e9e de la cage d&#039;escalier d&#039;une maison \u00e0 Couvin\" title=\"chantier-renovation-ernegetique-couvin\" width=\"768\" height=\"512\"  \/><\/a><div class=\"project-links-container\"><a href=\"https:\/\/www.iseoprojection.com\/nl\/realisatie\/energetische-renovatie-couvin\/\" target=\"\" class=\"project-details\" aria-label=\"Details link\"><span class=\"icon-portfolio-p205\"><\/span><\/a><\/div>\n\t<\/div>\n<\/div>\n\n\n<div class=\"post-entry-content\">\n\n\t<h3 class=\"entry-title\">\n\t\t<a href=\"https:\/\/www.iseoprojection.com\/nl\/realisatie\/energetische-renovatie-couvin\/\" target=\"\" title=\"Een totaalrenovatie met isolatie in Couvin\" rel=\"bookmark\">Een totaalrenovatie met isolatie in Couvin<\/a>\n\t<\/h3>\n\n\t<div class=\"entry-meta portfolio-categories\"><span class=\"category-link\"><a href=\"https:\/\/www.iseoprojection.com\/nl\/project-category\/muren\/\" >Muren<\/a>, <a href=\"https:\/\/www.iseoprojection.com\/nl\/project-category\/vloer\/\" >Vloer<\/a>, <a href=\"https:\/\/www.iseoprojection.com\/nl\/project-category\/zolder\/\" >Zolder<\/a><\/span><\/div>\n\t<div class=\"entry-excerpt\"><p>: ISEO Projection heeft de vloer van een nieuwbouwwoning in Braibant ge\u00efsoleerd met 156 m\u00b2 HFO-schuim. Hoge isolatiewaarde en klaar voor vloerverwarming.<\/p>\n<\/div>\n\t<a class=\"dt-btn-s dt-btn post-details details-type-btn\" href=\"https:\/\/www.iseoprojection.com\/nl\/realisatie\/energetische-renovatie-couvin\/\" target=\"\">Meer lezen<i class=\"dt-icon-the7-arrow-03\" aria-hidden=\"true\"><\/i><\/a>\n<\/div><\/article><\/div><div class=\"hidden wf-cell category-53\" data-post-id=\"5214\" data-date=\"2025-07-08T09:14:54+02:00\" data-name=\"Onze werf voor vloerisolatie in Braibant\"><article class=\"post visible post-5214 dt_portfolio type-dt_portfolio status-publish has-post-thumbnail hentry dt_portfolio_category-vloer dt_portfolio_category-53\" data-name=\"Onze werf voor vloerisolatie in Braibant\" data-date=\"2025-07-08T09:14:54+02:00\">\n\n<div class=\"post-thumbnail-wrap rollover-active \">\n\t<div class=\"post-thumbnail\">\n\n\t\t<a href=\"https:\/\/www.iseoprojection.com\/nl\/realisatie\/vloerisolatie-braibant\/\" class=\"post-thumbnail-rollover layzr-bg\" target=\"\"  aria-label=\"Post image\"><img decoding=\"async\" class=\"iso-lazy-load preload-me iso-lazy-load aspect\" src=\"data:image\/svg+xml,%3Csvg%20xmlns%3D&#39;http%3A%2F%2Fwww.w3.org%2F2000%2Fsvg&#39;%20viewBox%3D&#39;0%200%20768%20512&#39;%2F%3E\" data-src=\"https:\/\/www.iseoprojection.com\/wp-content\/uploads\/2025\/07\/isolation-nouvelle-construction-braibant-768x512.jpg\" data-srcset=\"https:\/\/www.iseoprojection.com\/wp-content\/uploads\/2025\/07\/isolation-nouvelle-construction-braibant-768x512.jpg 768w, https:\/\/www.iseoprojection.com\/wp-content\/uploads\/2025\/07\/isolation-nouvelle-construction-braibant-1152x768.jpg 1152w\" loading=\"eager\" style=\"--ratio: 768 \/ 512\" sizes=\"(max-width: 768px) 100vw, 768px\" alt=\"Isolation des sols d&#039;une maison neuve \u00e0 Braibant\" title=\"isolation-nouvelle-construction-braibant\" width=\"768\" height=\"512\"  \/><\/a><div class=\"project-links-container\"><a href=\"https:\/\/www.iseoprojection.com\/nl\/realisatie\/vloerisolatie-braibant\/\" target=\"\" class=\"project-details\" aria-label=\"Details link\"><span class=\"icon-portfolio-p205\"><\/span><\/a><\/div>\n\t<\/div>\n<\/div>\n\n\n<div class=\"post-entry-content\">\n\n\t<h3 class=\"entry-title\">\n\t\t<a href=\"https:\/\/www.iseoprojection.com\/nl\/realisatie\/vloerisolatie-braibant\/\" target=\"\" title=\"Onze werf voor vloerisolatie in Braibant\" rel=\"bookmark\">Onze werf voor vloerisolatie in Braibant<\/a>\n\t<\/h3>\n\n\t<div class=\"entry-meta portfolio-categories\"><span class=\"category-link\"><a href=\"https:\/\/www.iseoprojection.com\/nl\/project-category\/vloer\/\" >Vloer<\/a><\/span><\/div>\n\t<div class=\"entry-excerpt\"><p>: ISEO Projection heeft de vloer van een nieuwbouwwoning in Braibant ge\u00efsoleerd met 156 m\u00b2 HFO-schuim. Hoge isolatiewaarde en klaar voor vloerverwarming.<\/p>\n<\/div>\n\t<a class=\"dt-btn-s dt-btn post-details details-type-btn\" href=\"https:\/\/www.iseoprojection.com\/nl\/realisatie\/vloerisolatie-braibant\/\" target=\"\">Meer lezen<i class=\"dt-icon-the7-arrow-03\" aria-hidden=\"true\"><\/i><\/a>\n<\/div><\/article><\/div><div class=\"hidden wf-cell category-55\" data-post-id=\"5196\" data-date=\"2025-07-08T08:42:48+02:00\" data-name=\"Isolatie kruipkelder in Erps-Kwerps\"><article class=\"post visible post-5196 dt_portfolio type-dt_portfolio status-publish has-post-thumbnail hentry dt_portfolio_category-kruipkelder dt_portfolio_category-55\" data-name=\"Isolatie kruipkelder in Erps-Kwerps\" data-date=\"2025-07-08T08:42:48+02:00\">\n\n<div class=\"post-thumbnail-wrap rollover-active \">\n\t<div class=\"post-thumbnail\">\n\n\t\t<a href=\"https:\/\/www.iseoprojection.com\/nl\/realisatie\/isolatie-kruipkelder-erps-kwerps\/\" class=\"post-thumbnail-rollover layzr-bg\" target=\"\"  aria-label=\"Post image\"><img decoding=\"async\" class=\"iso-lazy-load preload-me iso-lazy-load aspect\" src=\"data:image\/svg+xml,%3Csvg%20xmlns%3D&#39;http%3A%2F%2Fwww.w3.org%2F2000%2Fsvg&#39;%20viewBox%3D&#39;0%200%20768%20512&#39;%2F%3E\" data-src=\"https:\/\/www.iseoprojection.com\/wp-content\/uploads\/2025\/07\/chantier-isolation-vide-sanitaire-768x512.jpg\" data-srcset=\"https:\/\/www.iseoprojection.com\/wp-content\/uploads\/2025\/07\/chantier-isolation-vide-sanitaire-768x512.jpg 768w, https:\/\/www.iseoprojection.com\/wp-content\/uploads\/2025\/07\/chantier-isolation-vide-sanitaire-1152x768.jpg 1152w\" loading=\"eager\" style=\"--ratio: 768 \/ 512\" sizes=\"(max-width: 768px) 100vw, 768px\" alt=\"Chantier d&#039;isolation d&#039;un vide sanitaire \u00e0 Erps-Kwerps\" title=\"chantier-isolation-vide-sanitaire\" width=\"768\" height=\"512\"  \/><\/a><div class=\"project-links-container\"><a href=\"https:\/\/www.iseoprojection.com\/nl\/realisatie\/isolatie-kruipkelder-erps-kwerps\/\" target=\"\" class=\"project-details\" aria-label=\"Details link\"><span class=\"icon-portfolio-p205\"><\/span><\/a><\/div>\n\t<\/div>\n<\/div>\n\n\n<div class=\"post-entry-content\">\n\n\t<h3 class=\"entry-title\">\n\t\t<a href=\"https:\/\/www.iseoprojection.com\/nl\/realisatie\/isolatie-kruipkelder-erps-kwerps\/\" target=\"\" title=\"Isolatie kruipkelder in Erps-Kwerps\" rel=\"bookmark\">Isolatie kruipkelder in Erps-Kwerps<\/a>\n\t<\/h3>\n\n\t<div class=\"entry-meta portfolio-categories\"><span class=\"category-link\"><a href=\"https:\/\/www.iseoprojection.com\/nl\/project-category\/kruipkelder\/\" >kruipkelder<\/a><\/span><\/div>\n\t<div class=\"entry-excerpt\"><p>ISEO Projection heeft een kruipkelder van 122 m\u00b2 ge\u00efsoleerd in Erps-Kwerps met ICYNENE LITE+ schuim. Snelle uitvoering, optimaal thermisch comfort.<\/p>\n<\/div>\n\t<a class=\"dt-btn-s dt-btn post-details details-type-btn\" href=\"https:\/\/www.iseoprojection.com\/nl\/realisatie\/isolatie-kruipkelder-erps-kwerps\/\" target=\"\">Meer lezen<i class=\"dt-icon-the7-arrow-03\" aria-hidden=\"true\"><\/i><\/a>\n<\/div><\/article><\/div><div class=\"hidden wf-cell category-48\" data-post-id=\"5126\" data-date=\"2025-06-03T17:33:42+02:00\" data-name=\"Dak- en muurisolatie in Oostakker\"><article class=\"post visible post-5126 dt_portfolio type-dt_portfolio status-publish has-post-thumbnail hentry dt_portfolio_category-dak dt_portfolio_category-48\" data-name=\"Dak- en muurisolatie in Oostakker\" data-date=\"2025-06-03T17:33:42+02:00\">\n\n<div class=\"post-thumbnail-wrap rollover-active \">\n\t<div class=\"post-thumbnail\">\n\n\t\t<a href=\"https:\/\/www.iseoprojection.com\/nl\/realisatie\/isolatie-dak-muren-oostakker\/\" class=\"post-thumbnail-rollover layzr-bg\" target=\"\"  aria-label=\"Post image\"><img decoding=\"async\" class=\"iso-lazy-load preload-me iso-lazy-load aspect\" src=\"data:image\/svg+xml,%3Csvg%20xmlns%3D&#39;http%3A%2F%2Fwww.w3.org%2F2000%2Fsvg&#39;%20viewBox%3D&#39;0%200%20768%20512&#39;%2F%3E\" data-src=\"https:\/\/www.iseoprojection.com\/wp-content\/uploads\/2025\/06\/20250415_145110-768x512.jpg\" data-srcset=\"https:\/\/www.iseoprojection.com\/wp-content\/uploads\/2025\/06\/20250415_145110-768x512.jpg 768w, https:\/\/www.iseoprojection.com\/wp-content\/uploads\/2025\/06\/20250415_145110-1152x768.jpg 1152w\" loading=\"eager\" style=\"--ratio: 768 \/ 512\" sizes=\"(max-width: 768px) 100vw, 768px\" alt=\"Isolation de la toiture d\u2019une ancienne ferme en r\u00e9novation \u00e0 Oostakker\" title=\"20250415_145110\" width=\"768\" height=\"512\"  \/><\/a><div class=\"project-links-container\"><a href=\"https:\/\/www.iseoprojection.com\/nl\/realisatie\/isolatie-dak-muren-oostakker\/\" target=\"\" class=\"project-details\" aria-label=\"Details link\"><span class=\"icon-portfolio-p205\"><\/span><\/a><\/div>\n\t<\/div>\n<\/div>\n\n\n<div class=\"post-entry-content\">\n\n\t<h3 class=\"entry-title\">\n\t\t<a href=\"https:\/\/www.iseoprojection.com\/nl\/realisatie\/isolatie-dak-muren-oostakker\/\" target=\"\" title=\"Dak- en muurisolatie in Oostakker\" rel=\"bookmark\">Dak- en muurisolatie in Oostakker<\/a>\n\t<\/h3>\n\n\t<div class=\"entry-meta portfolio-categories\"><span class=\"category-link\"><a href=\"https:\/\/www.iseoprojection.com\/nl\/project-category\/dak\/\" >Dak<\/a><\/span><\/div>\n\t<div class=\"entry-excerpt\"><p>In Oostakker heeft ISEO Projection het dak en de muren van een gerenoveerde oude boerderij ge\u00efsoleerd. 542 m\u00b2 behandeld met ICYNENE LITE+ schuim.<\/p>\n<\/div>\n\t<a class=\"dt-btn-s dt-btn post-details details-type-btn\" href=\"https:\/\/www.iseoprojection.com\/nl\/realisatie\/isolatie-dak-muren-oostakker\/\" target=\"\">Meer lezen<i class=\"dt-icon-the7-arrow-03\" aria-hidden=\"true\"><\/i><\/a>\n<\/div><\/article><\/div><div class=\"hidden wf-cell category-48 category-50 category-61\" data-post-id=\"5106\" data-date=\"2025-06-03T17:20:08+02:00\" data-name=\"Dak-, plafond- en binnenmuurisolatie in Sint-Gillis\"><article class=\"post visible post-5106 dt_portfolio type-dt_portfolio status-publish has-post-thumbnail hentry dt_portfolio_category-dak dt_portfolio_category-muren dt_portfolio_category-plafonds-nl dt_portfolio_category-48 dt_portfolio_category-50 dt_portfolio_category-61\" data-name=\"Dak-, plafond- en binnenmuurisolatie in Sint-Gillis\" data-date=\"2025-06-03T17:20:08+02:00\">\n\n<div class=\"post-thumbnail-wrap rollover-active \">\n\t<div class=\"post-thumbnail\">\n\n\t\t<a href=\"https:\/\/www.iseoprojection.com\/nl\/realisatie\/isolatie-dak-muren-plafond-sint-gillis\/\" class=\"post-thumbnail-rollover layzr-bg\" target=\"\"  aria-label=\"Post image\"><img decoding=\"async\" class=\"iso-lazy-load preload-me iso-lazy-load aspect\" src=\"data:image\/svg+xml,%3Csvg%20xmlns%3D&#39;http%3A%2F%2Fwww.w3.org%2F2000%2Fsvg&#39;%20viewBox%3D&#39;0%200%20768%20512&#39;%2F%3E\" data-src=\"https:\/\/www.iseoprojection.com\/wp-content\/uploads\/2025\/06\/isolation-mur-saint-gilles-768x512.jpg\" data-srcset=\"https:\/\/www.iseoprojection.com\/wp-content\/uploads\/2025\/06\/isolation-mur-saint-gilles-768x512.jpg 768w, https:\/\/www.iseoprojection.com\/wp-content\/uploads\/2025\/06\/isolation-mur-saint-gilles-1152x768.jpg 1152w\" loading=\"eager\" style=\"--ratio: 768 \/ 512\" sizes=\"(max-width: 768px) 100vw, 768px\" alt=\"Travaux d\u2019isolation thermique et acoustique dans une maison bruxelloise en r\u00e9novation\" title=\"isolation-mur-saint-gilles\" width=\"768\" height=\"512\"  \/><\/a><div class=\"project-links-container\"><a href=\"https:\/\/www.iseoprojection.com\/nl\/realisatie\/isolatie-dak-muren-plafond-sint-gillis\/\" target=\"\" class=\"project-details\" aria-label=\"Details link\"><span class=\"icon-portfolio-p205\"><\/span><\/a><\/div>\n\t<\/div>\n<\/div>\n\n\n<div class=\"post-entry-content\">\n\n\t<h3 class=\"entry-title\">\n\t\t<a href=\"https:\/\/www.iseoprojection.com\/nl\/realisatie\/isolatie-dak-muren-plafond-sint-gillis\/\" target=\"\" title=\"Dak-, plafond- en binnenmuurisolatie in Sint-Gillis\" rel=\"bookmark\">Dak-, plafond- en binnenmuurisolatie in Sint-Gillis<\/a>\n\t<\/h3>\n\n\t<div class=\"entry-meta portfolio-categories\"><span class=\"category-link\"><a href=\"https:\/\/www.iseoprojection.com\/nl\/project-category\/dak\/\" >Dak<\/a>, <a href=\"https:\/\/www.iseoprojection.com\/nl\/project-category\/muren\/\" >Muren<\/a>, <a href=\"https:\/\/www.iseoprojection.com\/nl\/project-category\/plafonds-nl\/\" >Plafonds<\/a><\/span><\/div>\n\t<div class=\"entry-excerpt\"><p>In Sint-Gillis heeft ISEO Projection dak, muren en plafonds ge\u00efsoleerd met 17 en 15 cm ICYNENE LITE+ schuim. Een doeltreffende en ademende oplossing.<\/p>\n<\/div>\n\t<a class=\"dt-btn-s dt-btn post-details details-type-btn\" href=\"https:\/\/www.iseoprojection.com\/nl\/realisatie\/isolatie-dak-muren-plafond-sint-gillis\/\" target=\"\">Meer lezen<i class=\"dt-icon-the7-arrow-03\" aria-hidden=\"true\"><\/i><\/a>\n<\/div><\/article><\/div><div class=\"hidden wf-cell category-50\" data-post-id=\"5088\" data-date=\"2025-06-03T17:11:02+02:00\" data-name=\"Muurisolatie van burelen in een oud fabriekspand in Antwerpen\"><article class=\"post visible post-5088 dt_portfolio type-dt_portfolio status-publish has-post-thumbnail hentry dt_portfolio_category-muren dt_portfolio_category-50\" data-name=\"Muurisolatie van burelen in een oud fabriekspand in Antwerpen\" data-date=\"2025-06-03T17:11:02+02:00\">\n\n<div class=\"post-thumbnail-wrap rollover-active \">\n\t<div class=\"post-thumbnail\">\n\n\t\t<a href=\"https:\/\/www.iseoprojection.com\/nl\/realisatie\/muurisolatie-kantoren-antwerpen\/\" class=\"post-thumbnail-rollover layzr-bg\" target=\"\"  aria-label=\"Post image\"><img decoding=\"async\" class=\"iso-lazy-load preload-me iso-lazy-load aspect\" src=\"data:image\/svg+xml,%3Csvg%20xmlns%3D&#39;http%3A%2F%2Fwww.w3.org%2F2000%2Fsvg&#39;%20viewBox%3D&#39;0%200%20768%20512&#39;%2F%3E\" data-src=\"https:\/\/www.iseoprojection.com\/wp-content\/uploads\/2025\/06\/20250402_155222-768x512.jpg\" data-srcset=\"https:\/\/www.iseoprojection.com\/wp-content\/uploads\/2025\/06\/20250402_155222-768x512.jpg 768w, https:\/\/www.iseoprojection.com\/wp-content\/uploads\/2025\/06\/20250402_155222-1152x768.jpg 1152w\" loading=\"eager\" style=\"--ratio: 768 \/ 512\" sizes=\"(max-width: 768px) 100vw, 768px\" alt=\"Travaux d\u2019isolation des murs int\u00e9rieurs d\u2019un b\u00e2timent de bureaux \u00e0 Anvers\" title=\"20250402_155222\" width=\"768\" height=\"512\"  \/><\/a><div class=\"project-links-container\"><a href=\"https:\/\/www.iseoprojection.com\/nl\/realisatie\/muurisolatie-kantoren-antwerpen\/\" target=\"\" class=\"project-details\" aria-label=\"Details link\"><span class=\"icon-portfolio-p205\"><\/span><\/a><\/div>\n\t<\/div>\n<\/div>\n\n\n<div class=\"post-entry-content\">\n\n\t<h3 class=\"entry-title\">\n\t\t<a href=\"https:\/\/www.iseoprojection.com\/nl\/realisatie\/muurisolatie-kantoren-antwerpen\/\" target=\"\" title=\"Muurisolatie van burelen in een oud fabriekspand in Antwerpen\" rel=\"bookmark\">Muurisolatie van burelen in een oud fabriekspand in Antwerpen<\/a>\n\t<\/h3>\n\n\t<div class=\"entry-meta portfolio-categories\"><span class=\"category-link\"><a href=\"https:\/\/www.iseoprojection.com\/nl\/project-category\/muren\/\" >Muren<\/a><\/span><\/div>\n\t<div class=\"entry-excerpt\"><p>ISEO Projection heeft de muren van een oud industrieel gebouw, omgevormd tot kantoren in Antwerpen, ge\u00efsoleerd. 400 m\u00b2 gespoten met 14 cm H2O-schuim.<\/p>\n<\/div>\n\t<a class=\"dt-btn-s dt-btn post-details details-type-btn\" href=\"https:\/\/www.iseoprojection.com\/nl\/realisatie\/muurisolatie-kantoren-antwerpen\/\" target=\"\">Meer lezen<i class=\"dt-icon-the7-arrow-03\" aria-hidden=\"true\"><\/i><\/a>\n<\/div><\/article><\/div><div class=\"hidden wf-cell category-53\" data-post-id=\"5061\" data-date=\"2025-06-03T16:51:05+02:00\" data-name=\"Onze werf voor vloerisolatie bij apotheek Blairvacq in Waremme\"><article class=\"post visible post-5061 dt_portfolio type-dt_portfolio status-publish has-post-thumbnail hentry dt_portfolio_category-vloer dt_portfolio_category-53\" data-name=\"Onze werf voor vloerisolatie bij apotheek Blairvacq in Waremme\" data-date=\"2025-06-03T16:51:05+02:00\">\n\n<div class=\"post-thumbnail-wrap rollover-active \">\n\t<div class=\"post-thumbnail\">\n\n\t\t<a href=\"https:\/\/www.iseoprojection.com\/nl\/realisatie\/vloerisolatie-apotheek-waremme\/\" class=\"post-thumbnail-rollover layzr-bg\" target=\"\"  aria-label=\"Post image\"><img decoding=\"async\" class=\"iso-lazy-load preload-me iso-lazy-load aspect\" src=\"data:image\/svg+xml,%3Csvg%20xmlns%3D&#39;http%3A%2F%2Fwww.w3.org%2F2000%2Fsvg&#39;%20viewBox%3D&#39;0%200%20768%20512&#39;%2F%3E\" data-src=\"https:\/\/www.iseoprojection.com\/wp-content\/uploads\/2025\/06\/01-Pluo-Pharmacie-a-WAREMME-facade-avant-1-768x512.jpg\" data-srcset=\"https:\/\/www.iseoprojection.com\/wp-content\/uploads\/2025\/06\/01-Pluo-Pharmacie-a-WAREMME-facade-avant-1-768x512.jpg 768w, https:\/\/www.iseoprojection.com\/wp-content\/uploads\/2025\/06\/01-Pluo-Pharmacie-a-WAREMME-facade-avant-1-1152x768.jpg 1152w\" loading=\"eager\" style=\"--ratio: 768 \/ 512\" sizes=\"(max-width: 768px) 100vw, 768px\" alt=\"Chantier de projection de mousse polyur\u00e9thane pour isoler le sol d&#039;une pharmacie \u00e0 Waremme.\" title=\"01) Pluo &#8211; Pharmacie a\u0300 WAREMME &#8211; fac\u0327ade avant 1\" width=\"768\" height=\"512\"  \/><\/a><div class=\"project-links-container\"><a href=\"https:\/\/www.iseoprojection.com\/nl\/realisatie\/vloerisolatie-apotheek-waremme\/\" target=\"\" class=\"project-details\" aria-label=\"Details link\"><span class=\"icon-portfolio-p205\"><\/span><\/a><\/div>\n\t<\/div>\n<\/div>\n\n\n<div class=\"post-entry-content\">\n\n\t<h3 class=\"entry-title\">\n\t\t<a href=\"https:\/\/www.iseoprojection.com\/nl\/realisatie\/vloerisolatie-apotheek-waremme\/\" target=\"\" title=\"Onze werf voor vloerisolatie bij apotheek Blairvacq in Waremme\" rel=\"bookmark\">Onze werf voor vloerisolatie bij apotheek Blairvacq in Waremme<\/a>\n\t<\/h3>\n\n\t<div class=\"entry-meta portfolio-categories\"><span class=\"category-link\"><a href=\"https:\/\/www.iseoprojection.com\/nl\/project-category\/vloer\/\" >Vloer<\/a><\/span><\/div>\n\t<div class=\"entry-excerpt\"><p>In Waremme heeft ISEO Projection de vloer van apotheek Blairvacq ge\u00efsoleerd op een oppervlakte van 751 m\u00b2 in slechts 2 dagen. Een bliksemsnelle werf in&hellip;<\/p>\n<\/div>\n\t<a class=\"dt-btn-s dt-btn post-details details-type-btn\" href=\"https:\/\/www.iseoprojection.com\/nl\/realisatie\/vloerisolatie-apotheek-waremme\/\" target=\"\">Meer lezen<i class=\"dt-icon-the7-arrow-03\" aria-hidden=\"true\"><\/i><\/a>\n<\/div><\/article><\/div><div class=\"hidden wf-cell category-53\" data-post-id=\"5027\" data-date=\"2025-05-05T18:02:37+02:00\" data-name=\"Isolatiewerken in Herve voor Terre de Fromages\"><article class=\"post visible post-5027 dt_portfolio type-dt_portfolio status-publish has-post-thumbnail hentry dt_portfolio_category-vloer dt_portfolio_category-53\" data-name=\"Isolatiewerken in Herve voor Terre de Fromages\" data-date=\"2025-05-05T18:02:37+02:00\">\n\n<div class=\"post-thumbnail-wrap rollover-active \">\n\t<div class=\"post-thumbnail\">\n\n\t\t<a href=\"https:\/\/www.iseoprojection.com\/nl\/realisatie\/vloerisolatie-herve-terre-de-fromages\/\" class=\"post-thumbnail-rollover layzr-bg\" target=\"\"  aria-label=\"Post image\"><img decoding=\"async\" class=\"iso-lazy-load preload-me iso-lazy-load aspect\" src=\"data:image\/svg+xml,%3Csvg%20xmlns%3D&#39;http%3A%2F%2Fwww.w3.org%2F2000%2Fsvg&#39;%20viewBox%3D&#39;0%200%20768%20512&#39;%2F%3E\" data-src=\"https:\/\/www.iseoprojection.com\/wp-content\/uploads\/2025\/05\/isolation-societe-terre-de-fromage-herve-768x512.jpg\" data-srcset=\"https:\/\/www.iseoprojection.com\/wp-content\/uploads\/2025\/05\/isolation-societe-terre-de-fromage-herve-768x512.jpg 768w, https:\/\/www.iseoprojection.com\/wp-content\/uploads\/2025\/05\/isolation-societe-terre-de-fromage-herve-1152x768.jpg 1152w\" loading=\"eager\" style=\"--ratio: 768 \/ 512\" sizes=\"(max-width: 768px) 100vw, 768px\" alt=\"Travaux d\u2019isolation de sols \u00e0 Herve pour Terre de Fromages\" title=\"isolation-societe-terre-de-fromage-herve\" width=\"768\" height=\"512\"  \/><\/a><div class=\"project-links-container\"><a href=\"https:\/\/www.iseoprojection.com\/nl\/realisatie\/vloerisolatie-herve-terre-de-fromages\/\" target=\"\" class=\"project-details\" aria-label=\"Details link\"><span class=\"icon-portfolio-p205\"><\/span><\/a><\/div>\n\t<\/div>\n<\/div>\n\n\n<div class=\"post-entry-content\">\n\n\t<h3 class=\"entry-title\">\n\t\t<a href=\"https:\/\/www.iseoprojection.com\/nl\/realisatie\/vloerisolatie-herve-terre-de-fromages\/\" target=\"\" title=\"Isolatiewerken in Herve voor Terre de Fromages\" rel=\"bookmark\">Isolatiewerken in Herve voor Terre de Fromages<\/a>\n\t<\/h3>\n\n\t<div class=\"entry-meta portfolio-categories\"><span class=\"category-link\"><a href=\"https:\/\/www.iseoprojection.com\/nl\/project-category\/vloer\/\" >Vloer<\/a><\/span><\/div>\n\t<div class=\"entry-excerpt\"><p>ISEO Projection heeft in Herve de vloeren ge\u00efsoleerd van de cafetaria en inkomhal van de burelen van Terre de Fromages.<\/p>\n<\/div>\n\t<a class=\"dt-btn-s dt-btn post-details details-type-btn\" href=\"https:\/\/www.iseoprojection.com\/nl\/realisatie\/vloerisolatie-herve-terre-de-fromages\/\" target=\"\">Meer lezen<i class=\"dt-icon-the7-arrow-03\" aria-hidden=\"true\"><\/i><\/a>\n<\/div><\/article><\/div><div class=\"hidden wf-cell category-53\" data-post-id=\"5014\" data-date=\"2025-05-05T17:54:58+02:00\" data-name=\"Ons isolatieproject voor sociale woningen in Marche-en-Famenne\"><article class=\"post visible post-5014 dt_portfolio type-dt_portfolio status-publish has-post-thumbnail hentry dt_portfolio_category-vloer dt_portfolio_category-53\" data-name=\"Ons isolatieproject voor sociale woningen in Marche-en-Famenne\" data-date=\"2025-05-05T17:54:58+02:00\">\n\n<div class=\"post-thumbnail-wrap rollover-active \">\n\t<div class=\"post-thumbnail\">\n\n\t\t<a href=\"https:\/\/www.iseoprojection.com\/nl\/realisatie\/vloerisolatie-sociale-woningen-marche\/\" class=\"post-thumbnail-rollover layzr-bg\" target=\"\"  aria-label=\"Post image\"><img decoding=\"async\" class=\"iso-lazy-load preload-me iso-lazy-load aspect\" src=\"data:image\/svg+xml,%3Csvg%20xmlns%3D&#39;http%3A%2F%2Fwww.w3.org%2F2000%2Fsvg&#39;%20viewBox%3D&#39;0%200%20768%20512&#39;%2F%3E\" data-src=\"https:\/\/www.iseoprojection.com\/wp-content\/uploads\/2025\/05\/2-Picard-Marche-en-Famenne-facade-avant-768x512.jpg\" data-srcset=\"https:\/\/www.iseoprojection.com\/wp-content\/uploads\/2025\/05\/2-Picard-Marche-en-Famenne-facade-avant-768x512.jpg 768w, https:\/\/www.iseoprojection.com\/wp-content\/uploads\/2025\/05\/2-Picard-Marche-en-Famenne-facade-avant-1152x768.jpg 1152w\" loading=\"eager\" style=\"--ratio: 768 \/ 512\" sizes=\"(max-width: 768px) 100vw, 768px\" alt=\"Chantier d\u2019Isolation de sols de logements sociaux \u00e0 Marche-en-Famenne\" title=\"2) Picard &#8211; Marche-en-Famenne &#8211; fac\u0327ade avant\" width=\"768\" height=\"512\"  \/><\/a><div class=\"project-links-container\"><a href=\"https:\/\/www.iseoprojection.com\/nl\/realisatie\/vloerisolatie-sociale-woningen-marche\/\" target=\"\" class=\"project-details\" aria-label=\"Details link\"><span class=\"icon-portfolio-p205\"><\/span><\/a><\/div>\n\t<\/div>\n<\/div>\n\n\n<div class=\"post-entry-content\">\n\n\t<h3 class=\"entry-title\">\n\t\t<a href=\"https:\/\/www.iseoprojection.com\/nl\/realisatie\/vloerisolatie-sociale-woningen-marche\/\" target=\"\" title=\"Ons isolatieproject voor sociale woningen in Marche-en-Famenne\" rel=\"bookmark\">Ons isolatieproject voor sociale woningen in Marche-en-Famenne<\/a>\n\t<\/h3>\n\n\t<div class=\"entry-meta portfolio-categories\"><span class=\"category-link\"><a href=\"https:\/\/www.iseoprojection.com\/nl\/project-category\/vloer\/\" >Vloer<\/a><\/span><\/div>\n\t<div class=\"entry-excerpt\"><p>ISEO Projection heeft in Marche-en-Famenne de vloeren van sociale woningen ge\u00efsoleerd, verspreid over verschillende blokken. In totaal meer dan 4000 m\u00b2.<\/p>\n<\/div>\n\t<a class=\"dt-btn-s dt-btn post-details details-type-btn\" href=\"https:\/\/www.iseoprojection.com\/nl\/realisatie\/vloerisolatie-sociale-woningen-marche\/\" target=\"\">Meer lezen<i class=\"dt-icon-the7-arrow-03\" aria-hidden=\"true\"><\/i><\/a>\n<\/div><\/article><\/div><div class=\"hidden wf-cell category-53\" data-post-id=\"4987\" data-date=\"2025-05-05T17:45:30+02:00\" data-name=\"Ons isolatieproject voor een uitbouw in Waha\"><article class=\"post visible post-4987 dt_portfolio type-dt_portfolio status-publish has-post-thumbnail hentry dt_portfolio_category-vloer dt_portfolio_category-53\" data-name=\"Ons isolatieproject voor een uitbouw in Waha\" data-date=\"2025-05-05T17:45:30+02:00\">\n\n<div class=\"post-thumbnail-wrap rollover-active \">\n\t<div class=\"post-thumbnail\">\n\n\t\t<a href=\"https:\/\/www.iseoprojection.com\/nl\/realisatie\/vloerisolatie-uitbreiding-waha\/\" class=\"post-thumbnail-rollover layzr-bg\" target=\"\"  aria-label=\"Post image\"><img decoding=\"async\" class=\"iso-lazy-load preload-me iso-lazy-load aspect\" src=\"data:image\/svg+xml,%3Csvg%20xmlns%3D&#39;http%3A%2F%2Fwww.w3.org%2F2000%2Fsvg&#39;%20viewBox%3D&#39;0%200%20768%20512&#39;%2F%3E\" data-src=\"https:\/\/www.iseoprojection.com\/wp-content\/uploads\/2025\/05\/5-Isolation-de-lextension-SALON-dete-768x512.jpg\" data-srcset=\"https:\/\/www.iseoprojection.com\/wp-content\/uploads\/2025\/05\/5-Isolation-de-lextension-SALON-dete-768x512.jpg 768w, https:\/\/www.iseoprojection.com\/wp-content\/uploads\/2025\/05\/5-Isolation-de-lextension-SALON-dete-898x598.jpg 898w\" loading=\"eager\" style=\"--ratio: 768 \/ 512\" sizes=\"(max-width: 768px) 100vw, 768px\" alt=\"Notre chantier d\u2019isolation de sol d\u2019une extension \u00e0 Waha\" title=\"5) Isolation de l&#8217;extension SALON d&#8217;e\u0301te\u0301\" width=\"768\" height=\"512\"  \/><\/a><div class=\"project-links-container\"><a href=\"https:\/\/www.iseoprojection.com\/nl\/realisatie\/vloerisolatie-uitbreiding-waha\/\" target=\"\" class=\"project-details\" aria-label=\"Details link\"><span class=\"icon-portfolio-p205\"><\/span><\/a><\/div>\n\t<\/div>\n<\/div>\n\n\n<div class=\"post-entry-content\">\n\n\t<h3 class=\"entry-title\">\n\t\t<a href=\"https:\/\/www.iseoprojection.com\/nl\/realisatie\/vloerisolatie-uitbreiding-waha\/\" target=\"\" title=\"Ons isolatieproject voor een uitbouw in Waha\" rel=\"bookmark\">Ons isolatieproject voor een uitbouw in Waha<\/a>\n\t<\/h3>\n\n\t<div class=\"entry-meta portfolio-categories\"><span class=\"category-link\"><a href=\"https:\/\/www.iseoprojection.com\/nl\/project-category\/vloer\/\" >Vloer<\/a><\/span><\/div>\n\t<div class=\"entry-excerpt\"><p>ISEO Projection heeft in Waha 40 m\u00b2 vloer ge\u00efsoleerd in de uitbreiding van een eengezinswoning.<\/p>\n<\/div>\n\t<a class=\"dt-btn-s dt-btn post-details details-type-btn\" href=\"https:\/\/www.iseoprojection.com\/nl\/realisatie\/vloerisolatie-uitbreiding-waha\/\" target=\"\">Meer lezen<i class=\"dt-icon-the7-arrow-03\" aria-hidden=\"true\"><\/i><\/a>\n<\/div><\/article><\/div><div class=\"hidden wf-cell category-53\" data-post-id=\"4971\" data-date=\"2025-05-05T17:35:52+02:00\" data-name=\"Ons vloerisolatieproject voor het hotel \u201cLes Bains de Spa\u201d\"><article class=\"post visible post-4971 dt_portfolio type-dt_portfolio status-publish has-post-thumbnail hentry dt_portfolio_category-vloer dt_portfolio_category-53\" data-name=\"Ons vloerisolatieproject voor het hotel \u201cLes Bains de Spa\u201d\" data-date=\"2025-05-05T17:35:52+02:00\">\n\n<div class=\"post-thumbnail-wrap rollover-active \">\n\t<div class=\"post-thumbnail\">\n\n\t\t<a href=\"https:\/\/www.iseoprojection.com\/nl\/realisatie\/vloerisolatie-spa-hotel-les-bains\/\" class=\"post-thumbnail-rollover layzr-bg\" target=\"\"  aria-label=\"Post image\"><img decoding=\"async\" class=\"iso-lazy-load preload-me iso-lazy-load aspect\" src=\"data:image\/svg+xml,%3Csvg%20xmlns%3D&#39;http%3A%2F%2Fwww.w3.org%2F2000%2Fsvg&#39;%20viewBox%3D&#39;0%200%20768%20512&#39;%2F%3E\" data-src=\"https:\/\/www.iseoprojection.com\/wp-content\/uploads\/2025\/05\/1-Denys-SPA-facade-avant-1-768x512.jpg\" data-srcset=\"https:\/\/www.iseoprojection.com\/wp-content\/uploads\/2025\/05\/1-Denys-SPA-facade-avant-1-768x512.jpg 768w, https:\/\/www.iseoprojection.com\/wp-content\/uploads\/2025\/05\/1-Denys-SPA-facade-avant-1-1152x768.jpg 1152w\" loading=\"eager\" style=\"--ratio: 768 \/ 512\" sizes=\"(max-width: 768px) 100vw, 768px\" alt=\"Isolation des sols \u00e0 Spa pour l\u2019h\u00f4tel 5 \u00e9toiles Les Bains de Spa\" title=\"1) Denys &#8211; SPA &#8211; fac\u0327ade avant 1\" width=\"768\" height=\"512\"  \/><\/a><div class=\"project-links-container\"><a href=\"https:\/\/www.iseoprojection.com\/nl\/realisatie\/vloerisolatie-spa-hotel-les-bains\/\" target=\"\" class=\"project-details\" aria-label=\"Details link\"><span class=\"icon-portfolio-p205\"><\/span><\/a><\/div>\n\t<\/div>\n<\/div>\n\n\n<div class=\"post-entry-content\">\n\n\t<h3 class=\"entry-title\">\n\t\t<a href=\"https:\/\/www.iseoprojection.com\/nl\/realisatie\/vloerisolatie-spa-hotel-les-bains\/\" target=\"\" title=\"Ons vloerisolatieproject voor het hotel \u201cLes Bains de Spa\u201d\" rel=\"bookmark\">Ons vloerisolatieproject voor het hotel \u201cLes Bains de Spa\u201d<\/a>\n\t<\/h3>\n\n\t<div class=\"entry-meta portfolio-categories\"><span class=\"category-link\"><a href=\"https:\/\/www.iseoprojection.com\/nl\/project-category\/vloer\/\" >Vloer<\/a><\/span><\/div>\n\t<div class=\"entry-excerpt\"><p>In Spa heeft ISEO Projection de vloeren ge\u00efsoleerd van hotel Les Bains de Spa: 1526 m\u00b2 verdeeld over de kelders en de entreezone, uitgevoerd in&hellip;<\/p>\n<\/div>\n\t<a class=\"dt-btn-s dt-btn post-details details-type-btn\" href=\"https:\/\/www.iseoprojection.com\/nl\/realisatie\/vloerisolatie-spa-hotel-les-bains\/\" target=\"\">Meer lezen<i class=\"dt-icon-the7-arrow-03\" aria-hidden=\"true\"><\/i><\/a>\n<\/div><\/article><\/div><div class=\"hidden wf-cell category-48 category-53\" data-post-id=\"4920\" data-date=\"2025-04-28T10:46:15+02:00\" data-name=\"Isolatie van het dak met volledige afwerking en zoldervloer van een oud landhuis in Zaventem\"><article class=\"post visible post-4920 dt_portfolio type-dt_portfolio status-publish has-post-thumbnail hentry dt_portfolio_category-dak dt_portfolio_category-vloer dt_portfolio_category-48 dt_portfolio_category-53\" data-name=\"Isolatie van het dak met volledige afwerking en zoldervloer van een oud landhuis in Zaventem\" data-date=\"2025-04-28T10:46:15+02:00\">\n\n<div class=\"post-thumbnail-wrap rollover-active \">\n\t<div class=\"post-thumbnail\">\n\n\t\t<a href=\"https:\/\/www.iseoprojection.com\/nl\/realisatie\/dakisolatie-zoldervloer-herenhuis-zaventem\/\" class=\"post-thumbnail-rollover layzr-bg\" target=\"\"  aria-label=\"Post image\"><img decoding=\"async\" class=\"iso-lazy-load preload-me iso-lazy-load aspect\" src=\"data:image\/svg+xml,%3Csvg%20xmlns%3D&#39;http%3A%2F%2Fwww.w3.org%2F2000%2Fsvg&#39;%20viewBox%3D&#39;0%200%20768%20512&#39;%2F%3E\" data-src=\"https:\/\/www.iseoprojection.com\/wp-content\/uploads\/2025\/04\/isolation-maison-za-ventem-768x512.jpg\" data-srcset=\"https:\/\/www.iseoprojection.com\/wp-content\/uploads\/2025\/04\/isolation-maison-za-ventem-768x512.jpg 768w, https:\/\/www.iseoprojection.com\/wp-content\/uploads\/2025\/04\/isolation-maison-za-ventem-1152x768.jpg 1152w\" loading=\"eager\" style=\"--ratio: 768 \/ 512\" sizes=\"(max-width: 768px) 100vw, 768px\" alt=\"Isolation du toit et du plancher d&#039;une maison \u00e0 Zaventem\" title=\"isolation-maison-za ventem\" width=\"768\" height=\"512\"  \/><\/a><div class=\"project-links-container\"><a href=\"https:\/\/www.iseoprojection.com\/nl\/realisatie\/dakisolatie-zoldervloer-herenhuis-zaventem\/\" target=\"\" class=\"project-details\" aria-label=\"Details link\"><span class=\"icon-portfolio-p205\"><\/span><\/a><\/div>\n\t<\/div>\n<\/div>\n\n\n<div class=\"post-entry-content\">\n\n\t<h3 class=\"entry-title\">\n\t\t<a href=\"https:\/\/www.iseoprojection.com\/nl\/realisatie\/dakisolatie-zoldervloer-herenhuis-zaventem\/\" target=\"\" title=\"Isolatie van het dak met volledige afwerking en zoldervloer van een oud landhuis in Zaventem\" rel=\"bookmark\">Isolatie van het dak met volledige afwerking en zoldervloer van een oud landhuis in Zaventem<\/a>\n\t<\/h3>\n\n\t<div class=\"entry-meta portfolio-categories\"><span class=\"category-link\"><a href=\"https:\/\/www.iseoprojection.com\/nl\/project-category\/dak\/\" >Dak<\/a>, <a href=\"https:\/\/www.iseoprojection.com\/nl\/project-category\/vloer\/\" >Vloer<\/a><\/span><\/div>\n\t<div class=\"entry-excerpt\"><p>In Zaventem heeft ISEO Projection een oud herenhuis gerenoveerd: zowel het mansardedak als de zoldervloer werden ge\u00efsoleerd voor een continue en effici\u00ebnte isolatie.<\/p>\n<\/div>\n\t<a class=\"dt-btn-s dt-btn post-details details-type-btn\" href=\"https:\/\/www.iseoprojection.com\/nl\/realisatie\/dakisolatie-zoldervloer-herenhuis-zaventem\/\" target=\"\">Meer lezen<i class=\"dt-icon-the7-arrow-03\" aria-hidden=\"true\"><\/i><\/a>\n<\/div><\/article><\/div><div class=\"hidden wf-cell category-61\" data-post-id=\"4893\" data-date=\"2025-04-28T10:32:41+02:00\" data-name=\"Plafondisolatie in de kaasmakerij van de abdij van Orval\"><article class=\"post visible post-4893 dt_portfolio type-dt_portfolio status-publish has-post-thumbnail hentry dt_portfolio_category-plafonds-nl dt_portfolio_category-61\" data-name=\"Plafondisolatie in de kaasmakerij van de abdij van Orval\" data-date=\"2025-04-28T10:32:41+02:00\">\n\n<div class=\"post-thumbnail-wrap rollover-active \">\n\t<div class=\"post-thumbnail\">\n\n\t\t<a href=\"https:\/\/www.iseoprojection.com\/nl\/realisatie\/plafondisolatie-kaasmakerij-orval\/\" class=\"post-thumbnail-rollover layzr-bg\" target=\"\"  aria-label=\"Post image\"><img decoding=\"async\" class=\"iso-lazy-load preload-me iso-lazy-load aspect\" src=\"data:image\/svg+xml,%3Csvg%20xmlns%3D&#39;http%3A%2F%2Fwww.w3.org%2F2000%2Fsvg&#39;%20viewBox%3D&#39;0%200%20768%20512&#39;%2F%3E\" data-src=\"https:\/\/www.iseoprojection.com\/wp-content\/uploads\/2025\/04\/chantier-abbaye-orval-2-768x512.jpg\" data-srcset=\"https:\/\/www.iseoprojection.com\/wp-content\/uploads\/2025\/04\/chantier-abbaye-orval-2-768x512.jpg 768w, https:\/\/www.iseoprojection.com\/wp-content\/uploads\/2025\/04\/chantier-abbaye-orval-2-898x598.jpg 898w\" loading=\"eager\" style=\"--ratio: 768 \/ 512\" sizes=\"(max-width: 768px) 100vw, 768px\" alt=\"Chantier exceptionnel d&#039;isolation \u00e0 lAbbaye d&#039;Orval\" title=\"chantier-abbaye-orval-2\" width=\"768\" height=\"512\"  \/><\/a><div class=\"project-links-container\"><a href=\"https:\/\/www.iseoprojection.com\/nl\/realisatie\/plafondisolatie-kaasmakerij-orval\/\" target=\"\" class=\"project-details\" aria-label=\"Details link\"><span class=\"icon-portfolio-p205\"><\/span><\/a><\/div>\n\t<\/div>\n<\/div>\n\n\n<div class=\"post-entry-content\">\n\n\t<h3 class=\"entry-title\">\n\t\t<a href=\"https:\/\/www.iseoprojection.com\/nl\/realisatie\/plafondisolatie-kaasmakerij-orval\/\" target=\"\" title=\"Plafondisolatie in de kaasmakerij van de abdij van Orval\" rel=\"bookmark\">Plafondisolatie in de kaasmakerij van de abdij van Orval<\/a>\n\t<\/h3>\n\n\t<div class=\"entry-meta portfolio-categories\"><span class=\"category-link\"><a href=\"https:\/\/www.iseoprojection.com\/nl\/project-category\/plafonds-nl\/\" >Plafonds<\/a><\/span><\/div>\n\t<div class=\"entry-excerpt\"><p>ISEO Projection voerde isolatiewerken uit onder de rijpingskamers van de kaasmakerij van Orval. Een technisch en beperkt toegankelijke werf.<\/p>\n<\/div>\n\t<a class=\"dt-btn-s dt-btn post-details details-type-btn\" href=\"https:\/\/www.iseoprojection.com\/nl\/realisatie\/plafondisolatie-kaasmakerij-orval\/\" target=\"\">Meer lezen<i class=\"dt-icon-the7-arrow-03\" aria-hidden=\"true\"><\/i><\/a>\n<\/div><\/article><\/div><div class=\"hidden wf-cell category-50 category-53\" data-post-id=\"4867\" data-date=\"2025-04-28T10:06:40+02:00\" data-name=\"Isolatie van muren en vloeren in Momalle\"><article class=\"post visible post-4867 dt_portfolio type-dt_portfolio status-publish has-post-thumbnail hentry dt_portfolio_category-muren dt_portfolio_category-vloer dt_portfolio_category-50 dt_portfolio_category-53\" data-name=\"Isolatie van muren en vloeren in Momalle\" data-date=\"2025-04-28T10:06:40+02:00\">\n\n<div class=\"post-thumbnail-wrap rollover-active \">\n\t<div class=\"post-thumbnail\">\n\n\t\t<a href=\"https:\/\/www.iseoprojection.com\/nl\/realisatie\/vloerisolatie-muurisolatie-momalle\/\" class=\"post-thumbnail-rollover layzr-bg\" target=\"\"  aria-label=\"Post image\"><img decoding=\"async\" class=\"iso-lazy-load preload-me iso-lazy-load aspect\" src=\"data:image\/svg+xml,%3Csvg%20xmlns%3D&#39;http%3A%2F%2Fwww.w3.org%2F2000%2Fsvg&#39;%20viewBox%3D&#39;0%200%20768%20512&#39;%2F%3E\" data-src=\"https:\/\/www.iseoprojection.com\/wp-content\/uploads\/2025\/04\/chantier-isolation-maison-768x512.jpg\" data-srcset=\"https:\/\/www.iseoprojection.com\/wp-content\/uploads\/2025\/04\/chantier-isolation-maison-768x512.jpg 768w, https:\/\/www.iseoprojection.com\/wp-content\/uploads\/2025\/04\/chantier-isolation-maison-1152x768.jpg 1152w\" loading=\"eager\" style=\"--ratio: 768 \/ 512\" sizes=\"(max-width: 768px) 100vw, 768px\" alt=\"Isolation de sols et murs d\u2019un b\u00e2timent \u00e0 Momalle \" title=\"chantier-isolation-maison\" width=\"768\" height=\"512\"  \/><\/a><div class=\"project-links-container\"><a href=\"https:\/\/www.iseoprojection.com\/nl\/realisatie\/vloerisolatie-muurisolatie-momalle\/\" target=\"\" class=\"project-details\" aria-label=\"Details link\"><span class=\"icon-portfolio-p205\"><\/span><\/a><\/div>\n\t<\/div>\n<\/div>\n\n\n<div class=\"post-entry-content\">\n\n\t<h3 class=\"entry-title\">\n\t\t<a href=\"https:\/\/www.iseoprojection.com\/nl\/realisatie\/vloerisolatie-muurisolatie-momalle\/\" target=\"\" title=\"Isolatie van muren en vloeren in Momalle\" rel=\"bookmark\">Isolatie van muren en vloeren in Momalle<\/a>\n\t<\/h3>\n\n\t<div class=\"entry-meta portfolio-categories\"><span class=\"category-link\"><a href=\"https:\/\/www.iseoprojection.com\/nl\/project-category\/muren\/\" >Muren<\/a>, <a href=\"https:\/\/www.iseoprojection.com\/nl\/project-category\/vloer\/\" >Vloer<\/a><\/span><\/div>\n\t<div class=\"entry-excerpt\"><p>In Momalle heeft ISEO Projection vloeren en muren volledig ge\u00efsoleerd met performante H20-schuimen voor Cme Construct.<\/p>\n<\/div>\n\t<a class=\"dt-btn-s dt-btn post-details details-type-btn\" href=\"https:\/\/www.iseoprojection.com\/nl\/realisatie\/vloerisolatie-muurisolatie-momalle\/\" target=\"\">Meer lezen<i class=\"dt-icon-the7-arrow-03\" aria-hidden=\"true\"><\/i><\/a>\n<\/div><\/article><\/div><div class=\"hidden wf-cell category-53\" data-post-id=\"4860\" data-date=\"2025-04-28T09:29:16+02:00\" data-name=\"Akoestische en thermische vloerisolatie in Hoei\"><article class=\"post visible post-4860 dt_portfolio type-dt_portfolio status-publish has-post-thumbnail hentry dt_portfolio_category-vloer dt_portfolio_category-53\" data-name=\"Akoestische en thermische vloerisolatie in Hoei\" data-date=\"2025-04-28T09:29:16+02:00\">\n\n<div class=\"post-thumbnail-wrap rollover-active \">\n\t<div class=\"post-thumbnail\">\n\n\t\t<a href=\"https:\/\/www.iseoprojection.com\/nl\/realisatie\/vloerisolatie-appartementen-hoei\/\" class=\"post-thumbnail-rollover layzr-bg\" target=\"\"  aria-label=\"Post image\"><img decoding=\"async\" class=\"iso-lazy-load preload-me iso-lazy-load aspect\" src=\"data:image\/svg+xml,%3Csvg%20xmlns%3D&#39;http%3A%2F%2Fwww.w3.org%2F2000%2Fsvg&#39;%20viewBox%3D&#39;0%200%20768%20512&#39;%2F%3E\" data-src=\"https:\/\/www.iseoprojection.com\/wp-content\/uploads\/2025\/04\/chantier-isolation-batiment-neuf-huy-768x512.jpg\" data-srcset=\"https:\/\/www.iseoprojection.com\/wp-content\/uploads\/2025\/04\/chantier-isolation-batiment-neuf-huy-768x512.jpg 768w, https:\/\/www.iseoprojection.com\/wp-content\/uploads\/2025\/04\/chantier-isolation-batiment-neuf-huy-1152x768.jpg 1152w\" loading=\"eager\" style=\"--ratio: 768 \/ 512\" sizes=\"(max-width: 768px) 100vw, 768px\" alt=\"Isolation acoustique et thermique de sols d&#039;un b\u00e2timent neuf \u00e0 Huy\" title=\"chantier-isolation-batiment-neuf-huy\" width=\"768\" height=\"512\"  \/><\/a><div class=\"project-links-container\"><a href=\"https:\/\/www.iseoprojection.com\/nl\/realisatie\/vloerisolatie-appartementen-hoei\/\" target=\"\" class=\"project-details\" aria-label=\"Details link\"><span class=\"icon-portfolio-p205\"><\/span><\/a><\/div>\n\t<\/div>\n<\/div>\n\n\n<div class=\"post-entry-content\">\n\n\t<h3 class=\"entry-title\">\n\t\t<a href=\"https:\/\/www.iseoprojection.com\/nl\/realisatie\/vloerisolatie-appartementen-hoei\/\" target=\"\" title=\"Akoestische en thermische vloerisolatie in Hoei\" rel=\"bookmark\">Akoestische en thermische vloerisolatie in Hoei<\/a>\n\t<\/h3>\n\n\t<div class=\"entry-meta portfolio-categories\"><span class=\"category-link\"><a href=\"https:\/\/www.iseoprojection.com\/nl\/project-category\/vloer\/\" >Vloer<\/a><\/span><\/div>\n\t<div class=\"entry-excerpt\"><p>ISEO Projection voltooide de vloerisolatie van 6 appartementsgebouwen. Akoestisch en thermisch, uitgevoerd in 6 fases sinds eind 2023.<\/p>\n<\/div>\n\t<a class=\"dt-btn-s dt-btn post-details details-type-btn\" href=\"https:\/\/www.iseoprojection.com\/nl\/realisatie\/vloerisolatie-appartementen-hoei\/\" target=\"\">Meer lezen<i class=\"dt-icon-the7-arrow-03\" aria-hidden=\"true\"><\/i><\/a>\n<\/div><\/article><\/div><div class=\"hidden wf-cell category-53\" data-post-id=\"4811\" data-date=\"2025-04-10T11:06:18+02:00\" data-name=\"Vloerisolatie van een nieuwbouw in Souvret\"><article class=\"post visible post-4811 dt_portfolio type-dt_portfolio status-publish has-post-thumbnail hentry dt_portfolio_category-vloer dt_portfolio_category-53\" data-name=\"Vloerisolatie van een nieuwbouw in Souvret\" data-date=\"2025-04-10T11:06:18+02:00\">\n\n<div class=\"post-thumbnail-wrap rollover-active \">\n\t<div class=\"post-thumbnail\">\n\n\t\t<a href=\"https:\/\/www.iseoprojection.com\/nl\/realisatie\/isolatie-vloer-nieuwbouw-souvret\/\" class=\"post-thumbnail-rollover layzr-bg\" target=\"\"  aria-label=\"Post image\"><img decoding=\"async\" class=\"iso-lazy-load preload-me iso-lazy-load aspect\" src=\"data:image\/svg+xml,%3Csvg%20xmlns%3D&#39;http%3A%2F%2Fwww.w3.org%2F2000%2Fsvg&#39;%20viewBox%3D&#39;0%200%20768%20512&#39;%2F%3E\" data-src=\"https:\/\/www.iseoprojection.com\/wp-content\/uploads\/2025\/04\/chantier-isolation-souvret-768x512.jpg\" data-srcset=\"https:\/\/www.iseoprojection.com\/wp-content\/uploads\/2025\/04\/chantier-isolation-souvret-768x512.jpg 768w, https:\/\/www.iseoprojection.com\/wp-content\/uploads\/2025\/04\/chantier-isolation-souvret-901x600.jpg 901w\" loading=\"eager\" style=\"--ratio: 768 \/ 512\" sizes=\"(max-width: 768px) 100vw, 768px\" alt=\"Isolation d&#039;une construction neuve \u00e0 Souvret\" title=\"chantier-isolation-souvret\" width=\"768\" height=\"512\"  \/><\/a><div class=\"project-links-container\"><a href=\"https:\/\/www.iseoprojection.com\/nl\/realisatie\/isolatie-vloer-nieuwbouw-souvret\/\" target=\"\" class=\"project-details\" aria-label=\"Details link\"><span class=\"icon-portfolio-p205\"><\/span><\/a><\/div>\n\t<\/div>\n<\/div>\n\n\n<div class=\"post-entry-content\">\n\n\t<h3 class=\"entry-title\">\n\t\t<a href=\"https:\/\/www.iseoprojection.com\/nl\/realisatie\/isolatie-vloer-nieuwbouw-souvret\/\" target=\"\" title=\"Vloerisolatie van een nieuwbouw in Souvret\" rel=\"bookmark\">Vloerisolatie van een nieuwbouw in Souvret<\/a>\n\t<\/h3>\n\n\t<div class=\"entry-meta portfolio-categories\"><span class=\"category-link\"><a href=\"https:\/\/www.iseoprojection.com\/nl\/project-category\/vloer\/\" >Vloer<\/a><\/span><\/div>\n\t<div class=\"entry-excerpt\"><p>Ontdek hoe ISEO Projection ingreep in Souvret om de 142 m\u00b2 vloer van een nieuwbouw in \u00e9\u00e9n dag te isoleren.<\/p>\n<\/div>\n\t<a class=\"dt-btn-s dt-btn post-details details-type-btn\" href=\"https:\/\/www.iseoprojection.com\/nl\/realisatie\/isolatie-vloer-nieuwbouw-souvret\/\" target=\"\">Meer lezen<i class=\"dt-icon-the7-arrow-03\" aria-hidden=\"true\"><\/i><\/a>\n<\/div><\/article><\/div><div class=\"hidden wf-cell category-48 category-61 category-53 category-57\" data-post-id=\"4794\" data-date=\"2025-04-10T10:09:09+02:00\" data-name=\"Isolatie van het dak, plafond en vloeren van een nieuwbouwwoning in Zaventem\"><article class=\"post visible post-4794 dt_portfolio type-dt_portfolio status-publish has-post-thumbnail hentry dt_portfolio_category-dak dt_portfolio_category-plafonds-nl dt_portfolio_category-vloer dt_portfolio_category-zolder dt_portfolio_category-48 dt_portfolio_category-61 dt_portfolio_category-53 dt_portfolio_category-57\" data-name=\"Isolatie van het dak, plafond en vloeren van een nieuwbouwwoning in Zaventem\" data-date=\"2025-04-10T10:09:09+02:00\">\n\n<div class=\"post-thumbnail-wrap rollover-active \">\n\t<div class=\"post-thumbnail\">\n\n\t\t<a href=\"https:\/\/www.iseoprojection.com\/nl\/realisatie\/volledige-isolatie-nieuwbouw-zaventem\/\" class=\"post-thumbnail-rollover layzr-bg\" target=\"\"  aria-label=\"Post image\"><img decoding=\"async\" class=\"iso-lazy-load preload-me iso-lazy-load aspect\" src=\"data:image\/svg+xml,%3Csvg%20xmlns%3D&#39;http%3A%2F%2Fwww.w3.org%2F2000%2Fsvg&#39;%20viewBox%3D&#39;0%200%20768%20512&#39;%2F%3E\" data-src=\"https:\/\/www.iseoprojection.com\/wp-content\/uploads\/2025\/04\/chantier-isolation-grenier-zaventem-768x512.jpg\" data-srcset=\"https:\/\/www.iseoprojection.com\/wp-content\/uploads\/2025\/04\/chantier-isolation-grenier-zaventem-768x512.jpg 768w, https:\/\/www.iseoprojection.com\/wp-content\/uploads\/2025\/04\/chantier-isolation-grenier-zaventem-1152x768.jpg 1152w\" loading=\"eager\" style=\"--ratio: 768 \/ 512\" sizes=\"(max-width: 768px) 100vw, 768px\" alt=\"Isolation compl\u00e8te d&#039;un grenier d&#039;une maison neuve \u00e0 Zaventem\" title=\"chantier-isolation-grenier-zaventem\" width=\"768\" height=\"512\"  \/><\/a><div class=\"project-links-container\"><a href=\"https:\/\/www.iseoprojection.com\/nl\/realisatie\/volledige-isolatie-nieuwbouw-zaventem\/\" target=\"\" class=\"project-details\" aria-label=\"Details link\"><span class=\"icon-portfolio-p205\"><\/span><\/a><\/div>\n\t<\/div>\n<\/div>\n\n\n<div class=\"post-entry-content\">\n\n\t<h3 class=\"entry-title\">\n\t\t<a href=\"https:\/\/www.iseoprojection.com\/nl\/realisatie\/volledige-isolatie-nieuwbouw-zaventem\/\" target=\"\" title=\"Isolatie van het dak, plafond en vloeren van een nieuwbouwwoning in Zaventem\" rel=\"bookmark\">Isolatie van het dak, plafond en vloeren van een nieuwbouwwoning in Zaventem<\/a>\n\t<\/h3>\n\n\t<div class=\"entry-meta portfolio-categories\"><span class=\"category-link\"><a href=\"https:\/\/www.iseoprojection.com\/nl\/project-category\/dak\/\" >Dak<\/a>, <a href=\"https:\/\/www.iseoprojection.com\/nl\/project-category\/plafonds-nl\/\" >Plafonds<\/a>, <a href=\"https:\/\/www.iseoprojection.com\/nl\/project-category\/vloer\/\" >Vloer<\/a>, <a href=\"https:\/\/www.iseoprojection.com\/nl\/project-category\/zolder\/\" >Zolder<\/a><\/span><\/div>\n\t<div class=\"entry-excerpt\"><p>Ontdek het thermische isolatieproject uitgevoerd door ISEO Projection in Zaventem: vloer, plafond en dak van een nieuwbouw.<\/p>\n<\/div>\n\t<a class=\"dt-btn-s dt-btn post-details details-type-btn\" href=\"https:\/\/www.iseoprojection.com\/nl\/realisatie\/volledige-isolatie-nieuwbouw-zaventem\/\" target=\"\">Meer lezen<i class=\"dt-icon-the7-arrow-03\" aria-hidden=\"true\"><\/i><\/a>\n<\/div><\/article><\/div><div class=\"hidden wf-cell category-53\" data-post-id=\"4779\" data-date=\"2025-04-10T09:55:22+02:00\" data-name=\"Vloerisolatie in een gebouw in Luik\"><article class=\"post visible post-4779 dt_portfolio type-dt_portfolio status-publish has-post-thumbnail hentry dt_portfolio_category-vloer dt_portfolio_category-53\" data-name=\"Vloerisolatie in een gebouw in Luik\" data-date=\"2025-04-10T09:55:22+02:00\">\n\n<div class=\"post-thumbnail-wrap rollover-active \">\n\t<div class=\"post-thumbnail\">\n\n\t\t<a href=\"https:\/\/www.iseoprojection.com\/nl\/realisatie\/isolatie-vloeren-gebouw-luik\/\" class=\"post-thumbnail-rollover layzr-bg\" target=\"\"  aria-label=\"Post image\"><img decoding=\"async\" class=\"iso-lazy-load preload-me iso-lazy-load aspect\" src=\"data:image\/svg+xml,%3Csvg%20xmlns%3D&#39;http%3A%2F%2Fwww.w3.org%2F2000%2Fsvg&#39;%20viewBox%3D&#39;0%200%20768%20512&#39;%2F%3E\" data-src=\"https:\/\/www.iseoprojection.com\/wp-content\/uploads\/2025\/04\/isolation-sol-mousse-polyurethane-liege-768x512.jpg\" data-srcset=\"https:\/\/www.iseoprojection.com\/wp-content\/uploads\/2025\/04\/isolation-sol-mousse-polyurethane-liege-768x512.jpg 768w, https:\/\/www.iseoprojection.com\/wp-content\/uploads\/2025\/04\/isolation-sol-mousse-polyurethane-liege-1152x768.jpg 1152w\" loading=\"eager\" style=\"--ratio: 768 \/ 512\" sizes=\"(max-width: 768px) 100vw, 768px\" alt=\"Isolation par le sol d&#039;un appartement avec de la mousse polyur\u00e9thane\" title=\"isolation-sol-mousse-polyurethane-liege\" width=\"768\" height=\"512\"  \/><\/a><div class=\"project-links-container\"><a href=\"https:\/\/www.iseoprojection.com\/nl\/realisatie\/isolatie-vloeren-gebouw-luik\/\" target=\"\" class=\"project-details\" aria-label=\"Details link\"><span class=\"icon-portfolio-p205\"><\/span><\/a><\/div>\n\t<\/div>\n<\/div>\n\n\n<div class=\"post-entry-content\">\n\n\t<h3 class=\"entry-title\">\n\t\t<a href=\"https:\/\/www.iseoprojection.com\/nl\/realisatie\/isolatie-vloeren-gebouw-luik\/\" target=\"\" title=\"Vloerisolatie in een gebouw in Luik\" rel=\"bookmark\">Vloerisolatie in een gebouw in Luik<\/a>\n\t<\/h3>\n\n\t<div class=\"entry-meta portfolio-categories\"><span class=\"category-link\"><a href=\"https:\/\/www.iseoprojection.com\/nl\/project-category\/vloer\/\" >Vloer<\/a><\/span><\/div>\n\t<div class=\"entry-excerpt\"><p>ISEO Projection heeft de vloeren van een gebouw in Luik ge\u00efsoleerd met Tremblex en HFO-schuim voor optimaal comfort en een perfecte installatie.<\/p>\n<\/div>\n\t<a class=\"dt-btn-s dt-btn post-details details-type-btn\" href=\"https:\/\/www.iseoprojection.com\/nl\/realisatie\/isolatie-vloeren-gebouw-luik\/\" target=\"\">Meer lezen<i class=\"dt-icon-the7-arrow-03\" aria-hidden=\"true\"><\/i><\/a>\n<\/div><\/article><\/div><div class=\"hidden wf-cell category-53\" data-post-id=\"4760\" data-date=\"2025-04-10T09:42:13+02:00\" data-name=\"Vloerisolatie in een residentieel gebouw in Eupen\"><article class=\"post visible post-4760 dt_portfolio type-dt_portfolio status-publish has-post-thumbnail hentry dt_portfolio_category-vloer dt_portfolio_category-53\" data-name=\"Vloerisolatie in een residentieel gebouw in Eupen\" data-date=\"2025-04-10T09:42:13+02:00\">\n\n<div class=\"post-thumbnail-wrap rollover-active \">\n\t<div class=\"post-thumbnail\">\n\n\t\t<a href=\"https:\/\/www.iseoprojection.com\/nl\/realisatie\/isolatie-vloeren-gebouw-eupen\/\" class=\"post-thumbnail-rollover layzr-bg\" target=\"\"  aria-label=\"Post image\"><img decoding=\"async\" class=\"iso-lazy-load preload-me iso-lazy-load aspect\" src=\"data:image\/svg+xml,%3Csvg%20xmlns%3D&#39;http%3A%2F%2Fwww.w3.org%2F2000%2Fsvg&#39;%20viewBox%3D&#39;0%200%20768%20512&#39;%2F%3E\" data-src=\"https:\/\/www.iseoprojection.com\/wp-content\/uploads\/2025\/04\/isolation-mousse-projetee-sols-eupen-768x512.jpg\" data-srcset=\"https:\/\/www.iseoprojection.com\/wp-content\/uploads\/2025\/04\/isolation-mousse-projetee-sols-eupen-768x512.jpg 768w, https:\/\/www.iseoprojection.com\/wp-content\/uploads\/2025\/04\/isolation-mousse-projetee-sols-eupen-1152x768.jpg 1152w\" loading=\"eager\" style=\"--ratio: 768 \/ 512\" sizes=\"(max-width: 768px) 100vw, 768px\" alt=\"Isolation du sol d&#039;un immeuble r\u00e9sidentiel avec de la mousse projet\u00e9e\" title=\"isolation-mousse-projetee-sols-eupen\" width=\"768\" height=\"512\"  \/><\/a><div class=\"project-links-container\"><a href=\"https:\/\/www.iseoprojection.com\/nl\/realisatie\/isolatie-vloeren-gebouw-eupen\/\" target=\"\" class=\"project-details\" aria-label=\"Details link\"><span class=\"icon-portfolio-p205\"><\/span><\/a><\/div>\n\t<\/div>\n<\/div>\n\n\n<div class=\"post-entry-content\">\n\n\t<h3 class=\"entry-title\">\n\t\t<a href=\"https:\/\/www.iseoprojection.com\/nl\/realisatie\/isolatie-vloeren-gebouw-eupen\/\" target=\"\" title=\"Vloerisolatie in een residentieel gebouw in Eupen\" rel=\"bookmark\">Vloerisolatie in een residentieel gebouw in Eupen<\/a>\n\t<\/h3>\n\n\t<div class=\"entry-meta portfolio-categories\"><span class=\"category-link\"><a href=\"https:\/\/www.iseoprojection.com\/nl\/project-category\/vloer\/\" >Vloer<\/a><\/span><\/div>\n\t<div class=\"entry-excerpt\"><p>In Eupen heeft ISEO Projection ingegrepen voor de akoestische en thermische isolatie van de vloeren van een residentieel gebouw voor de projectontwikkelaar Progimo.<\/p>\n<\/div>\n\t<a class=\"dt-btn-s dt-btn post-details details-type-btn\" href=\"https:\/\/www.iseoprojection.com\/nl\/realisatie\/isolatie-vloeren-gebouw-eupen\/\" target=\"\">Meer lezen<i class=\"dt-icon-the7-arrow-03\" aria-hidden=\"true\"><\/i><\/a>\n<\/div><\/article><\/div><div class=\"hidden wf-cell category-53\" data-post-id=\"4719\" data-date=\"2025-03-12T09:50:09+01:00\" data-name=\"Isolatie van de vloeren in een oud industrieel gebouw in Schaarbeek\"><article class=\"post visible post-4719 dt_portfolio type-dt_portfolio status-publish has-post-thumbnail hentry dt_portfolio_category-vloer dt_portfolio_category-53\" data-name=\"Isolatie van de vloeren in een oud industrieel gebouw in Schaarbeek\" data-date=\"2025-03-12T09:50:09+01:00\">\n\n<div class=\"post-thumbnail-wrap rollover-active \">\n\t<div class=\"post-thumbnail\">\n\n\t\t<a href=\"https:\/\/www.iseoprojection.com\/nl\/realisatie\/vloerisolatie-industrieel-gebouw-schaarbeek\/\" class=\"post-thumbnail-rollover layzr-bg\" target=\"\"  aria-label=\"Post image\"><img decoding=\"async\" class=\"iso-lazy-load preload-me iso-lazy-load aspect\" src=\"data:image\/svg+xml,%3Csvg%20xmlns%3D&#39;http%3A%2F%2Fwww.w3.org%2F2000%2Fsvg&#39;%20viewBox%3D&#39;0%200%20768%20512&#39;%2F%3E\" data-src=\"https:\/\/www.iseoprojection.com\/wp-content\/uploads\/2025\/03\/isolation-sol-mousse-projetee-schaerbeek-768x512.webp\" data-srcset=\"https:\/\/www.iseoprojection.com\/wp-content\/uploads\/2025\/03\/isolation-sol-mousse-projetee-schaerbeek-768x512.webp 768w, https:\/\/www.iseoprojection.com\/wp-content\/uploads\/2025\/03\/isolation-sol-mousse-projetee-schaerbeek-1152x768.webp 1152w\" loading=\"eager\" style=\"--ratio: 768 \/ 512\" sizes=\"(max-width: 768px) 100vw, 768px\" alt=\"Isolation du sol avec mousse projet\u00e9e dans un b\u00e2timent en r\u00e9novation \u00e0 Schaerbeek, assurant performance thermique et \u00e9tanch\u00e9it\u00e9.\" title=\"isolation-sol-mousse-projetee-schaerbeek\" width=\"768\" height=\"512\"  \/><\/a><div class=\"project-links-container\"><a href=\"https:\/\/www.iseoprojection.com\/nl\/realisatie\/vloerisolatie-industrieel-gebouw-schaarbeek\/\" target=\"\" class=\"project-details\" aria-label=\"Details link\"><span class=\"icon-portfolio-p205\"><\/span><\/a><\/div>\n\t<\/div>\n<\/div>\n\n\n<div class=\"post-entry-content\">\n\n\t<h3 class=\"entry-title\">\n\t\t<a href=\"https:\/\/www.iseoprojection.com\/nl\/realisatie\/vloerisolatie-industrieel-gebouw-schaarbeek\/\" target=\"\" title=\"Isolatie van de vloeren in een oud industrieel gebouw in Schaarbeek\" rel=\"bookmark\">Isolatie van de vloeren in een oud industrieel gebouw in Schaarbeek<\/a>\n\t<\/h3>\n\n\t<div class=\"entry-meta portfolio-categories\"><span class=\"category-link\"><a href=\"https:\/\/www.iseoprojection.com\/nl\/project-category\/vloer\/\" >Vloer<\/a><\/span><\/div>\n\t<div class=\"entry-excerpt\"><p>Vloerisolatie in een oud industrieel gebouw in Schaarbeek: 550 m\u00b2 geoptimaliseerd met gesloten-cellig gespoten schuim. Een snelle en effici\u00ebnte interventie.<\/p>\n<\/div>\n\t<a class=\"dt-btn-s dt-btn post-details details-type-btn\" href=\"https:\/\/www.iseoprojection.com\/nl\/realisatie\/vloerisolatie-industrieel-gebouw-schaarbeek\/\" target=\"\">Meer lezen<i class=\"dt-icon-the7-arrow-03\" aria-hidden=\"true\"><\/i><\/a>\n<\/div><\/article><\/div><div class=\"hidden wf-cell category-50\" data-post-id=\"4703\" data-date=\"2025-03-12T09:27:05+01:00\" data-name=\"Isolatie van de buitenmuren van een chalet in Francorchamps\"><article class=\"post visible post-4703 dt_portfolio type-dt_portfolio status-publish has-post-thumbnail hentry dt_portfolio_category-muren dt_portfolio_category-50\" data-name=\"Isolatie van de buitenmuren van een chalet in Francorchamps\" data-date=\"2025-03-12T09:27:05+01:00\">\n\n<div class=\"post-thumbnail-wrap rollover-active \">\n\t<div class=\"post-thumbnail\">\n\n\t\t<a href=\"https:\/\/www.iseoprojection.com\/nl\/realisatie\/isolatie-buitenmuren-chalet-francorchamps\/\" class=\"post-thumbnail-rollover layzr-bg\" target=\"\"  aria-label=\"Post image\"><img decoding=\"async\" class=\"iso-lazy-load preload-me iso-lazy-load aspect\" src=\"data:image\/svg+xml,%3Csvg%20xmlns%3D&#39;http%3A%2F%2Fwww.w3.org%2F2000%2Fsvg&#39;%20viewBox%3D&#39;0%200%20768%20512&#39;%2F%3E\" data-src=\"https:\/\/www.iseoprojection.com\/wp-content\/uploads\/2025\/03\/isolation-ancien-chalet-francorchamps-768x512.webp\" data-srcset=\"https:\/\/www.iseoprojection.com\/wp-content\/uploads\/2025\/03\/isolation-ancien-chalet-francorchamps-768x512.webp 768w, https:\/\/www.iseoprojection.com\/wp-content\/uploads\/2025\/03\/isolation-ancien-chalet-francorchamps-1152x768.webp 1152w\" loading=\"eager\" style=\"--ratio: 768 \/ 512\" sizes=\"(max-width: 768px) 100vw, 768px\" alt=\"Isolation d\u2019un ancien chalet en bois \u00e0 Francorchamps, avec structure pr\u00e9par\u00e9e pour l\u2019application de l\u2019isolant.\" title=\"isolation-ancien-chalet-francorchamps\" width=\"768\" height=\"512\"  \/><\/a><div class=\"project-links-container\"><a href=\"https:\/\/www.iseoprojection.com\/nl\/realisatie\/isolatie-buitenmuren-chalet-francorchamps\/\" target=\"\" class=\"project-details\" aria-label=\"Details link\"><span class=\"icon-portfolio-p205\"><\/span><\/a><\/div>\n\t<\/div>\n<\/div>\n\n\n<div class=\"post-entry-content\">\n\n\t<h3 class=\"entry-title\">\n\t\t<a href=\"https:\/\/www.iseoprojection.com\/nl\/realisatie\/isolatie-buitenmuren-chalet-francorchamps\/\" target=\"\" title=\"Isolatie van de buitenmuren van een chalet in Francorchamps\" rel=\"bookmark\">Isolatie van de buitenmuren van een chalet in Francorchamps<\/a>\n\t<\/h3>\n\n\t<div class=\"entry-meta portfolio-categories\"><span class=\"category-link\"><a href=\"https:\/\/www.iseoprojection.com\/nl\/project-category\/muren\/\" >Muren<\/a><\/span><\/div>\n\t<div class=\"entry-excerpt\"><p>In Francorchamps heeft ISEO Projection de buitenmuren van een oude blokhut ge\u00efsoleerd met 16 cm ICYNENE Lite+ schuim. Een effici\u00ebnte oplossing die de authentieke stijl&hellip;<\/p>\n<\/div>\n\t<a class=\"dt-btn-s dt-btn post-details details-type-btn\" href=\"https:\/\/www.iseoprojection.com\/nl\/realisatie\/isolatie-buitenmuren-chalet-francorchamps\/\" target=\"\">Meer lezen<i class=\"dt-icon-the7-arrow-03\" aria-hidden=\"true\"><\/i><\/a>\n<\/div><\/article><\/div><div class=\"hidden wf-cell category-48 category-50\" data-post-id=\"4684\" data-date=\"2025-03-12T09:12:19+01:00\" data-name=\"Dak- en binnenmuurisolatie in Jodoigne\"><article class=\"post visible post-4684 dt_portfolio type-dt_portfolio status-publish has-post-thumbnail hentry dt_portfolio_category-dak dt_portfolio_category-muren dt_portfolio_category-48 dt_portfolio_category-50\" data-name=\"Dak- en binnenmuurisolatie in Jodoigne\" data-date=\"2025-03-12T09:12:19+01:00\">\n\n<div class=\"post-thumbnail-wrap rollover-active \">\n\t<div class=\"post-thumbnail\">\n\n\t\t<a href=\"https:\/\/www.iseoprojection.com\/nl\/realisatie\/dak-binnenmuurisolatie-jodoigne\/\" class=\"post-thumbnail-rollover layzr-bg\" target=\"\"  aria-label=\"Post image\"><img decoding=\"async\" class=\"iso-lazy-load preload-me iso-lazy-load aspect\" src=\"data:image\/svg+xml,%3Csvg%20xmlns%3D&#39;http%3A%2F%2Fwww.w3.org%2F2000%2Fsvg&#39;%20viewBox%3D&#39;0%200%20768%20512&#39;%2F%3E\" data-src=\"https:\/\/www.iseoprojection.com\/wp-content\/uploads\/2025\/03\/isolation-murs-interieurs-jodoigne-768x512.webp\" data-srcset=\"https:\/\/www.iseoprojection.com\/wp-content\/uploads\/2025\/03\/isolation-murs-interieurs-jodoigne-768x512.webp 768w, https:\/\/www.iseoprojection.com\/wp-content\/uploads\/2025\/03\/isolation-murs-interieurs-jodoigne-1152x768.webp 1152w\" loading=\"eager\" style=\"--ratio: 768 \/ 512\" sizes=\"(max-width: 768px) 100vw, 768px\" alt=\"Isolation des murs int\u00e9rieurs \u00e0 Jodoigne avec mousse projet\u00e9e et pare-vapeur pour une performance thermique optimale.\" title=\"isolation-murs-interieurs-jodoigne\" width=\"768\" height=\"512\"  \/><\/a><div class=\"project-links-container\"><a href=\"https:\/\/www.iseoprojection.com\/nl\/realisatie\/dak-binnenmuurisolatie-jodoigne\/\" target=\"\" class=\"project-details\" aria-label=\"Details link\"><span class=\"icon-portfolio-p205\"><\/span><\/a><\/div>\n\t<\/div>\n<\/div>\n\n\n<div class=\"post-entry-content\">\n\n\t<h3 class=\"entry-title\">\n\t\t<a href=\"https:\/\/www.iseoprojection.com\/nl\/realisatie\/dak-binnenmuurisolatie-jodoigne\/\" target=\"\" title=\"Dak- en binnenmuurisolatie in Jodoigne\" rel=\"bookmark\">Dak- en binnenmuurisolatie in Jodoigne<\/a>\n\t<\/h3>\n\n\t<div class=\"entry-meta portfolio-categories\"><span class=\"category-link\"><a href=\"https:\/\/www.iseoprojection.com\/nl\/project-category\/dak\/\" >Dak<\/a>, <a href=\"https:\/\/www.iseoprojection.com\/nl\/project-category\/muren\/\" >Muren<\/a><\/span><\/div>\n\t<div class=\"entry-excerpt\"><p>ISEO Projection heeft een niet-ademend dak en binnenmuren ge\u00efsoleerd met een effici\u00ebnte en duurzame oplossing in Jodoigne.<\/p>\n<\/div>\n\t<a class=\"dt-btn-s dt-btn post-details details-type-btn\" href=\"https:\/\/www.iseoprojection.com\/nl\/realisatie\/dak-binnenmuurisolatie-jodoigne\/\" target=\"\">Meer lezen<i class=\"dt-icon-the7-arrow-03\" aria-hidden=\"true\"><\/i><\/a>\n<\/div><\/article><\/div><div class=\"hidden wf-cell category-48\" data-post-id=\"4658\" data-date=\"2025-03-12T08:55:20+01:00\" data-name=\"Dakisolatie langs de buitenkant in Libertange\"><article class=\"post visible post-4658 dt_portfolio type-dt_portfolio status-publish has-post-thumbnail hentry dt_portfolio_category-dak dt_portfolio_category-48\" data-name=\"Dakisolatie langs de buitenkant in Libertange\" data-date=\"2025-03-12T08:55:20+01:00\">\n\n<div class=\"post-thumbnail-wrap rollover-active \">\n\t<div class=\"post-thumbnail\">\n\n\t\t<a href=\"https:\/\/www.iseoprojection.com\/nl\/realisatie\/dakisolatie-buitenzijde-libertange\/\" class=\"post-thumbnail-rollover layzr-bg\" target=\"\"  aria-label=\"Post image\"><img decoding=\"async\" class=\"iso-lazy-load preload-me iso-lazy-load aspect\" src=\"data:image\/svg+xml,%3Csvg%20xmlns%3D&#39;http%3A%2F%2Fwww.w3.org%2F2000%2Fsvg&#39;%20viewBox%3D&#39;0%200%20768%20512&#39;%2F%3E\" data-src=\"https:\/\/www.iseoprojection.com\/wp-content\/uploads\/2025\/03\/isolation-toiture-exterieure-libertange-768x512.webp\" data-srcset=\"https:\/\/www.iseoprojection.com\/wp-content\/uploads\/2025\/03\/isolation-toiture-exterieure-libertange-768x512.webp 768w, https:\/\/www.iseoprojection.com\/wp-content\/uploads\/2025\/03\/isolation-toiture-exterieure-libertange-1152x768.webp 1152w\" loading=\"eager\" style=\"--ratio: 768 \/ 512\" sizes=\"(max-width: 768px) 100vw, 768px\" alt=\"Isolation thermique d\u2019une toiture par l\u2019ext\u00e9rieur avec mousse projet\u00e9e, intervention en cours sur un chantier avec \u00e9chafaudage.\" title=\"isolation-toiture-exterieure-libertange\" width=\"768\" height=\"512\"  \/><\/a><div class=\"project-links-container\"><a href=\"https:\/\/www.iseoprojection.com\/nl\/realisatie\/dakisolatie-buitenzijde-libertange\/\" target=\"\" class=\"project-details\" aria-label=\"Details link\"><span class=\"icon-portfolio-p205\"><\/span><\/a><\/div>\n\t<\/div>\n<\/div>\n\n\n<div class=\"post-entry-content\">\n\n\t<h3 class=\"entry-title\">\n\t\t<a href=\"https:\/\/www.iseoprojection.com\/nl\/realisatie\/dakisolatie-buitenzijde-libertange\/\" target=\"\" title=\"Dakisolatie langs de buitenkant in Libertange\" rel=\"bookmark\">Dakisolatie langs de buitenkant in Libertange<\/a>\n\t<\/h3>\n\n\t<div class=\"entry-meta portfolio-categories\"><span class=\"category-link\"><a href=\"https:\/\/www.iseoprojection.com\/nl\/project-category\/dak\/\" >Dak<\/a><\/span><\/div>\n\t<div class=\"entry-excerpt\"><p>Dakisolatie langs de buitenkant in Libertange: 120 m\u00b2 geoptimaliseerd met 18 cm ICYNENE Lite+ schuim. Een effici\u00ebnte oplossing voor duurzaam comfort.<\/p>\n<\/div>\n\t<a class=\"dt-btn-s dt-btn post-details details-type-btn\" href=\"https:\/\/www.iseoprojection.com\/nl\/realisatie\/dakisolatie-buitenzijde-libertange\/\" target=\"\">Meer lezen<i class=\"dt-icon-the7-arrow-03\" aria-hidden=\"true\"><\/i><\/a>\n<\/div><\/article><\/div><div class=\"hidden wf-cell category-50 category-57\" data-post-id=\"4639\" data-date=\"2025-03-04T08:20:39+01:00\" data-name=\"Isolatie van de muren van een zolder in Gesves\"><article class=\"post visible post-4639 dt_portfolio type-dt_portfolio status-publish has-post-thumbnail hentry dt_portfolio_category-muren dt_portfolio_category-zolder dt_portfolio_category-50 dt_portfolio_category-57\" data-name=\"Isolatie van de muren van een zolder in Gesves\" data-date=\"2025-03-04T08:20:39+01:00\">\n\n<div class=\"post-thumbnail-wrap rollover-active \">\n\t<div class=\"post-thumbnail\">\n\n\t\t<a href=\"https:\/\/www.iseoprojection.com\/nl\/realisatie\/isolatie-muren-zolder-gesves\/\" class=\"post-thumbnail-rollover layzr-bg\" target=\"\"  aria-label=\"Post image\"><img decoding=\"async\" class=\"iso-lazy-load preload-me iso-lazy-load aspect\" src=\"data:image\/svg+xml,%3Csvg%20xmlns%3D&#39;http%3A%2F%2Fwww.w3.org%2F2000%2Fsvg&#39;%20viewBox%3D&#39;0%200%20768%20512&#39;%2F%3E\" data-src=\"https:\/\/www.iseoprojection.com\/wp-content\/uploads\/2025\/03\/isolation-mur-geves-mousse-projetee-768x512.webp\" data-srcset=\"https:\/\/www.iseoprojection.com\/wp-content\/uploads\/2025\/03\/isolation-mur-geves-mousse-projetee-768x512.webp 768w, https:\/\/www.iseoprojection.com\/wp-content\/uploads\/2025\/03\/isolation-mur-geves-mousse-projetee-1152x768.webp 1152w\" loading=\"eager\" style=\"--ratio: 768 \/ 512\" sizes=\"(max-width: 768px) 100vw, 768px\" alt=\"\" title=\"isolation-mur-geves-mousse-projetee\" width=\"768\" height=\"512\"  \/><\/a><div class=\"project-links-container\"><a href=\"https:\/\/www.iseoprojection.com\/nl\/realisatie\/isolatie-muren-zolder-gesves\/\" target=\"\" class=\"project-details\" aria-label=\"Details link\"><span class=\"icon-portfolio-p205\"><\/span><\/a><\/div>\n\t<\/div>\n<\/div>\n\n\n<div class=\"post-entry-content\">\n\n\t<h3 class=\"entry-title\">\n\t\t<a href=\"https:\/\/www.iseoprojection.com\/nl\/realisatie\/isolatie-muren-zolder-gesves\/\" target=\"\" title=\"Isolatie van de muren van een zolder in Gesves\" rel=\"bookmark\">Isolatie van de muren van een zolder in Gesves<\/a>\n\t<\/h3>\n\n\t<div class=\"entry-meta portfolio-categories\"><span class=\"category-link\"><a href=\"https:\/\/www.iseoprojection.com\/nl\/project-category\/muren\/\" >Muren<\/a>, <a href=\"https:\/\/www.iseoprojection.com\/nl\/project-category\/zolder\/\" >Zolder<\/a><\/span><\/div>\n\t<div class=\"entry-excerpt\"><p>In Gesves heeft ISEO Projection 38,5 m\u00b2 zoldermuren ge\u00efsoleerd met 15 cm ICYNENE Lite+ schuim. Een effici\u00ebnte oplossing voor optimaal comfort.<\/p>\n<\/div>\n\t<a class=\"dt-btn-s dt-btn post-details details-type-btn\" href=\"https:\/\/www.iseoprojection.com\/nl\/realisatie\/isolatie-muren-zolder-gesves\/\" target=\"\">Meer lezen<i class=\"dt-icon-the7-arrow-03\" aria-hidden=\"true\"><\/i><\/a>\n<\/div><\/article><\/div><div class=\"hidden wf-cell category-61\" data-post-id=\"4623\" data-date=\"2025-03-03T16:55:51+01:00\" data-name=\"Isolatie van de koepel van de moskee in Marchienne-au-Pont\"><article class=\"post visible post-4623 dt_portfolio type-dt_portfolio status-publish has-post-thumbnail hentry dt_portfolio_category-plafonds-nl dt_portfolio_category-61\" data-name=\"Isolatie van de koepel van de moskee in Marchienne-au-Pont\" data-date=\"2025-03-03T16:55:51+01:00\">\n\n<div class=\"post-thumbnail-wrap rollover-active \">\n\t<div class=\"post-thumbnail\">\n\n\t\t<a href=\"https:\/\/www.iseoprojection.com\/nl\/realisatie\/isolatie-koepel-moskee-marchienne-au-pont\/\" class=\"post-thumbnail-rollover layzr-bg\" target=\"\"  aria-label=\"Post image\"><img decoding=\"async\" class=\"iso-lazy-load preload-me iso-lazy-load aspect\" src=\"data:image\/svg+xml,%3Csvg%20xmlns%3D&#39;http%3A%2F%2Fwww.w3.org%2F2000%2Fsvg&#39;%20viewBox%3D&#39;0%200%20768%20512&#39;%2F%3E\" data-src=\"https:\/\/www.iseoprojection.com\/wp-content\/uploads\/2024\/12\/isolation-dome-marchienne-au-pont-768x512.webp\" data-srcset=\"https:\/\/www.iseoprojection.com\/wp-content\/uploads\/2024\/12\/isolation-dome-marchienne-au-pont-768x512.webp 768w, https:\/\/www.iseoprojection.com\/wp-content\/uploads\/2024\/12\/isolation-dome-marchienne-au-pont-1152x768.webp 1152w\" loading=\"eager\" style=\"--ratio: 768 \/ 512\" sizes=\"(max-width: 768px) 100vw, 768px\" alt=\"\" title=\"isolation-dome-marchienne-au-pont\" width=\"768\" height=\"512\"  \/><\/a><div class=\"project-links-container\"><a href=\"https:\/\/www.iseoprojection.com\/nl\/realisatie\/isolatie-koepel-moskee-marchienne-au-pont\/\" target=\"\" class=\"project-details\" aria-label=\"Details link\"><span class=\"icon-portfolio-p205\"><\/span><\/a><\/div>\n\t<\/div>\n<\/div>\n\n\n<div class=\"post-entry-content\">\n\n\t<h3 class=\"entry-title\">\n\t\t<a href=\"https:\/\/www.iseoprojection.com\/nl\/realisatie\/isolatie-koepel-moskee-marchienne-au-pont\/\" target=\"\" title=\"Isolatie van de koepel van de moskee in Marchienne-au-Pont\" rel=\"bookmark\">Isolatie van de koepel van de moskee in Marchienne-au-Pont<\/a>\n\t<\/h3>\n\n\t<div class=\"entry-meta portfolio-categories\"><span class=\"category-link\"><a href=\"https:\/\/www.iseoprojection.com\/nl\/project-category\/plafonds-nl\/\" >Plafonds<\/a><\/span><\/div>\n\t<div class=\"entry-excerpt\"><p>In Marchienne-au-Pont heeft ISEO Projection de binnenkant van de koepel van een moskee ge\u00efsoleerd met H2O schuim met lage dichtheid. Een snelle en effici\u00ebnte ingreep.<\/p>\n<\/div>\n\t<a class=\"dt-btn-s dt-btn post-details details-type-btn\" href=\"https:\/\/www.iseoprojection.com\/nl\/realisatie\/isolatie-koepel-moskee-marchienne-au-pont\/\" target=\"\">Meer lezen<i class=\"dt-icon-the7-arrow-03\" aria-hidden=\"true\"><\/i><\/a>\n<\/div><\/article><\/div><div class=\"hidden wf-cell category-48\" data-post-id=\"4606\" data-date=\"2025-03-03T16:41:06+01:00\" data-name=\"Dakisolatie in Lierde\"><article class=\"post visible post-4606 dt_portfolio type-dt_portfolio status-publish has-post-thumbnail hentry dt_portfolio_category-dak dt_portfolio_category-48\" data-name=\"Dakisolatie in Lierde\" data-date=\"2025-03-03T16:41:06+01:00\">\n\n<div class=\"post-thumbnail-wrap rollover-active \">\n\t<div class=\"post-thumbnail\">\n\n\t\t<a href=\"https:\/\/www.iseoprojection.com\/nl\/realisatie\/dakisolatie-lierde\/\" class=\"post-thumbnail-rollover layzr-bg\" target=\"\"  aria-label=\"Post image\"><img decoding=\"async\" class=\"iso-lazy-load preload-me iso-lazy-load aspect\" src=\"data:image\/svg+xml,%3Csvg%20xmlns%3D&#39;http%3A%2F%2Fwww.w3.org%2F2000%2Fsvg&#39;%20viewBox%3D&#39;0%200%20768%20512&#39;%2F%3E\" data-src=\"https:\/\/www.iseoprojection.com\/wp-content\/uploads\/2025\/03\/isolation-mousse-projetee-lierde-768x512.webp\" data-srcset=\"https:\/\/www.iseoprojection.com\/wp-content\/uploads\/2025\/03\/isolation-mousse-projetee-lierde-768x512.webp 768w, https:\/\/www.iseoprojection.com\/wp-content\/uploads\/2025\/03\/isolation-mousse-projetee-lierde-1111x741.webp 1111w\" loading=\"eager\" style=\"--ratio: 768 \/ 512\" sizes=\"(max-width: 768px) 100vw, 768px\" alt=\"\" title=\"isolation-mousse-projetee-lierde\" width=\"768\" height=\"512\"  \/><\/a><div class=\"project-links-container\"><a href=\"https:\/\/www.iseoprojection.com\/nl\/realisatie\/dakisolatie-lierde\/\" target=\"\" class=\"project-details\" aria-label=\"Details link\"><span class=\"icon-portfolio-p205\"><\/span><\/a><\/div>\n\t<\/div>\n<\/div>\n\n\n<div class=\"post-entry-content\">\n\n\t<h3 class=\"entry-title\">\n\t\t<a href=\"https:\/\/www.iseoprojection.com\/nl\/realisatie\/dakisolatie-lierde\/\" target=\"\" title=\"Dakisolatie in Lierde\" rel=\"bookmark\">Dakisolatie in Lierde<\/a>\n\t<\/h3>\n\n\t<div class=\"entry-meta portfolio-categories\"><span class=\"category-link\"><a href=\"https:\/\/www.iseoprojection.com\/nl\/project-category\/dak\/\" >Dak<\/a><\/span><\/div>\n\t<div class=\"entry-excerpt\"><p>In Lierde werd 240 m\u00b2 dak ge\u00efsoleerd met ICYNENE LITE+ schuim. Luchtdichtheid, energiebesparing en optimaal comfort in slechts \u00e9\u00e9n dag.<\/p>\n<\/div>\n\t<a class=\"dt-btn-s dt-btn post-details details-type-btn\" href=\"https:\/\/www.iseoprojection.com\/nl\/realisatie\/dakisolatie-lierde\/\" target=\"\">Meer lezen<i class=\"dt-icon-the7-arrow-03\" aria-hidden=\"true\"><\/i><\/a>\n<\/div><\/article><\/div><div class=\"hidden wf-cell category-48 category-53 category-57\" data-post-id=\"4573\" data-date=\"2025-03-03T16:01:46+01:00\" data-name=\"Dakisolatie in Howald\"><article class=\"post visible post-4573 dt_portfolio type-dt_portfolio status-publish has-post-thumbnail hentry dt_portfolio_category-dak dt_portfolio_category-vloer dt_portfolio_category-zolder dt_portfolio_category-48 dt_portfolio_category-53 dt_portfolio_category-57\" data-name=\"Dakisolatie in Howald\" data-date=\"2025-03-03T16:01:46+01:00\">\n\n<div class=\"post-thumbnail-wrap rollover-active \">\n\t<div class=\"post-thumbnail\">\n\n\t\t<a href=\"https:\/\/www.iseoprojection.com\/nl\/realisatie\/dakisolatie-howald\/\" class=\"post-thumbnail-rollover layzr-bg\" target=\"\"  aria-label=\"Post image\"><img decoding=\"async\" class=\"iso-lazy-load preload-me iso-lazy-load aspect\" src=\"data:image\/svg+xml,%3Csvg%20xmlns%3D&#39;http%3A%2F%2Fwww.w3.org%2F2000%2Fsvg&#39;%20viewBox%3D&#39;0%200%20480%20320&#39;%2F%3E\" data-src=\"https:\/\/www.iseoprojection.com\/wp-content\/uploads\/2025\/03\/image5-480x320.webp\" data-srcset=\"https:\/\/www.iseoprojection.com\/wp-content\/uploads\/2025\/03\/image5-480x320.webp 480w\" loading=\"eager\" style=\"--ratio: 480 \/ 320\" sizes=\"(max-width: 480px) 100vw, 480px\" alt=\"Combles am\u00e9nageables apr\u00e8s application d&#039;une isolation en mousse projet\u00e9e sur la toiture. L\u2019espace lumineux comprend plusieurs fen\u00eatres et une structure en bois visible sous l\u2019isolant.\" title=\"image5\" width=\"480\" height=\"320\"  \/><\/a><div class=\"project-links-container\"><a href=\"https:\/\/www.iseoprojection.com\/nl\/realisatie\/dakisolatie-howald\/\" target=\"\" class=\"project-details\" aria-label=\"Details link\"><span class=\"icon-portfolio-p205\"><\/span><\/a><\/div>\n\t<\/div>\n<\/div>\n\n\n<div class=\"post-entry-content\">\n\n\t<h3 class=\"entry-title\">\n\t\t<a href=\"https:\/\/www.iseoprojection.com\/nl\/realisatie\/dakisolatie-howald\/\" target=\"\" title=\"Dakisolatie in Howald\" rel=\"bookmark\">Dakisolatie in Howald<\/a>\n\t<\/h3>\n\n\t<div class=\"entry-meta portfolio-categories\"><span class=\"category-link\"><a href=\"https:\/\/www.iseoprojection.com\/nl\/project-category\/dak\/\" >Dak<\/a>, <a href=\"https:\/\/www.iseoprojection.com\/nl\/project-category\/vloer\/\" >Vloer<\/a>, <a href=\"https:\/\/www.iseoprojection.com\/nl\/project-category\/zolder\/\" >Zolder<\/a><\/span><\/div>\n\t<div class=\"entry-excerpt\"><p>ISEO Projection heeft een dak van 137 m\u00b2 in Howald ge\u00efsoleerd met 22 cm H2O ICYNENE-schuim. Ontdek onze realisatie!<\/p>\n<\/div>\n\t<a class=\"dt-btn-s dt-btn post-details details-type-btn\" href=\"https:\/\/www.iseoprojection.com\/nl\/realisatie\/dakisolatie-howald\/\" target=\"\">Meer lezen<i class=\"dt-icon-the7-arrow-03\" aria-hidden=\"true\"><\/i><\/a>\n<\/div><\/article><\/div><div class=\"hidden wf-cell category-48\" data-post-id=\"4438\" data-date=\"2024-12-17T14:52:56+01:00\" data-name=\"Dakisolatie en afwerking in Seilles\"><article class=\"post visible post-4438 dt_portfolio type-dt_portfolio status-publish has-post-thumbnail hentry dt_portfolio_category-dak dt_portfolio_category-48\" data-name=\"Dakisolatie en afwerking in Seilles\" data-date=\"2024-12-17T14:52:56+01:00\">\n\n<div class=\"post-thumbnail-wrap rollover-active \">\n\t<div class=\"post-thumbnail\">\n\n\t\t<a href=\"https:\/\/www.iseoprojection.com\/nl\/realisatie\/dakisolatie-afwerking-seilles\/\" class=\"post-thumbnail-rollover layzr-bg\" target=\"\"  aria-label=\"Post image\"><img decoding=\"async\" class=\"iso-lazy-load preload-me iso-lazy-load aspect\" src=\"data:image\/svg+xml,%3Csvg%20xmlns%3D&#39;http%3A%2F%2Fwww.w3.org%2F2000%2Fsvg&#39;%20viewBox%3D&#39;0%200%20768%20512&#39;%2F%3E\" data-src=\"https:\/\/www.iseoprojection.com\/wp-content\/uploads\/2024\/12\/isolation-parachevement-chantier-seilles-768x512.webp\" data-srcset=\"https:\/\/www.iseoprojection.com\/wp-content\/uploads\/2024\/12\/isolation-parachevement-chantier-seilles-768x512.webp 768w, https:\/\/www.iseoprojection.com\/wp-content\/uploads\/2024\/12\/isolation-parachevement-chantier-seilles-1152x768.webp 1152w\" loading=\"eager\" style=\"--ratio: 768 \/ 512\" sizes=\"(max-width: 768px) 100vw, 768px\" alt=\"Isolation de toiture et travaux de parach\u00e8vement dans une habitation \u00e0 Seilles avec projection de mousse ICYNENE Lite+ pour une r\u00e9novation \u00e9nerg\u00e9tique compl\u00e8te.\" title=\"isolation-parachevement-chantier-seilles\" width=\"768\" height=\"512\"  \/><\/a><div class=\"project-links-container\"><a href=\"https:\/\/www.iseoprojection.com\/nl\/realisatie\/dakisolatie-afwerking-seilles\/\" target=\"\" class=\"project-details\" aria-label=\"Details link\"><span class=\"icon-portfolio-p205\"><\/span><\/a><\/div>\n\t<\/div>\n<\/div>\n\n\n<div class=\"post-entry-content\">\n\n\t<h3 class=\"entry-title\">\n\t\t<a href=\"https:\/\/www.iseoprojection.com\/nl\/realisatie\/dakisolatie-afwerking-seilles\/\" target=\"\" title=\"Dakisolatie en afwerking in Seilles\" rel=\"bookmark\">Dakisolatie en afwerking in Seilles<\/a>\n\t<\/h3>\n\n\t<div class=\"entry-meta portfolio-categories\"><span class=\"category-link\"><a href=\"https:\/\/www.iseoprojection.com\/nl\/project-category\/dak\/\" >Dak<\/a><\/span><\/div>\n\t<div class=\"entry-excerpt\"><p>Lees hoe wij in Seilles 22 cm ICYNENE-schuim hebben toegepast en een zorgvuldige afwerking hebben geleverd. Vraag direct een offerte aan!<\/p>\n<\/div>\n\t<a class=\"dt-btn-s dt-btn post-details details-type-btn\" href=\"https:\/\/www.iseoprojection.com\/nl\/realisatie\/dakisolatie-afwerking-seilles\/\" target=\"\">Meer lezen<i class=\"dt-icon-the7-arrow-03\" aria-hidden=\"true\"><\/i><\/a>\n<\/div><\/article><\/div><div class=\"hidden wf-cell category-48\" data-post-id=\"4423\" data-date=\"2024-12-17T14:34:13+01:00\" data-name=\"Dak- en terrasisolatie voor Koeckelberg in Vorst\"><article class=\"post visible post-4423 dt_portfolio type-dt_portfolio status-publish has-post-thumbnail hentry dt_portfolio_category-dak dt_portfolio_category-48\" data-name=\"Dak- en terrasisolatie voor Koeckelberg in Vorst\" data-date=\"2024-12-17T14:34:13+01:00\">\n\n<div class=\"post-thumbnail-wrap rollover-active \">\n\t<div class=\"post-thumbnail\">\n\n\t\t<a href=\"https:\/\/www.iseoprojection.com\/nl\/realisatie\/dakisolatie-terrasgangen-vorst\/\" class=\"post-thumbnail-rollover layzr-bg\" target=\"\"  aria-label=\"Post image\"><img decoding=\"async\" class=\"iso-lazy-load preload-me iso-lazy-load aspect\" src=\"data:image\/svg+xml,%3Csvg%20xmlns%3D&#39;http%3A%2F%2Fwww.w3.org%2F2000%2Fsvg&#39;%20viewBox%3D&#39;0%200%20768%20512&#39;%2F%3E\" data-src=\"https:\/\/www.iseoprojection.com\/wp-content\/uploads\/2024\/12\/isolation-chantier-forest-768x512.webp\" data-srcset=\"https:\/\/www.iseoprojection.com\/wp-content\/uploads\/2024\/12\/isolation-chantier-forest-768x512.webp 768w, https:\/\/www.iseoprojection.com\/wp-content\/uploads\/2024\/12\/isolation-chantier-forest-1152x768.webp 1152w\" loading=\"eager\" style=\"--ratio: 768 \/ 512\" sizes=\"(max-width: 768px) 100vw, 768px\" alt=\"D\u00e9chargement de l\u2019unit\u00e9 de projection ISEO dans un conteneur pour le chantier d\u2019isolation de la toiture \u00e0 Forest, en raison des contraintes d\u2019acc\u00e8s au b\u00e2timent.\" title=\"isolation-chantier-forest\" width=\"768\" height=\"512\"  \/><\/a><div class=\"project-links-container\"><a href=\"https:\/\/www.iseoprojection.com\/nl\/realisatie\/dakisolatie-terrasgangen-vorst\/\" target=\"\" class=\"project-details\" aria-label=\"Details link\"><span class=\"icon-portfolio-p205\"><\/span><\/a><\/div>\n\t<\/div>\n<\/div>\n\n\n<div class=\"post-entry-content\">\n\n\t<h3 class=\"entry-title\">\n\t\t<a href=\"https:\/\/www.iseoprojection.com\/nl\/realisatie\/dakisolatie-terrasgangen-vorst\/\" target=\"\" title=\"Dak- en terrasisolatie voor Koeckelberg in Vorst\" rel=\"bookmark\">Dak- en terrasisolatie voor Koeckelberg in Vorst<\/a>\n\t<\/h3>\n\n\t<div class=\"entry-meta portfolio-categories\"><span class=\"category-link\"><a href=\"https:\/\/www.iseoprojection.com\/nl\/project-category\/dak\/\" >Dak<\/a><\/span><\/div>\n\t<div class=\"entry-excerpt\"><p>Lees hoe ISEO 3.275 m\u00b2 heeft ge\u00efsoleerd voor Koeckelberg: innovatieve oplossingen voor dak en terrasgangen in Vorst.<\/p>\n<\/div>\n\t<a class=\"dt-btn-s dt-btn post-details details-type-btn\" href=\"https:\/\/www.iseoprojection.com\/nl\/realisatie\/dakisolatie-terrasgangen-vorst\/\" target=\"\">Meer lezen<i class=\"dt-icon-the7-arrow-03\" aria-hidden=\"true\"><\/i><\/a>\n<\/div><\/article><\/div><div class=\"hidden wf-cell category-48\" data-post-id=\"4403\" data-date=\"2024-12-17T14:12:08+01:00\" data-name=\"Dakisolatie van een herenhuis in Boussu\"><article class=\"post visible post-4403 dt_portfolio type-dt_portfolio status-publish has-post-thumbnail hentry dt_portfolio_category-dak dt_portfolio_category-48\" data-name=\"Dakisolatie van een herenhuis in Boussu\" data-date=\"2024-12-17T14:12:08+01:00\">\n\n<div class=\"post-thumbnail-wrap rollover-active \">\n\t<div class=\"post-thumbnail\">\n\n\t\t<a href=\"https:\/\/www.iseoprojection.com\/nl\/realisatie\/dakisolatie-herenhuis-boussu\/\" class=\"post-thumbnail-rollover layzr-bg\" target=\"\"  aria-label=\"Post image\"><img decoding=\"async\" class=\"iso-lazy-load preload-me iso-lazy-load aspect\" src=\"data:image\/svg+xml,%3Csvg%20xmlns%3D&#39;http%3A%2F%2Fwww.w3.org%2F2000%2Fsvg&#39;%20viewBox%3D&#39;0%200%20768%20512&#39;%2F%3E\" data-src=\"https:\/\/www.iseoprojection.com\/wp-content\/uploads\/2024\/12\/isolation-chantier-boussu-768x512.webp\" data-srcset=\"https:\/\/www.iseoprojection.com\/wp-content\/uploads\/2024\/12\/isolation-chantier-boussu-768x512.webp 768w, https:\/\/www.iseoprojection.com\/wp-content\/uploads\/2024\/12\/isolation-chantier-boussu-1152x768.webp 1152w\" loading=\"eager\" style=\"--ratio: 768 \/ 512\" sizes=\"(max-width: 768px) 100vw, 768px\" alt=\"Fa\u00e7ade ext\u00e9rieure en briques rouges de la maison de ma\u00eetre \u00e0 Boussu, r\u00e9nov\u00e9e avec une isolation thermique de la toiture pour une meilleure efficacit\u00e9 \u00e9nerg\u00e9tique.\" title=\"isolation-chantier-boussu\" width=\"768\" height=\"512\"  \/><\/a><div class=\"project-links-container\"><a href=\"https:\/\/www.iseoprojection.com\/nl\/realisatie\/dakisolatie-herenhuis-boussu\/\" target=\"\" class=\"project-details\" aria-label=\"Details link\"><span class=\"icon-portfolio-p205\"><\/span><\/a><\/div>\n\t<\/div>\n<\/div>\n\n\n<div class=\"post-entry-content\">\n\n\t<h3 class=\"entry-title\">\n\t\t<a href=\"https:\/\/www.iseoprojection.com\/nl\/realisatie\/dakisolatie-herenhuis-boussu\/\" target=\"\" title=\"Dakisolatie van een herenhuis in Boussu\" rel=\"bookmark\">Dakisolatie van een herenhuis in Boussu<\/a>\n\t<\/h3>\n\n\t<div class=\"entry-meta portfolio-categories\"><span class=\"category-link\"><a href=\"https:\/\/www.iseoprojection.com\/nl\/project-category\/dak\/\" >Dak<\/a><\/span><\/div>\n\t<div class=\"entry-excerpt\"><p>Ontdek onze expertise in Boussu: dakisolatie van een herenhuis met H2O-schuim voor betere energie-effici\u00ebntie.<\/p>\n<\/div>\n\t<a class=\"dt-btn-s dt-btn post-details details-type-btn\" href=\"https:\/\/www.iseoprojection.com\/nl\/realisatie\/dakisolatie-herenhuis-boussu\/\" target=\"\">Meer lezen<i class=\"dt-icon-the7-arrow-03\" aria-hidden=\"true\"><\/i><\/a>\n<\/div><\/article><\/div><div class=\"hidden wf-cell category-55\" data-post-id=\"4386\" data-date=\"2024-12-17T13:55:34+01:00\" data-name=\"Isolatie van de kruipkelder van het gemeentehuis in Sint-Pieters-Leeuw\"><article class=\"post visible post-4386 dt_portfolio type-dt_portfolio status-publish has-post-thumbnail hentry dt_portfolio_category-kruipkelder dt_portfolio_category-55\" data-name=\"Isolatie van de kruipkelder van het gemeentehuis in Sint-Pieters-Leeuw\" data-date=\"2024-12-17T13:55:34+01:00\">\n\n<div class=\"post-thumbnail-wrap rollover-active \">\n\t<div class=\"post-thumbnail\">\n\n\t\t<a href=\"https:\/\/www.iseoprojection.com\/nl\/realisatie\/isolatie-kruipkelder-sint-pieters-leeuw\/\" class=\"post-thumbnail-rollover layzr-bg\" target=\"\"  aria-label=\"Post image\"><img decoding=\"async\" class=\"iso-lazy-load preload-me iso-lazy-load aspect\" src=\"data:image\/svg+xml,%3Csvg%20xmlns%3D&#39;http%3A%2F%2Fwww.w3.org%2F2000%2Fsvg&#39;%20viewBox%3D&#39;0%200%20768%20512&#39;%2F%3E\" data-src=\"https:\/\/www.iseoprojection.com\/wp-content\/uploads\/2024\/12\/isolation-mousse-polyurethane-768x512.webp\" data-srcset=\"https:\/\/www.iseoprojection.com\/wp-content\/uploads\/2024\/12\/isolation-mousse-polyurethane-768x512.webp 768w, https:\/\/www.iseoprojection.com\/wp-content\/uploads\/2024\/12\/isolation-mousse-polyurethane-1152x768.webp 1152w\" loading=\"eager\" style=\"--ratio: 768 \/ 512\" sizes=\"(max-width: 768px) 100vw, 768px\" alt=\"Isolation du vide sanitaire de l&#039;h\u00f4tel de ville de Sint-Pieters-Leeuw avec mousse ICYNENE LITE+. Vue du plafond isol\u00e9 montrant la mousse projet\u00e9e pour une \u00e9tanch\u00e9it\u00e9 parfaite.\" title=\"isolation-mousse-polyurethane\" width=\"768\" height=\"512\"  \/><\/a><div class=\"project-links-container\"><a href=\"https:\/\/www.iseoprojection.com\/nl\/realisatie\/isolatie-kruipkelder-sint-pieters-leeuw\/\" target=\"\" class=\"project-details\" aria-label=\"Details link\"><span class=\"icon-portfolio-p205\"><\/span><\/a><\/div>\n\t<\/div>\n<\/div>\n\n\n<div class=\"post-entry-content\">\n\n\t<h3 class=\"entry-title\">\n\t\t<a href=\"https:\/\/www.iseoprojection.com\/nl\/realisatie\/isolatie-kruipkelder-sint-pieters-leeuw\/\" target=\"\" title=\"Isolatie van de kruipkelder van het gemeentehuis in Sint-Pieters-Leeuw\" rel=\"bookmark\">Isolatie van de kruipkelder van het gemeentehuis in Sint-Pieters-Leeuw<\/a>\n\t<\/h3>\n\n\t<div class=\"entry-meta portfolio-categories\"><span class=\"category-link\"><a href=\"https:\/\/www.iseoprojection.com\/nl\/project-category\/kruipkelder\/\" >kruipkelder<\/a><\/span><\/div>\n\t<div class=\"entry-excerpt\"><p>Ontdek onze werf aan het gemeentehuis van Sint-Pieters-Leeuw. Isolatie van de kruipkelder met hoogwaardig schuim. Nauwkeurig werk in 4 dagen.<\/p>\n<\/div>\n\t<a class=\"dt-btn-s dt-btn post-details details-type-btn\" href=\"https:\/\/www.iseoprojection.com\/nl\/realisatie\/isolatie-kruipkelder-sint-pieters-leeuw\/\" target=\"\">Meer lezen<i class=\"dt-icon-the7-arrow-03\" aria-hidden=\"true\"><\/i><\/a>\n<\/div><\/article><\/div><div class=\"hidden wf-cell category-53 category-57\" data-post-id=\"4346\" data-date=\"2024-11-27T16:00:17+01:00\" data-name=\"Isolatie van de zoldervloer van een woning in Destelbergen\"><article class=\"post visible post-4346 dt_portfolio type-dt_portfolio status-publish has-post-thumbnail hentry dt_portfolio_category-vloer dt_portfolio_category-zolder dt_portfolio_category-53 dt_portfolio_category-57\" data-name=\"Isolatie van de zoldervloer van een woning in Destelbergen\" data-date=\"2024-11-27T16:00:17+01:00\">\n\n<div class=\"post-thumbnail-wrap rollover-active \">\n\t<div class=\"post-thumbnail\">\n\n\t\t<a href=\"https:\/\/www.iseoprojection.com\/nl\/realisatie\/zolder-vloer-isolatie-destelbergen\/\" class=\"post-thumbnail-rollover layzr-bg\" target=\"\"  aria-label=\"Post image\"><img decoding=\"async\" class=\"iso-lazy-load preload-me iso-lazy-load aspect\" src=\"data:image\/svg+xml,%3Csvg%20xmlns%3D&#39;http%3A%2F%2Fwww.w3.org%2F2000%2Fsvg&#39;%20viewBox%3D&#39;0%200%20768%20512&#39;%2F%3E\" data-src=\"https:\/\/www.iseoprojection.com\/wp-content\/uploads\/2024\/11\/chantier-isolation-iseo-projection-destelbergen-768x512.webp\" data-srcset=\"https:\/\/www.iseoprojection.com\/wp-content\/uploads\/2024\/11\/chantier-isolation-iseo-projection-destelbergen-768x512.webp 768w, https:\/\/www.iseoprojection.com\/wp-content\/uploads\/2024\/11\/chantier-isolation-iseo-projection-destelbergen-1152x768.webp 1152w\" loading=\"eager\" style=\"--ratio: 768 \/ 512\" sizes=\"(max-width: 768px) 100vw, 768px\" alt=\"Plancher de grenier isol\u00e9 \u00e0 Destelbergen, avec de la mousse ICYNENE LITE+ appliqu\u00e9e entre les poutres en bois pour une isolation thermique et acoustique optimale.\" title=\"chantier-isolation-iseo-projection-destelbergen\" width=\"768\" height=\"512\"  \/><\/a><div class=\"project-links-container\"><a href=\"https:\/\/www.iseoprojection.com\/nl\/realisatie\/zolder-vloer-isolatie-destelbergen\/\" target=\"\" class=\"project-details\" aria-label=\"Details link\"><span class=\"icon-portfolio-p205\"><\/span><\/a><\/div>\n\t<\/div>\n<\/div>\n\n\n<div class=\"post-entry-content\">\n\n\t<h3 class=\"entry-title\">\n\t\t<a href=\"https:\/\/www.iseoprojection.com\/nl\/realisatie\/zolder-vloer-isolatie-destelbergen\/\" target=\"\" title=\"Isolatie van de zoldervloer van een woning in Destelbergen\" rel=\"bookmark\">Isolatie van de zoldervloer van een woning in Destelbergen<\/a>\n\t<\/h3>\n\n\t<div class=\"entry-meta portfolio-categories\"><span class=\"category-link\"><a href=\"https:\/\/www.iseoprojection.com\/nl\/project-category\/vloer\/\" >Vloer<\/a>, <a href=\"https:\/\/www.iseoprojection.com\/nl\/project-category\/zolder\/\" >Zolder<\/a><\/span><\/div>\n\t<div class=\"entry-excerpt\"><p>We verbeterden de energie-effici\u00ebntie van een woning met hoogperformante zolderisolatie in Destelbergen. Ontdek de expertise van ISEO Projection.<\/p>\n<\/div>\n\t<a class=\"dt-btn-s dt-btn post-details details-type-btn\" href=\"https:\/\/www.iseoprojection.com\/nl\/realisatie\/zolder-vloer-isolatie-destelbergen\/\" target=\"\">Meer lezen<i class=\"dt-icon-the7-arrow-03\" aria-hidden=\"true\"><\/i><\/a>\n<\/div><\/article><\/div><div class=\"hidden wf-cell category-48\" data-post-id=\"4325\" data-date=\"2024-11-27T15:22:42+01:00\" data-name=\"Isolatie van het dak van een woning in Herent\"><article class=\"post visible post-4325 dt_portfolio type-dt_portfolio status-publish has-post-thumbnail hentry dt_portfolio_category-dak dt_portfolio_category-48\" data-name=\"Isolatie van het dak van een woning in Herent\" data-date=\"2024-11-27T15:22:42+01:00\">\n\n<div class=\"post-thumbnail-wrap rollover-active \">\n\t<div class=\"post-thumbnail\">\n\n\t\t<a href=\"https:\/\/www.iseoprojection.com\/nl\/realisatie\/dakisolatie-herent\/\" class=\"post-thumbnail-rollover layzr-bg\" target=\"\"  aria-label=\"Post image\"><img decoding=\"async\" class=\"iso-lazy-load preload-me iso-lazy-load aspect\" src=\"data:image\/svg+xml,%3Csvg%20xmlns%3D&#39;http%3A%2F%2Fwww.w3.org%2F2000%2Fsvg&#39;%20viewBox%3D&#39;0%200%20768%20512&#39;%2F%3E\" data-src=\"https:\/\/www.iseoprojection.com\/wp-content\/uploads\/2024\/11\/isolation-toiture-herent-mousse-768x512.webp\" data-srcset=\"https:\/\/www.iseoprojection.com\/wp-content\/uploads\/2024\/11\/isolation-toiture-herent-mousse-768x512.webp 768w, https:\/\/www.iseoprojection.com\/wp-content\/uploads\/2024\/11\/isolation-toiture-herent-mousse-1152x768.webp 1152w\" loading=\"eager\" style=\"--ratio: 768 \/ 512\" sizes=\"(max-width: 768px) 100vw, 768px\" alt=\"Travaux d&#039;isolation int\u00e9rieure du toit d&#039;une maison \u00e0 Herent, r\u00e9alis\u00e9s avec de la mousse \u00e0 cellules ouvertes ICYNENE LITE+ pour une performance thermique et une \u00e9tanch\u00e9it\u00e9 \u00e0 l&#039;air optimales.\" title=\"isolation-toiture-herent-mousse\" width=\"768\" height=\"512\"  \/><\/a><div class=\"project-links-container\"><a href=\"https:\/\/www.iseoprojection.com\/nl\/realisatie\/dakisolatie-herent\/\" target=\"\" class=\"project-details\" aria-label=\"Details link\"><span class=\"icon-portfolio-p205\"><\/span><\/a><\/div>\n\t<\/div>\n<\/div>\n\n\n<div class=\"post-entry-content\">\n\n\t<h3 class=\"entry-title\">\n\t\t<a href=\"https:\/\/www.iseoprojection.com\/nl\/realisatie\/dakisolatie-herent\/\" target=\"\" title=\"Isolatie van het dak van een woning in Herent\" rel=\"bookmark\">Isolatie van het dak van een woning in Herent<\/a>\n\t<\/h3>\n\n\t<div class=\"entry-meta portfolio-categories\"><span class=\"category-link\"><a href=\"https:\/\/www.iseoprojection.com\/nl\/project-category\/dak\/\" >Dak<\/a><\/span><\/div>\n\t<div class=\"entry-excerpt\"><p>Ontdek de expertise van ISEO in Herent: dakisolatie met ICYNENE-schuim, 20 cm dik voor duurzame thermische isolatie. Neem contact op voor een offerte!<\/p>\n<\/div>\n\t<a class=\"dt-btn-s dt-btn post-details details-type-btn\" href=\"https:\/\/www.iseoprojection.com\/nl\/realisatie\/dakisolatie-herent\/\" target=\"\">Meer lezen<i class=\"dt-icon-the7-arrow-03\" aria-hidden=\"true\"><\/i><\/a>\n<\/div><\/article><\/div><div class=\"hidden wf-cell category-50\" data-post-id=\"4304\" data-date=\"2024-11-27T15:00:27+01:00\" data-name=\"Isolatie van een container in Gembloux\"><article class=\"post visible post-4304 dt_portfolio type-dt_portfolio status-publish has-post-thumbnail hentry dt_portfolio_category-muren dt_portfolio_category-50\" data-name=\"Isolatie van een container in Gembloux\" data-date=\"2024-11-27T15:00:27+01:00\">\n\n<div class=\"post-thumbnail-wrap rollover-active \">\n\t<div class=\"post-thumbnail\">\n\n\t\t<a href=\"https:\/\/www.iseoprojection.com\/nl\/realisatie\/containerisolatie-gembloux\/\" class=\"post-thumbnail-rollover layzr-bg\" target=\"\"  aria-label=\"Post image\"><img decoding=\"async\" class=\"iso-lazy-load preload-me iso-lazy-load aspect\" src=\"data:image\/svg+xml,%3Csvg%20xmlns%3D&#39;http%3A%2F%2Fwww.w3.org%2F2000%2Fsvg&#39;%20viewBox%3D&#39;0%200%20768%20512&#39;%2F%3E\" data-src=\"https:\/\/www.iseoprojection.com\/wp-content\/uploads\/2024\/11\/chantier-isolation-container-gembloux-768x512.webp\" data-srcset=\"https:\/\/www.iseoprojection.com\/wp-content\/uploads\/2024\/11\/chantier-isolation-container-gembloux-768x512.webp 768w, https:\/\/www.iseoprojection.com\/wp-content\/uploads\/2024\/11\/chantier-isolation-container-gembloux-1152x768.webp 1152w\" loading=\"eager\" style=\"--ratio: 768 \/ 512\" sizes=\"(max-width: 768px) 100vw, 768px\" alt=\"Container maritime isol\u00e9 par ISEO Projection \u00e0 Gembloux, destin\u00e9 au stockage de produits agricoles avec une isolation thermique optimale.\" title=\"chantier-isolation-container-gembloux\" width=\"768\" height=\"512\"  \/><\/a><div class=\"project-links-container\"><a href=\"https:\/\/www.iseoprojection.com\/nl\/realisatie\/containerisolatie-gembloux\/\" target=\"\" class=\"project-details\" aria-label=\"Details link\"><span class=\"icon-portfolio-p205\"><\/span><\/a><\/div>\n\t<\/div>\n<\/div>\n\n\n<div class=\"post-entry-content\">\n\n\t<h3 class=\"entry-title\">\n\t\t<a href=\"https:\/\/www.iseoprojection.com\/nl\/realisatie\/containerisolatie-gembloux\/\" target=\"\" title=\"Isolatie van een container in Gembloux\" rel=\"bookmark\">Isolatie van een container in Gembloux<\/a>\n\t<\/h3>\n\n\t<div class=\"entry-meta portfolio-categories\"><span class=\"category-link\"><a href=\"https:\/\/www.iseoprojection.com\/nl\/project-category\/muren\/\" >Muren<\/a><\/span><\/div>\n\t<div class=\"entry-excerpt\"><p>Bekijk de volledige isolatie van een container in Gembloux: HFO-schuim en de expertise van ISEO Projection.<\/p>\n<\/div>\n\t<a class=\"dt-btn-s dt-btn post-details details-type-btn\" href=\"https:\/\/www.iseoprojection.com\/nl\/realisatie\/containerisolatie-gembloux\/\" target=\"\">Meer lezen<i class=\"dt-icon-the7-arrow-03\" aria-hidden=\"true\"><\/i><\/a>\n<\/div><\/article><\/div><div class=\"hidden wf-cell category-48\" data-post-id=\"4280\" data-date=\"2024-11-27T14:32:07+01:00\" data-name=\"Dakisolatie in Tilly\"><article class=\"post visible post-4280 dt_portfolio type-dt_portfolio status-publish has-post-thumbnail hentry dt_portfolio_category-dak dt_portfolio_category-48\" data-name=\"Dakisolatie in Tilly\" data-date=\"2024-11-27T14:32:07+01:00\">\n\n<div class=\"post-thumbnail-wrap rollover-active \">\n\t<div class=\"post-thumbnail\">\n\n\t\t<a href=\"https:\/\/www.iseoprojection.com\/nl\/realisatie\/dakisolatie-tilly\/\" class=\"post-thumbnail-rollover layzr-bg\" target=\"\"  aria-label=\"Post image\"><img decoding=\"async\" class=\"iso-lazy-load preload-me iso-lazy-load aspect\" src=\"data:image\/svg+xml,%3Csvg%20xmlns%3D&#39;http%3A%2F%2Fwww.w3.org%2F2000%2Fsvg&#39;%20viewBox%3D&#39;0%200%20768%20512&#39;%2F%3E\" data-src=\"https:\/\/www.iseoprojection.com\/wp-content\/uploads\/2024\/11\/isolation-toiture-avec-structure-metallique-tilly-768x512.webp\" data-srcset=\"https:\/\/www.iseoprojection.com\/wp-content\/uploads\/2024\/11\/isolation-toiture-avec-structure-metallique-tilly-768x512.webp 768w, https:\/\/www.iseoprojection.com\/wp-content\/uploads\/2024\/11\/isolation-toiture-avec-structure-metallique-tilly-1152x768.webp 1152w\" loading=\"eager\" style=\"--ratio: 768 \/ 512\" sizes=\"(max-width: 768px) 100vw, 768px\" alt=\"Toiture enti\u00e8rement isol\u00e9e avec de la mousse \u00e0 cellules ouvertes, offrant une couverture homog\u00e8ne et une gestion optimale de l&#039;humidit\u00e9 \u00e0 Tilly.\" title=\"isolation-toiture-avec-structure-metallique-tilly\" width=\"768\" height=\"512\"  \/><\/a><div class=\"project-links-container\"><a href=\"https:\/\/www.iseoprojection.com\/nl\/realisatie\/dakisolatie-tilly\/\" target=\"\" class=\"project-details\" aria-label=\"Details link\"><span class=\"icon-portfolio-p205\"><\/span><\/a><\/div>\n\t<\/div>\n<\/div>\n\n\n<div class=\"post-entry-content\">\n\n\t<h3 class=\"entry-title\">\n\t\t<a href=\"https:\/\/www.iseoprojection.com\/nl\/realisatie\/dakisolatie-tilly\/\" target=\"\" title=\"Dakisolatie in Tilly\" rel=\"bookmark\">Dakisolatie in Tilly<\/a>\n\t<\/h3>\n\n\t<div class=\"entry-meta portfolio-categories\"><span class=\"category-link\"><a href=\"https:\/\/www.iseoprojection.com\/nl\/project-category\/dak\/\" >Dak<\/a><\/span><\/div>\n\t<div class=\"entry-excerpt\"><p>ISEO Projection verbetert de dakisolatie in Tilly. H2O-schuim aangebracht op 69,8 m\u00b2 voor optimale thermische prestaties.<\/p>\n<\/div>\n\t<a class=\"dt-btn-s dt-btn post-details details-type-btn\" href=\"https:\/\/www.iseoprojection.com\/nl\/realisatie\/dakisolatie-tilly\/\" target=\"\">Meer lezen<i class=\"dt-icon-the7-arrow-03\" aria-hidden=\"true\"><\/i><\/a>\n<\/div><\/article><\/div><div class=\"hidden wf-cell category-48 category-50 category-53\" data-post-id=\"4155\" data-date=\"2024-10-01T10:52:37+02:00\" data-name=\"Renovatie en isolatie van een boerderij in Libramont-Chevigny, Luxemburg\"><article class=\"post visible post-4155 dt_portfolio type-dt_portfolio status-publish has-post-thumbnail hentry dt_portfolio_category-dak dt_portfolio_category-muren dt_portfolio_category-vloer dt_portfolio_category-48 dt_portfolio_category-50 dt_portfolio_category-53\" data-name=\"Renovatie en isolatie van een boerderij in Libramont-Chevigny, Luxemburg\" data-date=\"2024-10-01T10:52:37+02:00\">\n\n<div class=\"post-thumbnail-wrap rollover-active \">\n\t<div class=\"post-thumbnail\">\n\n\t\t<a href=\"https:\/\/www.iseoprojection.com\/nl\/realisatie\/isolatie-renovatie-boerderij-libramont\/\" class=\"post-thumbnail-rollover layzr-bg\" target=\"\"  aria-label=\"Post image\"><img decoding=\"async\" class=\"iso-lazy-load preload-me iso-lazy-load aspect\" src=\"data:image\/svg+xml,%3Csvg%20xmlns%3D&#39;http%3A%2F%2Fwww.w3.org%2F2000%2Fsvg&#39;%20viewBox%3D&#39;0%200%20768%20512&#39;%2F%3E\" data-src=\"https:\/\/www.iseoprojection.com\/wp-content\/uploads\/2024\/10\/isolation-ancienne-ferme-libramont-chevigny-768x512.jpg\" data-srcset=\"https:\/\/www.iseoprojection.com\/wp-content\/uploads\/2024\/10\/isolation-ancienne-ferme-libramont-chevigny-768x512.jpg 768w, https:\/\/www.iseoprojection.com\/wp-content\/uploads\/2024\/10\/isolation-ancienne-ferme-libramont-chevigny-898x598.jpg 898w\" loading=\"eager\" style=\"--ratio: 768 \/ 512\" sizes=\"(max-width: 768px) 100vw, 768px\" alt=\"Grande pi\u00e8ce avec plafond en pente, isol\u00e9e par de la mousse projet\u00e9e entre les chevrons en bois visibles. Une grande baie vitr\u00e9e coulissante donne sur un vaste paysage de prairies.\" title=\"isolation-ancienne-ferme-libramont-chevigny\" width=\"768\" height=\"512\"  \/><\/a><div class=\"project-links-container\"><a href=\"https:\/\/www.iseoprojection.com\/nl\/realisatie\/isolatie-renovatie-boerderij-libramont\/\" target=\"\" class=\"project-details\" aria-label=\"Details link\"><span class=\"icon-portfolio-p205\"><\/span><\/a><\/div>\n\t<\/div>\n<\/div>\n\n\n<div class=\"post-entry-content\">\n\n\t<h3 class=\"entry-title\">\n\t\t<a href=\"https:\/\/www.iseoprojection.com\/nl\/realisatie\/isolatie-renovatie-boerderij-libramont\/\" target=\"\" title=\"Renovatie en isolatie van een boerderij in Libramont-Chevigny, Luxemburg\" rel=\"bookmark\">Renovatie en isolatie van een boerderij in Libramont-Chevigny, Luxemburg<\/a>\n\t<\/h3>\n\n\t<div class=\"entry-meta portfolio-categories\"><span class=\"category-link\"><a href=\"https:\/\/www.iseoprojection.com\/nl\/project-category\/dak\/\" >Dak<\/a>, <a href=\"https:\/\/www.iseoprojection.com\/nl\/project-category\/muren\/\" >Muren<\/a>, <a href=\"https:\/\/www.iseoprojection.com\/nl\/project-category\/vloer\/\" >Vloer<\/a><\/span><\/div>\n\t<div class=\"entry-excerpt\"><p>Volledige isolatie van een boerderij in Libramont-Chevigny. Project in meerdere fasen (dak, muren en vloeren) voor duurzaam comfort in deze eengezinswoning in renovatie.<\/p>\n<\/div>\n\t<a class=\"dt-btn-s dt-btn post-details details-type-btn\" href=\"https:\/\/www.iseoprojection.com\/nl\/realisatie\/isolatie-renovatie-boerderij-libramont\/\" target=\"\">Meer lezen<i class=\"dt-icon-the7-arrow-03\" aria-hidden=\"true\"><\/i><\/a>\n<\/div><\/article><\/div><div class=\"hidden wf-cell category-48 category-50\" data-post-id=\"4138\" data-date=\"2024-10-01T10:33:34+02:00\" data-name=\"Dak- en muurisolatie in een oude woning in Grand-Rechain\"><article class=\"post visible post-4138 dt_portfolio type-dt_portfolio status-publish has-post-thumbnail hentry dt_portfolio_category-dak dt_portfolio_category-muren dt_portfolio_category-48 dt_portfolio_category-50\" data-name=\"Dak- en muurisolatie in een oude woning in Grand-Rechain\" data-date=\"2024-10-01T10:33:34+02:00\">\n\n<div class=\"post-thumbnail-wrap rollover-active \">\n\t<div class=\"post-thumbnail\">\n\n\t\t<a href=\"https:\/\/www.iseoprojection.com\/nl\/realisatie\/dak-muurisolatie-grand-rechain\/\" class=\"post-thumbnail-rollover layzr-bg\" target=\"\"  aria-label=\"Post image\"><img decoding=\"async\" class=\"iso-lazy-load preload-me iso-lazy-load aspect\" src=\"data:image\/svg+xml,%3Csvg%20xmlns%3D&#39;http%3A%2F%2Fwww.w3.org%2F2000%2Fsvg&#39;%20viewBox%3D&#39;0%200%20768%20512&#39;%2F%3E\" data-src=\"https:\/\/www.iseoprojection.com\/wp-content\/uploads\/2024\/10\/chantier-isolation-maison-ancienne-vervier-768x512.jpg\" data-srcset=\"https:\/\/www.iseoprojection.com\/wp-content\/uploads\/2024\/10\/chantier-isolation-maison-ancienne-vervier-768x512.jpg 768w, https:\/\/www.iseoprojection.com\/wp-content\/uploads\/2024\/10\/chantier-isolation-maison-ancienne-vervier-897x598.jpg 897w\" loading=\"eager\" style=\"--ratio: 768 \/ 512\" sizes=\"(max-width: 768px) 100vw, 768px\" alt=\"Fa\u00e7ade en pierre d&#039;une maison ancienne en r\u00e9novation \u00e0 Grand-Rechain, avec des panneaux isolants visibles \u00e0 l&#039;avant-plan, pr\u00e9par\u00e9s pour les travaux d&#039;isolation.\" title=\"chantier-isolation-maison-ancienne-vervier\" width=\"768\" height=\"512\"  \/><\/a><div class=\"project-links-container\"><a href=\"https:\/\/www.iseoprojection.com\/nl\/realisatie\/dak-muurisolatie-grand-rechain\/\" target=\"\" class=\"project-details\" aria-label=\"Details link\"><span class=\"icon-portfolio-p205\"><\/span><\/a><\/div>\n\t<\/div>\n<\/div>\n\n\n<div class=\"post-entry-content\">\n\n\t<h3 class=\"entry-title\">\n\t\t<a href=\"https:\/\/www.iseoprojection.com\/nl\/realisatie\/dak-muurisolatie-grand-rechain\/\" target=\"\" title=\"Dak- en muurisolatie in een oude woning in Grand-Rechain\" rel=\"bookmark\">Dak- en muurisolatie in een oude woning in Grand-Rechain<\/a>\n\t<\/h3>\n\n\t<div class=\"entry-meta portfolio-categories\"><span class=\"category-link\"><a href=\"https:\/\/www.iseoprojection.com\/nl\/project-category\/dak\/\" >Dak<\/a>, <a href=\"https:\/\/www.iseoprojection.com\/nl\/project-category\/muren\/\" >Muren<\/a><\/span><\/div>\n\t<div class=\"entry-excerpt\"><p>Ontdek de thermische isolatie uitgevoerd door ISEO Projection in een oude woning in Grand-Rechain, waarbij zowel het dak als de muren ge\u00efsoleerd werden.<\/p>\n<\/div>\n\t<a class=\"dt-btn-s dt-btn post-details details-type-btn\" href=\"https:\/\/www.iseoprojection.com\/nl\/realisatie\/dak-muurisolatie-grand-rechain\/\" target=\"\">Meer lezen<i class=\"dt-icon-the7-arrow-03\" aria-hidden=\"true\"><\/i><\/a>\n<\/div><\/article><\/div><div class=\"hidden wf-cell category-48 category-61\" data-post-id=\"4119\" data-date=\"2024-10-01T10:19:45+02:00\" data-name=\"Dakisolatie van een keuken showroom in La Louvi\u00e8re\"><article class=\"post visible post-4119 dt_portfolio type-dt_portfolio status-publish has-post-thumbnail hentry dt_portfolio_category-dak dt_portfolio_category-plafonds-nl dt_portfolio_category-48 dt_portfolio_category-61\" data-name=\"Dakisolatie van een keuken showroom in La Louvi\u00e8re\" data-date=\"2024-10-01T10:19:45+02:00\">\n\n<div class=\"post-thumbnail-wrap rollover-active \">\n\t<div class=\"post-thumbnail\">\n\n\t\t<a href=\"https:\/\/www.iseoprojection.com\/nl\/realisatie\/dakisolatie-showroom-la-louviere\/\" class=\"post-thumbnail-rollover layzr-bg\" target=\"\"  aria-label=\"Post image\"><img decoding=\"async\" class=\"iso-lazy-load preload-me iso-lazy-load aspect\" src=\"data:image\/svg+xml,%3Csvg%20xmlns%3D&#39;http%3A%2F%2Fwww.w3.org%2F2000%2Fsvg&#39;%20viewBox%3D&#39;0%200%20768%20512&#39;%2F%3E\" data-src=\"https:\/\/www.iseoprojection.com\/wp-content\/uploads\/2024\/10\/isolation-toit-magasin-la-louviere-768x512.jpg\" data-srcset=\"https:\/\/www.iseoprojection.com\/wp-content\/uploads\/2024\/10\/isolation-toit-magasin-la-louviere-768x512.jpg 768w, https:\/\/www.iseoprojection.com\/wp-content\/uploads\/2024\/10\/isolation-toit-magasin-la-louviere-900x600.jpg 900w\" loading=\"eager\" style=\"--ratio: 768 \/ 512\" sizes=\"(max-width: 768px) 100vw, 768px\" alt=\"Plafond isol\u00e9 avec mousse \u00e0 cellules ouvertes dans un magasin en r\u00e9novation \u00e0 La Louvi\u00e8re avec de la structure en m\u00e9tal supportant l&#039;isolation.\" title=\"isolation-toit-magasin-la-louviere\" width=\"768\" height=\"512\"  \/><\/a><div class=\"project-links-container\"><a href=\"https:\/\/www.iseoprojection.com\/nl\/realisatie\/dakisolatie-showroom-la-louviere\/\" target=\"\" class=\"project-details\" aria-label=\"Details link\"><span class=\"icon-portfolio-p205\"><\/span><\/a><\/div>\n\t<\/div>\n<\/div>\n\n\n<div class=\"post-entry-content\">\n\n\t<h3 class=\"entry-title\">\n\t\t<a href=\"https:\/\/www.iseoprojection.com\/nl\/realisatie\/dakisolatie-showroom-la-louviere\/\" target=\"\" title=\"Dakisolatie van een keuken showroom in La Louvi\u00e8re\" rel=\"bookmark\">Dakisolatie van een keuken showroom in La Louvi\u00e8re<\/a>\n\t<\/h3>\n\n\t<div class=\"entry-meta portfolio-categories\"><span class=\"category-link\"><a href=\"https:\/\/www.iseoprojection.com\/nl\/project-category\/dak\/\" >Dak<\/a>, <a href=\"https:\/\/www.iseoprojection.com\/nl\/project-category\/plafonds-nl\/\" >Plafonds<\/a><\/span><\/div>\n\t<div class=\"entry-excerpt\"><p>Ontdek onze ingreep bij de dakisolatie van een keuken showroom in La Louvi\u00e8re. Een project van twee dagen met een elegante afwerking op basis van&hellip;<\/p>\n<\/div>\n\t<a class=\"dt-btn-s dt-btn post-details details-type-btn\" href=\"https:\/\/www.iseoprojection.com\/nl\/realisatie\/dakisolatie-showroom-la-louviere\/\" target=\"\">Meer lezen<i class=\"dt-icon-the7-arrow-03\" aria-hidden=\"true\"><\/i><\/a>\n<\/div><\/article><\/div><div class=\"hidden wf-cell category-48 category-57\" data-post-id=\"4103\" data-date=\"2024-10-01T09:48:21+02:00\" data-name=\"Isolatie van het dak van een schuur in Affligem\"><article class=\"post visible post-4103 dt_portfolio type-dt_portfolio status-publish has-post-thumbnail hentry dt_portfolio_category-dak dt_portfolio_category-zolder dt_portfolio_category-48 dt_portfolio_category-57\" data-name=\"Isolatie van het dak van een schuur in Affligem\" data-date=\"2024-10-01T09:48:21+02:00\">\n\n<div class=\"post-thumbnail-wrap rollover-active \">\n\t<div class=\"post-thumbnail\">\n\n\t\t<a href=\"https:\/\/www.iseoprojection.com\/nl\/realisatie\/dakisolatie-schuur-affligem\/\" class=\"post-thumbnail-rollover layzr-bg\" target=\"\"  aria-label=\"Post image\"><img decoding=\"async\" class=\"iso-lazy-load preload-me iso-lazy-load aspect\" src=\"data:image\/svg+xml,%3Csvg%20xmlns%3D&#39;http%3A%2F%2Fwww.w3.org%2F2000%2Fsvg&#39;%20viewBox%3D&#39;0%200%20768%20512&#39;%2F%3E\" data-src=\"https:\/\/www.iseoprojection.com\/wp-content\/uploads\/2024\/10\/isolation-mousse-polyurethane-toiture-affligem-768x512.jpg\" data-srcset=\"https:\/\/www.iseoprojection.com\/wp-content\/uploads\/2024\/10\/isolation-mousse-polyurethane-toiture-affligem-768x512.jpg 768w, https:\/\/www.iseoprojection.com\/wp-content\/uploads\/2024\/10\/isolation-mousse-polyurethane-toiture-affligem-1152x768.jpg 1152w\" loading=\"eager\" style=\"--ratio: 768 \/ 512\" sizes=\"(max-width: 768px) 100vw, 768px\" alt=\"Toit d&#039;une grange isol\u00e9 avec de la mousse polyur\u00e9thane projet\u00e9e \u00e0 Affligem, renfor\u00e7ant l&#039;efficacit\u00e9 \u00e9nerg\u00e9tique de la structure.\" title=\"isolation-mousse-polyurethane-toiture-affligem\" width=\"768\" height=\"512\"  \/><\/a><div class=\"project-links-container\"><a href=\"https:\/\/www.iseoprojection.com\/nl\/realisatie\/dakisolatie-schuur-affligem\/\" target=\"\" class=\"project-details\" aria-label=\"Details link\"><span class=\"icon-portfolio-p205\"><\/span><\/a><\/div>\n\t<\/div>\n<\/div>\n\n\n<div class=\"post-entry-content\">\n\n\t<h3 class=\"entry-title\">\n\t\t<a href=\"https:\/\/www.iseoprojection.com\/nl\/realisatie\/dakisolatie-schuur-affligem\/\" target=\"\" title=\"Isolatie van het dak van een schuur in Affligem\" rel=\"bookmark\">Isolatie van het dak van een schuur in Affligem<\/a>\n\t<\/h3>\n\n\t<div class=\"entry-meta portfolio-categories\"><span class=\"category-link\"><a href=\"https:\/\/www.iseoprojection.com\/nl\/project-category\/dak\/\" >Dak<\/a>, <a href=\"https:\/\/www.iseoprojection.com\/nl\/project-category\/zolder\/\" >Zolder<\/a><\/span><\/div>\n\t<div class=\"entry-excerpt\"><p>Ontdek onze ingreep tijdens de renovatie van een schuur in Affligem: snelle en effici\u00ebnte dakisolatie van dit toekomstige museum met open-cel schuim.<\/p>\n<\/div>\n\t<a class=\"dt-btn-s dt-btn post-details details-type-btn\" href=\"https:\/\/www.iseoprojection.com\/nl\/realisatie\/dakisolatie-schuur-affligem\/\" target=\"\">Meer lezen<i class=\"dt-icon-the7-arrow-03\" aria-hidden=\"true\"><\/i><\/a>\n<\/div><\/article><\/div><div class=\"hidden wf-cell category-50 category-53 category-57\" data-post-id=\"4015\" data-date=\"2024-09-09T12:27:13+02:00\" data-name=\"Renovatie en isolatie van een woning in Couvin\"><article class=\"post visible post-4015 dt_portfolio type-dt_portfolio status-publish has-post-thumbnail hentry dt_portfolio_category-muren dt_portfolio_category-vloer dt_portfolio_category-zolder dt_portfolio_category-50 dt_portfolio_category-53 dt_portfolio_category-57\" data-name=\"Renovatie en isolatie van een woning in Couvin\" data-date=\"2024-09-09T12:27:13+02:00\">\n\n<div class=\"post-thumbnail-wrap rollover-active \">\n\t<div class=\"post-thumbnail\">\n\n\t\t<a href=\"https:\/\/www.iseoprojection.com\/nl\/realisatie\/isolatie-woning-couvin\/\" class=\"post-thumbnail-rollover layzr-bg\" target=\"\"  aria-label=\"Post image\"><img decoding=\"async\" class=\"iso-lazy-load preload-me iso-lazy-load aspect\" src=\"data:image\/svg+xml,%3Csvg%20xmlns%3D&#39;http%3A%2F%2Fwww.w3.org%2F2000%2Fsvg&#39;%20viewBox%3D&#39;0%200%20768%20512&#39;%2F%3E\" data-src=\"https:\/\/www.iseoprojection.com\/wp-content\/uploads\/2024\/09\/Iseoprojection-Realisation-Couvin-header-768x512.jpg\" data-srcset=\"https:\/\/www.iseoprojection.com\/wp-content\/uploads\/2024\/09\/Iseoprojection-Realisation-Couvin-header-768x512.jpg 768w, https:\/\/www.iseoprojection.com\/wp-content\/uploads\/2024\/09\/Iseoprojection-Realisation-Couvin-header-1075x717.jpg 1075w\" loading=\"eager\" style=\"--ratio: 768 \/ 512\" sizes=\"(max-width: 768px) 100vw, 768px\" alt=\"Mousse polyur\u00e9thane projet\u00e9e sur les murs int\u00e9rieurs d&#039;une habitation\" title=\"Iseoprojection-Realisation-Couvin-header\" width=\"768\" height=\"512\"  \/><\/a><div class=\"project-links-container\"><a href=\"https:\/\/www.iseoprojection.com\/nl\/realisatie\/isolatie-woning-couvin\/\" target=\"\" class=\"project-details\" aria-label=\"Details link\"><span class=\"icon-portfolio-p205\"><\/span><\/a><\/div>\n\t<\/div>\n<\/div>\n\n\n<div class=\"post-entry-content\">\n\n\t<h3 class=\"entry-title\">\n\t\t<a href=\"https:\/\/www.iseoprojection.com\/nl\/realisatie\/isolatie-woning-couvin\/\" target=\"\" title=\"Renovatie en isolatie van een woning in Couvin\" rel=\"bookmark\">Renovatie en isolatie van een woning in Couvin<\/a>\n\t<\/h3>\n\n\t<div class=\"entry-meta portfolio-categories\"><span class=\"category-link\"><a href=\"https:\/\/www.iseoprojection.com\/nl\/project-category\/muren\/\" >Muren<\/a>, <a href=\"https:\/\/www.iseoprojection.com\/nl\/project-category\/vloer\/\" >Vloer<\/a>, <a href=\"https:\/\/www.iseoprojection.com\/nl\/project-category\/zolder\/\" >Zolder<\/a><\/span><\/div>\n\t<div class=\"entry-excerpt\"><p>Energetische renovatie in Couvin: totale isolatie van 380 m\u00b2 met HFO-schuim. Zorgvuldig werk aan muren, vloeren en zolders.<\/p>\n<\/div>\n\t<a class=\"dt-btn-s dt-btn post-details details-type-btn\" href=\"https:\/\/www.iseoprojection.com\/nl\/realisatie\/isolatie-woning-couvin\/\" target=\"\">Meer lezen<i class=\"dt-icon-the7-arrow-03\" aria-hidden=\"true\"><\/i><\/a>\n<\/div><\/article><\/div><div class=\"hidden wf-cell category-48\" data-post-id=\"3986\" data-date=\"2024-09-09T12:13:08+02:00\" data-name=\"Dakisolatie aan de buitenkant in Grez-Doiceau\"><article class=\"post visible post-3986 dt_portfolio type-dt_portfolio status-publish has-post-thumbnail hentry dt_portfolio_category-dak dt_portfolio_category-48\" data-name=\"Dakisolatie aan de buitenkant in Grez-Doiceau\" data-date=\"2024-09-09T12:13:08+02:00\">\n\n<div class=\"post-thumbnail-wrap rollover-active \">\n\t<div class=\"post-thumbnail\">\n\n\t\t<a href=\"https:\/\/www.iseoprojection.com\/nl\/realisatie\/dakisolatie-grez-doiceau\/\" class=\"post-thumbnail-rollover layzr-bg\" target=\"\"  aria-label=\"Post image\"><img decoding=\"async\" class=\"iso-lazy-load preload-me iso-lazy-load aspect\" src=\"data:image\/svg+xml,%3Csvg%20xmlns%3D&#39;http%3A%2F%2Fwww.w3.org%2F2000%2Fsvg&#39;%20viewBox%3D&#39;0%200%20768%20512&#39;%2F%3E\" data-src=\"https:\/\/www.iseoprojection.com\/wp-content\/uploads\/2024\/09\/Iseoprojection-Realisation-Grez-Doiceau-header-768x512.jpg\" data-srcset=\"https:\/\/www.iseoprojection.com\/wp-content\/uploads\/2024\/09\/Iseoprojection-Realisation-Grez-Doiceau-header-768x512.jpg 768w, https:\/\/www.iseoprojection.com\/wp-content\/uploads\/2024\/09\/Iseoprojection-Realisation-Grez-Doiceau-header-1152x768.jpg 1152w\" loading=\"eager\" style=\"--ratio: 768 \/ 512\" sizes=\"(max-width: 768px) 100vw, 768px\" alt=\"Toiture ouverte qui n&#039;est pas encore isol\u00e9e\" title=\"Iseoprojection-Realisation-Grez-Doiceau-header\" width=\"768\" height=\"512\"  \/><\/a><div class=\"project-links-container\"><a href=\"https:\/\/www.iseoprojection.com\/nl\/realisatie\/dakisolatie-grez-doiceau\/\" target=\"\" class=\"project-details\" aria-label=\"Details link\"><span class=\"icon-portfolio-p205\"><\/span><\/a><\/div>\n\t<\/div>\n<\/div>\n\n\n<div class=\"post-entry-content\">\n\n\t<h3 class=\"entry-title\">\n\t\t<a href=\"https:\/\/www.iseoprojection.com\/nl\/realisatie\/dakisolatie-grez-doiceau\/\" target=\"\" title=\"Dakisolatie aan de buitenkant in Grez-Doiceau\" rel=\"bookmark\">Dakisolatie aan de buitenkant in Grez-Doiceau<\/a>\n\t<\/h3>\n\n\t<div class=\"entry-meta portfolio-categories\"><span class=\"category-link\"><a href=\"https:\/\/www.iseoprojection.com\/nl\/project-category\/dak\/\" >Dak<\/a><\/span><\/div>\n\t<div class=\"entry-excerpt\"><p>Ontdek hoe ISEO Projection een dak heeft ge\u00efsoleerd in Grez-Doiceau zonder het interieur te wijzigen of de dakbedekking te verhogen. Snel project in een halve&hellip;<\/p>\n<\/div>\n\t<a class=\"dt-btn-s dt-btn post-details details-type-btn\" href=\"https:\/\/www.iseoprojection.com\/nl\/realisatie\/dakisolatie-grez-doiceau\/\" target=\"\">Meer lezen<i class=\"dt-icon-the7-arrow-03\" aria-hidden=\"true\"><\/i><\/a>\n<\/div><\/article><\/div><div class=\"hidden wf-cell category-50\" data-post-id=\"3975\" data-date=\"2024-09-09T11:55:26+02:00\" data-name=\"Isolatie van de buitenmuren van een huis in Lummen\"><article class=\"post visible post-3975 dt_portfolio type-dt_portfolio status-publish has-post-thumbnail hentry dt_portfolio_category-muren dt_portfolio_category-50\" data-name=\"Isolatie van de buitenmuren van een huis in Lummen\" data-date=\"2024-09-09T11:55:26+02:00\">\n\n<div class=\"post-thumbnail-wrap rollover-active \">\n\t<div class=\"post-thumbnail\">\n\n\t\t<a href=\"https:\/\/www.iseoprojection.com\/nl\/realisatie\/isolatie-buitenmuren-huis-lummen\/\" class=\"post-thumbnail-rollover layzr-bg\" target=\"\"  aria-label=\"Post image\"><img decoding=\"async\" class=\"iso-lazy-load preload-me iso-lazy-load aspect\" src=\"data:image\/svg+xml,%3Csvg%20xmlns%3D&#39;http%3A%2F%2Fwww.w3.org%2F2000%2Fsvg&#39;%20viewBox%3D&#39;0%200%20768%20512&#39;%2F%3E\" data-src=\"https:\/\/www.iseoprojection.com\/wp-content\/uploads\/2024\/09\/Iseoprojection-Realisation-Lummen-header-768x512.jpg\" data-srcset=\"https:\/\/www.iseoprojection.com\/wp-content\/uploads\/2024\/09\/Iseoprojection-Realisation-Lummen-header-768x512.jpg 768w, https:\/\/www.iseoprojection.com\/wp-content\/uploads\/2024\/09\/Iseoprojection-Realisation-Lummen-header-1152x768.jpg 1152w\" loading=\"eager\" style=\"--ratio: 768 \/ 512\" sizes=\"(max-width: 768px) 100vw, 768px\" alt=\"Isolation d&#039;une annexe et d&#039;une maison par mousse polyur\u00e9thane projet\u00e9e\" title=\"Iseoprojection-Realisation-Lummen-header\" width=\"768\" height=\"512\"  \/><\/a><div class=\"project-links-container\"><a href=\"https:\/\/www.iseoprojection.com\/nl\/realisatie\/isolatie-buitenmuren-huis-lummen\/\" target=\"\" class=\"project-details\" aria-label=\"Details link\"><span class=\"icon-portfolio-p205\"><\/span><\/a><\/div>\n\t<\/div>\n<\/div>\n\n\n<div class=\"post-entry-content\">\n\n\t<h3 class=\"entry-title\">\n\t\t<a href=\"https:\/\/www.iseoprojection.com\/nl\/realisatie\/isolatie-buitenmuren-huis-lummen\/\" target=\"\" title=\"Isolatie van de buitenmuren van een huis in Lummen\" rel=\"bookmark\">Isolatie van de buitenmuren van een huis in Lummen<\/a>\n\t<\/h3>\n\n\t<div class=\"entry-meta portfolio-categories\"><span class=\"category-link\"><a href=\"https:\/\/www.iseoprojection.com\/nl\/project-category\/muren\/\" >Muren<\/a><\/span><\/div>\n\t<div class=\"entry-excerpt\"><p>Ontdek onze interventie voor de isolatie van de muren van een oud huis in Lummen met ICYNENE schuim voor optimaal energiecomfort.<\/p>\n<\/div>\n\t<a class=\"dt-btn-s dt-btn post-details details-type-btn\" href=\"https:\/\/www.iseoprojection.com\/nl\/realisatie\/isolatie-buitenmuren-huis-lummen\/\" target=\"\">Meer lezen<i class=\"dt-icon-the7-arrow-03\" aria-hidden=\"true\"><\/i><\/a>\n<\/div><\/article><\/div><div class=\"hidden wf-cell category-53\" data-post-id=\"3954\" data-date=\"2024-09-09T11:30:23+02:00\" data-name=\"Vloerisolatie van twee huizen in Dison\"><article class=\"post visible post-3954 dt_portfolio type-dt_portfolio status-publish has-post-thumbnail hentry dt_portfolio_category-vloer dt_portfolio_category-53\" data-name=\"Vloerisolatie van twee huizen in Dison\" data-date=\"2024-09-09T11:30:23+02:00\">\n\n<div class=\"post-thumbnail-wrap rollover-active \">\n\t<div class=\"post-thumbnail\">\n\n\t\t<a href=\"https:\/\/www.iseoprojection.com\/nl\/realisatie\/vloerisolatie-twee-huizen-dison\/\" class=\"post-thumbnail-rollover layzr-bg\" target=\"\"  aria-label=\"Post image\"><img decoding=\"async\" class=\"iso-lazy-load preload-me iso-lazy-load aspect\" src=\"data:image\/svg+xml,%3Csvg%20xmlns%3D&#39;http%3A%2F%2Fwww.w3.org%2F2000%2Fsvg&#39;%20viewBox%3D&#39;0%200%20768%20512&#39;%2F%3E\" data-src=\"https:\/\/www.iseoprojection.com\/wp-content\/uploads\/2024\/09\/Iseoprojection-Realisation-Dison-768x512.jpg\" data-srcset=\"https:\/\/www.iseoprojection.com\/wp-content\/uploads\/2024\/09\/Iseoprojection-Realisation-Dison-768x512.jpg 768w, https:\/\/www.iseoprojection.com\/wp-content\/uploads\/2024\/09\/Iseoprojection-Realisation-Dison-1152x768.jpg 1152w\" loading=\"eager\" style=\"--ratio: 768 \/ 512\" sizes=\"(max-width: 768px) 100vw, 768px\" alt=\"Isolation projet\u00e9e au sol\" title=\"Iseoprojection-Realisation-Dison\" width=\"768\" height=\"512\"  \/><\/a><div class=\"project-links-container\"><a href=\"https:\/\/www.iseoprojection.com\/nl\/realisatie\/vloerisolatie-twee-huizen-dison\/\" target=\"\" class=\"project-details\" aria-label=\"Details link\"><span class=\"icon-portfolio-p205\"><\/span><\/a><\/div>\n\t<\/div>\n<\/div>\n\n\n<div class=\"post-entry-content\">\n\n\t<h3 class=\"entry-title\">\n\t\t<a href=\"https:\/\/www.iseoprojection.com\/nl\/realisatie\/vloerisolatie-twee-huizen-dison\/\" target=\"\" title=\"Vloerisolatie van twee huizen in Dison\" rel=\"bookmark\">Vloerisolatie van twee huizen in Dison<\/a>\n\t<\/h3>\n\n\t<div class=\"entry-meta portfolio-categories\"><span class=\"category-link\"><a href=\"https:\/\/www.iseoprojection.com\/nl\/project-category\/vloer\/\" >Vloer<\/a><\/span><\/div>\n\t<div class=\"entry-excerpt\"><p>Ontdek onze laatste interventie: snelle en effici\u00ebnte vloerisolatie in Dison met gespoten schuim. Twee huizen, 198 m\u00b2 behandeld in \u00e9\u00e9n dag.<\/p>\n<\/div>\n\t<a class=\"dt-btn-s dt-btn post-details details-type-btn\" href=\"https:\/\/www.iseoprojection.com\/nl\/realisatie\/vloerisolatie-twee-huizen-dison\/\" target=\"\">Meer lezen<i class=\"dt-icon-the7-arrow-03\" aria-hidden=\"true\"><\/i><\/a>\n<\/div><\/article><\/div><div class=\"hidden wf-cell category-60 category-61\" data-post-id=\"3873\" data-date=\"2024-08-05T09:04:28+02:00\" data-name=\"Isolatie van het plafond en het trappenhuis van een kelder in Gembloux\"><article class=\"post visible post-3873 dt_portfolio type-dt_portfolio status-publish has-post-thumbnail hentry dt_portfolio_category-kelder dt_portfolio_category-plafonds-nl dt_portfolio_category-60 dt_portfolio_category-61\" data-name=\"Isolatie van het plafond en het trappenhuis van een kelder in Gembloux\" data-date=\"2024-08-05T09:04:28+02:00\">\n\n<div class=\"post-thumbnail-wrap rollover-active \">\n\t<div class=\"post-thumbnail\">\n\n\t\t<a href=\"https:\/\/www.iseoprojection.com\/nl\/realisatie\/isolatie-plafond-trappenhuis-kelder-gembloux\/\" class=\"post-thumbnail-rollover layzr-bg\" target=\"\"  aria-label=\"Post image\"><img decoding=\"async\" class=\"iso-lazy-load preload-me iso-lazy-load aspect\" src=\"data:image\/svg+xml,%3Csvg%20xmlns%3D&#39;http%3A%2F%2Fwww.w3.org%2F2000%2Fsvg&#39;%20viewBox%3D&#39;0%200%20768%20512&#39;%2F%3E\" data-src=\"https:\/\/www.iseoprojection.com\/wp-content\/uploads\/2024\/08\/isolation-cave-gembloux-768x512.jpg\" data-srcset=\"https:\/\/www.iseoprojection.com\/wp-content\/uploads\/2024\/08\/isolation-cave-gembloux-768x512.jpg 768w, https:\/\/www.iseoprojection.com\/wp-content\/uploads\/2024\/08\/isolation-cave-gembloux-900x600.jpg 900w\" loading=\"eager\" style=\"--ratio: 768 \/ 512\" sizes=\"(max-width: 768px) 100vw, 768px\" alt=\"Isolation du plafond d&#039;une cave \u00e0 Gembloux\" title=\"isolation-cave-gembloux\" width=\"768\" height=\"512\"  \/><\/a><div class=\"project-links-container\"><a href=\"https:\/\/www.iseoprojection.com\/nl\/realisatie\/isolatie-plafond-trappenhuis-kelder-gembloux\/\" target=\"\" class=\"project-details\" aria-label=\"Details link\"><span class=\"icon-portfolio-p205\"><\/span><\/a><\/div>\n\t<\/div>\n<\/div>\n\n\n<div class=\"post-entry-content\">\n\n\t<h3 class=\"entry-title\">\n\t\t<a href=\"https:\/\/www.iseoprojection.com\/nl\/realisatie\/isolatie-plafond-trappenhuis-kelder-gembloux\/\" target=\"\" title=\"Isolatie van het plafond en het trappenhuis van een kelder in Gembloux\" rel=\"bookmark\">Isolatie van het plafond en het trappenhuis van een kelder in Gembloux<\/a>\n\t<\/h3>\n\n\t<div class=\"entry-meta portfolio-categories\"><span class=\"category-link\"><a href=\"https:\/\/www.iseoprojection.com\/nl\/project-category\/kelder\/\" >Kelder<\/a>, <a href=\"https:\/\/www.iseoprojection.com\/nl\/project-category\/plafonds-nl\/\" >Plafonds<\/a><\/span><\/div>\n\t<div class=\"entry-excerpt\"><p>ISEO Projection presenteert u zijn laatste werf: isolatie van het plafond en het trappenhuis van een kelder in Gembloux.<\/p>\n<\/div>\n\t<a class=\"dt-btn-s dt-btn post-details details-type-btn\" href=\"https:\/\/www.iseoprojection.com\/nl\/realisatie\/isolatie-plafond-trappenhuis-kelder-gembloux\/\" target=\"\">Meer lezen<i class=\"dt-icon-the7-arrow-03\" aria-hidden=\"true\"><\/i><\/a>\n<\/div><\/article><\/div><div class=\"hidden wf-cell category-57\" data-post-id=\"3862\" data-date=\"2024-08-05T08:53:58+02:00\" data-name=\"Isolatie en inrichting van een zolder in Lincent\"><article class=\"post visible post-3862 dt_portfolio type-dt_portfolio status-publish has-post-thumbnail hentry dt_portfolio_category-zolder dt_portfolio_category-57\" data-name=\"Isolatie en inrichting van een zolder in Lincent\" data-date=\"2024-08-05T08:53:58+02:00\">\n\n<div class=\"post-thumbnail-wrap rollover-active \">\n\t<div class=\"post-thumbnail\">\n\n\t\t<a href=\"https:\/\/www.iseoprojection.com\/nl\/realisatie\/isolatie-en-inrichting-zolder-lincent\/\" class=\"post-thumbnail-rollover layzr-bg\" target=\"\"  aria-label=\"Post image\"><img decoding=\"async\" class=\"iso-lazy-load preload-me iso-lazy-load aspect\" src=\"data:image\/svg+xml,%3Csvg%20xmlns%3D&#39;http%3A%2F%2Fwww.w3.org%2F2000%2Fsvg&#39;%20viewBox%3D&#39;0%200%20768%20512&#39;%2F%3E\" data-src=\"https:\/\/www.iseoprojection.com\/wp-content\/uploads\/2024\/08\/isolation-grenier-lincent-768x512.jpg\" data-srcset=\"https:\/\/www.iseoprojection.com\/wp-content\/uploads\/2024\/08\/isolation-grenier-lincent-768x512.jpg 768w, https:\/\/www.iseoprojection.com\/wp-content\/uploads\/2024\/08\/isolation-grenier-lincent-900x600.jpg 900w\" loading=\"eager\" style=\"--ratio: 768 \/ 512\" sizes=\"(max-width: 768px) 100vw, 768px\" alt=\"Isolation et am\u00e9nagement d\u2019un grenier \u00e0 Lincent.\" title=\"isolation-grenier-lincent\" width=\"768\" height=\"512\"  \/><\/a><div class=\"project-links-container\"><a href=\"https:\/\/www.iseoprojection.com\/nl\/realisatie\/isolatie-en-inrichting-zolder-lincent\/\" target=\"\" class=\"project-details\" aria-label=\"Details link\"><span class=\"icon-portfolio-p205\"><\/span><\/a><\/div>\n\t<\/div>\n<\/div>\n\n\n<div class=\"post-entry-content\">\n\n\t<h3 class=\"entry-title\">\n\t\t<a href=\"https:\/\/www.iseoprojection.com\/nl\/realisatie\/isolatie-en-inrichting-zolder-lincent\/\" target=\"\" title=\"Isolatie en inrichting van een zolder in Lincent\" rel=\"bookmark\">Isolatie en inrichting van een zolder in Lincent<\/a>\n\t<\/h3>\n\n\t<div class=\"entry-meta portfolio-categories\"><span class=\"category-link\"><a href=\"https:\/\/www.iseoprojection.com\/nl\/project-category\/zolder\/\" >Zolder<\/a><\/span><\/div>\n\t<div class=\"entry-excerpt\"><p>Een blik op onze werf voor isolatie en inrichting van een zolder in Lincent, uitgevoerd in twee fasen.<\/p>\n<\/div>\n\t<a class=\"dt-btn-s dt-btn post-details details-type-btn\" href=\"https:\/\/www.iseoprojection.com\/nl\/realisatie\/isolatie-en-inrichting-zolder-lincent\/\" target=\"\">Meer lezen<i class=\"dt-icon-the7-arrow-03\" aria-hidden=\"true\"><\/i><\/a>\n<\/div><\/article><\/div><div class=\"hidden wf-cell category-53\" data-post-id=\"3853\" data-date=\"2024-08-05T08:42:03+02:00\" data-name=\"Vloerisolatie van een woning in Edingen\"><article class=\"post visible post-3853 dt_portfolio type-dt_portfolio status-publish has-post-thumbnail hentry dt_portfolio_category-vloer dt_portfolio_category-53\" data-name=\"Vloerisolatie van een woning in Edingen\" data-date=\"2024-08-05T08:42:03+02:00\">\n\n<div class=\"post-thumbnail-wrap rollover-active \">\n\t<div class=\"post-thumbnail\">\n\n\t\t<a href=\"https:\/\/www.iseoprojection.com\/nl\/realisatie\/vloerisolatie-begane-grond-edingen\/\" class=\"post-thumbnail-rollover layzr-bg\" target=\"\"  aria-label=\"Post image\"><img decoding=\"async\" class=\"iso-lazy-load preload-me iso-lazy-load aspect\" src=\"data:image\/svg+xml,%3Csvg%20xmlns%3D&#39;http%3A%2F%2Fwww.w3.org%2F2000%2Fsvg&#39;%20viewBox%3D&#39;0%200%20768%20512&#39;%2F%3E\" data-src=\"https:\/\/www.iseoprojection.com\/wp-content\/uploads\/2024\/08\/isolation-sol-mousse-polyurethane-enghien-768x512.jpg\" data-srcset=\"https:\/\/www.iseoprojection.com\/wp-content\/uploads\/2024\/08\/isolation-sol-mousse-polyurethane-enghien-768x512.jpg 768w, https:\/\/www.iseoprojection.com\/wp-content\/uploads\/2024\/08\/isolation-sol-mousse-polyurethane-enghien-1152x768.jpg 1152w\" loading=\"eager\" style=\"--ratio: 768 \/ 512\" sizes=\"(max-width: 768px) 100vw, 768px\" alt=\"Isolation du sol d\u2019une habitation \u00e0 Enghien\" title=\"isolation-sol-mousse-polyurethane-enghien\" width=\"768\" height=\"512\"  \/><\/a><div class=\"project-links-container\"><a href=\"https:\/\/www.iseoprojection.com\/nl\/realisatie\/vloerisolatie-begane-grond-edingen\/\" target=\"\" class=\"project-details\" aria-label=\"Details link\"><span class=\"icon-portfolio-p205\"><\/span><\/a><\/div>\n\t<\/div>\n<\/div>\n\n\n<div class=\"post-entry-content\">\n\n\t<h3 class=\"entry-title\">\n\t\t<a href=\"https:\/\/www.iseoprojection.com\/nl\/realisatie\/vloerisolatie-begane-grond-edingen\/\" target=\"\" title=\"Vloerisolatie van een woning in Edingen\" rel=\"bookmark\">Vloerisolatie van een woning in Edingen<\/a>\n\t<\/h3>\n\n\t<div class=\"entry-meta portfolio-categories\"><span class=\"category-link\"><a href=\"https:\/\/www.iseoprojection.com\/nl\/project-category\/vloer\/\" >Vloer<\/a><\/span><\/div>\n\t<div class=\"entry-excerpt\"><p>ISEO Projection stelt zijn expertise ter beschikking voor vloerisolatie om het optimale comfort van uw woning te garanderen.<\/p>\n<\/div>\n\t<a class=\"dt-btn-s dt-btn post-details details-type-btn\" href=\"https:\/\/www.iseoprojection.com\/nl\/realisatie\/vloerisolatie-begane-grond-edingen\/\" target=\"\">Meer lezen<i class=\"dt-icon-the7-arrow-03\" aria-hidden=\"true\"><\/i><\/a>\n<\/div><\/article><\/div><div class=\"hidden wf-cell category-48 category-50\" data-post-id=\"3838\" data-date=\"2024-08-05T08:25:32+02:00\" data-name=\"Isolatie van de muren en het dak van een gerenoveerd huis in Plombi\u00e8res\"><article class=\"post visible post-3838 dt_portfolio type-dt_portfolio status-publish has-post-thumbnail hentry dt_portfolio_category-dak dt_portfolio_category-muren dt_portfolio_category-48 dt_portfolio_category-50\" data-name=\"Isolatie van de muren en het dak van een gerenoveerd huis in Plombi\u00e8res\" data-date=\"2024-08-05T08:25:32+02:00\">\n\n<div class=\"post-thumbnail-wrap rollover-active \">\n\t<div class=\"post-thumbnail\">\n\n\t\t<a href=\"https:\/\/www.iseoprojection.com\/nl\/realisatie\/isolatie-muren-en-dak-renovatie-plombieres\/\" class=\"post-thumbnail-rollover layzr-bg\" target=\"\"  aria-label=\"Post image\"><img decoding=\"async\" class=\"iso-lazy-load preload-me iso-lazy-load aspect\" src=\"data:image\/svg+xml,%3Csvg%20xmlns%3D&#39;http%3A%2F%2Fwww.w3.org%2F2000%2Fsvg&#39;%20viewBox%3D&#39;0%200%20768%20512&#39;%2F%3E\" data-src=\"https:\/\/www.iseoprojection.com\/wp-content\/uploads\/2024\/08\/isolation-mur-et-toiture-pombliere-768x512.jpg\" data-srcset=\"https:\/\/www.iseoprojection.com\/wp-content\/uploads\/2024\/08\/isolation-mur-et-toiture-pombliere-768x512.jpg 768w, https:\/\/www.iseoprojection.com\/wp-content\/uploads\/2024\/08\/isolation-mur-et-toiture-pombliere-900x600.jpg 900w\" loading=\"eager\" style=\"--ratio: 768 \/ 512\" sizes=\"(max-width: 768px) 100vw, 768px\" alt=\"Isolation des murs et de la toiture d\u2019une maison r\u00e9nov\u00e9e \u00e0 Plombi\u00e8res\" title=\"isolation-mur-et-toiture-pombliere\" width=\"768\" height=\"512\"  \/><\/a><div class=\"project-links-container\"><a href=\"https:\/\/www.iseoprojection.com\/nl\/realisatie\/isolatie-muren-en-dak-renovatie-plombieres\/\" target=\"\" class=\"project-details\" aria-label=\"Details link\"><span class=\"icon-portfolio-p205\"><\/span><\/a><\/div>\n\t<\/div>\n<\/div>\n\n\n<div class=\"post-entry-content\">\n\n\t<h3 class=\"entry-title\">\n\t\t<a href=\"https:\/\/www.iseoprojection.com\/nl\/realisatie\/isolatie-muren-en-dak-renovatie-plombieres\/\" target=\"\" title=\"Isolatie van de muren en het dak van een gerenoveerd huis in Plombi\u00e8res\" rel=\"bookmark\">Isolatie van de muren en het dak van een gerenoveerd huis in Plombi\u00e8res<\/a>\n\t<\/h3>\n\n\t<div class=\"entry-meta portfolio-categories\"><span class=\"category-link\"><a href=\"https:\/\/www.iseoprojection.com\/nl\/project-category\/dak\/\" >Dak<\/a>, <a href=\"https:\/\/www.iseoprojection.com\/nl\/project-category\/muren\/\" >Muren<\/a><\/span><\/div>\n\t<div class=\"entry-excerpt\"><p>In deze realisatie heeft ISEO Projection de energie-effici\u00ebntie van een huis in Plombi\u00e8res verbeterd.<\/p>\n<\/div>\n\t<a class=\"dt-btn-s dt-btn post-details details-type-btn\" href=\"https:\/\/www.iseoprojection.com\/nl\/realisatie\/isolatie-muren-en-dak-renovatie-plombieres\/\" target=\"\">Meer lezen<i class=\"dt-icon-the7-arrow-03\" aria-hidden=\"true\"><\/i><\/a>\n<\/div><\/article><\/div><div class=\"hidden wf-cell category-48\" data-post-id=\"3803\" data-date=\"2024-07-29T12:20:38+02:00\" data-name=\"Isolatie van een renovatiewoning in Burg Reuland\"><article class=\"post visible post-3803 dt_portfolio type-dt_portfolio status-publish has-post-thumbnail hentry dt_portfolio_category-dak dt_portfolio_category-48\" data-name=\"Isolatie van een renovatiewoning in Burg Reuland\" data-date=\"2024-07-29T12:20:38+02:00\">\n\n<div class=\"post-thumbnail-wrap rollover-active \">\n\t<div class=\"post-thumbnail\">\n\n\t\t<a href=\"https:\/\/www.iseoprojection.com\/nl\/realisatie\/isolation-maison-renovation-burg-reuland\/\" class=\"post-thumbnail-rollover layzr-bg\" target=\"\"  aria-label=\"Post image\"><img decoding=\"async\" class=\"iso-lazy-load preload-me iso-lazy-load aspect\" src=\"data:image\/svg+xml,%3Csvg%20xmlns%3D&#39;http%3A%2F%2Fwww.w3.org%2F2000%2Fsvg&#39;%20viewBox%3D&#39;0%200%20768%20512&#39;%2F%3E\" data-src=\"https:\/\/www.iseoprojection.com\/wp-content\/uploads\/2024\/07\/isolation-mousse-polyurethane-burg-reuland-768x512.jpg\" data-srcset=\"https:\/\/www.iseoprojection.com\/wp-content\/uploads\/2024\/07\/isolation-mousse-polyurethane-burg-reuland-768x512.jpg 768w, https:\/\/www.iseoprojection.com\/wp-content\/uploads\/2024\/07\/isolation-mousse-polyurethane-burg-reuland-900x600.jpg 900w\" loading=\"eager\" style=\"--ratio: 768 \/ 512\" sizes=\"(max-width: 768px) 100vw, 768px\" alt=\"isolation par l&#039;int\u00e9rieur avec mousse polyur\u00e9thane d&#039;une toiture inclin\u00e9e\" title=\"isolation-mousse-polyurethane-burg-reuland\" width=\"768\" height=\"512\"  \/><\/a><div class=\"project-links-container\"><a href=\"https:\/\/www.iseoprojection.com\/nl\/realisatie\/isolation-maison-renovation-burg-reuland\/\" target=\"\" class=\"project-details\" aria-label=\"Details link\"><span class=\"icon-portfolio-p205\"><\/span><\/a><\/div>\n\t<\/div>\n<\/div>\n\n\n<div class=\"post-entry-content\">\n\n\t<h3 class=\"entry-title\">\n\t\t<a href=\"https:\/\/www.iseoprojection.com\/nl\/realisatie\/isolation-maison-renovation-burg-reuland\/\" target=\"\" title=\"Isolatie van een renovatiewoning in Burg Reuland\" rel=\"bookmark\">Isolatie van een renovatiewoning in Burg Reuland<\/a>\n\t<\/h3>\n\n\t<div class=\"entry-meta portfolio-categories\"><span class=\"category-link\"><a href=\"https:\/\/www.iseoprojection.com\/nl\/project-category\/dak\/\" >Dak<\/a><\/span><\/div>\n\t<div class=\"entry-excerpt\"><p>ISEO Projection a isol\u00e9 une toiture de 190m\u00b2 \u00e0 Burg Reuland avec la mousse ICYNENE. Efficacit\u00e9 \u00e9nerg\u00e9tique garantie.<\/p>\n<\/div>\n\t<a class=\"dt-btn-s dt-btn post-details details-type-btn\" href=\"https:\/\/www.iseoprojection.com\/nl\/realisatie\/isolation-maison-renovation-burg-reuland\/\" target=\"\">Meer lezen<i class=\"dt-icon-the7-arrow-03\" aria-hidden=\"true\"><\/i><\/a>\n<\/div><\/article><\/div><div class=\"hidden wf-cell category-53\" data-post-id=\"3790\" data-date=\"2024-07-29T12:12:42+02:00\" data-name=\"Isolatie van een oude boerderij in Ciney\"><article class=\"post visible post-3790 dt_portfolio type-dt_portfolio status-publish has-post-thumbnail hentry dt_portfolio_category-vloer dt_portfolio_category-53\" data-name=\"Isolatie van een oude boerderij in Ciney\" data-date=\"2024-07-29T12:12:42+02:00\">\n\n<div class=\"post-thumbnail-wrap rollover-active \">\n\t<div class=\"post-thumbnail\">\n\n\t\t<a href=\"https:\/\/www.iseoprojection.com\/nl\/realisatie\/isolatie-vloeren-oude-boerderij-ciney\/\" class=\"post-thumbnail-rollover layzr-bg\" target=\"\"  aria-label=\"Post image\"><img decoding=\"async\" class=\"iso-lazy-load preload-me iso-lazy-load aspect\" src=\"data:image\/svg+xml,%3Csvg%20xmlns%3D&#39;http%3A%2F%2Fwww.w3.org%2F2000%2Fsvg&#39;%20viewBox%3D&#39;0%200%20768%20512&#39;%2F%3E\" data-src=\"https:\/\/www.iseoprojection.com\/wp-content\/uploads\/2024\/07\/isolation-ferme-par-mousse-projetee-ciney-768x512.jpg\" data-srcset=\"https:\/\/www.iseoprojection.com\/wp-content\/uploads\/2024\/07\/isolation-ferme-par-mousse-projetee-ciney-768x512.jpg 768w, https:\/\/www.iseoprojection.com\/wp-content\/uploads\/2024\/07\/isolation-ferme-par-mousse-projetee-ciney-900x600.jpg 900w\" loading=\"eager\" style=\"--ratio: 768 \/ 512\" sizes=\"(max-width: 768px) 100vw, 768px\" alt=\"\" title=\"isolation-ferme-par-mousse-projetee-ciney\" width=\"768\" height=\"512\"  \/><\/a><div class=\"project-links-container\"><a href=\"https:\/\/www.iseoprojection.com\/nl\/realisatie\/isolatie-vloeren-oude-boerderij-ciney\/\" target=\"\" class=\"project-details\" aria-label=\"Details link\"><span class=\"icon-portfolio-p205\"><\/span><\/a><\/div>\n\t<\/div>\n<\/div>\n\n\n<div class=\"post-entry-content\">\n\n\t<h3 class=\"entry-title\">\n\t\t<a href=\"https:\/\/www.iseoprojection.com\/nl\/realisatie\/isolatie-vloeren-oude-boerderij-ciney\/\" target=\"\" title=\"Isolatie van een oude boerderij in Ciney\" rel=\"bookmark\">Isolatie van een oude boerderij in Ciney<\/a>\n\t<\/h3>\n\n\t<div class=\"entry-meta portfolio-categories\"><span class=\"category-link\"><a href=\"https:\/\/www.iseoprojection.com\/nl\/project-category\/vloer\/\" >Vloer<\/a><\/span><\/div>\n\t<div class=\"entry-excerpt\"><p>Ontdek de isolatie van de vloer van een oude boerderij in Ciney. HFO-schuim met hoge dichtheid voor superieure isolatie.<\/p>\n<\/div>\n\t<a class=\"dt-btn-s dt-btn post-details details-type-btn\" href=\"https:\/\/www.iseoprojection.com\/nl\/realisatie\/isolatie-vloeren-oude-boerderij-ciney\/\" target=\"\">Meer lezen<i class=\"dt-icon-the7-arrow-03\" aria-hidden=\"true\"><\/i><\/a>\n<\/div><\/article><\/div><div class=\"hidden wf-cell category-48\" data-post-id=\"3773\" data-date=\"2024-07-29T12:02:03+02:00\" data-name=\"Isolatie van een oud herenhuis in Boechout\"><article class=\"post visible post-3773 dt_portfolio type-dt_portfolio status-publish has-post-thumbnail hentry dt_portfolio_category-dak dt_portfolio_category-48\" data-name=\"Isolatie van een oud herenhuis in Boechout\" data-date=\"2024-07-29T12:02:03+02:00\">\n\n<div class=\"post-thumbnail-wrap rollover-active \">\n\t<div class=\"post-thumbnail\">\n\n\t\t<a href=\"https:\/\/www.iseoprojection.com\/nl\/realisatie\/isolatie-dak-herenhuis-boechout\/\" class=\"post-thumbnail-rollover layzr-bg\" target=\"\"  aria-label=\"Post image\"><img decoding=\"async\" class=\"iso-lazy-load preload-me iso-lazy-load aspect\" src=\"data:image\/svg+xml,%3Csvg%20xmlns%3D&#39;http%3A%2F%2Fwww.w3.org%2F2000%2Fsvg&#39;%20viewBox%3D&#39;0%200%20768%20512&#39;%2F%3E\" data-src=\"https:\/\/www.iseoprojection.com\/wp-content\/uploads\/2024\/07\/isolation-grenier-mousse-projetee-768x512.jpg\" data-srcset=\"https:\/\/www.iseoprojection.com\/wp-content\/uploads\/2024\/07\/isolation-grenier-mousse-projetee-768x512.jpg 768w, https:\/\/www.iseoprojection.com\/wp-content\/uploads\/2024\/07\/isolation-grenier-mousse-projetee-792x528.jpg 792w\" loading=\"eager\" style=\"--ratio: 768 \/ 512\" sizes=\"(max-width: 768px) 100vw, 768px\" alt=\"\" title=\"isolation-grenier-mousse-projetee\" width=\"768\" height=\"512\"  \/><\/a><div class=\"project-links-container\"><a href=\"https:\/\/www.iseoprojection.com\/nl\/realisatie\/isolatie-dak-herenhuis-boechout\/\" target=\"\" class=\"project-details\" aria-label=\"Details link\"><span class=\"icon-portfolio-p205\"><\/span><\/a><\/div>\n\t<\/div>\n<\/div>\n\n\n<div class=\"post-entry-content\">\n\n\t<h3 class=\"entry-title\">\n\t\t<a href=\"https:\/\/www.iseoprojection.com\/nl\/realisatie\/isolatie-dak-herenhuis-boechout\/\" target=\"\" title=\"Isolatie van een oud herenhuis in Boechout\" rel=\"bookmark\">Isolatie van een oud herenhuis in Boechout<\/a>\n\t<\/h3>\n\n\t<div class=\"entry-meta portfolio-categories\"><span class=\"category-link\"><a href=\"https:\/\/www.iseoprojection.com\/nl\/project-category\/dak\/\" >Dak<\/a><\/span><\/div>\n\t<div class=\"entry-excerpt\"><p>Ontdek ons project van dakisolatie van een herenhuis in Boechout. Snelle en effici\u00ebnte isolatie met ICYNENE LITE+ schuim.<\/p>\n<\/div>\n\t<a class=\"dt-btn-s dt-btn post-details details-type-btn\" href=\"https:\/\/www.iseoprojection.com\/nl\/realisatie\/isolatie-dak-herenhuis-boechout\/\" target=\"\">Meer lezen<i class=\"dt-icon-the7-arrow-03\" aria-hidden=\"true\"><\/i><\/a>\n<\/div><\/article><\/div><div class=\"hidden wf-cell category-53\" data-post-id=\"3760\" data-date=\"2024-07-29T11:49:22+02:00\" data-name=\"Isolatie van de vloeren van een nieuwbouw in Malmedy\"><article class=\"post visible post-3760 dt_portfolio type-dt_portfolio status-publish has-post-thumbnail hentry dt_portfolio_category-vloer dt_portfolio_category-53\" data-name=\"Isolatie van de vloeren van een nieuwbouw in Malmedy\" data-date=\"2024-07-29T11:49:22+02:00\">\n\n<div class=\"post-thumbnail-wrap rollover-active \">\n\t<div class=\"post-thumbnail\">\n\n\t\t<a href=\"https:\/\/www.iseoprojection.com\/nl\/realisatie\/isolatie-vloeren-nieuwbouw-malmedy\/\" class=\"post-thumbnail-rollover layzr-bg\" target=\"\"  aria-label=\"Post image\"><img decoding=\"async\" class=\"iso-lazy-load preload-me iso-lazy-load aspect\" src=\"data:image\/svg+xml,%3Csvg%20xmlns%3D&#39;http%3A%2F%2Fwww.w3.org%2F2000%2Fsvg&#39;%20viewBox%3D&#39;0%200%20768%20512&#39;%2F%3E\" data-src=\"https:\/\/www.iseoprojection.com\/wp-content\/uploads\/2024\/07\/isolation-projetee-sol-malmedy-768x512.jpg\" data-srcset=\"https:\/\/www.iseoprojection.com\/wp-content\/uploads\/2024\/07\/isolation-projetee-sol-malmedy-768x512.jpg 768w, https:\/\/www.iseoprojection.com\/wp-content\/uploads\/2024\/07\/isolation-projetee-sol-malmedy-900x600.jpg 900w\" loading=\"eager\" style=\"--ratio: 768 \/ 512\" sizes=\"(max-width: 768px) 100vw, 768px\" alt=\"\" title=\"isolation-projetee-sol-malmedy\" width=\"768\" height=\"512\"  \/><\/a><div class=\"project-links-container\"><a href=\"https:\/\/www.iseoprojection.com\/nl\/realisatie\/isolatie-vloeren-nieuwbouw-malmedy\/\" target=\"\" class=\"project-details\" aria-label=\"Details link\"><span class=\"icon-portfolio-p205\"><\/span><\/a><\/div>\n\t<\/div>\n<\/div>\n\n\n<div class=\"post-entry-content\">\n\n\t<h3 class=\"entry-title\">\n\t\t<a href=\"https:\/\/www.iseoprojection.com\/nl\/realisatie\/isolatie-vloeren-nieuwbouw-malmedy\/\" target=\"\" title=\"Isolatie van de vloeren van een nieuwbouw in Malmedy\" rel=\"bookmark\">Isolatie van de vloeren van een nieuwbouw in Malmedy<\/a>\n\t<\/h3>\n\n\t<div class=\"entry-meta portfolio-categories\"><span class=\"category-link\"><a href=\"https:\/\/www.iseoprojection.com\/nl\/project-category\/vloer\/\" >Vloer<\/a><\/span><\/div>\n\t<div class=\"entry-excerpt\"><p>ISEO Projection isoleert de begane grond en de eerste verdieping van een nieuwbouw. Duik in het verhaal van ons project.<\/p>\n<\/div>\n\t<a class=\"dt-btn-s dt-btn post-details details-type-btn\" href=\"https:\/\/www.iseoprojection.com\/nl\/realisatie\/isolatie-vloeren-nieuwbouw-malmedy\/\" target=\"\">Meer lezen<i class=\"dt-icon-the7-arrow-03\" aria-hidden=\"true\"><\/i><\/a>\n<\/div><\/article><\/div><div class=\"hidden wf-cell category-53 category-57\" data-post-id=\"3579\" data-date=\"2024-05-29T14:47:32+02:00\" data-name=\"Isolatie van de vloer en de dakruimte van een zolder in Nalinnes\"><article class=\"post visible post-3579 dt_portfolio type-dt_portfolio status-publish has-post-thumbnail hentry dt_portfolio_category-vloer dt_portfolio_category-zolder dt_portfolio_category-53 dt_portfolio_category-57\" data-name=\"Isolatie van de vloer en de dakruimte van een zolder in Nalinnes\" data-date=\"2024-05-29T14:47:32+02:00\">\n\n<div class=\"post-thumbnail-wrap rollover-active \">\n\t<div class=\"post-thumbnail\">\n\n\t\t<a href=\"https:\/\/www.iseoprojection.com\/nl\/realisatie\/isolation-grenier-nalinnes\/\" class=\"post-thumbnail-rollover layzr-bg\" target=\"\"  aria-label=\"Post image\"><img decoding=\"async\" class=\"iso-lazy-load preload-me iso-lazy-load aspect\" src=\"data:image\/svg+xml,%3Csvg%20xmlns%3D&#39;http%3A%2F%2Fwww.w3.org%2F2000%2Fsvg&#39;%20viewBox%3D&#39;0%200%20480%20320&#39;%2F%3E\" data-src=\"https:\/\/www.iseoprojection.com\/wp-content\/uploads\/2024\/05\/isolation-plancher-comble-mousse-projetee-nalinnes-rotated-480x320.jpg\" data-srcset=\"https:\/\/www.iseoprojection.com\/wp-content\/uploads\/2024\/05\/isolation-plancher-comble-mousse-projetee-nalinnes-rotated-480x320.jpg 480w\" loading=\"eager\" style=\"--ratio: 480 \/ 320\" sizes=\"(max-width: 480px) 100vw, 480px\" alt=\"Isolation par mousse projet\u00e9e du sol d&#039;un grenier \u00e0 Nalinnes\" title=\"isolation-plancher-comble-mousse-projetee-nalinnes\" width=\"480\" height=\"320\"  \/><\/a><div class=\"project-links-container\"><a href=\"https:\/\/www.iseoprojection.com\/nl\/realisatie\/isolation-grenier-nalinnes\/\" target=\"\" class=\"project-details\" aria-label=\"Details link\"><span class=\"icon-portfolio-p205\"><\/span><\/a><\/div>\n\t<\/div>\n<\/div>\n\n\n<div class=\"post-entry-content\">\n\n\t<h3 class=\"entry-title\">\n\t\t<a href=\"https:\/\/www.iseoprojection.com\/nl\/realisatie\/isolation-grenier-nalinnes\/\" target=\"\" title=\"Isolatie van de vloer en de dakruimte van een zolder in Nalinnes\" rel=\"bookmark\">Isolatie van de vloer en de dakruimte van een zolder in Nalinnes<\/a>\n\t<\/h3>\n\n\t<div class=\"entry-meta portfolio-categories\"><span class=\"category-link\"><a href=\"https:\/\/www.iseoprojection.com\/nl\/project-category\/vloer\/\" >Vloer<\/a>, <a href=\"https:\/\/www.iseoprojection.com\/nl\/project-category\/zolder\/\" >Zolder<\/a><\/span><\/div>\n\t<div class=\"entry-excerpt\"><p>ISEO Projection vous pr\u00e9sente son dernier chantier : l\u2019isolation thermique d\u2019un grenier \u00e0 Nalinnes avec de la mousse projet\u00e9e ICYNENE.<\/p>\n<\/div>\n\t<a class=\"dt-btn-s dt-btn post-details details-type-btn\" href=\"https:\/\/www.iseoprojection.com\/nl\/realisatie\/isolation-grenier-nalinnes\/\" target=\"\">Meer lezen<i class=\"dt-icon-the7-arrow-03\" aria-hidden=\"true\"><\/i><\/a>\n<\/div><\/article><\/div><div class=\"hidden wf-cell category-50 category-53\" data-post-id=\"3565\" data-date=\"2024-05-29T10:12:24+02:00\" data-name=\"Muurisolatie van een boerderijtje in Ernonheid\"><article class=\"post visible post-3565 dt_portfolio type-dt_portfolio status-publish has-post-thumbnail hentry dt_portfolio_category-muren dt_portfolio_category-vloer dt_portfolio_category-50 dt_portfolio_category-53\" data-name=\"Muurisolatie van een boerderijtje in Ernonheid\" data-date=\"2024-05-29T10:12:24+02:00\">\n\n<div class=\"post-thumbnail-wrap rollover-active \">\n\t<div class=\"post-thumbnail\">\n\n\t\t<a href=\"https:\/\/www.iseoprojection.com\/nl\/realisatie\/isolatie-muur-interieur-ernonheid\/\" class=\"post-thumbnail-rollover layzr-bg\" target=\"\"  aria-label=\"Post image\"><img decoding=\"async\" class=\"iso-lazy-load preload-me iso-lazy-load aspect\" src=\"data:image\/svg+xml,%3Csvg%20xmlns%3D&#39;http%3A%2F%2Fwww.w3.org%2F2000%2Fsvg&#39;%20viewBox%3D&#39;0%200%20768%20512&#39;%2F%3E\" data-src=\"https:\/\/www.iseoprojection.com\/wp-content\/uploads\/2024\/05\/isolation-murs-grenier-ernonheid-768x512.jpg\" data-srcset=\"https:\/\/www.iseoprojection.com\/wp-content\/uploads\/2024\/05\/isolation-murs-grenier-ernonheid-768x512.jpg 768w, https:\/\/www.iseoprojection.com\/wp-content\/uploads\/2024\/05\/isolation-murs-grenier-ernonheid-1024x682.jpg 1024w\" loading=\"eager\" style=\"--ratio: 768 \/ 512\" sizes=\"(max-width: 768px) 100vw, 768px\" alt=\"Isolation des murs avec mousse polyur\u00e9thane \u00e0 Ernonheid\" title=\"isolation-murs-grenier-ernonheid\" width=\"768\" height=\"512\"  \/><\/a><div class=\"project-links-container\"><a href=\"https:\/\/www.iseoprojection.com\/nl\/realisatie\/isolatie-muur-interieur-ernonheid\/\" target=\"\" class=\"project-details\" aria-label=\"Details link\"><span class=\"icon-portfolio-p205\"><\/span><\/a><\/div>\n\t<\/div>\n<\/div>\n\n\n<div class=\"post-entry-content\">\n\n\t<h3 class=\"entry-title\">\n\t\t<a href=\"https:\/\/www.iseoprojection.com\/nl\/realisatie\/isolatie-muur-interieur-ernonheid\/\" target=\"\" title=\"Muurisolatie van een boerderijtje in Ernonheid\" rel=\"bookmark\">Muurisolatie van een boerderijtje in Ernonheid<\/a>\n\t<\/h3>\n\n\t<div class=\"entry-meta portfolio-categories\"><span class=\"category-link\"><a href=\"https:\/\/www.iseoprojection.com\/nl\/project-category\/muren\/\" >Muren<\/a>, <a href=\"https:\/\/www.iseoprojection.com\/nl\/project-category\/vloer\/\" >Vloer<\/a><\/span><\/div>\n\t<div class=\"entry-excerpt\"><p>ISEO Projectie kreeg de opdracht om een oude boerderij van lokale steen te isoleren. Ontdek hoe we te werk gingen om het karakter te behouden.<\/p>\n<\/div>\n\t<a class=\"dt-btn-s dt-btn post-details details-type-btn\" href=\"https:\/\/www.iseoprojection.com\/nl\/realisatie\/isolatie-muur-interieur-ernonheid\/\" target=\"\">Meer lezen<i class=\"dt-icon-the7-arrow-03\" aria-hidden=\"true\"><\/i><\/a>\n<\/div><\/article><\/div><div class=\"hidden wf-cell category-55\" data-post-id=\"3551\" data-date=\"2024-05-29T09:17:10+02:00\" data-name=\"Plafond van een kruipruimte isoleren in Brasschaat\"><article class=\"post visible post-3551 dt_portfolio type-dt_portfolio status-publish has-post-thumbnail hentry dt_portfolio_category-kruipkelder dt_portfolio_category-55\" data-name=\"Plafond van een kruipruimte isoleren in Brasschaat\" data-date=\"2024-05-29T09:17:10+02:00\">\n\n<div class=\"post-thumbnail-wrap rollover-active \">\n\t<div class=\"post-thumbnail\">\n\n\t\t<a href=\"https:\/\/www.iseoprojection.com\/nl\/realisatie\/kelderisolatie-brasschaat\/\" class=\"post-thumbnail-rollover layzr-bg\" target=\"\"  aria-label=\"Post image\"><img decoding=\"async\" class=\"iso-lazy-load preload-me iso-lazy-load aspect\" src=\"data:image\/svg+xml,%3Csvg%20xmlns%3D&#39;http%3A%2F%2Fwww.w3.org%2F2000%2Fsvg&#39;%20viewBox%3D&#39;0%200%20768%20512&#39;%2F%3E\" data-src=\"https:\/\/www.iseoprojection.com\/wp-content\/uploads\/2024\/05\/isolation-polyurethane-vide-sanitaire-brasschaat-768x512.jpg\" data-srcset=\"https:\/\/www.iseoprojection.com\/wp-content\/uploads\/2024\/05\/isolation-polyurethane-vide-sanitaire-brasschaat-768x512.jpg 768w, https:\/\/www.iseoprojection.com\/wp-content\/uploads\/2024\/05\/isolation-polyurethane-vide-sanitaire-brasschaat-1012x675.jpg 1012w\" loading=\"eager\" style=\"--ratio: 768 \/ 512\" sizes=\"(max-width: 768px) 100vw, 768px\" alt=\"Isolation d&#039;un vide ventil\u00e9 par mousse polyur\u00e9thane\" title=\"isolation-polyurethane-vide-sanitaire-brasschaat\" width=\"768\" height=\"512\"  \/><\/a><div class=\"project-links-container\"><a href=\"https:\/\/www.iseoprojection.com\/nl\/realisatie\/kelderisolatie-brasschaat\/\" target=\"\" class=\"project-details\" aria-label=\"Details link\"><span class=\"icon-portfolio-p205\"><\/span><\/a><\/div>\n\t<\/div>\n<\/div>\n\n\n<div class=\"post-entry-content\">\n\n\t<h3 class=\"entry-title\">\n\t\t<a href=\"https:\/\/www.iseoprojection.com\/nl\/realisatie\/kelderisolatie-brasschaat\/\" target=\"\" title=\"Plafond van een kruipruimte isoleren in Brasschaat\" rel=\"bookmark\">Plafond van een kruipruimte isoleren in Brasschaat<\/a>\n\t<\/h3>\n\n\t<div class=\"entry-meta portfolio-categories\"><span class=\"category-link\"><a href=\"https:\/\/www.iseoprojection.com\/nl\/project-category\/kruipkelder\/\" >kruipkelder<\/a><\/span><\/div>\n\t<div class=\"entry-excerpt\"><p>Ontdek hoe ons team de energie-effici\u00ebntie van dit huis in Brasschaat verbeterde door het plafond van de kruipruimte te isoleren.<\/p>\n<\/div>\n\t<a class=\"dt-btn-s dt-btn post-details details-type-btn\" href=\"https:\/\/www.iseoprojection.com\/nl\/realisatie\/kelderisolatie-brasschaat\/\" target=\"\">Meer lezen<i class=\"dt-icon-the7-arrow-03\" aria-hidden=\"true\"><\/i><\/a>\n<\/div><\/article><\/div><div class=\"hidden wf-cell category-53\" data-post-id=\"3536\" data-date=\"2024-05-29T08:52:50+02:00\" data-name=\"Vloerisolatie van een oude boerderij in Merbes-le-Ch\u00e2teau\"><article class=\"post visible post-3536 dt_portfolio type-dt_portfolio status-publish has-post-thumbnail hentry dt_portfolio_category-vloer dt_portfolio_category-53\" data-name=\"Vloerisolatie van een oude boerderij in Merbes-le-Ch\u00e2teau\" data-date=\"2024-05-29T08:52:50+02:00\">\n\n<div class=\"post-thumbnail-wrap rollover-active \">\n\t<div class=\"post-thumbnail\">\n\n\t\t<a href=\"https:\/\/www.iseoprojection.com\/nl\/realisatie\/isolatie-vloer-merbes-le-chateau\/\" class=\"post-thumbnail-rollover layzr-bg\" target=\"\"  aria-label=\"Post image\"><img decoding=\"async\" class=\"iso-lazy-load preload-me iso-lazy-load aspect\" src=\"data:image\/svg+xml,%3Csvg%20xmlns%3D&#39;http%3A%2F%2Fwww.w3.org%2F2000%2Fsvg&#39;%20viewBox%3D&#39;0%200%20768%20512&#39;%2F%3E\" data-src=\"https:\/\/www.iseoprojection.com\/wp-content\/uploads\/2024\/05\/isolation-sol-renovation-ferme-hainaut-768x512.jpg\" data-srcset=\"https:\/\/www.iseoprojection.com\/wp-content\/uploads\/2024\/05\/isolation-sol-renovation-ferme-hainaut-768x512.jpg 768w, https:\/\/www.iseoprojection.com\/wp-content\/uploads\/2024\/05\/isolation-sol-renovation-ferme-hainaut-1152x768.jpg 1152w\" loading=\"eager\" style=\"--ratio: 768 \/ 512\" sizes=\"(max-width: 768px) 100vw, 768px\" alt=\"Isolation par mousse polyur\u00e9thane du sol d&#039;une ferme dans le Hainaut\" title=\"isolation-sol-renovation-ferme-hainaut\" width=\"768\" height=\"512\"  \/><\/a><div class=\"project-links-container\"><a href=\"https:\/\/www.iseoprojection.com\/nl\/realisatie\/isolatie-vloer-merbes-le-chateau\/\" target=\"\" class=\"project-details\" aria-label=\"Details link\"><span class=\"icon-portfolio-p205\"><\/span><\/a><\/div>\n\t<\/div>\n<\/div>\n\n\n<div class=\"post-entry-content\">\n\n\t<h3 class=\"entry-title\">\n\t\t<a href=\"https:\/\/www.iseoprojection.com\/nl\/realisatie\/isolatie-vloer-merbes-le-chateau\/\" target=\"\" title=\"Vloerisolatie van een oude boerderij in Merbes-le-Ch\u00e2teau\" rel=\"bookmark\">Vloerisolatie van een oude boerderij in Merbes-le-Ch\u00e2teau<\/a>\n\t<\/h3>\n\n\t<div class=\"entry-meta portfolio-categories\"><span class=\"category-link\"><a href=\"https:\/\/www.iseoprojection.com\/nl\/project-category\/vloer\/\" >Vloer<\/a><\/span><\/div>\n\t<div class=\"entry-excerpt\"><p>Kijk mee naar ons isolatieproject van vloeren in Merbes-le-Ch\u00e2teau in Henegouwen. Ontdek het werk van ons team.<\/p>\n<\/div>\n\t<a class=\"dt-btn-s dt-btn post-details details-type-btn\" href=\"https:\/\/www.iseoprojection.com\/nl\/realisatie\/isolatie-vloer-merbes-le-chateau\/\" target=\"\">Meer lezen<i class=\"dt-icon-the7-arrow-03\" aria-hidden=\"true\"><\/i><\/a>\n<\/div><\/article><\/div><div class=\"hidden wf-cell category-48 category-50\" data-post-id=\"3386\" data-date=\"2024-04-26T11:30:15+02:00\" data-name=\"Dak &amp; Buitenmuurisolatie \u2013 Werf in OLEN\"><article class=\"post visible post-3386 dt_portfolio type-dt_portfolio status-publish has-post-thumbnail hentry dt_portfolio_category-dak dt_portfolio_category-muren dt_portfolio_category-48 dt_portfolio_category-50\" data-name=\"Dak &#038; Buitenmuurisolatie \u2013 Werf in OLEN\" data-date=\"2024-04-26T11:30:15+02:00\">\n\n<div class=\"post-thumbnail-wrap rollover-active \">\n\t<div class=\"post-thumbnail\">\n\n\t\t<a href=\"https:\/\/www.iseoprojection.com\/nl\/realisatie\/dak-buitenmuurisolatie-olen\/\" class=\"post-thumbnail-rollover layzr-bg\" target=\"\"  aria-label=\"Post image\"><img decoding=\"async\" class=\"iso-lazy-load preload-me iso-lazy-load aspect\" src=\"data:image\/svg+xml,%3Csvg%20xmlns%3D&#39;http%3A%2F%2Fwww.w3.org%2F2000%2Fsvg&#39;%20viewBox%3D&#39;0%200%20768%20512&#39;%2F%3E\" data-src=\"https:\/\/www.iseoprojection.com\/wp-content\/uploads\/2024\/04\/isolation-murs-exterieurs-olen-768x512.jpg\" data-srcset=\"https:\/\/www.iseoprojection.com\/wp-content\/uploads\/2024\/04\/isolation-murs-exterieurs-olen-768x512.jpg 768w, https:\/\/www.iseoprojection.com\/wp-content\/uploads\/2024\/04\/isolation-murs-exterieurs-olen-1152x768.jpg 1152w\" loading=\"eager\" style=\"--ratio: 768 \/ 512\" sizes=\"(max-width: 768px) 100vw, 768px\" alt=\"solation des murs ext\u00e9rieurs d\u2019une cour \u00e0 Olen\" title=\"isolation-murs-exterieurs-olen\" width=\"768\" height=\"512\"  \/><\/a><div class=\"project-links-container\"><a href=\"https:\/\/www.iseoprojection.com\/nl\/realisatie\/dak-buitenmuurisolatie-olen\/\" target=\"\" class=\"project-details\" aria-label=\"Details link\"><span class=\"icon-portfolio-p205\"><\/span><\/a><\/div>\n\t<\/div>\n<\/div>\n\n\n<div class=\"post-entry-content\">\n\n\t<h3 class=\"entry-title\">\n\t\t<a href=\"https:\/\/www.iseoprojection.com\/nl\/realisatie\/dak-buitenmuurisolatie-olen\/\" target=\"\" title=\"Dak &#038; Buitenmuurisolatie \u2013 Werf in OLEN\" rel=\"bookmark\">Dak &#038; Buitenmuurisolatie \u2013 Werf in OLEN<\/a>\n\t<\/h3>\n\n\t<div class=\"entry-meta portfolio-categories\"><span class=\"category-link\"><a href=\"https:\/\/www.iseoprojection.com\/nl\/project-category\/dak\/\" >Dak<\/a>, <a href=\"https:\/\/www.iseoprojection.com\/nl\/project-category\/muren\/\" >Muren<\/a><\/span><\/div>\n\t<div class=\"entry-excerpt\"><p>In dit project moderniseert ISEO Projection de isolatie van een houten villa in Olen met behulp van SARKING-technologie. Waterdichtheid en thermische prestaties.<\/p>\n<\/div>\n\t<a class=\"dt-btn-s dt-btn post-details details-type-btn\" href=\"https:\/\/www.iseoprojection.com\/nl\/realisatie\/dak-buitenmuurisolatie-olen\/\" target=\"\">Meer lezen<i class=\"dt-icon-the7-arrow-03\" aria-hidden=\"true\"><\/i><\/a>\n<\/div><\/article><\/div><div class=\"hidden wf-cell category-48\" data-post-id=\"3361\" data-date=\"2024-04-26T10:45:09+02:00\" data-name=\"Isolatie van een dak in Embourg\"><article class=\"post visible post-3361 dt_portfolio type-dt_portfolio status-publish has-post-thumbnail hentry dt_portfolio_category-dak dt_portfolio_category-48\" data-name=\"Isolatie van een dak in Embourg\" data-date=\"2024-04-26T10:45:09+02:00\">\n\n<div class=\"post-thumbnail-wrap rollover-active \">\n\t<div class=\"post-thumbnail\">\n\n\t\t<a href=\"https:\/\/www.iseoprojection.com\/nl\/realisatie\/isolatie-dak-project-embourg\/\" class=\"post-thumbnail-rollover layzr-bg\" target=\"\"  aria-label=\"Post image\"><img decoding=\"async\" class=\"iso-lazy-load preload-me iso-lazy-load aspect\" src=\"data:image\/svg+xml,%3Csvg%20xmlns%3D&#39;http%3A%2F%2Fwww.w3.org%2F2000%2Fsvg&#39;%20viewBox%3D&#39;0%200%20768%20512&#39;%2F%3E\" data-src=\"https:\/\/www.iseoprojection.com\/wp-content\/uploads\/2024\/04\/isolation-grenier-embourg-768x512.jpg\" data-srcset=\"https:\/\/www.iseoprojection.com\/wp-content\/uploads\/2024\/04\/isolation-grenier-embourg-768x512.jpg 768w, https:\/\/www.iseoprojection.com\/wp-content\/uploads\/2024\/04\/isolation-grenier-embourg-900x600.jpg 900w\" loading=\"eager\" style=\"--ratio: 768 \/ 512\" sizes=\"(max-width: 768px) 100vw, 768px\" alt=\"Isolation d\u2019une toiture \u00e0 Embourg\" title=\"isolation-grenier-embourg\" width=\"768\" height=\"512\"  \/><\/a><div class=\"project-links-container\"><a href=\"https:\/\/www.iseoprojection.com\/nl\/realisatie\/isolatie-dak-project-embourg\/\" target=\"\" class=\"project-details\" aria-label=\"Details link\"><span class=\"icon-portfolio-p205\"><\/span><\/a><\/div>\n\t<\/div>\n<\/div>\n\n\n<div class=\"post-entry-content\">\n\n\t<h3 class=\"entry-title\">\n\t\t<a href=\"https:\/\/www.iseoprojection.com\/nl\/realisatie\/isolatie-dak-project-embourg\/\" target=\"\" title=\"Isolatie van een dak in Embourg\" rel=\"bookmark\">Isolatie van een dak in Embourg<\/a>\n\t<\/h3>\n\n\t<div class=\"entry-meta portfolio-categories\"><span class=\"category-link\"><a href=\"https:\/\/www.iseoprojection.com\/nl\/project-category\/dak\/\" >Dak<\/a><\/span><\/div>\n\t<div class=\"entry-excerpt\"><p>Zoom in op ons isolatieproject van een dak in Embourg. Ontdek de effectieve interventie van ISEO Projection.<\/p>\n<\/div>\n\t<a class=\"dt-btn-s dt-btn post-details details-type-btn\" href=\"https:\/\/www.iseoprojection.com\/nl\/realisatie\/isolatie-dak-project-embourg\/\" target=\"\">Meer lezen<i class=\"dt-icon-the7-arrow-03\" aria-hidden=\"true\"><\/i><\/a>\n<\/div><\/article><\/div><div class=\"hidden wf-cell category-50 category-53\" data-post-id=\"3347\" data-date=\"2024-04-26T10:06:49+02:00\" data-name=\"Renovatie en isolatie van een stenen woning in Falmignoul\"><article class=\"post visible post-3347 dt_portfolio type-dt_portfolio status-publish has-post-thumbnail hentry dt_portfolio_category-muren dt_portfolio_category-vloer dt_portfolio_category-50 dt_portfolio_category-53\" data-name=\"Renovatie en isolatie van een stenen woning in Falmignoul\" data-date=\"2024-04-26T10:06:49+02:00\">\n\n<div class=\"post-thumbnail-wrap rollover-active \">\n\t<div class=\"post-thumbnail\">\n\n\t\t<a href=\"https:\/\/www.iseoprojection.com\/nl\/realisatie\/isolatie-renovatie-woning-falmignoul\/\" class=\"post-thumbnail-rollover layzr-bg\" target=\"\"  aria-label=\"Post image\"><img decoding=\"async\" class=\"iso-lazy-load preload-me iso-lazy-load aspect\" src=\"data:image\/svg+xml,%3Csvg%20xmlns%3D&#39;http%3A%2F%2Fwww.w3.org%2F2000%2Fsvg&#39;%20viewBox%3D&#39;0%200%20640%20426&#39;%2F%3E\" data-src=\"https:\/\/www.iseoprojection.com\/wp-content\/uploads\/2024\/04\/isolation-mousse-polyurethane-projetee-dinant-640x426.jpg\" data-srcset=\"https:\/\/www.iseoprojection.com\/wp-content\/uploads\/2024\/04\/isolation-mousse-polyurethane-projetee-dinant-640x426.jpg 640w\" loading=\"eager\" style=\"--ratio: 640 \/ 426\" sizes=\"(max-width: 640px) 100vw, 640px\" alt=\"R\u00e9novation et isolation d\u2019une habitation en pierre \u00e0 Falmignoul\" title=\"isolation-mousse-polyurethane-projetee-dinant\" width=\"640\" height=\"426\"  \/><\/a><div class=\"project-links-container\"><a href=\"https:\/\/www.iseoprojection.com\/nl\/realisatie\/isolatie-renovatie-woning-falmignoul\/\" target=\"\" class=\"project-details\" aria-label=\"Details link\"><span class=\"icon-portfolio-p205\"><\/span><\/a><\/div>\n\t<\/div>\n<\/div>\n\n\n<div class=\"post-entry-content\">\n\n\t<h3 class=\"entry-title\">\n\t\t<a href=\"https:\/\/www.iseoprojection.com\/nl\/realisatie\/isolatie-renovatie-woning-falmignoul\/\" target=\"\" title=\"Renovatie en isolatie van een stenen woning in Falmignoul\" rel=\"bookmark\">Renovatie en isolatie van een stenen woning in Falmignoul<\/a>\n\t<\/h3>\n\n\t<div class=\"entry-meta portfolio-categories\"><span class=\"category-link\"><a href=\"https:\/\/www.iseoprojection.com\/nl\/project-category\/muren\/\" >Muren<\/a>, <a href=\"https:\/\/www.iseoprojection.com\/nl\/project-category\/vloer\/\" >Vloer<\/a><\/span><\/div>\n\t<div class=\"entry-excerpt\"><p>ISEO Projection voert isolatie uit van muren en vloeren in Falmignoul met ICYNENE en SOUDAL schuimen. Conformiteit en energiepremies voor onze klant.<\/p>\n<\/div>\n\t<a class=\"dt-btn-s dt-btn post-details details-type-btn\" href=\"https:\/\/www.iseoprojection.com\/nl\/realisatie\/isolatie-renovatie-woning-falmignoul\/\" target=\"\">Meer lezen<i class=\"dt-icon-the7-arrow-03\" aria-hidden=\"true\"><\/i><\/a>\n<\/div><\/article><\/div><div class=\"hidden wf-cell category-53 category-57\" data-post-id=\"3324\" data-date=\"2024-04-26T09:31:41+02:00\" data-name=\"Isolatie van een zolder in Jumet\"><article class=\"post visible post-3324 dt_portfolio type-dt_portfolio status-publish has-post-thumbnail hentry dt_portfolio_category-vloer dt_portfolio_category-zolder dt_portfolio_category-53 dt_portfolio_category-57\" data-name=\"Isolatie van een zolder in Jumet\" data-date=\"2024-04-26T09:31:41+02:00\">\n\n<div class=\"post-thumbnail-wrap rollover-active \">\n\t<div class=\"post-thumbnail\">\n\n\t\t<a href=\"https:\/\/www.iseoprojection.com\/nl\/realisatie\/isolatie-zolder-jumet\/\" class=\"post-thumbnail-rollover layzr-bg\" target=\"\"  aria-label=\"Post image\"><img decoding=\"async\" class=\"iso-lazy-load preload-me iso-lazy-load aspect\" src=\"data:image\/svg+xml,%3Csvg%20xmlns%3D&#39;http%3A%2F%2Fwww.w3.org%2F2000%2Fsvg&#39;%20viewBox%3D&#39;0%200%20640%20426&#39;%2F%3E\" data-src=\"https:\/\/www.iseoprojection.com\/wp-content\/uploads\/2024\/04\/isolation-mousse-polyurethane-grenier-jumet-rotated-640x426.jpg\" data-srcset=\"https:\/\/www.iseoprojection.com\/wp-content\/uploads\/2024\/04\/isolation-mousse-polyurethane-grenier-jumet-rotated-640x426.jpg 640w\" loading=\"eager\" style=\"--ratio: 640 \/ 426\" sizes=\"(max-width: 640px) 100vw, 640px\" alt=\"Isolation d&#039;un grener \u00e0 Jumet avec de la mousse \u00e0 cellules ferm\u00e9es SOUDAL\" title=\"isolation-mousse-polyurethane-grenier-jumet\" width=\"640\" height=\"426\"  \/><\/a><div class=\"project-links-container\"><a href=\"https:\/\/www.iseoprojection.com\/nl\/realisatie\/isolatie-zolder-jumet\/\" target=\"\" class=\"project-details\" aria-label=\"Details link\"><span class=\"icon-portfolio-p205\"><\/span><\/a><\/div>\n\t<\/div>\n<\/div>\n\n\n<div class=\"post-entry-content\">\n\n\t<h3 class=\"entry-title\">\n\t\t<a href=\"https:\/\/www.iseoprojection.com\/nl\/realisatie\/isolatie-zolder-jumet\/\" target=\"\" title=\"Isolatie van een zolder in Jumet\" rel=\"bookmark\">Isolatie van een zolder in Jumet<\/a>\n\t<\/h3>\n\n\t<div class=\"entry-meta portfolio-categories\"><span class=\"category-link\"><a href=\"https:\/\/www.iseoprojection.com\/nl\/project-category\/vloer\/\" >Vloer<\/a>, <a href=\"https:\/\/www.iseoprojection.com\/nl\/project-category\/zolder\/\" >Zolder<\/a><\/span><\/div>\n\t<div class=\"entry-excerpt\"><p>ISEO Projection vernieuwt de isolatie van zolders met gesloten-cellig schuim. Ruimte- en energiebesparing in een halve dag in Jumet.<\/p>\n<\/div>\n\t<a class=\"dt-btn-s dt-btn post-details details-type-btn\" href=\"https:\/\/www.iseoprojection.com\/nl\/realisatie\/isolatie-zolder-jumet\/\" target=\"\">Meer lezen<i class=\"dt-icon-the7-arrow-03\" aria-hidden=\"true\"><\/i><\/a>\n<\/div><\/article><\/div><div class=\"hidden wf-cell category-53\" data-post-id=\"3241\" data-date=\"2024-03-29T13:48:28+01:00\" data-name=\"Renovatie en isolatie van een boerderij in Mont-Saint-Guibert\"><article class=\"post visible post-3241 dt_portfolio type-dt_portfolio status-publish has-post-thumbnail hentry dt_portfolio_category-vloer dt_portfolio_category-53\" data-name=\"Renovatie en isolatie van een boerderij in Mont-Saint-Guibert\" data-date=\"2024-03-29T13:48:28+01:00\">\n\n<div class=\"post-thumbnail-wrap rollover-active \">\n\t<div class=\"post-thumbnail\">\n\n\t\t<a href=\"https:\/\/www.iseoprojection.com\/nl\/realisatie\/isolatie-boerderij-mont-saint-guibert\/\" class=\"post-thumbnail-rollover layzr-bg\" target=\"\"  aria-label=\"Post image\"><img decoding=\"async\" class=\"iso-lazy-load preload-me iso-lazy-load aspect\" src=\"data:image\/svg+xml,%3Csvg%20xmlns%3D&#39;http%3A%2F%2Fwww.w3.org%2F2000%2Fsvg&#39;%20viewBox%3D&#39;0%200%20768%20512&#39;%2F%3E\" data-src=\"https:\/\/www.iseoprojection.com\/wp-content\/uploads\/2024\/03\/ISEO-interieur-fermette-isolee-768x512.jpg\" data-srcset=\"https:\/\/www.iseoprojection.com\/wp-content\/uploads\/2024\/03\/ISEO-interieur-fermette-isolee-768x512.jpg 768w, https:\/\/www.iseoprojection.com\/wp-content\/uploads\/2024\/03\/ISEO-interieur-fermette-isolee-901x600.jpg 901w\" loading=\"eager\" style=\"--ratio: 768 \/ 512\" sizes=\"(max-width: 768px) 100vw, 768px\" alt=\"Isolation de l&#039;int\u00e9rieur d&#039;une fermette avec la mousse \u00e0 cellule ferm\u00e9e \" title=\"ISEO-interieur-fermette-isolee\" width=\"768\" height=\"512\"  \/><\/a><div class=\"project-links-container\"><a href=\"https:\/\/www.iseoprojection.com\/nl\/realisatie\/isolatie-boerderij-mont-saint-guibert\/\" target=\"\" class=\"project-details\" aria-label=\"Details link\"><span class=\"icon-portfolio-p205\"><\/span><\/a><\/div>\n\t<\/div>\n<\/div>\n\n\n<div class=\"post-entry-content\">\n\n\t<h3 class=\"entry-title\">\n\t\t<a href=\"https:\/\/www.iseoprojection.com\/nl\/realisatie\/isolatie-boerderij-mont-saint-guibert\/\" target=\"\" title=\"Renovatie en isolatie van een boerderij in Mont-Saint-Guibert\" rel=\"bookmark\">Renovatie en isolatie van een boerderij in Mont-Saint-Guibert<\/a>\n\t<\/h3>\n\n\t<div class=\"entry-meta portfolio-categories\"><span class=\"category-link\"><a href=\"https:\/\/www.iseoprojection.com\/nl\/project-category\/vloer\/\" >Vloer<\/a><\/span><\/div>\n\t<div class=\"entry-excerpt\"><p>ISEO Projection transformeert een boerderij in Mont Saint Guibert. Isolatie en comfort met SOUDAL-schuim. Snelle en effectieve renovatie.<\/p>\n<\/div>\n\t<a class=\"dt-btn-s dt-btn post-details details-type-btn\" href=\"https:\/\/www.iseoprojection.com\/nl\/realisatie\/isolatie-boerderij-mont-saint-guibert\/\" target=\"\">Meer lezen<i class=\"dt-icon-the7-arrow-03\" aria-hidden=\"true\"><\/i><\/a>\n<\/div><\/article><\/div><div class=\"hidden wf-cell category-48 category-50\" data-post-id=\"3227\" data-date=\"2024-03-29T13:36:08+01:00\" data-name=\"Isolatie van houten skeletmuren in Geetbets\"><article class=\"post visible post-3227 dt_portfolio type-dt_portfolio status-publish has-post-thumbnail hentry dt_portfolio_category-dak dt_portfolio_category-muren dt_portfolio_category-48 dt_portfolio_category-50\" data-name=\"Isolatie van houten skeletmuren in Geetbets\" data-date=\"2024-03-29T13:36:08+01:00\">\n\n<div class=\"post-thumbnail-wrap rollover-active \">\n\t<div class=\"post-thumbnail\">\n\n\t\t<a href=\"https:\/\/www.iseoprojection.com\/nl\/realisatie\/isolatie-muren-houten-skelet-geetbets\/\" class=\"post-thumbnail-rollover layzr-bg\" target=\"\"  aria-label=\"Post image\"><img decoding=\"async\" class=\"iso-lazy-load preload-me iso-lazy-load aspect\" src=\"data:image\/svg+xml,%3Csvg%20xmlns%3D&#39;http%3A%2F%2Fwww.w3.org%2F2000%2Fsvg&#39;%20viewBox%3D&#39;0%200%20768%20512&#39;%2F%3E\" data-src=\"https:\/\/www.iseoprojection.com\/wp-content\/uploads\/2024\/03\/ISEO-isolation-mur-geetbets-768x512.jpg\" data-srcset=\"https:\/\/www.iseoprojection.com\/wp-content\/uploads\/2024\/03\/ISEO-isolation-mur-geetbets-768x512.jpg 768w, https:\/\/www.iseoprojection.com\/wp-content\/uploads\/2024\/03\/ISEO-isolation-mur-geetbets-951x634.jpg 951w\" loading=\"eager\" style=\"--ratio: 768 \/ 512\" sizes=\"(max-width: 768px) 100vw, 768px\" alt=\"isolation de murs int\u00e9rieurs avec de la mousse ICYNENE\" title=\"ISEO-isolation-mur-geetbets\" width=\"768\" height=\"512\"  \/><\/a><div class=\"project-links-container\"><a href=\"https:\/\/www.iseoprojection.com\/nl\/realisatie\/isolatie-muren-houten-skelet-geetbets\/\" target=\"\" class=\"project-details\" aria-label=\"Details link\"><span class=\"icon-portfolio-p205\"><\/span><\/a><\/div>\n\t<\/div>\n<\/div>\n\n\n<div class=\"post-entry-content\">\n\n\t<h3 class=\"entry-title\">\n\t\t<a href=\"https:\/\/www.iseoprojection.com\/nl\/realisatie\/isolatie-muren-houten-skelet-geetbets\/\" target=\"\" title=\"Isolatie van houten skeletmuren in Geetbets\" rel=\"bookmark\">Isolatie van houten skeletmuren in Geetbets<\/a>\n\t<\/h3>\n\n\t<div class=\"entry-meta portfolio-categories\"><span class=\"category-link\"><a href=\"https:\/\/www.iseoprojection.com\/nl\/project-category\/dak\/\" >Dak<\/a>, <a href=\"https:\/\/www.iseoprojection.com\/nl\/project-category\/muren\/\" >Muren<\/a><\/span><\/div>\n\t<div class=\"entry-excerpt\"><p>Dankzij ISEO Projection profiteert een huis in Geetbets van effectieve isolatie van muren en dak met ICYNENE LITE+, in slechts \u00e9\u00e9n dag.<\/p>\n<\/div>\n\t<a class=\"dt-btn-s dt-btn post-details details-type-btn\" href=\"https:\/\/www.iseoprojection.com\/nl\/realisatie\/isolatie-muren-houten-skelet-geetbets\/\" target=\"\">Meer lezen<i class=\"dt-icon-the7-arrow-03\" aria-hidden=\"true\"><\/i><\/a>\n<\/div><\/article><\/div><div class=\"hidden wf-cell category-60 category-61\" data-post-id=\"3210\" data-date=\"2024-03-29T12:23:54+01:00\" data-name=\"Isolatie van een kelderplafond in Huy\"><article class=\"post visible post-3210 dt_portfolio type-dt_portfolio status-publish has-post-thumbnail hentry dt_portfolio_category-kelder dt_portfolio_category-plafonds-nl dt_portfolio_category-60 dt_portfolio_category-61\" data-name=\"Isolatie van een kelderplafond in Huy\" data-date=\"2024-03-29T12:23:54+01:00\">\n\n<div class=\"post-thumbnail-wrap rollover-active \">\n\t<div class=\"post-thumbnail\">\n\n\t\t<a href=\"https:\/\/www.iseoprojection.com\/nl\/realisatie\/isolatie-kelderplafond-huy\/\" class=\"post-thumbnail-rollover layzr-bg\" target=\"\"  aria-label=\"Post image\"><img decoding=\"async\" class=\"iso-lazy-load preload-me iso-lazy-load aspect\" src=\"data:image\/svg+xml,%3Csvg%20xmlns%3D&#39;http%3A%2F%2Fwww.w3.org%2F2000%2Fsvg&#39;%20viewBox%3D&#39;0%200%20768%20512&#39;%2F%3E\" data-src=\"https:\/\/www.iseoprojection.com\/wp-content\/uploads\/2024\/03\/ISEO-isolation-cave-huy-768x512.jpg\" data-srcset=\"https:\/\/www.iseoprojection.com\/wp-content\/uploads\/2024\/03\/ISEO-isolation-cave-huy-768x512.jpg 768w, https:\/\/www.iseoprojection.com\/wp-content\/uploads\/2024\/03\/ISEO-isolation-cave-huy-810x540.jpg 810w\" loading=\"eager\" style=\"--ratio: 768 \/ 512\" sizes=\"(max-width: 768px) 100vw, 768px\" alt=\"Isolation d&#039;un plafond d&#039;une cave avec des panneaux PIR. \" title=\"ISEO-isolation-cave-huy\" width=\"768\" height=\"512\"  \/><\/a><div class=\"project-links-container\"><a href=\"https:\/\/www.iseoprojection.com\/nl\/realisatie\/isolatie-kelderplafond-huy\/\" target=\"\" class=\"project-details\" aria-label=\"Details link\"><span class=\"icon-portfolio-p205\"><\/span><\/a><\/div>\n\t<\/div>\n<\/div>\n\n\n<div class=\"post-entry-content\">\n\n\t<h3 class=\"entry-title\">\n\t\t<a href=\"https:\/\/www.iseoprojection.com\/nl\/realisatie\/isolatie-kelderplafond-huy\/\" target=\"\" title=\"Isolatie van een kelderplafond in Huy\" rel=\"bookmark\">Isolatie van een kelderplafond in Huy<\/a>\n\t<\/h3>\n\n\t<div class=\"entry-meta portfolio-categories\"><span class=\"category-link\"><a href=\"https:\/\/www.iseoprojection.com\/nl\/project-category\/kelder\/\" >Kelder<\/a>, <a href=\"https:\/\/www.iseoprojection.com\/nl\/project-category\/plafonds-nl\/\" >Plafonds<\/a><\/span><\/div>\n\t<div class=\"entry-excerpt\"><p>Ontdek hoe ISEO Projection de uitdaging aangaat om een complex kelderplafond in Huy te isoleren. Verbetering van comfort en energie-effici\u00ebntie.<\/p>\n<\/div>\n\t<a class=\"dt-btn-s dt-btn post-details details-type-btn\" href=\"https:\/\/www.iseoprojection.com\/nl\/realisatie\/isolatie-kelderplafond-huy\/\" target=\"\">Meer lezen<i class=\"dt-icon-the7-arrow-03\" aria-hidden=\"true\"><\/i><\/a>\n<\/div><\/article><\/div><div class=\"hidden wf-cell category-48 category-50\" data-post-id=\"3181\" data-date=\"2024-03-29T12:14:27+01:00\" data-name=\"Isolatie van een huis in Grimbergen\"><article class=\"post visible post-3181 dt_portfolio type-dt_portfolio status-publish has-post-thumbnail hentry dt_portfolio_category-dak dt_portfolio_category-muren dt_portfolio_category-48 dt_portfolio_category-50\" data-name=\"Isolatie van een huis in Grimbergen\" data-date=\"2024-03-29T12:14:27+01:00\">\n\n<div class=\"post-thumbnail-wrap rollover-active \">\n\t<div class=\"post-thumbnail\">\n\n\t\t<a href=\"https:\/\/www.iseoprojection.com\/nl\/realisatie\/isolatie-huis-grimbergen\/\" class=\"post-thumbnail-rollover layzr-bg\" target=\"\"  aria-label=\"Post image\"><img decoding=\"async\" class=\"iso-lazy-load preload-me iso-lazy-load aspect\" src=\"data:image\/svg+xml,%3Csvg%20xmlns%3D&#39;http%3A%2F%2Fwww.w3.org%2F2000%2Fsvg&#39;%20viewBox%3D&#39;0%200%20768%20512&#39;%2F%3E\" data-src=\"https:\/\/www.iseoprojection.com\/wp-content\/uploads\/2024\/02\/ISEO-isolation-projetee-murs-grimbergen-768x512.jpg\" data-srcset=\"https:\/\/www.iseoprojection.com\/wp-content\/uploads\/2024\/02\/ISEO-isolation-projetee-murs-grimbergen-768x512.jpg 768w, https:\/\/www.iseoprojection.com\/wp-content\/uploads\/2024\/02\/ISEO-isolation-projetee-murs-grimbergen-1080x720.jpg 1080w\" loading=\"eager\" style=\"--ratio: 768 \/ 512\" sizes=\"(max-width: 768px) 100vw, 768px\" alt=\"Int\u00e9rieur d&#039;une maison avec poutres en bois et mousse d&#039;isolation projet\u00e9e \u00e0 l&#039;int\u00e9rieur\" title=\"ISEO-isolation-projetee-murs-grimbergen\" width=\"768\" height=\"512\"  \/><\/a><div class=\"project-links-container\"><a href=\"https:\/\/www.iseoprojection.com\/nl\/realisatie\/isolatie-huis-grimbergen\/\" target=\"\" class=\"project-details\" aria-label=\"Details link\"><span class=\"icon-portfolio-p205\"><\/span><\/a><\/div>\n\t<\/div>\n<\/div>\n\n\n<div class=\"post-entry-content\">\n\n\t<h3 class=\"entry-title\">\n\t\t<a href=\"https:\/\/www.iseoprojection.com\/nl\/realisatie\/isolatie-huis-grimbergen\/\" target=\"\" title=\"Isolatie van een huis in Grimbergen\" rel=\"bookmark\">Isolatie van een huis in Grimbergen<\/a>\n\t<\/h3>\n\n\t<div class=\"entry-meta portfolio-categories\"><span class=\"category-link\"><a href=\"https:\/\/www.iseoprojection.com\/nl\/project-category\/dak\/\" >Dak<\/a>, <a href=\"https:\/\/www.iseoprojection.com\/nl\/project-category\/muren\/\" >Muren<\/a><\/span><\/div>\n\t<div class=\"entry-excerpt\"><p>Ontdek hoe ISEO Projection een revolutionaire isolatie plaatst in Grimbergen met ICYNENE LITE+ voor een warmer en energiezuiniger huis.<\/p>\n<\/div>\n\t<a class=\"dt-btn-s dt-btn post-details details-type-btn\" href=\"https:\/\/www.iseoprojection.com\/nl\/realisatie\/isolatie-huis-grimbergen\/\" target=\"\">Meer lezen<i class=\"dt-icon-the7-arrow-03\" aria-hidden=\"true\"><\/i><\/a>\n<\/div><\/article><\/div><div class=\"hidden wf-cell category-50 category-61 category-53\" data-post-id=\"3107\" data-date=\"2024-02-15T12:19:57+01:00\" data-name=\"Comfort en isolatie op het water in Andenne\"><article class=\"post visible post-3107 dt_portfolio type-dt_portfolio status-publish has-post-thumbnail hentry dt_portfolio_category-muren dt_portfolio_category-plafonds-nl dt_portfolio_category-vloer dt_portfolio_category-50 dt_portfolio_category-61 dt_portfolio_category-53\" data-name=\"Comfort en isolatie op het water in Andenne\" data-date=\"2024-02-15T12:19:57+01:00\">\n\n<div class=\"post-thumbnail-wrap rollover-active \">\n\t<div class=\"post-thumbnail\">\n\n\t\t<a href=\"https:\/\/www.iseoprojection.com\/nl\/realisatie\/isolatie-schuit-andenne\/\" class=\"post-thumbnail-rollover layzr-bg\" target=\"\"  aria-label=\"Post image\"><img decoding=\"async\" class=\"iso-lazy-load preload-me iso-lazy-load aspect\" src=\"data:image\/svg+xml,%3Csvg%20xmlns%3D&#39;http%3A%2F%2Fwww.w3.org%2F2000%2Fsvg&#39;%20viewBox%3D&#39;0%200%20768%20512&#39;%2F%3E\" data-src=\"https:\/\/www.iseoprojection.com\/wp-content\/uploads\/2024\/02\/isolation-chantier-naval-andenne-768x512.jpg\" data-srcset=\"https:\/\/www.iseoprojection.com\/wp-content\/uploads\/2024\/02\/isolation-chantier-naval-andenne-768x512.jpg 768w, https:\/\/www.iseoprojection.com\/wp-content\/uploads\/2024\/02\/isolation-chantier-naval-andenne-900x600.jpg 900w\" loading=\"eager\" style=\"--ratio: 768 \/ 512\" sizes=\"(max-width: 768px) 100vw, 768px\" alt=\"Isolation par l&#039;int\u00e9rieur avec mousse projet\u00e9e d&#039;une p\u00e9niche \u00e0 Andennne\" title=\"isolation-chantier-naval-andenne\" width=\"768\" height=\"512\"  \/><\/a><div class=\"project-links-container\"><a href=\"https:\/\/www.iseoprojection.com\/nl\/realisatie\/isolatie-schuit-andenne\/\" target=\"\" class=\"project-details\" aria-label=\"Details link\"><span class=\"icon-portfolio-p205\"><\/span><\/a><\/div>\n\t<\/div>\n<\/div>\n\n\n<div class=\"post-entry-content\">\n\n\t<h3 class=\"entry-title\">\n\t\t<a href=\"https:\/\/www.iseoprojection.com\/nl\/realisatie\/isolatie-schuit-andenne\/\" target=\"\" title=\"Comfort en isolatie op het water in Andenne\" rel=\"bookmark\">Comfort en isolatie op het water in Andenne<\/a>\n\t<\/h3>\n\n\t<div class=\"entry-meta portfolio-categories\"><span class=\"category-link\"><a href=\"https:\/\/www.iseoprojection.com\/nl\/project-category\/muren\/\" >Muren<\/a>, <a href=\"https:\/\/www.iseoprojection.com\/nl\/project-category\/plafonds-nl\/\" >Plafonds<\/a>, <a href=\"https:\/\/www.iseoprojection.com\/nl\/project-category\/vloer\/\" >Vloer<\/a><\/span><\/div>\n\t<div class=\"entry-excerpt\"><p>Iseo Projection brengt zijn expertise op het gebied van binnenvaartisolatie naar Andenne voor meer comfort op het water.<\/p>\n<\/div>\n\t<a class=\"dt-btn-s dt-btn post-details details-type-btn\" href=\"https:\/\/www.iseoprojection.com\/nl\/realisatie\/isolatie-schuit-andenne\/\" target=\"\">Meer lezen<i class=\"dt-icon-the7-arrow-03\" aria-hidden=\"true\"><\/i><\/a>\n<\/div><\/article><\/div><div class=\"hidden wf-cell category-50 category-61 category-53\" data-post-id=\"3093\" data-date=\"2024-02-15T11:52:16+01:00\" data-name=\"Isolatie van een houtskeletbouwwoning in Hasti\u00e8re\"><article class=\"post visible post-3093 dt_portfolio type-dt_portfolio status-publish has-post-thumbnail hentry dt_portfolio_category-muren dt_portfolio_category-plafonds-nl dt_portfolio_category-vloer dt_portfolio_category-50 dt_portfolio_category-61 dt_portfolio_category-53\" data-name=\"Isolatie van een houtskeletbouwwoning in Hasti\u00e8re\" data-date=\"2024-02-15T11:52:16+01:00\">\n\n<div class=\"post-thumbnail-wrap rollover-active \">\n\t<div class=\"post-thumbnail\">\n\n\t\t<a href=\"https:\/\/www.iseoprojection.com\/nl\/realisatie\/isolatie-huis-houtskeletbouw\/\" class=\"post-thumbnail-rollover layzr-bg\" target=\"\"  aria-label=\"Post image\"><img decoding=\"async\" class=\"iso-lazy-load preload-me iso-lazy-load aspect\" src=\"data:image\/svg+xml,%3Csvg%20xmlns%3D&#39;http%3A%2F%2Fwww.w3.org%2F2000%2Fsvg&#39;%20viewBox%3D&#39;0%200%20768%20512&#39;%2F%3E\" data-src=\"https:\/\/www.iseoprojection.com\/wp-content\/uploads\/2024\/02\/isolation-maison-neuve-hastiere-768x512.jpg\" data-srcset=\"https:\/\/www.iseoprojection.com\/wp-content\/uploads\/2024\/02\/isolation-maison-neuve-hastiere-768x512.jpg 768w, https:\/\/www.iseoprojection.com\/wp-content\/uploads\/2024\/02\/isolation-maison-neuve-hastiere-810x540.jpg 810w\" loading=\"eager\" style=\"--ratio: 768 \/ 512\" sizes=\"(max-width: 768px) 100vw, 768px\" alt=\"Isolation avec mousse projet\u00e9e d&#039;une maison \u00e0 ossature \u00e0 Hasti\u00e8re\" title=\"isolation-maison-neuve-hastiere\" width=\"768\" height=\"512\"  \/><\/a><div class=\"project-links-container\"><a href=\"https:\/\/www.iseoprojection.com\/nl\/realisatie\/isolatie-huis-houtskeletbouw\/\" target=\"\" class=\"project-details\" aria-label=\"Details link\"><span class=\"icon-portfolio-p205\"><\/span><\/a><\/div>\n\t<\/div>\n<\/div>\n\n\n<div class=\"post-entry-content\">\n\n\t<h3 class=\"entry-title\">\n\t\t<a href=\"https:\/\/www.iseoprojection.com\/nl\/realisatie\/isolatie-huis-houtskeletbouw\/\" target=\"\" title=\"Isolatie van een houtskeletbouwwoning in Hasti\u00e8re\" rel=\"bookmark\">Isolatie van een houtskeletbouwwoning in Hasti\u00e8re<\/a>\n\t<\/h3>\n\n\t<div class=\"entry-meta portfolio-categories\"><span class=\"category-link\"><a href=\"https:\/\/www.iseoprojection.com\/nl\/project-category\/muren\/\" >Muren<\/a>, <a href=\"https:\/\/www.iseoprojection.com\/nl\/project-category\/plafonds-nl\/\" >Plafonds<\/a>, <a href=\"https:\/\/www.iseoprojection.com\/nl\/project-category\/vloer\/\" >Vloer<\/a><\/span><\/div>\n\t<div class=\"entry-excerpt\"><p>Iseo Projection gaat in Hasti\u00e8re de logistieke uitdaging aan voor een binnenisolatie van een houtskeletbouwwoning.<\/p>\n<\/div>\n\t<a class=\"dt-btn-s dt-btn post-details details-type-btn\" href=\"https:\/\/www.iseoprojection.com\/nl\/realisatie\/isolatie-huis-houtskeletbouw\/\" target=\"\">Meer lezen<i class=\"dt-icon-the7-arrow-03\" aria-hidden=\"true\"><\/i><\/a>\n<\/div><\/article><\/div><div class=\"hidden wf-cell category-48\" data-post-id=\"3075\" data-date=\"2024-02-15T11:27:24+01:00\" data-name=\"Thermische isolatie van een dak in Braine l&#039;Alleud\"><article class=\"post visible post-3075 dt_portfolio type-dt_portfolio status-publish has-post-thumbnail hentry dt_portfolio_category-dak dt_portfolio_category-48\" data-name=\"Thermische isolatie van een dak in Braine l&#8217;Alleud\" data-date=\"2024-02-15T11:27:24+01:00\">\n\n<div class=\"post-thumbnail-wrap rollover-active \">\n\t<div class=\"post-thumbnail\">\n\n\t\t<a href=\"https:\/\/www.iseoprojection.com\/nl\/realisatie\/thermische-isolatie-braine-l-alleud\/\" class=\"post-thumbnail-rollover layzr-bg\" target=\"\"  aria-label=\"Post image\"><img decoding=\"async\" class=\"iso-lazy-load preload-me iso-lazy-load aspect\" src=\"data:image\/svg+xml,%3Csvg%20xmlns%3D&#39;http%3A%2F%2Fwww.w3.org%2F2000%2Fsvg&#39;%20viewBox%3D&#39;0%200%20768%20512&#39;%2F%3E\" data-src=\"https:\/\/www.iseoprojection.com\/wp-content\/uploads\/2024\/02\/structure-metal-pour-isolation-interieure-toiture-braine-l-alleud-768x512.jpg\" data-srcset=\"https:\/\/www.iseoprojection.com\/wp-content\/uploads\/2024\/02\/structure-metal-pour-isolation-interieure-toiture-braine-l-alleud-768x512.jpg 768w, https:\/\/www.iseoprojection.com\/wp-content\/uploads\/2024\/02\/structure-metal-pour-isolation-interieure-toiture-braine-l-alleud-900x600.jpg 900w\" loading=\"eager\" style=\"--ratio: 768 \/ 512\" sizes=\"(max-width: 768px) 100vw, 768px\" alt=\"Chantier d&#039;isolation par l&#039;int\u00e9rieur d&#039;une toiture en pente \u00e0 Braine l&#039;Alleud\" title=\"structure-metal-pour-isolation-interieure-toiture-braine-l-alleud\" width=\"768\" height=\"512\"  \/><\/a><div class=\"project-links-container\"><a href=\"https:\/\/www.iseoprojection.com\/nl\/realisatie\/thermische-isolatie-braine-l-alleud\/\" target=\"\" class=\"project-details\" aria-label=\"Details link\"><span class=\"icon-portfolio-p205\"><\/span><\/a><\/div>\n\t<\/div>\n<\/div>\n\n\n<div class=\"post-entry-content\">\n\n\t<h3 class=\"entry-title\">\n\t\t<a href=\"https:\/\/www.iseoprojection.com\/nl\/realisatie\/thermische-isolatie-braine-l-alleud\/\" target=\"\" title=\"Thermische isolatie van een dak in Braine l&#8217;Alleud\" rel=\"bookmark\">Thermische isolatie van een dak in Braine l&#8217;Alleud<\/a>\n\t<\/h3>\n\n\t<div class=\"entry-meta portfolio-categories\"><span class=\"category-link\"><a href=\"https:\/\/www.iseoprojection.com\/nl\/project-category\/dak\/\" >Dak<\/a><\/span><\/div>\n\t<div class=\"entry-excerpt\"><p>Ontdek de bijzonderheden van de thermische isolatie uitgevoerd door ons team in Braine l&#8217;Alleud.<\/p>\n<\/div>\n\t<a class=\"dt-btn-s dt-btn post-details details-type-btn\" href=\"https:\/\/www.iseoprojection.com\/nl\/realisatie\/thermische-isolatie-braine-l-alleud\/\" target=\"\">Meer lezen<i class=\"dt-icon-the7-arrow-03\" aria-hidden=\"true\"><\/i><\/a>\n<\/div><\/article><\/div><div class=\"hidden wf-cell category-50\" data-post-id=\"3058\" data-date=\"2024-02-15T10:49:13+01:00\" data-name=\"Renovatie van een erfgoed in Aische-en-Refail\"><article class=\"post visible post-3058 dt_portfolio type-dt_portfolio status-publish has-post-thumbnail hentry dt_portfolio_category-muren dt_portfolio_category-50\" data-name=\"Renovatie van een erfgoed in Aische-en-Refail\" data-date=\"2024-02-15T10:49:13+01:00\">\n\n<div class=\"post-thumbnail-wrap rollover-active \">\n\t<div class=\"post-thumbnail\">\n\n\t\t<a href=\"https:\/\/www.iseoprojection.com\/nl\/realisatie\/renovatie-woning-geklasseerd-in-aische-en-refail\/\" class=\"post-thumbnail-rollover layzr-bg\" target=\"\"  aria-label=\"Post image\"><img decoding=\"async\" class=\"iso-lazy-load preload-me iso-lazy-load aspect\" src=\"data:image\/svg+xml,%3Csvg%20xmlns%3D&#39;http%3A%2F%2Fwww.w3.org%2F2000%2Fsvg&#39;%20viewBox%3D&#39;0%200%20768%20512&#39;%2F%3E\" data-src=\"https:\/\/www.iseoprojection.com\/wp-content\/uploads\/2024\/02\/isolation-maison-classee-aische-en-refail-768x512.jpg\" data-srcset=\"https:\/\/www.iseoprojection.com\/wp-content\/uploads\/2024\/02\/isolation-maison-classee-aische-en-refail-768x512.jpg 768w, https:\/\/www.iseoprojection.com\/wp-content\/uploads\/2024\/02\/isolation-maison-classee-aische-en-refail-900x600.jpg 900w\" loading=\"eager\" style=\"--ratio: 768 \/ 512\" sizes=\"(max-width: 768px) 100vw, 768px\" alt=\"Maison en brique sous la neige \u00e0 Aische-en-Refail lors d&#039;un chantier de r\u00e9novation et d&#039;isolation\" title=\"isolation-maison-classee-aische-en-refail\" width=\"768\" height=\"512\"  \/><\/a><div class=\"project-links-container\"><a href=\"https:\/\/www.iseoprojection.com\/nl\/realisatie\/renovatie-woning-geklasseerd-in-aische-en-refail\/\" target=\"\" class=\"project-details\" aria-label=\"Details link\"><span class=\"icon-portfolio-p205\"><\/span><\/a><\/div>\n\t<\/div>\n<\/div>\n\n\n<div class=\"post-entry-content\">\n\n\t<h3 class=\"entry-title\">\n\t\t<a href=\"https:\/\/www.iseoprojection.com\/nl\/realisatie\/renovatie-woning-geklasseerd-in-aische-en-refail\/\" target=\"\" title=\"Renovatie van een erfgoed in Aische-en-Refail\" rel=\"bookmark\">Renovatie van een erfgoed in Aische-en-Refail<\/a>\n\t<\/h3>\n\n\t<div class=\"entry-meta portfolio-categories\"><span class=\"category-link\"><a href=\"https:\/\/www.iseoprojection.com\/nl\/project-category\/muren\/\" >Muren<\/a><\/span><\/div>\n\t<div class=\"entry-excerpt\"><p>Een geklasseerd huis gerenoveerd in 3 dagen met ISEO Projection. Hoogwaardige binnenisolatie, behoud van historische uitstraling.<\/p>\n<\/div>\n\t<a class=\"dt-btn-s dt-btn post-details details-type-btn\" href=\"https:\/\/www.iseoprojection.com\/nl\/realisatie\/renovatie-woning-geklasseerd-in-aische-en-refail\/\" target=\"\">Meer lezen<i class=\"dt-icon-the7-arrow-03\" aria-hidden=\"true\"><\/i><\/a>\n<\/div><\/article><\/div><div class=\"hidden wf-cell category-48\" data-post-id=\"2900\" data-date=\"2024-02-05T08:42:10+01:00\" data-name=\"Installatie van metal stud en volledige isolatie in Schilde\"><article class=\"post visible post-2900 dt_portfolio type-dt_portfolio status-publish has-post-thumbnail hentry dt_portfolio_category-dak dt_portfolio_category-48\" data-name=\"Installatie van metal stud en volledige isolatie in Schilde\" data-date=\"2024-02-05T08:42:10+01:00\">\n\n<div class=\"post-thumbnail-wrap rollover-active \">\n\t<div class=\"post-thumbnail\">\n\n\t\t<a href=\"https:\/\/www.iseoprojection.com\/nl\/realisatie\/plaatsing-van-kader-in-metal-stud-isoleren-van-muren-plafonds-dak-en-zoldervloer-afwerking-met-gipsplaten-in-schilde\/\" class=\"post-thumbnail-rollover layzr-bg\" target=\"\"  aria-label=\"Post image\"><img decoding=\"async\" class=\"iso-lazy-load preload-me iso-lazy-load aspect\" src=\"data:image\/svg+xml,%3Csvg%20xmlns%3D&#39;http%3A%2F%2Fwww.w3.org%2F2000%2Fsvg&#39;%20viewBox%3D&#39;0%200%20768%20512&#39;%2F%3E\" data-src=\"https:\/\/www.iseoprojection.com\/wp-content\/uploads\/2024\/02\/IMG-20240202-WA0028-768x512.jpg\" data-srcset=\"https:\/\/www.iseoprojection.com\/wp-content\/uploads\/2024\/02\/IMG-20240202-WA0028-768x512.jpg 768w, https:\/\/www.iseoprojection.com\/wp-content\/uploads\/2024\/02\/IMG-20240202-WA0028-1152x768.jpg 1152w\" loading=\"eager\" style=\"--ratio: 768 \/ 512\" sizes=\"(max-width: 768px) 100vw, 768px\" alt=\"\" title=\"IMG-20240202-WA0028\" width=\"768\" height=\"512\"  \/><\/a><div class=\"project-links-container\"><a href=\"https:\/\/www.iseoprojection.com\/nl\/realisatie\/plaatsing-van-kader-in-metal-stud-isoleren-van-muren-plafonds-dak-en-zoldervloer-afwerking-met-gipsplaten-in-schilde\/\" target=\"\" class=\"project-details\" aria-label=\"Details link\"><span class=\"icon-portfolio-p205\"><\/span><\/a><\/div>\n\t<\/div>\n<\/div>\n\n\n<div class=\"post-entry-content\">\n\n\t<h3 class=\"entry-title\">\n\t\t<a href=\"https:\/\/www.iseoprojection.com\/nl\/realisatie\/plaatsing-van-kader-in-metal-stud-isoleren-van-muren-plafonds-dak-en-zoldervloer-afwerking-met-gipsplaten-in-schilde\/\" target=\"\" title=\"Installatie van metal stud en volledige isolatie in Schilde\" rel=\"bookmark\">Installatie van metal stud en volledige isolatie in Schilde<\/a>\n\t<\/h3>\n\n\t<div class=\"entry-meta portfolio-categories\"><span class=\"category-link\"><a href=\"https:\/\/www.iseoprojection.com\/nl\/project-category\/dak\/\" >Dak<\/a><\/span><\/div>\n\t<div class=\"entry-excerpt\"><p>Plaatsing van kader in Metal Stud, isoleren van muren, plafonds, dak en zoldervloer + afwerking met ipsplaten in Schild<\/p>\n<\/div>\n\t<a class=\"dt-btn-s dt-btn post-details details-type-btn\" href=\"https:\/\/www.iseoprojection.com\/nl\/realisatie\/plaatsing-van-kader-in-metal-stud-isoleren-van-muren-plafonds-dak-en-zoldervloer-afwerking-met-gipsplaten-in-schilde\/\" target=\"\">Meer lezen<i class=\"dt-icon-the7-arrow-03\" aria-hidden=\"true\"><\/i><\/a>\n<\/div><\/article><\/div><div class=\"hidden wf-cell category-48 category-57\" data-post-id=\"2884\" data-date=\"2024-02-01T15:20:16+01:00\" data-name=\"Zolderisolatie met afwerking in Boortmeerbeek\"><article class=\"post visible post-2884 dt_portfolio type-dt_portfolio status-publish has-post-thumbnail hentry dt_portfolio_category-dak dt_portfolio_category-zolder dt_portfolio_category-48 dt_portfolio_category-57\" data-name=\"Zolderisolatie met afwerking in Boortmeerbeek\" data-date=\"2024-02-01T15:20:16+01:00\">\n\n<div class=\"post-thumbnail-wrap rollover-active \">\n\t<div class=\"post-thumbnail\">\n\n\t\t<a href=\"https:\/\/www.iseoprojection.com\/nl\/realisatie\/isolatie-zolder-boortmeerbeek\/\" class=\"post-thumbnail-rollover layzr-bg\" target=\"\"  aria-label=\"Post image\"><img decoding=\"async\" class=\"iso-lazy-load preload-me iso-lazy-load aspect\" src=\"data:image\/svg+xml,%3Csvg%20xmlns%3D&#39;http%3A%2F%2Fwww.w3.org%2F2000%2Fsvg&#39;%20viewBox%3D&#39;0%200%20768%20512&#39;%2F%3E\" data-src=\"https:\/\/www.iseoprojection.com\/wp-content\/uploads\/2024\/02\/parachevement-apres-isolation-grenier-boortmeerbeek-768x512.jpg\" data-srcset=\"https:\/\/www.iseoprojection.com\/wp-content\/uploads\/2024\/02\/parachevement-apres-isolation-grenier-boortmeerbeek-768x512.jpg 768w, https:\/\/www.iseoprojection.com\/wp-content\/uploads\/2024\/02\/parachevement-apres-isolation-grenier-boortmeerbeek-1152x768.jpg 1152w\" loading=\"eager\" style=\"--ratio: 768 \/ 512\" sizes=\"(max-width: 768px) 100vw, 768px\" alt=\"Travaux de parach\u00e8vement apr\u00e8s isolation de grenier\" title=\"parachevement-apres-isolation-grenier-boortmeerbeek\" width=\"768\" height=\"512\"  \/><\/a><div class=\"project-links-container\"><a href=\"https:\/\/www.iseoprojection.com\/nl\/realisatie\/isolatie-zolder-boortmeerbeek\/\" target=\"\" class=\"project-details\" aria-label=\"Details link\"><span class=\"icon-portfolio-p205\"><\/span><\/a><\/div>\n\t<\/div>\n<\/div>\n\n\n<div class=\"post-entry-content\">\n\n\t<h3 class=\"entry-title\">\n\t\t<a href=\"https:\/\/www.iseoprojection.com\/nl\/realisatie\/isolatie-zolder-boortmeerbeek\/\" target=\"\" title=\"Zolderisolatie met afwerking in Boortmeerbeek\" rel=\"bookmark\">Zolderisolatie met afwerking in Boortmeerbeek<\/a>\n\t<\/h3>\n\n\t<div class=\"entry-meta portfolio-categories\"><span class=\"category-link\"><a href=\"https:\/\/www.iseoprojection.com\/nl\/project-category\/dak\/\" >Dak<\/a>, <a href=\"https:\/\/www.iseoprojection.com\/nl\/project-category\/zolder\/\" >Zolder<\/a><\/span><\/div>\n\t<div class=\"entry-excerpt\"><p>Ons team isoleerde een zolder in Boortmeerbeek. Lees meer over het project.<\/p>\n<\/div>\n\t<a class=\"dt-btn-s dt-btn post-details details-type-btn\" href=\"https:\/\/www.iseoprojection.com\/nl\/realisatie\/isolatie-zolder-boortmeerbeek\/\" target=\"\">Meer lezen<i class=\"dt-icon-the7-arrow-03\" aria-hidden=\"true\"><\/i><\/a>\n<\/div><\/article><\/div><div class=\"hidden wf-cell category-50\" data-post-id=\"2862\" data-date=\"2024-02-01T15:04:08+01:00\" data-name=\"Buitenmuurisolatie \u2013 Werf in Lummen\"><article class=\"post visible post-2862 dt_portfolio type-dt_portfolio status-publish has-post-thumbnail hentry dt_portfolio_category-muren dt_portfolio_category-50\" data-name=\"Buitenmuurisolatie \u2013 Werf in Lummen\" data-date=\"2024-02-01T15:04:08+01:00\">\n\n<div class=\"post-thumbnail-wrap rollover-active \">\n\t<div class=\"post-thumbnail\">\n\n\t\t<a href=\"https:\/\/www.iseoprojection.com\/nl\/realisatie\/isolatie-buitenmuren-lummen\/\" class=\"post-thumbnail-rollover layzr-bg\" target=\"\"  aria-label=\"Post image\"><img decoding=\"async\" class=\"iso-lazy-load preload-me iso-lazy-load aspect\" src=\"data:image\/svg+xml,%3Csvg%20xmlns%3D&#39;http%3A%2F%2Fwww.w3.org%2F2000%2Fsvg&#39;%20viewBox%3D&#39;0%200%20768%20512&#39;%2F%3E\" data-src=\"https:\/\/www.iseoprojection.com\/wp-content\/uploads\/2024\/02\/isolation-facade-lummen-768x512.jpg\" data-srcset=\"https:\/\/www.iseoprojection.com\/wp-content\/uploads\/2024\/02\/isolation-facade-lummen-768x512.jpg 768w, https:\/\/www.iseoprojection.com\/wp-content\/uploads\/2024\/02\/isolation-facade-lummen-1152x768.jpg 1152w\" loading=\"eager\" style=\"--ratio: 768 \/ 512\" sizes=\"(max-width: 768px) 100vw, 768px\" alt=\"Isolation des murs par l&#039;ext\u00e9rieur d&#039;une villa \u00e0 Lummen\" title=\"isolation-facade-lummen\" width=\"768\" height=\"512\"  \/><\/a><div class=\"project-links-container\"><a href=\"https:\/\/www.iseoprojection.com\/nl\/realisatie\/isolatie-buitenmuren-lummen\/\" target=\"\" class=\"project-details\" aria-label=\"Details link\"><span class=\"icon-portfolio-p205\"><\/span><\/a><\/div>\n\t<\/div>\n<\/div>\n\n\n<div class=\"post-entry-content\">\n\n\t<h3 class=\"entry-title\">\n\t\t<a href=\"https:\/\/www.iseoprojection.com\/nl\/realisatie\/isolatie-buitenmuren-lummen\/\" target=\"\" title=\"Buitenmuurisolatie \u2013 Werf in Lummen\" rel=\"bookmark\">Buitenmuurisolatie \u2013 Werf in Lummen<\/a>\n\t<\/h3>\n\n\t<div class=\"entry-meta portfolio-categories\"><span class=\"category-link\"><a href=\"https:\/\/www.iseoprojection.com\/nl\/project-category\/muren\/\" >Muren<\/a><\/span><\/div>\n\t<div class=\"entry-excerpt\"><p>Kom meer te weten over de site van Lummen en onze buitengevelisolatie.<\/p>\n<\/div>\n\t<a class=\"dt-btn-s dt-btn post-details details-type-btn\" href=\"https:\/\/www.iseoprojection.com\/nl\/realisatie\/isolatie-buitenmuren-lummen\/\" target=\"\">Meer lezen<i class=\"dt-icon-the7-arrow-03\" aria-hidden=\"true\"><\/i><\/a>\n<\/div><\/article><\/div><div class=\"hidden wf-cell category-48\" data-post-id=\"2851\" data-date=\"2024-02-01T14:53:17+01:00\" data-name=\"Dakisolatie \u2013 Werf in Gesves\"><article class=\"post visible post-2851 dt_portfolio type-dt_portfolio status-publish has-post-thumbnail hentry dt_portfolio_category-dak dt_portfolio_category-48\" data-name=\"Dakisolatie \u2013 Werf in Gesves\" data-date=\"2024-02-01T14:53:17+01:00\">\n\n<div class=\"post-thumbnail-wrap rollover-active \">\n\t<div class=\"post-thumbnail\">\n\n\t\t<a href=\"https:\/\/www.iseoprojection.com\/nl\/realisatie\/isolatie-dakbedekking-interieur-gesves\/\" class=\"post-thumbnail-rollover layzr-bg\" target=\"\"  aria-label=\"Post image\"><img decoding=\"async\" class=\"iso-lazy-load preload-me iso-lazy-load aspect\" src=\"data:image\/svg+xml,%3Csvg%20xmlns%3D&#39;http%3A%2F%2Fwww.w3.org%2F2000%2Fsvg&#39;%20viewBox%3D&#39;0%200%20768%20512&#39;%2F%3E\" data-src=\"https:\/\/www.iseoprojection.com\/wp-content\/uploads\/2024\/02\/isolation-grenier-gesves-768x512.jpg\" data-srcset=\"https:\/\/www.iseoprojection.com\/wp-content\/uploads\/2024\/02\/isolation-grenier-gesves-768x512.jpg 768w, https:\/\/www.iseoprojection.com\/wp-content\/uploads\/2024\/02\/isolation-grenier-gesves-1152x768.jpg 1152w\" loading=\"eager\" style=\"--ratio: 768 \/ 512\" sizes=\"(max-width: 768px) 100vw, 768px\" alt=\"Toit isol\u00e9 par l&#039;int\u00e9rieur avec de la mousse projet\u00e9e\" title=\"isolation-grenier-gesves\" width=\"768\" height=\"512\"  \/><\/a><div class=\"project-links-container\"><a href=\"https:\/\/www.iseoprojection.com\/nl\/realisatie\/isolatie-dakbedekking-interieur-gesves\/\" target=\"\" class=\"project-details\" aria-label=\"Details link\"><span class=\"icon-portfolio-p205\"><\/span><\/a><\/div>\n\t<\/div>\n<\/div>\n\n\n<div class=\"post-entry-content\">\n\n\t<h3 class=\"entry-title\">\n\t\t<a href=\"https:\/\/www.iseoprojection.com\/nl\/realisatie\/isolatie-dakbedekking-interieur-gesves\/\" target=\"\" title=\"Dakisolatie \u2013 Werf in Gesves\" rel=\"bookmark\">Dakisolatie \u2013 Werf in Gesves<\/a>\n\t<\/h3>\n\n\t<div class=\"entry-meta portfolio-categories\"><span class=\"category-link\"><a href=\"https:\/\/www.iseoprojection.com\/nl\/project-category\/dak\/\" >Dak<\/a><\/span><\/div>\n\t<div class=\"entry-excerpt\"><p>Ons team heeft isolatiewerkzaamheden uitgevoerd op een dak in Gesves. Lees meer over het project.<\/p>\n<\/div>\n\t<a class=\"dt-btn-s dt-btn post-details details-type-btn\" href=\"https:\/\/www.iseoprojection.com\/nl\/realisatie\/isolatie-dakbedekking-interieur-gesves\/\" target=\"\">Meer lezen<i class=\"dt-icon-the7-arrow-03\" aria-hidden=\"true\"><\/i><\/a>\n<\/div><\/article><\/div><div class=\"hidden wf-cell category-48\" data-post-id=\"2830\" data-date=\"2024-02-01T14:37:01+01:00\" data-name=\"Dakisolatie van binnenuit \u2013 Werf in Z\u00e9trud-Lumay\"><article class=\"post visible post-2830 dt_portfolio type-dt_portfolio status-publish has-post-thumbnail hentry dt_portfolio_category-dak dt_portfolio_category-48\" data-name=\"Dakisolatie van binnenuit \u2013 Werf in Z\u00e9trud-Lumay\" data-date=\"2024-02-01T14:37:01+01:00\">\n\n<div class=\"post-thumbnail-wrap rollover-active \">\n\t<div class=\"post-thumbnail\">\n\n\t\t<a href=\"https:\/\/www.iseoprojection.com\/nl\/realisatie\/isolatie-dak-interieur-zetrud-lumay\/\" class=\"post-thumbnail-rollover layzr-bg\" target=\"\"  aria-label=\"Post image\"><img decoding=\"async\" class=\"iso-lazy-load preload-me iso-lazy-load aspect\" src=\"data:image\/svg+xml,%3Csvg%20xmlns%3D&#39;http%3A%2F%2Fwww.w3.org%2F2000%2Fsvg&#39;%20viewBox%3D&#39;0%200%20768%20512&#39;%2F%3E\" data-src=\"https:\/\/www.iseoprojection.com\/wp-content\/uploads\/2024\/02\/structure-metal-pour-isolation-toit-zetrud-lumay-768x512.jpg\" data-srcset=\"https:\/\/www.iseoprojection.com\/wp-content\/uploads\/2024\/02\/structure-metal-pour-isolation-toit-zetrud-lumay-768x512.jpg 768w, https:\/\/www.iseoprojection.com\/wp-content\/uploads\/2024\/02\/structure-metal-pour-isolation-toit-zetrud-lumay-900x600.jpg 900w\" loading=\"eager\" style=\"--ratio: 768 \/ 512\" sizes=\"(max-width: 768px) 100vw, 768px\" alt=\"Support en m\u00e9tal avant d&#039;isoler un toit avec de la mousse projet\u00e9e\" title=\"structure-metal-pour-isolation-toit-zetrud-lumay\" width=\"768\" height=\"512\"  \/><\/a><div class=\"project-links-container\"><a href=\"https:\/\/www.iseoprojection.com\/nl\/realisatie\/isolatie-dak-interieur-zetrud-lumay\/\" target=\"\" class=\"project-details\" aria-label=\"Details link\"><span class=\"icon-portfolio-p205\"><\/span><\/a><\/div>\n\t<\/div>\n<\/div>\n\n\n<div class=\"post-entry-content\">\n\n\t<h3 class=\"entry-title\">\n\t\t<a href=\"https:\/\/www.iseoprojection.com\/nl\/realisatie\/isolatie-dak-interieur-zetrud-lumay\/\" target=\"\" title=\"Dakisolatie van binnenuit \u2013 Werf in Z\u00e9trud-Lumay\" rel=\"bookmark\">Dakisolatie van binnenuit \u2013 Werf in Z\u00e9trud-Lumay<\/a>\n\t<\/h3>\n\n\t<div class=\"entry-meta portfolio-categories\"><span class=\"category-link\"><a href=\"https:\/\/www.iseoprojection.com\/nl\/project-category\/dak\/\" >Dak<\/a><\/span><\/div>\n\t<div class=\"entry-excerpt\"><p>Ons team heeft isolatiewerkzaamheden uitgevoerd op een dak in Z\u00e9trud-Lumay. Lees meer over het project.<\/p>\n<\/div>\n\t<a class=\"dt-btn-s dt-btn post-details details-type-btn\" href=\"https:\/\/www.iseoprojection.com\/nl\/realisatie\/isolatie-dak-interieur-zetrud-lumay\/\" target=\"\">Meer lezen<i class=\"dt-icon-the7-arrow-03\" aria-hidden=\"true\"><\/i><\/a>\n<\/div><\/article><\/div><div class=\"hidden wf-cell category-48\" data-post-id=\"2813\" data-date=\"2024-01-31T17:27:08+01:00\" data-name=\"Dakisolatie - werf boerderij Mehaignoul in Meux (La Bruy\u00e8re)\"><article class=\"post visible post-2813 dt_portfolio type-dt_portfolio status-publish has-post-thumbnail hentry dt_portfolio_category-dak dt_portfolio_category-48\" data-name=\"Dakisolatie &#8211; werf boerderij Mehaignoul in Meux (La Bruy\u00e8re)\" data-date=\"2024-01-31T17:27:08+01:00\">\n\n<div class=\"post-thumbnail-wrap rollover-active \">\n\t<div class=\"post-thumbnail\">\n\n\t\t<a href=\"https:\/\/www.iseoprojection.com\/nl\/realisatie\/dakisolatie-werf-boerderij-mehaignoul-in-meux\/\" class=\"post-thumbnail-rollover layzr-bg\" target=\"\"  aria-label=\"Post image\"><img decoding=\"async\" class=\"iso-lazy-load preload-me iso-lazy-load aspect\" src=\"data:image\/svg+xml,%3Csvg%20xmlns%3D&#39;http%3A%2F%2Fwww.w3.org%2F2000%2Fsvg&#39;%20viewBox%3D&#39;0%200%20768%20512&#39;%2F%3E\" data-src=\"https:\/\/www.iseoprojection.com\/wp-content\/uploads\/2024\/01\/IMG_20231220_151846-768x512.jpg\" data-srcset=\"https:\/\/www.iseoprojection.com\/wp-content\/uploads\/2024\/01\/IMG_20231220_151846-768x512.jpg 768w, https:\/\/www.iseoprojection.com\/wp-content\/uploads\/2024\/01\/IMG_20231220_151846-901x600.jpg 901w\" loading=\"eager\" style=\"--ratio: 768 \/ 512\" sizes=\"(max-width: 768px) 100vw, 768px\" alt=\"Isolation par l&#039;int\u00e9rieur et par mousse projet\u00e9e d&#039;une toiture inclin\u00e9e\" title=\"IMG_20231220_151846\" width=\"768\" height=\"512\"  \/><\/a><div class=\"project-links-container\"><a href=\"https:\/\/www.iseoprojection.com\/nl\/realisatie\/dakisolatie-werf-boerderij-mehaignoul-in-meux\/\" target=\"\" class=\"project-details\" aria-label=\"Details link\"><span class=\"icon-portfolio-p205\"><\/span><\/a><\/div>\n\t<\/div>\n<\/div>\n\n\n<div class=\"post-entry-content\">\n\n\t<h3 class=\"entry-title\">\n\t\t<a href=\"https:\/\/www.iseoprojection.com\/nl\/realisatie\/dakisolatie-werf-boerderij-mehaignoul-in-meux\/\" target=\"\" title=\"Dakisolatie &#8211; werf boerderij Mehaignoul in Meux (La Bruy\u00e8re)\" rel=\"bookmark\">Dakisolatie &#8211; werf boerderij Mehaignoul in Meux (La Bruy\u00e8re)<\/a>\n\t<\/h3>\n\n\t<div class=\"entry-meta portfolio-categories\"><span class=\"category-link\"><a href=\"https:\/\/www.iseoprojection.com\/nl\/project-category\/dak\/\" >Dak<\/a><\/span><\/div>\n\t<div class=\"entry-excerpt\"><p>Een ander project waarbij onze hoogwaardige ISEO H2O-isolatie is gebruikt, voor dit dak op de boerderij in Mehaignoul.<\/p>\n<\/div>\n\t<a class=\"dt-btn-s dt-btn post-details details-type-btn\" href=\"https:\/\/www.iseoprojection.com\/nl\/realisatie\/dakisolatie-werf-boerderij-mehaignoul-in-meux\/\" target=\"\">Meer lezen<i class=\"dt-icon-the7-arrow-03\" aria-hidden=\"true\"><\/i><\/a>\n<\/div><\/article><\/div><div class=\"hidden wf-cell category-48\" data-post-id=\"2673\" data-date=\"2023-12-01T09:09:24+01:00\" data-name=\"Dakisolatie - werf te Mont-Saint-Guibert\"><article class=\"post visible post-2673 dt_portfolio type-dt_portfolio status-publish has-post-thumbnail hentry dt_portfolio_category-dak dt_portfolio_category-48\" data-name=\"Dakisolatie &#8211; werf te Mont-Saint-Guibert\" data-date=\"2023-12-01T09:09:24+01:00\">\n\n<div class=\"post-thumbnail-wrap rollover-active \">\n\t<div class=\"post-thumbnail\">\n\n\t\t<a href=\"https:\/\/www.iseoprojection.com\/nl\/realisatie\/isolatie-dak-mont-saint-guibert\/\" class=\"post-thumbnail-rollover layzr-bg\" target=\"\"  aria-label=\"Post image\"><img decoding=\"async\" class=\"iso-lazy-load preload-me iso-lazy-load aspect\" src=\"data:image\/svg+xml,%3Csvg%20xmlns%3D&#39;http%3A%2F%2Fwww.w3.org%2F2000%2Fsvg&#39;%20viewBox%3D&#39;0%200%20768%20512&#39;%2F%3E\" data-src=\"https:\/\/www.iseoprojection.com\/wp-content\/uploads\/2023\/12\/ISEO-chantier-mont-sain-guibert-1-768x512.jpg\" data-srcset=\"https:\/\/www.iseoprojection.com\/wp-content\/uploads\/2023\/12\/ISEO-chantier-mont-sain-guibert-1-768x512.jpg 768w, https:\/\/www.iseoprojection.com\/wp-content\/uploads\/2023\/12\/ISEO-chantier-mont-sain-guibert-1-800x533.jpg 800w\" loading=\"eager\" style=\"--ratio: 768 \/ 512\" sizes=\"(max-width: 768px) 100vw, 768px\" alt=\"\" title=\"ISEO-chantier-mont-sain-guibert (1)\" width=\"768\" height=\"512\"  \/><\/a><div class=\"project-links-container\"><a href=\"https:\/\/www.iseoprojection.com\/nl\/realisatie\/isolatie-dak-mont-saint-guibert\/\" target=\"\" class=\"project-details\" aria-label=\"Details link\"><span class=\"icon-portfolio-p205\"><\/span><\/a><\/div>\n\t<\/div>\n<\/div>\n\n\n<div class=\"post-entry-content\">\n\n\t<h3 class=\"entry-title\">\n\t\t<a href=\"https:\/\/www.iseoprojection.com\/nl\/realisatie\/isolatie-dak-mont-saint-guibert\/\" target=\"\" title=\"Dakisolatie &#8211; werf te Mont-Saint-Guibert\" rel=\"bookmark\">Dakisolatie &#8211; werf te Mont-Saint-Guibert<\/a>\n\t<\/h3>\n\n\t<div class=\"entry-meta portfolio-categories\"><span class=\"category-link\"><a href=\"https:\/\/www.iseoprojection.com\/nl\/project-category\/dak\/\" >Dak<\/a><\/span><\/div>\n\t<div class=\"entry-excerpt\"><p>Ons team heeft isolatiewerkzaamheden uitgevoerd op een dak in Mont-Saint-Guibert. Lees meer over het project.<\/p>\n<\/div>\n\t<a class=\"dt-btn-s dt-btn post-details details-type-btn\" href=\"https:\/\/www.iseoprojection.com\/nl\/realisatie\/isolatie-dak-mont-saint-guibert\/\" target=\"\">Meer lezen<i class=\"dt-icon-the7-arrow-03\" aria-hidden=\"true\"><\/i><\/a>\n<\/div><\/article><\/div><div class=\"hidden wf-cell category-48\" data-post-id=\"2530\" data-date=\"2023-11-16T12:10:56+01:00\" data-name=\"Dakrenovatie - Werf te Destelbergen\"><article class=\"post visible post-2530 dt_portfolio type-dt_portfolio status-publish has-post-thumbnail hentry dt_portfolio_category-dak dt_portfolio_category-48\" data-name=\"Dakrenovatie &#8211; Werf te Destelbergen\" data-date=\"2023-11-16T12:10:56+01:00\">\n\n<div class=\"post-thumbnail-wrap rollover-active \">\n\t<div class=\"post-thumbnail\">\n\n\t\t<a href=\"https:\/\/www.iseoprojection.com\/nl\/realisatie\/dakrenovatie-werf-te-destelbergen\/\" class=\"post-thumbnail-rollover layzr-bg\" target=\"\"  aria-label=\"Post image\"><img decoding=\"async\" class=\"iso-lazy-load preload-me iso-lazy-load aspect\" src=\"data:image\/svg+xml,%3Csvg%20xmlns%3D&#39;http%3A%2F%2Fwww.w3.org%2F2000%2Fsvg&#39;%20viewBox%3D&#39;0%200%20768%20512&#39;%2F%3E\" data-src=\"https:\/\/www.iseoprojection.com\/wp-content\/uploads\/2023\/11\/iseoprojection-realisation-destelbergen-featured-768x512.jpg\" data-srcset=\"https:\/\/www.iseoprojection.com\/wp-content\/uploads\/2023\/11\/iseoprojection-realisation-destelbergen-featured-768x512.jpg 768w, https:\/\/www.iseoprojection.com\/wp-content\/uploads\/2023\/11\/iseoprojection-realisation-destelbergen-featured-900x600.jpg 900w\" loading=\"eager\" style=\"--ratio: 768 \/ 512\" sizes=\"(max-width: 768px) 100vw, 768px\" alt=\"gespoten polyurethaanschuim op een dak\" title=\"iseoprojection-realisation-destelbergen-featured\" width=\"768\" height=\"512\"  \/><\/a><div class=\"project-links-container\"><a href=\"https:\/\/www.iseoprojection.com\/nl\/realisatie\/dakrenovatie-werf-te-destelbergen\/\" target=\"\" class=\"project-details\" aria-label=\"Details link\"><span class=\"icon-portfolio-p205\"><\/span><\/a><\/div>\n\t<\/div>\n<\/div>\n\n\n<div class=\"post-entry-content\">\n\n\t<h3 class=\"entry-title\">\n\t\t<a href=\"https:\/\/www.iseoprojection.com\/nl\/realisatie\/dakrenovatie-werf-te-destelbergen\/\" target=\"\" title=\"Dakrenovatie &#8211; Werf te Destelbergen\" rel=\"bookmark\">Dakrenovatie &#8211; Werf te Destelbergen<\/a>\n\t<\/h3>\n\n\t<div class=\"entry-meta portfolio-categories\"><span class=\"category-link\"><a href=\"https:\/\/www.iseoprojection.com\/nl\/project-category\/dak\/\" >Dak<\/a><\/span><\/div>\n\t<div class=\"entry-excerpt\"><p>Lees meer over ons dakrenovatieproject in Destelbergen. Focus op het isoleren van het dak van een villa uit 1960.<\/p>\n<\/div>\n\t<a class=\"dt-btn-s dt-btn post-details details-type-btn\" href=\"https:\/\/www.iseoprojection.com\/nl\/realisatie\/dakrenovatie-werf-te-destelbergen\/\" target=\"\">Meer lezen<i class=\"dt-icon-the7-arrow-03\" aria-hidden=\"true\"><\/i><\/a>\n<\/div><\/article><\/div><\/div><!-- iso-container|iso-grid --><div class=\"paginator paginator-more-button\">\n\t\t\t\t<a class=\"button-load-more \" href=\"javascript:void(0);\" data-dt-page=\"1\" ><span class=\"stick\"><\/span><span class=\"stick\"><\/span><span class=\"stick\"><\/span><span class=\"button-caption\">Laad meer<\/span><\/a>\n\t\t\t<\/div><\/div>[\/vc_column][\/vc_row]<\/p>\n<\/div>","protected":false},"excerpt":{"rendered":"<p>[vc_row equal_height=&#8221;yes&#8221; content_placement=&#8221;middle&#8221; bg_type=&#8221;image&#8221; parallax_style=&#8221;vcpb-default&#8221; bg_image_new=&#8221;id^2648|url^https:\/\/www.iseoprojection.com\/wp-content\/uploads\/2023\/11\/ISEOPROJECTION-realisations-background-header.jpg|caption^null|alt^null|title^ISEOPROJECTION-realisations-background-header|description^null&#8221; bg_image_repeat=&#8221;no-repeat&#8221; bg_override=&#8221;ex-full&#8221; enable_overlay=&#8221;enable_overlay_value&#8221; overlay_color=&#8221;rgba(0,73,123,0.3)&#8221; seperator_enable=&#8221;seperator_enable_value&#8221; seperator_type=&#8221;xlarge_circle_seperator&#8221; seperator_position=&#8221;bottom_seperator&#8221; seperator_shape_background=&#8221;#ffffff&#8221; el_class=&#8221;custom-row custom-overlay&#8221; css=&#8221;.vc_custom_1700831349675{padding-top: 60px !important;padding-bottom: 80px !important;}&#8221;][vc_column width=&#8221;1\/2&#8243; css=&#8221;.vc_custom_1700145109339{padding-top: 20px !important;}&#8221;][vc_column_text el_class=&#8221;custom-white&#8221;] Onze realisaties [\/vc_column_text][vc_column_text el_class=&#8221;custom-white&#8221;]We zijn actief in heel Belgi\u00eb, Frankrijk en Luxemburg. Bekijk ons werk en laat je inspireren.[\/vc_column_text][\/vc_column][vc_column width=&#8221;1\/2&#8243; el_class=&#8221;custom-col-shadow&#8221; css=&#8221;.vc_custom_1700145229311{padding-top: 0px !important;padding-right: 0px !important;padding-bottom: 0px !important;padding-left: 0px&hellip;<\/p>\n","protected":false},"author":15,"featured_media":0,"parent":0,"menu_order":8,"comment_status":"closed","ping_status":"closed","template":"","meta":{"footnotes":""},"class_list":["post-2538","page","type-page","status-publish","hentry","description-off"],"yoast_head":"<!-- This site is optimized with the Yoast SEO plugin v27.4 - https:\/\/yoast.com\/product\/yoast-seo-wordpress\/ -->\n<title>Ontdek het portfolio van ISEO Projection, isolatiespecialist<\/title>\n<meta name=\"description\" content=\"Al onze projecten in Belgi\u00eb, Frankrijk en Luxemburg. Vraag online een offerte aan en ontvang uw prijsopgave.\" \/>\n<meta name=\"robots\" content=\"index, follow, max-snippet:-1, max-image-preview:large, max-video-preview:-1\" \/>\n<link rel=\"canonical\" href=\"https:\/\/www.iseoprojection.com\/nl\/realisaties\/\" \/>\n<meta property=\"og:locale\" content=\"nl_NL\" \/>\n<meta property=\"og:type\" content=\"article\" \/>\n<meta property=\"og:title\" content=\"Ontdek het portfolio van ISEO Projection, isolatiespecialist\" \/>\n<meta property=\"og:description\" content=\"Al onze projecten in Belgi\u00eb, Frankrijk en Luxemburg. Vraag online een offerte aan en ontvang uw prijsopgave.\" \/>\n<meta property=\"og:url\" content=\"https:\/\/www.iseoprojection.com\/nl\/realisaties\/\" \/>\n<meta property=\"og:site_name\" content=\"ISEO projection\" \/>\n<meta property=\"article:modified_time\" content=\"2025-08-14T06:34:07+00:00\" \/>\n<meta name=\"twitter:card\" content=\"summary_large_image\" \/>\n<meta name=\"twitter:label1\" content=\"Geschatte leestijd\" \/>\n\t<meta name=\"twitter:data1\" content=\"1 minuut\" \/>\n<script type=\"application\/ld+json\" class=\"yoast-schema-graph\">{\"@context\":\"https:\\\/\\\/schema.org\",\"@graph\":[{\"@type\":\"WebPage\",\"@id\":\"https:\\\/\\\/www.iseoprojection.com\\\/nl\\\/realisaties\\\/\",\"url\":\"https:\\\/\\\/www.iseoprojection.com\\\/nl\\\/realisaties\\\/\",\"name\":\"Ontdek het portfolio van ISEO Projection, isolatiespecialist\",\"isPartOf\":{\"@id\":\"https:\\\/\\\/www.iseoprojection.com\\\/#website\"},\"datePublished\":\"2023-11-16T13:17:20+00:00\",\"dateModified\":\"2025-08-14T06:34:07+00:00\",\"description\":\"Al onze projecten in Belgi\u00eb, Frankrijk en Luxemburg. Vraag online een offerte aan en ontvang uw prijsopgave.\",\"breadcrumb\":{\"@id\":\"https:\\\/\\\/www.iseoprojection.com\\\/nl\\\/realisaties\\\/#breadcrumb\"},\"inLanguage\":\"nl-NL\",\"potentialAction\":[{\"@type\":\"ReadAction\",\"target\":[\"https:\\\/\\\/www.iseoprojection.com\\\/nl\\\/realisaties\\\/\"]}]},{\"@type\":\"BreadcrumbList\",\"@id\":\"https:\\\/\\\/www.iseoprojection.com\\\/nl\\\/realisaties\\\/#breadcrumb\",\"itemListElement\":[{\"@type\":\"ListItem\",\"position\":1,\"name\":\"Accueil\",\"item\":\"https:\\\/\\\/www.iseoprojection.com\\\/nl\\\/\"},{\"@type\":\"ListItem\",\"position\":2,\"name\":\"Realisaties\"}]},{\"@type\":\"WebSite\",\"@id\":\"https:\\\/\\\/www.iseoprojection.com\\\/#website\",\"url\":\"https:\\\/\\\/www.iseoprojection.com\\\/\",\"name\":\"ISEO projection\",\"description\":\"\",\"potentialAction\":[{\"@type\":\"SearchAction\",\"target\":{\"@type\":\"EntryPoint\",\"urlTemplate\":\"https:\\\/\\\/www.iseoprojection.com\\\/?s={search_term_string}\"},\"query-input\":{\"@type\":\"PropertyValueSpecification\",\"valueRequired\":true,\"valueName\":\"search_term_string\"}}],\"inLanguage\":\"nl-NL\"}]}<\/script>\n<!-- \/ Yoast SEO plugin. -->","yoast_head_json":{"title":"Ontdek het portfolio van ISEO Projection, isolatiespecialist","description":"Al onze projecten in Belgi\u00eb, Frankrijk en Luxemburg. Vraag online een offerte aan en ontvang uw prijsopgave.","robots":{"index":"index","follow":"follow","max-snippet":"max-snippet:-1","max-image-preview":"max-image-preview:large","max-video-preview":"max-video-preview:-1"},"canonical":"https:\/\/www.iseoprojection.com\/nl\/realisaties\/","og_locale":"nl_NL","og_type":"article","og_title":"Ontdek het portfolio van ISEO Projection, isolatiespecialist","og_description":"Al onze projecten in Belgi\u00eb, Frankrijk en Luxemburg. Vraag online een offerte aan en ontvang uw prijsopgave.","og_url":"https:\/\/www.iseoprojection.com\/nl\/realisaties\/","og_site_name":"ISEO projection","article_modified_time":"2025-08-14T06:34:07+00:00","twitter_card":"summary_large_image","twitter_misc":{"Geschatte leestijd":"1 minuut"},"schema":{"@context":"https:\/\/schema.org","@graph":[{"@type":"WebPage","@id":"https:\/\/www.iseoprojection.com\/nl\/realisaties\/","url":"https:\/\/www.iseoprojection.com\/nl\/realisaties\/","name":"Ontdek het portfolio van ISEO Projection, isolatiespecialist","isPartOf":{"@id":"https:\/\/www.iseoprojection.com\/#website"},"datePublished":"2023-11-16T13:17:20+00:00","dateModified":"2025-08-14T06:34:07+00:00","description":"Al onze projecten in Belgi\u00eb, Frankrijk en Luxemburg. Vraag online een offerte aan en ontvang uw prijsopgave.","breadcrumb":{"@id":"https:\/\/www.iseoprojection.com\/nl\/realisaties\/#breadcrumb"},"inLanguage":"nl-NL","potentialAction":[{"@type":"ReadAction","target":["https:\/\/www.iseoprojection.com\/nl\/realisaties\/"]}]},{"@type":"BreadcrumbList","@id":"https:\/\/www.iseoprojection.com\/nl\/realisaties\/#breadcrumb","itemListElement":[{"@type":"ListItem","position":1,"name":"Accueil","item":"https:\/\/www.iseoprojection.com\/nl\/"},{"@type":"ListItem","position":2,"name":"Realisaties"}]},{"@type":"WebSite","@id":"https:\/\/www.iseoprojection.com\/#website","url":"https:\/\/www.iseoprojection.com\/","name":"ISEO projection","description":"","potentialAction":[{"@type":"SearchAction","target":{"@type":"EntryPoint","urlTemplate":"https:\/\/www.iseoprojection.com\/?s={search_term_string}"},"query-input":{"@type":"PropertyValueSpecification","valueRequired":true,"valueName":"search_term_string"}}],"inLanguage":"nl-NL"}]}},"_links":{"self":[{"href":"https:\/\/www.iseoprojection.com\/nl\/wp-json\/wp\/v2\/pages\/2538","targetHints":{"allow":["GET"]}}],"collection":[{"href":"https:\/\/www.iseoprojection.com\/nl\/wp-json\/wp\/v2\/pages"}],"about":[{"href":"https:\/\/www.iseoprojection.com\/nl\/wp-json\/wp\/v2\/types\/page"}],"author":[{"embeddable":true,"href":"https:\/\/www.iseoprojection.com\/nl\/wp-json\/wp\/v2\/users\/15"}],"replies":[{"embeddable":true,"href":"https:\/\/www.iseoprojection.com\/nl\/wp-json\/wp\/v2\/comments?post=2538"}],"version-history":[{"count":13,"href":"https:\/\/www.iseoprojection.com\/nl\/wp-json\/wp\/v2\/pages\/2538\/revisions"}],"predecessor-version":[{"id":5453,"href":"https:\/\/www.iseoprojection.com\/nl\/wp-json\/wp\/v2\/pages\/2538\/revisions\/5453"}],"wp:attachment":[{"href":"https:\/\/www.iseoprojection.com\/nl\/wp-json\/wp\/v2\/media?parent=2538"}],"curies":[{"name":"wp","href":"https:\/\/api.w.org\/{rel}","templated":true}]}}