{"id":5106,"date":"2025-06-03T17:20:08","date_gmt":"2025-06-03T15:20:08","guid":{"rendered":"https:\/\/www.iseoprojection.com\/?post_type=dt_portfolio&#038;p=5106"},"modified":"2025-06-03T17:19:53","modified_gmt":"2025-06-03T15:19:53","slug":"isolatie-dak-muren-plafond-sint-gillis","status":"publish","type":"dt_portfolio","link":"https:\/\/www.iseoprojection.com\/nl\/realisatie\/isolatie-dak-muren-plafond-sint-gillis\/","title":{"rendered":"Dak-, plafond- en binnenmuurisolatie in Sint-Gillis"},"content":{"rendered":"<div class=\"wpb-content-wrapper\"><p>[vc_row gap=&#8221;35&#8243; equal_height=&#8221;yes&#8221; content_placement=&#8221;middle&#8221;][vc_column width=&#8221;1\/2&#8243;][vc_column_text css=&#8221;&#8221;]<\/p>\n<h2><span lang=\"NL-BE\">Projectkenmerken<\/span><\/h2>\n<p>[\/vc_column_text][vc_column_text css=&#8221;&#8221;]<\/p>\n<ul>\n<li><strong>Locatie:<\/strong> Sint-Gillis<\/li>\n<li><strong>Datum:<\/strong> 05 en 06 mei<\/li>\n<li><strong>Type realisatie:<\/strong> Dak- en binnenmuurisolatie<\/li>\n<li><strong>Gebruikt materiaal:<\/strong> Opencellig gespoten polyurethaanschuim ICYNENE LITE+<\/li>\n<li><strong>Dikte:<\/strong> 17cm voor het dak, 15 cm voor de muren en de plafonds<\/li>\n<\/ul>\n<p>[\/vc_column_text][\/vc_column][vc_column width=&#8221;1\/2&#8243;]<style type=\"text\/css\" data-type=\"the7_shortcodes-inline-css\">.gallery-carousel-shortcode.gallery-carousel-shortcode-id-f5312df353a66ada3dff2b5cae209796.owl-carousel .owl-nav div {\n  width: 36px;\n  height: 36px;\n  border-radius: 500px;\n}\n.dt-arrow-border-on.gallery-carousel-shortcode.gallery-carousel-shortcode-id-f5312df353a66ada3dff2b5cae209796.owl-carousel .owl-nav div:not(:hover):before {\n  border-width: 0px;\n}\n.dt-arrow-hover-border-on.gallery-carousel-shortcode.gallery-carousel-shortcode-id-f5312df353a66ada3dff2b5cae209796.owl-carousel .owl-nav div:hover:after {\n  border-width: 0px;\n}\n.gallery-carousel-shortcode.gallery-carousel-shortcode-id-f5312df353a66ada3dff2b5cae209796.owl-carousel .owl-nav div.owl-prev {\n  top: 50%;\n  transform: translateY(calc(-50% + 0px));\n  left: -20px;\n}\n@media all and (-ms-high-contrast: none) {\n  .gallery-carousel-shortcode.gallery-carousel-shortcode-id-f5312df353a66ada3dff2b5cae209796.owl-carousel .owl-nav div.owl-prev {\n    transform: translateY(-50%);\n    margin-top: 0px;\n  }\n}\n.gallery-carousel-shortcode.gallery-carousel-shortcode-id-f5312df353a66ada3dff2b5cae209796.owl-carousel .owl-nav div.owl-prev i {\n  padding: 0px 0px 0px 0px;\n}\n.gallery-carousel-shortcode.gallery-carousel-shortcode-id-f5312df353a66ada3dff2b5cae209796.owl-carousel .owl-nav div.owl-next {\n  top: 50%;\n  transform: translateY(calc(-50% + 0px));\n  right: -18px;\n}\n@media all and (-ms-high-contrast: none) {\n  .gallery-carousel-shortcode.gallery-carousel-shortcode-id-f5312df353a66ada3dff2b5cae209796.owl-carousel .owl-nav div.owl-next {\n    transform: translateY(-50%);\n    margin-top: 0px;\n  }\n}\n.gallery-carousel-shortcode.gallery-carousel-shortcode-id-f5312df353a66ada3dff2b5cae209796.owl-carousel .owl-nav div.owl-next i {\n  padding: 0px 0px 0px 0px;\n}\n.gallery-carousel-shortcode.gallery-carousel-shortcode-id-f5312df353a66ada3dff2b5cae209796.owl-carousel .owl-nav i {\n  font-size: 18px;\n}\n.gallery-carousel-shortcode.gallery-carousel-shortcode-id-f5312df353a66ada3dff2b5cae209796.owl-carousel .owl-nav div:not(:hover) i,\n.gallery-carousel-shortcode.gallery-carousel-shortcode-id-f5312df353a66ada3dff2b5cae209796.owl-carousel .owl-nav div:not(:hover) i:before {\n  color: #ffffff;\n  background: none;\n}\n.gallery-carousel-shortcode.gallery-carousel-shortcode-id-f5312df353a66ada3dff2b5cae209796.owl-carousel .owl-nav div:hover i,\n.gallery-carousel-shortcode.gallery-carousel-shortcode-id-f5312df353a66ada3dff2b5cae209796.owl-carousel .owl-nav div:hover i:before {\n  color: rgba(255,255,255,0.75);\n  background: none;\n}\n.gallery-carousel-shortcode.gallery-carousel-shortcode-id-f5312df353a66ada3dff2b5cae209796 .owl-dots {\n  top: calc(100% + 20px);\n  left: 50%;\n  transform: translateX(calc(-50% + 0px));\n}\n@media all and (-ms-high-contrast: none) {\n  .gallery-carousel-shortcode.gallery-carousel-shortcode-id-f5312df353a66ada3dff2b5cae209796 .owl-dots {\n    transform: translateX(-50%);\n    margin-left: 0px;\n  }\n}\n.gallery-carousel-shortcode.gallery-carousel-shortcode-id-f5312df353a66ada3dff2b5cae209796 .owl-dot {\n  width: 10px;\n  height: 10px;\n  margin: 0 8px;\n}\n@media screen and (max-width: 778px) {\n  .gallery-carousel-shortcode.gallery-carousel-shortcode-id-f5312df353a66ada3dff2b5cae209796.hide-arrows .owl-nav a {\n    display: none;\n  }\n}\n@media screen and (max-width: 778px) {\n  .gallery-carousel-shortcode.gallery-carousel-shortcode-id-f5312df353a66ada3dff2b5cae209796.reposition-arrows .owl-nav .owl-prev {\n    top: 50%;\n    transform: translateY(calc(-50% + 0px));\n    left: 10px;\n  }\n  .gallery-carousel-shortcode.gallery-carousel-shortcode-id-f5312df353a66ada3dff2b5cae209796.reposition-arrows .owl-nav .owl-next {\n    top: 50%;\n    transform: translateY(calc(-50% + 0px));\n    right: 10px;\n  }\n}\n@media screen and (max-width: 778px) and all and (-ms-high-contrast: none) {\n  .gallery-carousel-shortcode.gallery-carousel-shortcode-id-f5312df353a66ada3dff2b5cae209796.reposition-arrows .owl-nav .owl-prev {\n    transform: translateY(-50%);\n    margin-top: 0px;\n  }\n}\n@media screen and (max-width: 778px) and all and (-ms-high-contrast: none) {\n  .gallery-carousel-shortcode.gallery-carousel-shortcode-id-f5312df353a66ada3dff2b5cae209796.reposition-arrows .owl-nav .owl-next {\n    transform: translateY(-50%);\n    margin-top: 0px;\n  }\n}\n.gallery-carousel-shortcode.gallery-carousel-shortcode-id-f5312df353a66ada3dff2b5cae209796 figure,\n.gallery-carousel-shortcode.gallery-carousel-shortcode-id-f5312df353a66ada3dff2b5cae209796 .rollover,\n.gallery-carousel-shortcode.gallery-carousel-shortcode-id-f5312df353a66ada3dff2b5cae209796 img,\n.gallery-carousel-shortcode.gallery-carousel-shortcode-id-f5312df353a66ada3dff2b5cae209796 .gallery-rollover {\n  border-radius: 20px;\n}\n.gallery-carousel-shortcode.gallery-carousel-shortcode-id-f5312df353a66ada3dff2b5cae209796.enable-bg-rollover .gallery-rollover {\n  background: -webkit-linear-gradient();\n  background: linear-gradient();\n}\n.gallery-carousel-shortcode.gallery-carousel-shortcode-id-f5312df353a66ada3dff2b5cae209796.enable-img-shadow .owl-stage-outer {\n  padding: 14px 0;\n}\n.gallery-carousel-shortcode.gallery-carousel-shortcode-id-f5312df353a66ada3dff2b5cae209796.enable-bg-rollover.hover-scale figure .rollover:after {\n  background: -webkit-linear-gradient();\n  background: linear-gradient();\n}\n.gallery-carousel-shortcode.gallery-carousel-shortcode-id-f5312df353a66ada3dff2b5cae209796.gallery-shortcode .gallery-zoom-ico {\n  width: 44px;\n  height: 44px;\n  line-height: 44px;\n  border-radius: 100px;\n  margin: -22px 0 0 -22px;\n  border-width: 0px;\n}\n.dt-icon-bg-on.gallery-carousel-shortcode.gallery-carousel-shortcode-id-f5312df353a66ada3dff2b5cae209796.gallery-shortcode .gallery-zoom-ico {\n  background: rgba(255,255,255,0.3);\n  box-shadow: none;\n}\n.gallery-carousel-shortcode.gallery-carousel-shortcode-id-f5312df353a66ada3dff2b5cae209796.gallery-shortcode .gallery-zoom-ico:before,\n.gallery-carousel-shortcode.gallery-carousel-shortcode-id-f5312df353a66ada3dff2b5cae209796.gallery-shortcode .gallery-zoom-ico span {\n  font-size: 32px;\n  line-height: 44px;\n  color: #ffffff;\n  background: none;\n}<\/style><div class=\"owl-carousel gallery-carousel-shortcode gallery-shortcode  dt-gallery-container dt-owl-carousel-call gallery-carousel-shortcode-id-f5312df353a66ada3dff2b5cae209796 meta-info-off dt-arrow-border-on dt-arrow-hover-border-on bullets-small-dot-stroke reposition-arrows dt-icon-bg-off arrows-bg-on disable-arrows-hover-bg arrows-hover-bg-on  hover-fade \" data-scroll-mode=\"1\" data-col-num=\"1\" data-wide-col-num=\"1\" data-laptop-col=\"1\" data-h-tablet-columns-num=\"1\" data-v-tablet-columns-num=\"1\" data-phone-columns-num=\"1\" data-col-gap=\"10\" data-stage-padding=\"0\" data-speed=\"600\" data-autoplay=\"true\" data-autoplay_speed=\"2000\" data-arrows=\"true\" data-bullet=\"false\" data-next-icon=\"icon-ar-017-r\" data-prev-icon=\"icon-ar-017-l\" data-img-shadow-size=\"12px\" data-img-shadow-spread=\"3px\"><div data-post-id=\"5094\" data-date=\"2025-06-03T17:14:23+02:00\" data-name=\"isolation-mur-saint-gilles\"><figure class=\"post\"><a href=\"https:\/\/www.iseoprojection.com\/wp-content\/uploads\/2025\/06\/isolation-mur-saint-gilles.jpg\" class=\"rollover dt-pswp-item layzr-bg\" data-large_image_width=\"1200\" data-large_image_height=\"900\" data-dt-img-description=\"\" title=\"isolation-mur-saint-gilles\"><img fetchpriority=\"high\" decoding=\"async\" class=\"preload-me owl-lazy-load aspect\" src=\"data:image\/svg+xml,%3Csvg%20xmlns%3D&#39;http%3A%2F%2Fwww.w3.org%2F2000%2Fsvg&#39;%20viewBox%3D&#39;0%200%201125%20900&#39;%2F%3E\" data-src=\"https:\/\/www.iseoprojection.com\/wp-content\/uploads\/2025\/06\/isolation-mur-saint-gilles-1125x900.jpg\" data-srcset=\"https:\/\/www.iseoprojection.com\/wp-content\/uploads\/2025\/06\/isolation-mur-saint-gilles-1125x900.jpg 1125w\" loading=\"eager\" style=\"--ratio: 1125 \/ 900\" sizes=\"(max-width: 1125px) 100vw, 1125px\" alt=\"Travaux d\u2019isolation thermique et acoustique dans une maison bruxelloise en r\u00e9novation\" width=\"1125\" height=\"900\"  \/><span class=\"gallery-rollover\"><\/span><\/a><\/figure><\/div><div data-post-id=\"5096\" data-date=\"2025-06-03T17:15:00+02:00\" data-name=\"chantier-isolation-plafond-saint-gilles\"><figure class=\"post\"><a href=\"https:\/\/www.iseoprojection.com\/wp-content\/uploads\/2025\/06\/chantier-isolation-plafond-saint-gilles.jpg\" class=\"rollover dt-pswp-item layzr-bg\" data-large_image_width=\"893\" data-large_image_height=\"1200\" data-dt-img-description=\"\" title=\"chantier-isolation-plafond-saint-gilles\"><img decoding=\"async\" class=\"preload-me owl-lazy-load aspect\" src=\"data:image\/svg+xml,%3Csvg%20xmlns%3D&#39;http%3A%2F%2Fwww.w3.org%2F2000%2Fsvg&#39;%20viewBox%3D&#39;0%200%20892%20714&#39;%2F%3E\" data-src=\"https:\/\/www.iseoprojection.com\/wp-content\/uploads\/2025\/06\/chantier-isolation-plafond-saint-gilles-892x714.jpg\" data-srcset=\"https:\/\/www.iseoprojection.com\/wp-content\/uploads\/2025\/06\/chantier-isolation-plafond-saint-gilles-892x714.jpg 892w, https:\/\/www.iseoprojection.com\/wp-content\/uploads\/2025\/06\/chantier-isolation-plafond-saint-gilles-893x714.jpg 893w\" loading=\"eager\" style=\"--ratio: 892 \/ 714\" sizes=\"(max-width: 892px) 100vw, 892px\" alt=\"R\u00e9novation \u00e9nerg\u00e9tique d\u2019un logement avec isolation de murs, plafond et toiture\" width=\"892\" height=\"714\"  \/><span class=\"gallery-rollover\"><\/span><\/a><\/figure><\/div><div data-post-id=\"5098\" data-date=\"2025-06-03T17:15:06+02:00\" data-name=\"isolation-mousse-polyurethane-plafond\"><figure class=\"post\"><a href=\"https:\/\/www.iseoprojection.com\/wp-content\/uploads\/2025\/06\/isolation-mousse-polyurethane-plafond.jpg\" class=\"rollover dt-pswp-item layzr-bg\" data-large_image_width=\"893\" data-large_image_height=\"1200\" data-dt-img-description=\"\" title=\"isolation-mousse-polyurethane-plafond\"><img decoding=\"async\" class=\"preload-me owl-lazy-load aspect\" src=\"data:image\/svg+xml,%3Csvg%20xmlns%3D&#39;http%3A%2F%2Fwww.w3.org%2F2000%2Fsvg&#39;%20viewBox%3D&#39;0%200%20892%20714&#39;%2F%3E\" data-src=\"https:\/\/www.iseoprojection.com\/wp-content\/uploads\/2025\/06\/isolation-mousse-polyurethane-plafond-892x714.jpg\" data-srcset=\"https:\/\/www.iseoprojection.com\/wp-content\/uploads\/2025\/06\/isolation-mousse-polyurethane-plafond-892x714.jpg 892w, https:\/\/www.iseoprojection.com\/wp-content\/uploads\/2025\/06\/isolation-mousse-polyurethane-plafond-893x714.jpg 893w\" loading=\"eager\" style=\"--ratio: 892 \/ 714\" sizes=\"(max-width: 892px) 100vw, 892px\" alt=\"Traitement complet des parois int\u00e9rieures avec mousse \u00e0 haute performance thermique\" width=\"892\" height=\"714\"  \/><span class=\"gallery-rollover\"><\/span><\/a><\/figure><\/div><div data-post-id=\"5100\" data-date=\"2025-06-03T17:15:11+02:00\" data-name=\"isolation-plafond-mousse-projetee-saint-gilles\"><figure class=\"post\"><a href=\"https:\/\/www.iseoprojection.com\/wp-content\/uploads\/2025\/06\/isolation-plafond-mousse-projetee-saint-gilles.jpg\" class=\"rollover dt-pswp-item layzr-bg\" data-large_image_width=\"893\" data-large_image_height=\"1200\" data-dt-img-description=\"\" title=\"isolation-plafond-mousse-projetee-saint-gilles\"><img decoding=\"async\" class=\"preload-me owl-lazy-load aspect\" src=\"data:image\/svg+xml,%3Csvg%20xmlns%3D&#39;http%3A%2F%2Fwww.w3.org%2F2000%2Fsvg&#39;%20viewBox%3D&#39;0%200%20892%20714&#39;%2F%3E\" data-src=\"https:\/\/www.iseoprojection.com\/wp-content\/uploads\/2025\/06\/isolation-plafond-mousse-projetee-saint-gilles-892x714.jpg\" data-srcset=\"https:\/\/www.iseoprojection.com\/wp-content\/uploads\/2025\/06\/isolation-plafond-mousse-projetee-saint-gilles-892x714.jpg 892w, https:\/\/www.iseoprojection.com\/wp-content\/uploads\/2025\/06\/isolation-plafond-mousse-projetee-saint-gilles-893x714.jpg 893w\" loading=\"eager\" style=\"--ratio: 892 \/ 714\" sizes=\"(max-width: 892px) 100vw, 892px\" alt=\"Isolation du plafond avec mousse projet\u00e9e entre structures bois pour att\u00e9nuation phonique\" width=\"892\" height=\"714\"  \/><span class=\"gallery-rollover\"><\/span><\/a><\/figure><\/div><div data-post-id=\"5102\" data-date=\"2025-06-03T17:15:17+02:00\" data-name=\"isolation-plafond-saint-gilles\"><figure class=\"post\"><a href=\"https:\/\/www.iseoprojection.com\/wp-content\/uploads\/2025\/06\/isolation-plafond-saint-gilles.jpg\" class=\"rollover dt-pswp-item layzr-bg\" data-large_image_width=\"893\" data-large_image_height=\"1200\" data-dt-img-description=\"\" title=\"isolation-plafond-saint-gilles\"><img decoding=\"async\" class=\"preload-me owl-lazy-load aspect\" src=\"data:image\/svg+xml,%3Csvg%20xmlns%3D&#39;http%3A%2F%2Fwww.w3.org%2F2000%2Fsvg&#39;%20viewBox%3D&#39;0%200%20892%20714&#39;%2F%3E\" data-src=\"https:\/\/www.iseoprojection.com\/wp-content\/uploads\/2025\/06\/isolation-plafond-saint-gilles-892x714.jpg\" data-srcset=\"https:\/\/www.iseoprojection.com\/wp-content\/uploads\/2025\/06\/isolation-plafond-saint-gilles-892x714.jpg 892w, https:\/\/www.iseoprojection.com\/wp-content\/uploads\/2025\/06\/isolation-plafond-saint-gilles-893x714.jpg 893w\" loading=\"eager\" style=\"--ratio: 892 \/ 714\" sizes=\"(max-width: 892px) 100vw, 892px\" alt=\"Intervention ISEO Projection \u00e0 Saint-Gilles pour un habitat mieux isol\u00e9 et respirant\" width=\"892\" height=\"714\"  \/><span class=\"gallery-rollover\"><\/span><\/a><\/figure><\/div><div data-post-id=\"5104\" data-date=\"2025-06-03T17:15:23+02:00\" data-name=\"isolation-projetee-plafond.-saint-gilles\"><figure class=\"post\"><a href=\"https:\/\/www.iseoprojection.com\/wp-content\/uploads\/2025\/06\/isolation-projetee-plafond.-saint-gilles.jpg\" class=\"rollover dt-pswp-item layzr-bg\" data-large_image_width=\"893\" data-large_image_height=\"1200\" data-dt-img-description=\"\" title=\"isolation-projetee-plafond.-saint-gilles\"><img decoding=\"async\" class=\"preload-me owl-lazy-load aspect\" src=\"data:image\/svg+xml,%3Csvg%20xmlns%3D&#39;http%3A%2F%2Fwww.w3.org%2F2000%2Fsvg&#39;%20viewBox%3D&#39;0%200%20892%20714&#39;%2F%3E\" data-src=\"https:\/\/www.iseoprojection.com\/wp-content\/uploads\/2025\/06\/isolation-projetee-plafond.-saint-gilles-892x714.jpg\" data-srcset=\"https:\/\/www.iseoprojection.com\/wp-content\/uploads\/2025\/06\/isolation-projetee-plafond.-saint-gilles-892x714.jpg 892w, https:\/\/www.iseoprojection.com\/wp-content\/uploads\/2025\/06\/isolation-projetee-plafond.-saint-gilles-893x714.jpg 893w\" loading=\"eager\" style=\"--ratio: 892 \/ 714\" sizes=\"(max-width: 892px) 100vw, 892px\" alt=\"Projection de mousse polyur\u00e9thane \u00e0 cellules ouvertes sur une toiture respirante\" width=\"892\" height=\"714\"  \/><span class=\"gallery-rollover\"><\/span><\/a><\/figure><\/div><\/div>[\/vc_column][\/vc_row][vc_row bg_type=&#8221;grad&#8221; bg_override=&#8221;ex-full&#8221; css=&#8221;.vc_custom_1700134282765{margin-top: 60px !important;padding-top: 60px !important;padding-bottom: 60px !important;}&#8221; bg_grad=&#8221;background: -webkit-gradient(linear, left top, left bottom, color-stop(0%, #008BD1), color-stop(100%, #004A7B));background: -moz-linear-gradient(top,#008BD1 0%,#004A7B 100%);background: -webkit-linear-gradient(top,#008BD1 0%,#004A7B 100%);background: -o-linear-gradient(top,#008BD1 0%,#004A7B 100%);background: -ms-linear-gradient(top,#008BD1 0%,#004A7B 100%);background: linear-gradient(top,#008BD1 0%,#004A7B 100%);&#8221;][vc_column][vc_column_text css=&#8221;&#8221; el_class=&#8221;custom-white&#8221;]<\/p>\n<h2>Onze interventie<\/h2>\n<p>Voor dit renovatieproject in het Brusselse Sint-Gillis heeft ISEO Projection de thermische en akoestische isolatie van een dak-, plafond- en binnenmuren geoptimaliseerd.<\/p>\n<h3>Dakisolatie<\/h3>\n<p>Op de dakconstructie, uitgerust met een ademende onderdakfolie, werd 17cm opencellig PU-schuim gespoten. Dit om een perfecte luchtdichtheid en duurzaam thermisch comfort te garanderen. Het plaatsen van een dampscherm na het isoleren was overbodig omdat het schuim op een natuurlijke manier ademt en het vocht in de ruimte reguleert. Een beetje dezelfde functie zoals een Gore-tex jas \uf0e0 de warmte behouden en het vocht afdrijven. Het schuim werd bijgesneden als voorbereiding voor de plaatsing van de Gyproc-platen.<\/p>\n<h3>Binnenmuurisolatie<\/h3>\n<p>De binnenmuren werden ge\u00efsoleerd met 15 cm schuim en ook vervolgens bijgesneden voor een gelijkmatige afwerking. Hier moet ook geen dampscherm voorzien worden.<\/p>\n<h3>Plafondisolatie<\/h3>\n<p>Tussen de houten plafondconstructie werd 15cm schuim brut gespoten. Deels als thermische isolatie maar ook zeer functioneel voor akoestiek tussen de verschillende verdiepingen.<\/p>\n<h2>ISEO Projection, uw isolatiespecialist<\/h2>\n<p>Wilt u ook uw dak, plafond of binnenmuren laten isoleren? ISEO Projection begeleidt u! Neem contact met ons op voor een op maat gemaakte en effici\u00ebnte oplossing.[\/vc_column_text]<style type=\"text\/css\" data-type=\"the7_shortcodes-inline-css\">#default-btn-85396cfb78265161e770941fe744a1e2.ico-right-side > i {\n  margin-right: 0px;\n  margin-left: 8px;\n}\n#default-btn-85396cfb78265161e770941fe744a1e2 > i {\n  margin-right: 8px;\n}<\/style><div class=\"btn-align-left\"><a href=\"https:\/\/www.iseoprojection.com\/nl\/gratis-offerte\/\" class=\"default-btn-shortcode dt-btn dt-btn-m link-hover-off \" id=\"default-btn-85396cfb78265161e770941fe744a1e2\" title=\"Vraag uw gratis offerte aan!\"><span>Vraag uw gratis offerte aan!<\/span><\/a><\/div>[\/vc_column][\/vc_row]<\/p>\n<\/div>","protected":false},"excerpt":{"rendered":"<p>In Sint-Gillis heeft ISEO Projection dak, muren en plafonds ge\u00efsoleerd met 17 en 15 cm ICYNENE LITE+ schuim. Een doeltreffende en ademende oplossing.<\/p>\n","protected":false},"author":15,"featured_media":5094,"comment_status":"closed","ping_status":"closed","template":"","dt_portfolio_category":[48,50,61],"dt_portfolio_tags":[],"class_list":["post-5106","dt_portfolio","type-dt_portfolio","status-publish","has-post-thumbnail","hentry","dt_portfolio_category-dak","dt_portfolio_category-muren","dt_portfolio_category-plafonds-nl","dt_portfolio_category-48","dt_portfolio_category-50","dt_portfolio_category-61","description-off"],"yoast_head":"<!-- This site is optimized with the Yoast SEO plugin v27.4 - https:\/\/yoast.com\/product\/yoast-seo-wordpress\/ -->\n<title>Volledige isolatie in Sint-Gillis: dak, binnenmuren en plafond<\/title>\n<meta name=\"description\" content=\"ISEO Projection heeft het dak, de plafonds en de binnenmuren ge\u00efsoleerd van een woning in Sint-Gillis. ICYNENE LITE+ schuim voor langdurig thermisch comfort.\" \/>\n<meta name=\"robots\" content=\"index, follow, max-snippet:-1, max-image-preview:large, max-video-preview:-1\" \/>\n<link rel=\"canonical\" href=\"https:\/\/www.iseoprojection.com\/nl\/realisatie\/isolatie-dak-muren-plafond-sint-gillis\/\" \/>\n<meta property=\"og:locale\" content=\"nl_NL\" \/>\n<meta property=\"og:type\" content=\"article\" \/>\n<meta property=\"og:title\" content=\"Volledige isolatie in Sint-Gillis: dak, binnenmuren en plafond\" \/>\n<meta property=\"og:description\" content=\"ISEO Projection heeft het dak, de plafonds en de binnenmuren ge\u00efsoleerd van een woning in Sint-Gillis. ICYNENE LITE+ schuim voor langdurig thermisch comfort.\" \/>\n<meta property=\"og:url\" content=\"https:\/\/www.iseoprojection.com\/nl\/realisatie\/isolatie-dak-muren-plafond-sint-gillis\/\" \/>\n<meta property=\"og:site_name\" content=\"ISEO projection\" \/>\n<meta property=\"og:image\" content=\"https:\/\/www.iseoprojection.com\/wp-content\/uploads\/2025\/06\/isolation-mur-saint-gilles.jpg\" \/>\n\t<meta property=\"og:image:width\" content=\"1200\" \/>\n\t<meta property=\"og:image:height\" content=\"900\" \/>\n\t<meta property=\"og:image:type\" content=\"image\/jpeg\" \/>\n<meta name=\"twitter:card\" content=\"summary_large_image\" \/>\n<meta name=\"twitter:label1\" content=\"Geschatte leestijd\" \/>\n\t<meta name=\"twitter:data1\" content=\"2 minuten\" \/>\n<script type=\"application\/ld+json\" class=\"yoast-schema-graph\">{\"@context\":\"https:\\\/\\\/schema.org\",\"@graph\":[{\"@type\":\"WebPage\",\"@id\":\"https:\\\/\\\/www.iseoprojection.com\\\/nl\\\/realisatie\\\/isolatie-dak-muren-plafond-sint-gillis\\\/\",\"url\":\"https:\\\/\\\/www.iseoprojection.com\\\/nl\\\/realisatie\\\/isolatie-dak-muren-plafond-sint-gillis\\\/\",\"name\":\"Volledige isolatie in Sint-Gillis: dak, binnenmuren en plafond\",\"isPartOf\":{\"@id\":\"https:\\\/\\\/www.iseoprojection.com\\\/#website\"},\"primaryImageOfPage\":{\"@id\":\"https:\\\/\\\/www.iseoprojection.com\\\/nl\\\/realisatie\\\/isolatie-dak-muren-plafond-sint-gillis\\\/#primaryimage\"},\"image\":{\"@id\":\"https:\\\/\\\/www.iseoprojection.com\\\/nl\\\/realisatie\\\/isolatie-dak-muren-plafond-sint-gillis\\\/#primaryimage\"},\"thumbnailUrl\":\"https:\\\/\\\/www.iseoprojection.com\\\/wp-content\\\/uploads\\\/2025\\\/06\\\/isolation-mur-saint-gilles.jpg\",\"datePublished\":\"2025-06-03T15:20:08+00:00\",\"description\":\"ISEO Projection heeft het dak, de plafonds en de binnenmuren ge\u00efsoleerd van een woning in Sint-Gillis. ICYNENE LITE+ schuim voor langdurig thermisch comfort.\",\"breadcrumb\":{\"@id\":\"https:\\\/\\\/www.iseoprojection.com\\\/nl\\\/realisatie\\\/isolatie-dak-muren-plafond-sint-gillis\\\/#breadcrumb\"},\"inLanguage\":\"nl-NL\",\"potentialAction\":[{\"@type\":\"ReadAction\",\"target\":[\"https:\\\/\\\/www.iseoprojection.com\\\/nl\\\/realisatie\\\/isolatie-dak-muren-plafond-sint-gillis\\\/\"]}]},{\"@type\":\"ImageObject\",\"inLanguage\":\"nl-NL\",\"@id\":\"https:\\\/\\\/www.iseoprojection.com\\\/nl\\\/realisatie\\\/isolatie-dak-muren-plafond-sint-gillis\\\/#primaryimage\",\"url\":\"https:\\\/\\\/www.iseoprojection.com\\\/wp-content\\\/uploads\\\/2025\\\/06\\\/isolation-mur-saint-gilles.jpg\",\"contentUrl\":\"https:\\\/\\\/www.iseoprojection.com\\\/wp-content\\\/uploads\\\/2025\\\/06\\\/isolation-mur-saint-gilles.jpg\",\"width\":1200,\"height\":900,\"caption\":\"Travaux d\u2019isolation thermique et acoustique dans une maison bruxelloise en r\u00e9novation\"},{\"@type\":\"BreadcrumbList\",\"@id\":\"https:\\\/\\\/www.iseoprojection.com\\\/nl\\\/realisatie\\\/isolatie-dak-muren-plafond-sint-gillis\\\/#breadcrumb\",\"itemListElement\":[{\"@type\":\"ListItem\",\"position\":1,\"name\":\"Accueil\",\"item\":\"https:\\\/\\\/www.iseoprojection.com\\\/nl\\\/\"},{\"@type\":\"ListItem\",\"position\":2,\"name\":\"Portfolio\",\"item\":\"https:\\\/\\\/www.iseoprojection.com\\\/realisations\\\/\"},{\"@type\":\"ListItem\",\"position\":3,\"name\":\"Dak-, plafond- en binnenmuurisolatie in Sint-Gillis\"}]},{\"@type\":\"WebSite\",\"@id\":\"https:\\\/\\\/www.iseoprojection.com\\\/#website\",\"url\":\"https:\\\/\\\/www.iseoprojection.com\\\/\",\"name\":\"ISEO projection\",\"description\":\"\",\"potentialAction\":[{\"@type\":\"SearchAction\",\"target\":{\"@type\":\"EntryPoint\",\"urlTemplate\":\"https:\\\/\\\/www.iseoprojection.com\\\/?s={search_term_string}\"},\"query-input\":{\"@type\":\"PropertyValueSpecification\",\"valueRequired\":true,\"valueName\":\"search_term_string\"}}],\"inLanguage\":\"nl-NL\"}]}<\/script>\n<!-- \/ Yoast SEO plugin. -->","yoast_head_json":{"title":"Volledige isolatie in Sint-Gillis: dak, binnenmuren en plafond","description":"ISEO Projection heeft het dak, de plafonds en de binnenmuren ge\u00efsoleerd van een woning in Sint-Gillis. ICYNENE LITE+ schuim voor langdurig thermisch comfort.","robots":{"index":"index","follow":"follow","max-snippet":"max-snippet:-1","max-image-preview":"max-image-preview:large","max-video-preview":"max-video-preview:-1"},"canonical":"https:\/\/www.iseoprojection.com\/nl\/realisatie\/isolatie-dak-muren-plafond-sint-gillis\/","og_locale":"nl_NL","og_type":"article","og_title":"Volledige isolatie in Sint-Gillis: dak, binnenmuren en plafond","og_description":"ISEO Projection heeft het dak, de plafonds en de binnenmuren ge\u00efsoleerd van een woning in Sint-Gillis. ICYNENE LITE+ schuim voor langdurig thermisch comfort.","og_url":"https:\/\/www.iseoprojection.com\/nl\/realisatie\/isolatie-dak-muren-plafond-sint-gillis\/","og_site_name":"ISEO projection","og_image":[{"width":1200,"height":900,"url":"https:\/\/www.iseoprojection.com\/wp-content\/uploads\/2025\/06\/isolation-mur-saint-gilles.jpg","type":"image\/jpeg"}],"twitter_card":"summary_large_image","twitter_misc":{"Geschatte leestijd":"2 minuten"},"schema":{"@context":"https:\/\/schema.org","@graph":[{"@type":"WebPage","@id":"https:\/\/www.iseoprojection.com\/nl\/realisatie\/isolatie-dak-muren-plafond-sint-gillis\/","url":"https:\/\/www.iseoprojection.com\/nl\/realisatie\/isolatie-dak-muren-plafond-sint-gillis\/","name":"Volledige isolatie in Sint-Gillis: dak, binnenmuren en plafond","isPartOf":{"@id":"https:\/\/www.iseoprojection.com\/#website"},"primaryImageOfPage":{"@id":"https:\/\/www.iseoprojection.com\/nl\/realisatie\/isolatie-dak-muren-plafond-sint-gillis\/#primaryimage"},"image":{"@id":"https:\/\/www.iseoprojection.com\/nl\/realisatie\/isolatie-dak-muren-plafond-sint-gillis\/#primaryimage"},"thumbnailUrl":"https:\/\/www.iseoprojection.com\/wp-content\/uploads\/2025\/06\/isolation-mur-saint-gilles.jpg","datePublished":"2025-06-03T15:20:08+00:00","description":"ISEO Projection heeft het dak, de plafonds en de binnenmuren ge\u00efsoleerd van een woning in Sint-Gillis. ICYNENE LITE+ schuim voor langdurig thermisch comfort.","breadcrumb":{"@id":"https:\/\/www.iseoprojection.com\/nl\/realisatie\/isolatie-dak-muren-plafond-sint-gillis\/#breadcrumb"},"inLanguage":"nl-NL","potentialAction":[{"@type":"ReadAction","target":["https:\/\/www.iseoprojection.com\/nl\/realisatie\/isolatie-dak-muren-plafond-sint-gillis\/"]}]},{"@type":"ImageObject","inLanguage":"nl-NL","@id":"https:\/\/www.iseoprojection.com\/nl\/realisatie\/isolatie-dak-muren-plafond-sint-gillis\/#primaryimage","url":"https:\/\/www.iseoprojection.com\/wp-content\/uploads\/2025\/06\/isolation-mur-saint-gilles.jpg","contentUrl":"https:\/\/www.iseoprojection.com\/wp-content\/uploads\/2025\/06\/isolation-mur-saint-gilles.jpg","width":1200,"height":900,"caption":"Travaux d\u2019isolation thermique et acoustique dans une maison bruxelloise en r\u00e9novation"},{"@type":"BreadcrumbList","@id":"https:\/\/www.iseoprojection.com\/nl\/realisatie\/isolatie-dak-muren-plafond-sint-gillis\/#breadcrumb","itemListElement":[{"@type":"ListItem","position":1,"name":"Accueil","item":"https:\/\/www.iseoprojection.com\/nl\/"},{"@type":"ListItem","position":2,"name":"Portfolio","item":"https:\/\/www.iseoprojection.com\/realisations\/"},{"@type":"ListItem","position":3,"name":"Dak-, plafond- en binnenmuurisolatie in Sint-Gillis"}]},{"@type":"WebSite","@id":"https:\/\/www.iseoprojection.com\/#website","url":"https:\/\/www.iseoprojection.com\/","name":"ISEO projection","description":"","potentialAction":[{"@type":"SearchAction","target":{"@type":"EntryPoint","urlTemplate":"https:\/\/www.iseoprojection.com\/?s={search_term_string}"},"query-input":{"@type":"PropertyValueSpecification","valueRequired":true,"valueName":"search_term_string"}}],"inLanguage":"nl-NL"}]}},"_links":{"self":[{"href":"https:\/\/www.iseoprojection.com\/nl\/wp-json\/wp\/v2\/dt_portfolio\/5106","targetHints":{"allow":["GET"]}}],"collection":[{"href":"https:\/\/www.iseoprojection.com\/nl\/wp-json\/wp\/v2\/dt_portfolio"}],"about":[{"href":"https:\/\/www.iseoprojection.com\/nl\/wp-json\/wp\/v2\/types\/dt_portfolio"}],"author":[{"embeddable":true,"href":"https:\/\/www.iseoprojection.com\/nl\/wp-json\/wp\/v2\/users\/15"}],"replies":[{"embeddable":true,"href":"https:\/\/www.iseoprojection.com\/nl\/wp-json\/wp\/v2\/comments?post=5106"}],"version-history":[{"count":1,"href":"https:\/\/www.iseoprojection.com\/nl\/wp-json\/wp\/v2\/dt_portfolio\/5106\/revisions"}],"predecessor-version":[{"id":5107,"href":"https:\/\/www.iseoprojection.com\/nl\/wp-json\/wp\/v2\/dt_portfolio\/5106\/revisions\/5107"}],"wp:featuredmedia":[{"embeddable":true,"href":"https:\/\/www.iseoprojection.com\/nl\/wp-json\/wp\/v2\/media\/5094"}],"wp:attachment":[{"href":"https:\/\/www.iseoprojection.com\/nl\/wp-json\/wp\/v2\/media?parent=5106"}],"wp:term":[{"taxonomy":"dt_portfolio_category","embeddable":true,"href":"https:\/\/www.iseoprojection.com\/nl\/wp-json\/wp\/v2\/dt_portfolio_category?post=5106"},{"taxonomy":"dt_portfolio_tags","embeddable":true,"href":"https:\/\/www.iseoprojection.com\/nl\/wp-json\/wp\/v2\/dt_portfolio_tags?post=5106"}],"curies":[{"name":"wp","href":"https:\/\/api.w.org\/{rel}","templated":true}]}}