{"id":4794,"date":"2025-04-10T10:09:09","date_gmt":"2025-04-10T08:09:09","guid":{"rendered":"https:\/\/www.iseoprojection.com\/?post_type=dt_portfolio&#038;p=4794"},"modified":"2025-04-10T10:10:10","modified_gmt":"2025-04-10T08:10:10","slug":"volledige-isolatie-nieuwbouw-zaventem","status":"publish","type":"dt_portfolio","link":"https:\/\/www.iseoprojection.com\/nl\/realisatie\/volledige-isolatie-nieuwbouw-zaventem\/","title":{"rendered":"Isolatie van het dak, plafond en vloeren van een nieuwbouwwoning in Zaventem"},"content":{"rendered":"<div class=\"wpb-content-wrapper\"><p>[vc_row gap=&#8221;35&#8243; equal_height=&#8221;yes&#8221; content_placement=&#8221;middle&#8221;][vc_column width=&#8221;1\/2&#8243;][vc_column_text css=&#8221;&#8221;]<\/p>\n<h2><span lang=\"NL-BE\">Kenmerken van het project in Zaventem<\/span><\/h2>\n<p>[\/vc_column_text][vc_column_text css=&#8221;&#8221;]<\/p>\n<ul>\n<li><strong>Plaats<\/strong>: Zaventem<\/li>\n<li><strong>Datum<\/strong>: 03\/03\/2025 &#8211; 07\/03\/2025<\/li>\n<li><strong>Type realisatie<\/strong>: Isolatie van het dak, plafond en vloeren van een nieuwbouwwoning<\/li>\n<li><strong>Oppervlakte<\/strong>: Dak 275m\u00b2 &#8211; plafond 54m\u00b2 &#8211; vloeren 425m\u00b2<\/li>\n<li><strong>Materialen<\/strong>: Opencellig schuim ICYNENE LITE+ en geslotencellig schuim SOUDAL SPF-W2<\/li>\n<\/ul>\n<p>[\/vc_column_text][\/vc_column][vc_column width=&#8221;1\/2&#8243;]<style type=\"text\/css\" data-type=\"the7_shortcodes-inline-css\">.gallery-carousel-shortcode.gallery-carousel-shortcode-id-41dcaa2812c1d780a6bf7b034d1851de.owl-carousel .owl-nav div {\n  width: 36px;\n  height: 36px;\n  border-radius: 500px;\n}\n.dt-arrow-border-on.gallery-carousel-shortcode.gallery-carousel-shortcode-id-41dcaa2812c1d780a6bf7b034d1851de.owl-carousel .owl-nav div:not(:hover):before {\n  border-width: 0px;\n}\n.dt-arrow-hover-border-on.gallery-carousel-shortcode.gallery-carousel-shortcode-id-41dcaa2812c1d780a6bf7b034d1851de.owl-carousel .owl-nav div:hover:after {\n  border-width: 0px;\n}\n.gallery-carousel-shortcode.gallery-carousel-shortcode-id-41dcaa2812c1d780a6bf7b034d1851de.owl-carousel .owl-nav div.owl-prev {\n  top: 50%;\n  transform: translateY(calc(-50% + 0px));\n  left: -20px;\n}\n@media all and (-ms-high-contrast: none) {\n  .gallery-carousel-shortcode.gallery-carousel-shortcode-id-41dcaa2812c1d780a6bf7b034d1851de.owl-carousel .owl-nav div.owl-prev {\n    transform: translateY(-50%);\n    margin-top: 0px;\n  }\n}\n.gallery-carousel-shortcode.gallery-carousel-shortcode-id-41dcaa2812c1d780a6bf7b034d1851de.owl-carousel .owl-nav div.owl-prev i {\n  padding: 0px 0px 0px 0px;\n}\n.gallery-carousel-shortcode.gallery-carousel-shortcode-id-41dcaa2812c1d780a6bf7b034d1851de.owl-carousel .owl-nav div.owl-next {\n  top: 50%;\n  transform: translateY(calc(-50% + 0px));\n  right: -18px;\n}\n@media all and (-ms-high-contrast: none) {\n  .gallery-carousel-shortcode.gallery-carousel-shortcode-id-41dcaa2812c1d780a6bf7b034d1851de.owl-carousel .owl-nav div.owl-next {\n    transform: translateY(-50%);\n    margin-top: 0px;\n  }\n}\n.gallery-carousel-shortcode.gallery-carousel-shortcode-id-41dcaa2812c1d780a6bf7b034d1851de.owl-carousel .owl-nav div.owl-next i {\n  padding: 0px 0px 0px 0px;\n}\n.gallery-carousel-shortcode.gallery-carousel-shortcode-id-41dcaa2812c1d780a6bf7b034d1851de.owl-carousel .owl-nav i {\n  font-size: 18px;\n}\n.gallery-carousel-shortcode.gallery-carousel-shortcode-id-41dcaa2812c1d780a6bf7b034d1851de.owl-carousel .owl-nav div:not(:hover) i,\n.gallery-carousel-shortcode.gallery-carousel-shortcode-id-41dcaa2812c1d780a6bf7b034d1851de.owl-carousel .owl-nav div:not(:hover) i:before {\n  color: #ffffff;\n  background: none;\n}\n.gallery-carousel-shortcode.gallery-carousel-shortcode-id-41dcaa2812c1d780a6bf7b034d1851de.owl-carousel .owl-nav div:hover i,\n.gallery-carousel-shortcode.gallery-carousel-shortcode-id-41dcaa2812c1d780a6bf7b034d1851de.owl-carousel .owl-nav div:hover i:before {\n  color: rgba(255,255,255,0.75);\n  background: none;\n}\n.gallery-carousel-shortcode.gallery-carousel-shortcode-id-41dcaa2812c1d780a6bf7b034d1851de .owl-dots {\n  top: calc(100% + 20px);\n  left: 50%;\n  transform: translateX(calc(-50% + 0px));\n}\n@media all and (-ms-high-contrast: none) {\n  .gallery-carousel-shortcode.gallery-carousel-shortcode-id-41dcaa2812c1d780a6bf7b034d1851de .owl-dots {\n    transform: translateX(-50%);\n    margin-left: 0px;\n  }\n}\n.gallery-carousel-shortcode.gallery-carousel-shortcode-id-41dcaa2812c1d780a6bf7b034d1851de .owl-dot {\n  width: 10px;\n  height: 10px;\n  margin: 0 8px;\n}\n@media screen and (max-width: 778px) {\n  .gallery-carousel-shortcode.gallery-carousel-shortcode-id-41dcaa2812c1d780a6bf7b034d1851de.hide-arrows .owl-nav a {\n    display: none;\n  }\n}\n@media screen and (max-width: 778px) {\n  .gallery-carousel-shortcode.gallery-carousel-shortcode-id-41dcaa2812c1d780a6bf7b034d1851de.reposition-arrows .owl-nav .owl-prev {\n    top: 50%;\n    transform: translateY(calc(-50% + 0px));\n    left: 10px;\n  }\n  .gallery-carousel-shortcode.gallery-carousel-shortcode-id-41dcaa2812c1d780a6bf7b034d1851de.reposition-arrows .owl-nav .owl-next {\n    top: 50%;\n    transform: translateY(calc(-50% + 0px));\n    right: 10px;\n  }\n}\n@media screen and (max-width: 778px) and all and (-ms-high-contrast: none) {\n  .gallery-carousel-shortcode.gallery-carousel-shortcode-id-41dcaa2812c1d780a6bf7b034d1851de.reposition-arrows .owl-nav .owl-prev {\n    transform: translateY(-50%);\n    margin-top: 0px;\n  }\n}\n@media screen and (max-width: 778px) and all and (-ms-high-contrast: none) {\n  .gallery-carousel-shortcode.gallery-carousel-shortcode-id-41dcaa2812c1d780a6bf7b034d1851de.reposition-arrows .owl-nav .owl-next {\n    transform: translateY(-50%);\n    margin-top: 0px;\n  }\n}\n.gallery-carousel-shortcode.gallery-carousel-shortcode-id-41dcaa2812c1d780a6bf7b034d1851de figure,\n.gallery-carousel-shortcode.gallery-carousel-shortcode-id-41dcaa2812c1d780a6bf7b034d1851de .rollover,\n.gallery-carousel-shortcode.gallery-carousel-shortcode-id-41dcaa2812c1d780a6bf7b034d1851de img,\n.gallery-carousel-shortcode.gallery-carousel-shortcode-id-41dcaa2812c1d780a6bf7b034d1851de .gallery-rollover {\n  border-radius: 20px;\n}\n.gallery-carousel-shortcode.gallery-carousel-shortcode-id-41dcaa2812c1d780a6bf7b034d1851de.enable-bg-rollover .gallery-rollover {\n  background: -webkit-linear-gradient();\n  background: linear-gradient();\n}\n.gallery-carousel-shortcode.gallery-carousel-shortcode-id-41dcaa2812c1d780a6bf7b034d1851de.enable-img-shadow .owl-stage-outer {\n  padding: 14px 0;\n}\n.gallery-carousel-shortcode.gallery-carousel-shortcode-id-41dcaa2812c1d780a6bf7b034d1851de.enable-bg-rollover.hover-scale figure .rollover:after {\n  background: -webkit-linear-gradient();\n  background: linear-gradient();\n}\n.gallery-carousel-shortcode.gallery-carousel-shortcode-id-41dcaa2812c1d780a6bf7b034d1851de.gallery-shortcode .gallery-zoom-ico {\n  width: 44px;\n  height: 44px;\n  line-height: 44px;\n  border-radius: 100px;\n  margin: -22px 0 0 -22px;\n  border-width: 0px;\n}\n.dt-icon-bg-on.gallery-carousel-shortcode.gallery-carousel-shortcode-id-41dcaa2812c1d780a6bf7b034d1851de.gallery-shortcode .gallery-zoom-ico {\n  background: rgba(255,255,255,0.3);\n  box-shadow: none;\n}\n.gallery-carousel-shortcode.gallery-carousel-shortcode-id-41dcaa2812c1d780a6bf7b034d1851de.gallery-shortcode .gallery-zoom-ico:before,\n.gallery-carousel-shortcode.gallery-carousel-shortcode-id-41dcaa2812c1d780a6bf7b034d1851de.gallery-shortcode .gallery-zoom-ico span {\n  font-size: 32px;\n  line-height: 44px;\n  color: #ffffff;\n  background: none;\n}<\/style><div class=\"owl-carousel gallery-carousel-shortcode gallery-shortcode  dt-gallery-container dt-owl-carousel-call gallery-carousel-shortcode-id-41dcaa2812c1d780a6bf7b034d1851de meta-info-off dt-arrow-border-on dt-arrow-hover-border-on bullets-small-dot-stroke reposition-arrows dt-icon-bg-off arrows-bg-on disable-arrows-hover-bg arrows-hover-bg-on  hover-fade \" data-scroll-mode=\"1\" data-col-num=\"1\" data-wide-col-num=\"1\" data-laptop-col=\"1\" data-h-tablet-columns-num=\"1\" data-v-tablet-columns-num=\"1\" data-phone-columns-num=\"1\" data-col-gap=\"10\" data-stage-padding=\"0\" data-speed=\"600\" data-autoplay=\"true\" data-autoplay_speed=\"2000\" data-arrows=\"true\" data-bullet=\"false\" data-next-icon=\"icon-ar-017-r\" data-prev-icon=\"icon-ar-017-l\" data-img-shadow-size=\"12px\" data-img-shadow-spread=\"3px\"><div data-post-id=\"4796\" data-date=\"2025-04-10T09:59:39+02:00\" data-name=\"chantier-isolation-grenier-zaventem\"><figure class=\"post\"><a href=\"https:\/\/www.iseoprojection.com\/wp-content\/uploads\/2025\/04\/chantier-isolation-grenier-zaventem.jpg\" class=\"rollover dt-pswp-item layzr-bg\" data-large_image_width=\"1200\" data-large_image_height=\"900\" data-dt-img-description=\"\" title=\"chantier-isolation-grenier-zaventem\"><img fetchpriority=\"high\" decoding=\"async\" class=\"preload-me owl-lazy-load aspect\" src=\"data:image\/svg+xml,%3Csvg%20xmlns%3D&#39;http%3A%2F%2Fwww.w3.org%2F2000%2Fsvg&#39;%20viewBox%3D&#39;0%200%201125%20900&#39;%2F%3E\" data-src=\"https:\/\/www.iseoprojection.com\/wp-content\/uploads\/2025\/04\/chantier-isolation-grenier-zaventem-1125x900.jpg\" data-srcset=\"https:\/\/www.iseoprojection.com\/wp-content\/uploads\/2025\/04\/chantier-isolation-grenier-zaventem-1125x900.jpg 1125w\" loading=\"eager\" style=\"--ratio: 1125 \/ 900\" sizes=\"(max-width: 1125px) 100vw, 1125px\" alt=\"Isolation compl\u00e8te d&#039;un grenier d&#039;une maison neuve \u00e0 Zaventem\" width=\"1125\" height=\"900\"  \/><span class=\"gallery-rollover\"><\/span><\/a><\/figure><\/div><div data-post-id=\"4800\" data-date=\"2025-04-10T10:00:02+02:00\" data-name=\"isolation-sol-mousse-projetee-zaventem\"><figure class=\"post\"><a href=\"https:\/\/www.iseoprojection.com\/wp-content\/uploads\/2025\/04\/isolation-sol-mousse-projetee-zaventem.jpg\" class=\"rollover dt-pswp-item layzr-bg\" data-large_image_width=\"768\" data-large_image_height=\"1024\" data-dt-img-description=\"\" title=\"isolation-sol-mousse-projetee-zaventem\"><img decoding=\"async\" class=\"preload-me owl-lazy-load aspect\" src=\"data:image\/svg+xml,%3Csvg%20xmlns%3D&#39;http%3A%2F%2Fwww.w3.org%2F2000%2Fsvg&#39;%20viewBox%3D&#39;0%200%20767%20614&#39;%2F%3E\" data-src=\"https:\/\/www.iseoprojection.com\/wp-content\/uploads\/2025\/04\/isolation-sol-mousse-projetee-zaventem-767x614.jpg\" data-srcset=\"https:\/\/www.iseoprojection.com\/wp-content\/uploads\/2025\/04\/isolation-sol-mousse-projetee-zaventem-767x614.jpg 767w, https:\/\/www.iseoprojection.com\/wp-content\/uploads\/2025\/04\/isolation-sol-mousse-projetee-zaventem-768x614.jpg 768w\" loading=\"eager\" style=\"--ratio: 767 \/ 614\" sizes=\"(max-width: 767px) 100vw, 767px\" alt=\"Isolation du sol d&#039;une habitation neuve \u00e0 Zaventem, par mousse projet\u00e9e\" width=\"767\" height=\"614\"  \/><span class=\"gallery-rollover\"><\/span><\/a><\/figure><\/div><div data-post-id=\"4798\" data-date=\"2025-04-10T09:59:51+02:00\" data-name=\"isolation-grenier-a-zaventem\"><figure class=\"post\"><a href=\"https:\/\/www.iseoprojection.com\/wp-content\/uploads\/2025\/04\/isolation-grenier-a-zaventem.jpg\" class=\"rollover dt-pswp-item layzr-bg\" data-large_image_width=\"1200\" data-large_image_height=\"677\" data-dt-img-description=\"\" title=\"isolation-grenier-a-zaventem\"><img decoding=\"async\" class=\"preload-me owl-lazy-load aspect\" src=\"data:image\/svg+xml,%3Csvg%20xmlns%3D&#39;http%3A%2F%2Fwww.w3.org%2F2000%2Fsvg&#39;%20viewBox%3D&#39;0%200%20846%20677&#39;%2F%3E\" data-src=\"https:\/\/www.iseoprojection.com\/wp-content\/uploads\/2025\/04\/isolation-grenier-a-zaventem-846x677.jpg\" data-srcset=\"https:\/\/www.iseoprojection.com\/wp-content\/uploads\/2025\/04\/isolation-grenier-a-zaventem-846x677.jpg 846w\" loading=\"eager\" style=\"--ratio: 846 \/ 677\" sizes=\"(max-width: 846px) 100vw, 846px\" alt=\"Isolation du grenier d&#039;une maison neuve \u00e0 Zaventem dans le cadre d&#039;une isolation compl\u00e8te\" width=\"846\" height=\"677\"  \/><span class=\"gallery-rollover\"><\/span><\/a><\/figure><\/div><div data-post-id=\"4802\" data-date=\"2025-04-10T10:00:13+02:00\" data-name=\"isolation-sol-nouvelle-construction-zaventem\"><figure class=\"post\"><a href=\"https:\/\/www.iseoprojection.com\/wp-content\/uploads\/2025\/04\/isolation-sol-nouvelle-construction-zaventem.jpg\" class=\"rollover dt-pswp-item layzr-bg\" data-large_image_width=\"768\" data-large_image_height=\"1024\" data-dt-img-description=\"\" title=\"isolation-sol-nouvelle-construction-zaventem\"><img decoding=\"async\" class=\"preload-me owl-lazy-load aspect\" src=\"data:image\/svg+xml,%3Csvg%20xmlns%3D&#39;http%3A%2F%2Fwww.w3.org%2F2000%2Fsvg&#39;%20viewBox%3D&#39;0%200%20767%20614&#39;%2F%3E\" data-src=\"https:\/\/www.iseoprojection.com\/wp-content\/uploads\/2025\/04\/isolation-sol-nouvelle-construction-zaventem-767x614.jpg\" data-srcset=\"https:\/\/www.iseoprojection.com\/wp-content\/uploads\/2025\/04\/isolation-sol-nouvelle-construction-zaventem-767x614.jpg 767w, https:\/\/www.iseoprojection.com\/wp-content\/uploads\/2025\/04\/isolation-sol-nouvelle-construction-zaventem-768x614.jpg 768w\" loading=\"eager\" style=\"--ratio: 767 \/ 614\" sizes=\"(max-width: 767px) 100vw, 767px\" alt=\"Isolation du sol d&#039;une nouvelle construction \u00e0 Zaventem\" width=\"767\" height=\"614\"  \/><span class=\"gallery-rollover\"><\/span><\/a><\/figure><\/div><div data-post-id=\"4804\" data-date=\"2025-04-10T10:00:24+02:00\" data-name=\"zaventem-isolation-grenier\"><figure class=\"post\"><a href=\"https:\/\/www.iseoprojection.com\/wp-content\/uploads\/2025\/04\/zaventem-isolation-grenier.jpg\" class=\"rollover dt-pswp-item layzr-bg\" data-large_image_width=\"1200\" data-large_image_height=\"900\" data-dt-img-description=\"\" title=\"zaventem-isolation-grenier\"><img decoding=\"async\" class=\"preload-me owl-lazy-load aspect\" src=\"data:image\/svg+xml,%3Csvg%20xmlns%3D&#39;http%3A%2F%2Fwww.w3.org%2F2000%2Fsvg&#39;%20viewBox%3D&#39;0%200%201125%20900&#39;%2F%3E\" data-src=\"https:\/\/www.iseoprojection.com\/wp-content\/uploads\/2025\/04\/zaventem-isolation-grenier-1125x900.jpg\" data-srcset=\"https:\/\/www.iseoprojection.com\/wp-content\/uploads\/2025\/04\/zaventem-isolation-grenier-1125x900.jpg 1125w\" loading=\"eager\" style=\"--ratio: 1125 \/ 900\" sizes=\"(max-width: 1125px) 100vw, 1125px\" alt=\"Isolation du sol et du plafond d&#039;un grenier \u00e0 Zaventem\" width=\"1125\" height=\"900\"  \/><span class=\"gallery-rollover\"><\/span><\/a><\/figure><\/div><div data-post-id=\"4806\" data-date=\"2025-04-10T10:00:35+02:00\" data-name=\"zaventem-isolation-sol\"><figure class=\"post\"><a href=\"https:\/\/www.iseoprojection.com\/wp-content\/uploads\/2025\/04\/zaventem-isolation-sol.jpg\" class=\"rollover dt-pswp-item layzr-bg\" data-large_image_width=\"768\" data-large_image_height=\"1024\" data-dt-img-description=\"\" title=\"zaventem-isolation-sol\"><img decoding=\"async\" class=\"preload-me owl-lazy-load aspect\" src=\"data:image\/svg+xml,%3Csvg%20xmlns%3D&#39;http%3A%2F%2Fwww.w3.org%2F2000%2Fsvg&#39;%20viewBox%3D&#39;0%200%20767%20614&#39;%2F%3E\" data-src=\"https:\/\/www.iseoprojection.com\/wp-content\/uploads\/2025\/04\/zaventem-isolation-sol-767x614.jpg\" data-srcset=\"https:\/\/www.iseoprojection.com\/wp-content\/uploads\/2025\/04\/zaventem-isolation-sol-767x614.jpg 767w, https:\/\/www.iseoprojection.com\/wp-content\/uploads\/2025\/04\/zaventem-isolation-sol-768x614.jpg 768w\" loading=\"eager\" style=\"--ratio: 767 \/ 614\" sizes=\"(max-width: 767px) 100vw, 767px\" alt=\"Isolation du sol d&#039;une construction neuve dans le cadre d&#039;une isolation compl\u00e8te \u00e0 Zaventem\" width=\"767\" height=\"614\"  \/><span class=\"gallery-rollover\"><\/span><\/a><\/figure><\/div><\/div>[\/vc_column][\/vc_row][vc_row bg_type=&#8221;grad&#8221; bg_override=&#8221;ex-full&#8221; css=&#8221;.vc_custom_1700134282765{margin-top: 60px !important;padding-top: 60px !important;padding-bottom: 60px !important;}&#8221; bg_grad=&#8221;background: -webkit-gradient(linear, left top, left bottom, color-stop(0%, #008BD1), color-stop(100%, #004A7B));background: -moz-linear-gradient(top,#008BD1 0%,#004A7B 100%);background: -webkit-linear-gradient(top,#008BD1 0%,#004A7B 100%);background: -o-linear-gradient(top,#008BD1 0%,#004A7B 100%);background: -ms-linear-gradient(top,#008BD1 0%,#004A7B 100%);background: linear-gradient(top,#008BD1 0%,#004A7B 100%);&#8221;][vc_column][vc_column_text css=&#8221;&#8221; el_class=&#8221;custom-white&#8221;]<\/p>\n<h2>Het werk van ons team<\/h2>\n<p>Onze experts van ISEO Projection werden ingeschakeld voor een isolatieproject in<\/p>\n<p>Zaventem. Deze nieuwbouwwoning moest volledig ge\u00efsoleerd worden. Om te voldoen aan de hoge normen van energie-effici\u00ebntie, besloot de klant onze expertise in te schakelen voor de isolatie van het dak, een plafond en alle vloeren.<\/p>\n<p>Het project bestond uit het isoleren van 275m\u00b2 dakoppervlak en 54m\u00b2 plafond met telkens een dikte van 17cm schuim. Wij kozen voor het open cellenschuim<\/p>\n<p>ICYNENE LITE+. Waarom? Hoofdzakelijk vanwege de hoogwaardige thermische<\/p>\n<p>prestaties, de garantie dat alles 100% luchtdicht is afgesloten en zeker ook omwille van de openheid voor waterdamp waardoor de woning op een natuurlijke manier kan ademen.<\/p>\n<p>Voor de isolatie van de vloeren hebben we het geslotencellig schuim SOUDAL SPF-W2 gebruikt. Op het gelijkvloers werd 170m\u00b2 gespoten met een dikte van 15cm, op de eerste verdieping 155m\u00b2 met een dikte van 7cm en op de zolderverdieping 100m\u00b2 met een dikte van 5cm. Het schuim werd vervolgens mooi glad geschuurd voor het leggen van de vloerverwarming.<\/p>\n<p>Deze interventie, die in \u00e9\u00e9n week werd uitgevoerd, getuigt van de effici\u00ebntie en precisie waarmee onze professionals van ISEO Projection elk project aanpakken, groot of klein.<\/p>\n<h2>Op zoek naar een effici\u00ebnte isolatie?<\/h2>\n<p>De experts van ISEO Projection zetten zich 100% in om u een functionele en duurzame isolatie te bieden. Ontdek hoe wij het comfort en de energie-effici\u00ebntie van uw woning kunnen verbeteren.[\/vc_column_text]<style type=\"text\/css\" data-type=\"the7_shortcodes-inline-css\">#default-btn-7fb353dc0d09a73afd1a7295d638a774.ico-right-side > i {\n  margin-right: 0px;\n  margin-left: 8px;\n}\n#default-btn-7fb353dc0d09a73afd1a7295d638a774 > i {\n  margin-right: 8px;\n}<\/style><div class=\"btn-align-left\"><a href=\"https:\/\/www.iseoprojection.com\/nl\/gratis-offerte\" class=\"default-btn-shortcode dt-btn dt-btn-m link-hover-off \" id=\"default-btn-7fb353dc0d09a73afd1a7295d638a774\" title=\"Vraag uw offerte aan\"><span>Vraag uw gratis offerte aan<\/span><\/a><\/div>[\/vc_column][\/vc_row]<\/p>\n<\/div>","protected":false},"excerpt":{"rendered":"<p>Ontdek het thermische isolatieproject uitgevoerd door ISEO Projection in Zaventem: vloer, plafond en dak van een nieuwbouw.<\/p>\n","protected":false},"author":15,"featured_media":4796,"comment_status":"closed","ping_status":"closed","template":"","dt_portfolio_category":[48,61,53,57],"dt_portfolio_tags":[],"class_list":["post-4794","dt_portfolio","type-dt_portfolio","status-publish","has-post-thumbnail","hentry","dt_portfolio_category-dak","dt_portfolio_category-plafonds-nl","dt_portfolio_category-vloer","dt_portfolio_category-zolder","dt_portfolio_category-48","dt_portfolio_category-61","dt_portfolio_category-53","dt_portfolio_category-57","description-off"],"yoast_head":"<!-- This site is optimized with the Yoast SEO plugin v27.4 - https:\/\/yoast.com\/product\/yoast-seo-wordpress\/ -->\n<title>Isolatie van dak, plafond en vloeren van een nieuwbouw in Zaventem<\/title>\n<meta name=\"description\" content=\"ISEO Projection heeft het dak, plafond en de vloeren van een nieuwbouw in Zaventem in 1 week ge\u00efsoleerd. Thermische prestaties gegarandeerd.\" \/>\n<meta name=\"robots\" content=\"index, follow, max-snippet:-1, max-image-preview:large, max-video-preview:-1\" \/>\n<link rel=\"canonical\" href=\"https:\/\/www.iseoprojection.com\/nl\/realisatie\/volledige-isolatie-nieuwbouw-zaventem\/\" \/>\n<meta property=\"og:locale\" content=\"nl_NL\" \/>\n<meta property=\"og:type\" content=\"article\" \/>\n<meta property=\"og:title\" content=\"Isolatie van dak, plafond en vloeren van een nieuwbouw in Zaventem\" \/>\n<meta property=\"og:description\" content=\"ISEO Projection heeft het dak, plafond en de vloeren van een nieuwbouw in Zaventem in 1 week ge\u00efsoleerd. Thermische prestaties gegarandeerd.\" \/>\n<meta property=\"og:url\" content=\"https:\/\/www.iseoprojection.com\/nl\/realisatie\/volledige-isolatie-nieuwbouw-zaventem\/\" \/>\n<meta property=\"og:site_name\" content=\"ISEO projection\" \/>\n<meta property=\"article:modified_time\" content=\"2025-04-10T08:10:10+00:00\" \/>\n<meta property=\"og:image\" content=\"https:\/\/www.iseoprojection.com\/wp-content\/uploads\/2025\/04\/chantier-isolation-grenier-zaventem.jpg\" \/>\n\t<meta property=\"og:image:width\" content=\"1200\" \/>\n\t<meta property=\"og:image:height\" content=\"900\" \/>\n\t<meta property=\"og:image:type\" content=\"image\/jpeg\" \/>\n<meta name=\"twitter:card\" content=\"summary_large_image\" \/>\n<meta name=\"twitter:label1\" content=\"Geschatte leestijd\" \/>\n\t<meta name=\"twitter:data1\" content=\"4 minuten\" \/>\n<script type=\"application\/ld+json\" class=\"yoast-schema-graph\">{\"@context\":\"https:\\\/\\\/schema.org\",\"@graph\":[{\"@type\":\"WebPage\",\"@id\":\"https:\\\/\\\/www.iseoprojection.com\\\/nl\\\/realisatie\\\/volledige-isolatie-nieuwbouw-zaventem\\\/\",\"url\":\"https:\\\/\\\/www.iseoprojection.com\\\/nl\\\/realisatie\\\/volledige-isolatie-nieuwbouw-zaventem\\\/\",\"name\":\"Isolatie van dak, plafond en vloeren van een nieuwbouw in Zaventem\",\"isPartOf\":{\"@id\":\"https:\\\/\\\/www.iseoprojection.com\\\/#website\"},\"primaryImageOfPage\":{\"@id\":\"https:\\\/\\\/www.iseoprojection.com\\\/nl\\\/realisatie\\\/volledige-isolatie-nieuwbouw-zaventem\\\/#primaryimage\"},\"image\":{\"@id\":\"https:\\\/\\\/www.iseoprojection.com\\\/nl\\\/realisatie\\\/volledige-isolatie-nieuwbouw-zaventem\\\/#primaryimage\"},\"thumbnailUrl\":\"https:\\\/\\\/www.iseoprojection.com\\\/wp-content\\\/uploads\\\/2025\\\/04\\\/chantier-isolation-grenier-zaventem.jpg\",\"datePublished\":\"2025-04-10T08:09:09+00:00\",\"dateModified\":\"2025-04-10T08:10:10+00:00\",\"description\":\"ISEO Projection heeft het dak, plafond en de vloeren van een nieuwbouw in Zaventem in 1 week ge\u00efsoleerd. Thermische prestaties gegarandeerd.\",\"breadcrumb\":{\"@id\":\"https:\\\/\\\/www.iseoprojection.com\\\/nl\\\/realisatie\\\/volledige-isolatie-nieuwbouw-zaventem\\\/#breadcrumb\"},\"inLanguage\":\"nl-NL\",\"potentialAction\":[{\"@type\":\"ReadAction\",\"target\":[\"https:\\\/\\\/www.iseoprojection.com\\\/nl\\\/realisatie\\\/volledige-isolatie-nieuwbouw-zaventem\\\/\"]}]},{\"@type\":\"ImageObject\",\"inLanguage\":\"nl-NL\",\"@id\":\"https:\\\/\\\/www.iseoprojection.com\\\/nl\\\/realisatie\\\/volledige-isolatie-nieuwbouw-zaventem\\\/#primaryimage\",\"url\":\"https:\\\/\\\/www.iseoprojection.com\\\/wp-content\\\/uploads\\\/2025\\\/04\\\/chantier-isolation-grenier-zaventem.jpg\",\"contentUrl\":\"https:\\\/\\\/www.iseoprojection.com\\\/wp-content\\\/uploads\\\/2025\\\/04\\\/chantier-isolation-grenier-zaventem.jpg\",\"width\":1200,\"height\":900,\"caption\":\"Isolation compl\u00e8te d'un grenier d'une maison neuve \u00e0 Zaventem\"},{\"@type\":\"BreadcrumbList\",\"@id\":\"https:\\\/\\\/www.iseoprojection.com\\\/nl\\\/realisatie\\\/volledige-isolatie-nieuwbouw-zaventem\\\/#breadcrumb\",\"itemListElement\":[{\"@type\":\"ListItem\",\"position\":1,\"name\":\"Accueil\",\"item\":\"https:\\\/\\\/www.iseoprojection.com\\\/nl\\\/\"},{\"@type\":\"ListItem\",\"position\":2,\"name\":\"Portfolio\",\"item\":\"https:\\\/\\\/www.iseoprojection.com\\\/realisations\\\/\"},{\"@type\":\"ListItem\",\"position\":3,\"name\":\"Isolatie van het dak, plafond en vloeren van een nieuwbouwwoning in Zaventem\"}]},{\"@type\":\"WebSite\",\"@id\":\"https:\\\/\\\/www.iseoprojection.com\\\/#website\",\"url\":\"https:\\\/\\\/www.iseoprojection.com\\\/\",\"name\":\"ISEO projection\",\"description\":\"\",\"potentialAction\":[{\"@type\":\"SearchAction\",\"target\":{\"@type\":\"EntryPoint\",\"urlTemplate\":\"https:\\\/\\\/www.iseoprojection.com\\\/?s={search_term_string}\"},\"query-input\":{\"@type\":\"PropertyValueSpecification\",\"valueRequired\":true,\"valueName\":\"search_term_string\"}}],\"inLanguage\":\"nl-NL\"}]}<\/script>\n<!-- \/ Yoast SEO plugin. -->","yoast_head_json":{"title":"Isolatie van dak, plafond en vloeren van een nieuwbouw in Zaventem","description":"ISEO Projection heeft het dak, plafond en de vloeren van een nieuwbouw in Zaventem in 1 week ge\u00efsoleerd. Thermische prestaties gegarandeerd.","robots":{"index":"index","follow":"follow","max-snippet":"max-snippet:-1","max-image-preview":"max-image-preview:large","max-video-preview":"max-video-preview:-1"},"canonical":"https:\/\/www.iseoprojection.com\/nl\/realisatie\/volledige-isolatie-nieuwbouw-zaventem\/","og_locale":"nl_NL","og_type":"article","og_title":"Isolatie van dak, plafond en vloeren van een nieuwbouw in Zaventem","og_description":"ISEO Projection heeft het dak, plafond en de vloeren van een nieuwbouw in Zaventem in 1 week ge\u00efsoleerd. Thermische prestaties gegarandeerd.","og_url":"https:\/\/www.iseoprojection.com\/nl\/realisatie\/volledige-isolatie-nieuwbouw-zaventem\/","og_site_name":"ISEO projection","article_modified_time":"2025-04-10T08:10:10+00:00","og_image":[{"width":1200,"height":900,"url":"https:\/\/www.iseoprojection.com\/wp-content\/uploads\/2025\/04\/chantier-isolation-grenier-zaventem.jpg","type":"image\/jpeg"}],"twitter_card":"summary_large_image","twitter_misc":{"Geschatte leestijd":"4 minuten"},"schema":{"@context":"https:\/\/schema.org","@graph":[{"@type":"WebPage","@id":"https:\/\/www.iseoprojection.com\/nl\/realisatie\/volledige-isolatie-nieuwbouw-zaventem\/","url":"https:\/\/www.iseoprojection.com\/nl\/realisatie\/volledige-isolatie-nieuwbouw-zaventem\/","name":"Isolatie van dak, plafond en vloeren van een nieuwbouw in Zaventem","isPartOf":{"@id":"https:\/\/www.iseoprojection.com\/#website"},"primaryImageOfPage":{"@id":"https:\/\/www.iseoprojection.com\/nl\/realisatie\/volledige-isolatie-nieuwbouw-zaventem\/#primaryimage"},"image":{"@id":"https:\/\/www.iseoprojection.com\/nl\/realisatie\/volledige-isolatie-nieuwbouw-zaventem\/#primaryimage"},"thumbnailUrl":"https:\/\/www.iseoprojection.com\/wp-content\/uploads\/2025\/04\/chantier-isolation-grenier-zaventem.jpg","datePublished":"2025-04-10T08:09:09+00:00","dateModified":"2025-04-10T08:10:10+00:00","description":"ISEO Projection heeft het dak, plafond en de vloeren van een nieuwbouw in Zaventem in 1 week ge\u00efsoleerd. Thermische prestaties gegarandeerd.","breadcrumb":{"@id":"https:\/\/www.iseoprojection.com\/nl\/realisatie\/volledige-isolatie-nieuwbouw-zaventem\/#breadcrumb"},"inLanguage":"nl-NL","potentialAction":[{"@type":"ReadAction","target":["https:\/\/www.iseoprojection.com\/nl\/realisatie\/volledige-isolatie-nieuwbouw-zaventem\/"]}]},{"@type":"ImageObject","inLanguage":"nl-NL","@id":"https:\/\/www.iseoprojection.com\/nl\/realisatie\/volledige-isolatie-nieuwbouw-zaventem\/#primaryimage","url":"https:\/\/www.iseoprojection.com\/wp-content\/uploads\/2025\/04\/chantier-isolation-grenier-zaventem.jpg","contentUrl":"https:\/\/www.iseoprojection.com\/wp-content\/uploads\/2025\/04\/chantier-isolation-grenier-zaventem.jpg","width":1200,"height":900,"caption":"Isolation compl\u00e8te d'un grenier d'une maison neuve \u00e0 Zaventem"},{"@type":"BreadcrumbList","@id":"https:\/\/www.iseoprojection.com\/nl\/realisatie\/volledige-isolatie-nieuwbouw-zaventem\/#breadcrumb","itemListElement":[{"@type":"ListItem","position":1,"name":"Accueil","item":"https:\/\/www.iseoprojection.com\/nl\/"},{"@type":"ListItem","position":2,"name":"Portfolio","item":"https:\/\/www.iseoprojection.com\/realisations\/"},{"@type":"ListItem","position":3,"name":"Isolatie van het dak, plafond en vloeren van een nieuwbouwwoning in Zaventem"}]},{"@type":"WebSite","@id":"https:\/\/www.iseoprojection.com\/#website","url":"https:\/\/www.iseoprojection.com\/","name":"ISEO projection","description":"","potentialAction":[{"@type":"SearchAction","target":{"@type":"EntryPoint","urlTemplate":"https:\/\/www.iseoprojection.com\/?s={search_term_string}"},"query-input":{"@type":"PropertyValueSpecification","valueRequired":true,"valueName":"search_term_string"}}],"inLanguage":"nl-NL"}]}},"_links":{"self":[{"href":"https:\/\/www.iseoprojection.com\/nl\/wp-json\/wp\/v2\/dt_portfolio\/4794","targetHints":{"allow":["GET"]}}],"collection":[{"href":"https:\/\/www.iseoprojection.com\/nl\/wp-json\/wp\/v2\/dt_portfolio"}],"about":[{"href":"https:\/\/www.iseoprojection.com\/nl\/wp-json\/wp\/v2\/types\/dt_portfolio"}],"author":[{"embeddable":true,"href":"https:\/\/www.iseoprojection.com\/nl\/wp-json\/wp\/v2\/users\/15"}],"replies":[{"embeddable":true,"href":"https:\/\/www.iseoprojection.com\/nl\/wp-json\/wp\/v2\/comments?post=4794"}],"version-history":[{"count":2,"href":"https:\/\/www.iseoprojection.com\/nl\/wp-json\/wp\/v2\/dt_portfolio\/4794\/revisions"}],"predecessor-version":[{"id":4809,"href":"https:\/\/www.iseoprojection.com\/nl\/wp-json\/wp\/v2\/dt_portfolio\/4794\/revisions\/4809"}],"wp:featuredmedia":[{"embeddable":true,"href":"https:\/\/www.iseoprojection.com\/nl\/wp-json\/wp\/v2\/media\/4796"}],"wp:attachment":[{"href":"https:\/\/www.iseoprojection.com\/nl\/wp-json\/wp\/v2\/media?parent=4794"}],"wp:term":[{"taxonomy":"dt_portfolio_category","embeddable":true,"href":"https:\/\/www.iseoprojection.com\/nl\/wp-json\/wp\/v2\/dt_portfolio_category?post=4794"},{"taxonomy":"dt_portfolio_tags","embeddable":true,"href":"https:\/\/www.iseoprojection.com\/nl\/wp-json\/wp\/v2\/dt_portfolio_tags?post=4794"}],"curies":[{"name":"wp","href":"https:\/\/api.w.org\/{rel}","templated":true}]}}