{"id":4103,"date":"2024-10-01T09:48:21","date_gmt":"2024-10-01T07:48:21","guid":{"rendered":"https:\/\/www.iseoprojection.com\/realisation\/isolation-toit-grange-affligem\/"},"modified":"2024-10-01T11:09:42","modified_gmt":"2024-10-01T09:09:42","slug":"dakisolatie-schuur-affligem","status":"publish","type":"dt_portfolio","link":"https:\/\/www.iseoprojection.com\/nl\/realisatie\/dakisolatie-schuur-affligem\/","title":{"rendered":"Isolatie van het dak van een schuur in Affligem"},"content":{"rendered":"<div class=\"wpb-content-wrapper\"><p>[vc_row gap=&#8221;35&#8243; equal_height=&#8221;yes&#8221; content_placement=&#8221;middle&#8221;][vc_column width=&#8221;1\/2&#8243;][vc_column_text css=&#8221;&#8221;]<\/p>\n<h2>Isolatie van het dak van een schuur in Affligem<\/h2>\n<p>[\/vc_column_text][vc_column_text css=&#8221;&#8221;]<\/p>\n<ul>\n<li><strong>Plaats<\/strong>: Affligem<\/li>\n<li><strong>Datum<\/strong>: 19 en 20\/09\/2024<\/li>\n<li><strong>Type realisatie<\/strong>: Isolatie van het dak van een oude schuur<\/li>\n<li><strong>Oppervlakte<\/strong>: 224m\u00b2<\/li>\n<li><strong>Materialen<\/strong>: Opencellig schuim ICYNENE LITE+<\/li>\n<\/ul>\n<p>[\/vc_column_text][\/vc_column][vc_column width=&#8221;1\/2&#8243;]<style type=\"text\/css\" data-type=\"the7_shortcodes-inline-css\">.gallery-carousel-shortcode.gallery-carousel-shortcode-id-b9ba9abeaa7566668e16c1e95f6929c6.owl-carousel .owl-nav div {\n  width: 36px;\n  height: 36px;\n  border-radius: 500px;\n}\n.dt-arrow-border-on.gallery-carousel-shortcode.gallery-carousel-shortcode-id-b9ba9abeaa7566668e16c1e95f6929c6.owl-carousel .owl-nav div:not(:hover):before {\n  border-width: 0px;\n}\n.dt-arrow-hover-border-on.gallery-carousel-shortcode.gallery-carousel-shortcode-id-b9ba9abeaa7566668e16c1e95f6929c6.owl-carousel .owl-nav div:hover:after {\n  border-width: 0px;\n}\n.gallery-carousel-shortcode.gallery-carousel-shortcode-id-b9ba9abeaa7566668e16c1e95f6929c6.owl-carousel .owl-nav div.owl-prev {\n  top: 50%;\n  transform: translateY(calc(-50% + 0px));\n  left: -20px;\n}\n@media all and (-ms-high-contrast: none) {\n  .gallery-carousel-shortcode.gallery-carousel-shortcode-id-b9ba9abeaa7566668e16c1e95f6929c6.owl-carousel .owl-nav div.owl-prev {\n    transform: translateY(-50%);\n    margin-top: 0px;\n  }\n}\n.gallery-carousel-shortcode.gallery-carousel-shortcode-id-b9ba9abeaa7566668e16c1e95f6929c6.owl-carousel .owl-nav div.owl-prev i {\n  padding: 0px 0px 0px 0px;\n}\n.gallery-carousel-shortcode.gallery-carousel-shortcode-id-b9ba9abeaa7566668e16c1e95f6929c6.owl-carousel .owl-nav div.owl-next {\n  top: 50%;\n  transform: translateY(calc(-50% + 0px));\n  right: -18px;\n}\n@media all and (-ms-high-contrast: none) {\n  .gallery-carousel-shortcode.gallery-carousel-shortcode-id-b9ba9abeaa7566668e16c1e95f6929c6.owl-carousel .owl-nav div.owl-next {\n    transform: translateY(-50%);\n    margin-top: 0px;\n  }\n}\n.gallery-carousel-shortcode.gallery-carousel-shortcode-id-b9ba9abeaa7566668e16c1e95f6929c6.owl-carousel .owl-nav div.owl-next i {\n  padding: 0px 0px 0px 0px;\n}\n.gallery-carousel-shortcode.gallery-carousel-shortcode-id-b9ba9abeaa7566668e16c1e95f6929c6.owl-carousel .owl-nav i {\n  font-size: 18px;\n}\n.gallery-carousel-shortcode.gallery-carousel-shortcode-id-b9ba9abeaa7566668e16c1e95f6929c6.owl-carousel .owl-nav div:not(:hover) i,\n.gallery-carousel-shortcode.gallery-carousel-shortcode-id-b9ba9abeaa7566668e16c1e95f6929c6.owl-carousel .owl-nav div:not(:hover) i:before {\n  color: #ffffff;\n  background: none;\n}\n.gallery-carousel-shortcode.gallery-carousel-shortcode-id-b9ba9abeaa7566668e16c1e95f6929c6.owl-carousel .owl-nav div:hover i,\n.gallery-carousel-shortcode.gallery-carousel-shortcode-id-b9ba9abeaa7566668e16c1e95f6929c6.owl-carousel .owl-nav div:hover i:before {\n  color: rgba(255,255,255,0.75);\n  background: none;\n}\n.gallery-carousel-shortcode.gallery-carousel-shortcode-id-b9ba9abeaa7566668e16c1e95f6929c6 .owl-dots {\n  top: calc(100% + 20px);\n  left: 50%;\n  transform: translateX(calc(-50% + 0px));\n}\n@media all and (-ms-high-contrast: none) {\n  .gallery-carousel-shortcode.gallery-carousel-shortcode-id-b9ba9abeaa7566668e16c1e95f6929c6 .owl-dots {\n    transform: translateX(-50%);\n    margin-left: 0px;\n  }\n}\n.gallery-carousel-shortcode.gallery-carousel-shortcode-id-b9ba9abeaa7566668e16c1e95f6929c6 .owl-dot {\n  width: 10px;\n  height: 10px;\n  margin: 0 8px;\n}\n@media screen and (max-width: 778px) {\n  .gallery-carousel-shortcode.gallery-carousel-shortcode-id-b9ba9abeaa7566668e16c1e95f6929c6.hide-arrows .owl-nav a {\n    display: none;\n  }\n}\n@media screen and (max-width: 778px) {\n  .gallery-carousel-shortcode.gallery-carousel-shortcode-id-b9ba9abeaa7566668e16c1e95f6929c6.reposition-arrows .owl-nav .owl-prev {\n    top: 50%;\n    transform: translateY(calc(-50% + 0px));\n    left: 10px;\n  }\n  .gallery-carousel-shortcode.gallery-carousel-shortcode-id-b9ba9abeaa7566668e16c1e95f6929c6.reposition-arrows .owl-nav .owl-next {\n    top: 50%;\n    transform: translateY(calc(-50% + 0px));\n    right: 10px;\n  }\n}\n@media screen and (max-width: 778px) and all and (-ms-high-contrast: none) {\n  .gallery-carousel-shortcode.gallery-carousel-shortcode-id-b9ba9abeaa7566668e16c1e95f6929c6.reposition-arrows .owl-nav .owl-prev {\n    transform: translateY(-50%);\n    margin-top: 0px;\n  }\n}\n@media screen and (max-width: 778px) and all and (-ms-high-contrast: none) {\n  .gallery-carousel-shortcode.gallery-carousel-shortcode-id-b9ba9abeaa7566668e16c1e95f6929c6.reposition-arrows .owl-nav .owl-next {\n    transform: translateY(-50%);\n    margin-top: 0px;\n  }\n}\n.gallery-carousel-shortcode.gallery-carousel-shortcode-id-b9ba9abeaa7566668e16c1e95f6929c6 figure,\n.gallery-carousel-shortcode.gallery-carousel-shortcode-id-b9ba9abeaa7566668e16c1e95f6929c6 .rollover,\n.gallery-carousel-shortcode.gallery-carousel-shortcode-id-b9ba9abeaa7566668e16c1e95f6929c6 img,\n.gallery-carousel-shortcode.gallery-carousel-shortcode-id-b9ba9abeaa7566668e16c1e95f6929c6 .gallery-rollover {\n  border-radius: 20px;\n}\n.gallery-carousel-shortcode.gallery-carousel-shortcode-id-b9ba9abeaa7566668e16c1e95f6929c6.enable-bg-rollover .gallery-rollover {\n  background: -webkit-linear-gradient();\n  background: linear-gradient();\n}\n.gallery-carousel-shortcode.gallery-carousel-shortcode-id-b9ba9abeaa7566668e16c1e95f6929c6.enable-img-shadow .owl-stage-outer {\n  padding: 14px 0;\n}\n.gallery-carousel-shortcode.gallery-carousel-shortcode-id-b9ba9abeaa7566668e16c1e95f6929c6.enable-bg-rollover.hover-scale figure .rollover:after {\n  background: -webkit-linear-gradient();\n  background: linear-gradient();\n}\n.gallery-carousel-shortcode.gallery-carousel-shortcode-id-b9ba9abeaa7566668e16c1e95f6929c6.gallery-shortcode .gallery-zoom-ico {\n  width: 44px;\n  height: 44px;\n  line-height: 44px;\n  border-radius: 100px;\n  margin: -22px 0 0 -22px;\n  border-width: 0px;\n}\n.dt-icon-bg-on.gallery-carousel-shortcode.gallery-carousel-shortcode-id-b9ba9abeaa7566668e16c1e95f6929c6.gallery-shortcode .gallery-zoom-ico {\n  background: rgba(255,255,255,0.3);\n  box-shadow: none;\n}\n.gallery-carousel-shortcode.gallery-carousel-shortcode-id-b9ba9abeaa7566668e16c1e95f6929c6.gallery-shortcode .gallery-zoom-ico:before,\n.gallery-carousel-shortcode.gallery-carousel-shortcode-id-b9ba9abeaa7566668e16c1e95f6929c6.gallery-shortcode .gallery-zoom-ico span {\n  font-size: 32px;\n  line-height: 44px;\n  color: #ffffff;\n  background: none;\n}<\/style><div class=\"owl-carousel gallery-carousel-shortcode gallery-shortcode  dt-gallery-container dt-owl-carousel-call gallery-carousel-shortcode-id-b9ba9abeaa7566668e16c1e95f6929c6 meta-info-off dt-arrow-border-on dt-arrow-hover-border-on bullets-small-dot-stroke reposition-arrows dt-icon-bg-off arrows-bg-on disable-arrows-hover-bg arrows-hover-bg-on  hover-fade \" data-scroll-mode=\"1\" data-col-num=\"1\" data-wide-col-num=\"1\" data-laptop-col=\"1\" data-h-tablet-columns-num=\"1\" data-v-tablet-columns-num=\"1\" data-phone-columns-num=\"1\" data-col-gap=\"10\" data-stage-padding=\"0\" data-speed=\"600\" data-autoplay=\"true\" data-autoplay_speed=\"2000\" data-arrows=\"true\" data-bullet=\"false\" data-next-icon=\"icon-ar-017-r\" data-prev-icon=\"icon-ar-017-l\" data-img-shadow-size=\"12px\" data-img-shadow-spread=\"3px\"><div data-post-id=\"4087\" data-date=\"2024-10-01T09:46:20+02:00\" data-name=\"chantier-isolation-projetee-toit-affligem\"><figure class=\"post\"><a href=\"https:\/\/www.iseoprojection.com\/wp-content\/uploads\/2024\/10\/chantier-isolation-projetee-toit-affligem-rotated.jpg\" class=\"rollover dt-pswp-item layzr-bg\" data-large_image_width=\"675\" data-large_image_height=\"1200\" data-dt-img-description=\"\" title=\"chantier-isolation-projetee-toit-affligem\"><img fetchpriority=\"high\" decoding=\"async\" class=\"preload-me owl-lazy-load aspect\" src=\"data:image\/svg+xml,%3Csvg%20xmlns%3D&#39;http%3A%2F%2Fwww.w3.org%2F2000%2Fsvg&#39;%20viewBox%3D&#39;0%200%20675%20540&#39;%2F%3E\" data-src=\"https:\/\/www.iseoprojection.com\/wp-content\/uploads\/2024\/10\/chantier-isolation-projetee-toit-affligem-rotated-675x540.jpg\" data-srcset=\"https:\/\/www.iseoprojection.com\/wp-content\/uploads\/2024\/10\/chantier-isolation-projetee-toit-affligem-rotated-675x540.jpg 675w\" loading=\"eager\" style=\"--ratio: 675 \/ 540\" sizes=\"(max-width: 675px) 100vw, 675px\" alt=\"Ouvrier appliquant de la mousse polyur\u00e9thane projet\u00e9e sur la toiture int\u00e9rieure d&#039;une grange en r\u00e9novation \u00e0 Affligem.\" width=\"675\" height=\"540\"  \/><span class=\"gallery-rollover\"><\/span><\/a><\/figure><\/div><div data-post-id=\"4089\" data-date=\"2024-10-01T09:46:23+02:00\" data-name=\"chantier-isolation-toiture-interieur-affligem\"><figure class=\"post\"><a href=\"https:\/\/www.iseoprojection.com\/wp-content\/uploads\/2024\/10\/chantier-isolation-toiture-interieur-affligem.jpg\" class=\"rollover dt-pswp-item layzr-bg\" data-large_image_width=\"800\" data-large_image_height=\"1200\" data-dt-img-description=\"\" title=\"chantier-isolation-toiture-interieur-affligem\"><img decoding=\"async\" class=\"preload-me owl-lazy-load aspect\" src=\"data:image\/svg+xml,%3Csvg%20xmlns%3D&#39;http%3A%2F%2Fwww.w3.org%2F2000%2Fsvg&#39;%20viewBox%3D&#39;0%200%20800%20640&#39;%2F%3E\" data-src=\"https:\/\/www.iseoprojection.com\/wp-content\/uploads\/2024\/10\/chantier-isolation-toiture-interieur-affligem-800x640.jpg\" data-srcset=\"https:\/\/www.iseoprojection.com\/wp-content\/uploads\/2024\/10\/chantier-isolation-toiture-interieur-affligem-800x640.jpg 800w\" loading=\"eager\" style=\"--ratio: 800 \/ 640\" sizes=\"(max-width: 800px) 100vw, 800px\" alt=\"Isolation de la toiture int\u00e9rieure d&#039;une grange \u00e0 Affligem, avec des poutres apparentes et de la mousse isolante projet\u00e9e.\" width=\"800\" height=\"640\"  \/><span class=\"gallery-rollover\"><\/span><\/a><\/figure><\/div><div data-post-id=\"4091\" data-date=\"2024-10-01T09:46:26+02:00\" data-name=\"isolation-interieure-toit-affligem\"><figure class=\"post\"><a href=\"https:\/\/www.iseoprojection.com\/wp-content\/uploads\/2024\/10\/isolation-interieure-toit-affligem-rotated.jpg\" class=\"rollover dt-pswp-item layzr-bg\" data-large_image_width=\"675\" data-large_image_height=\"1200\" data-dt-img-description=\"\" title=\"isolation-interieure-toit-affligem\"><img decoding=\"async\" class=\"preload-me owl-lazy-load aspect\" src=\"data:image\/svg+xml,%3Csvg%20xmlns%3D&#39;http%3A%2F%2Fwww.w3.org%2F2000%2Fsvg&#39;%20viewBox%3D&#39;0%200%20675%20540&#39;%2F%3E\" data-src=\"https:\/\/www.iseoprojection.com\/wp-content\/uploads\/2024\/10\/isolation-interieure-toit-affligem-rotated-675x540.jpg\" data-srcset=\"https:\/\/www.iseoprojection.com\/wp-content\/uploads\/2024\/10\/isolation-interieure-toit-affligem-rotated-675x540.jpg 675w\" loading=\"eager\" style=\"--ratio: 675 \/ 540\" sizes=\"(max-width: 675px) 100vw, 675px\" alt=\"Vue int\u00e9rieure de la toiture d&#039;une grange \u00e0 Affligem, avant application de l&#039;isolation, montrant les chevrons et la pr\u00e9paration pour l&#039;isolation thermique.\" width=\"675\" height=\"540\"  \/><span class=\"gallery-rollover\"><\/span><\/a><\/figure><\/div><div data-post-id=\"4093\" data-date=\"2024-10-01T09:46:30+02:00\" data-name=\"isolation-mousse-polyurethane-toiture-affligem\"><figure class=\"post\"><a href=\"https:\/\/www.iseoprojection.com\/wp-content\/uploads\/2024\/10\/isolation-mousse-polyurethane-toiture-affligem.jpg\" class=\"rollover dt-pswp-item layzr-bg\" data-large_image_width=\"1200\" data-large_image_height=\"890\" data-dt-img-description=\"\" title=\"isolation-mousse-polyurethane-toiture-affligem\"><img decoding=\"async\" class=\"preload-me owl-lazy-load aspect\" src=\"data:image\/svg+xml,%3Csvg%20xmlns%3D&#39;http%3A%2F%2Fwww.w3.org%2F2000%2Fsvg&#39;%20viewBox%3D&#39;0%200%201112%20890&#39;%2F%3E\" data-src=\"https:\/\/www.iseoprojection.com\/wp-content\/uploads\/2024\/10\/isolation-mousse-polyurethane-toiture-affligem-1112x890.jpg\" data-srcset=\"https:\/\/www.iseoprojection.com\/wp-content\/uploads\/2024\/10\/isolation-mousse-polyurethane-toiture-affligem-1112x890.jpg 1112w\" loading=\"eager\" style=\"--ratio: 1112 \/ 890\" sizes=\"(max-width: 1112px) 100vw, 1112px\" alt=\"Toit d&#039;une grange isol\u00e9 avec de la mousse polyur\u00e9thane projet\u00e9e \u00e0 Affligem, renfor\u00e7ant l&#039;efficacit\u00e9 \u00e9nerg\u00e9tique de la structure.\" width=\"1112\" height=\"890\"  \/><span class=\"gallery-rollover\"><\/span><\/a><\/figure><\/div><div data-post-id=\"4095\" data-date=\"2024-10-01T09:46:34+02:00\" data-name=\"isolation-mousse-projetee-toit-affligem\"><figure class=\"post\"><a href=\"https:\/\/www.iseoprojection.com\/wp-content\/uploads\/2024\/10\/isolation-mousse-projetee-toit-affligem.jpg\" class=\"rollover dt-pswp-item layzr-bg\" data-large_image_width=\"720\" data-large_image_height=\"1200\" data-dt-img-description=\"\" title=\"isolation-mousse-projetee-toit-affligem\"><img decoding=\"async\" class=\"preload-me owl-lazy-load aspect\" src=\"data:image\/svg+xml,%3Csvg%20xmlns%3D&#39;http%3A%2F%2Fwww.w3.org%2F2000%2Fsvg&#39;%20viewBox%3D&#39;0%200%20720%20576&#39;%2F%3E\" data-src=\"https:\/\/www.iseoprojection.com\/wp-content\/uploads\/2024\/10\/isolation-mousse-projetee-toit-affligem-720x576.jpg\" data-srcset=\"https:\/\/www.iseoprojection.com\/wp-content\/uploads\/2024\/10\/isolation-mousse-projetee-toit-affligem-720x576.jpg 720w\" loading=\"eager\" style=\"--ratio: 720 \/ 576\" sizes=\"(max-width: 720px) 100vw, 720px\" alt=\"Isolation projet\u00e9e \u00e0 base de mousse sur le toit d&#039;une grange \u00e0 Affligem, avec protection des poutres en bois pendant les travaux.\" width=\"720\" height=\"576\"  \/><span class=\"gallery-rollover\"><\/span><\/a><\/figure><\/div><div data-post-id=\"4097\" data-date=\"2024-10-01T09:46:38+02:00\" data-name=\"isolation-projetee-toit-affligem\"><figure class=\"post\"><a href=\"https:\/\/www.iseoprojection.com\/wp-content\/uploads\/2024\/10\/isolation-projetee-toit-affligem.jpg\" class=\"rollover dt-pswp-item layzr-bg\" data-large_image_width=\"1200\" data-large_image_height=\"756\" data-dt-img-description=\"\" title=\"isolation-projetee-toit-affligem\"><img decoding=\"async\" class=\"preload-me owl-lazy-load aspect\" src=\"data:image\/svg+xml,%3Csvg%20xmlns%3D&#39;http%3A%2F%2Fwww.w3.org%2F2000%2Fsvg&#39;%20viewBox%3D&#39;0%200%20945%20756&#39;%2F%3E\" data-src=\"https:\/\/www.iseoprojection.com\/wp-content\/uploads\/2024\/10\/isolation-projetee-toit-affligem-945x756.jpg\" data-srcset=\"https:\/\/www.iseoprojection.com\/wp-content\/uploads\/2024\/10\/isolation-projetee-toit-affligem-945x756.jpg 945w\" loading=\"eager\" style=\"--ratio: 945 \/ 756\" sizes=\"(max-width: 945px) 100vw, 945px\" alt=\"Vue d&#039;ensemble de l&#039;isolation thermique en mousse projet\u00e9e sous le toit d&#039;une grange \u00e0 Affligem, montrant la finition des travaux.\" width=\"945\" height=\"756\"  \/><span class=\"gallery-rollover\"><\/span><\/a><\/figure><\/div><div data-post-id=\"4099\" data-date=\"2024-10-01T09:46:41+02:00\" data-name=\"isolation-toit-affligem\"><figure class=\"post\"><a href=\"https:\/\/www.iseoprojection.com\/wp-content\/uploads\/2024\/10\/isolation-toit-affligem.jpg\" class=\"rollover dt-pswp-item layzr-bg\" data-large_image_width=\"1200\" data-large_image_height=\"675\" data-dt-img-description=\"\" title=\"isolation-toit-affligem\"><img decoding=\"async\" class=\"preload-me owl-lazy-load aspect\" src=\"data:image\/svg+xml,%3Csvg%20xmlns%3D&#39;http%3A%2F%2Fwww.w3.org%2F2000%2Fsvg&#39;%20viewBox%3D&#39;0%200%20843%20675&#39;%2F%3E\" data-src=\"https:\/\/www.iseoprojection.com\/wp-content\/uploads\/2024\/10\/isolation-toit-affligem-843x675.jpg\" data-srcset=\"https:\/\/www.iseoprojection.com\/wp-content\/uploads\/2024\/10\/isolation-toit-affligem-843x675.jpg 843w\" loading=\"eager\" style=\"--ratio: 843 \/ 675\" sizes=\"(max-width: 843px) 100vw, 843px\" alt=\"Charpente traditionnelle d&#039;une grange \u00e0 Affligem avec isolation en mousse polyur\u00e9thane projet\u00e9e, dans le cadre d&#039;une r\u00e9novation \u00e9nerg\u00e9tique.\" width=\"843\" height=\"675\"  \/><span class=\"gallery-rollover\"><\/span><\/a><\/figure><\/div><div data-post-id=\"4101\" data-date=\"2024-10-01T09:46:44+02:00\" data-name=\"isolation-toiture-affligem\"><figure class=\"post\"><a href=\"https:\/\/www.iseoprojection.com\/wp-content\/uploads\/2024\/10\/isolation-toiture-affligem.jpg\" class=\"rollover dt-pswp-item layzr-bg\" data-large_image_width=\"1200\" data-large_image_height=\"675\" data-dt-img-description=\"\" title=\"isolation-toiture-affligem\"><img decoding=\"async\" class=\"preload-me owl-lazy-load aspect\" src=\"data:image\/svg+xml,%3Csvg%20xmlns%3D&#39;http%3A%2F%2Fwww.w3.org%2F2000%2Fsvg&#39;%20viewBox%3D&#39;0%200%20843%20675&#39;%2F%3E\" data-src=\"https:\/\/www.iseoprojection.com\/wp-content\/uploads\/2024\/10\/isolation-toiture-affligem-843x675.jpg\" data-srcset=\"https:\/\/www.iseoprojection.com\/wp-content\/uploads\/2024\/10\/isolation-toiture-affligem-843x675.jpg 843w\" loading=\"eager\" style=\"--ratio: 843 \/ 675\" sizes=\"(max-width: 843px) 100vw, 843px\" alt=\"Int\u00e9rieur d&#039;une grange \u00e0 Affligem avec isolation de toiture en mousse, visant \u00e0 am\u00e9liorer l&#039;isolation thermique.\" width=\"843\" height=\"675\"  \/><span class=\"gallery-rollover\"><\/span><\/a><\/figure><\/div><\/div>[\/vc_column][\/vc_row][vc_row bg_type=&#8221;grad&#8221; bg_override=&#8221;ex-full&#8221; css=&#8221;.vc_custom_1700134282765{margin-top: 60px !important;padding-top: 60px !important;padding-bottom: 60px !important;}&#8221; bg_grad=&#8221;background: -webkit-gradient(linear, left top, left bottom, color-stop(0%, #008BD1), color-stop(100%, #004A7B));background: -moz-linear-gradient(top,#008BD1 0%,#004A7B 100%);background: -webkit-linear-gradient(top,#008BD1 0%,#004A7B 100%);background: -o-linear-gradient(top,#008BD1 0%,#004A7B 100%);background: -ms-linear-gradient(top,#008BD1 0%,#004A7B 100%);background: linear-gradient(top,#008BD1 0%,#004A7B 100%);&#8221;][vc_column][vc_column_text css=&#8221;&#8221; el_class=&#8221;custom-white&#8221;]<\/p>\n<h2>Het werk van ons team<\/h2>\n<p>Door mond aan mond reclame is onze klant bij ons terecht gekomen met de vraag om het dak <strong>een oude schuur<\/strong> te isoleren. Deze schuur gaar dienst doen als museum van de 2 Wereldoorlogen. Daarom vroeg de klant ons om het schuim zo <strong>glad en gelijk<\/strong> mogelijk te spuiten omdat het <strong>zichtbaar<\/strong> zou blijven voor de bezoekers.<\/p>\n<p>Vermits het hier over een <strong>oude schuur<\/strong> ging hebben we eerst het volledige <strong>eiken dakgebinte<\/strong> ingepakt in plastiek om het te beschermen tijdens het spuiten. Daarna hebben we<strong> een laag van 17cm opencellig schuim<\/strong> aangebracht tegen het onderdak. Dit was dampopen wat resulteerde in feit dat we na het spuiten geen <strong>dampscherm<\/strong> moesten aanbrengen omdat \u00e9\u00e9n van de grote voordelen van schuim is dat het op een natuurlijk maner <strong>ademt<\/strong> en dus waterdamp doorlaat. <a href=\"https:\/\/www.iseoprojection.com\/nl\/pur-isolatie\/\">Icynene lite+<\/a> geeft wel de garantie dat het <strong>100% luchtdicht<\/strong> is.<\/p>\n<p>Zo heeft onze klant een <strong>perfecte continue<\/strong> thermische isolatie die zeer <strong>duurzaam<\/strong> is in de toekomst. Hierdoor zullen de facturen voor de stookkosten aanzienlijk lager zijn.<\/p>\n<p>Deze interventie, die in <strong>twee dagen<\/strong> werd uitgevoerd, getuigt van de effici\u00ebntie en precisie waarmee onze professionals van ISEO Projection elk project aanpakken, groot of klein.<\/p>\n<h2>Uw woning volledig ge\u00efsoleerd met ISEO Projection<\/h2>\n<p>Onze klant, <strong>zeer tevreden over de kwaliteit van ons werk<\/strong>, heeft zijn intentie uitgesproken om ons aan te bevelen bij potenti\u00eble toekomstige klanten. En behoort u daar binnenkort misschien ook bij!<\/p>\n<p><a href=\"https:\/\/www.iseoprojection.com\/nl\/\">De isolatie-experts van ISEO Projection<\/a> staan voor u klaar! Vertrouw hen uw project toe voor een woning met de hoogste energie-effici\u00ebntie.[\/vc_column_text]<style type=\"text\/css\" data-type=\"the7_shortcodes-inline-css\">#default-btn-a003b6fd6e0165b2497084707c212aab.ico-right-side > i {\n  margin-right: 0px;\n  margin-left: 8px;\n}\n#default-btn-a003b6fd6e0165b2497084707c212aab > i {\n  margin-right: 8px;\n}<\/style><div class=\"btn-align-left\"><a href=\"https:\/\/www.iseoprojection.com\/nl\/gratis-offerte\/\" class=\"default-btn-shortcode dt-btn dt-btn-m link-hover-off \" id=\"default-btn-a003b6fd6e0165b2497084707c212aab\" title=\"Vraag uw gratis offerte aan\"><span>Vraag uw gratis offerte aan<\/span><\/a><\/div>[\/vc_column][\/vc_row]<\/p>\n<\/div>","protected":false},"excerpt":{"rendered":"<p>Ontdek onze ingreep tijdens de renovatie van een schuur in Affligem: snelle en effici\u00ebnte dakisolatie van dit toekomstige museum met open-cel schuim.<\/p>\n","protected":false},"author":15,"featured_media":4093,"comment_status":"closed","ping_status":"closed","template":"","dt_portfolio_category":[48,57],"dt_portfolio_tags":[],"class_list":["post-4103","dt_portfolio","type-dt_portfolio","status-publish","has-post-thumbnail","hentry","dt_portfolio_category-dak","dt_portfolio_category-zolder","dt_portfolio_category-48","dt_portfolio_category-57","description-off"],"yoast_head":"<!-- This site is optimized with the Yoast SEO plugin v27.4 - https:\/\/yoast.com\/product\/yoast-seo-wordpress\/ -->\n<title>Dakisolatie van een schuur in Affligem door SEO Projection<\/title>\n<meta name=\"description\" content=\"ISEO Projection heeft het dak van een oude schuur in Affligem ge\u00efsoleerd. 224 m\u00b2 ge\u00efsoleerd in twee dagen met ICYNENE LITE+ open-cel schuim.\" \/>\n<meta name=\"robots\" content=\"index, follow, max-snippet:-1, max-image-preview:large, max-video-preview:-1\" \/>\n<link rel=\"canonical\" href=\"https:\/\/www.iseoprojection.com\/nl\/realisatie\/dakisolatie-schuur-affligem\/\" \/>\n<meta property=\"og:locale\" content=\"nl_NL\" \/>\n<meta property=\"og:type\" content=\"article\" \/>\n<meta property=\"og:title\" content=\"Dakisolatie van een schuur in Affligem door SEO Projection\" \/>\n<meta property=\"og:description\" content=\"ISEO Projection heeft het dak van een oude schuur in Affligem ge\u00efsoleerd. 224 m\u00b2 ge\u00efsoleerd in twee dagen met ICYNENE LITE+ open-cel schuim.\" \/>\n<meta property=\"og:url\" content=\"https:\/\/www.iseoprojection.com\/nl\/realisatie\/dakisolatie-schuur-affligem\/\" \/>\n<meta property=\"og:site_name\" content=\"ISEO projection\" \/>\n<meta property=\"article:modified_time\" content=\"2024-10-01T09:09:42+00:00\" \/>\n<meta property=\"og:image\" content=\"https:\/\/www.iseoprojection.com\/wp-content\/uploads\/2024\/10\/isolation-mousse-polyurethane-toiture-affligem.jpg\" \/>\n\t<meta property=\"og:image:width\" content=\"1200\" \/>\n\t<meta property=\"og:image:height\" content=\"890\" \/>\n\t<meta property=\"og:image:type\" content=\"image\/jpeg\" \/>\n<meta name=\"twitter:card\" content=\"summary_large_image\" \/>\n<meta name=\"twitter:label1\" content=\"Geschatte leestijd\" \/>\n\t<meta name=\"twitter:data1\" content=\"4 minuten\" \/>\n<script type=\"application\/ld+json\" class=\"yoast-schema-graph\">{\"@context\":\"https:\\\/\\\/schema.org\",\"@graph\":[{\"@type\":\"WebPage\",\"@id\":\"https:\\\/\\\/www.iseoprojection.com\\\/nl\\\/realisatie\\\/dakisolatie-schuur-affligem\\\/\",\"url\":\"https:\\\/\\\/www.iseoprojection.com\\\/nl\\\/realisatie\\\/dakisolatie-schuur-affligem\\\/\",\"name\":\"Dakisolatie van een schuur in Affligem door SEO Projection\",\"isPartOf\":{\"@id\":\"https:\\\/\\\/www.iseoprojection.com\\\/#website\"},\"primaryImageOfPage\":{\"@id\":\"https:\\\/\\\/www.iseoprojection.com\\\/nl\\\/realisatie\\\/dakisolatie-schuur-affligem\\\/#primaryimage\"},\"image\":{\"@id\":\"https:\\\/\\\/www.iseoprojection.com\\\/nl\\\/realisatie\\\/dakisolatie-schuur-affligem\\\/#primaryimage\"},\"thumbnailUrl\":\"https:\\\/\\\/www.iseoprojection.com\\\/wp-content\\\/uploads\\\/2024\\\/10\\\/isolation-mousse-polyurethane-toiture-affligem.jpg\",\"datePublished\":\"2024-10-01T07:48:21+00:00\",\"dateModified\":\"2024-10-01T09:09:42+00:00\",\"description\":\"ISEO Projection heeft het dak van een oude schuur in Affligem ge\u00efsoleerd. 224 m\u00b2 ge\u00efsoleerd in twee dagen met ICYNENE LITE+ open-cel schuim.\",\"breadcrumb\":{\"@id\":\"https:\\\/\\\/www.iseoprojection.com\\\/nl\\\/realisatie\\\/dakisolatie-schuur-affligem\\\/#breadcrumb\"},\"inLanguage\":\"nl-NL\",\"potentialAction\":[{\"@type\":\"ReadAction\",\"target\":[\"https:\\\/\\\/www.iseoprojection.com\\\/nl\\\/realisatie\\\/dakisolatie-schuur-affligem\\\/\"]}]},{\"@type\":\"ImageObject\",\"inLanguage\":\"nl-NL\",\"@id\":\"https:\\\/\\\/www.iseoprojection.com\\\/nl\\\/realisatie\\\/dakisolatie-schuur-affligem\\\/#primaryimage\",\"url\":\"https:\\\/\\\/www.iseoprojection.com\\\/wp-content\\\/uploads\\\/2024\\\/10\\\/isolation-mousse-polyurethane-toiture-affligem.jpg\",\"contentUrl\":\"https:\\\/\\\/www.iseoprojection.com\\\/wp-content\\\/uploads\\\/2024\\\/10\\\/isolation-mousse-polyurethane-toiture-affligem.jpg\",\"width\":1200,\"height\":890,\"caption\":\"Toit d'une grange isol\u00e9 avec de la mousse polyur\u00e9thane projet\u00e9e \u00e0 Affligem, renfor\u00e7ant l'efficacit\u00e9 \u00e9nerg\u00e9tique de la structure.\"},{\"@type\":\"BreadcrumbList\",\"@id\":\"https:\\\/\\\/www.iseoprojection.com\\\/nl\\\/realisatie\\\/dakisolatie-schuur-affligem\\\/#breadcrumb\",\"itemListElement\":[{\"@type\":\"ListItem\",\"position\":1,\"name\":\"Accueil\",\"item\":\"https:\\\/\\\/www.iseoprojection.com\\\/nl\\\/\"},{\"@type\":\"ListItem\",\"position\":2,\"name\":\"Portfolio\",\"item\":\"https:\\\/\\\/www.iseoprojection.com\\\/realisations\\\/\"},{\"@type\":\"ListItem\",\"position\":3,\"name\":\"Isolatie van het dak van een schuur in Affligem\"}]},{\"@type\":\"WebSite\",\"@id\":\"https:\\\/\\\/www.iseoprojection.com\\\/#website\",\"url\":\"https:\\\/\\\/www.iseoprojection.com\\\/\",\"name\":\"ISEO projection\",\"description\":\"\",\"potentialAction\":[{\"@type\":\"SearchAction\",\"target\":{\"@type\":\"EntryPoint\",\"urlTemplate\":\"https:\\\/\\\/www.iseoprojection.com\\\/?s={search_term_string}\"},\"query-input\":{\"@type\":\"PropertyValueSpecification\",\"valueRequired\":true,\"valueName\":\"search_term_string\"}}],\"inLanguage\":\"nl-NL\"}]}<\/script>\n<!-- \/ Yoast SEO plugin. -->","yoast_head_json":{"title":"Dakisolatie van een schuur in Affligem door SEO Projection","description":"ISEO Projection heeft het dak van een oude schuur in Affligem ge\u00efsoleerd. 224 m\u00b2 ge\u00efsoleerd in twee dagen met ICYNENE LITE+ open-cel schuim.","robots":{"index":"index","follow":"follow","max-snippet":"max-snippet:-1","max-image-preview":"max-image-preview:large","max-video-preview":"max-video-preview:-1"},"canonical":"https:\/\/www.iseoprojection.com\/nl\/realisatie\/dakisolatie-schuur-affligem\/","og_locale":"nl_NL","og_type":"article","og_title":"Dakisolatie van een schuur in Affligem door SEO Projection","og_description":"ISEO Projection heeft het dak van een oude schuur in Affligem ge\u00efsoleerd. 224 m\u00b2 ge\u00efsoleerd in twee dagen met ICYNENE LITE+ open-cel schuim.","og_url":"https:\/\/www.iseoprojection.com\/nl\/realisatie\/dakisolatie-schuur-affligem\/","og_site_name":"ISEO projection","article_modified_time":"2024-10-01T09:09:42+00:00","og_image":[{"width":1200,"height":890,"url":"https:\/\/www.iseoprojection.com\/wp-content\/uploads\/2024\/10\/isolation-mousse-polyurethane-toiture-affligem.jpg","type":"image\/jpeg"}],"twitter_card":"summary_large_image","twitter_misc":{"Geschatte leestijd":"4 minuten"},"schema":{"@context":"https:\/\/schema.org","@graph":[{"@type":"WebPage","@id":"https:\/\/www.iseoprojection.com\/nl\/realisatie\/dakisolatie-schuur-affligem\/","url":"https:\/\/www.iseoprojection.com\/nl\/realisatie\/dakisolatie-schuur-affligem\/","name":"Dakisolatie van een schuur in Affligem door SEO Projection","isPartOf":{"@id":"https:\/\/www.iseoprojection.com\/#website"},"primaryImageOfPage":{"@id":"https:\/\/www.iseoprojection.com\/nl\/realisatie\/dakisolatie-schuur-affligem\/#primaryimage"},"image":{"@id":"https:\/\/www.iseoprojection.com\/nl\/realisatie\/dakisolatie-schuur-affligem\/#primaryimage"},"thumbnailUrl":"https:\/\/www.iseoprojection.com\/wp-content\/uploads\/2024\/10\/isolation-mousse-polyurethane-toiture-affligem.jpg","datePublished":"2024-10-01T07:48:21+00:00","dateModified":"2024-10-01T09:09:42+00:00","description":"ISEO Projection heeft het dak van een oude schuur in Affligem ge\u00efsoleerd. 224 m\u00b2 ge\u00efsoleerd in twee dagen met ICYNENE LITE+ open-cel schuim.","breadcrumb":{"@id":"https:\/\/www.iseoprojection.com\/nl\/realisatie\/dakisolatie-schuur-affligem\/#breadcrumb"},"inLanguage":"nl-NL","potentialAction":[{"@type":"ReadAction","target":["https:\/\/www.iseoprojection.com\/nl\/realisatie\/dakisolatie-schuur-affligem\/"]}]},{"@type":"ImageObject","inLanguage":"nl-NL","@id":"https:\/\/www.iseoprojection.com\/nl\/realisatie\/dakisolatie-schuur-affligem\/#primaryimage","url":"https:\/\/www.iseoprojection.com\/wp-content\/uploads\/2024\/10\/isolation-mousse-polyurethane-toiture-affligem.jpg","contentUrl":"https:\/\/www.iseoprojection.com\/wp-content\/uploads\/2024\/10\/isolation-mousse-polyurethane-toiture-affligem.jpg","width":1200,"height":890,"caption":"Toit d'une grange isol\u00e9 avec de la mousse polyur\u00e9thane projet\u00e9e \u00e0 Affligem, renfor\u00e7ant l'efficacit\u00e9 \u00e9nerg\u00e9tique de la structure."},{"@type":"BreadcrumbList","@id":"https:\/\/www.iseoprojection.com\/nl\/realisatie\/dakisolatie-schuur-affligem\/#breadcrumb","itemListElement":[{"@type":"ListItem","position":1,"name":"Accueil","item":"https:\/\/www.iseoprojection.com\/nl\/"},{"@type":"ListItem","position":2,"name":"Portfolio","item":"https:\/\/www.iseoprojection.com\/realisations\/"},{"@type":"ListItem","position":3,"name":"Isolatie van het dak van een schuur in Affligem"}]},{"@type":"WebSite","@id":"https:\/\/www.iseoprojection.com\/#website","url":"https:\/\/www.iseoprojection.com\/","name":"ISEO projection","description":"","potentialAction":[{"@type":"SearchAction","target":{"@type":"EntryPoint","urlTemplate":"https:\/\/www.iseoprojection.com\/?s={search_term_string}"},"query-input":{"@type":"PropertyValueSpecification","valueRequired":true,"valueName":"search_term_string"}}],"inLanguage":"nl-NL"}]}},"_links":{"self":[{"href":"https:\/\/www.iseoprojection.com\/nl\/wp-json\/wp\/v2\/dt_portfolio\/4103","targetHints":{"allow":["GET"]}}],"collection":[{"href":"https:\/\/www.iseoprojection.com\/nl\/wp-json\/wp\/v2\/dt_portfolio"}],"about":[{"href":"https:\/\/www.iseoprojection.com\/nl\/wp-json\/wp\/v2\/types\/dt_portfolio"}],"author":[{"embeddable":true,"href":"https:\/\/www.iseoprojection.com\/nl\/wp-json\/wp\/v2\/users\/15"}],"replies":[{"embeddable":true,"href":"https:\/\/www.iseoprojection.com\/nl\/wp-json\/wp\/v2\/comments?post=4103"}],"version-history":[{"count":3,"href":"https:\/\/www.iseoprojection.com\/nl\/wp-json\/wp\/v2\/dt_portfolio\/4103\/revisions"}],"predecessor-version":[{"id":4158,"href":"https:\/\/www.iseoprojection.com\/nl\/wp-json\/wp\/v2\/dt_portfolio\/4103\/revisions\/4158"}],"wp:featuredmedia":[{"embeddable":true,"href":"https:\/\/www.iseoprojection.com\/nl\/wp-json\/wp\/v2\/media\/4093"}],"wp:attachment":[{"href":"https:\/\/www.iseoprojection.com\/nl\/wp-json\/wp\/v2\/media?parent=4103"}],"wp:term":[{"taxonomy":"dt_portfolio_category","embeddable":true,"href":"https:\/\/www.iseoprojection.com\/nl\/wp-json\/wp\/v2\/dt_portfolio_category?post=4103"},{"taxonomy":"dt_portfolio_tags","embeddable":true,"href":"https:\/\/www.iseoprojection.com\/nl\/wp-json\/wp\/v2\/dt_portfolio_tags?post=4103"}],"curies":[{"name":"wp","href":"https:\/\/api.w.org\/{rel}","templated":true}]}}